{"id":758,"date":"2026-02-17T21:23:48","date_gmt":"2026-02-18T00:23:48","guid":{"rendered":"https:\/\/wp.ufpel.edu.br\/saberesdasmissoes\/?page_id=758"},"modified":"2026-03-05T15:52:25","modified_gmt":"2026-03-05T18:52:25","slug":"entre-ijuis","status":"publish","type":"page","link":"https:\/\/wp.ufpel.edu.br\/saberesdasmissoes\/material-de-apoio\/entre-ijuis\/","title":{"rendered":"Entre-Iju\u00eds"},"content":{"rendered":"<p>Na cidade de Entre-Iju\u00eds o material de apoio para a\u00e7\u00f5es de educa\u00e7\u00e3o patrimonial desenvolvido foi um livro-objeto, que conta a hist\u00f3ria da antiga Redu\u00e7\u00e3o de S\u00e3o Jo\u00e3o Batista. O livro apresenta, atrav\u00e9s de pop-ups e recursos interativos, uma visita guiada pela redu\u00e7\u00e3o conduzida por personagens da cultura local. O material foi constru\u00eddo de forma colaborativa entre a equipe e os professores de 5\u00ba ao 9\u00ba ano do ensino fundamental, da \u00e1rea das ci\u00eancias humanas da rede p\u00fablica municipal de Entre-Iju\u00eds.<\/p>\n<div><\/div>\n<div><\/div>\n<div>\n<p>Para realizar o download do material elaborado, clique nos \u00edcones abaixo:<\/p>\n<p><a href=\"https:\/\/wp.ufpel.edu.br\/saberesdasmissoes\/educacaopatrimonial\/dinamicas\/\"><img loading=\"lazy\" decoding=\"async\" class=\"wp-image-780 alignleft\" src=\"https:\/\/wp.ufpel.edu.br\/saberesdasmissoes\/files\/2026\/03\/0.impressao-pb.png\" alt=\"\" width=\"200\" height=\"200\" \/><\/a><\/p>\n<p>&nbsp;<\/p>\n<p>Livro-objeto<\/p>\n<p>para impress\u00e3o<\/p>\n<p>em preto e branco<\/p>\n<p>&nbsp;<\/p>\n<\/div>\n<p>&nbsp;<\/p>\n<p>&nbsp;<\/p>\n<div>\n<p><a href=\"https:\/\/wp.ufpel.edu.br\/saberesdasmissoes\/educacaopatrimonial\/dinamicas\/\"><img loading=\"lazy\" decoding=\"async\" class=\" wp-image-781 alignleft\" src=\"https:\/\/wp.ufpel.edu.br\/saberesdasmissoes\/files\/2026\/03\/0.impressao-colorida.png\" alt=\"\" width=\"202\" height=\"202\" \/><\/a><\/p>\n<p style=\"text-align: center;\">\n<\/div>\n<p>&nbsp;<\/p>\n<p>Livro-objeto<\/p>\n<p>para impress\u00e3o<\/p>\n<p>colorida<\/p>\n<p>&nbsp;<\/p>\n<p>&nbsp;<\/p>\n<p>&nbsp;<\/p>\n<p>&nbsp;<\/p>\n<p><a href=\"https:\/\/wp.ufpel.edu.br\/saberesdasmissoes\/educacaopatrimonial\/dinamicas\/\"><img loading=\"lazy\" decoding=\"async\" class=\"wp-image-779 alignleft\" src=\"https:\/\/wp.ufpel.edu.br\/saberesdasmissoes\/files\/2026\/03\/0.tutorial-de-montagem.png\" alt=\"\" width=\"202\" height=\"202\" \/><\/a><\/p>\n<p>&nbsp;<\/p>\n<p>&nbsp;<\/p>\n<p>Tutorial<\/p>\n<p>de montagem<\/p>\n<p>&nbsp;<\/p>\n<p>&nbsp;<\/p>\n<p>&nbsp;<\/p>\n<p><strong>Ficha T\u00e9cnica<\/strong><\/p>\n<p>Concep\u00e7\u00e3o:<\/p>\n<p>Professores da rede p\u00fablica municipal de Entre-Iju\u00eds: Ana Maria Becker Teixeira, La\u00eds Francine Weyh, Lucas Dayran Vieira, Lucas Renner, P\u00e2mela Fleck dos Santos<\/p>\n<p>Equipe do projeto: Helena Bulloza Trigo Passos, Henrique da Rosa Dias, Iara Giroldo, Karine Chalmes Braga, Marcela da Rosa Dias.<\/p>\n<p>Engenharia de papel: Laura Rodrigues dos Santos<\/p>\n<p>Ilustra\u00e7\u00f5es: Karoline Oliveira Tuche e Laura Rodrigues dos Santos<\/p>\n<p>Consultoria: Aline Montagna da Silveira e Maria Matilde Villegas Jaramillo<\/p>\n<p>Apoio: Secretaria de Educa\u00e7\u00e3o, Cultura, Turismo e Esportes da Prefeitura Municipal de Entre-Iju\u00eds.<\/p>\n","protected":false},"excerpt":{"rendered":"<p>Na cidade de Entre-Iju\u00eds o material de apoio para a\u00e7\u00f5es de educa\u00e7\u00e3o patrimonial desenvolvido foi um livro-objeto, que conta a hist\u00f3ria da antiga Redu\u00e7\u00e3o de S\u00e3o Jo\u00e3o Batista. O livro apresenta, atrav\u00e9s de pop-ups e recursos interativos, uma visita guiada pela redu\u00e7\u00e3o conduzida por personagens da cultura local. O material foi constru\u00eddo de forma colaborativa [&hellip;]<\/p>\n","protected":false},"author":1548,"featured_media":0,"parent":676,"menu_order":0,"comment_status":"closed","ping_status":"closed","template":"","meta":{"footnotes":""},"class_list":["post-758","page","type-page","status-publish","hentry","post"],"_links":{"self":[{"href":"https:\/\/wp.ufpel.edu.br\/saberesdasmissoes\/wp-json\/wp\/v2\/pages\/758","targetHints":{"allow":["GET"]}}],"collection":[{"href":"https:\/\/wp.ufpel.edu.br\/saberesdasmissoes\/wp-json\/wp\/v2\/pages"}],"about":[{"href":"https:\/\/wp.ufpel.edu.br\/saberesdasmissoes\/wp-json\/wp\/v2\/types\/page"}],"author":[{"embeddable":true,"href":"https:\/\/wp.ufpel.edu.br\/saberesdasmissoes\/wp-json\/wp\/v2\/users\/1548"}],"replies":[{"embeddable":true,"href":"https:\/\/wp.ufpel.edu.br\/saberesdasmissoes\/wp-json\/wp\/v2\/comments?post=758"}],"version-history":[{"count":3,"href":"https:\/\/wp.ufpel.edu.br\/saberesdasmissoes\/wp-json\/wp\/v2\/pages\/758\/revisions"}],"predecessor-version":[{"id":774,"href":"https:\/\/wp.ufpel.edu.br\/saberesdasmissoes\/wp-json\/wp\/v2\/pages\/758\/revisions\/774"}],"up":[{"embeddable":true,"href":"https:\/\/wp.ufpel.edu.br\/saberesdasmissoes\/wp-json\/wp\/v2\/pages\/676"}],"wp:attachment":[{"href":"https:\/\/wp.ufpel.edu.br\/saberesdasmissoes\/wp-json\/wp\/v2\/media?parent=758"}],"curies":[{"name":"wp","href":"https:\/\/api.w.org\/{rel}","templated":true}]}}