{"id":75,"date":"2025-07-15T16:38:29","date_gmt":"2025-07-15T19:38:29","guid":{"rendered":"https:\/\/wp.ufpel.edu.br\/saberesdasmissoes\/?page_id=75"},"modified":"2026-04-28T17:29:24","modified_gmt":"2026-04-28T20:29:24","slug":"equipe","status":"publish","type":"page","link":"https:\/\/wp.ufpel.edu.br\/saberesdasmissoes\/equipe\/","title":{"rendered":"Equipe"},"content":{"rendered":"<p><img loading=\"lazy\" decoding=\"async\" class=\"size-full wp-image-829 alignleft\" src=\"https:\/\/wp.ufpel.edu.br\/saberesdasmissoes\/files\/2026\/03\/aline.png\" alt=\"\" width=\"200\" height=\"200\" \/><\/p>\n<p><b>Aline Montagna Da Silveira<\/b><\/p>\n<p>Doutora em Arquitetura e Urbanismo (USP, 2009), Mestre em Educa\u00e7\u00e3o (UFPel, 2001), Especialista em Patrim\u00f4nio Cultural: Conserva\u00e7\u00e3o de Artefatos (UFPel, 1999), Arquiteta e Urbanista (UFPel, 1994). Professora Associada do Departamento de Arquitetura e Urbanismo e do Programa de P\u00f3s-Gradua\u00e7\u00e3o em Arquitetura e Urbanismo (FAUrb, UFPel). Coordenadora do N\u00facleo de Estudos de Arquitetura Brasileira (NEAB, UFPel). Pesquisadora do Grupo de Pesquisa Forma Urbana (CNPq), da Rede PHI \u2013 Patrim\u00f4nio Hist\u00f3rico e Cultural Ibero-americano e das Casas senhoriais, seus interiores e bens integrados: arte, mem\u00f3ria e patrim\u00f4nio &#8211; n\u00facleo de Pelotas, RS.<\/p>\n<p>Lattes: http:\/\/lattes.cnpq.br\/0579603942582075<\/p>\n<p>ORCID: https:\/\/orcid.org\/0000-0002-9723-7746<\/p>\n<p>&nbsp;<\/p>\n<p><img loading=\"lazy\" decoding=\"async\" class=\"size-full wp-image-830 alignleft\" src=\"https:\/\/wp.ufpel.edu.br\/saberesdasmissoes\/files\/2026\/03\/anderson.png\" alt=\"\" width=\"200\" height=\"200\" \/><\/p>\n<p>&nbsp;<\/p>\n<p><b>Anderson Pires Aires <\/b><\/p>\n<p>Mestre em Arquitetura e Urbanismo (UFPel, 2018), Arquiteto e Urbanista (UFPel, 2014), Colaborador do N\u00facleo de Estudos de Arquitetura Brasileira.<\/p>\n<p>Lattes: http:\/\/lattes.cnpq.br\/8094036161900304<\/p>\n<p>ORCID: https:\/\/orcid.org\/0000-0002-4928-1312<\/p>\n<p>&nbsp;<\/p>\n<p>&nbsp;<\/p>\n<p><img loading=\"lazy\" decoding=\"async\" class=\"size-full wp-image-831 alignleft\" src=\"https:\/\/wp.ufpel.edu.br\/saberesdasmissoes\/files\/2026\/03\/darlan.png\" alt=\"\" width=\"200\" height=\"200\" \/><\/p>\n<p><b>Darlan de <\/b><b>Mamann<\/b><b> Marchi<\/b><\/p>\n<p>P\u00f3s-doutorando em Arquitetura e Urbanismo (PROGRAU\/UFPel). Graduando em Psicologia (UCPel). Doutorado em Mem\u00f3ria Social e Patrim\u00f4nio Cultural (UFPel, 2018) com per\u00edodo sandu\u00edche na Universidade Nova de Lisboa (UNL, 2015), Mestre em Mem\u00f3ria Social e Patrim\u00f4nio Cultural (UFPel, 2014), Graduado em Hist\u00f3ria (URI, 2007). P\u00f3s-doutorado em Mem\u00f3ria Social e Patrim\u00f4nio (2021) e Hist\u00f3ria (2024). Bolsista de p\u00f3s-doutorado (Capes).<\/p>\n<p>Lattes: http:\/\/lattes.cnpq.br\/8197594647849111<\/p>\n<p>ORCID: https:\/\/orcid.org\/0000-0002-6125-857X<\/p>\n<p>&nbsp;<\/p>\n<p><img loading=\"lazy\" decoding=\"async\" class=\"size-full wp-image-832 alignleft\" src=\"https:\/\/wp.ufpel.edu.br\/saberesdasmissoes\/files\/2026\/03\/fran.png\" alt=\"\" width=\"200\" height=\"200\" \/><\/p>\n<p><b>Franciele Fraga Pereira<\/b><\/p>\n<p>Doutoranda em Arquitetura e Urbanismo (UFPel) com per\u00edodo sandu\u00edche na Universidade do Porto (UP, 2026), Mestre em Arquitetura e Urbanismo (UFPel, 2021), Arquiteta e Urbanista (UFPel, 2019), Bolsista de p\u00f3s-gradua\u00e7\u00e3o (CNPq), Colaboradora do N\u00facleo de Estudos de Arquitetura Brasileira.<\/p>\n<p>Lattes: http:\/\/lattes.cnpq.br\/6071776381676775<\/p>\n<p>ORCID: https:\/\/orcid.org\/0000-0002-8615-3440<\/p>\n<p>&nbsp;<\/p>\n<p>&nbsp;<\/p>\n<p><img loading=\"lazy\" decoding=\"async\" class=\"size-full wp-image-833 alignleft\" src=\"https:\/\/wp.ufpel.edu.br\/saberesdasmissoes\/files\/2026\/03\/gabi.png\" alt=\"\" width=\"200\" height=\"200\" \/><\/p>\n<p><b>Gabriela <\/b><b>Wrege<\/b><b> Parra<\/b><\/p>\n<p>Arquiteta e Urbanista (UFPel, 2025), Colaboradora do N\u00facleo de Estudos de Arquitetura Brasileira (NEAB\/UFPel).<\/p>\n<p>Lattes: http:\/\/lattes.cnpq.br\/0741779314269617<\/p>\n<p>ORCID: https:\/\/orcid.org\/0009-0005-4637-9604<\/p>\n<p>&nbsp;<\/p>\n<p>&nbsp;<\/p>\n<p>&nbsp;<\/p>\n<p><img loading=\"lazy\" decoding=\"async\" class=\"size-full wp-image-834 alignleft\" src=\"https:\/\/wp.ufpel.edu.br\/saberesdasmissoes\/files\/2026\/03\/giovanni.png\" alt=\"\" width=\"200\" height=\"200\" \/><\/p>\n<p><b>Giovanni <\/b><b>Nachtigall<\/b><b> Maur\u00edcio<\/b><\/p>\n<p>Doutor em Ecologia e Evolu\u00e7\u00e3o da Biodiversidade (PUCRS, 2010), Mestre em Ecologia e Evolu\u00e7\u00e3o da Biodiversidade (PUCRS, 2003), Licenciado em Ci\u00eancias Biol\u00f3gicas (UCPEL, 1997). P\u00f3s-doutorado (FURG, 2013). Professor Associado do curso de Gest\u00e3o Ambiental (CIM\/UFPel). Integrante do comit\u00ea brasileiro de registros ornitol\u00f3gicos (CBRO).<\/p>\n<p>Lattes: http:\/\/lattes.cnpq.br\/3625095609728602<\/p>\n<p>ORCID: https:\/\/orcid.org\/0000-0002-2755-3962<\/p>\n<p>&nbsp;<\/p>\n<p>&nbsp;<\/p>\n<p><img loading=\"lazy\" decoding=\"async\" class=\"size-full wp-image-835 alignleft\" src=\"https:\/\/wp.ufpel.edu.br\/saberesdasmissoes\/files\/2026\/03\/helena.png\" alt=\"\" width=\"200\" height=\"200\" \/><\/p>\n<p><b>Helena <\/b><b>Bulloza<\/b><b> Trigo Passos<\/b><\/p>\n<p>Mestranda em Arquitetura e Urbanismo (UFPel). Arquiteta e Urbanista (UFPel, 2023). T\u00e9cnica em Geoprocessamento (IFRS, 2015). Bolsista de p\u00f3s-gradua\u00e7\u00e3o (Capes). Colaboradora do N\u00facleo de Estudos de Arquitetura Brasileira (NEAB\/UFPel).<\/p>\n<p>Lattes: http:\/\/lattes.cnpq.br\/9879366430364859<\/p>\n<p>ORCID: https:\/\/orcid.org\/0009-0005-0073-0358<\/p>\n<p>&nbsp;<\/p>\n<p>&nbsp;<\/p>\n<p><img loading=\"lazy\" decoding=\"async\" class=\"size-full wp-image-836 alignleft\" src=\"https:\/\/wp.ufpel.edu.br\/saberesdasmissoes\/files\/2026\/03\/henrique.png\" alt=\"\" width=\"200\" height=\"200\" \/><\/p>\n<p><b>Henrique da Rosa Dias <\/b><\/p>\n<p>Graduando em Design (UFPel), T\u00e9cnico em Design Gr\u00e1fico (IfSul\/2025), Colaborador do N\u00facleo de Estudos de Arquitetura Brasileira (NEAB\/UFPel).<\/p>\n<p>Lattes: http:\/\/lattes.cnpq.br\/6551201525875888<\/p>\n<p>ORCID: https:\/\/orcid.org\/0009-0007-3273-7938<\/p>\n<p>&nbsp;<\/p>\n<p>&nbsp;<\/p>\n<p>&nbsp;<\/p>\n<p><img loading=\"lazy\" decoding=\"async\" class=\"size-full wp-image-837 alignleft\" src=\"https:\/\/wp.ufpel.edu.br\/saberesdasmissoes\/files\/2026\/03\/iara.png\" alt=\"\" width=\"200\" height=\"200\" \/><\/p>\n<p><b>Iara <\/b><b>Giroldo<\/b><\/p>\n<p>Graduanda em Arquitetura e Urbanismo (UFPel), Bolsista de inicia\u00e7\u00e3o cient\u00edfica (CNPq), Colaboradora do N\u00facleo de Estudos de Arquitetura Brasileira (NEAB\/UFPel)<\/p>\n<p>Lattes: http:\/\/lattes.cnpq.br\/5851344302071148<\/p>\n<p>ORCID: https:\/\/orcid.org\/0009-0003-6312-983X<\/p>\n<p>&nbsp;<\/p>\n<p>&nbsp;<\/p>\n<p><img loading=\"lazy\" decoding=\"async\" class=\"size-full wp-image-838 alignleft\" src=\"https:\/\/wp.ufpel.edu.br\/saberesdasmissoes\/files\/2026\/03\/isadora.png\" alt=\"\" width=\"200\" height=\"200\" \/><\/p>\n<p><b>Isadora Baptista Alves <\/b><\/p>\n<p>Doutoranda em Mem\u00f3ria Social e Patrim\u00f4nio Cultural (UFPel), Mestre em Arquitetura e Urbanismo (UFPel, 2023), Arquiteta e Urbanista (UFPel, 2020), Bolsista de p\u00f3s-gradua\u00e7\u00e3o (CNPq), Colaboradora do N\u00facleo de Estudos de Arquitetura Brasileira.<\/p>\n<p>Lattes: http:\/\/lattes.cnpq.br\/3385267826786849<\/p>\n<p>&nbsp;<\/p>\n<p>&nbsp;<\/p>\n<p>&nbsp;<\/p>\n<p><img loading=\"lazy\" decoding=\"async\" class=\"size-full wp-image-839 alignleft\" src=\"https:\/\/wp.ufpel.edu.br\/saberesdasmissoes\/files\/2026\/03\/karine.png\" alt=\"\" width=\"200\" height=\"200\" \/><\/p>\n<p><b>Karine <\/b><b>Chalmes<\/b><b> Braga<\/b><\/p>\n<p>Mestre em Arquitetura e Urbanismo (UFPel, 2024). Especialista em Arquitetura de Interiores e Lighting Design (Uninter, 2022). Arquiteta e Urbanista (UFPel, 2019). T\u00e9cnica em Eletrot\u00e9cnica (IFSul, 2014). Colaboradora do Grupo de Estudos de Ensino\/Aprendizagem de Representa\u00e7\u00e3o Gr\u00e1fica e Digital (GEGRADI\/UFPel). Colaboradora do N\u00facleo de Estudos em Arquitetura Brasileira (NEAB\/UFPel).<\/p>\n<p>Lattes: http:\/\/lattes.cnpq.br\/2096695053198678<\/p>\n<p>ORCID: https:\/\/orcid.org\/0009-0001-0438-916X<\/p>\n<p>&nbsp;<\/p>\n<p>&nbsp;<\/p>\n<p><img loading=\"lazy\" decoding=\"async\" class=\"size-full wp-image-840 alignleft\" src=\"https:\/\/wp.ufpel.edu.br\/saberesdasmissoes\/files\/2026\/03\/karoline.png\" alt=\"\" width=\"200\" height=\"200\" \/><\/p>\n<p><b>Karoline Oliveira <\/b><b>Tuche<\/b><\/p>\n<p>Arquiteta e Urbanista (UFPel, 2024), Colaboradora do N\u00facleo de Estudos de Arquitetura Brasileira (NEAB\/UFPel).<\/p>\n<p>Lattes: http:\/\/lattes.cnpq.br\/0145937822292486<\/p>\n<p>ORCID: https:\/\/orcid.org\/0009-0001-0438-916X<\/p>\n<p>&nbsp;<\/p>\n<p>&nbsp;<\/p>\n<p>&nbsp;<\/p>\n<p><img loading=\"lazy\" decoding=\"async\" class=\"size-full wp-image-841 alignleft\" src=\"https:\/\/wp.ufpel.edu.br\/saberesdasmissoes\/files\/2026\/03\/laura.png\" alt=\"\" width=\"200\" height=\"200\" \/><\/p>\n<p><b>Laura Rodrigues dos Santos<\/b><\/p>\n<p>Graduanda em Arquitetura e Urbanismo (UFPel), Colaboradora do N\u00facleo de Estudos de Arquitetura Brasileira (NEAB\/UFPel).<\/p>\n<p>ORCID: https:\/\/orcid.org\/0009-0005-8710-5503<\/p>\n<p>&nbsp;<\/p>\n<p>&nbsp;<\/p>\n<p>&nbsp;<\/p>\n<p>&nbsp;<\/p>\n<p><img loading=\"lazy\" decoding=\"async\" class=\"size-full wp-image-842 alignleft\" src=\"https:\/\/wp.ufpel.edu.br\/saberesdasmissoes\/files\/2026\/03\/marcela.png\" alt=\"\" width=\"200\" height=\"200\" \/><\/p>\n<p><b>Marcela da Rosa Dias <\/b><\/p>\n<p>Mestranda em Arquitetura e Urbanismo (UFPel). Arquiteta e Urbanista (UFPel, 2023). T\u00e9cnica em Edifica\u00e7\u00f5es (IFSul, 2016). Bolsista de p\u00f3s-gradua\u00e7\u00e3o (Capes). Colaboradora do N\u00facleo de Estudos em Arquitetura Brasileira (NEAB\/UFPel).<\/p>\n<p>Lattes: http:\/\/lattes.cnpq.br\/1603319789113978<\/p>\n<p>ORCID: https:\/\/orcid.org\/0009-0005-4832-5984<\/p>\n<p>&nbsp;<\/p>\n<p>&nbsp;<\/p>\n<p>&nbsp;<\/p>\n<p><img loading=\"lazy\" decoding=\"async\" class=\"size-full wp-image-843 alignleft\" src=\"https:\/\/wp.ufpel.edu.br\/saberesdasmissoes\/files\/2026\/03\/maria-alice.png\" alt=\"\" width=\"200\" height=\"200\" \/><\/p>\n<p>&nbsp;<\/p>\n<p><b>Maria Alice Rodrigues <\/b><b>Cezarino<\/b><\/p>\n<p>Graduanda em Arquitetura e Urbanismo (UFPel), Colaboradora do N\u00facleo de Estudos de Arquitetura Brasileira (NEAB\/UFPel).<\/p>\n<p>Lattes: http:\/\/lattes.cnpq.br\/3350434418443242<\/p>\n<p>&nbsp;<\/p>\n<p>&nbsp;<\/p>\n<p>&nbsp;<\/p>\n<p>&nbsp;<\/p>\n<p><img loading=\"lazy\" decoding=\"async\" class=\"size-full wp-image-828 alignleft\" src=\"https:\/\/wp.ufpel.edu.br\/saberesdasmissoes\/files\/2026\/03\/natalia.png\" alt=\"\" width=\"200\" height=\"200\" \/><\/p>\n<p><b>Nat\u00e1lia <\/b><b>Toralles<\/b><b> Braga<\/b><\/p>\n<p>Mestre em MDes Design Innovation &amp; Future Heritage (The Glasgow School of Art, 2025), Mestre em Arquitetura e Urbanismo (UFPel, 2023). Arquiteta e Urbanista (UFPel, 2019). Colaboradora do N\u00facleo de Estudos de Arquitetura Brasileira (NEAB\/UFPel).<\/p>\n<p>Lattes: http:\/\/lattes.cnpq.br\/1632514803892545<\/p>\n<p>ORCID: https:\/\/orcid.org\/0000-0002-8389-1982<\/p>\n<p>&nbsp;<\/p>\n<p>&nbsp;<\/p>\n<p>Equipe de elabora\u00e7\u00e3o do conte\u00fado da aba de Educa\u00e7\u00e3o Patrimonial: Aline Montagna da Silveira, Anderson Pires Aires, Helena Bulloza Trigo Passos, Iara Giroldo, Marcela da Rosa Dias.<\/p>\n","protected":false},"excerpt":{"rendered":"<p>Aline Montagna Da Silveira Doutora em Arquitetura e Urbanismo (USP, 2009), Mestre em Educa\u00e7\u00e3o (UFPel, 2001), Especialista em Patrim\u00f4nio Cultural: Conserva\u00e7\u00e3o de Artefatos (UFPel, 1999), Arquiteta e Urbanista (UFPel, 1994). Professora Associada do Departamento de Arquitetura e Urbanismo e do Programa de P\u00f3s-Gradua\u00e7\u00e3o em Arquitetura e Urbanismo (FAUrb, UFPel). Coordenadora do N\u00facleo de Estudos de [&hellip;]<\/p>\n","protected":false},"author":1358,"featured_media":0,"parent":0,"menu_order":0,"comment_status":"closed","ping_status":"closed","template":"","meta":{"footnotes":""},"class_list":["post-75","page","type-page","status-publish","hentry","post"],"_links":{"self":[{"href":"https:\/\/wp.ufpel.edu.br\/saberesdasmissoes\/wp-json\/wp\/v2\/pages\/75","targetHints":{"allow":["GET"]}}],"collection":[{"href":"https:\/\/wp.ufpel.edu.br\/saberesdasmissoes\/wp-json\/wp\/v2\/pages"}],"about":[{"href":"https:\/\/wp.ufpel.edu.br\/saberesdasmissoes\/wp-json\/wp\/v2\/types\/page"}],"author":[{"embeddable":true,"href":"https:\/\/wp.ufpel.edu.br\/saberesdasmissoes\/wp-json\/wp\/v2\/users\/1358"}],"replies":[{"embeddable":true,"href":"https:\/\/wp.ufpel.edu.br\/saberesdasmissoes\/wp-json\/wp\/v2\/comments?post=75"}],"version-history":[{"count":4,"href":"https:\/\/wp.ufpel.edu.br\/saberesdasmissoes\/wp-json\/wp\/v2\/pages\/75\/revisions"}],"predecessor-version":[{"id":936,"href":"https:\/\/wp.ufpel.edu.br\/saberesdasmissoes\/wp-json\/wp\/v2\/pages\/75\/revisions\/936"}],"wp:attachment":[{"href":"https:\/\/wp.ufpel.edu.br\/saberesdasmissoes\/wp-json\/wp\/v2\/media?parent=75"}],"curies":[{"name":"wp","href":"https:\/\/api.w.org\/{rel}","templated":true}]}}