{"id":671,"date":"2026-02-17T17:34:56","date_gmt":"2026-02-17T20:34:56","guid":{"rendered":"https:\/\/wp.ufpel.edu.br\/saberesdasmissoes\/?page_id=671"},"modified":"2026-02-17T21:22:04","modified_gmt":"2026-02-18T00:22:04","slug":"dinamicas","status":"publish","type":"page","link":"https:\/\/wp.ufpel.edu.br\/saberesdasmissoes\/educacaopatrimonial\/dinamicas\/","title":{"rendered":"Din\u00e2micas"},"content":{"rendered":"<p><b><img loading=\"lazy\" decoding=\"async\" class=\"size-full wp-image-737 alignleft\" src=\"https:\/\/wp.ufpel.edu.br\/saberesdasmissoes\/files\/2026\/02\/a-imagem-no-espelho.png\" alt=\"\" width=\"150\" height=\"150\" \/><\/b><\/p>\n<p>&nbsp;<\/p>\n<p><b>A imagem no espelho<\/b><\/p>\n<p>A din\u00e2mica tem o objetivo de sensibilizar os participantes para quest\u00f5es relacionadas \u00e0 identidade e despertar o reconhecimento do papel que cada indiv\u00edduo tem em a\u00e7\u00f5es coletivas.<\/p>\n<p>&nbsp;<\/p>\n<p>&nbsp;<\/p>\n<p><img loading=\"lazy\" decoding=\"async\" class=\"size-full wp-image-738 alignleft\" src=\"https:\/\/wp.ufpel.edu.br\/saberesdasmissoes\/files\/2026\/02\/capsula-do-tempo.png\" alt=\"\" width=\"150\" height=\"150\" \/><\/p>\n<p>&nbsp;<\/p>\n<p><b>C\u00e1psula do tempo<\/b><\/p>\n<p>A din\u00e2mica busca fomentar uma discuss\u00e3o sobre o que \u00e9 patrim\u00f4nio, a partir da reflex\u00e3o dos participantes sobre o seu envolvimento com o tema em tr\u00eas momentos distintos de suas trajet\u00f3rias.<\/p>\n<p>&nbsp;<\/p>\n<p>&nbsp;<\/p>\n<p><img loading=\"lazy\" decoding=\"async\" class=\"size-full wp-image-739 alignleft\" src=\"https:\/\/wp.ufpel.edu.br\/saberesdasmissoes\/files\/2026\/02\/construcao-material.png\" alt=\"\" width=\"150\" height=\"150\" \/><\/p>\n<p>&nbsp;<\/p>\n<p><b>Constru\u00e7\u00e3o de material de apoio <\/b><\/p>\n<p>Processo coletivo e dial\u00f3gico de constru\u00e7\u00e3o de material de apoio para media\u00e7\u00f5es de educa\u00e7\u00e3o patrimonial.<\/p>\n<p>&nbsp;<\/p>\n<p>&nbsp;<\/p>\n<p>&nbsp;<\/p>\n<p><img loading=\"lazy\" decoding=\"async\" class=\"size-full wp-image-740 alignleft\" src=\"https:\/\/wp.ufpel.edu.br\/saberesdasmissoes\/files\/2026\/02\/fofa.png\" alt=\"\" width=\"150\" height=\"150\" \/><\/p>\n<p>&nbsp;<\/p>\n<p><b>Diagn\u00f3stico FOFA<\/b><\/p>\n<p>Ferramenta colaborativa de an\u00e1lise e planejamento. Busca identificar fortalezas, oportunidades, fraquezas e amea\u00e7as a respeito de um tema determinado.<\/p>\n<p>&nbsp;<\/p>\n<p>&nbsp;<\/p>\n<p>&nbsp;<\/p>\n<p><img loading=\"lazy\" decoding=\"async\" class=\"size-full wp-image-741 alignleft\" src=\"https:\/\/wp.ufpel.edu.br\/saberesdasmissoes\/files\/2026\/02\/hora-do-conto.png\" alt=\"\" width=\"150\" height=\"150\" \/><\/p>\n<p>&nbsp;<\/p>\n<p><b>Hora do Conto<\/b><\/p>\n<p>A atividade possibilita promover o di\u00e1logo e a reflex\u00e3o sobre patrim\u00f4nio cultural de forma l\u00fadica, atrav\u00e9s da intera\u00e7\u00e3o com obras liter\u00e1rias relacionadas ao tema.<\/p>\n<p>&nbsp;<\/p>\n<p>&nbsp;<\/p>\n<p><img loading=\"lazy\" decoding=\"async\" class=\"size-full wp-image-742 alignleft\" src=\"https:\/\/wp.ufpel.edu.br\/saberesdasmissoes\/files\/2026\/02\/lugar-de-ref.png\" alt=\"\" width=\"150\" height=\"150\" \/><\/p>\n<p>&nbsp;<\/p>\n<p><b>Lugares de refer\u00eancia<\/b><\/p>\n<p>A din\u00e2mica busca identificar e espacializar as refer\u00eancias culturais no territ\u00f3rio, a partir percep\u00e7\u00e3o da vida cotidiana dos participantes.<\/p>\n<p>&nbsp;<\/p>\n<p>&nbsp;<\/p>\n<p>&nbsp;<\/p>\n<p><img loading=\"lazy\" decoding=\"async\" class=\"size-full wp-image-750 alignleft\" src=\"https:\/\/wp.ufpel.edu.br\/saberesdasmissoes\/files\/2026\/02\/mandala.png\" alt=\"\" width=\"150\" height=\"150\" \/><\/p>\n<p>&nbsp;<\/p>\n<p><b>Mandala das refer\u00eancias culturais<\/b><\/p>\n<p>Atividade baseada na metodologia desenvolvida pela Rede Paulista de Educa\u00e7\u00e3o Patrimonial (Repep),\u00a0 que busca identificar as refer\u00eancias culturais de um grupo social a partir de suas viv\u00eancias.<\/p>\n<p>&nbsp;<\/p>\n<p>&nbsp;<\/p>\n<p><img loading=\"lazy\" decoding=\"async\" class=\"size-full wp-image-749 alignleft\" src=\"https:\/\/wp.ufpel.edu.br\/saberesdasmissoes\/files\/2026\/02\/musica.png\" alt=\"\" width=\"150\" height=\"150\" \/><\/p>\n<p>&nbsp;<\/p>\n<p><b>M\u00fasica e refer\u00eancia cultural<\/b><\/p>\n<p>A din\u00e2mica tem o objetivo de sensibilizar e instigar o senso de pertencimento dos participantes, atrav\u00e9s da escuta de m\u00fasicas que abordem quest\u00f5es da identidade e das refer\u00eancias culturais da comunidade.<\/p>\n<p>&nbsp;<\/p>\n<p>&nbsp;<\/p>\n<p><img loading=\"lazy\" decoding=\"async\" class=\"size-full wp-image-748 alignleft\" src=\"https:\/\/wp.ufpel.edu.br\/saberesdasmissoes\/files\/2026\/02\/objetos-de-afeto.png\" alt=\"\" width=\"150\" height=\"150\" \/><\/p>\n<p>&nbsp;<\/p>\n<p><b>Objetos afetivos<\/b><\/p>\n<p>A din\u00e2mica utiliza objetos ou registros afetivos para fomentar a reflex\u00e3o sobre o patrim\u00f4nio individual e\u00a0 sensibilizar os participantes sobre a potencialidade dos bens serem suportes materiais da mem\u00f3ria.<\/p>\n<p>&nbsp;<\/p>\n<p>&nbsp;<\/p>\n<p><img loading=\"lazy\" decoding=\"async\" class=\"size-full wp-image-747 alignleft\" src=\"https:\/\/wp.ufpel.edu.br\/saberesdasmissoes\/files\/2026\/02\/para-vc-o-que-e-patrimonio.png\" alt=\"\" width=\"150\" height=\"150\" \/><\/p>\n<p>&nbsp;<\/p>\n<p><b>Para voc\u00ea o que \u00e9 patrim\u00f4nio?<\/b><\/p>\n<p>A din\u00e2mica tem o objetivo de identificar, sistematizar e refletir as diferentes concep\u00e7\u00f5es dos participantes sobre o que \u00e9 patrim\u00f4nio cultural.<\/p>\n<p>&nbsp;<\/p>\n<p>&nbsp;<\/p>\n<p>&nbsp;<\/p>\n<p><img loading=\"lazy\" decoding=\"async\" class=\"size-full wp-image-745 alignleft\" src=\"https:\/\/wp.ufpel.edu.br\/saberesdasmissoes\/files\/2026\/02\/quem-sou-eu.png\" alt=\"\" width=\"150\" height=\"150\" \/><\/p>\n<p>&nbsp;<\/p>\n<p><b>Quem sou eu?<\/b><\/p>\n<p>Jogo de investiga\u00e7\u00e3o que tem o prop\u00f3sito de discutir quest\u00f5es identit\u00e1rias, a partir das particularidades de um personagem importante para a cultura local.<\/p>\n<p>&nbsp;<\/p>\n<p>&nbsp;<\/p>\n<p>&nbsp;<\/p>\n<p><img loading=\"lazy\" decoding=\"async\" class=\"size-full wp-image-744 alignleft\" src=\"https:\/\/wp.ufpel.edu.br\/saberesdasmissoes\/files\/2026\/02\/quizz.png\" alt=\"\" width=\"150\" height=\"150\" \/><\/p>\n<p>&nbsp;<\/p>\n<p><b>Quiz das refer\u00eancias culturais<\/b><\/p>\n<p>A atividade consiste em um jogo que pretende aproximar os participantes das suas refer\u00eancias culturais, de forma l\u00fadica e interativa, explorando ferramentas de tecnologia educacional digital.<\/p>\n<p>&nbsp;<\/p>\n<p>&nbsp;<\/p>\n<p><img loading=\"lazy\" decoding=\"async\" class=\"size-full wp-image-743 alignleft\" src=\"https:\/\/wp.ufpel.edu.br\/saberesdasmissoes\/files\/2026\/02\/roda-de-conversa.png\" alt=\"\" width=\"150\" height=\"150\" \/><\/p>\n<p>&nbsp;<\/p>\n<p><b>Roda de conversa<\/b><\/p>\n<p>Media\u00e7\u00e3o que proporciona a aproxima\u00e7\u00e3o do grupo com discuss\u00f5es que envolvem seu patrim\u00f4nio cultural, de forma participativa e dial\u00f3gica.<\/p>\n<p>&nbsp;<\/p>\n<p>&nbsp;<\/p>\n<p>&nbsp;<\/p>\n<p><img loading=\"lazy\" decoding=\"async\" class=\"size-full wp-image-746 alignleft\" src=\"https:\/\/wp.ufpel.edu.br\/saberesdasmissoes\/files\/2026\/02\/producao-audivisual.png\" alt=\"\" width=\"150\" height=\"150\" \/><\/p>\n<p>&nbsp;<\/p>\n<p><b>Produ\u00e7\u00e3o audiovisual<\/b><\/p>\n<p>Constru\u00e7\u00e3o que possibilita promover o sentimento de pertencimento e o protagonismo individual e coletivo atrav\u00e9s de registros audiovisuais.<\/p>\n","protected":false},"excerpt":{"rendered":"<p>&nbsp; A imagem no espelho A din\u00e2mica tem o objetivo de sensibilizar os participantes para quest\u00f5es relacionadas \u00e0 identidade e despertar o reconhecimento do papel que cada indiv\u00edduo tem em a\u00e7\u00f5es coletivas. &nbsp; &nbsp; &nbsp; C\u00e1psula do tempo A din\u00e2mica busca fomentar uma discuss\u00e3o sobre o que \u00e9 patrim\u00f4nio, a partir da reflex\u00e3o dos participantes [&hellip;]<\/p>\n","protected":false},"author":1548,"featured_media":0,"parent":63,"menu_order":0,"comment_status":"closed","ping_status":"closed","template":"","meta":{"footnotes":""},"class_list":["post-671","page","type-page","status-publish","hentry","post"],"_links":{"self":[{"href":"https:\/\/wp.ufpel.edu.br\/saberesdasmissoes\/wp-json\/wp\/v2\/pages\/671","targetHints":{"allow":["GET"]}}],"collection":[{"href":"https:\/\/wp.ufpel.edu.br\/saberesdasmissoes\/wp-json\/wp\/v2\/pages"}],"about":[{"href":"https:\/\/wp.ufpel.edu.br\/saberesdasmissoes\/wp-json\/wp\/v2\/types\/page"}],"author":[{"embeddable":true,"href":"https:\/\/wp.ufpel.edu.br\/saberesdasmissoes\/wp-json\/wp\/v2\/users\/1548"}],"replies":[{"embeddable":true,"href":"https:\/\/wp.ufpel.edu.br\/saberesdasmissoes\/wp-json\/wp\/v2\/comments?post=671"}],"version-history":[{"count":3,"href":"https:\/\/wp.ufpel.edu.br\/saberesdasmissoes\/wp-json\/wp\/v2\/pages\/671\/revisions"}],"predecessor-version":[{"id":751,"href":"https:\/\/wp.ufpel.edu.br\/saberesdasmissoes\/wp-json\/wp\/v2\/pages\/671\/revisions\/751"}],"up":[{"embeddable":true,"href":"https:\/\/wp.ufpel.edu.br\/saberesdasmissoes\/wp-json\/wp\/v2\/pages\/63"}],"wp:attachment":[{"href":"https:\/\/wp.ufpel.edu.br\/saberesdasmissoes\/wp-json\/wp\/v2\/media?parent=671"}],"curies":[{"name":"wp","href":"https:\/\/api.w.org\/{rel}","templated":true}]}}