{"id":616,"date":"2026-02-02T18:37:33","date_gmt":"2026-02-02T21:37:33","guid":{"rendered":"https:\/\/wp.ufpel.edu.br\/saberesdasmissoes\/?page_id=616"},"modified":"2026-02-08T10:51:47","modified_gmt":"2026-02-08T13:51:47","slug":"pesquisa-pos-doutorado","status":"publish","type":"page","link":"https:\/\/wp.ufpel.edu.br\/saberesdasmissoes\/pesquisa-pos-doutorado\/","title":{"rendered":"Pesquisa P\u00f3s-Doutorado"},"content":{"rendered":"<p style=\"text-align: justify;\">O projeto \u201c<strong>Patrim\u00f4nio cultural, poder e usos do passado: uma abordagem cr\u00edtica das pol\u00edticas de preserva\u00e7\u00e3o em S\u00e3o Miguel das Miss\u00f5es (RS)<\/strong>\u201d, desenvolvido pelo p\u00f3s-doutorando <strong>Darlan de Mamann Marchi <\/strong>junto ao Programa de P\u00f3s-Gradua\u00e7\u00e3o em Arquitetura e Urbanismo da UFPel (PROGRAU\/UFPel), est\u00e1 sendo financiado pela CAPES por meio do Programa Institucional de P\u00f3s-Doutorado (PIPD). O estudo foi integrado \u00e0s a\u00e7\u00f5es do projeto <strong>Os Saberes das Miss\u00f5es: Canteiro Modelo de Conserva\u00e7\u00e3o<\/strong>, em abril de 2025, sob a supervis\u00e3o da Profa. Adriane Borda, a qual faz parte do corpo docente permanente do PROGRAU e da equipe do Projeto os Saberes das Miss\u00f5es.<\/p>\n<p style=\"text-align: justify;\">A pesquisa tem como objetivo analisar criticamente as pol\u00edticas de preserva\u00e7\u00e3o do patrim\u00f4nio cultural no Brasil, tomando como estudo de caso o munic\u00edpio de S\u00e3o Miguel das Miss\u00f5es, reconhecido como Patrim\u00f4nio Mundial pela UNESCO. O foco do projeto recai sobretudo sobre as pol\u00edticas de patrim\u00f4nio implementadas durante o regime ditatorial empresarial-militar, entre as d\u00e9cadas de 1960 e 1980, per\u00edodo marcado por pr\u00e1ticas autorit\u00e1rias de gest\u00e3o, pela intensifica\u00e7\u00e3o das pol\u00edticas de turismo e por interven\u00e7\u00f5es profundas no territ\u00f3rio e na vida comunit\u00e1ria.<\/p>\n<p style=\"text-align: justify;\">Partindo da compreens\u00e3o do patrim\u00f4nio cultural como uma constru\u00e7\u00e3o hist\u00f3rica atravessada por rela\u00e7\u00f5es de poder, a pesquisa investiga os processos de constru\u00e7\u00e3o, legitima\u00e7\u00e3o e implementa\u00e7\u00e3o das pol\u00edticas patrimoniais, com \u00eanfase nos usos do passado missioneiro jesu\u00edtico-guarani e nas disputas simb\u00f3licas, pol\u00edticas e sociais associadas a esses processos. Busca-se compreender como determinadas narrativas foram institucionalizadas e quais impactos produziram sobre a comunidade local, o espa\u00e7o urbano e as mem\u00f3rias sociais.<\/p>\n<p style=\"text-align: justify;\">Entre os objetivos centrais do projeto est\u00e3o a identifica\u00e7\u00e3o dos discursos e mecanismos que sustentaram as pol\u00edticas de preserva\u00e7\u00e3o em S\u00e3o Miguel das Miss\u00f5es, a avalia\u00e7\u00e3o de seus efeitos socioculturais de longo prazo e a an\u00e1lise das tens\u00f5es entre patrim\u00f4nio material, patrim\u00f4nio imaterial e os saberes e pr\u00e1ticas comunit\u00e1rias. A partir dessa an\u00e1lise, o projeto discute criticamente os limites e perman\u00eancias dos modelos tradicionais de preserva\u00e7\u00e3o, bem como os entraves \u00e0 implementa\u00e7\u00e3o de formas de gest\u00e3o patrimonial mais inclusivas, participativas e alinhadas \u00e0s realidades contempor\u00e2neas.<\/p>\n<p style=\"text-align: justify;\">Do ponto de vista te\u00f3rico, o projeto dialoga com abordagens cr\u00edticas do patrim\u00f4nio cultural, dos usos do passado e das pol\u00edticas de mem\u00f3ria, mobilizando conceitos como \u201clugares de mem\u00f3ria\u201d, \u201cdiscurso autorizado do patrim\u00f4nio\u201d e \u201cemo\u00e7\u00f5es patrimoniais\u201d. Metodologicamente, fundamenta-se sobretudo na pesquisa documental e na an\u00e1lise hist\u00f3rica de legisla\u00e7\u00f5es, relat\u00f3rios t\u00e9cnicos e discursos institucionais, articuladas, de forma complementar, \u00e0 considera\u00e7\u00e3o das mem\u00f3rias comunit\u00e1rias, orientando uma reflex\u00e3o cr\u00edtica sobre os efeitos sociais e simb\u00f3licos das pol\u00edticas p\u00fablicas de preserva\u00e7\u00e3o.<\/p>\n<p>&nbsp;<\/p>\n","protected":false},"excerpt":{"rendered":"<p>O projeto \u201cPatrim\u00f4nio cultural, poder e usos do passado: uma abordagem cr\u00edtica das pol\u00edticas de preserva\u00e7\u00e3o em S\u00e3o Miguel das Miss\u00f5es (RS)\u201d, desenvolvido pelo p\u00f3s-doutorando Darlan de Mamann Marchi junto ao Programa de P\u00f3s-Gradua\u00e7\u00e3o em Arquitetura e Urbanismo da UFPel (PROGRAU\/UFPel), est\u00e1 sendo financiado pela CAPES por meio do Programa Institucional de P\u00f3s-Doutorado (PIPD). O [&hellip;]<\/p>\n","protected":false},"author":1547,"featured_media":0,"parent":0,"menu_order":0,"comment_status":"closed","ping_status":"closed","template":"","meta":{"footnotes":""},"class_list":["post-616","page","type-page","status-publish","hentry","post"],"_links":{"self":[{"href":"https:\/\/wp.ufpel.edu.br\/saberesdasmissoes\/wp-json\/wp\/v2\/pages\/616","targetHints":{"allow":["GET"]}}],"collection":[{"href":"https:\/\/wp.ufpel.edu.br\/saberesdasmissoes\/wp-json\/wp\/v2\/pages"}],"about":[{"href":"https:\/\/wp.ufpel.edu.br\/saberesdasmissoes\/wp-json\/wp\/v2\/types\/page"}],"author":[{"embeddable":true,"href":"https:\/\/wp.ufpel.edu.br\/saberesdasmissoes\/wp-json\/wp\/v2\/users\/1547"}],"replies":[{"embeddable":true,"href":"https:\/\/wp.ufpel.edu.br\/saberesdasmissoes\/wp-json\/wp\/v2\/comments?post=616"}],"version-history":[{"count":4,"href":"https:\/\/wp.ufpel.edu.br\/saberesdasmissoes\/wp-json\/wp\/v2\/pages\/616\/revisions"}],"predecessor-version":[{"id":666,"href":"https:\/\/wp.ufpel.edu.br\/saberesdasmissoes\/wp-json\/wp\/v2\/pages\/616\/revisions\/666"}],"wp:attachment":[{"href":"https:\/\/wp.ufpel.edu.br\/saberesdasmissoes\/wp-json\/wp\/v2\/media?parent=616"}],"curies":[{"name":"wp","href":"https:\/\/api.w.org\/{rel}","templated":true}]}}