{"id":538,"date":"2026-01-28T18:28:27","date_gmt":"2026-01-28T21:28:27","guid":{"rendered":"https:\/\/wp.ufpel.edu.br\/saberesdasmissoes\/?page_id=538"},"modified":"2026-01-28T18:30:01","modified_gmt":"2026-01-28T21:30:01","slug":"viagem","status":"publish","type":"page","link":"https:\/\/wp.ufpel.edu.br\/saberesdasmissoes\/viagem\/","title":{"rendered":"Viagem"},"content":{"rendered":"<p><strong>VIAGEM 1<\/strong> (o que foi aplicado \/ desenvolvido \/ j\u00e1 tratado \/ por tratar)<\/p>\n<p style=\"text-align: justify;\">Entre os dias 5 e 9 de maio de 2025 a equipe buscou diagnosticar as condi\u00e7\u00f5es f\u00edsicas de acessibilidade espacial \u00e0s ru\u00ednas missioneiras a fim de apontar solu\u00e7\u00f5es para garantir condi\u00e7\u00f5es de acessibilidade a esses espa\u00e7os hist\u00f3ricos preservados. Para isso foram aplicadas as planilhas elaboradas por Marta Dischinger, Vera Helena Moro Bins Ely e Sonia Maria Demeda Groisman Piardi e adaptadas pelo Minist\u00e9rio P\u00fablico de Santa Catarina (MPSC). A partir de visitas aos quatro s\u00edtios missioneiros que comp\u00f5em o Parque Hist\u00f3rico Nacional das Miss\u00f5es (S\u00e3o Miguel Arcanjo, S\u00e3o Jo\u00e3o Batista, S\u00e3o Louren\u00e7o M\u00e1rtir e S\u00e3o Nicolau), foram verificadas a exist\u00eancia de equipamentos que permitissem orienta\u00e7\u00e3o espacial, deslocamento, uso e comunica\u00e7\u00e3o aos usu\u00e1rios dos locais.<\/p>\n<p style=\"text-align: justify;\">As planilhas adaptadas pelo MPSC (que podem ser visualizadas em (<a href=\"https:\/\/www.mpsc.mp.br\/lista-de-checagem-de-acessibilidade\">https:\/\/www.mpsc.mp.br\/lista-de-checagem-de-acessibilidade<\/a>) permitem realizar diagn\u00f3sticos sobre\u00a0<b>Meio Urbano<\/b>,\u00a0<b>\u00c1reas de Acesso ao Edif\u00edcio<\/b>,\u00a0<b>Comunica\u00e7\u00e3o\/Sinaliza\u00e7\u00e3o<\/b>,\u00a0<b>Mobili\u00e1rio<\/b>,\u00a0<b>Circula\u00e7\u00f5es Horizontais<\/b>,\u00a0<b>Circula\u00e7\u00f5es Verticais<\/b>,\u00a0<b>Sanit\u00e1rios, Banheiros e Vesti\u00e1rios Acess\u00edveis<\/b>,\u00a0<b>Sanit\u00e1rios, Banheiros e Vesti\u00e1rios Coletivos<\/b>,\u00a0<b>Equipamentos Urbanos e Usos Espec\u00edficos<\/b>\u00a0e\u00a0<b>Sinaliza\u00e7\u00e3o Visual e T\u00e1til no Piso<\/b>. Com o tratamento dos dados coletados nesta viagem, est\u00e3o sendo elaborados laudos t\u00e9cnicos sobre as condi\u00e7\u00f5es de acessibilidade nos quatro s\u00edtios e, posteriormente, ser\u00e1 realizada a discuss\u00e3o dos resultados obtidos. Espera-se que essa a\u00e7\u00e3o seja conclu\u00edda at\u00e9 o final do m\u00eas de mar\u00e7o\/2026.<\/p>\n<p style=\"text-align: justify;\">PREENCHIMENTO DAS PLANILHAS<\/p>\n<p style=\"text-align: justify;\"><img loading=\"lazy\" decoding=\"async\" class=\"size-medium wp-image-269\" src=\"https:\/\/wp.ufpel.edu.br\/saberesdasmissoes\/files\/2026\/01\/FOTO-1-300x400.jpg\" sizes=\"auto, (max-width: 300px) 100vw, 300px\" srcset=\"https:\/\/wp.ufpel.edu.br\/saberesdasmissoes\/files\/2026\/01\/FOTO-1-300x400.jpg 300w, https:\/\/wp.ufpel.edu.br\/saberesdasmissoes\/files\/2026\/01\/FOTO-1-768x1024.jpg 768w, https:\/\/wp.ufpel.edu.br\/saberesdasmissoes\/files\/2026\/01\/FOTO-1.jpg 960w\" alt=\"Mulher adulta sentada em um banco modular de madeira em uma \u00e1rea externa arborizada, semelhante a um parque ou pra\u00e7a. Ela veste camiseta rosa, cal\u00e7a jeans azul e t\u00eanis claros. Est\u00e1 com a cabe\u00e7a inclinada para baixo, concentrada em um caderno ou prancheta apoiado no colo, preenchendo planilhas. Ao lado dela, sobre o banco, h\u00e1 uma bolsa amarela. O entorno \u00e9 composto por gramado, \u00e1rvores de grande porte ao fundo e um caminho pavimentado com blocos intertravados \u00e0 direita.\" width=\"300\" height=\"400\" \/><\/p>\n<p style=\"text-align: justify;\">MEDI\u00c7\u00c3O DE RAMPA<\/p>\n<p style=\"text-align: justify;\"><img loading=\"lazy\" decoding=\"async\" class=\"alignnone size-medium wp-image-270\" src=\"https:\/\/wp.ufpel.edu.br\/saberesdasmissoes\/files\/2026\/01\/FOTO-2-300x400.jpeg\" sizes=\"auto, (max-width: 300px) 100vw, 300px\" srcset=\"https:\/\/wp.ufpel.edu.br\/saberesdasmissoes\/files\/2026\/01\/FOTO-2-300x400.jpeg 300w, https:\/\/wp.ufpel.edu.br\/saberesdasmissoes\/files\/2026\/01\/FOTO-2-768x1024.jpeg 768w, https:\/\/wp.ufpel.edu.br\/saberesdasmissoes\/files\/2026\/01\/FOTO-2-1152x1536.jpeg 1152w, https:\/\/wp.ufpel.edu.br\/saberesdasmissoes\/files\/2026\/01\/FOTO-2.jpeg 1200w\" alt=\"Mulher adulta agachada sobre uma cal\u00e7ada de blocos intertravados, realizando a medi\u00e7\u00e3o do piso com uma trena amarela. Ela veste camiseta rosa, cal\u00e7a jeans azul, t\u00eanis claros e \u00f3culos. A trena est\u00e1 estendida sobre uma faixa de piso diferente, formada por placas retangulares antigas e desgastadas, com textura irregular e manchas, contrastando com o pavimento ao redor. A mulher segura a trena com aten\u00e7\u00e3o, observando a medida, e ao fundo \u00e9 poss\u00edvel ver \u00e1rea gramada adjacente \u00e0 cal\u00e7ada.\" width=\"300\" height=\"400\" \/><\/p>\n<p><strong>VIAGEM 2<\/strong> (o que foi aplicado \/ desenvolvido \/ j\u00e1 tratado \/ por tratar)<\/p>\n<p style=\"text-align: justify;\">Entre os dias 8 e 12 de setembro de 2025 a equipe respons\u00e1vel pelo diagn\u00f3stico das condi\u00e7\u00f5es de acessibilidade no Parque Hist\u00f3rico Nacional das Miss\u00f5es realizou atividades como passeios acompanhados,\u00a0<i>walkthrough<\/i>\u00a0t\u00e9cnico, entrevistas com respons\u00e1veis pela gest\u00e3o do patrim\u00f4nio e entrevistas com grupos focais a fim de entender a partir do olhar e da viv\u00eancia dos usu\u00e1rios como a acessibilidade est\u00e1 representada nos s\u00edtios missioneiros e quais as fragilidades encontradas. Para isso, foram elaborados previamente roteiros para a realiza\u00e7\u00e3o das atividades e aplicados no s\u00edtio de S\u00e3o Miguel Arcanjo.<\/p>\n<p style=\"text-align: justify;\">Os passeios acompanhados foram realizados com a participa\u00e7\u00e3o de um casal com carrinho de beb\u00ea, de uma pessoa com baixa vis\u00e3o e de um usu\u00e1rio de cadeira de rodas. Estas atividades possibilitaram que fossem identificadas fisicamente no local quais as dificuldades encontradas pelos usu\u00e1rios com rela\u00e7\u00e3o aos quatro componentes de acessibilidade. Al\u00e9m disso, foi poss\u00edvel ouvir os usu\u00e1rios a fim de identificar quais as dificuldades individuais e como elas podem ser solucionadas para uma melhor experi\u00eancia dos usu\u00e1rios em futuras visitas.<\/p>\n<p style=\"text-align: justify;\">PESSOA COM BAIXA VIS\u00c3O<\/p>\n<p style=\"text-align: justify;\"><img loading=\"lazy\" decoding=\"async\" class=\"alignnone size-medium wp-image-275\" src=\"https:\/\/wp.ufpel.edu.br\/saberesdasmissoes\/files\/2026\/01\/FOTO-3-400x225.jpg\" sizes=\"auto, (max-width: 400px) 100vw, 400px\" srcset=\"https:\/\/wp.ufpel.edu.br\/saberesdasmissoes\/files\/2026\/01\/FOTO-3-400x225.jpg 400w, https:\/\/wp.ufpel.edu.br\/saberesdasmissoes\/files\/2026\/01\/FOTO-3-1024x576.jpg 1024w, https:\/\/wp.ufpel.edu.br\/saberesdasmissoes\/files\/2026\/01\/FOTO-3-768x432.jpg 768w, https:\/\/wp.ufpel.edu.br\/saberesdasmissoes\/files\/2026\/01\/FOTO-3-1536x864.jpg 1536w, https:\/\/wp.ufpel.edu.br\/saberesdasmissoes\/files\/2026\/01\/FOTO-3.jpg 1920w\" alt=\"\" width=\"400\" height=\"225\" \/><\/p>\n<p style=\"text-align: justify;\">PESSOA EM CADEIRA DE RODAS<\/p>\n<p style=\"text-align: justify;\"><img loading=\"lazy\" decoding=\"async\" class=\"alignnone size-medium wp-image-274\" src=\"https:\/\/wp.ufpel.edu.br\/saberesdasmissoes\/files\/2026\/01\/FOTO-4-400x225.jpg\" sizes=\"auto, (max-width: 400px) 100vw, 400px\" srcset=\"https:\/\/wp.ufpel.edu.br\/saberesdasmissoes\/files\/2026\/01\/FOTO-4-400x225.jpg 400w, https:\/\/wp.ufpel.edu.br\/saberesdasmissoes\/files\/2026\/01\/FOTO-4-1024x576.jpg 1024w, https:\/\/wp.ufpel.edu.br\/saberesdasmissoes\/files\/2026\/01\/FOTO-4-768x432.jpg 768w, https:\/\/wp.ufpel.edu.br\/saberesdasmissoes\/files\/2026\/01\/FOTO-4-1536x864.jpg 1536w, https:\/\/wp.ufpel.edu.br\/saberesdasmissoes\/files\/2026\/01\/FOTO-4.jpg 1920w\" alt=\"\" width=\"400\" height=\"225\" \/><\/p>\n<p style=\"text-align: justify;\">PESSOA QUE DESCONHE\u00c7A O LOCAL<\/p>\n<p style=\"text-align: justify;\"><img loading=\"lazy\" decoding=\"async\" class=\"alignnone size-medium wp-image-273\" src=\"https:\/\/wp.ufpel.edu.br\/saberesdasmissoes\/files\/2026\/01\/FOTO-5-400x300.jpg\" sizes=\"auto, (max-width: 400px) 100vw, 400px\" srcset=\"https:\/\/wp.ufpel.edu.br\/saberesdasmissoes\/files\/2026\/01\/FOTO-5-400x300.jpg 400w, https:\/\/wp.ufpel.edu.br\/saberesdasmissoes\/files\/2026\/01\/FOTO-5-1024x768.jpg 1024w, https:\/\/wp.ufpel.edu.br\/saberesdasmissoes\/files\/2026\/01\/FOTO-5-768x576.jpg 768w, https:\/\/wp.ufpel.edu.br\/saberesdasmissoes\/files\/2026\/01\/FOTO-5-1536x1152.jpg 1536w, https:\/\/wp.ufpel.edu.br\/saberesdasmissoes\/files\/2026\/01\/FOTO-5-2048x1536.jpg 2048w\" alt=\"\" width=\"400\" height=\"300\" \/><\/p>\n<p style=\"text-align: justify;\">PESSOA COM CARRINHO DE BEB\u00ca<\/p>\n<p style=\"text-align: justify;\"><img loading=\"lazy\" decoding=\"async\" class=\"alignnone size-medium wp-image-272\" src=\"https:\/\/wp.ufpel.edu.br\/saberesdasmissoes\/files\/2026\/01\/FOTO-6-400x225.jpg\" sizes=\"auto, (max-width: 400px) 100vw, 400px\" srcset=\"https:\/\/wp.ufpel.edu.br\/saberesdasmissoes\/files\/2026\/01\/FOTO-6-400x225.jpg 400w, https:\/\/wp.ufpel.edu.br\/saberesdasmissoes\/files\/2026\/01\/FOTO-6-1024x576.jpg 1024w, https:\/\/wp.ufpel.edu.br\/saberesdasmissoes\/files\/2026\/01\/FOTO-6-768x432.jpg 768w, https:\/\/wp.ufpel.edu.br\/saberesdasmissoes\/files\/2026\/01\/FOTO-6-1536x864.jpg 1536w, https:\/\/wp.ufpel.edu.br\/saberesdasmissoes\/files\/2026\/01\/FOTO-6.jpg 1920w\" alt=\"\" width=\"400\" height=\"225\" \/><\/p>\n<p style=\"text-align: justify;\">O\u00a0<i>walkthrough<\/i>\u00a0t\u00e9cnico foi realizado com a participa\u00e7\u00e3o de um arquiteto e t\u00e9cnico aposentado do Instituto do Patrim\u00f4nio Hist\u00f3rico e Art\u00edstico Nacional (Iphan) e com uma professora da Universidade Federal de Pelotas (UFPel). Esta atividade buscou identificar atrav\u00e9s do olhar de profissionais envolvidos com o patrim\u00f4nio e com as ru\u00ednas missioneiras como os deslocamentos dentro do s\u00edtio de S\u00e3o Miguel Arcanjo se apresentam ao p\u00fablico que frequenta o local e quais interven\u00e7\u00f5es t\u00e9cnicas seriam necess\u00e1rias para diminuir as exclus\u00f5es provocadas pela falta de acessibilidade local.<\/p>\n<p style=\"text-align: justify;\">ARQUITETO E T\u00c9CNICO APOSENTADO DO IPHAN<\/p>\n<p style=\"text-align: justify;\"><img loading=\"lazy\" decoding=\"async\" class=\"alignnone size-medium wp-image-280\" src=\"https:\/\/wp.ufpel.edu.br\/saberesdasmissoes\/files\/2026\/01\/FOTO-7-400x225.jpg\" sizes=\"auto, (max-width: 400px) 100vw, 400px\" srcset=\"https:\/\/wp.ufpel.edu.br\/saberesdasmissoes\/files\/2026\/01\/FOTO-7-400x225.jpg 400w, https:\/\/wp.ufpel.edu.br\/saberesdasmissoes\/files\/2026\/01\/FOTO-7-1024x576.jpg 1024w, https:\/\/wp.ufpel.edu.br\/saberesdasmissoes\/files\/2026\/01\/FOTO-7-768x432.jpg 768w, https:\/\/wp.ufpel.edu.br\/saberesdasmissoes\/files\/2026\/01\/FOTO-7-1536x864.jpg 1536w, https:\/\/wp.ufpel.edu.br\/saberesdasmissoes\/files\/2026\/01\/FOTO-7.jpg 1920w\" alt=\"Homem e mulher adultos caminham por entre ru\u00ednas de uma antiga edifica\u00e7\u00e3o de pedra, com grandes arcos e paredes altas parcialmente preservadas. O homem veste chap\u00e9u claro, \u00f3culos escuros, blusa verde e cal\u00e7a escura, e faz um gesto com a m\u00e3o enquanto conversa. A mulher veste camiseta azul, cal\u00e7a jeans e \u00f3culos escuros, caminhando ao lado dele com as m\u00e3os nos bolsos. O ch\u00e3o \u00e9 coberto por gramado verde e, ao fundo, outras pessoas aparecem pequenas, caminhando pelo espa\u00e7o. O c\u00e9u est\u00e1 azul e a ilumina\u00e7\u00e3o indica um dia ensolarado.\" width=\"400\" height=\"225\" \/><\/p>\n<p style=\"text-align: justify;\">PROFESSORA DA UFPEL<\/p>\n<p style=\"text-align: justify;\"><img loading=\"lazy\" decoding=\"async\" class=\"alignnone size-medium wp-image-281\" src=\"https:\/\/wp.ufpel.edu.br\/saberesdasmissoes\/files\/2026\/01\/FOTO-8-400x225.jpg\" sizes=\"auto, (max-width: 400px) 100vw, 400px\" srcset=\"https:\/\/wp.ufpel.edu.br\/saberesdasmissoes\/files\/2026\/01\/FOTO-8-400x225.jpg 400w, https:\/\/wp.ufpel.edu.br\/saberesdasmissoes\/files\/2026\/01\/FOTO-8-1024x576.jpg 1024w, https:\/\/wp.ufpel.edu.br\/saberesdasmissoes\/files\/2026\/01\/FOTO-8-768x432.jpg 768w, https:\/\/wp.ufpel.edu.br\/saberesdasmissoes\/files\/2026\/01\/FOTO-8-1536x864.jpg 1536w, https:\/\/wp.ufpel.edu.br\/saberesdasmissoes\/files\/2026\/01\/FOTO-8.jpg 1920w\" alt=\"Duas mulheres adultas caminham sobre uma sequ\u00eancia de equipamentos baixos e retangulares instalados no gramado, alinhados em fila. Os equipamentos s\u00e3o verdes, com superf\u00edcies envidra\u00e7adas ou pain\u00e9is na parte superior. A mulher \u00e0 esquerda veste camiseta clara e cal\u00e7a jeans, observando onde pisa. A mulher \u00e0 direita veste roupa escura e um len\u00e7o claro no pesco\u00e7o, abrindo os bra\u00e7os levemente. Ao fundo, h\u00e1 um amplo campo gramado, \u00e1rvores espalhadas e edifica\u00e7\u00f5es baixas, sob um c\u00e9u claro e ensolarado.\" width=\"400\" height=\"225\" \/><\/p>\n<p style=\"text-align: justify;\">As entrevistas com os respons\u00e1veis pela gest\u00e3o do patrim\u00f4nio foram realizadas com a Secret\u00e1ria de Turismo de S\u00e3o Miguel das Miss\u00f5es, com a Diretora de Cultura da Secretaria de Turismo de S\u00e3o Miguel das Miss\u00f5es, com a Diretora do Museu das Miss\u00f5es, com o t\u00e9cnico do Escrit\u00f3rio T\u00e9cnico do Iphan em S\u00e3o Miguel das Miss\u00f5es e com o Secret\u00e1rio de Turismo de S\u00e3o Nicolau. A atividade teve como intuito verificar como estes \u00f3rg\u00e3os e seus respectivos respons\u00e1veis t\u00eam pensado os espa\u00e7os e as atividades realizadas neles para que sejam garantidas as condi\u00e7\u00f5es de acessibilidade aos frequentadores dos s\u00edtios missioneiros.Ainda pretende-se aplicar entrevista com o t\u00e9cnico do Escrit\u00f3rio T\u00e9cnico do Iphan em Pelotas, que atuou anteriormente no Escrit\u00f3rio de S\u00e3o Miguel das Miss\u00f5es.<\/p>\n<p style=\"text-align: justify;\">SECRET\u00c1RIA DE TURISMO E DIRETORA DE CULTURAL DE S\u00c3O MIGUEL DAS MISS\u00d5ES<\/p>\n<p style=\"text-align: justify;\"><img loading=\"lazy\" decoding=\"async\" class=\"alignnone size-medium wp-image-282\" src=\"https:\/\/wp.ufpel.edu.br\/saberesdasmissoes\/files\/2026\/01\/FOTO-9-400x225.jpg\" sizes=\"auto, (max-width: 400px) 100vw, 400px\" srcset=\"https:\/\/wp.ufpel.edu.br\/saberesdasmissoes\/files\/2026\/01\/FOTO-9-400x225.jpg 400w, https:\/\/wp.ufpel.edu.br\/saberesdasmissoes\/files\/2026\/01\/FOTO-9-1024x576.jpg 1024w, https:\/\/wp.ufpel.edu.br\/saberesdasmissoes\/files\/2026\/01\/FOTO-9-768x432.jpg 768w, https:\/\/wp.ufpel.edu.br\/saberesdasmissoes\/files\/2026\/01\/FOTO-9-1536x864.jpg 1536w, https:\/\/wp.ufpel.edu.br\/saberesdasmissoes\/files\/2026\/01\/FOTO-9.jpg 1920w\" alt=\"Tr\u00eas mulheres adultas sentadas em poltronas pretas, dispostas em semic\u00edrculo, em um ambiente interno com piso cer\u00e2mico avermelhado. Elas participam de uma conversa ou reuni\u00e3o. A mulher \u00e0 esquerda veste jaqueta clara e cal\u00e7a jeans, segura um caderno no colo e olha em dire\u00e7\u00e3o \u00e0s outras. A mulher ao centro veste jaqueta escura e cal\u00e7a azul, est\u00e1 sentada com as pernas cruzadas e gesticula com uma das m\u00e3os enquanto fala. A mulher \u00e0 direita veste moletom azul, cal\u00e7a escura e botas pretas, segura uma prancheta e observa atentamente. Ao fundo, h\u00e1 pain\u00e9is e fotografias expostas na parede, incluindo imagens de edifica\u00e7\u00f5es hist\u00f3ricas e paisagens.\" width=\"400\" height=\"225\" \/><\/p>\n<p style=\"text-align: justify;\">\u00a0SECRET\u00c1RIO DE TURISMO DE S\u00c3O NICOLAU<\/p>\n<p style=\"text-align: justify;\"><img loading=\"lazy\" decoding=\"async\" class=\"alignnone size-medium wp-image-283\" src=\"https:\/\/wp.ufpel.edu.br\/saberesdasmissoes\/files\/2026\/01\/FOTO-10-400x225.jpg\" sizes=\"auto, (max-width: 400px) 100vw, 400px\" srcset=\"https:\/\/wp.ufpel.edu.br\/saberesdasmissoes\/files\/2026\/01\/FOTO-10-400x225.jpg 400w, https:\/\/wp.ufpel.edu.br\/saberesdasmissoes\/files\/2026\/01\/FOTO-10-1024x576.jpg 1024w, https:\/\/wp.ufpel.edu.br\/saberesdasmissoes\/files\/2026\/01\/FOTO-10-768x432.jpg 768w, https:\/\/wp.ufpel.edu.br\/saberesdasmissoes\/files\/2026\/01\/FOTO-10-1536x864.jpg 1536w, https:\/\/wp.ufpel.edu.br\/saberesdasmissoes\/files\/2026\/01\/FOTO-10.jpg 1920w\" alt=\"\" width=\"400\" height=\"225\" \/><\/p>\n<p style=\"text-align: justify;\">DIRETORA DO MUSEU DAS MISS\u00d5ES<\/p>\n<p style=\"text-align: justify;\"><img loading=\"lazy\" decoding=\"async\" class=\"alignnone size-medium wp-image-284\" src=\"https:\/\/wp.ufpel.edu.br\/saberesdasmissoes\/files\/2026\/01\/FOTO-11-400x225.jpg\" sizes=\"auto, (max-width: 400px) 100vw, 400px\" srcset=\"https:\/\/wp.ufpel.edu.br\/saberesdasmissoes\/files\/2026\/01\/FOTO-11-400x225.jpg 400w, https:\/\/wp.ufpel.edu.br\/saberesdasmissoes\/files\/2026\/01\/FOTO-11-1024x576.jpg 1024w, https:\/\/wp.ufpel.edu.br\/saberesdasmissoes\/files\/2026\/01\/FOTO-11-768x432.jpg 768w, https:\/\/wp.ufpel.edu.br\/saberesdasmissoes\/files\/2026\/01\/FOTO-11-1536x864.jpg 1536w, https:\/\/wp.ufpel.edu.br\/saberesdasmissoes\/files\/2026\/01\/FOTO-11.jpg 1920w\" alt=\"\" width=\"400\" height=\"225\" \/><\/p>\n<p style=\"text-align: justify;\">T\u00c9CNICO DO ESCRIT\u00d3RIO T\u00c9CNICO DO IPHAN DE\u00a0S\u00c3O MIGUEL DAS MISS\u00d5ES<\/p>\n<p style=\"text-align: justify;\"><img loading=\"lazy\" decoding=\"async\" class=\"alignnone size-medium wp-image-285\" src=\"https:\/\/wp.ufpel.edu.br\/saberesdasmissoes\/files\/2026\/01\/FOTO-12-400x225.jpg\" sizes=\"auto, (max-width: 400px) 100vw, 400px\" srcset=\"https:\/\/wp.ufpel.edu.br\/saberesdasmissoes\/files\/2026\/01\/FOTO-12-400x225.jpg 400w, https:\/\/wp.ufpel.edu.br\/saberesdasmissoes\/files\/2026\/01\/FOTO-12-1024x576.jpg 1024w, https:\/\/wp.ufpel.edu.br\/saberesdasmissoes\/files\/2026\/01\/FOTO-12-768x432.jpg 768w, https:\/\/wp.ufpel.edu.br\/saberesdasmissoes\/files\/2026\/01\/FOTO-12-1536x864.jpg 1536w, https:\/\/wp.ufpel.edu.br\/saberesdasmissoes\/files\/2026\/01\/FOTO-12.jpg 1920w\" alt=\"\" width=\"400\" height=\"225\" \/><\/p>\n<p style=\"text-align: justify;\">As entrevistas com grupos focais foram realizadas com os idosos e com os guias de turismo da cidade de S\u00e3o Miguel das Miss\u00f5es. Com o primeiro grupo buscou-se identificar quais as preocupa\u00e7\u00f5es existentes quanto \u00e0 acessibilidade, quais recursos de apoio eles consideram importantes e necess\u00e1rios durante a visita\u00e7\u00e3o ao s\u00edtio missioneiro, quais equipamentos f\u00edsicos s\u00e3o importantes durante a visita\u00e7\u00e3o e o que deveria ser priorizado para possibilitar aos idosos uma melhor experi\u00eancia durante as visita\u00e7\u00f5es. Com o segundo grupo buscou-se identificar quais as dificuldades comuns encontradas durante as visita\u00e7\u00f5es, como os usu\u00e1rios percebem o local e se necessitam de aux\u00edlio frequente para identifica\u00e7\u00e3o de locais ou informa\u00e7\u00f5es sobre os espa\u00e7os, quais os recursos dispon\u00edveis para garantir a acessibilidade aos s\u00edtios missioneiros e se eles s\u00e3o suficientes para as atividades e quais melhorias seriam urgentes e necess\u00e1rias para garantir uma maior acessibilidade aos s\u00edtios. Al\u00e9m disso, o grupo foi questionado sobre a necessidade de treinamento espec\u00edfico para atender pessoas com algum tipo de defici\u00eancia e se esse tipo de treinamento j\u00e1 foi realizado com os guias de turismo.<\/p>\n<p style=\"text-align: justify;\">GRUPO DE IDOSOS<\/p>\n<p style=\"text-align: justify;\"><img loading=\"lazy\" decoding=\"async\" class=\"alignnone size-medium wp-image-286\" src=\"https:\/\/wp.ufpel.edu.br\/saberesdasmissoes\/files\/2026\/01\/FOTO-13-400x225.jpg\" sizes=\"auto, (max-width: 400px) 100vw, 400px\" srcset=\"https:\/\/wp.ufpel.edu.br\/saberesdasmissoes\/files\/2026\/01\/FOTO-13-400x225.jpg 400w, https:\/\/wp.ufpel.edu.br\/saberesdasmissoes\/files\/2026\/01\/FOTO-13-1024x576.jpg 1024w, https:\/\/wp.ufpel.edu.br\/saberesdasmissoes\/files\/2026\/01\/FOTO-13-768x432.jpg 768w, https:\/\/wp.ufpel.edu.br\/saberesdasmissoes\/files\/2026\/01\/FOTO-13-1536x864.jpg 1536w, https:\/\/wp.ufpel.edu.br\/saberesdasmissoes\/files\/2026\/01\/FOTO-13.jpg 1920w\" alt=\"\" width=\"400\" height=\"225\" \/><\/p>\n<p style=\"text-align: justify;\">GUIAS DE TURISMO<\/p>\n<p style=\"text-align: justify;\"><img loading=\"lazy\" decoding=\"async\" class=\"alignnone size-medium wp-image-279\" src=\"https:\/\/wp.ufpel.edu.br\/saberesdasmissoes\/files\/2026\/01\/FOTO-14-400x300.jpg\" sizes=\"auto, (max-width: 400px) 100vw, 400px\" srcset=\"https:\/\/wp.ufpel.edu.br\/saberesdasmissoes\/files\/2026\/01\/FOTO-14-400x300.jpg 400w, https:\/\/wp.ufpel.edu.br\/saberesdasmissoes\/files\/2026\/01\/FOTO-14-1024x768.jpg 1024w, https:\/\/wp.ufpel.edu.br\/saberesdasmissoes\/files\/2026\/01\/FOTO-14-768x576.jpg 768w, https:\/\/wp.ufpel.edu.br\/saberesdasmissoes\/files\/2026\/01\/FOTO-14-1536x1152.jpg 1536w, https:\/\/wp.ufpel.edu.br\/saberesdasmissoes\/files\/2026\/01\/FOTO-14-2048x1536.jpg 2048w\" alt=\"\" width=\"400\" height=\"300\" \/><\/p>\n<p style=\"text-align: justify;\">Os dados obtidos durante a segunda viagem, que foram coletados atrav\u00e9s de v\u00eddeos, \u00e1udios e fotografias, est\u00e3o em fase de tratamento. Espera-se concluir essa etapa at\u00e9 o dia final de junho\/2026. Assim que esta etapa for finalizada, os dados poder\u00e3o ser discutidos com as informa\u00e7\u00f5es obtidas na primeira viagem e, desta forma, auxiliar na proposi\u00e7\u00e3o de solu\u00e7\u00f5es para garantir a acessibilidade universal aos s\u00edtios missioneiros.<\/p>\n","protected":false},"excerpt":{"rendered":"<p>VIAGEM 1 (o que foi aplicado \/ desenvolvido \/ j\u00e1 tratado \/ por tratar) Entre os dias 5 e 9 de maio de 2025 a equipe buscou diagnosticar as condi\u00e7\u00f5es f\u00edsicas de acessibilidade espacial \u00e0s ru\u00ednas missioneiras a fim de apontar solu\u00e7\u00f5es para garantir condi\u00e7\u00f5es de acessibilidade a esses espa\u00e7os hist\u00f3ricos preservados. Para isso foram [&hellip;]<\/p>\n","protected":false},"author":1547,"featured_media":0,"parent":0,"menu_order":0,"comment_status":"closed","ping_status":"closed","template":"","meta":{"footnotes":""},"class_list":["post-538","page","type-page","status-publish","hentry","post"],"_links":{"self":[{"href":"https:\/\/wp.ufpel.edu.br\/saberesdasmissoes\/wp-json\/wp\/v2\/pages\/538","targetHints":{"allow":["GET"]}}],"collection":[{"href":"https:\/\/wp.ufpel.edu.br\/saberesdasmissoes\/wp-json\/wp\/v2\/pages"}],"about":[{"href":"https:\/\/wp.ufpel.edu.br\/saberesdasmissoes\/wp-json\/wp\/v2\/types\/page"}],"author":[{"embeddable":true,"href":"https:\/\/wp.ufpel.edu.br\/saberesdasmissoes\/wp-json\/wp\/v2\/users\/1547"}],"replies":[{"embeddable":true,"href":"https:\/\/wp.ufpel.edu.br\/saberesdasmissoes\/wp-json\/wp\/v2\/comments?post=538"}],"version-history":[{"count":2,"href":"https:\/\/wp.ufpel.edu.br\/saberesdasmissoes\/wp-json\/wp\/v2\/pages\/538\/revisions"}],"predecessor-version":[{"id":541,"href":"https:\/\/wp.ufpel.edu.br\/saberesdasmissoes\/wp-json\/wp\/v2\/pages\/538\/revisions\/541"}],"wp:attachment":[{"href":"https:\/\/wp.ufpel.edu.br\/saberesdasmissoes\/wp-json\/wp\/v2\/media?parent=538"}],"curies":[{"name":"wp","href":"https:\/\/api.w.org\/{rel}","templated":true}]}}