{"id":364,"date":"2026-01-13T15:29:17","date_gmt":"2026-01-13T18:29:17","guid":{"rendered":"https:\/\/wp.ufpel.edu.br\/saberesdasmissoes\/?page_id=364"},"modified":"2026-01-13T16:36:10","modified_gmt":"2026-01-13T19:36:10","slug":"equipe-2","status":"publish","type":"page","link":"https:\/\/wp.ufpel.edu.br\/saberesdasmissoes\/equipe-2\/","title":{"rendered":"Equipe"},"content":{"rendered":"<p style=\"text-align: justify;\"><b>ISABELA FERNANDES ANDRADE<\/b><\/p>\n<p style=\"text-align: justify;\"><span style=\"font-weight: 400;\">Arquiteta e Urbanista, Especialista em Reabilita\u00e7\u00e3o Ambiental Sustent\u00e1vel Arquitet\u00f4nica e Urban\u00edstica, Mestre e Doutora em Arquitetura e Urbanismo. Ingressou como docente do Centro de Engenharias da Universidade Federal de Pelotas em 2013, atuando nas disciplinas da \u00e1rea de Representa\u00e7\u00e3o Gr\u00e1fica, Acessibilidade e Desenho Universal. Esteve Reitora da UFPel entre 2021-2025 e Diretora do CEng\/UFPel entre 2017-2021. Foi professora substituta no Departamento de Express\u00e3o Gr\u00e1fica da Universidade Federal de Santa Catarina de 2012 a 2013. Atuou como Arquiteta e Urbanista e Diretora de Obras na Prefeitura Municipal de Conc\u00f3rdia entre 2010 e 2011. Foi professora e Coordenadora dos Cursos de Arquitetura e Urbanismo na Universidade do Oeste de Santa Catarina (UNOESC) em 2009 e na Faculdade Conc\u00f3rdia (FACC) em 2010. Atua no LABSERG (Laborat\u00f3rio de Seguran\u00e7a e Ergonomia), NEPEA (N\u00facleo de Estudos, Pesquisa e Extens\u00e3o em Acessibilidade) e no NUMESA (N\u00facleo Multidisciplinar em Ergonomia, Seguran\u00e7a e Acessibilidade). Enfrentou a complexidade envolvida na adapta\u00e7\u00e3o para a acessibilidade das edifica\u00e7\u00f5es hist\u00f3ricas. Orienta e coorienta trabalhos que versam sobre acessibilidade, desenho universal, wayfinding e ergonomia.<\/span><\/p>\n<p style=\"text-align: justify;\"><span style=\"font-weight: 400;\">Lattes: <\/span><a href=\"http:\/\/lattes.cnpq.br\/3077011108422970\"><span style=\"font-weight: 400;\">http:\/\/lattes.cnpq.br\/3077011108422970<\/span><\/a><\/p>\n<p style=\"text-align: justify;\"><span style=\"font-weight: 400;\">ORCID:<\/span> <a href=\"https:\/\/orcid.org\/0000-0002-9353-7610\"><span style=\"font-weight: 400;\">https:\/\/orcid.org\/0000-0002-9353-7610<\/span><\/a><\/p>\n<p style=\"text-align: justify;\"><span style=\"font-weight: 400;\">ResearchGate: <\/span><span style=\"font-weight: 400;\">https:\/\/www.researchgate.net\/profile\/Isabela-Andrade-8<\/span><\/p>\n<p style=\"text-align: justify;\"><b>ANDERSON PIRES AIRES<\/b><\/p>\n<p style=\"text-align: justify;\"><span style=\"font-weight: 400;\">Mestre em Arquitetura e Urbanismo pelo Programa de P\u00f3s-Gradua\u00e7\u00e3o em Arquitetura e Urbanismo da Universidade Federal de Pelotas (PROGRAU\/UFPel, 2018), junto \u00e0 \u00e1rea de concentra\u00e7\u00e3o Arquitetura, Patrim\u00f4nio e Sistemas Urbanos e \u00e0 linha de pesquisa Teoria, Hist\u00f3ria, Patrim\u00f4nio e Cr\u00edtica. Possui gradua\u00e7\u00e3o em Arquitetura e Urbanismo pela Faculdade de Arquitetura e Urbanismo da mesma IES. \u00c9 cofundador do grupo de pesquisa e invent\u00e1rio cemiterial Lorem Memoria Mortis (LoMoRis). Desenvolve estudos com foco na hist\u00f3ria da arquitetura e da cidade do s\u00e9culo XIX e relacionados \u00e0 arquitetura, ao urbanismo, \u00e0 arte e \u00e0 hist\u00f3ria das cidades cemiteriais oitocentistas e secularizadas. Desempenhou atividades como arquiteto e urbanista junto \u00e0 Prefeitura Municipal de Pelotas entre os anos de 2018 e 2020 (tendo participado da equipe t\u00e9cnica que elaborou o Plano de Mobilidade Urbana Sustent\u00e1vel de Pelotas &#8211; Decreto 6209\/2019 &#8211; e do Comit\u00ea T\u00e9cnico Permanente de Planejamento e Mobilidade Urbana, vinculado ao N\u00facleo de Planejamento e Mobilidade Urbana) e junto \u00e0 Prefeitura Municipal de Pedro Os\u00f3rio\/RS entre os anos de 2014 e 2016.<\/span><\/p>\n<p style=\"text-align: justify;\"><span style=\"font-weight: 400;\">Lattes: <\/span><a href=\"http:\/\/lattes.cnpq.br\/8094036161900304\"><span style=\"font-weight: 400;\">http:\/\/lattes.cnpq.br\/8094036161900304<\/span><\/a><\/p>\n<p style=\"text-align: justify;\"><span style=\"font-weight: 400;\">ORCID: <\/span><a href=\"https:\/\/orcid.org\/0000-0002-4928-1312\"><span style=\"font-weight: 400;\">https:\/\/orcid.org\/0000-0002-4928-1312<\/span><\/a><\/p>\n<p style=\"text-align: justify;\"><span style=\"font-weight: 400;\">ResearchGate: <\/span><a href=\"https:\/\/www.researchgate.net\/profile\/Anderson_Pires_Aires\"><span style=\"font-weight: 400;\">https:\/\/www.researchgate.net\/profile\/Anderson_Pires_Aires<\/span><\/a><\/p>\n<p style=\"text-align: justify;\"><b>GUSTAVO SOUZA DE PAIVA<\/b><\/p>\n<p style=\"text-align: justify;\"><span style=\"font-weight: 400;\">Graduando no curso de Bacharelado em Engenharia Civil, na Universidade Federal de Pelotas (UFPel), formada no curso T\u00e9cnico em Edifica\u00e7\u00f5es do Instituto Federal de Educa\u00e7\u00e3o, Ci\u00eancia e Tecnologia Sul-rio-grandense (IFSUL) Campus Jaguar\u00e3o, modalidade subsequente. Atualmente, colaborador do Laborat\u00f3rio de Seguran\u00e7a e Ergonomia (LABSERG) da Universidade Federal de Pelotas, atuou como estagi\u00e1rio de canteiro de obras nas construtoras PORTO5 e Otimiza Rent\u00e1veis.<\/span><\/p>\n<p style=\"text-align: justify;\"><span style=\"font-weight: 400;\">Lattes: <\/span><a href=\"http:\/\/lattes.cnpq.br\/3398244960489311\"><span style=\"font-weight: 400;\">http:\/\/lattes.cnpq.br\/3398244960489311<\/span><\/a><span style=\"font-weight: 400;\">\u00a0<\/span><\/p>\n<p style=\"text-align: justify;\"><b>N\u00c1TALIN PUCINELLI LOUREN\u00c7O<\/b><\/p>\n<p style=\"text-align: justify;\"><span style=\"font-weight: 400;\">Graduanda no curso de Bacharelado em Arquitetura e Urbanismo, na Universidade Federal de Pelotas (UFPEL), formada no curso t\u00e9cnico em Design de Interiores do Instituto Federal de Educa\u00e7\u00e3o, Ci\u00eancia e Tecnologia Sul-rio-grandense (IFSUL), modalidade integrada. Atualmente, colabora do Laborat\u00f3rio de Seguran\u00e7a e Ergonomia (LABSERG), atuou como estagi\u00e1ria no escrit\u00f3rio Ponto X &#8211; Arquitetura e Interiores e foi bolsista de pesquisa no Laborat\u00f3rio de Estudos Comportamentais da Universidade Federal de Pelotas (LabCom).\u00a0<\/span><\/p>\n<p style=\"text-align: justify;\"><span style=\"font-weight: 400;\">Lattes: <\/span><a href=\"http:\/\/lattes.cnpq.br\/6831919915487551\"><span style=\"font-weight: 400;\">http:\/\/lattes.cnpq.br\/6831919915487551<\/span><\/a><span style=\"font-weight: 400;\">\u00a0<\/span><\/p>\n<p style=\"text-align: justify;\"><b>LUIS ANTONIO DOS SANTOS FRANZ<\/b><\/p>\n<p style=\"text-align: justify;\"><span style=\"font-weight: 400;\">Possui gradua\u00e7\u00e3o em Engenharia Civil pela Funda\u00e7\u00e3o Universidade Federal do Rio Grande (2001), Mestrado em Engenharia de Produ\u00e7\u00e3o pela Universidade Federal do Rio Grande do Sul (2003) e doutorado em co-tutela em Engenharia de Produ\u00e7\u00e3o pela Universidade Federal do Rio Grande do Sul (Brasil) e pela Universidade do Minho (Portugal) (2009). Atua como professor no curso de gradua\u00e7\u00e3o em Engenharia de Produ\u00e7\u00e3o do Centro de Engenharias (CEng\/UFPel) e como professor no Programa de P\u00f3s-Gradua\u00e7\u00e3o em Engenharia de Produ\u00e7\u00e3o (PROGRAU\/UFPel). Tem experi\u00eancia na \u00e1rea de Engenharia de Produ\u00e7\u00e3o, com \u00eanfase em Garantia de Controle de Qualidade, Sa\u00fade e Seguran\u00e7a Ocupacional, atuando principalmente nos seguintes temas: Ger\u00eancia da Produ\u00e7\u00e3o, Qualidade, Ger\u00eancia de Servi\u00e7os, Seis Sigma, Gest\u00e3o da Sa\u00fade e Seguran\u00e7a do Trabalho e Ergonomia.<\/span><\/p>\n<p style=\"text-align: justify;\"><span style=\"font-weight: 400;\">Lattes: <\/span><span style=\"font-weight: 400;\">http:\/\/lattes.cnpq.br\/9673217950052451<\/span><\/p>\n<p style=\"text-align: justify;\"><span style=\"font-weight: 400;\">ORCID: <\/span><a href=\"https:\/\/orcid.org\/0000-0001-5541-5180\"><span style=\"font-weight: 400;\">https:\/\/orcid.org\/0000-0001-5541-5180<\/span><\/a><\/p>\n<p style=\"text-align: justify;\"><span style=\"font-weight: 400;\">ResearchGate: <\/span><span style=\"font-weight: 400;\">https:\/\/www.researchgate.net\/profile\/Luis-Franz<\/span><\/p>\n<p style=\"text-align: justify;\"><b>JULIANA TASCA TISSOT<\/b><\/p>\n<p style=\"text-align: justify;\"><span style=\"font-weight: 400;\">Professora na Universidade Federal de Pelotas &#8211; Faculdade de Arquitetura e Urbanismo. Doutorado pelo Programa de P\u00f3s-Gradua\u00e7\u00e3o em Arquitetura e Urbanismo da Universidade Federal de Santa Catarina, com per\u00edodo Sandu\u00edche na University of Illinois em Urbana-Champaign, IL com supervis\u00e3o da Dra. Wendy Rogers &#8211; Department of Kinesiology and Community Health (2018 &#8211; 2022). Mestrado pelo Programa de P\u00f3s-Gradua\u00e7\u00e3o em Arquitetura e Urbanismo da Universidade Federal de Santa Catarina (2014-2016). Gradua\u00e7\u00e3o em Arquitetura e Urbanismo pela Universidade Paranaense (2004-2008). Possui certifica\u00e7\u00e3o internacional como especialista em Aging-in-Place. Atua como pesquisadora nas tem\u00e1ticas de envelhecimento saud\u00e1vel e aging-in-place com foco no ambiente constru\u00eddo, ergonomia e psicologia ambiental. L\u00edder do Grupo de Pesquisa Interdisciplinar em Arquitetura e Envelhecimento GPI-Arqenv e Pesquisadora Colaboradora do Grupo Numesa &#8211; N\u00facleo Multidisciplinar em Ergonomia, Seguran\u00e7a e Acessibilidade.<\/span><\/p>\n<p style=\"text-align: justify;\"><span style=\"font-weight: 400;\">Lattes: <\/span><a href=\"http:\/\/lattes.cnpq.br\/3941081999514494\"><span style=\"font-weight: 400;\">http:\/\/lattes.cnpq.br\/3941081999514494<\/span><\/a><\/p>\n<p style=\"text-align: justify;\"><span style=\"font-weight: 400;\">ORCID: <\/span><a href=\"https:\/\/orcid.org\/0000-0002-1842-2637\"><span style=\"font-weight: 400;\">https:\/\/orcid.org\/0000-0002-1842-2637<\/span><\/a><\/p>\n<p style=\"text-align: justify;\"><span style=\"font-weight: 400;\">ResearchGate: <\/span><a href=\"https:\/\/www.researchgate.net\/profile\/Juliana-Tissot\"><span style=\"font-weight: 400;\">https:\/\/www.researchgate.net\/profile\/Juliana-Tissot<\/span><\/a><\/p>\n","protected":false},"excerpt":{"rendered":"<p>ISABELA FERNANDES ANDRADE Arquiteta e Urbanista, Especialista em Reabilita\u00e7\u00e3o Ambiental Sustent\u00e1vel Arquitet\u00f4nica e Urban\u00edstica, Mestre e Doutora em Arquitetura e Urbanismo. Ingressou como docente do Centro de Engenharias da Universidade Federal de Pelotas em 2013, atuando nas disciplinas da \u00e1rea de Representa\u00e7\u00e3o Gr\u00e1fica, Acessibilidade e Desenho Universal. Esteve Reitora da UFPel entre 2021-2025 e Diretora [&hellip;]<\/p>\n","protected":false},"author":1547,"featured_media":0,"parent":0,"menu_order":0,"comment_status":"closed","ping_status":"closed","template":"","meta":{"footnotes":""},"class_list":["post-364","page","type-page","status-publish","hentry","post"],"_links":{"self":[{"href":"https:\/\/wp.ufpel.edu.br\/saberesdasmissoes\/wp-json\/wp\/v2\/pages\/364","targetHints":{"allow":["GET"]}}],"collection":[{"href":"https:\/\/wp.ufpel.edu.br\/saberesdasmissoes\/wp-json\/wp\/v2\/pages"}],"about":[{"href":"https:\/\/wp.ufpel.edu.br\/saberesdasmissoes\/wp-json\/wp\/v2\/types\/page"}],"author":[{"embeddable":true,"href":"https:\/\/wp.ufpel.edu.br\/saberesdasmissoes\/wp-json\/wp\/v2\/users\/1547"}],"replies":[{"embeddable":true,"href":"https:\/\/wp.ufpel.edu.br\/saberesdasmissoes\/wp-json\/wp\/v2\/comments?post=364"}],"version-history":[{"count":3,"href":"https:\/\/wp.ufpel.edu.br\/saberesdasmissoes\/wp-json\/wp\/v2\/pages\/364\/revisions"}],"predecessor-version":[{"id":422,"href":"https:\/\/wp.ufpel.edu.br\/saberesdasmissoes\/wp-json\/wp\/v2\/pages\/364\/revisions\/422"}],"wp:attachment":[{"href":"https:\/\/wp.ufpel.edu.br\/saberesdasmissoes\/wp-json\/wp\/v2\/media?parent=364"}],"curies":[{"name":"wp","href":"https:\/\/api.w.org\/{rel}","templated":true}]}}