{"id":355,"date":"2026-01-13T15:15:34","date_gmt":"2026-01-13T18:15:34","guid":{"rendered":"https:\/\/wp.ufpel.edu.br\/saberesdasmissoes\/?page_id=355"},"modified":"2026-02-02T19:08:42","modified_gmt":"2026-02-02T22:08:42","slug":"projeto-na-midia","status":"publish","type":"page","link":"https:\/\/wp.ufpel.edu.br\/saberesdasmissoes\/projeto-na-midia\/","title":{"rendered":"Projeto na M\u00eddia"},"content":{"rendered":"<p style=\"text-align: justify;\"><span style=\"font-weight: 400;\">Jornal do Almo\u00e7o: Aborda a parceria firmada entre o Iphan e a UFPel para o desenvolvimento de estudos que prop\u00f5em a acessibilidade e a conserva\u00e7\u00e3o dos s\u00edtios missioneiros. Pode ser assistida em <\/span><a href=\"https:\/\/g1.globo.com\/rs\/rio-grande-do-sul\/videos-jornal-do-almoco\/video\/curso-de-restauracao-capacita-trabalhadores-em-sao-miguel-das-missoes-14172966.ghtml\"><span style=\"font-weight: 400;\">https:\/\/g1.globo.com\/rs\/rio-grande-do-sul\/videos-jornal-do-almoco\/video\/curso-de-restauracao-capacita-trabalhadores-em-sao-miguel-das-missoes-14172966.ghtml<\/span><\/a><span style=\"font-weight: 400;\">.<\/span><\/p>\n<p style=\"text-align: justify;\"><span style=\"font-weight: 400;\">Jornal do Almo\u00e7o: Aborda a parceria firmada entre o Iphan e a UFPel para preserva\u00e7\u00e3o das ru\u00ednas das miss\u00f5es atrav\u00e9s de a\u00e7\u00f5es durante uma semana de trabalho no m\u00eas de maio de 2025. Pode ser assistida em <\/span><a href=\"https:\/\/g1.globo.com\/rs\/rio-grande-do-sul\/videos-jornal-do-almoco\/video\/universidade-federal-de-pelotas-e-iphan-juntas-na-preservacao-das-ruinas-das-missoes-13585382.ghtml\"><span style=\"font-weight: 400;\">https:\/\/g1.globo.com\/rs\/rio-grande-do-sul\/videos-jornal-do-almoco\/video\/universidade-federal-de-pelotas-e-iphan-juntas-na-preservacao-das-ruinas-das-missoes-13585382.ghtml<\/span><\/a><span style=\"font-weight: 400;\">\u00a0<\/span><\/p>\n<p style=\"text-align: justify;\"><span style=\"font-weight: 400;\">A Hora do Sul: Aborda as a\u00e7\u00f5es desenvolvidas atrav\u00e9s de um projeto da UFPel com a finalidade de contribuir com a preserva\u00e7\u00e3o das ru\u00ednas das Miss\u00f5es. Pode ser assistida em <\/span><a href=\"https:\/\/ahoradosul.com.br\/conteudos\/2025\/09\/22\/projeto-da-ufpel-contribui-para-preservar-as-ruinas-das-missoes\/\"><span style=\"font-weight: 400;\">https:\/\/ahoradosul.com.br\/conteudos\/2025\/09\/22\/projeto-da-ufpel-contribui-para-preservar-as-ruinas-das-missoes\/<\/span><\/a><\/p>\n<p style=\"text-align: justify;\"><span style=\"font-weight: 400;\">UFPel: Aborda as a\u00e7\u00f5es desenvolvidas atrav\u00e9s de um projeto da UFPel com a finalidade de contribuir com a preserva\u00e7\u00e3o das ru\u00ednas das Miss\u00f5es. Pode ser assistida em <\/span><a href=\"https:\/\/ccs2.ufpel.edu.br\/wp\/2025\/09\/19\/projeto-da-ufpel-contribui-para-a-preservacao-e-a-acessibilidade-do-patrimonio-cultural-das-ruinas-das-missoes\/\"><span style=\"font-weight: 400;\">https:\/\/ccs2.ufpel.edu.br\/wp\/2025\/09\/19\/projeto-da-ufpel-contribui-para-a-preservacao-e-a-acessibilidade-do-patrimonio-cultural-das-ruinas-das-missoes\/<\/span><\/a><\/p>\n<p style=\"text-align: justify;\"><span style=\"font-weight: 400;\">UFPel: Aborda as a\u00e7\u00f5es desenvolvidas atrav\u00e9s de um projeto da UFPel com a finalidade de contribuir com a preserva\u00e7\u00e3o das ru\u00ednas das Miss\u00f5es. Pode ser assistida em <\/span><a href=\"https:\/\/ccs2.ufpel.edu.br\/wp\/2025\/06\/09\/projeto-realiza-levantamento-e-promove-acoes-ligadas-a-acessibilidade-das-ruinas-das-missoes\/\"><span style=\"font-weight: 400;\">https:\/\/ccs2.ufpel.edu.br\/wp\/2025\/06\/09\/projeto-realiza-levantamento-e-promove-acoes-ligadas-a-acessibilidade-das-ruinas-das-missoes\/<\/span><\/a><\/p>\n<p style=\"text-align: justify;\"><span style=\"font-weight: 400;\">Radiocom: Aborda o desenvolvimento de diagn\u00f3stico de acessibilidade e preserva\u00e7\u00e3o nas ru\u00ednas das Miss\u00f5es. Pode ser assistida em <\/span><a href=\"https:\/\/www.radiocom.org.br\/2025\/06\/09\/projeto-da-ufpel-desenvolve-diagnostico-de-acessibilidade-e-preservacao-nas-ruinas-das-missoes\/\"><span style=\"font-weight: 400;\">https:\/\/www.radiocom.org.br\/2025\/06\/09\/projeto-da-ufpel-desenvolve-diagnostico-de-acessibilidade-e-preservacao-nas-ruinas-das-missoes\/<\/span><\/a><\/p>\n<p style=\"text-align: justify;\"><span style=\"font-weight: 400;\">Andifes: Aborda novas a\u00e7\u00f5es realizadas pelo Iphan e pela UFPel nas ru\u00ednas das Miss\u00f5es no contexto do \u201cPrograma Conviver \u2013 Canteiros Modelo de Conserva\u00e7\u00e3o\u201d. Pode ser assistida em <\/span><a href=\"https:\/\/www.andifes.org.br\/2025\/09\/18\/ufpel-e-iphan-realizam-novas-acoes-nas-missoes-no-contexto-do-programa-conviver-canteiros-modelo-de-conservacao\/\"><span style=\"font-weight: 400;\">https:\/\/www.andifes.org.br\/2025\/09\/18\/ufpel-e-iphan-realizam-novas-acoes-nas-missoes-no-contexto-do-programa-conviver-canteiros-modelo-de-conservacao\/<\/span><\/a><\/p>\n<p style=\"text-align: justify;\"><span style=\"font-weight: 400;\">Correio do Povo: Aborda novas a\u00e7\u00f5es realizadas pelo Iphan e pela UFPel nas ru\u00ednas das Miss\u00f5es no contexto do \u201cPrograma Conviver \u2013 Canteiros Modelo de Conserva\u00e7\u00e3o\u201d. Pode ser assistida em <\/span><a href=\"https:\/\/www.correiodopovo.com.br\/not%C3%ADcias\/cidades\/pesquisadores-da-ufpel-realizam-projeto-na-regi%C3%A3o-de-s%C3%A3o-miguel-das-miss%C3%B5es-1.1616175\"><span style=\"font-weight: 400;\">https:\/\/www.correiodopovo.com.br\/not%C3%ADcias\/cidades\/pesquisadores-da-ufpel-realizam-projeto-na-regi%C3%A3o-de-s%C3%A3o-miguel-das-miss%C3%B5es-1.1616175<\/span><\/a><\/p>\n<p style=\"text-align: justify;\"><span style=\"font-weight: 400;\">Jornal Tradi\u00e7\u00e3o: Aborda a\u00e7\u00f5es de preserva\u00e7\u00e3o realizadas atrav\u00e9s da parceria entre Iphan e pela UFPel nas ru\u00ednas das Miss\u00f5es. Pode ser assistida em <\/span><a href=\"https:\/\/www.jornaltradicao.com.br\/pelotas\/educacao\/ufpel-e-iphan-promovem-acoes-de-preservacao-nas-missoes\/\"><span style=\"font-weight: 400;\">https:\/\/www.jornaltradicao.com.br\/pelotas\/educacao\/ufpel-e-iphan-promovem-acoes-de-preservacao-nas-missoes\/<\/span><\/a><\/p>\n<p style=\"text-align: justify;\"><span style=\"font-weight: 400;\">UFPel: Aborda a capacita\u00e7\u00e3o em conserva\u00e7\u00e3o de s\u00edtios arqueol\u00f3gicos com foco nas ru\u00ednas das Miss\u00f5es a partir da parceria entre Iphan e UFPel<\/span><span style=\"font-weight: 400;\">. Pode ser assistida em <\/span><a style=\"text-align: justify;\" href=\"https:\/\/ccs2.ufpel.edu.br\/wp\/2024\/10\/31\/iphan-e-ufpel-realizam-capacitacao-em-conservacao-de-sitios-arqueologicos\/\">https:\/\/ccs2.ufpel.edu.br\/wp\/2024\/10\/31\/iphan-e-ufpel-realizam-capacitacao-em-conservacao-de-sitios-arqueologicos\/<\/a><\/p>\n<p style=\"text-align: justify;\"><span style=\"font-weight: 400;\">Portal das Miss\u00f5es: Aborda o avan\u00e7o do projeto Os Saberes das Miss\u00f5es em real\u00e7\u00e3o \u00e0s capacita\u00e7\u00f5es para conserva\u00e7\u00e3o do patrim\u00f4nio missioneiro no Rio Grande do Sul. Pode ser assistida em <\/span><a href=\"https:\/\/www.portaldasmissoes.com.br\/noticias\/projeto-os-saberes-das-missoes-avanca-na-capacitacao-para-conservacao-do-patrimo-14358\"><span style=\"font-weight: 400;\">https:\/\/www.portaldasmissoes.com.br\/noticias\/projeto-os-saberes-das-missoes-avanca-na-capacitacao-para-conservacao-do-patrimo-14358<\/span><\/a><\/p>\n<p style=\"text-align: justify;\"><span style=\"font-weight: 400;\">IPHAN: Aborda a qualifica\u00e7\u00e3o na conserva\u00e7\u00e3o de s\u00edtios arqueol\u00f3gicos no RS oferecida pelo Iphan a estudantes. Pode ser assistida em <\/span><a href=\"https:\/\/www.gov.br\/iphan\/pt-br\/assuntos\/noticias\/iphan-qualifica-estudantes-na-conservacao-de-sitios-arqueologicos-do-rs\"><span style=\"font-weight: 400;\">https:\/\/www.gov.br\/iphan\/pt-br\/assuntos\/noticias\/iphan-qualifica-estudantes-na-conservacao-de-sitios-arqueologicos-do-rs<\/span><\/a><\/p>\n<p style=\"text-align: justify;\"><span style=\"font-weight: 400;\">Grupo Sep\u00e9: Aborda o avan\u00e7o na capacita\u00e7\u00e3o para conserva\u00e7\u00e3o do patrim\u00f4nio missioneiro no RS atrav\u00e9s do projeto Os Saberes das Miss\u00f5es. Pode ser assistida em <\/span><a href=\"https:\/\/gruposepe.com.br\/index.php?m=noticia&amp;a=detail&amp;id=25848\"><span style=\"font-weight: 400;\">https:\/\/gruposepe.com.br\/index.php?m=noticia&amp;a=detail&amp;id=25848<\/span><\/a><\/p>\n<p style=\"text-align: justify;\"><span style=\"font-weight: 400;\">Jornal Tradi\u00e7\u00e3o: Aborda as atividades realizadas por pesquisadores da UFPel e do Iphan nas ru\u00ednas das Miss\u00f5es. Pode ser assistida em <\/span><a href=\"https:\/\/www.jornaltradicao.com.br\/pelotas\/geral\/pesquisadores-da-ufpel-e-do-iphan-realizam-atividades-nas-ruinas\/\"><span style=\"font-weight: 400;\">https:\/\/www<\/span><\/a><a style=\"text-align: justify;\" href=\"https:\/\/www.jornaltradicao.com.br\/pelotas\/geral\/pesquisadores-da-ufpel-e-do-iphan-realizam-atividades-nas-ruinas\/\">.jornaltradicao.com.br\/pelotas\/geral\/pesquisadores-da-ufpel-e-do-iphan-realizam-atividades-nas-ruinas\/<\/a><\/p>\n<p>&nbsp;<\/p>\n<p><span style=\"text-align: justify;\">Redes Sociais:\u00a0<\/span><\/p>\n<p><a href=\"https:\/\/www.instagram.com\/reel\/DOirj9Pjtfm\/?utm_source=ig_web_copy_link\">Iphan promove reconstru\u00e7\u00e3o da antiga adega do S\u00edtio Arqueol\u00f3gico S\u00e3o Miguel Arcanjo<\/a><\/p>\n<p><a href=\"https:\/\/www.instagram.com\/p\/DOdoPqNE09m\/?img_index=1&amp;igsh=NTduZ2IxZXlyOW9z\">Di\u00e1logos sobre o patrim\u00f4nio: pertencimento e pr\u00e1ticas escolares &#8211; Prefeitura de S\u00e3o Miguel das Miss\u00f5es<\/a><\/p>\n<p><a href=\"https:\/\/www.instagram.com\/p\/DO6UOz7EWeA\/?igsh=MTJxdGJiMzZ4eGcyZA%3D%3D\">Projeto da UFPEL contribui para a Preserva\u00e7\u00e3o e a Acessibilidade do Patrim\u00f4nio Cultural das Ru\u00ednas das Miss\u00f5es<\/a><\/p>\n<p>&nbsp;<\/p>\n<p>@canteiro.missoes<\/p>\n<table style=\"border-collapse: collapse; width: 100%;\" border=\"1\">\n<tbody>\n<tr>\n<td style=\"width: 0.999001%; text-align: center;\"><a href=\"http:\/\/www.instagram.com\/canteiro.missoes\/\"><img loading=\"lazy\" decoding=\"async\" class=\"wp-image-600 alignleft\" src=\"https:\/\/wp.ufpel.edu.br\/saberesdasmissoes\/files\/2026\/02\/isnta-200x200.png\" alt=\"\" width=\"50\" height=\"47\" srcset=\"https:\/\/wp.ufpel.edu.br\/saberesdasmissoes\/files\/2026\/02\/isnta-400x380.png 400w, https:\/\/wp.ufpel.edu.br\/saberesdasmissoes\/files\/2026\/02\/isnta.png 410w\" sizes=\"auto, (max-width: 50px) 100vw, 50px\" \/><\/a><\/td>\n<td style=\"width: 0.999001%;\"><\/td>\n<\/tr>\n<\/tbody>\n<\/table>\n<p>&nbsp;<\/p>\n","protected":false},"excerpt":{"rendered":"<p>Jornal do Almo\u00e7o: Aborda a parceria firmada entre o Iphan e a UFPel para o desenvolvimento de estudos que prop\u00f5em a acessibilidade e a conserva\u00e7\u00e3o dos s\u00edtios missioneiros. Pode ser assistida em https:\/\/g1.globo.com\/rs\/rio-grande-do-sul\/videos-jornal-do-almoco\/video\/curso-de-restauracao-capacita-trabalhadores-em-sao-miguel-das-missoes-14172966.ghtml. Jornal do Almo\u00e7o: Aborda a parceria firmada entre o Iphan e a UFPel para preserva\u00e7\u00e3o das ru\u00ednas das miss\u00f5es atrav\u00e9s de a\u00e7\u00f5es [&hellip;]<\/p>\n","protected":false},"author":1547,"featured_media":0,"parent":0,"menu_order":0,"comment_status":"closed","ping_status":"closed","template":"","meta":{"footnotes":""},"class_list":["post-355","page","type-page","status-publish","hentry","post"],"_links":{"self":[{"href":"https:\/\/wp.ufpel.edu.br\/saberesdasmissoes\/wp-json\/wp\/v2\/pages\/355","targetHints":{"allow":["GET"]}}],"collection":[{"href":"https:\/\/wp.ufpel.edu.br\/saberesdasmissoes\/wp-json\/wp\/v2\/pages"}],"about":[{"href":"https:\/\/wp.ufpel.edu.br\/saberesdasmissoes\/wp-json\/wp\/v2\/types\/page"}],"author":[{"embeddable":true,"href":"https:\/\/wp.ufpel.edu.br\/saberesdasmissoes\/wp-json\/wp\/v2\/users\/1547"}],"replies":[{"embeddable":true,"href":"https:\/\/wp.ufpel.edu.br\/saberesdasmissoes\/wp-json\/wp\/v2\/comments?post=355"}],"version-history":[{"count":3,"href":"https:\/\/wp.ufpel.edu.br\/saberesdasmissoes\/wp-json\/wp\/v2\/pages\/355\/revisions"}],"predecessor-version":[{"id":608,"href":"https:\/\/wp.ufpel.edu.br\/saberesdasmissoes\/wp-json\/wp\/v2\/pages\/355\/revisions\/608"}],"wp:attachment":[{"href":"https:\/\/wp.ufpel.edu.br\/saberesdasmissoes\/wp-json\/wp\/v2\/media?parent=355"}],"curies":[{"name":"wp","href":"https:\/\/api.w.org\/{rel}","templated":true}]}}