{"id":35,"date":"2025-07-08T16:49:26","date_gmt":"2025-07-08T19:49:26","guid":{"rendered":"https:\/\/wp.ufpel.edu.br\/saberesdasmissoes\/?page_id=35"},"modified":"2026-02-17T17:25:51","modified_gmt":"2026-02-17T20:25:51","slug":"sitios","status":"publish","type":"page","link":"https:\/\/wp.ufpel.edu.br\/saberesdasmissoes\/sitios\/","title":{"rendered":"S\u00edtios"},"content":{"rendered":"<p><strong>AS MISS\u00d5ES<\/strong><\/p>\n<p style=\"text-align: justify;\">Durante a conquista e a coloniza\u00e7\u00e3o espanhola na Am\u00e9rica, nos s\u00e9culos 17 e 18, foi criada, com ind\u00edgenas, principalmente guaranis, a Prov\u00edncia Jesu\u00edtica do Paraguai, ocupando o territ\u00f3rio do Paraguai e partes do Brasil, Argentina e Uruguai. Ao longo de 150 anos se consolidaram 30 povoados, chamados de Redu\u00e7\u00f5es, com estrutura urbana semelhante. Economicamente eram apoiados em Est\u00e2ncias de gado e na extra\u00e7\u00e3o da erva-mate. Com um sistema social cooperativo desenvolveram ci\u00eancias, artes e of\u00edcios.<\/p>\n<p style=\"text-align: justify;\">Em 1750, Espanha e Portugal assinaram o Tratado de Madrid que trocava os Sete Povos das Miss\u00f5es da Banda Oriental do rio Uruguai pela Col\u00f4nia do Sacramento. Os missioneiros tentaram demover o Rei da Espanha de entregar suas redu\u00e7\u00f5es para Portugal e lhe enviaram cartas com o plano da redu\u00e7\u00e3o de S\u00e3o Jo\u00e3o Batista<a href=\"#_ftn1\" name=\"_ftnref1\">[1]<\/a> a fim de demonstrar o grande desenvolvimento destes povoados.<\/p>\n<p style=\"text-align: justify;\">Os missioneiros reagiram \u00e0 implanta\u00e7\u00e3o do Tratado e, revoltados, enfrentaram as tropas portuguesas e espanholas na chamada Guerra Guaran\u00edtica (1754-1756) e foram derrotados. Eles retornaram ap\u00f3s a assinatura do Tratado de El Pardo (1761), que anulou o de Madrid.<\/p>\n<p style=\"text-align: justify;\">Como consequ\u00eancia do conflito, os Jesu\u00edtas foram expulsos (1767), desestruturando o sistema das Redu\u00e7\u00f5es, que, a partir de ent\u00e3o, passaram a ser administradas por civis com outras ordens religiosas. Os ind\u00edgenas foram abandonando os povoados que se esvaziaram at\u00e9 o final do s\u00e9culo 19, restando apenas estruturas arruinadas.<\/p>\n<div class=\"mceTemp\"><\/div>\n<div id=\"attachment_457\" style=\"width: 410px\" class=\"wp-caption alignnone\"><img loading=\"lazy\" decoding=\"async\" aria-describedby=\"caption-attachment-457\" class=\"size-medium wp-image-457\" src=\"https:\/\/wp.ufpel.edu.br\/saberesdasmissoes\/files\/2026\/01\/Mapa-Paraguay-e1768423095148-400x319.png\" alt=\"\" width=\"400\" height=\"319\" srcset=\"https:\/\/wp.ufpel.edu.br\/saberesdasmissoes\/files\/2026\/01\/Mapa-Paraguay-e1768423095148-400x319.png 400w, https:\/\/wp.ufpel.edu.br\/saberesdasmissoes\/files\/2026\/01\/Mapa-Paraguay-e1768423095148.png 570w\" sizes=\"auto, (max-width: 400px) 100vw, 400px\" \/><p id=\"caption-attachment-457\" class=\"wp-caption-text\">Paraqv\u00e1ria, vulgo el Paraguay con adyacencias.<br \/>Montanos, Grabado, 1671. Mapoteca do Itamaraty, Rio de Janeiro, Brasil<\/p><\/div>\n<div class=\"mceTemp\"><\/div>\n<div id=\"attachment_462\" style=\"width: 388px\" class=\"wp-caption alignnone\"><img loading=\"lazy\" decoding=\"async\" aria-describedby=\"caption-attachment-462\" class=\"size-full wp-image-462\" src=\"https:\/\/wp.ufpel.edu.br\/saberesdasmissoes\/files\/2026\/01\/Povoados-1.png\" alt=\"\" width=\"378\" height=\"250\" \/><p id=\"caption-attachment-462\" class=\"wp-caption-text\">Povoados da Paraquaria \u2013 Detalhe<br \/>Arquivo IPHAN<\/p><\/div>\n<p>&nbsp;<\/p>\n<div id=\"attachment_464\" style=\"width: 358px\" class=\"wp-caption alignnone\"><img loading=\"lazy\" decoding=\"async\" aria-describedby=\"caption-attachment-464\" class=\"size-full wp-image-464\" src=\"https:\/\/wp.ufpel.edu.br\/saberesdasmissoes\/files\/2026\/01\/Mapa-Missoes-Paraguay-1.png\" alt=\"\" width=\"348\" height=\"332\" \/><p id=\"caption-attachment-464\" class=\"wp-caption-text\">Mapa da Regi\u00e3o das Miss\u00f5es do Paraguai \u2013 Localiza\u00e7\u00e3o de S\u00e3o Nicolau<\/p><\/div>\n<p><span style=\"font-size: 8pt;\">[1] Um destes desenhos est\u00e1 no Arquivo de Simancas, na Espanha. O outro, que provavelmente foi mandado para Roma, est\u00e1 na Biblioteca Nacional da Fran\u00e7a.<\/span><\/p>\n<p>&nbsp;<\/p>\n<p>S\u00edtios:<\/p>\n<p><a href=\"https:\/\/wp.ufpel.edu.br\/saberesdasmissoes\/sitios\/sao-nicolau\/\">S\u00e3o Nicolau<\/a><\/p>\n<p><a href=\"https:\/\/wp.ufpel.edu.br\/saberesdasmissoes\/sitios\/sao-lourenco-martir\/\">S\u00e3o Louren\u00e7o M\u00e1rtir<\/a><\/p>\n<p><a href=\"https:\/\/wp.ufpel.edu.br\/saberesdasmissoes\/sitios\/sao-joao-batista\/\">S\u00e3o Jo\u00e3o Batista<\/a><\/p>\n<p><a href=\"https:\/\/wp.ufpel.edu.br\/saberesdasmissoes\/sao-miguel-arcanjo\/\">S\u00e3o Miguel Arcanjo<\/a><\/p>\n","protected":false},"excerpt":{"rendered":"<p>AS MISS\u00d5ES Durante a conquista e a coloniza\u00e7\u00e3o espanhola na Am\u00e9rica, nos s\u00e9culos 17 e 18, foi criada, com ind\u00edgenas, principalmente guaranis, a Prov\u00edncia Jesu\u00edtica do Paraguai, ocupando o territ\u00f3rio do Paraguai e partes do Brasil, Argentina e Uruguai. Ao longo de 150 anos se consolidaram 30 povoados, chamados de Redu\u00e7\u00f5es, com estrutura urbana semelhante. [&hellip;]<\/p>\n","protected":false},"author":1358,"featured_media":0,"parent":0,"menu_order":0,"comment_status":"closed","ping_status":"closed","template":"","meta":{"footnotes":""},"class_list":["post-35","page","type-page","status-publish","hentry","post"],"_links":{"self":[{"href":"https:\/\/wp.ufpel.edu.br\/saberesdasmissoes\/wp-json\/wp\/v2\/pages\/35","targetHints":{"allow":["GET"]}}],"collection":[{"href":"https:\/\/wp.ufpel.edu.br\/saberesdasmissoes\/wp-json\/wp\/v2\/pages"}],"about":[{"href":"https:\/\/wp.ufpel.edu.br\/saberesdasmissoes\/wp-json\/wp\/v2\/types\/page"}],"author":[{"embeddable":true,"href":"https:\/\/wp.ufpel.edu.br\/saberesdasmissoes\/wp-json\/wp\/v2\/users\/1358"}],"replies":[{"embeddable":true,"href":"https:\/\/wp.ufpel.edu.br\/saberesdasmissoes\/wp-json\/wp\/v2\/comments?post=35"}],"version-history":[{"count":4,"href":"https:\/\/wp.ufpel.edu.br\/saberesdasmissoes\/wp-json\/wp\/v2\/pages\/35\/revisions"}],"predecessor-version":[{"id":668,"href":"https:\/\/wp.ufpel.edu.br\/saberesdasmissoes\/wp-json\/wp\/v2\/pages\/35\/revisions\/668"}],"wp:attachment":[{"href":"https:\/\/wp.ufpel.edu.br\/saberesdasmissoes\/wp-json\/wp\/v2\/media?parent=35"}],"curies":[{"name":"wp","href":"https:\/\/api.w.org\/{rel}","templated":true}]}}