{"id":34,"date":"2025-07-08T16:49:26","date_gmt":"2025-07-08T19:49:26","guid":{"rendered":"https:\/\/wp.ufpel.edu.br\/saberesdasmissoes\/?page_id=34"},"modified":"2026-04-28T17:26:36","modified_gmt":"2026-04-28T20:26:36","slug":"equipegeral","status":"publish","type":"page","link":"https:\/\/wp.ufpel.edu.br\/saberesdasmissoes\/equipegeral\/","title":{"rendered":"Equipe Geral"},"content":{"rendered":"<h2 data-start=\"164\" data-end=\"188\"><strong data-start=\"167\" data-end=\"188\">Coordena\u00e7\u00e3o Geral<\/strong><\/h2>\n<p data-start=\"190\" data-end=\"276\"><strong data-start=\"190\" data-end=\"226\">ISABELA FERNANDES ANDRADE FRANCO<\/strong><br data-start=\"226\" data-end=\"229\" \/>Profa. Dra. Arq. \u2013 CENG e PROGRAU\/FAURB\/UFPel<\/p>\n<hr data-start=\"278\" data-end=\"281\" \/>\n<h2 data-start=\"283\" data-end=\"309\"><strong data-start=\"286\" data-end=\"309\">Coordena\u00e7\u00e3o Adjunta<\/strong><\/h2>\n<p data-start=\"311\" data-end=\"385\"><strong data-start=\"311\" data-end=\"337\">EDUARDO GRALA DA CUNHA<\/strong><br data-start=\"337\" data-end=\"340\" \/>Prof. Dr. Arq. \u2013 LABCEE\/PROGRAU\/FAURB\/UFPel<\/p>\n<hr data-start=\"387\" data-end=\"390\" \/>\n<h2 data-start=\"392\" data-end=\"419\"><strong data-start=\"395\" data-end=\"419\">Apoio Administrativo<\/strong><\/h2>\n<p data-start=\"421\" data-end=\"517\"><strong data-start=\"421\" data-end=\"452\">CAROLINA DE MESQUITA DUARTE<\/strong><br data-start=\"452\" data-end=\"455\" \/>Doutoranda em Arquitetura e Urbanismo \u2013 LABCEE\/PROGRAU\/FAURB<\/p>\n<hr data-start=\"387\" data-end=\"390\" \/>\n<h2 data-start=\"602\" data-end=\"638\"><strong data-start=\"605\" data-end=\"638\">Profissionais \/ Colaboradores<\/strong><\/h2>\n<p data-start=\"640\" data-end=\"725\"><strong data-start=\"640\" data-end=\"674\">ADRIANE BORDA ALMEIDA DA SILVA<\/strong><br data-start=\"674\" data-end=\"677\" \/>Profa. Dra. Arq. \u2013 GEGRADI\/PROGRAU\/FAURB\/UFPel<\/p>\n<p data-start=\"727\" data-end=\"805\"><strong data-start=\"727\" data-end=\"757\">ALINE MONTAGNA DA SILVEIRA<\/strong><br data-start=\"757\" data-end=\"760\" \/>Profa. Dra. Arq. \u2013 NEAB\/PROGRAU\/FAURB\/UFPel<\/p>\n<p data-start=\"807\" data-end=\"871\"><strong data-start=\"807\" data-end=\"831\">ANDERSON PIRES AIRES<\/strong><br data-start=\"831\" data-end=\"834\" \/>Me. Arq. \u2013 NEAB\/PROGRAU\/FAURB\/UFPel<\/p>\n<p data-start=\"873\" data-end=\"917\"><strong data-start=\"873\" data-end=\"898\">ANT\u00d4NIO SOUKEF J\u00daNIOR<\/strong><br data-start=\"898\" data-end=\"901\" \/>Prof. Dr. Arq.<\/p>\n<p data-start=\"919\" data-end=\"1011\"><strong data-start=\"919\" data-end=\"948\">C\u00cdNTIA GRUPPELLI DA SILVA<\/strong><br data-start=\"948\" data-end=\"951\" \/>T\u00e9c. Adm. Dra. em Educa\u00e7\u00e3o Ambiental \u2013 GEGRADI\/FAURB\/UFPel<\/p>\n<p data-start=\"1013\" data-end=\"1095\"><strong data-start=\"1013\" data-end=\"1047\">CLAUDIA ANAH\u00cd AGUILERA LARROSA<\/strong><br data-start=\"1047\" data-end=\"1050\" \/>Profa. Ma. Arq. \u2013 NAI\/NEPHIC\/IFSUL\/Jaguar\u00e3o<\/p>\n<p data-start=\"1097\" data-end=\"1161\"><strong data-start=\"1097\" data-end=\"1116\">CRISTIANE NUNES<\/strong><br data-start=\"1116\" data-end=\"1119\" \/>T\u00e9c. Adm. Ma. Arq. \u2013 GEGRADI\/FAURB\/UFPel<\/p>\n<p data-start=\"1163\" data-end=\"1247\"><strong data-start=\"1163\" data-end=\"1190\">DARLAN DE MAMANN MARCHI<\/strong><br data-start=\"1190\" data-end=\"1193\" \/>P\u00f3s-doutorando \u2013 PROGRAU\/FAURB<br data-start=\"1223\" data-end=\"1226\" \/>Bolsista PIPD\/CAPES<\/p>\n<p data-start=\"1249\" data-end=\"1303\"><strong data-start=\"1249\" data-end=\"1273\">GABRIELA WREGE PARRA<\/strong><br data-start=\"1273\" data-end=\"1276\" \/>Arq. \u2013 LABCEE\/FAURB\/UFPel<\/p>\n<p data-start=\"1305\" data-end=\"1359\"><strong data-start=\"1305\" data-end=\"1322\">GISELA AMARAL<\/strong><br data-start=\"1322\" data-end=\"1325\" \/>Profa. Dra. Arq. \u2013 IFSUL\/Pelotas<\/p>\n<p data-start=\"1361\" data-end=\"1422\"><strong data-start=\"1361\" data-end=\"1379\">JULIANA TISSOT<\/strong><br data-start=\"1379\" data-end=\"1382\" \/>Profa. Dra. Arq. \u2013 PROGRAU\/FAURB\/UFPel<\/p>\n<p data-start=\"1424\" data-end=\"1483\"><strong data-start=\"1424\" data-end=\"1448\">KARINE CHALMES BRAGA<\/strong><br data-start=\"1448\" data-end=\"1451\" \/>Ma. Arq. \u2013 GEGRADI\/FAURB\/UFPel<\/p>\n<p data-start=\"1485\" data-end=\"1548\"><strong data-start=\"1485\" data-end=\"1515\">LAWRIEN OLIVEIRA DE FEITAS<\/strong><br data-start=\"1515\" data-end=\"1518\" \/>Licenciada em Teatro \u2013 UFPel<\/p>\n<p data-start=\"1550\" data-end=\"1604\"><strong data-start=\"1550\" data-end=\"1564\">LU\u00cdS FRANZ<\/strong><br data-start=\"1564\" data-end=\"1567\" \/>Prof. Dr. Eng. \u2013 PROGRAU\/CENG\/UFPel<\/p>\n<p data-start=\"1606\" data-end=\"1658\"><strong data-start=\"1606\" data-end=\"1639\">LUIZ ANT\u00d4NIO BOLCATO CUST\u00d3DIO<\/strong><br data-start=\"1639\" data-end=\"1642\" \/>Prof. Dr. Arq.<\/p>\n<p data-start=\"1660\" data-end=\"1716\"><strong data-start=\"1660\" data-end=\"1696\">MARIA MATILDE VILLEGAS JARAMILLO<\/strong><br data-start=\"1696\" data-end=\"1699\" \/>Profa. Ma. Arq.<\/p>\n<p data-start=\"1718\" data-end=\"1799\"><strong data-start=\"1718\" data-end=\"1748\">MARILICE BRETANHA SILVEIRA<\/strong><br data-start=\"1748\" data-end=\"1751\" \/>Profa. Dra. em Qu\u00edmica \u2013 NEPHIC\/IFSUL\/Jaguar\u00e3o<\/p>\n<p data-start=\"1801\" data-end=\"1911\"><strong data-start=\"1801\" data-end=\"1819\">RAFAEL ESLAB\u00c3O<\/strong><br data-start=\"1819\" data-end=\"1822\" \/>Acad\u00eamico de Design de Produto \u2013 Centro Universit\u00e1rio Leonardo da Vinci<br data-start=\"1893\" data-end=\"1896\" \/>GEGRADI\/UFPel<\/p>\n<p data-start=\"1913\" data-end=\"1975\"><strong data-start=\"1913\" data-end=\"1944\">SIMONE RASSMUSSEN NEUTZLING<\/strong><br data-start=\"1944\" data-end=\"1947\" \/>Dra. Arq. \u2013 PERENE\/Pelotas<\/p>\n<p data-start=\"1913\" data-end=\"1975\"><strong data-start=\"4995\" data-end=\"5022\">TALITA MARINI BRANDELLI<\/strong><br data-start=\"5022\" data-end=\"5025\" \/>Ma. Eng. Civil<\/p>\n<p data-start=\"1977\" data-end=\"2042\"><strong data-start=\"1977\" data-end=\"1999\">T\u00c1SSIA VASCONSELOS<\/strong><br data-start=\"1999\" data-end=\"2002\" \/>Profa. Dra. Arq. \u2013 GEGRADI\/FAURB\/UFPel<\/p>\n<p data-start=\"2044\" data-end=\"2093\"><strong data-start=\"2044\" data-end=\"2072\">VLADIMIR FERNANDO STELLO<\/strong><br data-start=\"2072\" data-end=\"2075\" \/>Dr. Arq. \u2013 IPHAN<\/p>\n<hr data-start=\"2095\" data-end=\"2098\" \/>\n<h2 data-start=\"2100\" data-end=\"2117\"><strong data-start=\"2103\" data-end=\"2117\">Estudantes<\/strong><\/h2>\n<p data-start=\"2119\" data-end=\"2197\"><strong data-start=\"2119\" data-end=\"2144\">ANDRESSA COSTA SOARES<\/strong><br data-start=\"2144\" data-end=\"2147\" \/>Estudante do Ensino M\u00e9dio Integrado de Edifica\u00e7\u00f5es\u00a0 \u2013 IFSUL\/Campus Jaguar\u00e3o<\/p>\n<p data-start=\"2297\" data-end=\"2374\"><strong data-start=\"2297\" data-end=\"2321\">DANIEL MENDES ARENCE<\/strong><br data-start=\"2321\" data-end=\"2324\" \/>Estudante do Ensino M\u00e9dio Integrado de Edifica\u00e7\u00f5es \u2013 IFSUL\/Campus Jaguar\u00e3o<\/p>\n<p data-start=\"2376\" data-end=\"2448\"><strong data-start=\"2376\" data-end=\"2393\">DENER MACHADO<\/strong><br data-start=\"2393\" data-end=\"2396\" \/>Graduando em Arquitetura e Urbanismo \u2013 FAURB\/UFPel<\/p>\n<p data-start=\"2450\" data-end=\"2531\"><strong data-start=\"2450\" data-end=\"2476\">DENILSON ROSA DA SILVA<\/strong><br data-start=\"2476\" data-end=\"2479\" \/>Graduando em Arquitetura e Urbanismo \u2013 FAURB\/UFPel<\/p>\n<p data-start=\"2533\" data-end=\"2607\"><strong data-start=\"2533\" data-end=\"2562\">EDEMAR DIAS XAVIER JUNIOR<\/strong><br data-start=\"2562\" data-end=\"2565\" \/>Doutorando \u2013 PAPIN\/GEGRADI\/PROGRAU\/FAURB<\/p>\n<p data-start=\"2609\" data-end=\"2688\"><strong data-start=\"2609\" data-end=\"2640\">EDIMILSON VIANNA DOS SANTOS<\/strong><br data-start=\"2640\" data-end=\"2643\" \/>Graduando em Conserva\u00e7\u00e3o e Restauro \u2013 UFPel<\/p>\n<p data-start=\"2690\" data-end=\"2769\"><strong data-start=\"2690\" data-end=\"2716\">EMILIANO TERRA MARTINS<\/strong><br data-start=\"2716\" data-end=\"2719\" \/>Estudante do Ensino M\u00e9dio Integrado de Edifica\u00e7\u00f5es \u2013 IFSUL\/Campus Jaguar\u00e3o<\/p>\n<p data-start=\"2771\" data-end=\"2847\"><strong data-start=\"2771\" data-end=\"2794\">FAIANE VIEIRA DUTRA<\/strong><br data-start=\"2794\" data-end=\"2797\" \/>Estudante do Ensino M\u00e9dio Integrado de Edifica\u00e7\u00f5es \u2013 IFSUL\/Campus Jaguar\u00e3o<\/p>\n<p data-start=\"2849\" data-end=\"2927\"><strong data-start=\"2849\" data-end=\"2874\">FERNANDO MENDES GODOY<\/strong><br data-start=\"2874\" data-end=\"2877\" \/>Estudante do Ensino M\u00e9dio Integrado de Edifica\u00e7\u00f5es \u2013 IFSUL\/Campus Jaguar\u00e3o<\/p>\n<p data-start=\"2929\" data-end=\"3007\"><strong data-start=\"2929\" data-end=\"2956\">FRANCIELE FRAGA PEREIRA<\/strong><br data-start=\"2956\" data-end=\"2959\" \/>Doutoranda \u2013 PAPIN<br data-start=\"2977\" data-end=\"2980\" \/>Arq. \u2013 NEAB\/PROGRAU\/FAURB<\/p>\n<p data-start=\"3009\" data-end=\"3094\"><strong data-start=\"3009\" data-end=\"3037\">GABRIEL MARTINS DA SILVA<\/strong><br data-start=\"3037\" data-end=\"3040\" \/>Mestrando em Arquitetura e Urbanismo \u2013 PROGRAU\/FAURB<\/p>\n<p data-start=\"3096\" data-end=\"3169\"><strong data-start=\"3096\" data-end=\"3122\">GUSTAVO SOUZA DE PAIVA<\/strong><br data-start=\"3122\" data-end=\"3125\" \/>Graduando em Engenharia Civil \u2013 CENG\/UFPel<\/p>\n<p data-start=\"3171\" data-end=\"3264\"><strong data-start=\"3171\" data-end=\"3202\">HELENA BULLOZA TRIGO PASSOS<\/strong><br data-start=\"3202\" data-end=\"3205\" \/>Mestranda em Arquitetura e Urbanismo \u2013 NEAB\/PROGRAU\/FAURB<\/p>\n<p data-start=\"3266\" data-end=\"3367\"><strong data-start=\"3266\" data-end=\"3307\">HELENA INSAURRIAGA PATZOLD DOS SANTOS<\/strong><br data-start=\"3307\" data-end=\"3310\" \/>Arq. \u2013 Aluna Especial do Mestrado<br data-start=\"3343\" data-end=\"3346\" \/>PROGRAU\/FAURB\/UFPel<\/p>\n<p data-start=\"3369\" data-end=\"3432\"><strong data-start=\"3369\" data-end=\"3394\">HENRIQUE DA ROSA DIAS<\/strong><br data-start=\"3394\" data-end=\"3397\" \/>Graduando em Design \u2013 CEART\/UFPel<\/p>\n<p data-start=\"3434\" data-end=\"3510\"><strong data-start=\"3434\" data-end=\"3450\">IARA GIROLDO<\/strong><br data-start=\"3450\" data-end=\"3453\" \/>Graduanda em Arquitetura e Urbanismo \u2013 NEAB\/FAURB\/UFPel<\/p>\n<p data-start=\"3512\" data-end=\"3581\"><strong data-start=\"3512\" data-end=\"3538\">ISADORA BAPTISTA ALVES<\/strong><br data-start=\"3538\" data-end=\"3541\" \/>Doutoranda \u2013 PAPIN<br data-start=\"3559\" data-end=\"3562\" \/>Arq. \u2013 NEAB\/FAURB<\/p>\n<p data-start=\"3583\" data-end=\"3673\"><strong data-start=\"3583\" data-end=\"3620\">JENNIFER ALEJANDRA S\u00daAREZ TAB\u00c1REZ<\/strong><br data-start=\"3620\" data-end=\"3623\" \/>Estudante do Ensino M\u00e9dio Integrado de Edifica\u00e7\u00f5es \u2013 IFSUL\/Campus Jaguar\u00e3o<\/p>\n<p data-start=\"3675\" data-end=\"3779\"><strong data-start=\"3675\" data-end=\"3712\">JOSEF AUGUSTO OBERDAN SOUZA SILVA<\/strong><br data-start=\"3712\" data-end=\"3715\" \/>Doutorando \u2013 PAPIN<br data-start=\"3733\" data-end=\"3736\" \/>Ci\u00eancia da Computa\u00e7\u00e3o \u2013 PPGC\/CdeTEC\/UFPel<\/p>\n<p data-start=\"3781\" data-end=\"3851\"><strong data-start=\"3781\" data-end=\"3796\">J\u00daLIA LOPES<\/strong><br data-start=\"3796\" data-end=\"3799\" \/>Graduanda em Arquitetura e Urbanismo \u2013 FAURB\/UFPel<\/p>\n<p data-start=\"3853\" data-end=\"3933\"><strong data-start=\"3853\" data-end=\"3880\">LAURA DE CARDOZO XAVIER<\/strong><br data-start=\"3880\" data-end=\"3883\" \/>Estudante do Ensino M\u00e9dio Integrado de Edifica\u00e7\u00f5es \u2013 IFSUL\/Campus Jaguar\u00e3o<\/p>\n<p data-start=\"3935\" data-end=\"4020\"><strong data-start=\"3935\" data-end=\"3967\">L\u00cdVYA LAPSCHIES MATTOS CUNHA<\/strong><br data-start=\"3967\" data-end=\"3970\" \/>Graduanda em Edifica\u00e7\u00f5es \u2013 IFSUL\/Campus Jaguar\u00e3o<\/p>\n<p data-start=\"4022\" data-end=\"4096\"><strong data-start=\"4022\" data-end=\"4039\">LUAN HARTMANN<\/strong><br data-start=\"4039\" data-end=\"4042\" \/>Graduando em Arquitetura e Urbanismo \u2013 GEGRADI\/FAURB<\/p>\n<p data-start=\"4098\" data-end=\"4189\"><strong data-start=\"4098\" data-end=\"4124\">LUCIANE ANDREOLA BEBER<\/strong><br data-start=\"4124\" data-end=\"4127\" \/>Doutoranda em Arquitetura e Urbanismo \u2013 LABCEE\/PROGRAU\/FAURB<\/p>\n<p data-start=\"4191\" data-end=\"4277\"><strong data-start=\"4191\" data-end=\"4215\">MARCELA DA ROSA DIAS<\/strong><br data-start=\"4215\" data-end=\"4218\" \/>Mestranda em Arquitetura e Urbanismo \u2013 NEAB\/PROGRAU\/FAURB<\/p>\n<p data-start=\"4279\" data-end=\"4352\"><strong data-start=\"4279\" data-end=\"4297\">MARCELA MENDES<\/strong><br data-start=\"4297\" data-end=\"4300\" \/>Graduanda em Arquitetura e Urbanismo \u2013 FAURB\/UFPel<\/p>\n<p data-start=\"4354\" data-end=\"4435\"><strong data-start=\"4354\" data-end=\"4380\">MARIANA OLIVEIRA WILKE<\/strong><br data-start=\"4380\" data-end=\"4383\" \/>Graduanda em Arquitetura e Urbanismo \u2013 FAURB\/UFPel<\/p>\n<p data-start=\"4437\" data-end=\"4515\"><strong data-start=\"4437\" data-end=\"4460\">MATHEUS RENAN LOPES<\/strong><br data-start=\"4460\" data-end=\"4463\" \/>Graduando em Arquitetura e Urbanismo \u2013 FAURB\/UFPel<\/p>\n<p data-start=\"4517\" data-end=\"4569\"><strong data-start=\"4517\" data-end=\"4533\">M\u00d4NICA VEIGA<\/strong><br data-start=\"4533\" data-end=\"4536\" \/>Mestranda \u2013 PROGRAU\/FAURB\/UFPel<\/p>\n<p data-start=\"4571\" data-end=\"4647\"><strong data-start=\"4571\" data-end=\"4592\">NATALIN PUCINELLI<\/strong><br data-start=\"4592\" data-end=\"4595\" \/>Graduanda em Arquitetura e Urbanismo \u2013 FAURB\/UFPel<\/p>\n<p data-start=\"4649\" data-end=\"4735\"><strong data-start=\"4649\" data-end=\"4680\">NATHANIELI PEREIRA SILVEIRA<\/strong><br data-start=\"4680\" data-end=\"4683\" \/>Graduanda em Arquitetura e Urbanismo \u2013 FAURB\/UFPel<\/p>\n<p data-start=\"4737\" data-end=\"4815\"><strong data-start=\"4737\" data-end=\"4758\">OT\u00c1VIO NUNES DIAS<\/strong><br data-start=\"4758\" data-end=\"4761\" \/>Graduando em Arquitetura e Urbanismo \u2013 GEGRADI\/FAURB<\/p>\n<p data-start=\"4817\" data-end=\"4898\"><strong data-start=\"4817\" data-end=\"4843\">PEDRO BOSQUETTI SANTOS<\/strong><br data-start=\"4843\" data-end=\"4846\" \/>Graduando em Arquitetura e Urbanismo \u2013 FAURB\/UFPel<\/p>\n<p data-start=\"4900\" data-end=\"4993\"><strong data-start=\"4900\" data-end=\"4928\">SAMANTA QUEVEDO DA SILVA<\/strong><br data-start=\"4928\" data-end=\"4931\" \/>Mestranda em Arquitetura e Urbanismo \u2013 GEGRADI\/PROGRAU\/FAURB<\/p>\n<p data-start=\"5060\" data-end=\"5146\"><strong data-start=\"5060\" data-end=\"5086\">VANESSA CHAPPER EHLERS<\/strong><br data-start=\"5086\" data-end=\"5089\" \/>Arq. \u2013 Aluna Especial do Mestrado &#8211; PROGRAU\/FAURB\/UFPel<\/p>\n<p data-start=\"5148\" data-end=\"5230\"><strong data-start=\"5148\" data-end=\"5175\">VER\u00d4NICA PETER DA CUNHA<\/strong><br data-start=\"5175\" data-end=\"5178\" \/>Graduanda em Arquitetura e Urbanismo \u2013 FAURB\/UFPel<\/p>\n<hr data-start=\"387\" data-end=\"390\" \/>\n<p style=\"text-align: left;\"><strong>Art\u00edfices &#8211; Formadores<\/strong><\/p>\n<p style=\"text-align: left;\">PAULO AMAURI DE SOUZA &#8211; IPHAN\/Miss\u00f5es<\/p>\n<p style=\"text-align: left;\">VALDEMAR RIBAS MAYER &#8211; IPHAN\/Miss\u00f5es<\/p>\n<p style=\"text-align: left;\">ADELAR DE OLIVEIRA LEITE &#8211; IPHAN\/Miss\u00f5es<\/p>\n<p style=\"text-align: left;\">LUIZ CARLOS FERREIRA DE MENEZES &#8211; IPHAN\/Miss\u00f5es<\/p>\n<hr data-start=\"387\" data-end=\"390\" \/>\n<p style=\"text-align: left;\"><strong>Art\u00edfices &#8211; Formandos<\/strong><\/p>\n<p style=\"text-align: left;\">BATISTA FREITAS DA SILVA &#8211; S\u00e3o Miguel das Miss\u00f5es<\/p>\n<p style=\"text-align: left;\">DIEGO DE MOURA LEITE\u2013 S\u00e3o Miguel das Miss\u00f5es<\/p>\n<p style=\"text-align: left;\">ELOI PEREIRA DA SILVA \u2013 Entre-Iju\u00eds<\/p>\n<p style=\"text-align: left;\">GUSTAVO VINICIUS PIOYTOWSKI DA SILVA &#8211; S\u00e3o Miguel das Miss\u00f5es<\/p>\n<p style=\"text-align: left;\">IVAN DA SILVA MULLICH &#8211; S\u00e3o Miguel das Miss\u00f5es<\/p>\n<p style=\"text-align: left;\">JONATHAN VEIGA MULLICH \u2013 S\u00e3o Miguel das Miss\u00f5es<\/p>\n<p style=\"text-align: left;\">JOS\u00c9 ALCERI ORTA\u00c7A DO PRADO\u2013 S\u00e3o Nicolau<\/p>\n<p style=\"text-align: left;\">LEANDRO LOUREN\u00c7O BUENO RAUZER- S\u00e3o Miguel das Miss\u00f5es<\/p>\n<p style=\"text-align: left;\">LUIS GABRIEL RODRIGUES ROHRING &#8211; S\u00e3o Miguel das Miss\u00f5es<\/p>\n<p style=\"text-align: left;\">LUIZ CEZAR RODRIGUES DA SILVA &#8211; S\u00e3o Miguel das Miss\u00f5es<\/p>\n<p style=\"text-align: left;\">MAICON DAS CHAGAS MORO \u2013 S\u00e3o Miguel das Miss\u00f5es<\/p>\n<p style=\"text-align: left;\">PAULO DE MOURA PAV\u00c3O &#8211; S\u00e3o Miguel das Miss\u00f5es<\/p>\n<p style=\"text-align: left;\">PAULO DEVES &#8211; S\u00e3o Miguel das Miss\u00f5es<\/p>\n<p style=\"text-align: left;\">WILLIAN DA SILVA AJALA \u2013 S\u00e3o Nicolau<\/p>\n","protected":false},"excerpt":{"rendered":"<p>Coordena\u00e7\u00e3o Geral ISABELA FERNANDES ANDRADE FRANCOProfa. Dra. Arq. \u2013 CENG e PROGRAU\/FAURB\/UFPel Coordena\u00e7\u00e3o Adjunta EDUARDO GRALA DA CUNHAProf. Dr. Arq. \u2013 LABCEE\/PROGRAU\/FAURB\/UFPel Apoio Administrativo CAROLINA DE MESQUITA DUARTEDoutoranda em Arquitetura e Urbanismo \u2013 LABCEE\/PROGRAU\/FAURB Profissionais \/ Colaboradores ADRIANE BORDA ALMEIDA DA SILVAProfa. Dra. Arq. \u2013 GEGRADI\/PROGRAU\/FAURB\/UFPel ALINE MONTAGNA DA SILVEIRAProfa. Dra. Arq. \u2013 NEAB\/PROGRAU\/FAURB\/UFPel ANDERSON [&hellip;]<\/p>\n","protected":false},"author":1358,"featured_media":0,"parent":0,"menu_order":0,"comment_status":"closed","ping_status":"closed","template":"","meta":{"footnotes":""},"class_list":["post-34","page","type-page","status-publish","hentry","post"],"_links":{"self":[{"href":"https:\/\/wp.ufpel.edu.br\/saberesdasmissoes\/wp-json\/wp\/v2\/pages\/34","targetHints":{"allow":["GET"]}}],"collection":[{"href":"https:\/\/wp.ufpel.edu.br\/saberesdasmissoes\/wp-json\/wp\/v2\/pages"}],"about":[{"href":"https:\/\/wp.ufpel.edu.br\/saberesdasmissoes\/wp-json\/wp\/v2\/types\/page"}],"author":[{"embeddable":true,"href":"https:\/\/wp.ufpel.edu.br\/saberesdasmissoes\/wp-json\/wp\/v2\/users\/1358"}],"replies":[{"embeddable":true,"href":"https:\/\/wp.ufpel.edu.br\/saberesdasmissoes\/wp-json\/wp\/v2\/comments?post=34"}],"version-history":[{"count":5,"href":"https:\/\/wp.ufpel.edu.br\/saberesdasmissoes\/wp-json\/wp\/v2\/pages\/34\/revisions"}],"predecessor-version":[{"id":933,"href":"https:\/\/wp.ufpel.edu.br\/saberesdasmissoes\/wp-json\/wp\/v2\/pages\/34\/revisions\/933"}],"wp:attachment":[{"href":"https:\/\/wp.ufpel.edu.br\/saberesdasmissoes\/wp-json\/wp\/v2\/media?parent=34"}],"curies":[{"name":"wp","href":"https:\/\/api.w.org\/{rel}","templated":true}]}}