{"id":134,"date":"2025-07-15T17:59:06","date_gmt":"2025-07-15T20:59:06","guid":{"rendered":"https:\/\/wp.ufpel.edu.br\/saberesdasmissoes\/?page_id=134"},"modified":"2026-01-14T17:31:34","modified_gmt":"2026-01-14T20:31:34","slug":"sao-miguel-arcanjo","status":"publish","type":"page","link":"https:\/\/wp.ufpel.edu.br\/saberesdasmissoes\/sao-miguel-arcanjo\/","title":{"rendered":"S\u00e3o Miguel Arcanjo"},"content":{"rendered":"<div id=\"pl-134\" class=\"panel-layout\">\n<div id=\"pg-134-0\" class=\"panel-grid panel-no-style\">\n<div id=\"pgc-134-0-0\" class=\"panel-grid-cell\" data-weight=\"1\">\n<div id=\"panel-134-0-0-0\" class=\"so-panel widget widget_sow-editor panel-first-child panel-last-child\" data-index=\"0\" data-style=\"{&quot;background_image_attachment&quot;:false,&quot;background_display&quot;:&quot;tile&quot;,&quot;background_image_size&quot;:&quot;full&quot;,&quot;background_image_opacity&quot;:&quot;100&quot;,&quot;border_thickness&quot;:&quot;1px&quot;}\">\n<div class=\"so-widget-sow-editor so-widget-sow-editor-base\">\n<div class=\"siteorigin-widget-tinymce textwidget\">\n<p>A Redu\u00e7\u00e3o de S\u00e3o Miguel Arcanjo foi criada em 1632, mas devido aos ataques de bandeirantes em busca de nativos missioneiros para escravizar obrigou, em 1640, o deslocamento das popula\u00e7\u00f5es para o outro lado do Rio Uruguai. Pouco a pouco, eles come\u00e7aram a retornar e, em 1687, S\u00e3o Miguel se reestruturou nas proximidades do Rio Piratini e sua popula\u00e7\u00e3o chegou a sete mil ind\u00edgenas.<\/p>\n<p>O centro da Redu\u00e7\u00e3o era a grande pra\u00e7a com a igreja, onde se cruzavam as duas ruas principais. De um lado, estavam as edifica\u00e7\u00f5es dos padres, cercadas por muros. As vi\u00favas e \u00f3rf\u00e3s viviam no Cotigua\u00e7u e os forasteiros eram hospedados no Tambo. Nos demais lados, as casas dos ind\u00edgenas, pavilh\u00f5es de habita\u00e7\u00e3o coletiva cercados por galerias, com um c\u00f4modo por fam\u00edlia. No entorno, outros equipamentos, planta\u00e7\u00f5es e fontes para abastecimento de \u00e1gua. Eram administradas por dois padres, um para assuntos espirituais e outro para temporais, apoiados no Conselho de Caciques que integravam o Cabildo.<\/p>\n<div id=\"attachment_438\" class=\"wp-caption alignnone\" style=\"width: 270px;\">\n<p><img loading=\"lazy\" decoding=\"async\" class=\"wp-image-438 size-full\" src=\"https:\/\/wp.ufpel.edu.br\/saberesdasmissoes\/files\/2026\/01\/Sino.png\" alt=\"\" width=\"260\" height=\"384\" aria-describedby=\"caption-attachment-438\" \/><\/p>\n<p id=\"caption-attachment-438\" class=\"wp-caption-text\">Sino<\/p>\n<\/div>\n<div id=\"attachment_432\" class=\"wp-caption alignnone\" style=\"width: 410px;\">\n<div class=\"mceTemp\"><\/div>\n<div id=\"attachment_432\" style=\"width: 410px\" class=\"wp-caption alignnone\"><img loading=\"lazy\" decoding=\"async\" aria-describedby=\"caption-attachment-432\" class=\"size-medium wp-image-432\" src=\"https:\/\/wp.ufpel.edu.br\/saberesdasmissoes\/files\/2026\/01\/Bacia-da-Fonte-Missioneira-e1768419168329-400x254.png\" alt=\"\" width=\"400\" height=\"254\" srcset=\"https:\/\/wp.ufpel.edu.br\/saberesdasmissoes\/files\/2026\/01\/Bacia-da-Fonte-Missioneira-e1768419168329-400x254.png 400w, https:\/\/wp.ufpel.edu.br\/saberesdasmissoes\/files\/2026\/01\/Bacia-da-Fonte-Missioneira-e1768419168329.png 566w\" sizes=\"auto, (max-width: 400px) 100vw, 400px\" \/><p id=\"caption-attachment-432\" class=\"wp-caption-text\">Bacia da Fonte Missioneira (M\u00aa Matilde Villegas J., 1992)<\/p><\/div>\n<p>&nbsp;<\/p>\n<\/div>\n<div id=\"attachment_436\" class=\"wp-caption alignnone\" style=\"width: 271px;\">\n<p><img loading=\"lazy\" decoding=\"async\" class=\"size-medium wp-image-436\" src=\"https:\/\/wp.ufpel.edu.br\/saberesdasmissoes\/files\/2026\/01\/Mapa-S.-Miguel-261x400.png\" alt=\"\" width=\"261\" height=\"400\" aria-describedby=\"caption-attachment-436\" srcset=\"https:\/\/wp.ufpel.edu.br\/saberesdasmissoes\/files\/2026\/01\/Mapa-S.-Miguel-261x400.png 261w, https:\/\/wp.ufpel.edu.br\/saberesdasmissoes\/files\/2026\/01\/Mapa-S.-Miguel.png 318w\" sizes=\"auto, (max-width: 261px) 100vw, 261px\" \/><\/p>\n<p id=\"caption-attachment-436\" class=\"wp-caption-text\">\u201cMissi\u00f3 de S. Migl.\u201d<br \/>\nBiblioteca Nacional, Rio de Janeiro. Arquivo IPHAN<\/p>\n<\/div>\n<div id=\"attachment_433\" class=\"wp-caption alignnone\" style=\"width: 410px;\">\n<p><img loading=\"lazy\" decoding=\"async\" class=\"size-medium wp-image-433\" src=\"https:\/\/wp.ufpel.edu.br\/saberesdasmissoes\/files\/2026\/01\/Vista-da-igreja-Ruinas-400x225.jpg\" alt=\"\" width=\"400\" height=\"225\" aria-describedby=\"caption-attachment-433\" srcset=\"https:\/\/wp.ufpel.edu.br\/saberesdasmissoes\/files\/2026\/01\/Vista-da-igreja-Ruinas-400x225.jpg 400w, https:\/\/wp.ufpel.edu.br\/saberesdasmissoes\/files\/2026\/01\/Vista-da-igreja-Ruinas.jpg 558w\" sizes=\"auto, (max-width: 400px) 100vw, 400px\" \/><\/p>\n<p id=\"caption-attachment-433\" class=\"wp-caption-text\">Vista de la Iglesia de San Miguel en Ru\u00ednas, 1860 \u2013 Alfred Demersay. Arquivo Hist\u00f3rico do Itamaraty, Rio de Janeiro.<\/p>\n<\/div>\n<div id=\"attachment_437\" class=\"wp-caption alignnone\" style=\"width: 295px;\">\n<p><img loading=\"lazy\" decoding=\"async\" class=\"size-medium wp-image-437\" src=\"https:\/\/wp.ufpel.edu.br\/saberesdasmissoes\/files\/2026\/01\/portico-lateral-1982-285x400.jpg\" alt=\"\" width=\"285\" height=\"400\" aria-describedby=\"caption-attachment-437\" srcset=\"https:\/\/wp.ufpel.edu.br\/saberesdasmissoes\/files\/2026\/01\/portico-lateral-1982-285x400.jpg 285w, https:\/\/wp.ufpel.edu.br\/saberesdasmissoes\/files\/2026\/01\/portico-lateral-1982.jpg 571w\" sizes=\"auto, (max-width: 285px) 100vw, 285px\" \/><\/p>\n<p id=\"caption-attachment-437\" class=\"wp-caption-text\">S\u00e3o Miguel Arcanjo, vista do p\u00f3rtico lateral oeste, 1892. (Arquivo Noronha Santos)<\/p>\n<\/div>\n<p><strong>Igreja <\/strong><\/p>\n<p>A igreja foi constru\u00edda entre 1735 e 1745, com as paredes em pedra arenito. Os forros em madeira e as coberturas com telhas cer\u00e2micas. O padre espanhol Francisco de Rivera (1668 \u2013 1747) iniciou a obra pela sacristia e capela-mor. O arquiteto milan\u00eas Giovanni Battista Primoli (1673-1747) construiu a nave, a frontaria e a torre, em estilo barroco. O catal\u00e3o Jos\u00e9 C. Grimau (1718-1746) construiu o p\u00f3rtico.<\/p>\n<p><img loading=\"lazy\" decoding=\"async\" class=\"alignnone size-medium wp-image-439\" src=\"https:\/\/wp.ufpel.edu.br\/saberesdasmissoes\/files\/2026\/01\/Infografico-Fachada-e1768420931292-400x238.png\" alt=\"\" width=\"400\" height=\"238\" srcset=\"https:\/\/wp.ufpel.edu.br\/saberesdasmissoes\/files\/2026\/01\/Infografico-Fachada-e1768420931292-400x238.png 400w, https:\/\/wp.ufpel.edu.br\/saberesdasmissoes\/files\/2026\/01\/Infografico-Fachada-e1768420931292-1024x610.png 1024w, https:\/\/wp.ufpel.edu.br\/saberesdasmissoes\/files\/2026\/01\/Infografico-Fachada-e1768420931292-768x457.png 768w, https:\/\/wp.ufpel.edu.br\/saberesdasmissoes\/files\/2026\/01\/Infografico-Fachada-e1768420931292.png 1103w\" sizes=\"auto, (max-width: 400px) 100vw, 400px\" \/><\/p>\n<div id=\"attachment_440\" class=\"wp-caption alignnone\" style=\"width: 410px;\">\n<p><img loading=\"lazy\" decoding=\"async\" class=\"size-medium wp-image-440\" src=\"https:\/\/wp.ufpel.edu.br\/saberesdasmissoes\/files\/2026\/01\/Vista-Frontal-e1768420895236-400x296.png\" alt=\"\" width=\"400\" height=\"296\" aria-describedby=\"caption-attachment-440\" srcset=\"https:\/\/wp.ufpel.edu.br\/saberesdasmissoes\/files\/2026\/01\/Vista-Frontal-e1768420895236-400x296.png 400w, https:\/\/wp.ufpel.edu.br\/saberesdasmissoes\/files\/2026\/01\/Vista-Frontal-e1768420895236-768x567.png 768w, https:\/\/wp.ufpel.edu.br\/saberesdasmissoes\/files\/2026\/01\/Vista-Frontal-e1768420895236.png 938w\" sizes=\"auto, (max-width: 400px) 100vw, 400px\" \/><\/p>\n<p id=\"caption-attachment-440\" class=\"wp-caption-text\">Vista y Elavaci\u00f3n de la Yglesia del Pueblo de San Miguel da las Misiones del Uruguay<br \/>\nJos\u00e9 Maria Cabrer. Arquivo do IPHAN.<\/p>\n<\/div>\n<p><strong>Reconhecimento <\/strong><\/p>\n<p>&#8211; 1915 &#8211; declarado Lugar Hist\u00f3rico pelo Regulamento de Terras &#8211; Governo do Estado do RS.<\/p>\n<p>&#8211; 1938 &#8211; tombado como Patrim\u00f4nio Nacional &#8211; SPHAN.<\/p>\n<p>&#8211; 1983 &#8211; declarado Patrim\u00f4nio Mundial &#8211; UNESCO.<\/p>\n<p>&#8211; 2014 &#8211; registrado Patrim\u00f4nio Imaterial &#8211; <em>Tava,<\/em> lugar de refer\u00eancia para os Guarani &#8211; IPHAN.<\/p>\n<p>&#8211; 2015 &#8211; declarado Patrim\u00f4nio Cultural \u2013 MERCOSUL.<\/p>\n<div id=\"attachment_441\" style=\"width: 101px\" class=\"wp-caption alignnone\"><img loading=\"lazy\" decoding=\"async\" aria-describedby=\"caption-attachment-441\" class=\"size-full wp-image-441\" src=\"https:\/\/wp.ufpel.edu.br\/saberesdasmissoes\/files\/2026\/01\/cruz-e1768421671221.png\" alt=\"\" width=\"91\" height=\"197\" \/><p id=\"caption-attachment-441\" class=\"wp-caption-text\">Cruz Missioneira<\/p><\/div>\n<div id=\"attachment_443\" style=\"width: 410px\" class=\"wp-caption alignnone\"><img loading=\"lazy\" decoding=\"async\" aria-describedby=\"caption-attachment-443\" class=\"size-medium wp-image-443\" src=\"https:\/\/wp.ufpel.edu.br\/saberesdasmissoes\/files\/2026\/01\/museu-das-missoes-e1768421784505-400x142.png\" alt=\"\" width=\"400\" height=\"142\" srcset=\"https:\/\/wp.ufpel.edu.br\/saberesdasmissoes\/files\/2026\/01\/museu-das-missoes-e1768421784505-400x142.png 400w, https:\/\/wp.ufpel.edu.br\/saberesdasmissoes\/files\/2026\/01\/museu-das-missoes-e1768421784505.png 471w\" sizes=\"auto, (max-width: 400px) 100vw, 400px\" \/><p id=\"caption-attachment-443\" class=\"wp-caption-text\">Museu das Miss\u00f5es<\/p><\/div>\n<div id=\"attachment_449\" style=\"width: 361px\" class=\"wp-caption alignnone\"><img loading=\"lazy\" decoding=\"async\" aria-describedby=\"caption-attachment-449\" class=\"size-full wp-image-449\" src=\"https:\/\/wp.ufpel.edu.br\/saberesdasmissoes\/files\/2026\/01\/igreja-de-sao-miguel.png\" alt=\"\" width=\"351\" height=\"124\" \/><p id=\"caption-attachment-449\" class=\"wp-caption-text\">Igreja de S\u00e3o Miguel Arcanjo<\/p><\/div>\n<div id=\"attachment_448\" style=\"width: 197px\" class=\"wp-caption alignnone\"><img loading=\"lazy\" decoding=\"async\" aria-describedby=\"caption-attachment-448\" class=\"size-full wp-image-448\" src=\"https:\/\/wp.ufpel.edu.br\/saberesdasmissoes\/files\/2026\/01\/detalhe-portico.png\" alt=\"\" width=\"187\" height=\"123\" \/><p id=\"caption-attachment-448\" class=\"wp-caption-text\">Detalhe do P\u00f3rtico da Igreja de S\u00e3o Miguel<\/p><\/div>\n<div id=\"attachment_447\" style=\"width: 199px\" class=\"wp-caption alignnone\"><img loading=\"lazy\" decoding=\"async\" aria-describedby=\"caption-attachment-447\" class=\"wp-image-447 size-full\" src=\"https:\/\/wp.ufpel.edu.br\/saberesdasmissoes\/files\/2026\/01\/capitel-da-igreja-s-miguel.png\" alt=\"\" width=\"189\" height=\"125\" \/><p id=\"caption-attachment-447\" class=\"wp-caption-text\">Capitel da Igreja de S\u00e3o Miguel Arcanjo<\/p><\/div>\n<p>&nbsp;<\/p>\n<\/div>\n<\/div>\n<\/div>\n<\/div>\n<\/div>\n<\/div>\n","protected":false},"excerpt":{"rendered":"<p>A Redu\u00e7\u00e3o de S\u00e3o Miguel Arcanjo foi criada em 1632, mas devido aos ataques de bandeirantes em busca de nativos missioneiros para escravizar obrigou, em 1640, o deslocamento das popula\u00e7\u00f5es para o outro lado do Rio Uruguai. Pouco a pouco, eles come\u00e7aram a retornar e, em 1687, S\u00e3o Miguel se reestruturou nas proximidades do Rio [&hellip;]<\/p>\n","protected":false},"author":1358,"featured_media":0,"parent":0,"menu_order":0,"comment_status":"closed","ping_status":"closed","template":"","meta":{"footnotes":""},"class_list":["post-134","page","type-page","status-publish","hentry","post"],"_links":{"self":[{"href":"https:\/\/wp.ufpel.edu.br\/saberesdasmissoes\/wp-json\/wp\/v2\/pages\/134","targetHints":{"allow":["GET"]}}],"collection":[{"href":"https:\/\/wp.ufpel.edu.br\/saberesdasmissoes\/wp-json\/wp\/v2\/pages"}],"about":[{"href":"https:\/\/wp.ufpel.edu.br\/saberesdasmissoes\/wp-json\/wp\/v2\/types\/page"}],"author":[{"embeddable":true,"href":"https:\/\/wp.ufpel.edu.br\/saberesdasmissoes\/wp-json\/wp\/v2\/users\/1358"}],"replies":[{"embeddable":true,"href":"https:\/\/wp.ufpel.edu.br\/saberesdasmissoes\/wp-json\/wp\/v2\/comments?post=134"}],"version-history":[{"count":3,"href":"https:\/\/wp.ufpel.edu.br\/saberesdasmissoes\/wp-json\/wp\/v2\/pages\/134\/revisions"}],"predecessor-version":[{"id":455,"href":"https:\/\/wp.ufpel.edu.br\/saberesdasmissoes\/wp-json\/wp\/v2\/pages\/134\/revisions\/455"}],"wp:attachment":[{"href":"https:\/\/wp.ufpel.edu.br\/saberesdasmissoes\/wp-json\/wp\/v2\/media?parent=134"}],"curies":[{"name":"wp","href":"https:\/\/api.w.org\/{rel}","templated":true}]}}