{"id":131,"date":"2025-07-15T17:58:53","date_gmt":"2025-07-15T20:58:53","guid":{"rendered":"https:\/\/wp.ufpel.edu.br\/saberesdasmissoes\/?page_id=131"},"modified":"2026-01-14T18:43:45","modified_gmt":"2026-01-14T21:43:45","slug":"sao-joao-batista","status":"publish","type":"page","link":"https:\/\/wp.ufpel.edu.br\/saberesdasmissoes\/sitios\/sao-joao-batista\/","title":{"rendered":"S\u00e3o Jo\u00e3o Batista"},"content":{"rendered":"<p>Com o crescimento de S\u00e3o Miguel, os jesu\u00edtas decidiram dividir sua popula\u00e7\u00e3o. O padre Ant\u00f4nio Sepp foi encarregado de escolher outra \u00e1rea que tivesse bosques e \u00e1gua. Com os caciques, ele preparou e semeou a terra antes de trazer as fam\u00edlias em 1697. O lugar foi dividido em duas partes. De um lado da pra\u00e7a colocou a igreja e as depend\u00eancias dos padres. Nos outros, as casas dos ind\u00edgenas rodeadas por galerias. As duas ruas principais cruzavam o centro da pra\u00e7a.<\/p>\n<p>A igreja iniciada em 1708 era tipicamente missioneira. Estruturada por pilares de madeira que definiam a nave central e as laterais. As paredes em pedra itacuru, com partes em adobe (blocos de terra). Eram pintadas de branco e decoradas com desenhos e s\u00edmbolos religiosos. Algumas aberturas eram estruturadas com pedra arenito. S\u00e3o Jo\u00e3o tinha 2.832 habitantes em 1698 e 3.361 em 1707.<\/p>\n<p>As experi\u00eancias de Sepp est\u00e3o registradas em cartas enviadas ao seu irm\u00e3o, na Alemanha, que foram publicadas no livro \u201cViagem as Miss\u00f5es Jesu\u00edticas e Trabalhos Apost\u00f3licos\u201d. Em 1970 os remanescentes de S\u00e3o Jo\u00e3o Batista foram tombados pelo IPHAN.<\/p>\n<div id=\"attachment_485\" style=\"width: 410px\" class=\"wp-caption alignnone\"><img loading=\"lazy\" decoding=\"async\" aria-describedby=\"caption-attachment-485\" class=\"size-medium wp-image-485\" src=\"https:\/\/wp.ufpel.edu.br\/saberesdasmissoes\/files\/2026\/01\/1-Mapa-S.-Joao-e1768426340615-400x374.png\" alt=\"\" width=\"400\" height=\"374\" srcset=\"https:\/\/wp.ufpel.edu.br\/saberesdasmissoes\/files\/2026\/01\/1-Mapa-S.-Joao-e1768426340615-400x374.png 400w, https:\/\/wp.ufpel.edu.br\/saberesdasmissoes\/files\/2026\/01\/1-Mapa-S.-Joao-e1768426340615.png 448w\" sizes=\"auto, (max-width: 400px) 100vw, 400px\" \/><p id=\"caption-attachment-485\" class=\"wp-caption-text\">Plano de San Juan Bautista. Arquivo Geral de Simamncas, Espanha<\/p><\/div>\n<p>&nbsp;<\/p>\n<div id=\"attachment_483\" style=\"width: 410px\" class=\"wp-caption alignnone\"><img loading=\"lazy\" decoding=\"async\" aria-describedby=\"caption-attachment-483\" class=\"size-medium wp-image-483\" src=\"https:\/\/wp.ufpel.edu.br\/saberesdasmissoes\/files\/2026\/01\/2-Detalhe-Mapa-e1768426362416-400x143.png\" alt=\"\" width=\"400\" height=\"143\" srcset=\"https:\/\/wp.ufpel.edu.br\/saberesdasmissoes\/files\/2026\/01\/2-Detalhe-Mapa-e1768426362416-400x143.png 400w, https:\/\/wp.ufpel.edu.br\/saberesdasmissoes\/files\/2026\/01\/2-Detalhe-Mapa-e1768426362416.png 572w\" sizes=\"auto, (max-width: 400px) 100vw, 400px\" \/><p id=\"caption-attachment-483\" class=\"wp-caption-text\">Plano de San Juan Bautista \u2013 Detalhe da Igreja. Arquivo Geral de Simamncas, Espanha<\/p><\/div>\n<p>&nbsp;<\/p>\n<div id=\"attachment_484\" style=\"width: 410px\" class=\"wp-caption alignnone\"><img loading=\"lazy\" decoding=\"async\" aria-describedby=\"caption-attachment-484\" class=\"size-medium wp-image-484\" src=\"https:\/\/wp.ufpel.edu.br\/saberesdasmissoes\/files\/2026\/01\/3-Remanescentes-S-Joao-400x257.png\" alt=\"\" width=\"400\" height=\"257\" srcset=\"https:\/\/wp.ufpel.edu.br\/saberesdasmissoes\/files\/2026\/01\/3-Remanescentes-S-Joao-400x257.png 400w, https:\/\/wp.ufpel.edu.br\/saberesdasmissoes\/files\/2026\/01\/3-Remanescentes-S-Joao.png 576w\" sizes=\"auto, (max-width: 400px) 100vw, 400px\" \/><p id=\"caption-attachment-484\" class=\"wp-caption-text\">Remanescentes da Igreja de S\u00e3o Jo\u00e3o Batista<\/p><\/div>\n<p><strong>Metalurgia<\/strong><\/p>\n<p>O padre Sepp foi pioneiro na metalurgia das Miss\u00f5es. Utilizou a pedra itacuru (cupim) para extrair ferro e a\u00e7o, empregados em diferentes fun\u00e7\u00f5es. Em sua homenagem foi instalado um monumento em S\u00e3o Jo\u00e3o Batista.<\/p>\n<div id=\"attachment_486\" style=\"width: 362px\" class=\"wp-caption alignnone\"><img loading=\"lazy\" decoding=\"async\" aria-describedby=\"caption-attachment-486\" class=\"size-full wp-image-486\" src=\"https:\/\/wp.ufpel.edu.br\/saberesdasmissoes\/files\/2026\/01\/ferragem-e1768426427258.png\" alt=\"\" width=\"352\" height=\"265\" \/><p id=\"caption-attachment-486\" class=\"wp-caption-text\">Ferragem de uma porta da Igreja de S\u00e3o Jo\u00e3o Batista<\/p><\/div>\n<p><strong>Arqueologia <\/strong><\/p>\n<p>V\u00e1rias foram as pesquisas arqueol\u00f3gicas realizadas em S\u00e3o Jo\u00e3o Batista. Nos anos 1990, uma escava\u00e7\u00e3o no setor das casas dos ind\u00edgenas. Em 2003 e 2005, na igreja, uma atividade integrada de pesquisa e consolida\u00e7\u00e3o, onde foram encontrados os pisos, elementos met\u00e1licos das portas entre outros.<\/p>\n<div id=\"attachment_492\" style=\"width: 410px\" class=\"wp-caption alignnone\"><img loading=\"lazy\" decoding=\"async\" aria-describedby=\"caption-attachment-492\" class=\"size-medium wp-image-492\" src=\"https:\/\/wp.ufpel.edu.br\/saberesdasmissoes\/files\/2026\/01\/1-Remanescente-Igreja-e1768426672375-400x269.png\" alt=\"\" width=\"400\" height=\"269\" srcset=\"https:\/\/wp.ufpel.edu.br\/saberesdasmissoes\/files\/2026\/01\/1-Remanescente-Igreja-e1768426672375-400x269.png 400w, https:\/\/wp.ufpel.edu.br\/saberesdasmissoes\/files\/2026\/01\/1-Remanescente-Igreja-e1768426672375-272x182.png 272w, https:\/\/wp.ufpel.edu.br\/saberesdasmissoes\/files\/2026\/01\/1-Remanescente-Igreja-e1768426672375.png 621w\" sizes=\"auto, (max-width: 400px) 100vw, 400px\" \/><p id=\"caption-attachment-492\" class=\"wp-caption-text\">Remanescentes da Igreja de S\u00e3o Jo\u00e3o Batista<\/p><\/div>\n<p>&nbsp;<\/p>\n<div id=\"attachment_487\" style=\"width: 289px\" class=\"wp-caption alignnone\"><img loading=\"lazy\" decoding=\"async\" aria-describedby=\"caption-attachment-487\" class=\"size-medium wp-image-487\" src=\"https:\/\/wp.ufpel.edu.br\/saberesdasmissoes\/files\/2026\/01\/2-Escavacao-e1768426687391-279x400.png\" alt=\"\" width=\"279\" height=\"400\" srcset=\"https:\/\/wp.ufpel.edu.br\/saberesdasmissoes\/files\/2026\/01\/2-Escavacao-e1768426687391-279x400.png 279w, https:\/\/wp.ufpel.edu.br\/saberesdasmissoes\/files\/2026\/01\/2-Escavacao-e1768426687391.png 290w\" sizes=\"auto, (max-width: 279px) 100vw, 279px\" \/><p id=\"caption-attachment-487\" class=\"wp-caption-text\">Escava\u00e7\u00e3o arqueol\u00f3gica em um setor de casa dos ind\u00edgenas<\/p><\/div>\n<p>&nbsp;<\/p>\n<div id=\"attachment_488\" style=\"width: 608px\" class=\"wp-caption alignnone\"><img loading=\"lazy\" decoding=\"async\" aria-describedby=\"caption-attachment-488\" class=\" wp-image-488\" src=\"https:\/\/wp.ufpel.edu.br\/saberesdasmissoes\/files\/2026\/01\/3-Mapa-400x260.png\" alt=\"\" width=\"598\" height=\"389\" srcset=\"https:\/\/wp.ufpel.edu.br\/saberesdasmissoes\/files\/2026\/01\/3-Mapa-400x260.png 400w, https:\/\/wp.ufpel.edu.br\/saberesdasmissoes\/files\/2026\/01\/3-Mapa-1024x666.png 1024w, https:\/\/wp.ufpel.edu.br\/saberesdasmissoes\/files\/2026\/01\/3-Mapa-768x499.png 768w, https:\/\/wp.ufpel.edu.br\/saberesdasmissoes\/files\/2026\/01\/3-Mapa.png 1181w\" sizes=\"auto, (max-width: 598px) 100vw, 598px\" \/><p id=\"caption-attachment-488\" class=\"wp-caption-text\">Pueblo de San Juan que es uno de los del Uruguay que se intentan entregar a Portugal \u2013 1756<br \/>Biblioteca Nacional da Fran\u00e7a, Paris<\/p><\/div>\n<p>&nbsp;<\/p>\n<div id=\"attachment_495\" style=\"width: 121px\" class=\"wp-caption alignnone\"><img loading=\"lazy\" decoding=\"async\" aria-describedby=\"caption-attachment-495\" class=\"size-full wp-image-495\" src=\"https:\/\/wp.ufpel.edu.br\/saberesdasmissoes\/files\/2026\/01\/4-Escavacao-Piso.png\" alt=\"\" width=\"111\" height=\"151\" \/><p id=\"caption-attachment-495\" class=\"wp-caption-text\">Escava\u00e7\u00e3o arqueol\u00f3gica na igreja<\/p><\/div>\n<p>&nbsp;<\/p>\n<div id=\"attachment_493\" style=\"width: 230px\" class=\"wp-caption alignnone\"><img loading=\"lazy\" decoding=\"async\" aria-describedby=\"caption-attachment-493\" class=\"size-full wp-image-493\" src=\"https:\/\/wp.ufpel.edu.br\/saberesdasmissoes\/files\/2026\/01\/5-Vista-do-Cemiterio.png\" alt=\"\" width=\"220\" height=\"149\" \/><p id=\"caption-attachment-493\" class=\"wp-caption-text\">Vista do Cemit\u00e9rio<\/p><\/div>\n<p>&nbsp;<\/p>\n<div id=\"attachment_494\" style=\"width: 222px\" class=\"wp-caption alignnone\"><img loading=\"lazy\" decoding=\"async\" aria-describedby=\"caption-attachment-494\" class=\"size-full wp-image-494\" src=\"https:\/\/wp.ufpel.edu.br\/saberesdasmissoes\/files\/2026\/01\/6-Detalhe-Via-crucis.png\" alt=\"\" width=\"212\" height=\"148\" \/><p id=\"caption-attachment-494\" class=\"wp-caption-text\">Detalhe em baixo relevo da Via Crucis em uma parede da igreja<\/p><\/div>\n","protected":false},"excerpt":{"rendered":"<p>Com o crescimento de S\u00e3o Miguel, os jesu\u00edtas decidiram dividir sua popula\u00e7\u00e3o. O padre Ant\u00f4nio Sepp foi encarregado de escolher outra \u00e1rea que tivesse bosques e \u00e1gua. Com os caciques, ele preparou e semeou a terra antes de trazer as fam\u00edlias em 1697. O lugar foi dividido em duas partes. De um lado da pra\u00e7a [&hellip;]<\/p>\n","protected":false},"author":1358,"featured_media":0,"parent":35,"menu_order":0,"comment_status":"closed","ping_status":"closed","template":"","meta":{"footnotes":""},"class_list":["post-131","page","type-page","status-publish","hentry","post"],"_links":{"self":[{"href":"https:\/\/wp.ufpel.edu.br\/saberesdasmissoes\/wp-json\/wp\/v2\/pages\/131","targetHints":{"allow":["GET"]}}],"collection":[{"href":"https:\/\/wp.ufpel.edu.br\/saberesdasmissoes\/wp-json\/wp\/v2\/pages"}],"about":[{"href":"https:\/\/wp.ufpel.edu.br\/saberesdasmissoes\/wp-json\/wp\/v2\/types\/page"}],"author":[{"embeddable":true,"href":"https:\/\/wp.ufpel.edu.br\/saberesdasmissoes\/wp-json\/wp\/v2\/users\/1358"}],"replies":[{"embeddable":true,"href":"https:\/\/wp.ufpel.edu.br\/saberesdasmissoes\/wp-json\/wp\/v2\/comments?post=131"}],"version-history":[{"count":3,"href":"https:\/\/wp.ufpel.edu.br\/saberesdasmissoes\/wp-json\/wp\/v2\/pages\/131\/revisions"}],"predecessor-version":[{"id":496,"href":"https:\/\/wp.ufpel.edu.br\/saberesdasmissoes\/wp-json\/wp\/v2\/pages\/131\/revisions\/496"}],"up":[{"embeddable":true,"href":"https:\/\/wp.ufpel.edu.br\/saberesdasmissoes\/wp-json\/wp\/v2\/pages\/35"}],"wp:attachment":[{"href":"https:\/\/wp.ufpel.edu.br\/saberesdasmissoes\/wp-json\/wp\/v2\/media?parent=131"}],"curies":[{"name":"wp","href":"https:\/\/api.w.org\/{rel}","templated":true}]}}