{"id":128,"date":"2025-07-15T17:58:40","date_gmt":"2025-07-15T20:58:40","guid":{"rendered":"https:\/\/wp.ufpel.edu.br\/saberesdasmissoes\/?page_id=128"},"modified":"2026-01-14T20:42:29","modified_gmt":"2026-01-14T23:42:29","slug":"sao-lourenco-martir","status":"publish","type":"page","link":"https:\/\/wp.ufpel.edu.br\/saberesdasmissoes\/sitios\/sao-lourenco-martir\/","title":{"rendered":"S\u00e3o Louren\u00e7o M\u00e1rtir"},"content":{"rendered":"<p>A Miss\u00e3o de S\u00e3o Louren\u00e7o M\u00e1rtir foi fundada em 1690 pelo desmembramento de Santa Maria Maior, de onde vieram 3512 ind\u00edgenas catequizados, com o padre Bernardo de la Vega que organizou a povoa\u00e7\u00e3o. Localizou-se numa plan\u00edcie nas proximidades do arroio <em>Uruqua, <\/em><em>afluente do rio Iju\u00ed<\/em><em>, <\/em>entre as redu\u00e7\u00f5es de S\u00e3o Luiz Gonzaga e S\u00e3o Miguel Arcanjo.<\/p>\n<p>Destacou-se pela cria\u00e7\u00e3o de gado, cavalos e ovelhas, e na agricultura, com o cultivo da erva mate e ro\u00e7as de milho, mandioca e gr\u00e3os, plantadas pelas mulheres, pela tradi\u00e7\u00e3o guarani. Para aben\u00e7oar a produ\u00e7\u00e3o, os ind\u00edgenas ergueram uma capela para Santo Isidro, protetor das lavouras. Em 1691, S\u00e3o Louren\u00e7o contava com 3.512 habitantes e em 1731, ultrapassava a 6.400.<\/p>\n<div id=\"attachment_498\" style=\"width: 410px\" class=\"wp-caption alignnone\"><img loading=\"lazy\" decoding=\"async\" aria-describedby=\"caption-attachment-498\" class=\"size-medium wp-image-498\" src=\"https:\/\/wp.ufpel.edu.br\/saberesdasmissoes\/files\/2026\/01\/1-Planta-1-400x268.png\" alt=\"\" width=\"400\" height=\"268\" srcset=\"https:\/\/wp.ufpel.edu.br\/saberesdasmissoes\/files\/2026\/01\/1-Planta-1-400x268.png 400w, https:\/\/wp.ufpel.edu.br\/saberesdasmissoes\/files\/2026\/01\/1-Planta-1-768x514.png 768w, https:\/\/wp.ufpel.edu.br\/saberesdasmissoes\/files\/2026\/01\/1-Planta-1-272x182.png 272w, https:\/\/wp.ufpel.edu.br\/saberesdasmissoes\/files\/2026\/01\/1-Planta-1.png 972w\" sizes=\"auto, (max-width: 400px) 100vw, 400px\" \/><p id=\"caption-attachment-498\" class=\"wp-caption-text\">Plano de S\u00e3o Louren\u00e7o do Uruguai (1789), Jos\u00e9 Maria Cabrer \u2013 Arquivo do Itamaratry<\/p><\/div>\n<p>&nbsp;<\/p>\n<div id=\"attachment_500\" style=\"width: 201px\" class=\"wp-caption alignnone\"><img loading=\"lazy\" decoding=\"async\" aria-describedby=\"caption-attachment-500\" class=\"size-full wp-image-500\" src=\"https:\/\/wp.ufpel.edu.br\/saberesdasmissoes\/files\/2026\/01\/2-Erva-mate-e1768433343636.png\" alt=\"\" width=\"191\" height=\"275\" \/><p id=\"caption-attachment-500\" class=\"wp-caption-text\">Erva Mate- Ca\u00e1. Alfred Demersay, Arquivo Historico do Itamaraty<\/p><\/div>\n<p>&nbsp;<\/p>\n<div id=\"attachment_499\" style=\"width: 345px\" class=\"wp-caption alignnone\"><img loading=\"lazy\" decoding=\"async\" aria-describedby=\"caption-attachment-499\" class=\"size-full wp-image-499\" src=\"https:\/\/wp.ufpel.edu.br\/saberesdasmissoes\/files\/2026\/01\/3-Casa-dos-padres-e1768433364925.png\" alt=\"\" width=\"335\" height=\"214\" \/><p id=\"caption-attachment-499\" class=\"wp-caption-text\">Remanescentes da Casa dos Padres de S\u00e3o Louren\u00e7o M\u00e1rtir<\/p><\/div>\n<p>&nbsp;<\/p>\n<p><strong>Artes<\/strong><\/p>\n<p>S\u00e3o Louren\u00e7o tamb\u00e9m desenvolveu a produ\u00e7\u00e3o art\u00edstica: m\u00fasica, pintura e escultura. O pesquisador franc\u00eas <strong>Alfred Demersay<\/strong>, encarregado de descrever a hist\u00f3ria do Paraguai, passou por S\u00e3o Louren\u00e7o em 1845 e registrou o lavat\u00f3rio da sacristia que hoje se encontra no Museu das Miss\u00f5es, em S\u00e3o Miguel.<\/p>\n<div id=\"attachment_501\" style=\"width: 277px\" class=\"wp-caption alignnone\"><img loading=\"lazy\" decoding=\"async\" aria-describedby=\"caption-attachment-501\" class=\"size-medium wp-image-501\" src=\"https:\/\/wp.ufpel.edu.br\/saberesdasmissoes\/files\/2026\/01\/1-Lavatorio-Sacr-267x400.png\" alt=\"\" width=\"267\" height=\"400\" \/><p id=\"caption-attachment-501\" class=\"wp-caption-text\">Lavat\u00f3rio da Sacristia. Alfred Demersay, Arquivo Historico do Itamaraty<\/p><\/div>\n<p>&nbsp;<\/p>\n<div id=\"attachment_503\" style=\"width: 239px\" class=\"wp-caption alignnone\"><img loading=\"lazy\" decoding=\"async\" aria-describedby=\"caption-attachment-503\" class=\"size-full wp-image-503\" src=\"https:\/\/wp.ufpel.edu.br\/saberesdasmissoes\/files\/2026\/01\/2-Cruz-Miss.png\" alt=\"\" width=\"229\" height=\"319\" \/><p id=\"caption-attachment-503\" class=\"wp-caption-text\">Cruz Missioneira em S\u00e3o Louren\u00e7o M\u00e1rtir<\/p><\/div>\n<p><strong>Arquitetura<\/strong><\/p>\n<p>A igreja era estruturada com esteios de madeira, formando tr\u00eas naves, com paredes externas de pedra <em>itacuru<\/em>. A capela-mor tinha cinco altares dourados. O cemit\u00e9rio, dividido em quatro alas: meninos, meninas, homens e mulheres, onde ficava a Cruz Missioneira, monol\u00edtica, que foi levada para Santo \u00c2ngelo e depois para S\u00e3o Miguel.<\/p>\n<div id=\"attachment_504\" style=\"width: 351px\" class=\"wp-caption alignnone\"><img loading=\"lazy\" decoding=\"async\" aria-describedby=\"caption-attachment-504\" class=\"size-medium wp-image-504\" src=\"https:\/\/wp.ufpel.edu.br\/saberesdasmissoes\/files\/2026\/01\/Remanes-341x400.png\" alt=\"\" width=\"341\" height=\"400\" srcset=\"https:\/\/wp.ufpel.edu.br\/saberesdasmissoes\/files\/2026\/01\/Remanes-341x400.png 341w, https:\/\/wp.ufpel.edu.br\/saberesdasmissoes\/files\/2026\/01\/Remanes.png 517w\" sizes=\"auto, (max-width: 341px) 100vw, 341px\" \/><p id=\"caption-attachment-504\" class=\"wp-caption-text\">Remanescentes de S\u00e3o Louren\u00e7o M\u00e1rtir<\/p><\/div>\n<div id=\"attachment_506\" style=\"width: 222px\" class=\"wp-caption alignnone\"><img loading=\"lazy\" decoding=\"async\" aria-describedby=\"caption-attachment-506\" class=\" wp-image-506\" src=\"https:\/\/wp.ufpel.edu.br\/saberesdasmissoes\/files\/2026\/01\/Acesso-a-Igreja.png\" alt=\"\" width=\"212\" height=\"133\" \/><p id=\"caption-attachment-506\" class=\"wp-caption-text\">Acesso \u00e0 Igreja<\/p><\/div>\n<p>&nbsp;<\/p>\n<p><strong>Arqueologia <\/strong><\/p>\n<p>V\u00e1rias foram as atividades de pesquisa e conserva\u00e7\u00e3o realizadas no s\u00edtio arqueol\u00f3gico, as primeiras foram realizadas nas d\u00e9cadas de 1980 e 1990, onde foram identificadas as estruturas da cozinha e algumas estruturas da casa dos padres. Em 2003 e 2005, no interior da igreja, uma atividade integrada de pesquisa e consolida\u00e7\u00e3o, onde foram evidenciados o \u00e1trio, as portas laterais e a escadaria de acesso.<\/p>\n<p><img loading=\"lazy\" decoding=\"async\" class=\"alignnone size-full wp-image-508\" src=\"https:\/\/wp.ufpel.edu.br\/saberesdasmissoes\/files\/2026\/01\/Arqueologia-1.png\" alt=\"\" width=\"168\" height=\"122\" \/><\/p>\n<p>&nbsp;<\/p>\n<p><strong>Ovelhas missioneiras <\/strong><\/p>\n<p>A partir de parceria entre a Embrapa \u2013 Bag\u00e9, a prefeitura de S\u00e3o Luiz Gonzaga e o IPHAN por um per\u00edodo foram criadas em S\u00e3o Louren\u00e7o ovelhas da ra\u00e7a crioula Lanada, resultado da mistura de ra\u00e7as desde a sua introdu\u00e7\u00e3o nas miss\u00f5es pelos jesu\u00edtas espanh\u00f3is. Atualmente esse projeto est\u00e1 desativado.<\/p>\n<div id=\"attachment_509\" style=\"width: 246px\" class=\"wp-caption alignnone\"><img loading=\"lazy\" decoding=\"async\" aria-describedby=\"caption-attachment-509\" class=\"size-full wp-image-509\" src=\"https:\/\/wp.ufpel.edu.br\/saberesdasmissoes\/files\/2026\/01\/ovelhas-e1768434143613.png\" alt=\"\" width=\"236\" height=\"177\" \/><p id=\"caption-attachment-509\" class=\"wp-caption-text\">Ovelhas Missioneiras<\/p><\/div>\n","protected":false},"excerpt":{"rendered":"<p>A Miss\u00e3o de S\u00e3o Louren\u00e7o M\u00e1rtir foi fundada em 1690 pelo desmembramento de Santa Maria Maior, de onde vieram 3512 ind\u00edgenas catequizados, com o padre Bernardo de la Vega que organizou a povoa\u00e7\u00e3o. Localizou-se numa plan\u00edcie nas proximidades do arroio Uruqua, afluente do rio Iju\u00ed, entre as redu\u00e7\u00f5es de S\u00e3o Luiz Gonzaga e S\u00e3o Miguel [&hellip;]<\/p>\n","protected":false},"author":1358,"featured_media":0,"parent":35,"menu_order":0,"comment_status":"closed","ping_status":"closed","template":"","meta":{"footnotes":""},"class_list":["post-128","page","type-page","status-publish","hentry","post"],"_links":{"self":[{"href":"https:\/\/wp.ufpel.edu.br\/saberesdasmissoes\/wp-json\/wp\/v2\/pages\/128","targetHints":{"allow":["GET"]}}],"collection":[{"href":"https:\/\/wp.ufpel.edu.br\/saberesdasmissoes\/wp-json\/wp\/v2\/pages"}],"about":[{"href":"https:\/\/wp.ufpel.edu.br\/saberesdasmissoes\/wp-json\/wp\/v2\/types\/page"}],"author":[{"embeddable":true,"href":"https:\/\/wp.ufpel.edu.br\/saberesdasmissoes\/wp-json\/wp\/v2\/users\/1358"}],"replies":[{"embeddable":true,"href":"https:\/\/wp.ufpel.edu.br\/saberesdasmissoes\/wp-json\/wp\/v2\/comments?post=128"}],"version-history":[{"count":3,"href":"https:\/\/wp.ufpel.edu.br\/saberesdasmissoes\/wp-json\/wp\/v2\/pages\/128\/revisions"}],"predecessor-version":[{"id":510,"href":"https:\/\/wp.ufpel.edu.br\/saberesdasmissoes\/wp-json\/wp\/v2\/pages\/128\/revisions\/510"}],"up":[{"embeddable":true,"href":"https:\/\/wp.ufpel.edu.br\/saberesdasmissoes\/wp-json\/wp\/v2\/pages\/35"}],"wp:attachment":[{"href":"https:\/\/wp.ufpel.edu.br\/saberesdasmissoes\/wp-json\/wp\/v2\/media?parent=128"}],"curies":[{"name":"wp","href":"https:\/\/api.w.org\/{rel}","templated":true}]}}