{"id":81,"date":"2017-10-06T17:22:30","date_gmt":"2017-10-06T20:22:30","guid":{"rendered":"https:\/\/wp.ufpel.edu.br\/rrt\/?page_id=81"},"modified":"2023-12-06T21:49:14","modified_gmt":"2023-12-07T00:49:14","slug":"tccs","status":"publish","type":"page","link":"https:\/\/wp.ufpel.edu.br\/rrt\/tccs\/","title":{"rendered":"TCCs defendidos"},"content":{"rendered":"<p><strong>TCCs j\u00e1 defendidos no RRT\/UFPel<\/strong><\/p>\n<p>&nbsp;<\/p>\n<p><a href=\"https:\/\/wp.ufpel.edu.br\/rrt\/files\/2023\/02\/Angela-Ferreira-Garcia.pdf\">Crit\u00e9rios de textualiza\u00e7\u00e3o: investigando elementos de constru\u00e7\u00e3o das fake news na \u00e1rea da sa\u00fade \u2013 \u00c2ngela Maria Ferreira Garcia<\/a><\/p>\n<p><a href=\"https:\/\/wp.ufpel.edu.br\/rrt\/files\/2023\/02\/Brenda-da-Silva-Naparo.pdf\">Pr\u00e1ticas de leitura sens\u00edvel na revis\u00e3o de textos liter\u00e1rios \u2013 Brenda da Silva Naparo<\/a><\/p>\n<p><a href=\"https:\/\/wp.ufpel.edu.br\/rrt\/files\/2023\/02\/Bruna-Medeiros.pdf\">Efeitos da doen\u00e7a no discurso: uma an\u00e1lise discursiva da obra Controle, de Natalia Borges Polesso \u2013 Bruna Medeiros Silva de Pinto<\/a><\/p>\n<p><a href=\"https:\/\/wp.ufpel.edu.br\/rrt\/files\/2023\/02\/Gizele-Amaral-Cardoso.pdf\">Viol\u00eancia obst\u00e9trica e a valora\u00e7\u00e3o: an\u00e1lise de coment\u00e1rios em uma den\u00fancia no Facebook \u2013 Gizele Garces do Amaral Cardoso<\/a><\/p>\n<p><a href=\"https:\/\/wp.ufpel.edu.br\/rrt\/files\/2023\/02\/Maria-Eduarda.pdf\">O estranhamento do corpo como \u00edndice de resist\u00eancia: uma an\u00e1lise discursiva da obra liter\u00e1ria \u201cControle\u201d, de Natalia Borges Polesso &#8211; Maria Eduarda Azevedo Soares<\/a><\/p>\n<p><a href=\"https:\/\/wp.ufpel.edu.br\/rrt\/files\/2023\/02\/Tania-de-Freitas-Vieira.pdf\">Uso e funcionamento de objetos l\u00fadicos no est\u00edmulo cognitivo e produ\u00e7\u00e3o lingu\u00edstica oral de jovens e adultos especiais \u2013 T\u00e2nia Regina de Freitas Vieira<\/a><\/p>\n<p><a href=\"https:\/\/wp.ufpel.edu.br\/rrt\/files\/2023\/02\/Thais-Valadao.pdf\">A Import\u00e2ncia da Revis\u00e3o Textual em Textos Jornal\u00edsticos &#8211; Tha\u00eds Rodrigues Valad\u00e3o<\/a><\/p>\n<p><a href=\"https:\/\/wp.ufpel.edu.br\/rrt\/files\/2022\/10\/A-importancia-da-experiencia-com-revisao-de-textos-ao-profissional.pdf\">A import\u00e2ncia da experi\u00eancia com revis\u00e3o de textos ao profissional revisor &#8211; <\/a><a href=\"https:\/\/wp.ufpel.edu.br\/rrt\/files\/2022\/10\/A-importancia-da-experiencia-com-revisao-de-textos-ao-profissional.pdf\">Bianca Tavares Klasen <\/a><\/p>\n<p><a href=\"https:\/\/wp.ufpel.edu.br\/rrt\/files\/2022\/10\/Criterios-da-textualizacao-investigando-elementos-de-construcao-das-fake-news-na-area-da-saude-Angela-Maria-Ferreira-Garcia.pdf\">Crit\u00e9rios da textualiza\u00e7\u00e3o: investigando elementos de constru\u00e7\u00e3o das fake news na \u00e1rea da sa\u00fade &#8211; \u00c2ngela Maria Ferreira Garcia<\/a><\/p>\n<p><a href=\"https:\/\/wp.ufpel.edu.br\/rrt\/files\/2022\/10\/Entre-a-vida-e-a-morte-do-autor-o-dilema-do-revisor-de-textos-Richard-W.-Momente.pdf\">Entre a vida e a morte do autor: o dilema do revisor de textos &#8211; Richard W. Momente<\/a><\/p>\n<p><a style=\"background-color: #ffffff;\" href=\"https:\/\/wp.ufpel.edu.br\/rrt\/files\/2022\/10\/Formacao-academica-e-atuacao-de-alunos-redatores-e-revisores-de-textos-Dialogo-com-alunos-egressos-e-formandos-da-UFPEL-Tarleison-Assuncao-Tardiz.pdf\">Forma\u00e7\u00e3o acad\u00eamica e atua\u00e7\u00e3o de alunos redatores e revisores de textos: Di\u00e1logo com alunos egressos e formandos da UFPEL &#8211; Tarleison Assun\u00e7\u00e3o Tardiz<\/a><\/p>\n<p><a style=\"background-color: #ffffff;\" href=\"https:\/\/wp.ufpel.edu.br\/rrt\/files\/2022\/10\/O-posicionamento-dos-sujeitos-atraves-dos-sinais-de-pontuacao-em-postagens-de-uma-pagina-do-Claudia-Moraes-Dal-Molin.pdf\">O posicionamento dos sujeitos atrav\u00e9s dos sinais de pontua\u00e7\u00e3o em postagens de uma p\u00e1gina do Facebook &#8211; Claudia Moraes Dal Molin<\/a><\/p>\n<p><a style=\"background-color: #ffffff;\" href=\"https:\/\/wp.ufpel.edu.br\/rrt\/files\/2022\/10\/O-trabalho-do-revisor-em-textos-de-autores-surdos-Flavia-Ferreira-Mendes-Silva.pdf\">O trabalho do revisor em textos de autores surdos &#8211; Fl\u00e1via Ferreira Mendes Silva<\/a><\/p>\n<p><a style=\"background-color: #ffffff;\" href=\"https:\/\/wp.ufpel.edu.br\/rrt\/files\/2022\/10\/Revisao-Textual-na-Literatura-Contemporanea-um-estudo-de-caso-a-partir-da-obra-de-Paulo-Sergio-Moraes-Mario-Augusto-Lana-Novais.pdf\">Revis\u00e3o Textual na Literatura Contempor\u00e2nea: um estudo de caso a partir da obra de Paulo Sergio Moraes &#8211; Mario Augusto Lana Novais<\/a><\/p>\n<p><a style=\"background-color: #ffffff;\" href=\"https:\/\/wp.ufpel.edu.br\/rrt\/files\/2022\/10\/The-functions-of-beta-reading-a-importancia-da-revisao-em-producoes-de-fas-.pdf\">The (fun)ctions of beta reading: a import\u00e2ncia da revis\u00e3o em produ\u00e7\u00f5es de f\u00e3s &#8211; Giovana Let\u00edcia Reolon<\/a><\/p>\n<p><a href=\"https:\/\/wp.ufpel.edu.br\/rrt\/files\/2018\/04\/TCC-oficial.pdf\">O Revisor especializado em terminologia no campo do direito internacional &#8211; Raquel Vianna<\/a><\/p>\n<p><a href=\"https:\/\/wp.ufpel.edu.br\/rrt\/files\/2018\/04\/TCC-Sabrina.pdf\">Intera\u00e7\u00e3o e valora\u00e7\u00e3o: a palavra no contexto das rela\u00e7\u00f5es dial\u00f3gicas no meio digital &#8211; Sabrina Gon\u00e7alves D&#8217;\u00c1villa<\/a><\/p>\n<p><a href=\"https:\/\/wp.ufpel.edu.br\/rrt\/files\/2018\/04\/PROCESSOS-DE-GENERIFICA\u00c7\u00c3O-SOB-A-PERSPECTIVA-DA-TEORIA-DOS-ATOS-DE-FALA.pdf\">Processos de generifica\u00e7\u00e3o sob a perspectiva da teoria dos atos de fala &#8211; Jade Bueno Arbo<\/a><\/p>\n<p><a href=\"https:\/\/wp.ufpel.edu.br\/rrt\/files\/2018\/04\/TCC-Aline-Schaun-Vers\u00e3o-final.-entrega.pdf\">A import\u00e2ncia das estrat\u00e9gias de leitura na atua\u00e7\u00e3o do profissional revisor de textos &#8211; Aline Schmid Schaun<\/a><\/p>\n<p><a href=\"https:\/\/wp.ufpel.edu.br\/rrt\/files\/2018\/04\/TCC-Giulianna-FINAL.pdf\">A personagem Devi e as rela\u00e7\u00f5es de poder nas obras The Name of the Wind e The Wise Man&#8217;s Fear &#8211; Giulianna Carvalho de Castro Sene<\/a><\/p>\n<p><a href=\"https:\/\/wp.ufpel.edu.br\/rrt\/files\/2017\/10\/A-ambiguidade-lexical-no-texto-publicit\u00e1rio.pdf\">A ambiguidade lexical no texto publicit\u00e1rio &#8211; Luiz Felipe Lucas Fagundes<\/a><\/p>\n<p><a href=\"https:\/\/wp.ufpel.edu.br\/rrt\/files\/2017\/10\/A-atua\u00e7\u00e3o-do-revisor-de-textos-em-ag\u00eancias-de-publicidade.pdf\">A atua\u00e7\u00e3o do revisor de textos em ag\u00eancias de publicidade &#8211; Marina Grahlmann da Silva Wille<\/a><\/p>\n<p><a href=\"https:\/\/wp.ufpel.edu.br\/rrt\/files\/2017\/10\/A-enuncia\u00e7\u00e3o-de-dicas-de-portugu\u00eas-no-Facebook.pdf\">A enuncia\u00e7\u00e3o de dicas de portugu\u00eas no Facebook &#8211; Ang\u00e9lica Noronha de S\u00e1<\/a><\/p>\n<p><a href=\"https:\/\/wp.ufpel.edu.br\/rrt\/files\/2017\/10\/A-influ\u00eancia-do-dialeto-pomerano-na-ortografia-de-crian\u00e7as-bil\u00edngues.pdf\">A influ\u00eancia do dialeto Pomerano na ortografia de crian\u00e7as bil\u00edngues &#8211; \u00c1gata Miranda Hax<\/a><\/p>\n<p><a href=\"https:\/\/wp.ufpel.edu.br\/rrt\/files\/2017\/10\/A-normaliza\u00e7\u00e3o-dos-novos-dispositivos-digitais-de-leitura.pdf\">A normaliza\u00e7\u00e3o dos novos dispositivos digitais de leitura &#8211; Julia Ribeiro Castilho<\/a><\/p>\n<p><a href=\"https:\/\/wp.ufpel.edu.br\/rrt\/files\/2017\/10\/A-relev\u00e2ncia-do-trabalho-do-revisor-de-textos.pdf\">A relev\u00e2ncia do trabalho do revisor de textos &#8211; Mayara Esp\u00edndola Lemos<\/a><\/p>\n<p><a href=\"https:\/\/wp.ufpel.edu.br\/rrt\/files\/2017\/10\/An\u00e1lise-de-problemas-de-coes\u00e3o-e-de-coer\u00eancia-em-textos-de-acad\u00eamicos-ingressantes-no-curso-de-Licenciatura-em-Letras-UFPel.pdf\">An\u00e1lise de problemas de coes\u00e3o e de coer\u00eancia em textos de acad\u00eamicos ingressantes no curso de Licenciatura em Letras &#8211; UFPel &#8211; Solange Dejanira B\u00f6ettge Sias<\/a><\/p>\n<p><a href=\"https:\/\/wp.ufpel.edu.br\/rrt\/files\/2017\/10\/An\u00e1lise-de-textos-dissertativo-argumentativos-produzidos-por-alunos-ingressantes-do-curso-de-Letras.pdf\">An\u00e1lise de textos dissertativo-argumentativos produzidos por alunos ingressantes do curso de Letras &#8211; Ant\u00f4nio Carlos Borges Pereira<\/a><\/p>\n<p><a href=\"https:\/\/wp.ufpel.edu.br\/rrt\/files\/2017\/10\/An\u00e1lise-discursiva-do-g\u00eanero-tiras-em-Calvin-e-Haroldo.pdf\">An\u00e1lise discursiva do g\u00eanero tiras em <em>Calvin e Haroldo<\/em>: um projeto enunciativo de cr\u00edtica social &#8211; Priscila Magalh\u00e3es Martins<\/a><\/p>\n<p><a href=\"https:\/\/wp.ufpel.edu.br\/rrt\/files\/2017\/10\/An\u00e1lise-do-uso-de-preposi\u00e7\u00f5es-com-verbos-de-movimento-na-escrita-de-um-jornal-de-Pelotas-RS.pdf\">An\u00e1lise do uso de preposi\u00e7\u00f5es com verbos de movimento na escrita de um jornal de Pelotas (RS) &#8211; Gabriela Bohlmann Duarte<\/a><\/p>\n<p><a href=\"https:\/\/wp.ufpel.edu.br\/rrt\/files\/2017\/10\/An\u00e1lise-dos-elementos-de-coes\u00e3o-e-coer\u00eancia-em-textos-produzidos-por-futuras-professoras.pdf\">An\u00e1lise dos elementos de coes\u00e3o e coer\u00eancia em textos produzidos por futuras professoras &#8211; Milene Bl\u00f6dorn<\/a><\/p>\n<p><a href=\"https:\/\/wp.ufpel.edu.br\/rrt\/files\/2017\/10\/An\u00e1lise-terminol\u00f3gica-em-textos-cient\u00edficos-de-Administra\u00e7\u00e3o.pdf\">An\u00e1lise terminol\u00f3gica em textos cient\u00edficos de Administra\u00e7\u00e3o &#8211; \u00c9rica Pereira Martins<\/a><\/p>\n<p><a href=\"https:\/\/wp.ufpel.edu.br\/rrt\/files\/2017\/10\/Candidatos-a-termos-em-textos-t\u00e9cnico-cient\u00edficos-da-especialidade-m\u00e9dica-de-Pneumologia.pdf\">Candidatos a termos em textos t\u00e9cnico-cient\u00edficos da especialidade m\u00e9dica de Pneumologia &#8211; Gladis Lindemann Colvar<\/a><\/p>\n<p><a href=\"https:\/\/wp.ufpel.edu.br\/rrt\/files\/2017\/10\/Criatividade.pdf\">Criatividade: \u00eanfase na produ\u00e7\u00e3o textual &#8211; Cristina Kerstner<\/a><\/p>\n<p><a href=\"https:\/\/wp.ufpel.edu.br\/rrt\/files\/2017\/10\/Formas-e-situa\u00e7\u00f5es-do-conto-escrito-por-mulheres-no-Brasil-na-d\u00e9cada-de-90.pdf\">Formas e situa\u00e7\u00f5es do conto escrito por mulheres no Brasil na d\u00e9cada de 90 &#8211; Mariane de Almeida Alves<\/a><\/p>\n<p><a href=\"https:\/\/wp.ufpel.edu.br\/rrt\/files\/2017\/10\/Mesmo-que-Capitu-tenha-tra\u00eddo-Dom-Casmurro.pdf\">Mesmo que Capitu tenha tra\u00eddo Dom Casmurro &#8211; Danielle Rasmussen Betemps<\/a><\/p>\n<p><a href=\"https:\/\/wp.ufpel.edu.br\/rrt\/files\/2017\/10\/O-papel-do-revisor-de-textos-em-jornais-do-Vale-do-Taquari.pdf\">O papel do revisor de textos em jornais do Vale do Taquari &#8211; Gisele Aline Feraboli<\/a><\/p>\n<p><a href=\"https:\/\/wp.ufpel.edu.br\/rrt\/files\/2017\/10\/O-processo-de-revis\u00e3o-de-textos.pdf\">O processo de revis\u00e3o de textos &#8211; Juliane Mattei Orlandi<\/a><\/p>\n<p><a href=\"https:\/\/wp.ufpel.edu.br\/rrt\/files\/2017\/10\/O-Twitter-como-ferramenta-de-intera\u00e7\u00e3o-publicit\u00e1ria.pdf\">O Twitter como ferramenta de intera\u00e7\u00e3o publicit\u00e1ria &#8211; Luciano de Souza Prestes<\/a><\/p>\n<p><a href=\"https:\/\/wp.ufpel.edu.br\/rrt\/files\/2017\/10\/Os-verbos-opor-e-interpor-em-contextos-jur\u00eddicos-espec\u00edficos-sob-a-\u00f3tica-da-Terminologia.pdf\">Os verbos opor e interpor em contextos jur\u00eddicos espec\u00edficos sob a \u00f3tica da Terminologia &#8211; Gabriel Bezerra da Silva<\/a><\/p>\n<p><a href=\"https:\/\/wp.ufpel.edu.br\/rrt\/files\/2017\/10\/Relato-de-uma-experi\u00eancia-de-escritura.pdf\">Relato de uma experi\u00eancia de escritura &#8211; Luciana Pastorini Urbim<\/a><\/p>\n<p><a href=\"https:\/\/wp.ufpel.edu.br\/rrt\/files\/2017\/10\/Um-sopro-de-vida.pdf\">Um sopro de vida: o narrador autor e os aspectos metaficcionais na obra de Clarice Lispector &#8211; Willian Caetano Affonso<\/a><\/p>\n<p><a href=\"https:\/\/wp.ufpel.edu.br\/rrt\/files\/2017\/10\/Uso-de-operadores-argumentativos-em-reda\u00e7\u00f5es-do-ENEM.pdf\">Uso de operadores argumentativos em reda\u00e7\u00f5es do ENEM &#8211; L\u00facia Silveira Bichet<\/a><\/p>\n<p><a href=\"https:\/\/wp.ufpel.edu.br\/rrt\/files\/2017\/10\/Verifica\u00e7\u00e3o-das-estrat\u00e9gias-de-coes\u00e3o-utilizadas-em-artigos-da-revista-Nursing-and-Health.pdf\">Verifica\u00e7\u00e3o das estrat\u00e9gias de coes\u00e3o utilizadas em artigos da revista Nursing and Health &#8211; Carim Luciane da Silva Rodrigues<\/a><\/p>\n<p><a href=\"https:\/\/wp.ufpel.edu.br\/rrt\/files\/2019\/04\/Processos-de-generifica\u00e7\u00e3o-sob-a-perspectiva-da-teoria-dos-atos-de-fala-Jade-Bueno-Arbo.pdf\">Processos de generifica\u00e7\u00e3o sob a perspectiva da teoria dos atos de fala &#8211; Jade Bueno Arbo<\/a><\/p>\n<p><a href=\"https:\/\/wp.ufpel.edu.br\/rrt\/files\/2019\/04\/A-varia\u00e7\u00e3o-lingu\u00edstica-no-uso-da-desin\u00eancia-verbal-sse-na-segunda-pessoa-do-singular-na-escrita-dos-pelotenses-Carla-Fernanda-Kruger-Garcia.pdf\">A varia\u00e7\u00e3o lingu\u00edstica no uso da desin\u00eancia verbal <em>-sse<\/em> na segunda pessoa do singular na escrita dos pelotenses &#8211; Carla Fernanda Kruger Garcia<\/a><\/p>\n<p><a href=\"https:\/\/wp.ufpel.edu.br\/rrt\/files\/2019\/04\/A-personagem-Devi-e-as-rela\u00e7\u00f5es-de-poder-nas-obras-The-Name-of-the-Wind-e-The-Wise-Mans-Fear-Giulianna-Carvalho-de-Castro-Sene.pdf\">A personagem Devi e as rela\u00e7\u00f5es de poder nas obras The Name of the Wind e The Wise Man&#8217;s Fear &#8211; Giulianna Carvalho de Castro Sene<\/a><\/p>\n<p><a href=\"https:\/\/wp.ufpel.edu.br\/rrt\/files\/2019\/04\/O-Revisor-especializado-em-terminologia-no-campo-do-direito-internacional-Raquel-Vianna.pdf\">O Revisor especializado em terminologia no campo do direito internacional &#8211; Raquel Vianna<\/a><\/p>\n<p><a href=\"https:\/\/wp.ufpel.edu.br\/rrt\/files\/2019\/04\/A-revis\u00e3o-de-textos-liter\u00e1rios-Duane-Ferreira-Rijo.pdf\">A revis\u00e3o de textos liter\u00e1rios &#8211; Duane Ferreira Rijo<\/a><\/p>\n<p><a href=\"https:\/\/wp.ufpel.edu.br\/rrt\/files\/2019\/04\/Intera\u00e7\u00e3o-e-valora\u00e7\u00e3o-a-palavra-no-contexto-das-rela\u00e7\u00f5es-dial\u00f3gicas-no-meio-digital-Sabrina-Gon\u00e7alves-D\u00c1vila.pdf\">Intera\u00e7\u00e3o e valora\u00e7\u00e3o- a palavra no contexto das rela\u00e7\u00f5es dial\u00f3gicas no meio digital &#8211; Sabrina Gon\u00e7alves D&#8217;\u00c1vila<\/a><\/p>\n<p><a href=\"https:\/\/wp.ufpel.edu.br\/rrt\/files\/2019\/04\/A-Bolsa-Amarela-a-discuss\u00e3o-de-g\u00eanero-na-literatura-infantil-Aline-DArisbo.pdf\">A Bolsa Amarela- a discuss\u00e3o de g\u00eanero na literatura infantil &#8211; Aline D&#8217;Arisbo<\/a><\/p>\n<p><a href=\"https:\/\/wp.ufpel.edu.br\/rrt\/files\/2019\/04\/O-Leitor-Produtor-como-sujeito-concretizador-de-sentido-Lu\u00edza-Sim\u00f5es-de-Oliveira.pdf\">O Leitor Produtor como sujeito concretizador de sentido &#8211; Lu\u00edza Sim\u00f5es de Oliveira<\/a><\/p>\n<p><a href=\"https:\/\/wp.ufpel.edu.br\/rrt\/files\/2019\/04\/An\u00e1lise-gramatical-e-textual-em-relat\u00f3rios-de-est\u00e1gio-obrigat\u00f3rio-do-Instituto-Federal-Sul-Carmen-Oliveira-Santos.pdf\">An\u00e1lise gramatical e textual em relat\u00f3rios de est\u00e1gio obrigat\u00f3rio do Instituto Federal Sul &#8211; Carmen Oliveira Santos<\/a><\/p>\n","protected":false},"excerpt":{"rendered":"<p>TCCs j\u00e1 defendidos no RRT\/UFPel &nbsp; Crit\u00e9rios de textualiza\u00e7\u00e3o: investigando elementos de constru\u00e7\u00e3o das fake news na \u00e1rea da sa\u00fade \u2013 \u00c2ngela Maria Ferreira Garcia Pr\u00e1ticas de leitura sens\u00edvel na revis\u00e3o de textos liter\u00e1rios \u2013 Brenda da Silva Naparo Efeitos da doen\u00e7a no discurso: uma an\u00e1lise discursiva da obra Controle, de Natalia Borges Polesso \u2013 &hellip; <\/p>\n<p><a class=\"more-link btn\" href=\"https:\/\/wp.ufpel.edu.br\/rrt\/tccs\/\">Continue lendo<\/a><\/p>\n","protected":false},"author":50,"featured_media":0,"parent":0,"menu_order":0,"comment_status":"closed","ping_status":"closed","template":"","meta":{"jetpack_post_was_ever_published":false,"footnotes":""},"class_list":["post-81","page","type-page","status-publish","hentry","nodate","item-wrap"],"jetpack_sharing_enabled":true,"jetpack_shortlink":"https:\/\/wp.me\/P8FzgV-1j","jetpack-related-posts":[],"_links":{"self":[{"href":"https:\/\/wp.ufpel.edu.br\/rrt\/wp-json\/wp\/v2\/pages\/81","targetHints":{"allow":["GET"]}}],"collection":[{"href":"https:\/\/wp.ufpel.edu.br\/rrt\/wp-json\/wp\/v2\/pages"}],"about":[{"href":"https:\/\/wp.ufpel.edu.br\/rrt\/wp-json\/wp\/v2\/types\/page"}],"author":[{"embeddable":true,"href":"https:\/\/wp.ufpel.edu.br\/rrt\/wp-json\/wp\/v2\/users\/50"}],"replies":[{"embeddable":true,"href":"https:\/\/wp.ufpel.edu.br\/rrt\/wp-json\/wp\/v2\/comments?post=81"}],"version-history":[{"count":21,"href":"https:\/\/wp.ufpel.edu.br\/rrt\/wp-json\/wp\/v2\/pages\/81\/revisions"}],"predecessor-version":[{"id":417,"href":"https:\/\/wp.ufpel.edu.br\/rrt\/wp-json\/wp\/v2\/pages\/81\/revisions\/417"}],"wp:attachment":[{"href":"https:\/\/wp.ufpel.edu.br\/rrt\/wp-json\/wp\/v2\/media?parent=81"}],"curies":[{"name":"wp","href":"https:\/\/api.w.org\/{rel}","templated":true}]}}