{"id":50,"date":"2020-07-22T15:20:21","date_gmt":"2020-07-22T18:20:21","guid":{"rendered":"https:\/\/wp.ufpel.edu.br\/residenciapedagogica\/?page_id=50"},"modified":"2023-07-26T10:01:05","modified_gmt":"2023-07-26T13:01:05","slug":"editais-de-selecao","status":"publish","type":"page","link":"https:\/\/wp.ufpel.edu.br\/residenciapedagogica\/editais-de-selecao\/","title":{"rendered":"Editais de Sele\u00e7\u00e3o"},"content":{"rendered":"<h4 class=\"corTexto\">Editais em andamento<\/h4>\n<p><strong>EDITAL N\u00ba. 19\/2022 &#8211; SELE\u00c7\u00c3O EM FLUXO CONT\u00cdNUO DE ALUNOS DAS LICENCIATURAS DA UFPEL PARA O PROGRAMA DE RESID\u00caNCIA PEDAG\u00d3GICA &#8211; PRP\/UFPel<\/strong><\/p>\n<p>A Pr\u00f3-Reitoria de Ensino da Universidade Federal de Pelotas e a Coordena\u00e7\u00e3o Institucional do PRP\/UFPel, no \u00e2mbito do Projeto Institucional do Programa de Resid\u00eancia Pedag\u00f3gica (PRP), em conformidade com a Portaria n\u00ba 82, de 26 de abril de 2022 &#8211; Regulamento do PRP e com o Edital n\u00ba 24\/2022 da CAPES, e demais dispositivos regulamentares, tornam p\u00fablica a abertura de inscri\u00e7\u00f5es para o processo de sele\u00e7\u00e3o de \u201cdiscentes residentes\u201d do PRP-UFPel. Link de inscri\u00e7\u00e3o: <a href=\"https:\/\/forms.gle\/UChKJEXqAkRg6k9k8\">https:\/\/forms.gle\/UChKJEXqAkRg6k9k8<\/a><\/p>\n<p><a href=\"https:\/\/wp.ufpel.edu.br\/residenciapedagogica\/files\/2022\/08\/Edital-fluxo-continuo-de-selecao-de-Residentes-do-PRP-UFPEL.pdf\">Edital fluxo cont\u00ednuo de sele\u00e7\u00e3o de Residentes do PRP UFPEL<\/a><\/p>\n<p>&nbsp;<\/p>\n<p><strong>Editais encerrados<\/strong><\/p>\n<h4 class=\"corTexto\"><a href=\"https:\/\/wp.ufpel.edu.br\/residenciapedagogica\/2023\/06\/16\/edital-no-24-2023-selecao-de-professores-das-escolas-basicas-para-bolsa-de-preceptor-de-lingua-portuguesa-do-programa-de-residencia-pedagogica-prp-ufpel\/\">Edital n\u00ba 24\/2023 \u2013 Sele\u00e7\u00e3o de Professores das Escolas B\u00e1sicas para Bolsa de Preceptor de L\u00edngua Portuguesa do Programa de Resid\u00eancia Pedag\u00f3gica \u2013 PRP\/UFPel<\/a><\/h4>\n<p style=\"text-align: justify;\">A Pr\u00f3-Reitoria de Ensino da Universidade Federal de Pelotas e a Coordena\u00e7\u00e3o Institucional da Programa Resid\u00eancia Pedag\u00f3gica da UFPel (PRP-UFPel), no \u00e2mbito do Projeto Institucional, em conformidade com a Portaria n\u00ba\u00a0\u00a082, de 26 de abril de 2022 \u2013 Regulamento do PRP e o Edital n\u00ba 24\/2022 da CAPES, e os demais dispositivos regulamentares, tornam p\u00fablica a abertura de inscri\u00e7\u00f5es ao processo de sele\u00e7\u00e3o para professores da Educa\u00e7\u00e3o B\u00e1sica para atuar no PRP-UFPel como <em>Preceptores de L\u00edngua Portuguesa. <\/em>Link de inscri\u00e7\u00e3o: <a href=\"https:\/\/forms.gle\/WbfEKNx3y8zidKBJ6\">https:\/\/forms.gle\/WbfEKNx3y8zidKBJ6<\/a><\/p>\n<p><a href=\"https:\/\/wp.ufpel.edu.br\/residenciapedagogica\/files\/2023\/06\/Edital-24-2023-Preceptores-em-Lingua-Portuguesado-Programa-Residencia-Pedagogica.pdf\">Edital 24 2023 Preceptores em L\u00edngua Portuguesa do PRP\/UFPel<\/a><\/p>\n<p>&nbsp;<\/p>\n<h4 class=\"corTexto\">Edital n\u00ba 21\/2022 \u2013 Sele\u00e7\u00e3o de Professores das Escolas B\u00e1sicas para o Programa de Resid\u00eancia Pedag\u00f3gica \u2013 PRP\/UFPel<\/h4>\n<p>A Pr\u00f3-Reitoria de Ensino da Universidade Federal de Pelotas e a Coordena\u00e7\u00e3o Institucional da Programa Resid\u00eancia Pedag\u00f3gica da UFPel (PRP-UFPel), no \u00e2mbito do Projeto Institucional, em conformidade com a Portaria n\u00ba\u00a0\u00a082, de 26 de abril de 2022 \u2013 Regulamento do PRP e o Edital n\u00ba 24\/2022 da CAPES, e os demais dispositivos regulamentares, tornam p\u00fablica a abertura de inscri\u00e7\u00f5es ao processo de sele\u00e7\u00e3o para professores da Educa\u00e7\u00e3o B\u00e1sica para atuar no PRP-UFPel como Preceptores. Link de inscri\u00e7\u00e3o: https:\/\/forms.gle\/WbfEKNx3y8zidKBJ6<\/p>\n<p><a href=\"https:\/\/wp.ufpel.edu.br\/residenciapedagogica\/files\/2022\/09\/Edital-no-21_2022-\u2013-selecao-de-Preceptores-PRP_UFPel.pdf\">Edital n\u00ba 21\/2022 \u2013 sele\u00e7\u00e3o de Preceptores &#8211; PRP\/UFPel<\/a><\/p>\n<p>&nbsp;<\/p>\n<p class=\"Tabela_Texto_Centralizado\"><strong>EDITAL PRE N\u00ba 02\/2021\/PRE &#8211; <span style=\"font-size: 12pt;\">EDITAL DE SELE\u00c7\u00c3O DE PROFESSOR DE ESCOLA B\u00c1SICA PARA O PROGRAMA RESID\u00caNCIA PEDAG\u00d3GICA \u2013 RP\/UFPel<\/span><\/strong><\/p>\n<p>A Pr\u00f3-Reitoria de Ensino da Universidade Federal de Pelotas e a Coordena\u00e7\u00e3o Institucional da RPUFPel, no \u00e2mbito do Projeto Institucional de Bolsas para o Programa de Resid\u00eancia Pedag\u00f3gica, em conformidade com a Portaria n\u00ba 259\/2019 e a Portaria n\u00ba 114\/2020 da CAPES, e Edital n\u00ba 01\/2020 da CAPES, e com os demais dispositivos regulamentares, tornam p\u00fablica a abertura de inscri\u00e7\u00f5es ao processo de sele\u00e7\u00e3o para professores da Educa\u00e7\u00e3o B\u00e1sica que atenderem aos crit\u00e9rios estabelecidos neste Edital, conforme a quantidade de vagas dispon\u00edveis no Quadro 1, em substitui\u00e7\u00e3o da preceptora atuante na Escola Municipal de Ensino Fundamental Francisco Caruccio, selecionada pelo Edital 07\/2020\/PRE.<\/p>\n<p><a href=\"https:\/\/wp.ufpel.edu.br\/residenciapedagogica\/files\/2021\/03\/SEI_23110.008779_2021_01-Edital-Preceptor-Alfabetizacao-Pedagogia-Francisco-Caruccio.pdf\">Edital RP &#8211; 02\/2021\/PRE &#8211; Preceptor &#8211; Alfabetizac\u00e3o\/Pedagogia-Escola Francisco Caruccio\u00a0 <\/a>publicado em 26\/03\/2021<\/p>\n<p>&nbsp;<\/p>\n<p class=\"Tabela_Texto_Centralizado\"><strong>EDITAL PRE N\u00ba 01\/2021\/PRE &#8211; SELE\u00c7\u00c3O EM FLUXO CONT\u00cdNUO DE ALUNOS DAS LICENCIATURAS DA UFPEL PARA O PROGRAMA DE RESID\u00caNCIA PEDAG\u00d3GICA &#8211; RP\/UFPel<\/strong><\/p>\n<p>A Pr\u00f3-Reitoria de Ensino da Universidade Federal de Pelotas e a Coordena\u00e7\u00e3o Institucional da RP-UFPel, no \u00e2mbito do Projeto Institucional de Bolsas para o Programa de Resid\u00eancia Pedag\u00f3gica, em conformidade com as Portarias n\u00ba 259\/2019 e n\u00ba 114\/2020 da CAPES, e com o Edital n\u00ba 01\/2020 da CAPES, e demais dispositivos regulamentares, tornam p\u00fablica a abertura de inscri\u00e7\u00f5es para o processo de sele\u00e7\u00e3o de \u201cdiscentes residentes\u201d da RP-UFPel, em complementa\u00e7\u00e3o \u00e0s vagas dos Editais 06\/2020, 013\/2020 e 014\/2020 da PRE.<\/p>\n<p><a href=\"https:\/\/wp.ufpel.edu.br\/pre\/files\/2021\/03\/SEI_UFPel-1235535-Edital.pdf\">Edital RP &#8211; 01\/2021\/PRE<\/a> publicado em 19\/03\/2021<\/p>\n<p>&nbsp;<\/p>\n<p><strong>EDITAL N\u00ba 14\/2020\/PRE \u2013 EDITAL DE SELE\u00c7\u00c3O DE ALUNOS DAS LICENCIATURAS DA UFPEL PARA O PROGRAMA DE RESID\u00caNCIA PEDAG\u00d3GICA \u2013 RP\/UFPel<\/strong><\/p>\n<p>A Pr\u00f3-Reitoria de Ensino da Universidade Federal de Pelotas e a Coordena\u00e7\u00e3o Institucional da RP-UFPel, no \u00e2mbito do Projeto Institucional de Bolsas para o Programa de Resid\u00eancia Pedag\u00f3gica, em conformidade com as Portarias n\u00ba 259\/2019 e n\u00ba 114\/2020 da CAPES, e com o Edital n\u00ba 01\/2020 da CAPES, e demais dispositivos regulamentares, tornam p\u00fablica a abertura de inscri\u00e7\u00f5es para o processo de sele\u00e7\u00e3o de \u201cdiscentes residentes\u201d da RP-UFPel, em complementa\u00e7\u00e3o \u00e0s vagas dos Editais 06\/2020\/PRE e 013\/2020\/PRE.<\/p>\n<p><a href=\"https:\/\/wp.ufpel.edu.br\/pre\/files\/2020\/10\/SEI_UFPel-1101031-Edital-0142020-RP.pdf\">Edital RP &#8211; 014\/2020\/PRE<\/a> publicado em 28\/10\/2020<\/p>\n<p>&nbsp;<\/p>\n<p class=\"Tabela_Texto_Centralizado\"><strong>EDITAL N\u00ba 13\/2020\/PRE \u2013 EDITAL DE SELE\u00c7\u00c3O DE ALUNOS DAS LICENCIATURAS DA UFPEL PARA O PROGRAMA DE RESID\u00caNCIA PEDAG\u00d3GICA \u2013 RP\/UFPel<\/strong><\/p>\n<p class=\"Texto_Justificado\">A Pr\u00f3-Reitoria de Ensino da Universidade Federal de Pelotas e a Coordena\u00e7\u00e3o Institucional da RP-UFPel, no \u00e2mbito do Projeto Institucional de Bolsas para o Programa de Resid\u00eancia Pedag\u00f3gica, em conformidade com as Portarias n\u00ba 259\/2019 e n\u00ba 114\/2020 da CAPES, e com o Edital n\u00ba 01\/2020 da CAPES, e demais dispositivos regulamentares, tornam p\u00fablica a abertura de inscri\u00e7\u00f5es para o processo de sele\u00e7\u00e3o de \u201cdiscentes residentes\u201d da RP-UFPel, em complementa\u00e7\u00e3o \u00e0s vagas do Edital 06\/2020-PRE.<\/p>\n<p><span style=\"color: #ff0000;\"><a style=\"color: #ff0000;\" href=\"https:\/\/wp.ufpel.edu.br\/pre\/files\/2020\/09\/SEI_UFPel-1059542-Edital-0132020-RP.pdf\">Edital RP \u2013 013\/2020\/PRE<\/a><\/span> publicado em 23\/09\/2020<\/p>\n<p>&nbsp;<\/p>\n<p class=\"Tabela_Texto_Centralizado\"><strong>Edital N\u00ba 011\/2020\/PRE \u2013 EDITAL DE SELE\u00c7\u00c3O DE PROFESSORES DAS ESCOLAS B\u00c1SICAS PARA O PROGRAMA DE RESID\u00caNCIA PEDAG\u00d3GICA \u2013 RP\/UFPel<\/strong><\/p>\n<p class=\"Texto_Justificado\">A Pr\u00f3-Reitoria de Ensino da Universidade Federal de Pelotas e a Coordena\u00e7\u00e3o Institucional da RP-UFPel, no \u00e2mbito do Projeto Institucional de Bolsas para o Programa de Resid\u00eancia Pedag\u00f3gica, em conformidade com a Portaria n\u00ba 259\/2019 e a Portaria n\u00ba 114\/2020 da CAPES, e Edital n\u00ba 01\/2020 da CAPES, e com os demais dispositivos regulamentares, tornam p\u00fablica a abertura de inscri\u00e7\u00f5es ao processo de sele\u00e7\u00e3o para professores da Educa\u00e7\u00e3o B\u00e1sica que atenderem aos crit\u00e9rios estabelecidos neste Edital, conforme a quantidade de\u00a0 vagas dispon\u00edveis no Quadro 1, em complementa\u00e7\u00e3o \u00e0s vagas do Edital 07\/2020-PRE.<\/p>\n<p><span style=\"color: #ff0000;\"><a style=\"color: #ff0000;\" href=\"https:\/\/wp.ufpel.edu.br\/pre\/files\/2020\/09\/SEI_UFPel-1056016-Edital-0112020-RP.pdf\">Edital RP \u2013 011\/2020\/PRE<\/a><\/span> Publicado em 21\/09\/2020<\/p>\n<p>&nbsp;<\/p>\n<p><span style=\"font-size: 12pt;\"><strong>RETIFICA\u00c7\u00c3O DE CRONOGRAMA PARA \u00c1REAS DE F\u00cdSICA E QU\u00cdMICA.<\/strong><\/span><\/p>\n<p><a href=\"https:\/\/wp.ufpel.edu.br\/residenciapedagogica\/files\/2020\/09\/SEI_23110.019902_2020_20-Retificacao-Edital-07_2020-Cronograma-Especifico-para-Fisica-e-Quimica1.pdf\"><span style=\"color: #ff0000;\">SEI_23110.019902_2020_20 Retifica\u00e7\u00e3o Edital 07_2020 Cronograma Espec\u00edfico para F\u00edsica e Qu\u00edmica<\/span><\/a><\/p>\n<p><strong>EDITAL N\u00ba 006\/2020\/PRE \u2013\u00a0 EDITAL DE SELE\u00c7\u00c3O DE <span style=\"color: #ff0000;\">ALUNOS<\/span> DAS LICENCIATURAS DA UFPEL PARA O PROGRAMA DE RESID\u00caNCIA PEDAG\u00d3GICA \/ RP-UFPel<\/strong><\/p>\n<p>A Pr\u00f3-Reitoria de Ensino da Universidade Federal de Pelotas e a Coordena\u00e7\u00e3o Institucional da RP-UFPel, no \u00e2mbito do Projeto Institucional de Bolsas para o Programa de Resid\u00eancia Pedag\u00f3gica, em conformidade com a Portaria n\u00ba 259, de 17 de dezembro de 2019 e com o Edital n\u00ba 01\/2020 da CAPES, e demais dispositivos regulamentares, tornam p\u00fablica a abertura de inscri\u00e7\u00f5es para o processo de sele\u00e7\u00e3o de \u201cdiscentes residentes\u201d da RP-UFPel.<\/p>\n<p><span style=\"background-color: #ffffff; color: #ff0000;\"> <a style=\"background-color: #ffffff; color: #ff0000;\" href=\"https:\/\/wp.ufpel.edu.br\/residenciapedagogica\/files\/2020\/08\/SEI_UFPel-1018473-Edital-0062020PRE.pdf\">SEI_UFPel-1018473-Edital-0062020PRE<\/a><\/span><\/p>\n<p><a href=\"https:\/\/wp.ufpel.edu.br\/residenciapedagogica\/files\/2020\/08\/Anexo-Edital-0062020PRE.docx\"><span style=\"background-color: #ffffff; color: #ff0000;\">Anexo-Edital-0062020PRE<\/span><\/a><\/p>\n<p>&nbsp;<\/p>\n<p><strong>EDITAL N\u00ba 007\/2020\/PRE \u2013 EDITAL DE SELE\u00c7\u00c3O DE <span style=\"color: #ff0000;\">PROFESSORES<\/span> DAS ESCOLAS B\u00c1SICAS PARA O PROGRAMA DE RESID\u00caNCIA PEDAG\u00d3GICA \/ RP -UFPel<\/strong><\/p>\n<p>A Pr\u00f3-Reitoria de Ensino da Universidade Federal de Pelotas e a Coordena\u00e7\u00e3o Institucional da RP-UFPel, no \u00e2mbito do Projeto Institucional de Bolsas para o Programa de Resid\u00eancia Pedag\u00f3gica, em conformidade com a Portaria n\u00ba 259, de 17 de dezembro de 2019 e Edital n\u00ba 01\/2020 da CAPES, e com os demais dispositivos regulamentares, tornam p\u00fablica a abertura de inscri\u00e7\u00f5es ao processo de sele\u00e7\u00e3o para professores da Educa\u00e7\u00e3o B\u00e1sica que atenderem aos crit\u00e9rios estabelecidos neste Edital, conforme a quantidade de vagas dispon\u00edveis no Quadro 1.<\/p>\n<p><span style=\"color: #ff0000;\"><a style=\"color: #ff0000;\" href=\"https:\/\/wp.ufpel.edu.br\/residenciapedagogica\/files\/2020\/08\/SEI_UFPel-1018587-Edital-0072020PRE.pdf\">SEI_UFPel-1018587-Edital-0072020PRE<\/a><\/span><\/p>\n<p><a href=\"https:\/\/wp.ufpel.edu.br\/residenciapedagogica\/files\/2020\/08\/Anexos-Edital-0072020PRE.docx\"><span style=\"color: #ff0000;\">Anexos-Edital-0072020PRE<\/span><\/a><\/p>\n<p>&nbsp;<\/p>\n<p><span style=\"color: #000080;\"><strong>O acesso aos resultados de todo o processo de sele\u00e7\u00e3o dos Editais acima est\u00e3o dispon\u00edveis no link<\/strong><\/span> <a href=\"https:\/\/wp.ufpel.edu.br\/pre\/editais\/\">https:\/\/wp.ufpel.edu.br\/pre\/editais\/<\/a><\/p>\n","protected":false},"excerpt":{"rendered":"<p>Editais em andamento EDITAL N\u00ba. 19\/2022 &#8211; SELE\u00c7\u00c3O EM FLUXO CONT\u00cdNUO DE ALUNOS DAS LICENCIATURAS DA UFPEL PARA O PROGRAMA DE RESID\u00caNCIA PEDAG\u00d3GICA &#8211; PRP\/UFPel A Pr\u00f3-Reitoria de Ensino da Universidade Federal de Pelotas e a Coordena\u00e7\u00e3o Institucional do PRP\/UFPel, no \u00e2mbito do Projeto Institucional do Programa de Resid\u00eancia Pedag\u00f3gica (PRP), em conformidade com a [&hellip;]<\/p>\n","protected":false},"author":1039,"featured_media":0,"parent":0,"menu_order":0,"comment_status":"closed","ping_status":"closed","template":"","meta":{"footnotes":""},"class_list":["post-50","page","type-page","status-publish","hentry"],"_links":{"self":[{"href":"https:\/\/wp.ufpel.edu.br\/residenciapedagogica\/wp-json\/wp\/v2\/pages\/50","targetHints":{"allow":["GET"]}}],"collection":[{"href":"https:\/\/wp.ufpel.edu.br\/residenciapedagogica\/wp-json\/wp\/v2\/pages"}],"about":[{"href":"https:\/\/wp.ufpel.edu.br\/residenciapedagogica\/wp-json\/wp\/v2\/types\/page"}],"author":[{"embeddable":true,"href":"https:\/\/wp.ufpel.edu.br\/residenciapedagogica\/wp-json\/wp\/v2\/users\/1039"}],"replies":[{"embeddable":true,"href":"https:\/\/wp.ufpel.edu.br\/residenciapedagogica\/wp-json\/wp\/v2\/comments?post=50"}],"version-history":[{"count":15,"href":"https:\/\/wp.ufpel.edu.br\/residenciapedagogica\/wp-json\/wp\/v2\/pages\/50\/revisions"}],"predecessor-version":[{"id":790,"href":"https:\/\/wp.ufpel.edu.br\/residenciapedagogica\/wp-json\/wp\/v2\/pages\/50\/revisions\/790"}],"wp:attachment":[{"href":"https:\/\/wp.ufpel.edu.br\/residenciapedagogica\/wp-json\/wp\/v2\/media?parent=50"}],"curies":[{"name":"wp","href":"https:\/\/api.w.org\/{rel}","templated":true}]}}