{"id":45,"date":"2020-07-22T15:18:16","date_gmt":"2020-07-22T18:18:16","guid":{"rendered":"https:\/\/wp.ufpel.edu.br\/residenciapedagogica\/?page_id=45"},"modified":"2022-06-24T16:10:09","modified_gmt":"2022-06-24T19:10:09","slug":"perguntas-e-respostas","status":"publish","type":"page","link":"https:\/\/wp.ufpel.edu.br\/residenciapedagogica\/perguntas-e-respostas\/","title":{"rendered":"Perguntas e Respostas (Edital 01\/2020 da CAPES) do Resid\u00eancia Pedag\u00f3gica"},"content":{"rendered":"<p><b>Programa Resid\u00eancia Pedag\u00f3gica na Universidade Federal de Pelotas (RP-UFPel) &#8211; Edital 01\/2020<\/b><\/p>\n<p><b>O que \u00e9 o Programa Resid\u00eancia Pedag\u00f3gica?<\/b><\/p>\n<p>O Programa de Resid\u00eancia Pedag\u00f3gica (RP) \u00e9 uma das a\u00e7\u00f5es que integram a Pol\u00edtica Nacional de Forma\u00e7\u00e3o de Professores e tem por objetivo induzir o aperfei\u00e7oamento da forma\u00e7\u00e3o pr\u00e1tica nos cursos de licenciatura, promovendo a imers\u00e3o do licenciando na escola de educa\u00e7\u00e3o b\u00e1sica, a partir da segunda metade de seu curso.<\/p>\n<p>Essa imers\u00e3o deve contemplar, entre outras atividades, reg\u00eancia de sala de aula e interven\u00e7\u00e3o pedag\u00f3gica acompanhadas por um professor da escola com experi\u00eancia na \u00e1rea de ensino do licenciando e orientadas por um docente da sua Institui\u00e7\u00e3o Formadora.<\/p>\n<p>A RP, articulada aos demais programas da Capes que comp\u00f5em a Pol\u00edtica Nacional, tem como premissa b\u00e1sica o entendimento de que a forma\u00e7\u00e3o de professores nos cursos de licenciatura deve assegurar aos seus egressos, habilidades e compet\u00eancias que lhes permitam realizar um ensino de qualidade nas escolas de educa\u00e7\u00e3o b\u00e1sica.<\/p>\n<p>Outras informa\u00e7\u00f5es dispon\u00edveis em:<a href=\"https:\/\/capes.gov.br\/educacao-basica\/programa-residencia-pedagogica\"> https:\/\/capes.gov.br\/educacao-basica\/programa-residencia-pedagogica<\/a>.<\/p>\n<p>&nbsp;<\/p>\n<p><b>Qual o Objetivo geral do Programa Resid\u00eancia Pedag\u00f3gica na UFPel?<\/b><\/p>\n<p>O Projeto Institucional do Programa de Resid\u00eancia Pedag\u00f3gica na UFPel visa\u00a0 aprimorar a forma\u00e7\u00e3o inicial de professores com base no planejamento de atividades de ensino que estimulem a articula\u00e7\u00e3o entre teoria e pr\u00e1tica nos cursos de licenciatura, promovendo a imers\u00e3o do licenciando nas escolas das redes p\u00fablicas de Educa\u00e7\u00e3o B\u00e1sica.<\/p>\n<p>&nbsp;<\/p>\n<p><b>Quais s\u00e3o os objetivos espec\u00edficos do RP na UFPel?<\/b><\/p>\n<p>I &#8211; incentivar a forma\u00e7\u00e3o de docentes em n\u00edvel superior para a educa\u00e7\u00e3o b\u00e1sica, oportunizando ao licenciando da UFPel o exerc\u00edcio, de forma ativa, da rela\u00e7\u00e3o entre teoria e pr\u00e1tica profissional docente;<\/p>\n<p>II &#8211; promover a adequa\u00e7\u00e3o dos curr\u00edculos e das propostas pedag\u00f3gicas dos cursos de Licenciatura \u00e0s orienta\u00e7\u00f5es da Base Nacional Comum Curricular (BNCC);<\/p>\n<p>III &#8211; fortalecer e ampliar a integra\u00e7\u00e3o entre a UFPel e as escolas p\u00fablicas de educa\u00e7\u00e3o b\u00e1sica para a forma\u00e7\u00e3o inicial de professores da educa\u00e7\u00e3o b\u00e1sica;<\/p>\n<p>IV &#8211; fortalecer o papel das redes de ensino na forma\u00e7\u00e3o de futuros professores;<\/p>\n<p>V &#8211; contribuir para a valoriza\u00e7\u00e3o do magist\u00e9rio e para o incentivo \u00e0 profiss\u00e3o docente;<\/p>\n<p>VI &#8211; inserir os licenciandos da UFPel no cotidiano de escolas da rede p\u00fablica de educa\u00e7\u00e3o, proporcionando-lhes oportunidades de elabora\u00e7\u00e3o e de participa\u00e7\u00e3o em experi\u00eancias metodol\u00f3gicas, tecnol\u00f3gicas e pr\u00e1ticas docentes de car\u00e1ter inovador e interdisciplinar que busquem a supera\u00e7\u00e3o de problemas identificados no processo de ensino-aprendizagem dos estudantes das escolas p\u00fablicas;<\/p>\n<p>VII &#8211; incentivar os professores das escolas p\u00fablicas de educa\u00e7\u00e3o b\u00e1sica a tornarem-se coformadores dos futuros docentes, permitindo-lhes um protagonismo ativo nos processos de forma\u00e7\u00e3o inicial para o magist\u00e9rio;<\/p>\n<p>VIII &#8211; contribuir para a articula\u00e7\u00e3o entre a teoria e a pr\u00e1tica necess\u00e1rias \u00e0 forma\u00e7\u00e3o dos residentes, elevando a qualidade das a\u00e7\u00f5es acad\u00eamicas nos cursos de Licenciatura;<\/p>\n<p>IX &#8211; apoiar os docentes das escolas em suas atividades cotidianas, auxiliando-os na implementa\u00e7\u00e3o de suas propostas pedag\u00f3gicas e incorporando-as ao planejamento de atividades dos licenciandos.<\/p>\n<p>X &#8211; colaborar com a forma\u00e7\u00e3o continuada dos professores das escolas parceiras;<\/p>\n<p>XI &#8211; qualificar a forma\u00e7\u00e3o inicial dos licenciandos, agregando saberes docentes aos est\u00e1gios supervisionados do curso [\u00e0 forma\u00e7\u00e3o dos futuros professores], ampliando a capacidade cr\u00edtico-reflexiva sobre a profiss\u00e3o docente, com apropria\u00e7\u00e3o das metodologias de ensino e de aprendizagem, com dom\u00ednio da leitura e da escrita, com maior compreens\u00e3o da din\u00e2mica do sistema escolar;<\/p>\n<p>XII \u2013 promover a elabora\u00e7\u00e3o de trabalhos escritos visando \u00e0 participa\u00e7\u00e3o em eventos e \u00e0 publica\u00e7\u00e3o de ensaios, artigos, cap\u00edtulos e livros; e<\/p>\n<p>XIII &#8211; atuar em conson\u00e2ncia com os princ\u00edpios que embasam a Pol\u00edtica Institucional da UFPel para a Forma\u00e7\u00e3o Inicial e Continuada de Professores da Educa\u00e7\u00e3o B\u00e1sica (Resolu\u00e7\u00e3o COCEPE N. 25\/2017).<\/p>\n<p>&nbsp;<\/p>\n<p><b>Escolas-campo, residente, preceptores e docente orientador?<\/b><\/p>\n<p>Essas s\u00e3o defini\u00e7\u00f5es dadas para a escolas parceiras, licenciandos, professores da escola e professores do ensino superior vinculados no Projeto Institucional e Subprojetos de \u00c1rea.<\/p>\n<p>Os bolsistas e volunt\u00e1rios atuam em atividades desenvolvida numa escola p\u00fablica de educa\u00e7\u00e3o b\u00e1sica, denominada escola-campo. O discente regularmente matriculado em curso de licenciatura \u00e9 denominado de residente (seja bolsista ou volunt\u00e1rio). Na escola-campo, o residente ser\u00e1 acompanhado por um professor da educa\u00e7\u00e3o b\u00e1sica, denominado preceptor. A orienta\u00e7\u00e3o do residente ser\u00e1 realizada por um docente da IES, denominado docente orientador (coordenador de \u00e1rea).<\/p>\n<p>&nbsp;<\/p>\n<p><b>Quem s\u00e3o os licenciandos participantes?<\/b><\/p>\n<p>A atua\u00e7\u00e3o conta com a resid\u00eancia de licenciados matriculados a partir do 5\u00ba semestre do Curso ou que tenham integralizado mais de 50% da carga-hor\u00e1ria do Curso.<\/p>\n<p>&nbsp;<\/p>\n<p><b>Como o Programa RP funciona?<\/b><\/p>\n<p>O RP est\u00e1 estruturado a partir das regras do Edital 01\/2020 (<a href=\"https:\/\/capes.gov.br\/images\/novo_portal\/editais\/editais\/06012020-Edital-1-2020-Resid%C3%AAncia-Pedag%C3%B3gica.pdf\">https:\/\/capes.gov.br\/images\/novo_portal\/editais\/editais\/06012020-Edital-1-2020-Resid%C3%AAncia-Pedag%C3%B3gica.pdf<\/a>) e a Portaria Gab. N\u00ba 259, de 17 de dezembro de 2019 (<a href=\"http:\/\/www.in.gov.br\/en\/web\/dou\/-\/portaria-n-259-de-17-dezembro-de-2019-234332362\">http:\/\/www.in.gov.br\/en\/web\/dou\/-\/portaria-n-259-de-17-dezembro-de-2019-234332362<\/a>) da CAPES, contemplando momentos de:<\/p>\n<p style=\"padding-left: 40px;\"><i>i) Ambienta\u00e7\u00e3o: <\/i>cujo objetivo \u00e9 possibilitar aos residentes vivenciar a rotina escolar para conhecer o funcionamento da escola e a cultura organizacional; acompanhar as atividades de planejamento pedag\u00f3gico;, identificar como \u00e9 realizada a articula\u00e7\u00e3o da escola com as fam\u00edlias e a comunidade, dentre outros aspectos;<\/p>\n<p style=\"padding-left: 40px;\"><i>ii) Observa\u00e7\u00e3o semiestruturada: <\/i>observa\u00e7\u00e3o em sala de aula a partir de um roteiro definido pelo residente juntamente com o docente orientador; e<\/p>\n<p style=\"padding-left: 40px;\"><i>iii) Reg\u00eancia:<\/i> elaborar planos de aula e ministrar conte\u00fados em sala de aula ou em oficinas tem\u00e1ticas na escola, com acompanhamento do preceptor.<\/p>\n<p>S\u00e3o<i> 3 m\u00f3dulos de 6 meses,<\/i> organizados em atividades cadastradas e coordenadas pelos participantes dos diferentes Subprojetos (N\u00facleos) vinculados ao Projeto Institucional do Resid\u00eancia Pedag\u00f3gica da UFPel e com normativas da UFPel.<\/p>\n<p>&nbsp;<\/p>\n<p><b>Qual a carga hor\u00e1ria e as a\u00e7\u00f5es de cada um dos m\u00f3dulos?<\/b><\/p>\n<p>O Projeto Institucional de Resid\u00eancia Pedag\u00f3gica da UFPel, com a vig\u00eancia de 18 meses, contar\u00e1 com a carga hor\u00e1ria total de 414 horas de atividades, organizadas em 3 m\u00f3dulos de seis meses, com carga hor\u00e1ria de <b>138 horas cada m\u00f3dulo<\/b>, como previsto no Edital N\u00ba 1\/2020 da CAPES.<\/p>\n<p>Os residentes dever\u00e3o participar, preferencialmente, dos tr\u00eas m\u00f3dulos do Projeto, os quais dever\u00e3o ser desenvolvidos em n\u00edveis crescentes de complexidade. Os m\u00f3dulos de 138 horas que comp\u00f5em o projeto de Resid\u00eancia Pedag\u00f3gica dever\u00e3o contemplar as seguintes atividades:<\/p>\n<p style=\"padding-left: 40px;\">a) 86 horas de<i> prepara\u00e7\u00e3o da equipe<\/i>, estudo sobre os conte\u00fados da \u00e1rea e sobre as metodologias de ensino; familiariza\u00e7\u00e3o com a atividade docente por meio da ambienta\u00e7\u00e3o na escola e da observa\u00e7\u00e3o semi-estruturada em sala de aula; elabora\u00e7\u00e3o de relat\u00f3rio do residente juntamente com o preceptor e o docente orientador; avalia\u00e7\u00e3o da experi\u00eancia, entre outras atividades;<\/p>\n<p style=\"padding-left: 40px;\">b) 12 horas de <i>elabora\u00e7\u00e3o de<\/i> projetos de ensino e planos de aula; e<\/p>\n<p style=\"padding-left: 40px;\">c) 40 horas de <i>reg\u00eancia<\/i> com acompanhamento do preceptor. A carga hor\u00e1ria total do projeto institucional dever\u00e1 ser distribu\u00edda ao longo dos meses de vig\u00eancia do projeto, de maneira que os participantes se comprometam com uma <i>dedica\u00e7\u00e3o mensal m\u00ednima de 23 horas<\/i> para melhor aproveitamento das atividades de resid\u00eancia pedag\u00f3gica.<\/p>\n<p><b><i>Al\u00e9m dessas a\u00e7\u00f5es de car\u00e1ter geral, cada subprojeto apresentar\u00e1 atividades e trabalhos espec\u00edficos com a finalidade de direcionar e complementar as peculiaridades de cada \u00e1rea de atua\u00e7\u00e3o.<\/i><\/b> Os participantes atuar\u00e3o em a\u00e7\u00f5es de ensino, planejamento e organiza\u00e7\u00e3o das atividades tanto na modalidade presencial, quanto na modalidade remota, conforme orienta\u00e7\u00f5es dos sistemas de Educa\u00e7\u00e3o e da Universidade.<\/p>\n<p>&nbsp;<\/p>\n<p><b>Qual n\u00edvel de Ensino o RP da UFPel pode atuar?<\/b><\/p>\n<p>O Projeto contempla o Ensino Fundamental e o Ensino M\u00e9dio, em escolas p\u00fablicas estaduais e municipais de Pelotas e Cap\u00e3o do Le\u00e3o.<\/p>\n<p>&nbsp;<\/p>\n<p><b>Como escolas e professores s\u00e3o selecionados(as)?<\/b><\/p>\n<p>As escolas de educa\u00e7\u00e3o b\u00e1sica e \u00e1reas precisam ser habilitadas pelas\u00a0 secretarias\u00a0 de educa\u00e7\u00e3o, ou \u00f3rg\u00e3o equivalente (SMED, CRE, IF), conforme a rela\u00e7\u00e3o de munic\u00edpios informada pelas IES em seus respectivos projetos institucionais. As secretarias devem observar,\u00a0 dentre outros,\u00a0 crit\u00e9rios referentes ao \u00cdndice\u00a0 de\u00a0 Desenvolvimento\u00a0 da\u00a0 Educa\u00e7\u00e3o\u00a0 &#8211;\u00a0 IDEB\u00a0 e\u00a0 a\u00a0 experi\u00eancias\u00a0 de\u00a0 ensino-aprendizagem bem sucedidas, conforme disposto no Decreto n\u00ba 7.219, de 24 de junho de 2010, art. 5\u00ba,\u00a0 \u00a72\u00ba, inciso VI.<\/p>\n<p>A escola precisa estar de acordo com demandas do Programa, assim como os professores devem atender aos crit\u00e9rios de sele\u00e7\u00e3o e participar do processo seletivo via Edital publicado na p\u00e1gina da Pr\u00f3-reitoria da UFPel (<a href=\"https:\/\/wp.ufpel.edu.br\/pre\/\">https:\/\/wp.ufpel.edu.br\/pre\/<\/a>) e na p\u00e1gina do Resid\u00eancia Pedag\u00f3gica (<a href=\"https:\/\/wp.ufpel.edu.br\/residenciapedagogica\/\">https:\/\/wp.ufpel.edu.br\/residenciapedagogica\/<\/a>).<\/p>\n<p>O trabalho nas escolas depende da aprova\u00e7\u00e3o do professor no processo seletivo, comprovando atendimento aos crit\u00e9rios do Edital da UFPel e do Edital 01 de RP da CAPES.<\/p>\n<p>&nbsp;<\/p>\n<p><b>Quais crit\u00e9rios para os professores interessados?<\/b><\/p>\n<p>Os professores necessitam atender os seguintes requisitos m\u00ednimos para a recebimento de bolsa de preceptor (RP):<\/p>\n<p>I &#8211; Ser aprovado no processo seletivo do Programa realizado pela IES (um edital p\u00fablico a ser divulgado na p\u00e1gina da UFPel);<\/p>\n<p>II &#8211; Possuir licenciatura na \u00e1rea do subprojeto (ou seja, se a \u00e1rea de candidatura da bolsa for em hist\u00f3ria, o professor precisa ter gradua\u00e7\u00e3o em Licenciatura em Hist\u00f3ria);<\/p>\n<p>III &#8211; Possuir experi\u00eancia m\u00ednima de 2 (dois) anos no magist\u00e9rio na educa\u00e7\u00e3o b\u00e1sica;<\/p>\n<p>IV &#8211; Ser professor na escola-campo e estar atuando em sala de aula em componente curricular correspondente \u00e0 habilita\u00e7\u00e3o concedida pelo curso que comp\u00f5e o subprojeto (ou seja, o professor precisa estar atuando em turmas como professor da disciplina). Os supervisores para \u00e1rea de pedagogia\/alfabetiza\u00e7\u00e3o dever\u00e3o estar atuando nos anos iniciais do ensino fundamental.<\/p>\n<p>V &#8211; Declarar que possui disponibilidade de tempo necess\u00e1rio para realizar as atividades previstas para sua atua\u00e7\u00e3o no projeto; e<\/p>\n<p>VI &#8211; Firmar termo de compromisso com a Capes, cujo formul\u00e1rio ser\u00e1 gerado no Sistema de controle de bolsas e aux\u00edlios (Scba), ap\u00f3s a aprova\u00e7\u00e3o no Edital de sele\u00e7\u00e3o. Para todas as modalidades, \u00e9 obrigat\u00f3rio cadastrar e manter atualizado o curr\u00edculo na Plataforma Capes de Educa\u00e7\u00e3o B\u00e1sica, dispon\u00edvel no endere\u00e7o eletr\u00f4nico, http:\/\/eb.capes.gov.br, que ser\u00e1 utilizado na veri\ufb01ca\u00e7\u00e3o dos requisitos para participa\u00e7\u00e3o no programa.<\/p>\n<p>&nbsp;<\/p>\n<p><b>Recebo algo com a vincula\u00e7\u00e3o como preceptor no RP?<\/b><\/p>\n<p>O professor selecionado para preceptor receber\u00e1 uma bolsa mensal no valor de R$ 765,00 (setecentos e sessenta e cinco reais). Para receber a bolsa o professor n\u00e3o poder\u00e1 receber bolsa por per\u00edodo superior a 96 meses em qualquer subprojeto ou edi\u00e7\u00e3o deste programa. Os participantes n\u00e3o poder\u00e3o atuar simultaneamente nos programas Pibid e Resid\u00eancia Pedag\u00f3gica, ainda que sem o recebimento de bolsa.<\/p>\n<p>\u00c9 vedado ao preceptor receber bolsa ou aux\u00edlio da Capes ou de outra institui\u00e7\u00e3o p\u00fablica de fomento ao ensino e pesquisa (FNDE, por exemplo). A participa\u00e7\u00e3o no Programa n\u00e3o caracteriza v\u00ednculo empregat\u00edcio.<\/p>\n<p>&nbsp;<\/p>\n<p><b>Sou discente de uma licenciatura da UFPel, como fa\u00e7o para participar como residente bolsista?<\/b><\/p>\n<p>Deve se inscrever e ser aprovado na sele\u00e7\u00e3o de bolsistas em Edital publicado na p\u00e1gina da Pr\u00f3-Reitoria da UFPel (<a href=\"https:\/\/wp.ufpel.edu.br\/pre\/\">https:\/\/wp.ufpel.edu.br\/pre\/<\/a>) e na p\u00e1gina do Resid\u00eancia Pedag\u00f3gica &#8211;<a href=\"https:\/\/wp.ufpel.edu.br\/residenciapedagogica\/\"> https:\/\/wp.ufpel.edu.br\/residenciapedagogica\/<\/a>. Haver\u00e1 ampla divulga\u00e7\u00e3o \u00e0s coordena\u00e7\u00f5es de Curso.<\/p>\n<p>A licenciando selecionado como bolsista receber\u00e1 uma bolsa mensal no valor de R$ 400,00 (quatrocentos reais). O bolsista pode atuar como residente por um per\u00edodo de 18 meses.<\/p>\n<p>&nbsp;<\/p>\n<p><b>O Licenciando, ap\u00f3s ter sido bolsista do Pibid, por 18 meses, pode ser bolsista no Resid\u00eancia?<\/b><\/p>\n<p>Sim! N\u00e3o s\u00f3 pode, como o projeto assume que deveria! A cota de 18 meses vale para o Programa que o licenciando atuou. Portanto, ap\u00f3s atuar 18 meses no Pibid, se ele se enquadra nos crit\u00e9rios de sele\u00e7\u00e3o, ele pode ser bolsista do Resid\u00eancia Pedag\u00f3gica.<\/p>\n<p>\u00c9 interessante pensar que um projeto complementa o outro, de modo que a expertise adquirida no PIBID pode-deve ser desenvolvida no Resid\u00eancia.<\/p>\n<p>&nbsp;<\/p>\n<p><b>Que banco e conta corrente \u00e9 aceita para pagamento dos Bolsistas do RP?<\/b><\/p>\n<p><b>\u00a0<\/b>A efetiva\u00e7\u00e3o do pagamento depende do cadastro da conta corrente no nome do Bolsista (preferencialmente no Banco do Brasil).<\/p>\n<p>Aten\u00e7\u00e3o! Conta poupan\u00e7a, conta digital, conta f\u00e1cil e conta conjunta geram rejei\u00e7\u00e3o da ordem banc\u00e1ria.<\/p>\n<p>Sugest\u00e3o para quem n\u00e3o tem conta, devido per\u00edodo sem atendimento presencial (devido pandemia): Abrir Conta F\u00e1cil (que \u00e9 digital) no App, ainda no App do Banco do Brasil, fazer upgrade para conta normal, colocando dados e anexos no App, e para garantir o funcionamento precisa um dep\u00f3sito de algum valor, para que conta esteja ativa. N\u00e3o deixe para fazer na \u00faltima hora.<\/p>\n<p>&nbsp;<\/p>\n<p><b>\u00a0O Resid\u00eancia pedag\u00f3gica equivale ao Est\u00e1gio Supervisionado?<\/b><\/p>\n<p>N\u00e3o. Tem atividades que se assemelham, inclusive algum dos coordenadores de \u00e1rea podem buscar articula\u00e7\u00f5es com o Est\u00e1gio, mas isso n\u00e3o significa ter equival\u00eancia ou dispensa dos Est\u00e1gios obrigat\u00f3rios do Curso. No entanto, a atua\u00e7\u00e3o no Projeto Resid\u00eancia Pedag\u00f3gica pode contar carga-hor\u00e1ria em atividades vinculadas com a carga-hor\u00e1ria do Curso (com an\u00e1lise pela Coordena\u00e7\u00e3o de curso e\/ou Colegiado).<\/p>\n<p>Os Cursos, de modo articulado ao Programa RP, devem fazer estudos no \u00e2mbito dos Cursos para analisar o modo como o Programa pode buscar o aproveitamento de cr\u00e9ditos no contexto de cada Curso de Licenciatura, na integraliza\u00e7\u00e3o curricular.<\/p>\n<p>&nbsp;<\/p>\n<p><b>Quais as atribui\u00e7\u00f5es das escolas-campo participantes?<\/b><\/p>\n<p>I &#8211; disponibilizar o ambiente escolar para o desenvolvimento das atividades dos programas;<\/p>\n<p>II &#8211; propiciar um ambiente acolhedor aos discentes para desenvolvimento das atividades pr\u00e1ticas e pedag\u00f3gicas previstas nos subprojetos;<\/p>\n<p>III &#8211; acompanhar e apoiar os professores selecionados no desenvolvimento das atividades dos programas;<\/p>\n<p>IV &#8211; comunicar \u00e0 Capes a ocorr\u00eancia de qualquer intercorr\u00eancia na execu\u00e7\u00e3o dos projetos;<\/p>\n<p>V &#8211; promover a divulga\u00e7\u00e3o de a\u00e7\u00f5es dos programas.<\/p>\n<p>&nbsp;<\/p>\n<p><b>Qual a fun\u00e7\u00e3o dos professores preceptores no Resid\u00eancia Pedag\u00f3gica?<\/b><\/p>\n<p>S\u00e3o atribui\u00e7\u00f5es dos docentes participantes como preceptores:<\/p>\n<p style=\"padding-left: 40px;\">a) \u00a0 \u00a0 \u00a0 participar do curso de forma\u00e7\u00e3o de preceptores;<\/p>\n<p style=\"padding-left: 40px;\">b) \u00a0 \u00a0 auxiliar o docente orientador na orienta\u00e7\u00e3o do residente quanto \u00e0 elabora\u00e7\u00e3o do seu Plano de Atividade;<\/p>\n<p style=\"padding-left: 40px;\">c) \u00a0 \u00a0 \u00a0 acompanhar e orientar as atividades do residente na escola-campo, zelando pelo cumprimento do Plano de Atividade;<\/p>\n<p style=\"padding-left: 40px;\">d) \u00a0 \u00a0 controlar a frequ\u00eancia do residente;<\/p>\n<p style=\"padding-left: 40px;\">e) \u00a0 \u00a0 informar ao docente orientador qualquer ocorr\u00eancia que implique o cancelamento ou suspens\u00e3o da bolsa do residente, quando houver;<\/p>\n<p style=\"padding-left: 40px;\">f) \u00a0 \u00a0 \u00a0 avaliar periodicamente o residente e emitir relat\u00f3rio de desempenho;<\/p>\n<p style=\"padding-left: 40px;\">g) \u00a0 \u00a0 \u00a0 reunir-se periodicamente com os residentes e outros preceptores, para socializar conhecimentos e experi\u00eancias;<\/p>\n<p style=\"padding-left: 40px;\">h) \u00a0 \u00a0 articular-se com a gest\u00e3o da escola e outros docentes visando criar na escola-campo um grupo colaborativo de preceptoria e socializa\u00e7\u00e3o de conhecimentos e experi\u00eancias;<\/p>\n<p style=\"padding-left: 40px;\">i) \u00a0 \u00a0 \u00a0 participar das atividades de acompanhamento e avalia\u00e7\u00e3o dos programas definidas pela Capes ou pela UFPel, colaborando com o aperfei\u00e7oamento do Programa e da pol\u00edtica de forma\u00e7\u00e3o de professores da educa\u00e7\u00e3o b\u00e1sica;<\/p>\n<p style=\"padding-left: 40px;\">j) \u00a0 \u00a0 \u00a0 participar da organiza\u00e7\u00e3o de semin\u00e1rios de forma\u00e7\u00e3o de professores para a educa\u00e7\u00e3o b\u00e1sica promovidos pela UFPel e\/ou pela Capes.<\/p>\n<p style=\"padding-left: 40px;\">k) \u00a0 \u00a0 \u00a0 atuar nas a\u00e7\u00f5es de ensino, planejamento e organiza\u00e7\u00e3o das atividades tanto na modalidade presencial, quanto na modalidade remota, conforme orienta\u00e7\u00f5es dos sistemas de Educa\u00e7\u00e3o e da Universidade.<\/p>\n<p>&nbsp;<\/p>\n<p><b>Qual a fun\u00e7\u00e3o dos licenciandos (Residentes) no RP?<\/b><\/p>\n<p>Os residentes contemplados pelo Programa de Resid\u00eancia Pedag\u00f3gica ter\u00e3o, obrigatoriamente, as seguintes atribui\u00e7\u00f5es:<\/p>\n<p style=\"padding-left: 40px;\">a) \u00a0 \u00a0 \u00a0 Cadastrar e manter atualizado seu curr\u00edculo na Plataforma Capes de Educa\u00e7\u00e3o B\u00e1sica, dispon\u00edvel no link http:\/\/eb.capes.gov.br, que ser\u00e1 utilizado para fins de comprova\u00e7\u00e3o dos requisitos para concess\u00e3o das bolsas;<\/p>\n<p style=\"padding-left: 40px;\">b) \u00a0 \u00a0 Desenvolver as a\u00e7\u00f5es definidas no Plano de atividades do n\u00facleo de Resid\u00eancia Pedag\u00f3gica;<\/p>\n<p style=\"padding-left: 40px;\">c) \u00a0 \u00a0 \u00a0 Elaborar os planos de aula sob a orienta\u00e7\u00e3o do docente orientador e do docente preceptor;<\/p>\n<p style=\"padding-left: 40px;\">d) \u00a0 \u00a0 Cumprir a carga hor\u00e1ria de resid\u00eancia estabelecida na Portaria CAPES n\u00ba 259\/2019 e no Edital CAPES n\u00ba 1\/2020;<\/p>\n<p style=\"padding-left: 40px;\">e) \u00a0 \u00a0 Registrar as atividades de Resid\u00eancia Pedag\u00f3gica em relat\u00f3rios ou portf\u00f3lios, entregando-os no prazo estabelecido pela CAPES;<\/p>\n<p style=\"padding-left: 40px;\">f) \u00a0 \u00a0 \u00a0 Participar das atividades de acompanhamento e das atividades de avalia\u00e7\u00e3o do Projeto RP, colaborando com o aperfei\u00e7oamento do Programa;<\/p>\n<p style=\"padding-left: 40px;\">g) \u00a0 \u00a0 \u00a0 Comunicar qualquer intercorr\u00eancia relevante \u00e0 consecu\u00e7\u00e3o das atividades do RP ao seu preceptor, ou ao seu docente orientador, ou ao coordenador institucional, ou \u00e0 CAPES, obedecendo essa hierarquia.<\/p>\n<p style=\"padding-left: 40px;\">h) \u00a0 \u00a0 atuar nas a\u00e7\u00f5es de ensino, planejamento e organiza\u00e7\u00e3o das atividades tanto na modalidade presencial, quanto na modalidade remota, conforme orienta\u00e7\u00f5es dos sistemas de Educa\u00e7\u00e3o e da Universidade.<\/p>\n<p><b>Posso abandonar o RP em qualquer momento?<\/b><\/p>\n<p>N\u00e3o. H\u00e1 necessidade de finalizar o M\u00f3dulo. Caso tenha de abandonar antes da finaliza\u00e7\u00e3o de UM dos M\u00f3dulos, <b>precisa ocorrer o ressarcimento dos valores recebidos.<\/b><\/p>\n<p>A n\u00e3o conclus\u00e3o do m\u00f3dulo pelo residente acarretar\u00e1 a obriga\u00e7\u00e3o de restituir os valores despendidos com a bolsa referente ao m\u00f3dulo n\u00e3o conclu\u00eddo, salvo se devidamente comprovados os seguintes motivos: desist\u00eancia do curso de licenciatura, trancamento de matr\u00edcula, mudan\u00e7a de curso, motivo de sa\u00fade, aprova\u00e7\u00e3o em sele\u00e7\u00e3o de outro programa para receber bolsa de maior valor, v\u00ednculo empregat\u00edcio e nomea\u00e7\u00e3o em concurso p\u00fablico.<\/p>\n<p>A substitui\u00e7\u00e3o de bolsistas na modalidade de residente somente poder\u00e1 ser realizada no in\u00edcio de cada m\u00f3dulo do projeto.<\/p>\n<p>Os residentes que conclu\u00edrem o curso de licenciatura, trancarem matr\u00edcula ou se desligarem do curso por qualquer motivo durante a execu\u00e7\u00e3o do projeto ter\u00e3o a bolsa cancelada, mesmo que tenham conclu\u00eddo a carga hor\u00e1ria da resid\u00eancia pedag\u00f3gica.<\/p>\n<p>&nbsp;<\/p>\n<p><b>O que \u00e9 vedado para o recebimento das Bolsas?<\/b><\/p>\n<p>\u00c9 vedado o recebimento de bolsa pelos participantes do projeto quando:<\/p>\n<p>I &#8211; for identificado d\u00e9bito de qualquer natureza com a Capes, inclusive no que se refere \u00e0 aus\u00eancia de presta\u00e7\u00e3o de contas relacionadas a outros programas, bolsas ou aux\u00edlios;<\/p>\n<p>II &#8211; as atividades do projeto estiverem formalmente suspensas;<\/p>\n<p>III &#8211; afastado do projeto por per\u00edodo superior a 14 (quatorze) dias;<\/p>\n<p>IV &#8211; j\u00e1 estiver recebendo bolsa ou aux\u00edlio da Capes ou de outra institui\u00e7\u00e3o p\u00fablica de fomento ao ensino e pesquisa;<\/p>\n<p>V &#8211; possuir rela\u00e7\u00e3o de parentesco em linha reta, colateral ou por afinidade de at\u00e9 3\u00ba grau com coordenadores institucionais, coordenadores de \u00e1rea ou docentes orientadores.<\/p>\n<ul>\n<li>1\u00ba Para efeito do disposto no inciso III, para as modalidades de bolsa previstas para docentes das IES e professores das escolas, quando estes estiverem em gozo de licen\u00e7a ou afastamento previstos na legisla\u00e7\u00e3o pertinente \u00e0 sua carreira por per\u00edodo superior a 14 (quatorze) dias devem, igualmente, afastar-se das atividades do projeto, mediante suspens\u00e3o ou cancelamento da bolsa, de acordo com o estabelecido nos arts. 56 e 58.<\/li>\n<li>2\u00ba N\u00e3o se aplica ao disposto no inciso IV, o recebimento de: I &#8211; bolsa do Prouni; II &#8211; bolsa ou aux\u00edlio de car\u00e1ter assistencial a alunos comprovadamente carentes, tais como bolsa perman\u00eancia ou do Programa Nacional de Assist\u00eancia Estudantil (PNAES), bolsa fam\u00edlia, dentre outras.<\/li>\n<\/ul>\n<p>&nbsp;<\/p>\n<p><b>O que \u00e9 e quando ocorre a suspens\u00e3o ou o cancelamento da Bolsa?<\/b><\/p>\n<p>Segundo Portaria da Capes :<\/p>\n<p>Art. 54 A suspens\u00e3o da bolsa consiste na paralisa\u00e7\u00e3o tempor\u00e1ria de seu pagamento e poder\u00e1 ser realizada pela Capes ou pela IES. Art. 55<\/p>\n<p>O cancelamento consiste na interrup\u00e7\u00e3o definitiva do pagamento do benef\u00edcio e poder\u00e1 ser determinada pela Capes ou pela IES.<\/p>\n<p>Art. 56<i> A bolsa ser\u00e1 suspensa nos seguintes casos: <\/i>I &#8211; afastamento das atividades do projeto por per\u00edodo superior a 14 (quatorze) dias e inferior a 1 (um) m\u00eas; II &#8211; suspens\u00e3o formal do projeto ou do subprojeto por motivos que inviabilizem a continuidade das atividades; III &#8211; averigua\u00e7\u00e3o de inobserv\u00e2ncia das obriga\u00e7\u00f5es e normas estabelecidas na portaria e no edital do programa; IV &#8211; averigua\u00e7\u00e3o de desempenho insatisfat\u00f3rio ou desabonador por parte do bolsista; V &#8211; averigua\u00e7\u00e3o de fraude.<\/p>\n<p>Art. 57 O per\u00edodo m\u00e1ximo de suspens\u00e3o da bolsa ser\u00e1 de at\u00e9 1 (um) m\u00eas, ap\u00f3s o qual a Capes poder\u00e1, mediante decis\u00e3o fundamentada, cancelar a concess\u00e3o, retomar o pagamento ou recomendar a substitui\u00e7\u00e3o do bolsista. Par\u00e1grafo \u00fanico. \u00c9 vedada a substitui\u00e7\u00e3o do bolsista durante o per\u00edodo em que a bolsa estiver suspensa.<\/p>\n<p>Art. 58 <i>O bolsista ter\u00e1 a bolsa cancelada nos seguintes casos:<\/i> I &#8211; afastamento das atividades do projeto por per\u00edodo superior a 1 (um) m\u00eas; II &#8211; inobserv\u00e2ncia das obriga\u00e7\u00f5es e normas estabelecidas nessa Portaria e nos editais dos programas; III &#8211; desempenho insatisfat\u00f3rio ou desabonador por parte do bolsista; IV &#8211; comprova\u00e7\u00e3o de fraude; V &#8211; trancamento de matr\u00edcula, abandono, desligamento ou conclus\u00e3o do curso, no caso de alunos de licenciatura; VI &#8211; caso o bolsista n\u00e3o retorne \u00e0s atividades do projeto, ap\u00f3s a decis\u00e3o da Capes na forma do art. 57; VII &#8211; encerramento do subprojeto ou projeto; VIII &#8211; t\u00e9rmino do prazo m\u00e1ximo de concess\u00e3o; IX &#8211; a pedido do bolsista.<\/p>\n<p>&nbsp;<\/p>\n<p><b>Quais Cursos envolvidos nas diferentes \u00e1reas do RP?<\/b><\/p>\n<p>Cursos de Licenciatura em:<\/p>\n<ul>\n<li>Artes Visuais;<\/li>\n<li>Ci\u00eancias Biol\u00f3gicas;<\/li>\n<li>Ci\u00eancias Sociais;<\/li>\n<li>Dan\u00e7a;<\/li>\n<li>Educa\u00e7\u00e3o F\u00edsica;<\/li>\n<li>Filosofia;<\/li>\n<li>F\u00edsica;<\/li>\n<li>Geografia;<\/li>\n<li>Hist\u00f3ria;<\/li>\n<li>Letras \u2013 Portugu\u00eas e Ingl\u00eas;<\/li>\n<li>Letras \u2013 Portugu\u00eas;<\/li>\n<li>Matem\u00e1tica;<\/li>\n<li>M\u00fasica;<\/li>\n<li>Pedagogia;<\/li>\n<li>Qu\u00edmica; e<\/li>\n<li>Teatro.<\/li>\n<\/ul>\n<p>Esses cursos s\u00e3o distribu\u00eddos entre 12 n\u00facleos, sendo alguns deles de car\u00e1ter interdisciplinar, por envolver mais de um Curso.<\/p>\n<p>&nbsp;<\/p>\n<p><b>Como funciona a distribui\u00e7\u00e3o de bolsas em cada uma das \u00e1reas do RP?<\/b><\/p>\n<p>S\u00e3o 12 n\u00facleos (ou subprojetos), distribu\u00eddos por \u00e1reas e n\u00famero de participantes, conforme Quadro 1.<\/p>\n<p><b>Quadro 01:<\/b> Distribui\u00e7\u00e3o de bolsistas e volunt\u00e1rios por N\u00facleo no RP<\/p>\n<table>\n<tbody>\n<tr>\n<td>Distribui\u00e7\u00e3o das vagas por n\u00facleo no RP<\/td>\n<td>N\u00famero de preceptores RP &#8211; prof. de escola<\/td>\n<td>N\u00famero de bolsistas RP \u2013 lic.<\/td>\n<td>N\u00famero de volunt\u00e1rios RP \u2013 lic.<\/td>\n<td>Coordenadores de \u00e1rea RP \u2013 Prof. Univ.<\/td>\n<\/tr>\n<tr>\n<td colspan=\"4\">\u00c1reas priorit\u00e1rias<\/td>\n<td><\/td>\n<\/tr>\n<tr>\n<td>Alfabetiza\u00e7\u00e3o &#8211; Pedagogia (1 n\u00facleo de RP);<\/td>\n<td>3<\/td>\n<td>24<\/td>\n<td>6<\/td>\n<td>1<\/td>\n<\/tr>\n<tr>\n<td>Biologia (1 RP);<\/td>\n<td>3<\/td>\n<td>24<\/td>\n<td>6<\/td>\n<td>1<\/td>\n<\/tr>\n<tr>\n<td>L\u00edngua Portuguesa (1 RP);<\/td>\n<td>3<\/td>\n<td>24<\/td>\n<td>6<\/td>\n<td>1<\/td>\n<\/tr>\n<tr>\n<td>Matem\u00e1tica (2 RP);<\/td>\n<td>4<\/td>\n<td>32<\/td>\n<td>8<\/td>\n<td>2<\/td>\n<\/tr>\n<tr>\n<td>F\u00edsica\/Qu\u00edmica (1 RP);<\/td>\n<td>1<\/td>\n<td>8<\/td>\n<td>2<\/td>\n<td>1<\/td>\n<\/tr>\n<tr>\n<td colspan=\"4\">\u00c1reas Gerais<\/td>\n<td><\/td>\n<\/tr>\n<tr>\n<td>Sociologia\/Filosofia (1 RP);<\/td>\n<td>3<\/td>\n<td>24<\/td>\n<td>6<\/td>\n<td>1<\/td>\n<\/tr>\n<tr>\n<td>Educa\u00e7\u00e3o F\u00edsica (1 RP);<\/td>\n<td>3<\/td>\n<td>24<\/td>\n<td>6<\/td>\n<td>1<\/td>\n<\/tr>\n<tr>\n<td>Geografia (1 RP);<\/td>\n<td>2<\/td>\n<td>16<\/td>\n<td>4<\/td>\n<td>1<\/td>\n<\/tr>\n<tr>\n<td>Hist\u00f3ria (1 RP);<\/td>\n<td>3<\/td>\n<td>24<\/td>\n<td>6<\/td>\n<td>1<\/td>\n<\/tr>\n<tr>\n<td>L\u00edngua Inglesa (1 RP);<\/td>\n<td>2<\/td>\n<td>16<\/td>\n<td>4<\/td>\n<td>1<\/td>\n<\/tr>\n<tr>\n<td>Arte &#8211; Artes Visuais, Dan\u00e7a, Teatro e M\u00fasica (1 RP).<\/td>\n<td>3<\/td>\n<td>24<\/td>\n<td>6<\/td>\n<td>1<\/td>\n<\/tr>\n<tr>\n<td>Total (12 n\u00facleos)<\/td>\n<td>30<\/td>\n<td>240<\/td>\n<td>60<\/td>\n<td>12 (10 bolsistas e 2 volunt\u00e1rios)<\/td>\n<\/tr>\n<\/tbody>\n<\/table>\n<p>&nbsp;<\/p>\n<p><b>Como funciona a orienta\u00e7\u00e3o e cada uma das \u00e1reas dos N\u00facleos (ou Subprojetos)?<\/b><\/p>\n<p>Eles t\u00eam autonomia de organiza\u00e7\u00e3o, sempre respeitando as quest\u00f5es gerais que orientam o Programa (Edital 01\/2020 da Capes e Normativas do Programa &#8211;<a href=\"https:\/\/capes.gov.br\/educacao-basica\/programa-residencia-pedagogica\"> https:\/\/capes.gov.br\/educacao-basica\/programa-residencia-pedagogica<\/a>) e o Programa institucional, sendo as orienta\u00e7\u00f5es conduzidas pelo Coordenador de \u00e1rea. A equipe do Programa RP est\u00e1 dispon\u00edvel em <a href=\"https:\/\/wp.ufpel.edu.br\/residenciapedagogica\/equipe\/\">https:\/\/wp.ufpel.edu.br\/residenciapedagogica\/equipe\/<\/a><\/p>\n","protected":false},"excerpt":{"rendered":"<p>Programa Resid\u00eancia Pedag\u00f3gica na Universidade Federal de Pelotas (RP-UFPel) &#8211; Edital 01\/2020 O que \u00e9 o Programa Resid\u00eancia Pedag\u00f3gica? O Programa de Resid\u00eancia Pedag\u00f3gica (RP) \u00e9 uma das a\u00e7\u00f5es que integram a Pol\u00edtica Nacional de Forma\u00e7\u00e3o de Professores e tem por objetivo induzir o aperfei\u00e7oamento da forma\u00e7\u00e3o pr\u00e1tica nos cursos de licenciatura, promovendo a imers\u00e3o [&hellip;]<\/p>\n","protected":false},"author":1039,"featured_media":0,"parent":0,"menu_order":0,"comment_status":"closed","ping_status":"closed","template":"","meta":{"footnotes":""},"class_list":["post-45","page","type-page","status-publish","hentry"],"_links":{"self":[{"href":"https:\/\/wp.ufpel.edu.br\/residenciapedagogica\/wp-json\/wp\/v2\/pages\/45","targetHints":{"allow":["GET"]}}],"collection":[{"href":"https:\/\/wp.ufpel.edu.br\/residenciapedagogica\/wp-json\/wp\/v2\/pages"}],"about":[{"href":"https:\/\/wp.ufpel.edu.br\/residenciapedagogica\/wp-json\/wp\/v2\/types\/page"}],"author":[{"embeddable":true,"href":"https:\/\/wp.ufpel.edu.br\/residenciapedagogica\/wp-json\/wp\/v2\/users\/1039"}],"replies":[{"embeddable":true,"href":"https:\/\/wp.ufpel.edu.br\/residenciapedagogica\/wp-json\/wp\/v2\/comments?post=45"}],"version-history":[{"count":12,"href":"https:\/\/wp.ufpel.edu.br\/residenciapedagogica\/wp-json\/wp\/v2\/pages\/45\/revisions"}],"predecessor-version":[{"id":531,"href":"https:\/\/wp.ufpel.edu.br\/residenciapedagogica\/wp-json\/wp\/v2\/pages\/45\/revisions\/531"}],"wp:attachment":[{"href":"https:\/\/wp.ufpel.edu.br\/residenciapedagogica\/wp-json\/wp\/v2\/media?parent=45"}],"curies":[{"name":"wp","href":"https:\/\/api.w.org\/{rel}","templated":true}]}}