{"id":36,"date":"2020-07-22T15:08:39","date_gmt":"2020-07-22T18:08:39","guid":{"rendered":"https:\/\/wp.ufpel.edu.br\/residenciapedagogica\/?page_id=36"},"modified":"2024-03-06T14:30:10","modified_gmt":"2024-03-06T17:30:10","slug":"equipe","status":"publish","type":"page","link":"https:\/\/wp.ufpel.edu.br\/residenciapedagogica\/equipe\/","title":{"rendered":"Equipe"},"content":{"rendered":"<p><b>E-mail do Programa Resid\u00eancia Pedag\u00f3gica (RP) da UFPel<\/b> &#8211; residenciapedagogica@ufpel.edu.br<\/p>\n<p><b>Coordenador Institucional<\/b>: <span style=\"font-size: 10pt;\">F\u00c1BIO ANDR\u00c9 SANGIOGO &#8211;\u00a0fabiosangiogo@gmail.com<\/span><\/p>\n<p><strong>Bolsista de Ensino: <\/strong>Jo\u00e3o Pedro da Cunha Machado &#8211; jpmachadodacunha@gmail.com (de maio a dezembro de 2023).<\/p>\n<p><strong>Bolsista de Ensino:<\/strong> Theo Roscoff &#8211; theolahorgueroscoff@gmail.com (de maio a dezembro de 2022).<\/p>\n<p>&nbsp;<\/p>\n<h3>Equipe de trabalho do Edital 24\/2022 do PRP\/UFPel <strong>\u2013 2022-2024 <\/strong><\/h3>\n<table style=\"height: 915px; width: 780px;\" width=\"566\">\n<tbody>\n<tr style=\"height: 33px;\">\n<td style=\"height: 33px; width: 225px;\" width=\"104\"><strong>\u00c1rea\/curso<\/strong><\/td>\n<td style=\"height: 33px; width: 341px;\" width=\"246\"><strong>Nome do Docente orientador<\/strong><\/td>\n<td style=\"height: 33px; width: 256px;\" width=\"217\"><strong>Contato<\/strong><\/td>\n<\/tr>\n<tr style=\"height: 12px;\">\n<td style=\"height: 12px; width: 225px;\" width=\"104\"><strong>Arte &#8211; <\/strong>Dan\u00e7a\/ Teatro<\/td>\n<td style=\"height: 12px; width: 341px;\" width=\"246\">Maria Am\u00e9lia Gimmler Netto*<\/td>\n<td style=\"height: 12px; width: 256px;\" width=\"217\">mamelianetto@gmail.com<\/td>\n<\/tr>\n<tr style=\"height: 58px;\">\n<td style=\"height: 30px; width: 225px;\" width=\"104\"><strong>Arte &#8211; <\/strong>Dan\u00e7a\/ Teatro<\/td>\n<td style=\"height: 30px; width: 341px;\" width=\"246\">Marco Aurelio da Cruz Souza<\/td>\n<td style=\"height: 30px; width: 256px;\" width=\"217\">marcoaurelio.souzamarco@gmail.com<\/td>\n<\/tr>\n<tr style=\"height: 30px;\">\n<td style=\"height: 10px; width: 225px;\" width=\"104\"><strong>Arte <\/strong>&#8211; Artes visuais\/ M\u00fasica<\/td>\n<td style=\"height: 10px; width: 341px;\" width=\"246\">Liz\u00e2ngela Torres da Silva Martins Costa<\/td>\n<td style=\"height: 10px; width: 256px;\" width=\"217\">lizangelatorres@gmail.com<\/td>\n<\/tr>\n<tr style=\"height: 84px;\">\n<td style=\"height: 10px; width: 225px;\" width=\"104\"><strong>Arte <\/strong>&#8211; Artes visuais\/ M\u00fasica<\/td>\n<td style=\"height: 10px; width: 341px;\" width=\"246\">Luciana Elisa Lozada Ten\u00f3rio<\/td>\n<td style=\"height: 10px; width: 256px;\" width=\"217\">lucianaelozada@gmail.com<\/td>\n<\/tr>\n<tr style=\"height: 37px;\">\n<td style=\"height: 20px; width: 225px;\" width=\"104\"><strong>Biologia<\/strong><\/td>\n<td style=\"height: 20px; width: 341px;\" width=\"246\">Vera Lucia Bobrowski<\/td>\n<td style=\"height: 20px; width: 256px;\" width=\"217\">vera.bobrowski@gmail.com<\/td>\n<\/tr>\n<tr style=\"height: 56px;\">\n<td style=\"height: 16px; width: 225px;\" width=\"104\"><strong>Ci\u00eancias Sociais<\/strong><\/td>\n<td style=\"height: 16px; width: 341px;\" width=\"246\">Vera L\u00facia dos Santos Schwarz<\/td>\n<td style=\"height: 16px; width: 256px;\" width=\"217\">vlsschwarz@gmail.com<\/td>\n<\/tr>\n<tr style=\"height: 44px;\">\n<td style=\"height: 23px; width: 225px;\" width=\"104\"><strong>Educa\u00e7\u00e3o F\u00edsica<\/strong><\/td>\n<td style=\"height: 23px; width: 341px;\" width=\"246\">Marcelo Silva da Silva<\/td>\n<td style=\"height: 23px; width: 256px;\" width=\"217\">marcelosilva.ufpel@gmail.com<\/td>\n<\/tr>\n<tr style=\"height: 37px;\">\n<td style=\"height: 22px; width: 225px;\" width=\"104\"><strong>Filosofia<\/strong><\/td>\n<td style=\"height: 22px; width: 341px;\" width=\"246\">S\u00f4nia Maria Schio<\/td>\n<td style=\"height: 22px; width: 256px;\" width=\"217\">soniaschio@hotmail.com<\/td>\n<\/tr>\n<tr style=\"height: 29px;\">\n<td style=\"height: 17px; width: 225px;\" width=\"104\"><strong>F\u00edsica<\/strong><\/td>\n<td style=\"height: 17px; width: 341px;\" width=\"246\">Rafael Cavagnoli<\/td>\n<td style=\"height: 17px; width: 256px;\" width=\"217\">rafabrasil2@gmail.com<\/td>\n<\/tr>\n<tr style=\"height: 62px;\">\n<td style=\"height: 10px; width: 225px;\" width=\"104\"><strong>Geografia<\/strong><\/td>\n<td style=\"height: 10px; width: 341px;\" width=\"246\">C\u00e9sar Augusto Ferrari Martinez*<\/td>\n<td style=\"height: 10px; width: 256px;\" width=\"217\">cesarfmartinez@yahoo.com.br<\/td>\n<\/tr>\n<tr style=\"height: 58px;\">\n<td style=\"height: 29px; width: 225px;\" width=\"104\"><strong>Geografia<\/strong><\/td>\n<td style=\"height: 29px; width: 341px;\" width=\"246\">Bruno Nunes Batista<\/td>\n<td style=\"height: 29px; width: 256px;\" width=\"217\">batistabrunonunes@gmail.com<\/td>\n<\/tr>\n<tr style=\"height: 44px;\">\n<td style=\"height: 16px; width: 225px;\" width=\"104\"><strong>Hist\u00f3ria<\/strong><\/td>\n<td style=\"height: 16px; width: 341px;\" width=\"246\">Lisiane Sias Manke<\/td>\n<td style=\"height: 16px; width: 256px;\" width=\"217\">lisianemanke@yahoo.com.br<\/td>\n<\/tr>\n<tr style=\"height: 54px;\">\n<td style=\"height: 29px; width: 225px;\" width=\"104\"><strong>L\u00edngua Portuguesa<\/strong><\/td>\n<td style=\"height: 29px; width: 341px;\" width=\"246\">Karina Giacomelli<\/td>\n<td style=\"height: 29px; width: 256px;\" width=\"217\">karina.giacomelli@gmail.com<\/td>\n<\/tr>\n<tr style=\"height: 56px;\">\n<td style=\"height: 24px; width: 225px;\" width=\"104\"><strong>L\u00edngua Inglesa<\/strong><\/td>\n<td style=\"height: 24px; width: 341px;\" width=\"246\">Eduardo Marks de Marques<\/td>\n<td style=\"height: 24px; width: 256px;\" width=\"217\">\u00a0eduardo.marks@ufpel.edu.br<\/td>\n<\/tr>\n<tr style=\"height: 38px;\">\n<td style=\"height: 14px; width: 225px;\" width=\"104\"><strong>Matem\u00e1tica <\/strong><\/td>\n<td style=\"height: 14px; width: 341px;\" width=\"246\">Sabrina Bobsin Salazar<\/td>\n<td style=\"height: 14px; width: 256px;\" width=\"217\">sabrina.salazar@ufpel.edu.br<\/td>\n<\/tr>\n<tr style=\"height: 56px;\">\n<td style=\"height: 35px; width: 225px;\" width=\"104\"><strong>Pedagogia <\/strong>(Matem\u00e1tica)<\/td>\n<td style=\"height: 35px; width: 341px;\" width=\"246\">Luiz Alberto Brettas<\/td>\n<td style=\"height: 35px; width: 256px;\" width=\"217\">l.a.brettas@gmail.com<\/td>\n<\/tr>\n<tr style=\"height: 71px;\">\n<td style=\"height: 23px; width: 225px;\" width=\"104\"><strong>Pedagogia<\/strong> (Ci\u00eancias)<\/td>\n<td style=\"height: 23px; width: 341px;\" width=\"246\">Maria Simone Debacco<\/td>\n<td style=\"height: 23px; width: 256px;\" width=\"217\">msdebacco@gmail.com<\/td>\n<\/tr>\n<tr style=\"height: 56px;\">\n<td style=\"height: 26px; width: 225px;\" width=\"104\"><strong>Qu\u00edmica<\/strong><\/td>\n<td style=\"height: 26px; width: 341px;\" width=\"246\">Alessandro Cury Soares<\/td>\n<td style=\"height: 26px; width: 256px;\" width=\"217\">\u00a0alessandro.soares@ufpel.edu.br<\/td>\n<\/tr>\n<\/tbody>\n<\/table>\n<p>*V\u00ednculo encerrado durante a vig\u00eancia do Edital 24\/2022.<\/p>\n<p>&nbsp;<\/p>\n<p><strong>Quadro 01: Rela\u00e7\u00e3o de Escola, preceptor e \u00e1rea de atua\u00e7\u00e3o do RP-UFPel \u2013 Edi\u00e7\u00e3o 2022<\/strong><\/p>\n<table style=\"width: 779px;\" width=\"595\">\n<tbody>\n<tr style=\"height: 24px;\">\n<td style=\"width: 352px; height: 24px;\" width=\"264\"><strong>\u00a0 Escola-campo do PRP\/UFPel<\/strong><\/td>\n<td style=\"width: 427px; height: 24px;\" width=\"331\"><strong>\u00a0 Preceptor e \u00c1rea\/Disciplina<\/strong><\/td>\n<\/tr>\n<tr style=\"height: 237px;\">\n<td style=\"width: 352px; height: 237px;\" width=\"264\">\n<p>&nbsp;<\/p>\n<p>&nbsp;<\/p>\n<p>1)\u00a0\u00a0\u00a0\u00a0\u00a0\u00a0\u00a0\u00a0 Col\u00e9gio Municipal Pelotense<\/p>\n<p>&nbsp;<\/p>\n<p>&nbsp;<\/p>\n<p>&nbsp;<\/td>\n<td style=\"width: 427px; height: 237px;\" width=\"331\">\n<p>Ana Claudia Safons Soares (Arte &#8211; Visuais);<\/p>\n<p>Rodrigo Merenda Puerto (Arte &#8211; M\u00fasica);<\/p>\n<p>Rosana Botelho Gon\u00e7alves Ostermann (Hist\u00f3ria);<\/p>\n<p>Aline Colvara de Almeida Pinheiro (Qu\u00edmica);<\/p>\n<p>F\u00e1bio Pereira e Silva (Ingl\u00eas);<\/p>\n<p>Ubirat\u00e3 Duarte Terres (Filosofia);<\/td>\n<\/tr>\n<tr style=\"height: 136px;\">\n<td style=\"width: 352px; height: 136px;\" width=\"264\">\n<p>2)\u00a0\u00a0\u00a0\u00a0\u00a0\u00a0\u00a0\u00a0 EMEF DR. M\u00e1rio Meneghetti<\/p>\n<p>&nbsp;<\/td>\n<td style=\"width: 427px; height: 136px;\" width=\"331\">\n<p>Tais Chaves Prestes (Arte &#8211; dan\u00e7a);<\/p>\n<p>Andr\u00e9ia Cristina de Souza Lang Vilela (Arte &#8211; m\u00fasica. at\u00e9 29\/02\/24, depois transferida para\u00a0Emef Dr Brum de Azeredo);<\/p>\n<p>Tatiana Afonso da Costa (Educa\u00e7\u00e3o F\u00edsica);<\/td>\n<\/tr>\n<tr style=\"height: 78px;\">\n<td style=\"width: 352px; height: 78px;\" width=\"264\">3)\u00a0\u00a0\u00a0\u00a0\u00a0\u00a0\u00a0\u00a0 EMEF Francisco Caruccio<\/td>\n<td style=\"width: 427px; height: 78px;\" width=\"331\">\n<p>Solange de Oliveira (Geografia);<\/p>\n<p>S\u00edlvia Raquel Islab\u00e3o da Silveira (Matem\u00e1tica);<\/td>\n<\/tr>\n<tr style=\"height: 96px;\">\n<td style=\"width: 352px; height: 96px;\" width=\"264\">\n<p>4)\u00a0\u00a0\u00a0\u00a0\u00a0\u00a0\u00a0\u00a0 EMEF Cec\u00edlia Meireles<\/p>\n<p>&nbsp;<\/td>\n<td style=\"width: 427px; height: 96px;\" width=\"331\">\n<p>Shana Monte Pereira Ramos (Geografia);<\/p>\n<p>Amanda Machado de Vasconcelos (Portugu\u00eas), encerrado em 30\/06\/2023;<\/td>\n<\/tr>\n<tr style=\"height: 136px;\">\n<td style=\"width: 352px; height: 136px;\" width=\"264\">\n<p>5)\u00a0\u00a0\u00a0\u00a0\u00a0\u00a0\u00a0\u00a0 EMEF Olavo Bilac<\/p>\n<p>&nbsp;<\/td>\n<td style=\"width: 427px; height: 136px;\" width=\"331\">\n<p>Nauita Martins Meireles (Arte &#8211; visuais);<\/p>\n<p>Andler Kimura Pinto (Geografia);<\/p>\n<p>Carim Luciane da Silva Rodrigues (Ingl\u00eas);<\/td>\n<\/tr>\n<tr style=\"height: 24px;\">\n<td style=\"width: 352px; height: 24px;\" width=\"264\">6)\u00a0\u00a0\u00a0\u00a0\u00a0\u00a0\u00a0\u00a0 EMEF Ministro Fernando Os\u00f3rio<\/td>\n<td style=\"width: 427px; height: 24px;\" width=\"331\">Simone Weber Cardoso Schneider (Hist\u00f3ria);<\/td>\n<\/tr>\n<tr style=\"height: 24px;\">\n<td style=\"width: 352px; height: 24px;\" width=\"264\">7)\u00a0\u00a0\u00a0\u00a0\u00a0\u00a0\u00a0\u00a0 EM C\u00edrculo Oper\u00e1rio Pelotense<\/td>\n<td style=\"width: 427px; height: 24px;\" width=\"331\">Fabiane Rodrigues Viana (Matem\u00e1tica);<\/td>\n<\/tr>\n<tr style=\"height: 24px;\">\n<td style=\"width: 352px; height: 24px;\" width=\"264\">8)\u00a0\u00a0\u00a0\u00a0\u00a0\u00a0\u00a0\u00a0 EMEF Nossa Senhora do Carmo<\/td>\n<td style=\"width: 427px; height: 24px;\" width=\"331\">Suelen Borges Loth Correa (Pedagogia) &#8211; encerrado em 28\/02\/2023;<\/td>\n<\/tr>\n<tr style=\"height: 96px;\">\n<td style=\"width: 352px; height: 96px;\" width=\"264\">\n<p>9)\u00a0\u00a0\u00a0\u00a0\u00a0\u00a0\u00a0\u00a0 EMEF Osvaldo Cruz<\/p>\n<p>&nbsp;<\/td>\n<td style=\"width: 427px; height: 96px;\" width=\"331\">\n<p>Arita Mendes Duarte (Pedagogia);<\/p>\n<p>Eliane Souza Rodrigues Soares (Pedagogia);<\/td>\n<\/tr>\n<tr style=\"height: 89px;\">\n<td style=\"width: 352px; height: 89px;\" width=\"264\">\n<p>10)\u00a0\u00a0\u00a0\u00a0 IEE Assis Brasil<\/p>\n<p>&nbsp;<\/td>\n<td style=\"width: 427px; height: 89px;\" width=\"331\">\n<p>Lenon Morales Abeijon (Biologia);<\/p>\n<p>Carlos Henrique Carvalho dos Santos (Arte &#8211; M\u00fasica);<\/p>\n<p>Fernando Nora do Ros\u00e1rio (Sociologia);<\/p>\n<p>Silvia Regina Andre Ferreira da Cruz (Pedagogia), com in\u00edcio em 03\/2023;<\/p>\n<p>Lidiane Oliveira Antunes (Biologia), com in\u00edcio em 08\/2023<\/td>\n<\/tr>\n<tr style=\"height: 24px;\">\n<td style=\"width: 352px; height: 24px;\" width=\"264\">11)\u00a0\u00a0\u00a0\u00a0 EEEM Cel. Pedro Os\u00f3rio<\/td>\n<td style=\"width: 427px; height: 24px;\" width=\"331\">Maria Laura Resem Brizio Gomes (Educa\u00e7\u00e3o F\u00edsica);<\/td>\n<\/tr>\n<tr style=\"height: 73px;\">\n<td style=\"width: 352px; height: 73px;\" width=\"264\">\n<p>12)\u00a0\u00a0\u00a0\u00a0 EEEF Dr. Francisco Sim\u00f5es<\/p>\n<p>&nbsp;<\/td>\n<td style=\"width: 427px; height: 73px;\" width=\"331\">\n<p>Aline da Silveira Morales (L\u00edngua Portuguesa), com in\u00edcio em 07\/2023<\/p>\n<p>Jussara Senna Costa Duarte (Portugu\u00eas);<\/p>\n<p>Sabrina Radunz da Silva Bauer (Pedagogia);<\/td>\n<\/tr>\n<tr style=\"height: 24px;\">\n<td style=\"width: 352px; height: 24px;\" width=\"264\">13)\u00a0\u00a0\u00a0\u00a0 EEEF Nossa Senhora dos Navegantes<\/td>\n<td style=\"width: 427px; height: 24px;\" width=\"331\">Daniel Sias da Silva (Hist\u00f3ria);<\/td>\n<\/tr>\n<tr style=\"height: 24px;\">\n<td style=\"width: 352px; height: 24px;\" width=\"264\">14)\u00a0\u00a0\u00a0\u00a0 Col\u00e9gio Estadual Dom Jo\u00e3o Braga<\/td>\n<td style=\"width: 427px; height: 24px;\" width=\"331\">Adriane da Concei\u00e7\u00e3o Oliveira (Qu\u00edmica);<\/td>\n<\/tr>\n<tr style=\"height: 24px;\">\n<td style=\"width: 352px; height: 24px;\" width=\"264\">15)\u00a0\u00a0\u00a0\u00a0 EEEM Santa Rita<\/td>\n<td style=\"width: 427px; height: 24px;\" width=\"331\">Greice de Almeida Schiavon (Biologia);<\/td>\n<\/tr>\n<tr style=\"height: 149px;\">\n<td style=\"width: 352px; height: 149px;\" width=\"264\">\n<p>&nbsp;<\/p>\n<p>16) Col\u00e9gio Estadual Cassiano do Nascimento<\/p>\n<p>&nbsp;<\/p>\n<p>&nbsp;<\/td>\n<td style=\"width: 427px; height: 149px;\" width=\"331\">\n<p>Ernanda de Oliveira Garcia (Educa\u00e7\u00e3o F\u00edsica);<\/p>\n<p>Gabriela Lamas Soca Bernardi (Ingl\u00eas);<\/p>\n<p>Robson Bauer Zilli (Sociologia);<\/p>\n<p>Daniele Galv\u00e3o Mathias (Matem\u00e1tica);<\/td>\n<\/tr>\n<tr style=\"height: 24px;\">\n<td style=\"width: 352px; height: 24px;\" width=\"264\">17)\u00a0\u00a0\u00a0\u00a0 EEEM Monsenhor Queiroz<\/td>\n<td style=\"width: 427px; height: 24px;\" width=\"331\">Tatiane Pacheco Fernandes (Biologia) &#8211; encerrado em 31\/07\/2023<\/td>\n<\/tr>\n<tr style=\"height: 24px;\">\n<td style=\"width: 352px; height: 24px;\" width=\"264\">18)\u00a0\u00a0\u00a0\u00a0 EE Professora Zilda Morrone<\/td>\n<td style=\"width: 427px; height: 24px;\" width=\"331\">Monalisa Rodrigues Pereira (Pedagogia);<\/td>\n<\/tr>\n<tr style=\"height: 24px;\">\n<td style=\"width: 352px; height: 24px;\" width=\"264\">19)\u00a0\u00a0\u00a0 ETE Professora Sylvia Mello<\/td>\n<td style=\"width: 427px; height: 24px;\" width=\"331\">Ronaldo Luis Goulart Campello (Pedagogia);<\/td>\n<\/tr>\n<tr style=\"height: 24px;\">\n<td style=\"width: 352px; height: 24px;\" width=\"264\">20)\u00a0\u00a0\u00a0 IF Sul-rio-grandense \u2013 Pelotas<\/td>\n<td style=\"width: 427px; height: 24px;\" width=\"331\">Daniel Flach (F\u00edsica);<\/td>\n<\/tr>\n<tr style=\"height: 24px;\">\n<td style=\"width: 352px; height: 24px;\" width=\"264\">21)\u00a0\u00a0\u00a0 IF Sul-rio-grandense \u2013 Visconde da Gra\u00e7a<\/td>\n<td style=\"width: 427px; height: 24px;\" width=\"331\">Cristiane Silveira dos Santos (Portugu\u00eas).<\/td>\n<\/tr>\n<\/tbody>\n<\/table>\n<p>22) Emef Dr Brum de Azeredo\u00a0 \u00a0 \u00a0 \u00a0 \u00a0 \u00a0 \u00a0 \u00a0 \u00a0 \u00a0 \u00a0 \u00a0 \u00a0 \u00a0 \u00a0 \u00a0 Andr\u00e9ia Cristina de Souza Lang Vilela (Arte &#8211; in\u00edcio em<\/p>\n<p>01\/03\/2024, devido transfer\u00eancia de escola).<\/p>\n<p>&nbsp;<\/p>\n<p><strong>Equipe de trabalho do Edital 2020-2022<\/strong><\/p>\n<h3 style=\"text-align: left;\"><b>\u00c1reas e Coordenadores de \u00e1rea nos Subprojetos do RP<\/b><\/h3>\n<p><b>Alfabetiza\u00e7\u00e3o &#8211; Pedagogia<\/b><\/p>\n<p style=\"padding-left: 40px;\"><span style=\"font-size: 10pt;\">GILCEANE CAETANO PORTO &#8211; gilceanep@gmail.com<\/span><\/p>\n<p style=\"padding-left: 40px;\"><span style=\"font-size: 10pt;\">MARTA NORNBERG<\/span><\/p>\n<p style=\"padding-left: 40px;\"><span style=\"font-size: 10pt;\">MAURO AUGUSTO BURKERT DEL PINO<\/span><\/p>\n<p><b>Arte &#8211; Artes Visuais, Dan\u00e7a, Teatro e M\u00fasica:<\/b><\/p>\n<p><span style=\"font-size: 10pt;\">\u00a0 \u00a0 \u00a0 \u00a0 \u00a0 \u00a0<span style=\"font-family: arial, helvetica, sans-serif;\"> Andrisa Kemel Zanella<\/span> &#8211; andrisa.kemel@ufpel.edu.br<\/span><\/p>\n<p><span style=\"font-size: 10pt;\">\u00a0 \u00a0 \u00a0 \u00a0 \u00a0 \u00a0Manoel Gildo Alves Neto (at\u00e9 02\/2022)<\/span><\/p>\n<p><span style=\"font-size: 10pt;\">\u00a0 \u00a0 \u00a0 \u00a0 \u00a0 \u00a0Marco Aurelio da Cruz Souza\u00a0<\/span><\/p>\n<p><strong>Biologia<\/strong><\/p>\n<p style=\"padding-left: 40px;\"><span style=\"font-size: 10pt;\">VERA LUCIA BORBROWSKI &#8211; vera.bobrowski@gmail.com <\/span><\/p>\n<p style=\"padding-left: 40px;\"><span style=\"font-size: 10pt;\">FRANCELE DE ABREU CARLAN &#8211; francelecarlan@gmail.com<\/span><\/p>\n<p style=\"padding-left: 40px;\"><span style=\"font-size: 10pt;\">RITA DE CASSIA MOREM COSSIO RODRIGUEZ &#8211; rita.cossio@gmail.com<\/span><\/p>\n<p><b>Educa\u00e7\u00e3o F\u00edsica:<\/b><\/p>\n<p style=\"padding-left: 40px;\"><span style=\"font-size: 10pt;\">ROSE MERI SANTOS DA SILVA<span style=\"font-family: tahoma, arial, helvetica, sans-serif; font-size: 8pt;\">\u00a0&#8211;\u00a0<\/span><\/span><span style=\"font-family: tahoma, arial, helvetica, sans-serif; font-size: 10pt;\">roseufpel@yahoo.com.br<\/span><\/p>\n<p style=\"padding-left: 40px;\"><span style=\"font-size: 10pt;\">DENISE DALPIAZ ANTUNES &#8211; drdenisedalpiaz@gmail.com<\/span><\/p>\n<p style=\"padding-left: 40px;\"><span style=\"font-size: 10pt;\">ANDRIZE RAMIRES COSTA &#8211; andrize.costa@gmail.com (at\u00e9 06\/2021)<\/span><\/p>\n<p style=\"padding-left: 40px;\"><span style=\"font-size: 10pt;\">LUIZ FERNANDO CAMARGO VERONEZ &#8211; lfcveronez@gmail.com (at\u00e9 06\/2021)<\/span><\/p>\n<p><b>F\u00edsica\/Qu\u00edmica<\/b><\/p>\n<p style=\"padding-left: 40px;\"><span style=\"font-size: 10pt;\"><span style=\"font-family: tahoma, sans-serif;\">ALESSANDRO CURY SOARES <\/span><b><span style=\"font-family: tahoma, sans-serif;\">&#8211;<\/span><\/b><span style=\"font-family: tahoma, sans-serif;\"> alessandro.soares@ufpel.edu.br<\/span><b><\/b><\/span><\/p>\n<p style=\"padding-left: 40px;\"><span style=\"font-size: 10pt;\">BRUNO DOS SANTOS PASTORIZA &#8211; bspastoriza@gmail.com (at\u00e9 07\/2021)<\/span><\/p>\n<p style=\"padding-left: 40px;\"><span style=\"font-size: 10pt;\">VIRGINIA MELLO ALES &#8211; v.melloalves@gmail.com (at\u00e9 12\/2022)<\/span><\/p>\n<p><b>Geografia:<\/b><\/p>\n<p style=\"padding-left: 40px;\"><span style=\"font-size: 10pt;\">CESAR AUGUSTO FERRARI MARTINEZ &#8211; cesarfmartinez@yahoo.com.br<\/span><\/p>\n<p style=\"padding-left: 40px;\"><span style=\"font-size: 10pt;\">LIZ CRISTIANE DIAS &#8211; lizcdias@gmail.com<\/span><\/p>\n<p><b>Hist\u00f3ria:<\/b><\/p>\n<p style=\"padding-left: 40px;\"><span style=\"font-size: 10pt;\">LISIANE SIAS MANKE &#8211; lisianemanke@yahoo.com.br<\/span><\/p>\n<p><b>L\u00edngua Inglesa:<\/b><\/p>\n<p style=\"padding-left: 40px;\"><span style=\"font-size: 10pt;\">FL\u00c1VIA OLIVEIRA &#8211; olivafm@gmail.com <\/span><\/p>\n<p style=\"padding-left: 40px;\"><span style=\"font-size: 10pt;\">LETICIA STANDER FARIAS &#8211; leticiastander@gmail.com<\/span><\/p>\n<p><b>L\u00edngua Portuguesa<\/b><\/p>\n<p style=\"padding-left: 40px;\"><span style=\"font-size: 10pt;\">JOAO LUIS PEREIRA OURIQUE &#8211; jlourique@yahoo.com.br<\/span><\/p>\n<p><b>Matem\u00e1tica<\/b><\/p>\n<p style=\"padding-left: 40px;\"><span style=\"font-size: 10pt;\">DENISE NASCIMENTO SILVEIRA &#8211; silveiradenise13@gmail.com<\/span><\/p>\n<p style=\"padding-left: 40px;\"><span style=\"font-size: 10pt;\">SABRINA BOBSIN SALAZAR &#8211; sabrina.salazar@ufpel.edu.br<\/span><\/p>\n<p><b>Sociologia\/Filosofia<\/b><\/p>\n<p style=\"padding-left: 40px;\"><span style=\"font-size: 10pt;\">SONIA MARIA SCHIO &#8211; soniaschio@gmail.com<\/span><\/p>\n<p><span style=\"font-size: 12pt;\"><strong>Bolsista de equipe<\/strong> em 2020: ALEXANDRE ZIULKOSKI NUNES &#8211; ale.ziulkoski@gmail.com<\/span><\/p>\n<p><span style=\"font-size: 12pt;\"><strong>Bolsista de equipe<\/strong> em 2021:\u00a0 ANDRESSA SOARES BENTO &#8211; andressasoaresbto@gmail.com\u00a0<\/span><\/p>\n<p><span style=\"font-size: 12pt;\">ERICK NUNES FERNANDES &#8211; eriicknuunes@hotmail.com (at\u00e9\u00a0 05 a 07\/2021); <\/span><\/p>\n<p>&nbsp;<\/p>\n<p style=\"text-align: left;\"><strong>Quadro 01: Rela\u00e7\u00e3o de Escola, preceptor e \u00e1rea de atua\u00e7\u00e3o do RP-UFPel<\/strong><\/p>\n<table style=\"height: 1248px; width: 800px;\" width=\"604\">\n<tbody>\n<tr style=\"height: 56px;\">\n<td style=\"height: 56px; width: 362px;\" width=\"236\"><strong>\u00a0 Escola<\/strong><\/td>\n<td style=\"height: 56px; width: 454px;\" width=\"369\"><strong>\u00a0 Preceptor e \u00c1rea\/Disciplina<\/strong><\/td>\n<\/tr>\n<tr style=\"height: 37px;\">\n<td style=\"height: 16px; width: 362px;\" width=\"236\">\n<p>1)\u00a0\u00a0\u00a0\u00a0\u00a0\u00a0\u00a0\u00a0\u00a0\u00a0\u00a0 Col\u00e9gio Municipal Pelotense<\/p>\n<p>&nbsp;<\/td>\n<td style=\"height: 16px; width: 454px;\" width=\"369\">\n<p>Tatiane Pacheco Fernandes (Biologia);<\/p>\n<p>Marcos Ronei Peverada Fernandes (Portugu\u00eas);<\/td>\n<\/tr>\n<tr style=\"height: 87px;\">\n<td style=\"height: 12px; width: 362px;\" width=\"236\">\n<p>2)\u00a0\u00a0\u00a0\u00a0\u00a0\u00a0\u00a0\u00a0\u00a0\u00a0\u00a0 EMEF Luciana de Ara\u00fajo<\/p>\n<p>&nbsp;<\/td>\n<td style=\"height: 12px; width: 454px;\" width=\"369\">\n<p>Cristiane Bandeira Aldavez Vaz (Arte);<\/p>\n<p>Renata da Concei\u00e7\u00e3o de Barros (Alfabetiza\u00e7\u00e3o\/Pedagogia)*<\/td>\n<\/tr>\n<tr style=\"height: 83px;\">\n<td style=\"height: 83px; width: 362px;\" width=\"236\">\n<p>3)\u00a0\u00a0\u00a0\u00a0\u00a0\u00a0\u00a0\u00a0\u00a0\u00a0\u00a0 EMEF Francisco Car\u00faccio<\/p>\n<p>&nbsp;<\/p>\n<p>&nbsp;<\/td>\n<td style=\"height: 83px; width: 454px;\" width=\"369\">\n<p>Lidiane Garcia Bohlmann (Alfabetiza\u00e7\u00e3o\/Pedagogia)*;<\/p>\n<p>Mariluce dos Santos Kurz Vieira (Alfabetiza\u00e7\u00e3o\/Pedagogia);<\/p>\n<p>S\u00edlvia Raquel Islab\u00e3o Da Silveira (Matem\u00e1tica);<\/p>\n<p>Enirlette Figueiredo Carriconde (Ingl\u00eas)<\/td>\n<\/tr>\n<tr style=\"height: 116px;\">\n<td style=\"height: 38px; width: 362px;\" width=\"236\">\n<p>4)\u00a0\u00a0\u00a0\u00a0\u00a0\u00a0\u00a0\u00a0\u00a0\u00a0\u00a0 E.M.E.F. Cec\u00edlia Meireles<\/p>\n<p>&nbsp;<\/p>\n<p>&nbsp;<\/td>\n<td style=\"height: 38px; width: 454px;\" width=\"369\">\n<p>Adriane Teixeira Schneider Rutz (Ingl\u00eas);<\/p>\n<p>Franciane Duarte Pereira (Portugu\u00eas)*;<\/p>\n<p>Shana Monte Pereira Ramos (Geografia)<\/td>\n<\/tr>\n<tr style=\"height: 50px;\">\n<td style=\"height: 27px; width: 362px;\" width=\"236\">5)\u00a0\u00a0\u00a0\u00a0\u00a0\u00a0\u00a0\u00a0\u00a0\u00a0\u00a0 EEEM Nossa Senhora de Lourdes<\/td>\n<td style=\"height: 27px; width: 454px;\" width=\"369\">Let\u00edcia Maria Passos Corr\u00eaa (Filosofia\/Sociologia)*<\/td>\n<\/tr>\n<tr style=\"height: 50px;\">\n<td style=\"height: 17px; width: 362px;\" width=\"236\">6)\u00a0\u00a0\u00a0\u00a0\u00a0\u00a0\u00a0\u00a0\u00a0\u00a0\u00a0 EEEM Dr Edmar Fetter<\/td>\n<td style=\"height: 17px; width: 454px;\" width=\"369\">Ana Paula V. de Vasconcellos Koschier (Filosofia\/Sociologia)<\/td>\n<\/tr>\n<tr style=\"height: 60px;\">\n<td style=\"height: 31px; width: 362px;\" width=\"236\">7)\u00a0\u00a0\u00a0\u00a0\u00a0\u00a0\u00a0\u00a0\u00a0\u00a0\u00a0 EMEF Santa Irene<\/td>\n<td style=\"height: 31px; width: 454px;\" width=\"369\">Maria Giovana Rodrigues Burkert (Educa\u00e7\u00e3o F\u00edsica);<\/td>\n<\/tr>\n<tr style=\"height: 47px;\">\n<td style=\"height: 28px; width: 362px;\" width=\"236\">8)\u00a0\u00a0\u00a0\u00a0\u00a0\u00a0\u00a0\u00a0\u00a0\u00a0\u00a0 EMEF Luiz Augusto de Assump\u00e7\u00e3o<\/td>\n<td style=\"height: 28px; width: 454px;\" width=\"369\">Fabiane Rodrigues Viana (Matem\u00e1tica)*<\/td>\n<\/tr>\n<tr style=\"height: 67px;\">\n<td style=\"height: 67px; width: 362px;\" width=\"236\">\n<p>9)\u00a0\u00a0\u00a0\u00a0\u00a0\u00a0\u00a0\u00a0\u00a0\u00a0\u00a0 IEE Assis Brasil<\/p>\n<p>&nbsp;<\/td>\n<td style=\"height: 67px; width: 454px;\" width=\"369\">\n<p>Lenon Morales Abeijon (Biologia);<\/p>\n<p>Daiane Leal da Concei\u00e7\u00e3o (Matem\u00e1tica);<\/td>\n<\/tr>\n<tr style=\"height: 56px;\">\n<td style=\"height: 35px; width: 362px;\" width=\"236\">10)\u00a0\u00a0\u00a0\u00a0\u00a0\u00a0\u00a0\u00a0 EMEF Bruno Chaves<\/td>\n<td style=\"height: 35px; width: 454px;\" width=\"369\">Vin\u00edcius Rocha Santos (Arte)<\/td>\n<\/tr>\n<tr style=\"height: 58px;\">\n<td style=\"height: 26px; width: 362px;\" width=\"236\">\n<p>11)\u00a0\u00a0\u00a0\u00a0\u00a0\u00a0\u00a0\u00a0 ETE. Profa. Sylvia Mello<\/p>\n<p>&nbsp;<\/td>\n<td style=\"height: 26px; width: 454px;\" width=\"369\">\n<p>Luana da Rosa Franz (Arte)<\/p>\n<p>Ester Vellar Krause (Matem\u00e1tica)<\/td>\n<\/tr>\n<tr style=\"height: 119px;\">\n<td style=\"height: 119px; width: 362px;\" width=\"236\">\n<p>12)\u00a0\u00a0\u00a0\u00a0\u00a0\u00a0\u00a0\u00a0 EEEM Cel. Pedro Os\u00f3rio<\/p>\n<p>&nbsp;<\/td>\n<td style=\"height: 119px; width: 454px;\" width=\"369\">\n<p>Maria Laura Resem Brizio Gomes (Educa\u00e7\u00e3o F\u00edsica);<\/p>\n<p>Magna da Gloria Silva Lameiro (Qu\u00edmica) \u2013 volunt\u00e1ria<\/p>\n<p>Mariana Beatriz Levien Correa Gomes (F\u00edsica) \u2013 volunt\u00e1ria*<\/td>\n<\/tr>\n<tr style=\"height: 64px;\">\n<td style=\"height: 32px; width: 362px;\" width=\"236\">\n<p>13)\u00a0\u00a0\u00a0\u00a0\u00a0\u00a0\u00a0\u00a0 EEEF Dr. Francisco Sim\u00f5es<\/p>\n<p>&nbsp;<\/td>\n<td style=\"height: 32px; width: 454px;\" width=\"369\">\n<p>Tamara Oswald (Hist\u00f3ria);<\/p>\n<p>Neir Antonio Machado Padilha (Educa\u00e7\u00e3o F\u00edsica);<\/td>\n<\/tr>\n<tr style=\"height: 79px;\">\n<td style=\"height: 79px; width: 362px;\" width=\"236\">14)\u00a0\u00a0\u00a0\u00a0\u00a0\u00a0\u00a0\u00a0 EEEF Nossa Senhora dos Navegantes<\/td>\n<td style=\"height: 79px; width: 454px;\" width=\"369\">\n<p>Daniel Sias da Silva (Hist\u00f3ria);<\/p>\n<p>Simone Lessa Silveira (Geografia)<\/td>\n<\/tr>\n<tr style=\"height: 86px;\">\n<td style=\"height: 65px; width: 362px;\" width=\"236\">\n<p>15)\u00a0\u00a0\u00a0\u00a0\u00a0\u00a0\u00a0\u00a0 Col\u00e9gio Estadual Dom Jo\u00e3o Braga<\/p>\n<p>&nbsp;<\/td>\n<td style=\"height: 65px; width: 454px;\" width=\"369\">\n<p>Izabel Cristina Souza dos Santos (Portugu\u00eas);<\/p>\n<p>Adriane da Concei\u00e7\u00e3o Oliveira (Qu\u00edmica\/F\u00edsica);<\/td>\n<\/tr>\n<tr style=\"height: 41px;\">\n<td style=\"height: 10px; width: 362px;\" width=\"236\">16)\u00a0\u00a0\u00a0\u00a0\u00a0\u00a0\u00a0\u00a0 EEEM Santa Rita<\/td>\n<td style=\"height: 10px; width: 454px;\" width=\"369\">Greice de Almeida Schiavon (Biologia);<\/td>\n<\/tr>\n<tr style=\"height: 51px;\">\n<td style=\"height: 10px; width: 362px;\" width=\"236\">17)\u00a0\u00a0\u00a0\u00a0\u00a0\u00a0\u00a0\u00a0 EEEF Marechal Alves de Lima e Silva<\/td>\n<td style=\"height: 10px; width: 454px;\" width=\"369\">Viviane Petry de Vasconcellos (Alfabetiza\u00e7\u00e3o-Pedagogia)<\/td>\n<\/tr>\n<tr style=\"height: 41px;\">\n<td style=\"height: 10px; width: 362px;\" width=\"236\">\n<p>18)\u00a0\u00a0\u00a0\u00a0\u00a0\u00a0\u00a0\u00a0 IFSUL-Pelotas-CAVG<\/p>\n<p>&nbsp;<\/td>\n<td style=\"height: 10px; width: 454px;\" width=\"369\">\n<p>Andr\u00e9ia Orsato (Filosofia\/Sociologia);<\/p>\n<p>Rafael Peter de Lima (Hist\u00f3ria);<\/td>\n<\/tr>\n<\/tbody>\n<\/table>\n<p><strong>\u00a0* <\/strong>V\u00ednculo encerrado, antes da finaliza\u00e7\u00e3o dos 18 meses do Projeto (novembro de 2020 a abril de 2022).<\/p>\n<p style=\"text-align: left;\"><b>Quadro 02: Distribui\u00e7\u00f5es de N\u00facleos\/\u00c1reas com preceptores e residentes no RP-<\/b><b>UFPel<\/b><b>\u00a0 <\/b><\/p>\n<table style=\"height: 734px;\" width=\"818\">\n<tbody>\n<tr style=\"height: 62px;\">\n<td style=\"height: 23px; width: 286.188px; text-align: center;\"><b>Distribui\u00e7\u00e3o das vagas por n\u00facleo<\/b><b> (\u00c1reas dos 22 Cursos)<\/b><\/td>\n<td style=\"height: 23px; width: 115.984px; text-align: center;\"><b>Preceptores <\/b><\/td>\n<td style=\"height: 23px; width: 103.438px; text-align: center;\"><b>Residentes<\/b> bolsistas<\/td>\n<td style=\"height: 23px; width: 112.391px; text-align: center;\"><b>Residentes<\/b> volunt\u00e1rios<\/td>\n<\/tr>\n<tr style=\"height: 56px;\">\n<td style=\"height: 56px; width: 286.188px; text-align: center;\">Alfabetiza\u00e7\u00e3o &#8211; Pedagogia<\/td>\n<td style=\"height: 56px; width: 115.984px; text-align: center;\">3<\/td>\n<td style=\"height: 56px; width: 103.438px; text-align: center;\">24<\/td>\n<td style=\"height: 56px; width: 112.391px; text-align: center;\">6<\/td>\n<\/tr>\n<tr style=\"height: 56px;\">\n<td style=\"height: 56px; width: 286.188px; text-align: center;\">Biologia<\/td>\n<td style=\"height: 56px; width: 115.984px; text-align: center;\">3<\/td>\n<td style=\"height: 56px; width: 103.438px; text-align: center;\">24<\/td>\n<td style=\"height: 56px; width: 112.391px; text-align: center;\">6<\/td>\n<\/tr>\n<tr style=\"height: 56px;\">\n<td style=\"height: 56px; width: 286.188px; text-align: center;\">L\u00edngua Portuguesa<\/td>\n<td style=\"height: 56px; width: 115.984px; text-align: center;\">3<\/td>\n<td style=\"height: 56px; width: 103.438px; text-align: center;\">24<\/td>\n<td style=\"height: 56px; width: 112.391px; text-align: center;\">6<\/td>\n<\/tr>\n<tr style=\"height: 56px;\">\n<td style=\"height: 56px; width: 286.188px; text-align: center;\">Matem\u00e1tica<\/td>\n<td style=\"height: 56px; width: 115.984px; text-align: center;\">4<\/td>\n<td style=\"height: 56px; width: 103.438px; text-align: center;\">32<\/td>\n<td style=\"height: 56px; width: 112.391px; text-align: center;\">8<\/td>\n<\/tr>\n<tr style=\"height: 56px;\">\n<td style=\"height: 56px; width: 286.188px; text-align: center;\">F\u00edsica e Qu\u00edmica<\/td>\n<td style=\"height: 56px; width: 115.984px; text-align: center;\">1<\/td>\n<td style=\"height: 56px; width: 103.438px; text-align: center;\">8<\/td>\n<td style=\"height: 56px; width: 112.391px; text-align: center;\">2<\/td>\n<\/tr>\n<tr style=\"height: 56px;\">\n<td style=\"height: 56px; width: 286.188px; text-align: center;\">Sociologia e Filosofia<\/td>\n<td style=\"height: 56px; width: 115.984px; text-align: center;\">3<\/td>\n<td style=\"height: 56px; width: 103.438px; text-align: center;\">24<\/td>\n<td style=\"height: 56px; width: 112.391px; text-align: center;\">6<\/td>\n<\/tr>\n<tr style=\"height: 56px;\">\n<td style=\"height: 56px; width: 286.188px; text-align: center;\">Educa\u00e7\u00e3o F\u00edsica<\/td>\n<td style=\"height: 56px; width: 115.984px; text-align: center;\">3<\/td>\n<td style=\"height: 56px; width: 103.438px; text-align: center;\">24<\/td>\n<td style=\"height: 56px; width: 112.391px; text-align: center;\">6<\/td>\n<\/tr>\n<tr style=\"height: 56px;\">\n<td style=\"height: 56px; width: 286.188px; text-align: center;\">Geografia<\/td>\n<td style=\"height: 56px; width: 115.984px; text-align: center;\">2<\/td>\n<td style=\"height: 56px; width: 103.438px; text-align: center;\">16<\/td>\n<td style=\"height: 56px; width: 112.391px; text-align: center;\">4<\/td>\n<\/tr>\n<tr style=\"height: 56px;\">\n<td style=\"height: 56px; width: 286.188px; text-align: center;\">Hist\u00f3ria<\/td>\n<td style=\"height: 56px; width: 115.984px; text-align: center;\">3<\/td>\n<td style=\"height: 56px; width: 103.438px; text-align: center;\">24<\/td>\n<td style=\"height: 56px; width: 112.391px; text-align: center;\">6<\/td>\n<\/tr>\n<tr style=\"height: 56px;\">\n<td style=\"height: 56px; width: 286.188px; text-align: center;\">L\u00edngua Inglesa<\/td>\n<td style=\"height: 56px; width: 115.984px; text-align: center;\">2<\/td>\n<td style=\"height: 56px; width: 103.438px; text-align: center;\">16<\/td>\n<td style=\"height: 56px; width: 112.391px; text-align: center;\">4<\/td>\n<\/tr>\n<tr style=\"height: 56px;\">\n<td style=\"height: 56px; width: 286.188px; text-align: center;\">Arte &#8211; Artes Visuais, Dan\u00e7a, Teatro, M\u00fasica<\/td>\n<td style=\"height: 56px; width: 115.984px; text-align: center;\">3<\/td>\n<td style=\"height: 56px; width: 103.438px; text-align: center;\">24<\/td>\n<td style=\"height: 56px; width: 112.391px; text-align: center;\">6<\/td>\n<\/tr>\n<tr style=\"height: 56px;\">\n<td style=\"height: 56px; width: 286.188px; text-align: center;\">Total<\/td>\n<td style=\"height: 56px; width: 115.984px; text-align: center;\">30<\/td>\n<td style=\"height: 56px; width: 103.438px; text-align: center;\">240<\/td>\n<td style=\"height: 56px; width: 112.391px; text-align: center;\">at\u00e9 60<\/td>\n<\/tr>\n<\/tbody>\n<\/table>\n<p>OBS.: Cada N\u00facleo possui um ou mais docente(s) orientador(es).<\/p>\n","protected":false},"excerpt":{"rendered":"<p>E-mail do Programa Resid\u00eancia Pedag\u00f3gica (RP) da UFPel &#8211; residenciapedagogica@ufpel.edu.br Coordenador Institucional: F\u00c1BIO ANDR\u00c9 SANGIOGO &#8211;\u00a0fabiosangiogo@gmail.com Bolsista de Ensino: Jo\u00e3o Pedro da Cunha Machado &#8211; jpmachadodacunha@gmail.com (de maio a dezembro de 2023). Bolsista de Ensino: Theo Roscoff &#8211; theolahorgueroscoff@gmail.com (de maio a dezembro de 2022). &nbsp; Equipe de trabalho do Edital 24\/2022 do PRP\/UFPel \u2013 [&hellip;]<\/p>\n","protected":false},"author":1039,"featured_media":0,"parent":0,"menu_order":0,"comment_status":"closed","ping_status":"closed","template":"","meta":{"footnotes":""},"class_list":["post-36","page","type-page","status-publish","hentry"],"_links":{"self":[{"href":"https:\/\/wp.ufpel.edu.br\/residenciapedagogica\/wp-json\/wp\/v2\/pages\/36","targetHints":{"allow":["GET"]}}],"collection":[{"href":"https:\/\/wp.ufpel.edu.br\/residenciapedagogica\/wp-json\/wp\/v2\/pages"}],"about":[{"href":"https:\/\/wp.ufpel.edu.br\/residenciapedagogica\/wp-json\/wp\/v2\/types\/page"}],"author":[{"embeddable":true,"href":"https:\/\/wp.ufpel.edu.br\/residenciapedagogica\/wp-json\/wp\/v2\/users\/1039"}],"replies":[{"embeddable":true,"href":"https:\/\/wp.ufpel.edu.br\/residenciapedagogica\/wp-json\/wp\/v2\/comments?post=36"}],"version-history":[{"count":30,"href":"https:\/\/wp.ufpel.edu.br\/residenciapedagogica\/wp-json\/wp\/v2\/pages\/36\/revisions"}],"predecessor-version":[{"id":1214,"href":"https:\/\/wp.ufpel.edu.br\/residenciapedagogica\/wp-json\/wp\/v2\/pages\/36\/revisions\/1214"}],"wp:attachment":[{"href":"https:\/\/wp.ufpel.edu.br\/residenciapedagogica\/wp-json\/wp\/v2\/media?parent=36"}],"curies":[{"name":"wp","href":"https:\/\/api.w.org\/{rel}","templated":true}]}}