{"id":34,"date":"2017-05-08T19:39:40","date_gmt":"2017-05-08T22:39:40","guid":{"rendered":"https:\/\/wp.ufpel.edu.br\/rededemuseusdaufpel\/?page_id=34"},"modified":"2017-05-09T21:59:38","modified_gmt":"2017-05-10T00:59:38","slug":"museu-da-ufpel","status":"publish","type":"page","link":"https:\/\/wp.ufpel.edu.br\/rededemuseusdaufpel\/museu-da-ufpel\/","title":{"rendered":"Museu da UFPel"},"content":{"rendered":"<div class=\"tiled-gallery type-rectangular tiled-gallery-unresized\" data-original-width=\"500\" data-carousel-extra='{&quot;blog_id&quot;:732,&quot;permalink&quot;:&quot;https:\\\/\\\/wp.ufpel.edu.br\\\/rededemuseusdaufpel\\\/museu-da-ufpel\\\/&quot;,&quot;likes_blog_id&quot;:128725964}' itemscope itemtype=\"http:\/\/schema.org\/ImageGallery\" > <div class=\"gallery-row\" style=\"width: 500px; height: 415px;\" data-original-width=\"500\" data-original-height=\"415\" > <div class=\"gallery-group images-1\" style=\"width: 295px; height: 415px;\" data-original-width=\"295\" data-original-height=\"415\" > <div class=\"tiled-gallery-item tiled-gallery-item-large\" itemprop=\"associatedMedia\" itemscope itemtype=\"http:\/\/schema.org\/ImageObject\"> <a href=\"https:\/\/i0.wp.com\/wp.ufpel.edu.br\/rededemuseusdaufpel\/files\/2017\/05\/MUSEUDAUFPEL_1.jpg?ssl=1\" border=\"0\" itemprop=\"url\"> <meta itemprop=\"width\" content=\"291\"> <meta itemprop=\"height\" content=\"411\"> <img class=\"\" data-attachment-id=\"10\" data-orig-file=\"https:\/\/wp.ufpel.edu.br\/rededemuseusdaufpel\/files\/2017\/05\/MUSEUDAUFPEL_1.jpg\" data-orig-size=\"1755,2481\" data-comments-opened=\"\" data-image-meta=\"{&quot;aperture&quot;:&quot;0&quot;,&quot;credit&quot;:&quot;&quot;,&quot;camera&quot;:&quot;&quot;,&quot;caption&quot;:&quot;&quot;,&quot;created_timestamp&quot;:&quot;0&quot;,&quot;copyright&quot;:&quot;&quot;,&quot;focal_length&quot;:&quot;0&quot;,&quot;iso&quot;:&quot;0&quot;,&quot;shutter_speed&quot;:&quot;0&quot;,&quot;title&quot;:&quot;&quot;,&quot;orientation&quot;:&quot;0&quot;}\" data-image-title=\"MUSEUDAUFPEL_1\" data-image-description=\"\" data-medium-file=\"https:\/\/i0.wp.com\/wp.ufpel.edu.br\/rededemuseusdaufpel\/files\/2017\/05\/MUSEUDAUFPEL_1.jpg?fit=225%2C318&#038;ssl=1\" data-large-file=\"https:\/\/i0.wp.com\/wp.ufpel.edu.br\/rededemuseusdaufpel\/files\/2017\/05\/MUSEUDAUFPEL_1.jpg?fit=984%2C220&#038;ssl=1\" src=\"https:\/\/i0.wp.com\/wp.ufpel.edu.br\/rededemuseusdaufpel\/files\/2017\/05\/MUSEUDAUFPEL_1.jpg?w=291&#038;h=411&#038;ssl=1\" srcset=\"https:\/\/i0.wp.com\/wp.ufpel.edu.br\/rededemuseusdaufpel\/files\/2017\/05\/MUSEUDAUFPEL_1.jpg?w=1755&amp;ssl=1 1755w, https:\/\/i0.wp.com\/wp.ufpel.edu.br\/rededemuseusdaufpel\/files\/2017\/05\/MUSEUDAUFPEL_1.jpg?resize=112%2C159&amp;ssl=1 112w, https:\/\/i0.wp.com\/wp.ufpel.edu.br\/rededemuseusdaufpel\/files\/2017\/05\/MUSEUDAUFPEL_1.jpg?resize=225%2C318&amp;ssl=1 225w, https:\/\/i0.wp.com\/wp.ufpel.edu.br\/rededemuseusdaufpel\/files\/2017\/05\/MUSEUDAUFPEL_1.jpg?resize=768%2C1086&amp;ssl=1 768w\" width=\"291\" height=\"411\" loading=\"lazy\" data-original-width=\"291\" data-original-height=\"411\" itemprop=\"http:\/\/schema.org\/image\" title=\"MUSEUDAUFPEL_1\" alt=\"MUSEUDAUFPEL_1\" style=\"width: 291px; height: 411px;\" \/> <\/a> <\/div> <\/div> <!-- close group --> <div class=\"gallery-group images-3\" style=\"width: 205px; height: 415px;\" data-original-width=\"205\" data-original-height=\"415\" > <div class=\"tiled-gallery-item tiled-gallery-item-small\" itemprop=\"associatedMedia\" itemscope itemtype=\"http:\/\/schema.org\/ImageObject\"> <a href=\"https:\/\/i0.wp.com\/wp.ufpel.edu.br\/rededemuseusdaufpel\/files\/2017\/05\/MUSEUDAUFPEL_2.jpg?ssl=1\" border=\"0\" itemprop=\"url\"> <meta itemprop=\"width\" content=\"201\"> <meta itemprop=\"height\" content=\"135\"> <img class=\"\" data-attachment-id=\"14\" data-orig-file=\"https:\/\/wp.ufpel.edu.br\/rededemuseusdaufpel\/files\/2017\/05\/MUSEUDAUFPEL_2.jpg\" data-orig-size=\"3872,2592\" data-comments-opened=\"\" data-image-meta=\"{&quot;aperture&quot;:&quot;4&quot;,&quot;credit&quot;:&quot;&quot;,&quot;camera&quot;:&quot;NIKON D60&quot;,&quot;caption&quot;:&quot;&quot;,&quot;created_timestamp&quot;:&quot;1315927638&quot;,&quot;copyright&quot;:&quot;&quot;,&quot;focal_length&quot;:&quot;22&quot;,&quot;iso&quot;:&quot;800&quot;,&quot;shutter_speed&quot;:&quot;0.04&quot;,&quot;title&quot;:&quot;&quot;,&quot;orientation&quot;:&quot;1&quot;}\" data-image-title=\"MUSEUDAUFPEL_2\" data-image-description=\"\" data-medium-file=\"https:\/\/i0.wp.com\/wp.ufpel.edu.br\/rededemuseusdaufpel\/files\/2017\/05\/MUSEUDAUFPEL_2.jpg?fit=400%2C268&#038;ssl=1\" data-large-file=\"https:\/\/i0.wp.com\/wp.ufpel.edu.br\/rededemuseusdaufpel\/files\/2017\/05\/MUSEUDAUFPEL_2.jpg?fit=984%2C220&#038;ssl=1\" src=\"https:\/\/i0.wp.com\/wp.ufpel.edu.br\/rededemuseusdaufpel\/files\/2017\/05\/MUSEUDAUFPEL_2.jpg?w=201&#038;h=135&#038;ssl=1\" srcset=\"https:\/\/i0.wp.com\/wp.ufpel.edu.br\/rededemuseusdaufpel\/files\/2017\/05\/MUSEUDAUFPEL_2.jpg?w=3872&amp;ssl=1 3872w, https:\/\/i0.wp.com\/wp.ufpel.edu.br\/rededemuseusdaufpel\/files\/2017\/05\/MUSEUDAUFPEL_2.jpg?resize=212%2C142&amp;ssl=1 212w, https:\/\/i0.wp.com\/wp.ufpel.edu.br\/rededemuseusdaufpel\/files\/2017\/05\/MUSEUDAUFPEL_2.jpg?resize=424%2C284&amp;ssl=1 424w, https:\/\/i0.wp.com\/wp.ufpel.edu.br\/rededemuseusdaufpel\/files\/2017\/05\/MUSEUDAUFPEL_2.jpg?resize=768%2C514&amp;ssl=1 768w, https:\/\/i0.wp.com\/wp.ufpel.edu.br\/rededemuseusdaufpel\/files\/2017\/05\/MUSEUDAUFPEL_2.jpg?w=2000&amp;ssl=1 2000w, https:\/\/i0.wp.com\/wp.ufpel.edu.br\/rededemuseusdaufpel\/files\/2017\/05\/MUSEUDAUFPEL_2.jpg?w=3000&amp;ssl=1 3000w\" width=\"201\" height=\"135\" loading=\"lazy\" data-original-width=\"201\" data-original-height=\"135\" itemprop=\"http:\/\/schema.org\/image\" title=\"MUSEUDAUFPEL_2\" alt=\"MUSEUDAUFPEL_2\" style=\"width: 201px; height: 135px;\" \/> <\/a> <\/div> <div class=\"tiled-gallery-item tiled-gallery-item-small\" itemprop=\"associatedMedia\" itemscope itemtype=\"http:\/\/schema.org\/ImageObject\"> <a href=\"https:\/\/i0.wp.com\/wp.ufpel.edu.br\/rededemuseusdaufpel\/files\/2017\/05\/MUSEUDAUFPEL_3.jpg?ssl=1\" border=\"0\" itemprop=\"url\"> <meta itemprop=\"width\" content=\"201\"> <meta itemprop=\"height\" content=\"134\"> <img class=\"\" data-attachment-id=\"13\" data-orig-file=\"https:\/\/wp.ufpel.edu.br\/rededemuseusdaufpel\/files\/2017\/05\/MUSEUDAUFPEL_3.jpg\" data-orig-size=\"3872,2592\" data-comments-opened=\"\" data-image-meta=\"{&quot;aperture&quot;:&quot;5.6&quot;,&quot;credit&quot;:&quot;&quot;,&quot;camera&quot;:&quot;NIKON D60&quot;,&quot;caption&quot;:&quot;&quot;,&quot;created_timestamp&quot;:&quot;1251415644&quot;,&quot;copyright&quot;:&quot;&quot;,&quot;focal_length&quot;:&quot;36&quot;,&quot;iso&quot;:&quot;400&quot;,&quot;shutter_speed&quot;:&quot;0.0125&quot;,&quot;title&quot;:&quot;&quot;,&quot;orientation&quot;:&quot;1&quot;}\" data-image-title=\"MUSEUDAUFPEL_3\" data-image-description=\"\" data-medium-file=\"https:\/\/i0.wp.com\/wp.ufpel.edu.br\/rededemuseusdaufpel\/files\/2017\/05\/MUSEUDAUFPEL_3.jpg?fit=400%2C268&#038;ssl=1\" data-large-file=\"https:\/\/i0.wp.com\/wp.ufpel.edu.br\/rededemuseusdaufpel\/files\/2017\/05\/MUSEUDAUFPEL_3.jpg?fit=984%2C220&#038;ssl=1\" src=\"https:\/\/i0.wp.com\/wp.ufpel.edu.br\/rededemuseusdaufpel\/files\/2017\/05\/MUSEUDAUFPEL_3.jpg?w=201&#038;h=134&#038;ssl=1\" srcset=\"https:\/\/i0.wp.com\/wp.ufpel.edu.br\/rededemuseusdaufpel\/files\/2017\/05\/MUSEUDAUFPEL_3.jpg?w=3872&amp;ssl=1 3872w, https:\/\/i0.wp.com\/wp.ufpel.edu.br\/rededemuseusdaufpel\/files\/2017\/05\/MUSEUDAUFPEL_3.jpg?resize=212%2C142&amp;ssl=1 212w, https:\/\/i0.wp.com\/wp.ufpel.edu.br\/rededemuseusdaufpel\/files\/2017\/05\/MUSEUDAUFPEL_3.jpg?resize=424%2C284&amp;ssl=1 424w, https:\/\/i0.wp.com\/wp.ufpel.edu.br\/rededemuseusdaufpel\/files\/2017\/05\/MUSEUDAUFPEL_3.jpg?resize=768%2C514&amp;ssl=1 768w, https:\/\/i0.wp.com\/wp.ufpel.edu.br\/rededemuseusdaufpel\/files\/2017\/05\/MUSEUDAUFPEL_3.jpg?w=2000&amp;ssl=1 2000w, https:\/\/i0.wp.com\/wp.ufpel.edu.br\/rededemuseusdaufpel\/files\/2017\/05\/MUSEUDAUFPEL_3.jpg?w=3000&amp;ssl=1 3000w\" width=\"201\" height=\"134\" loading=\"lazy\" data-original-width=\"201\" data-original-height=\"134\" itemprop=\"http:\/\/schema.org\/image\" title=\"MUSEUDAUFPEL_3\" alt=\"MUSEUDAUFPEL_3\" style=\"width: 201px; height: 134px;\" \/> <\/a> <\/div> <div class=\"tiled-gallery-item tiled-gallery-item-small\" itemprop=\"associatedMedia\" itemscope itemtype=\"http:\/\/schema.org\/ImageObject\"> <a href=\"https:\/\/i0.wp.com\/wp.ufpel.edu.br\/rededemuseusdaufpel\/files\/2017\/05\/MUSEUDAUFPEL_4.jpg?ssl=1\" border=\"0\" itemprop=\"url\"> <meta itemprop=\"width\" content=\"201\"> <meta itemprop=\"height\" content=\"134\"> <img class=\"\" data-attachment-id=\"12\" data-orig-file=\"https:\/\/wp.ufpel.edu.br\/rededemuseusdaufpel\/files\/2017\/05\/MUSEUDAUFPEL_4.jpg\" data-orig-size=\"3872,2592\" data-comments-opened=\"\" data-image-meta=\"{&quot;aperture&quot;:&quot;3.5&quot;,&quot;credit&quot;:&quot;&quot;,&quot;camera&quot;:&quot;NIKON D60&quot;,&quot;caption&quot;:&quot;&quot;,&quot;created_timestamp&quot;:&quot;1248822445&quot;,&quot;copyright&quot;:&quot;&quot;,&quot;focal_length&quot;:&quot;18&quot;,&quot;iso&quot;:&quot;200&quot;,&quot;shutter_speed&quot;:&quot;0.016666666666667&quot;,&quot;title&quot;:&quot;&quot;,&quot;orientation&quot;:&quot;1&quot;}\" data-image-title=\"MUSEUDAUFPEL_4\" data-image-description=\"\" data-medium-file=\"https:\/\/i0.wp.com\/wp.ufpel.edu.br\/rededemuseusdaufpel\/files\/2017\/05\/MUSEUDAUFPEL_4.jpg?fit=400%2C268&#038;ssl=1\" data-large-file=\"https:\/\/i0.wp.com\/wp.ufpel.edu.br\/rededemuseusdaufpel\/files\/2017\/05\/MUSEUDAUFPEL_4.jpg?fit=984%2C220&#038;ssl=1\" src=\"https:\/\/i0.wp.com\/wp.ufpel.edu.br\/rededemuseusdaufpel\/files\/2017\/05\/MUSEUDAUFPEL_4.jpg?w=201&#038;h=134&#038;ssl=1\" srcset=\"https:\/\/i0.wp.com\/wp.ufpel.edu.br\/rededemuseusdaufpel\/files\/2017\/05\/MUSEUDAUFPEL_4.jpg?w=3872&amp;ssl=1 3872w, https:\/\/i0.wp.com\/wp.ufpel.edu.br\/rededemuseusdaufpel\/files\/2017\/05\/MUSEUDAUFPEL_4.jpg?resize=212%2C142&amp;ssl=1 212w, https:\/\/i0.wp.com\/wp.ufpel.edu.br\/rededemuseusdaufpel\/files\/2017\/05\/MUSEUDAUFPEL_4.jpg?resize=424%2C284&amp;ssl=1 424w, https:\/\/i0.wp.com\/wp.ufpel.edu.br\/rededemuseusdaufpel\/files\/2017\/05\/MUSEUDAUFPEL_4.jpg?resize=768%2C514&amp;ssl=1 768w, https:\/\/i0.wp.com\/wp.ufpel.edu.br\/rededemuseusdaufpel\/files\/2017\/05\/MUSEUDAUFPEL_4.jpg?w=2000&amp;ssl=1 2000w, https:\/\/i0.wp.com\/wp.ufpel.edu.br\/rededemuseusdaufpel\/files\/2017\/05\/MUSEUDAUFPEL_4.jpg?w=3000&amp;ssl=1 3000w\" width=\"201\" height=\"134\" loading=\"lazy\" data-original-width=\"201\" data-original-height=\"134\" itemprop=\"http:\/\/schema.org\/image\" title=\"MUSEUDAUFPEL_4\" alt=\"MUSEUDAUFPEL_4\" style=\"width: 201px; height: 134px;\" \/> <\/a> <\/div> <\/div> <!-- close group --> <\/div> <!-- close row --> <div class=\"gallery-row\" style=\"width: 500px; height: 336px;\" data-original-width=\"500\" data-original-height=\"336\" > <div class=\"gallery-group images-1\" style=\"width: 500px; height: 336px;\" data-original-width=\"500\" data-original-height=\"336\" > <div class=\"tiled-gallery-item tiled-gallery-item-large\" itemprop=\"associatedMedia\" itemscope itemtype=\"http:\/\/schema.org\/ImageObject\"> <a href=\"https:\/\/i0.wp.com\/wp.ufpel.edu.br\/rededemuseusdaufpel\/files\/2017\/05\/MUSEUDAUFPEL_5.jpg?ssl=1\" border=\"0\" itemprop=\"url\"> <meta itemprop=\"width\" content=\"496\"> <meta itemprop=\"height\" content=\"332\"> <img class=\"\" data-attachment-id=\"11\" data-orig-file=\"https:\/\/wp.ufpel.edu.br\/rededemuseusdaufpel\/files\/2017\/05\/MUSEUDAUFPEL_5.jpg\" data-orig-size=\"3872,2592\" data-comments-opened=\"\" data-image-meta=\"{&quot;aperture&quot;:&quot;5.6&quot;,&quot;credit&quot;:&quot;&quot;,&quot;camera&quot;:&quot;NIKON D60&quot;,&quot;caption&quot;:&quot;&quot;,&quot;created_timestamp&quot;:&quot;1315928329&quot;,&quot;copyright&quot;:&quot;&quot;,&quot;focal_length&quot;:&quot;55&quot;,&quot;iso&quot;:&quot;400&quot;,&quot;shutter_speed&quot;:&quot;0.025&quot;,&quot;title&quot;:&quot;&quot;,&quot;orientation&quot;:&quot;6&quot;}\" data-image-title=\"MUSEUDAUFPEL_5\" data-image-description=\"\" data-medium-file=\"https:\/\/i0.wp.com\/wp.ufpel.edu.br\/rededemuseusdaufpel\/files\/2017\/05\/MUSEUDAUFPEL_5.jpg?fit=400%2C268&#038;ssl=1\" data-large-file=\"https:\/\/i0.wp.com\/wp.ufpel.edu.br\/rededemuseusdaufpel\/files\/2017\/05\/MUSEUDAUFPEL_5.jpg?fit=984%2C220&#038;ssl=1\" src=\"https:\/\/i0.wp.com\/wp.ufpel.edu.br\/rededemuseusdaufpel\/files\/2017\/05\/MUSEUDAUFPEL_5.jpg?w=496&#038;h=332&#038;ssl=1\" srcset=\"https:\/\/i0.wp.com\/wp.ufpel.edu.br\/rededemuseusdaufpel\/files\/2017\/05\/MUSEUDAUFPEL_5.jpg?w=3872&amp;ssl=1 3872w, https:\/\/i0.wp.com\/wp.ufpel.edu.br\/rededemuseusdaufpel\/files\/2017\/05\/MUSEUDAUFPEL_5.jpg?resize=212%2C142&amp;ssl=1 212w, https:\/\/i0.wp.com\/wp.ufpel.edu.br\/rededemuseusdaufpel\/files\/2017\/05\/MUSEUDAUFPEL_5.jpg?resize=424%2C284&amp;ssl=1 424w, https:\/\/i0.wp.com\/wp.ufpel.edu.br\/rededemuseusdaufpel\/files\/2017\/05\/MUSEUDAUFPEL_5.jpg?resize=768%2C514&amp;ssl=1 768w, https:\/\/i0.wp.com\/wp.ufpel.edu.br\/rededemuseusdaufpel\/files\/2017\/05\/MUSEUDAUFPEL_5.jpg?w=2000&amp;ssl=1 2000w, https:\/\/i0.wp.com\/wp.ufpel.edu.br\/rededemuseusdaufpel\/files\/2017\/05\/MUSEUDAUFPEL_5.jpg?w=3000&amp;ssl=1 3000w\" width=\"496\" height=\"332\" loading=\"lazy\" data-original-width=\"496\" data-original-height=\"332\" itemprop=\"http:\/\/schema.org\/image\" title=\"MUSEUDAUFPEL_5\" alt=\"MUSEUDAUFPEL_5\" style=\"width: 496px; height: 332px;\" \/> <\/a> <\/div> <\/div> <!-- close group --> <\/div> <!-- close row --> <\/div>\n<p><strong>HIST\u00d3RICO<\/strong><\/p>\n<p>O Museu da UFPEL foi criado pela Portaria n. 1.327 de 06 de setembro de 2011. No m\u00eas de<\/p>\n<p>dezembro do mesmo ano, foi emitida a Portaria n. 1.931 que constitu\u00eda a comiss\u00e3o\u00b2 ordenada<\/p>\n<p>a desenvolver os atos e medidas de organiza\u00e7\u00e3o desse museu. A comiss\u00e3o finalizou o seu<\/p>\n<p>trabalho em junho de 2012, encaminhando para a Dire\u00e7\u00e3o do Instituto de Ci\u00eancias Humanas o<\/p>\n<p>regimento formulado. O esfor\u00e7o que regeu a comiss\u00e3o que estudou e escreveu esse regimento<\/p>\n<p>foi o de compreender a fun\u00e7\u00e3o que o museu poderia ter no \u00e2mbito espec\u00edfico da sua origem, a<\/p>\n<p>institui\u00e7\u00e3o universit\u00e1ria e, ao mesmo tempo, as suas possibilidades no que tange ao<\/p>\n<p>cumprimento da Lei 11.904\/2009 que definia, em observ\u00e2ncia ao conceito ditado pelo<\/p>\n<p>Conselho Internacional de Museus (ICOM), o que vem a ser a institui\u00e7\u00e3o museol\u00f3gica. Naquele<\/p>\n<p>momento, tamb\u00e9m se intensificavam as a\u00e7\u00f5es, estudos e iniciativas que comprometiam os<\/p>\n<p>museus com p\u00fablicos irrestritos e que enunciavam suas faculdades para promover a inclus\u00e3o<\/p>\n<p>cultural. Durante um ano, enquanto se discutia a adapta\u00e7\u00e3o do pr\u00e9dio frontal da antiga f\u00e1brica<\/p>\n<p>Laneira Brasileira S.A., adquirida no ano anterior pela UFPel, para o uso do novo museu,<\/p>\n<p>estudava-se o regimento de diversos museus universit\u00e1rios brasileiros, compondo, por meio<\/p>\n<p>desse estudo, o perfil do novo museu. Entendia-se que se por um lado o novo museu deveria<\/p>\n<p>contribuir com a divulga\u00e7\u00e3o e forma\u00e7\u00e3o de conhecimento t\u00e9cnico, cient\u00edfico e cultural, por<\/p>\n<p>outro, poderia agir em prol da mem\u00f3ria da Universidade Federal de Pelotas, localizando,<\/p>\n<p>abrigando e formando cole\u00e7\u00f5es capazes de apoiar e promover pesquisa sobre as unidades<\/p>\n<p>formadoras e a trajet\u00f3ria dessa universidade. A exposi\u00e7\u00e3o 100 anos da Faculdade de<\/p>\n<p>Odontologia da UFPel\u00b3 fomentou a proposta e dela resultou o primeiro acervo recolhido para o<\/p>\n<p>Museu. Tamb\u00e9m dessa iniciativa originou-se a proposta da Laneira Casa dos Museus, que se<\/p>\n<p>apresenta em cap\u00edtulo espec\u00edfico nesse cat\u00e1logo. O Museu da UFPel n\u00e3o foi implantado.<\/p>\n<p>Depende, para tanto, da execu\u00e7\u00e3o do projeto de reciclagem da Laneira. No entanto,<\/p>\n<p>desenvolveu exposi\u00e7\u00f5es possui acervo e sobre esse foram feitas a\u00e7\u00f5es de conserva\u00e7\u00e3o e<\/p>\n<p>documenta\u00e7\u00e3o.<\/p>\n<p>&nbsp;<\/p>\n<p><strong>DESCRI\u00c7\u00c3O DO ACERVO<\/strong><\/p>\n<p>Como compete ao Museu da UFPel adquirir, guardar, conservar, documentar e disponibilizar<\/p>\n<p>ao p\u00fablico acervos materiais (tridimensionais e bidimensionais) e imateriais (depoimentos e<\/p>\n<p>similares) referentes \u00e0 mem\u00f3ria das unidades de ensino da Universidade, as a\u00e7\u00f5es sobre o<\/p>\n<p>acervo existente continuam sendo desenvolvidas e tiveram in\u00edcio em 2009 quando se<\/p>\n<p>organizou a Exposi\u00e7\u00e3o Comemorativa aos 40 anos da UFPel4 . Durante a realiza\u00e7\u00e3o do<\/p>\n<p>trabalho, foram localizados acervos hist\u00f3ricos e exemplares de equipamentos e objetos<\/p>\n<p>did\u00e1ticos fora de uso pela antiguidade, em diferentes unidades. Alguns dos exemplares foram<\/p>\n<p>reunidos e ficaram no Museu de Arte Leopoldo Gotuzzo, que sediou a exposi\u00e7\u00e3o.<\/p>\n<p>Concomintantemente, organizava-se o acervo f\u00edsico da Fototeca Mem\u00f3ria da UFPel5 , que na<\/p>\n<p>ocasi\u00e3o recebeu o acervo fotogr\u00e1fico e documental da Faculdade de Agronomia Eliseu Maciel6<\/p>\n<p>, da Faculdade de Odontologia7 e da Professora Clin\u00e9ia Campos Langlois8 . Tamb\u00e9m<\/p>\n<p>ingressaram documentos referentes \u00e0 Faculdade de Ci\u00eancias Dom\u00e9sticas9 . Ainda em 2010,<\/p>\n<p>ingressou, por recolhimento no local, objetos da F\u00e1brica Laneira Brasileira S. A.10, bem como<\/p>\n<p>um acervo oriundo do Departamento de Desenho11 e uma cole\u00e7\u00e3o fotogr\u00e1fica do Arquivo da<\/p>\n<p>Laneira12. Este conjunto acerv\u00edstico foi tratado, inicialmente, por uma equipe coordenada pelo<\/p>\n<p>Conservador-restaurador F\u00e1bio Galli, ent\u00e3o lotado no Departamento de Arte e Cultura da Pr\u00f3-<\/p>\n<p>Reitoria de Extens\u00e3o e Cultura que, atrav\u00e9s do seu coordenador, Professor Jos\u00e9 Luiz de<\/p>\n<p>Pellegrin, encaminhava os tr\u00e2mites de implementa\u00e7\u00e3o do Museu da UFPel. Durante os anos de<\/p>\n<p>2011, 2012 e 2013 o conjunto descrito foi depositado no antigo escrit\u00f3rio do edif\u00edcio da<\/p>\n<p>Laneira e sobre ele foi realizado um trabalho de conserva\u00e7\u00e3o por F\u00e1bio Galli. Durante o ano de<\/p>\n<p>2013, com o an\u00fancio das obras para a constru\u00e7\u00e3o de uma unidade da \u00e1rea da sa\u00fade incluindo<\/p>\n<p>o escrit\u00f3rio onde estava depositado o acervo, fez a equipe decidir pela transfer\u00eancia do<\/p>\n<p>mesmo para o Campus IV do Instituto de Ci\u00eancias Humanas, em local onde j\u00e1 se encontrava o<\/p>\n<p>acervo do Museu das Telecomunica\u00e7\u00f5es (n\u00e3o implantado). Desde ent\u00e3o, o acervo encontra-se<\/p>\n<p>nesse local e \u00e9 assistido por um grupo coordenado pela Professora N\u00f3ris Mara Pacheco<\/p>\n<p>Martins Leal.<\/p>\n<p>&nbsp;<\/p>\n<p><strong>EQUIPE ATUAL<\/strong><\/p>\n<p>Coordena\u00e7\u00e3o<\/p>\n<p>Francisca Ferreira Michelon N\u00f3ris Mara Pacheco Martins Leal<\/p>\n","protected":false},"excerpt":{"rendered":"<p>HIST\u00d3RICO O Museu da UFPEL foi criado pela Portaria n. 1.327 de 06 de setembro de 2011. No m\u00eas de dezembro do mesmo ano, foi emitida a Portaria n. 1.931 que constitu\u00eda a comiss\u00e3o\u00b2 ordenada a desenvolver os atos e medidas de organiza\u00e7\u00e3o desse museu. A comiss\u00e3o finalizou o seu trabalho em junho de 2012, [&hellip;]<\/p>\n","protected":false},"author":722,"featured_media":0,"parent":0,"menu_order":0,"comment_status":"closed","ping_status":"closed","template":"","meta":{"jetpack_post_was_ever_published":false,"footnotes":""},"class_list":["post-34","page","type-page","status-publish","hentry"],"jetpack_sharing_enabled":true,"jetpack_shortlink":"https:\/\/wp.me\/P8I7ve-y","jetpack-related-posts":[{"id":43,"url":"https:\/\/wp.ufpel.edu.br\/rededemuseusdaufpel\/laneira-casa-dos-museus\/","url_meta":{"origin":34,"position":0},"title":"Laneira Casa dos Museus","author":"rededemuseusdaufpel","date":"8 de maio de 2017","format":false,"excerpt":"HIST\u00d3RICO A planta industrial da f\u00e1brica Laneira Brasileira S. A. foi adquirida pela Universidade Federal de Pelotas em 2010. A partir do ano de 2012, iniciou-se o trabalho de reconhecimento e estudo de viabilidade de uso de parte do local para a implanta\u00e7\u00e3o do Museu da UFPel. No decorrer deste\u2026","rel":"","context":"Post similar","block_context":{"text":"Post similar","link":""},"img":{"alt_text":"","src":"https:\/\/i0.wp.com\/wp.ufpel.edu.br\/rededemuseusdaufpel\/files\/2017\/05\/LANEIRA_1.jpg?resize=350%2C200","width":350,"height":200},"classes":[]},{"id":533,"url":"https:\/\/wp.ufpel.edu.br\/rededemuseusdaufpel\/museu-arqueologico-e-antropologico\/","url_meta":{"origin":34,"position":1},"title":"MUARAN &#8211; MUSEU ARQUEOL\u00d3GICO E ANTROPOL\u00d3GICO","author":"rededemuseusdaufpel","date":"18 de fevereiro de 2019","format":false,"excerpt":"HIST\u00d3RICO No segundo semestre de 2008, o Prof. Dr. F\u00e1bio Vergara Cerqueira, ent\u00e3o diretor do Instituto de Ci\u00eancias Humanas da UFPel, convidou todos os arque\u00f3logos da institui\u00e7\u00e3o a participarem da implanta\u00e7\u00e3o de um novo museu arqueol\u00f3gico. A administra\u00e7\u00e3o da UFPel reconheceu os trabalhos deste grupo e constituiu comiss\u00e3o pr\u00f3pria em\u2026","rel":"","context":"Post similar","block_context":{"text":"Post similar","link":""},"img":{"alt_text":"","src":"https:\/\/i0.wp.com\/wp.ufpel.edu.br\/rededemuseusdaufpel\/files\/2019\/08\/arq1.jpg?resize=350%2C200","width":350,"height":200},"classes":[]},{"id":185,"url":"https:\/\/wp.ufpel.edu.br\/rededemuseusdaufpel\/a-rede\/","url_meta":{"origin":34,"position":2},"title":"A Rede","author":"rededemuseusdaufpel","date":"15 de janeiro de 2019","format":false,"excerpt":"A Rede de Museus da Universidade Federal de Pelotas (UFPel) \u00e9 um \u00f3rg\u00e3o suplementar da Pr\u00f3-Reitoria de Extens\u00e3o e Cultura (PREC) que tem por miss\u00e3o unir as institui\u00e7\u00f5es, projetos museol\u00f3gicos, acervos e cole\u00e7\u00f5es existentes na Universidade, visando a implanta\u00e7\u00e3o e manuten\u00e7\u00e3o de uma pol\u00edtica para a \u00e1rea, de forma a\u2026","rel":"","context":"Post similar","block_context":{"text":"Post similar","link":""},"img":{"alt_text":"","src":"","width":0,"height":0},"classes":[]},{"id":302,"url":"https:\/\/wp.ufpel.edu.br\/rededemuseusdaufpel\/museu-do-doce\/","url_meta":{"origin":34,"position":3},"title":"MUSEU DO DOCE","author":"rededemuseusdaufpel","date":"16 de janeiro de 2019","format":false,"excerpt":"Miss\u00e3o O Museu do Doce tem como miss\u00e3o salvaguardar os suportes de mem\u00f3ria da tradi\u00e7\u00e3o doceira de Pelotas e da regi\u00e3o, com o compromisso de produzir conhecimento sobre esse patrim\u00f4nio. Hist\u00f3ria O Museu do Doce \u00e9 uma conquista da comunidade doceira que, atrav\u00e9s de negocia\u00e7\u00e3o realizada com a Secretaria Municipal\u2026","rel":"","context":"Post similar","block_context":{"text":"Post similar","link":""},"img":{"alt_text":"","src":"https:\/\/i0.wp.com\/wp.ufpel.edu.br\/rededemuseusdaufpel\/files\/2019\/01\/DOCE.png?resize=350%2C200","width":350,"height":200,"srcset":"https:\/\/i0.wp.com\/wp.ufpel.edu.br\/rededemuseusdaufpel\/files\/2019\/01\/DOCE.png?resize=350%2C200 1x, https:\/\/i0.wp.com\/wp.ufpel.edu.br\/rededemuseusdaufpel\/files\/2019\/01\/DOCE.png?resize=525%2C300 1.5x"},"classes":[]},{"id":1350,"url":"https:\/\/wp.ufpel.edu.br\/rededemuseusdaufpel\/documentos\/","url_meta":{"origin":34,"position":4},"title":"Documentos","author":"rededemuseusdaufpel","date":"4 de setembro de 2020","format":false,"excerpt":"Diretrizes Para Uma Pol\u00edtica de Museus e Cole\u00e7\u00f5es Universit\u00e1rios\u00a0 Resolu\u00e7\u00e3o-CONSUN: Aprova\u00e7\u00e3o do Regimento Interno da Rede de Museus da UFPel Portaria - Composi\u00e7\u00e3o do Conselho da Rede de Museus da UFPel Anais da Semana dos Museus da UFPel E-book \"Um museu para todos: manual para programas de acessibilidade\" E-book \"Acessibilidade\u2026","rel":"","context":"Post similar","block_context":{"text":"Post similar","link":""},"img":{"alt_text":"","src":"","width":0,"height":0},"classes":[]},{"id":527,"url":"https:\/\/wp.ufpel.edu.br\/rededemuseusdaufpel\/projeto-de-extensao-museu-historico-de-morro-redondo\/","url_meta":{"origin":34,"position":5},"title":"Projeto de Extens\u00e3o \u201cMUSEU HIST\u00d3RICO DE MORRO REDONDO\u201d","author":"rededemuseusdaufpel","date":"18 de fevereiro de 2019","format":false,"excerpt":"Miss\u00e3o O Museu Hist\u00f3rico de Morro Redondo (MHMR) tem como miss\u00e3o promover a reflex\u00e3o, observa\u00e7\u00e3o e intera\u00e7\u00e3o da sociedade com o patrim\u00f4nio cultural do munic\u00edpio, traduzido por suas hist\u00f3rias, mem\u00f3rias e lugares. Assume como compromisso, igualmente, a preserva\u00e7\u00e3o e comunica\u00e7\u00e3o dos bens culturais sob sua guarda, enfatizando seus valores educativo,\u2026","rel":"","context":"Post similar","block_context":{"text":"Post similar","link":""},"img":{"alt_text":"","src":"https:\/\/i0.wp.com\/wp.ufpel.edu.br\/rededemuseusdaufpel\/files\/2021\/04\/1.jpg?resize=350%2C200","width":350,"height":200,"srcset":"https:\/\/i0.wp.com\/wp.ufpel.edu.br\/rededemuseusdaufpel\/files\/2021\/04\/1.jpg?resize=350%2C200 1x, https:\/\/i0.wp.com\/wp.ufpel.edu.br\/rededemuseusdaufpel\/files\/2021\/04\/1.jpg?resize=525%2C300 1.5x, https:\/\/i0.wp.com\/wp.ufpel.edu.br\/rededemuseusdaufpel\/files\/2021\/04\/1.jpg?resize=700%2C400 2x"},"classes":[]}],"_links":{"self":[{"href":"https:\/\/wp.ufpel.edu.br\/rededemuseusdaufpel\/wp-json\/wp\/v2\/pages\/34","targetHints":{"allow":["GET"]}}],"collection":[{"href":"https:\/\/wp.ufpel.edu.br\/rededemuseusdaufpel\/wp-json\/wp\/v2\/pages"}],"about":[{"href":"https:\/\/wp.ufpel.edu.br\/rededemuseusdaufpel\/wp-json\/wp\/v2\/types\/page"}],"author":[{"embeddable":true,"href":"https:\/\/wp.ufpel.edu.br\/rededemuseusdaufpel\/wp-json\/wp\/v2\/users\/722"}],"replies":[{"embeddable":true,"href":"https:\/\/wp.ufpel.edu.br\/rededemuseusdaufpel\/wp-json\/wp\/v2\/comments?post=34"}],"version-history":[{"count":2,"href":"https:\/\/wp.ufpel.edu.br\/rededemuseusdaufpel\/wp-json\/wp\/v2\/pages\/34\/revisions"}],"predecessor-version":[{"id":112,"href":"https:\/\/wp.ufpel.edu.br\/rededemuseusdaufpel\/wp-json\/wp\/v2\/pages\/34\/revisions\/112"}],"wp:attachment":[{"href":"https:\/\/wp.ufpel.edu.br\/rededemuseusdaufpel\/wp-json\/wp\/v2\/media?parent=34"}],"curies":[{"name":"wp","href":"https:\/\/api.w.org\/{rel}","templated":true}]}}