{"id":302,"date":"2019-01-16T19:46:03","date_gmt":"2019-01-16T21:46:03","guid":{"rendered":"https:\/\/wp.ufpel.edu.br\/rededemuseusdaufpel\/?page_id=302"},"modified":"2020-12-19T17:01:15","modified_gmt":"2020-12-19T20:01:15","slug":"museu-do-doce","status":"publish","type":"page","link":"https:\/\/wp.ufpel.edu.br\/rededemuseusdaufpel\/museu-do-doce\/","title":{"rendered":"MUSEU DO DOCE"},"content":{"rendered":"<p style=\"text-align: left\"><strong>Miss\u00e3o<\/strong><\/p>\n<p style=\"text-align: left\">O <a href=\"https:\/\/wp.ufpel.edu.br\/museudodoce\/\">Museu do Doce<\/a> tem como miss\u00e3o salvaguardar os suportes de mem\u00f3ria da tradi\u00e7\u00e3o doceira de Pelotas e da regi\u00e3o, com o compromisso de produzir conhecimento sobre esse patrim\u00f4nio.<\/p>\n<p style=\"text-align: left\"><strong>Hist\u00f3ria<\/strong><\/p>\n<p style=\"text-align: left\">O Museu do Doce \u00e9 uma conquista da comunidade doceira que, atrav\u00e9s de negocia\u00e7\u00e3o realizada com a Secretaria Municipal de Cultura e Instituto do Patrim\u00f4nio Hist\u00f3rico e Art\u00edstico Nacional (IPHAN), definiu como sede para essa nova institui\u00e7\u00e3o o casar\u00e3o situado na Pra\u00e7a Coronel Pedro Os\u00f3rio, 08, no centro hist\u00f3rico da cidade de Pelotas.<\/p>\n<p style=\"text-align: left\">O Casar\u00e3o que abriga o museu provavelmente foi projetado e constru\u00eddo pelo arquiteto italiano Jos\u00e9 Izella, em 1878, para servir como resid\u00eancia para a fam\u00edlia do Conselheiro Francisco Antunes Maciel (Conselheiro do Imp\u00e9rio). Entre os anos de 1950 e 1973, a edifica\u00e7\u00e3o serviu como sede do Quartel General da 8\u00aa Brigada de Infantaria Motorizada de Pelotas. Depois desse per\u00edodo, foi ocupado por diversos \u00f3rg\u00e3os p\u00fablicos municipais.<\/p>\n<p style=\"text-align: left\">Em 1977 a casa foi tombada em n\u00edvel federal pelo IPHAN e comprada pela UFPel em 2006. Em 2010 a UFPel deu in\u00edcio ao processo de restaura\u00e7\u00e3o e adequa\u00e7\u00e3o das instala\u00e7\u00f5es para uso do Museu. O restauro foi conclu\u00eddo em 2013, quando o Museu do Doce instalou-se na casa e foi aberto ao p\u00fablico.<\/p>\n<p style=\"text-align: left\"><strong>Acervo<\/strong><\/p>\n<p style=\"text-align: left\">O acervo \u00e9 formado por pe\u00e7as relacionadas com a hist\u00f3ria da tradi\u00e7\u00e3o doceira de Pelotas e regi\u00e3o, sejam elas hist\u00f3ricas, documentais, bibliogr\u00e1ficas ou impressas, al\u00e9m de todo objeto\/representa\u00e7\u00e3o que tenha rela\u00e7\u00e3o com a miss\u00e3o do Museu.<\/p>\n<p style=\"text-align: left\"><strong>Exposi\u00e7\u00f5es e visitas<\/strong><\/p>\n<p style=\"text-align: left\">O museu, que se configura como \u00f3rg\u00e3o suplementar do Instituto de Ci\u00eancias Humanas da UFPel, recebe um grande n\u00famero de visitantes locais, turista e grupos de estudantes.<\/p>\n<p style=\"text-align: left\">A sua exposi\u00e7\u00e3o de longa dura\u00e7\u00e3o possui caracter\u00edsticas de acessibilidade para as pessoas com defici\u00eancia.<\/p>\n\n\t\t<style type=\"text\/css\">\n\t\t\t#gallery-1 {\n\t\t\t\tmargin: auto;\n\t\t\t}\n\t\t\t#gallery-1 .gallery-item {\n\t\t\t\tfloat: left;\n\t\t\t\tmargin-top: 10px;\n\t\t\t\ttext-align: center;\n\t\t\t\twidth: 33%;\n\t\t\t}\n\t\t\t#gallery-1 img {\n\t\t\t\tborder: 2px solid #cfcfcf;\n\t\t\t}\n\t\t\t#gallery-1 .gallery-caption {\n\t\t\t\tmargin-left: 0;\n\t\t\t}\n\t\t\t\/* see gallery_shortcode() in wp-includes\/media.php *\/\n\t\t<\/style>\n\t\t<div data-carousel-extra='{&quot;blog_id&quot;:732,&quot;permalink&quot;:&quot;https:\/\/wp.ufpel.edu.br\/rededemuseusdaufpel\/museu-do-doce\/&quot;}' id='gallery-1' class='gallery galleryid-302 gallery-columns-3 gallery-size-thumbnail'><dl class='gallery-item'>\n\t\t\t<dt class='gallery-icon landscape'>\n\t\t\t\t<a href='https:\/\/wp.ufpel.edu.br\/rededemuseusdaufpel\/museu-do-doce\/doce\/'><img width=\"200\" height=\"200\" src=\"https:\/\/i0.wp.com\/wp.ufpel.edu.br\/rededemuseusdaufpel\/files\/2019\/01\/DOCE.png?resize=200%2C200&amp;ssl=1\" class=\"attachment-thumbnail size-thumbnail\" alt=\"\" srcset=\"https:\/\/i0.wp.com\/wp.ufpel.edu.br\/rededemuseusdaufpel\/files\/2019\/01\/DOCE.png?resize=200%2C200&amp;ssl=1 200w, https:\/\/i0.wp.com\/wp.ufpel.edu.br\/rededemuseusdaufpel\/files\/2019\/01\/DOCE.png?resize=280%2C280&amp;ssl=1 280w, https:\/\/i0.wp.com\/wp.ufpel.edu.br\/rededemuseusdaufpel\/files\/2019\/01\/DOCE.png?resize=100%2C100&amp;ssl=1 100w, https:\/\/i0.wp.com\/wp.ufpel.edu.br\/rededemuseusdaufpel\/files\/2019\/01\/DOCE.png?zoom=2&amp;resize=200%2C200&amp;ssl=1 400w\" sizes=\"(max-width: 200px) 100vw, 200px\" data-attachment-id=\"319\" data-permalink=\"https:\/\/wp.ufpel.edu.br\/rededemuseusdaufpel\/museu-do-doce\/doce\/\" data-orig-file=\"https:\/\/i0.wp.com\/wp.ufpel.edu.br\/rededemuseusdaufpel\/files\/2019\/01\/DOCE.png?fit=565%2C376&amp;ssl=1\" data-orig-size=\"565,376\" data-comments-opened=\"0\" data-image-meta=\"{&quot;aperture&quot;:&quot;0&quot;,&quot;credit&quot;:&quot;&quot;,&quot;camera&quot;:&quot;&quot;,&quot;caption&quot;:&quot;&quot;,&quot;created_timestamp&quot;:&quot;0&quot;,&quot;copyright&quot;:&quot;&quot;,&quot;focal_length&quot;:&quot;0&quot;,&quot;iso&quot;:&quot;0&quot;,&quot;shutter_speed&quot;:&quot;0&quot;,&quot;title&quot;:&quot;&quot;,&quot;orientation&quot;:&quot;0&quot;}\" data-image-title=\"DOCE\" data-image-description=\"\" data-image-caption=\"\" data-medium-file=\"https:\/\/i0.wp.com\/wp.ufpel.edu.br\/rededemuseusdaufpel\/files\/2019\/01\/DOCE.png?fit=400%2C266&amp;ssl=1\" data-large-file=\"https:\/\/i0.wp.com\/wp.ufpel.edu.br\/rededemuseusdaufpel\/files\/2019\/01\/DOCE.png?fit=565%2C376&amp;ssl=1\" \/><\/a>\n\t\t\t<\/dt><\/dl><dl class='gallery-item'>\n\t\t\t<dt class='gallery-icon landscape'>\n\t\t\t\t<a href='https:\/\/wp.ufpel.edu.br\/rededemuseusdaufpel\/museu-do-doce\/doce2\/'><img width=\"200\" height=\"200\" src=\"https:\/\/i0.wp.com\/wp.ufpel.edu.br\/rededemuseusdaufpel\/files\/2019\/01\/DOCE2.png?resize=200%2C200&amp;ssl=1\" class=\"attachment-thumbnail size-thumbnail\" alt=\"\" srcset=\"https:\/\/i0.wp.com\/wp.ufpel.edu.br\/rededemuseusdaufpel\/files\/2019\/01\/DOCE2.png?resize=200%2C200&amp;ssl=1 200w, https:\/\/i0.wp.com\/wp.ufpel.edu.br\/rededemuseusdaufpel\/files\/2019\/01\/DOCE2.png?resize=280%2C280&amp;ssl=1 280w, https:\/\/i0.wp.com\/wp.ufpel.edu.br\/rededemuseusdaufpel\/files\/2019\/01\/DOCE2.png?resize=100%2C100&amp;ssl=1 100w, https:\/\/i0.wp.com\/wp.ufpel.edu.br\/rededemuseusdaufpel\/files\/2019\/01\/DOCE2.png?zoom=2&amp;resize=200%2C200&amp;ssl=1 400w\" sizes=\"(max-width: 200px) 100vw, 200px\" data-attachment-id=\"320\" data-permalink=\"https:\/\/wp.ufpel.edu.br\/rededemuseusdaufpel\/museu-do-doce\/doce2\/\" data-orig-file=\"https:\/\/i0.wp.com\/wp.ufpel.edu.br\/rededemuseusdaufpel\/files\/2019\/01\/DOCE2.png?fit=567%2C371&amp;ssl=1\" data-orig-size=\"567,371\" data-comments-opened=\"0\" data-image-meta=\"{&quot;aperture&quot;:&quot;0&quot;,&quot;credit&quot;:&quot;&quot;,&quot;camera&quot;:&quot;&quot;,&quot;caption&quot;:&quot;&quot;,&quot;created_timestamp&quot;:&quot;0&quot;,&quot;copyright&quot;:&quot;&quot;,&quot;focal_length&quot;:&quot;0&quot;,&quot;iso&quot;:&quot;0&quot;,&quot;shutter_speed&quot;:&quot;0&quot;,&quot;title&quot;:&quot;&quot;,&quot;orientation&quot;:&quot;0&quot;}\" data-image-title=\"DOCE2\" data-image-description=\"\" data-image-caption=\"\" data-medium-file=\"https:\/\/i0.wp.com\/wp.ufpel.edu.br\/rededemuseusdaufpel\/files\/2019\/01\/DOCE2.png?fit=400%2C262&amp;ssl=1\" data-large-file=\"https:\/\/i0.wp.com\/wp.ufpel.edu.br\/rededemuseusdaufpel\/files\/2019\/01\/DOCE2.png?fit=567%2C371&amp;ssl=1\" \/><\/a>\n\t\t\t<\/dt><\/dl><dl class='gallery-item'>\n\t\t\t<dt class='gallery-icon portrait'>\n\t\t\t\t<a href='https:\/\/wp.ufpel.edu.br\/rededemuseusdaufpel\/museu-do-doce\/doce3\/'><img width=\"200\" height=\"200\" src=\"https:\/\/i0.wp.com\/wp.ufpel.edu.br\/rededemuseusdaufpel\/files\/2019\/01\/DOCE3.png?resize=200%2C200&amp;ssl=1\" class=\"attachment-thumbnail size-thumbnail\" alt=\"\" srcset=\"https:\/\/i0.wp.com\/wp.ufpel.edu.br\/rededemuseusdaufpel\/files\/2019\/01\/DOCE3.png?resize=200%2C200&amp;ssl=1 200w, https:\/\/i0.wp.com\/wp.ufpel.edu.br\/rededemuseusdaufpel\/files\/2019\/01\/DOCE3.png?resize=280%2C280&amp;ssl=1 280w, https:\/\/i0.wp.com\/wp.ufpel.edu.br\/rededemuseusdaufpel\/files\/2019\/01\/DOCE3.png?resize=100%2C100&amp;ssl=1 100w, https:\/\/i0.wp.com\/wp.ufpel.edu.br\/rededemuseusdaufpel\/files\/2019\/01\/DOCE3.png?zoom=2&amp;resize=200%2C200&amp;ssl=1 400w\" sizes=\"(max-width: 200px) 100vw, 200px\" data-attachment-id=\"321\" data-permalink=\"https:\/\/wp.ufpel.edu.br\/rededemuseusdaufpel\/museu-do-doce\/doce3\/\" data-orig-file=\"https:\/\/i0.wp.com\/wp.ufpel.edu.br\/rededemuseusdaufpel\/files\/2019\/01\/DOCE3.png?fit=568%2C811&amp;ssl=1\" data-orig-size=\"568,811\" data-comments-opened=\"0\" data-image-meta=\"{&quot;aperture&quot;:&quot;0&quot;,&quot;credit&quot;:&quot;&quot;,&quot;camera&quot;:&quot;&quot;,&quot;caption&quot;:&quot;&quot;,&quot;created_timestamp&quot;:&quot;0&quot;,&quot;copyright&quot;:&quot;&quot;,&quot;focal_length&quot;:&quot;0&quot;,&quot;iso&quot;:&quot;0&quot;,&quot;shutter_speed&quot;:&quot;0&quot;,&quot;title&quot;:&quot;&quot;,&quot;orientation&quot;:&quot;0&quot;}\" data-image-title=\"DOCE3\" data-image-description=\"\" data-image-caption=\"\" data-medium-file=\"https:\/\/i0.wp.com\/wp.ufpel.edu.br\/rededemuseusdaufpel\/files\/2019\/01\/DOCE3.png?fit=280%2C400&amp;ssl=1\" data-large-file=\"https:\/\/i0.wp.com\/wp.ufpel.edu.br\/rededemuseusdaufpel\/files\/2019\/01\/DOCE3.png?fit=568%2C811&amp;ssl=1\" \/><\/a>\n\t\t\t<\/dt><\/dl><br style=\"clear: both\" \/><dl class='gallery-item'>\n\t\t\t<dt class='gallery-icon landscape'>\n\t\t\t\t<a href='https:\/\/wp.ufpel.edu.br\/rededemuseusdaufpel\/doce_3\/'><img width=\"200\" height=\"133\" src=\"https:\/\/i0.wp.com\/wp.ufpel.edu.br\/rededemuseusdaufpel\/files\/2017\/05\/DOCE_3.jpg?resize=200%2C133&amp;ssl=1\" class=\"attachment-thumbnail size-thumbnail\" alt=\"\" srcset=\"https:\/\/i0.wp.com\/wp.ufpel.edu.br\/rededemuseusdaufpel\/files\/2017\/05\/DOCE_3.jpg?w=2048&amp;ssl=1 2048w, https:\/\/i0.wp.com\/wp.ufpel.edu.br\/rededemuseusdaufpel\/files\/2017\/05\/DOCE_3.jpg?resize=212%2C141&amp;ssl=1 212w, https:\/\/i0.wp.com\/wp.ufpel.edu.br\/rededemuseusdaufpel\/files\/2017\/05\/DOCE_3.jpg?resize=424%2C283&amp;ssl=1 424w, https:\/\/i0.wp.com\/wp.ufpel.edu.br\/rededemuseusdaufpel\/files\/2017\/05\/DOCE_3.jpg?resize=768%2C512&amp;ssl=1 768w\" sizes=\"(max-width: 200px) 100vw, 200px\" data-attachment-id=\"132\" data-permalink=\"https:\/\/wp.ufpel.edu.br\/rededemuseusdaufpel\/doce_3\/\" data-orig-file=\"https:\/\/i0.wp.com\/wp.ufpel.edu.br\/rededemuseusdaufpel\/files\/2017\/05\/DOCE_3.jpg?fit=2048%2C1365&amp;ssl=1\" data-orig-size=\"2048,1365\" data-comments-opened=\"0\" data-image-meta=\"{&quot;aperture&quot;:&quot;0&quot;,&quot;credit&quot;:&quot;&quot;,&quot;camera&quot;:&quot;&quot;,&quot;caption&quot;:&quot;&quot;,&quot;created_timestamp&quot;:&quot;0&quot;,&quot;copyright&quot;:&quot;&quot;,&quot;focal_length&quot;:&quot;0&quot;,&quot;iso&quot;:&quot;0&quot;,&quot;shutter_speed&quot;:&quot;0&quot;,&quot;title&quot;:&quot;&quot;,&quot;orientation&quot;:&quot;0&quot;}\" data-image-title=\"DOCE_3\" data-image-description=\"\" data-image-caption=\"\" data-medium-file=\"https:\/\/i0.wp.com\/wp.ufpel.edu.br\/rededemuseusdaufpel\/files\/2017\/05\/DOCE_3.jpg?fit=400%2C267&amp;ssl=1\" data-large-file=\"https:\/\/i0.wp.com\/wp.ufpel.edu.br\/rededemuseusdaufpel\/files\/2017\/05\/DOCE_3.jpg?fit=984%2C220&amp;ssl=1\" \/><\/a>\n\t\t\t<\/dt><\/dl><dl class='gallery-item'>\n\t\t\t<dt class='gallery-icon landscape'>\n\t\t\t\t<a href='https:\/\/wp.ufpel.edu.br\/rededemuseusdaufpel\/doce_4\/'><img width=\"200\" height=\"133\" src=\"https:\/\/i0.wp.com\/wp.ufpel.edu.br\/rededemuseusdaufpel\/files\/2017\/05\/DOCE_4.jpg?resize=200%2C133&amp;ssl=1\" class=\"attachment-thumbnail size-thumbnail\" alt=\"\" srcset=\"https:\/\/i0.wp.com\/wp.ufpel.edu.br\/rededemuseusdaufpel\/files\/2017\/05\/DOCE_4.jpg?w=2048&amp;ssl=1 2048w, https:\/\/i0.wp.com\/wp.ufpel.edu.br\/rededemuseusdaufpel\/files\/2017\/05\/DOCE_4.jpg?resize=212%2C141&amp;ssl=1 212w, https:\/\/i0.wp.com\/wp.ufpel.edu.br\/rededemuseusdaufpel\/files\/2017\/05\/DOCE_4.jpg?resize=424%2C283&amp;ssl=1 424w, https:\/\/i0.wp.com\/wp.ufpel.edu.br\/rededemuseusdaufpel\/files\/2017\/05\/DOCE_4.jpg?resize=768%2C512&amp;ssl=1 768w\" sizes=\"(max-width: 200px) 100vw, 200px\" data-attachment-id=\"133\" data-permalink=\"https:\/\/wp.ufpel.edu.br\/rededemuseusdaufpel\/doce_4\/\" data-orig-file=\"https:\/\/i0.wp.com\/wp.ufpel.edu.br\/rededemuseusdaufpel\/files\/2017\/05\/DOCE_4.jpg?fit=2048%2C1365&amp;ssl=1\" data-orig-size=\"2048,1365\" data-comments-opened=\"0\" data-image-meta=\"{&quot;aperture&quot;:&quot;0&quot;,&quot;credit&quot;:&quot;&quot;,&quot;camera&quot;:&quot;&quot;,&quot;caption&quot;:&quot;&quot;,&quot;created_timestamp&quot;:&quot;0&quot;,&quot;copyright&quot;:&quot;&quot;,&quot;focal_length&quot;:&quot;0&quot;,&quot;iso&quot;:&quot;0&quot;,&quot;shutter_speed&quot;:&quot;0&quot;,&quot;title&quot;:&quot;&quot;,&quot;orientation&quot;:&quot;0&quot;}\" data-image-title=\"DOCE_4\" data-image-description=\"\" data-image-caption=\"\" data-medium-file=\"https:\/\/i0.wp.com\/wp.ufpel.edu.br\/rededemuseusdaufpel\/files\/2017\/05\/DOCE_4.jpg?fit=400%2C267&amp;ssl=1\" data-large-file=\"https:\/\/i0.wp.com\/wp.ufpel.edu.br\/rededemuseusdaufpel\/files\/2017\/05\/DOCE_4.jpg?fit=984%2C220&amp;ssl=1\" \/><\/a>\n\t\t\t<\/dt><\/dl>\n\t\t\t<br style='clear: both' \/>\n\t\t<\/div>\n\n<p style=\"text-align: left\"><strong>Localiza\u00e7\u00e3o e contato<\/strong><\/p>\n<div style=\"float: left;width: 45%;text-align: left\">\n<p>Endere\u00e7o: Pra\u00e7a Coronel Pedro Os\u00f3rio, 08 \u2013 Centro \u2013 Pelotas\/RS<\/p>\n<p>Telefone: (53) 3921-6291<\/p>\n<p><a href=\"https:\/\/pt-br.facebook.com\/museudodoce\/\">Facebook<\/a><\/p>\n<p>E-mail: museudodocedaufpel@gmail.com<\/p>\n<div class=\"googlemaps\">\n\t\t\t\t<iframe width=\"600\" height=\"450\" frameborder=\"0\" scrolling=\"no\" marginheight=\"0\" marginwidth=\"0\"  src=\"https:\/\/www.google.com\/maps\/embed?pb=!1m14!1m8!1m3!1d13567.992246776916!2d-52.339899!3d-31.7705388!3m2!1i1024!2i768!4f13.1!3m3!1m2!1s0x0:0xd882f8c7c87e965a!2sMuseu%20do%20Doce%20-%20UFPel!5e0!3m2!1spt-BR!2sbr!4v1608407597326!5m2!1spt-BR!2sbr\"><\/iframe>\n\t\t\t<\/div>\n<\/div>\n","protected":false},"excerpt":{"rendered":"<p>Miss\u00e3o O Museu do Doce tem como miss\u00e3o salvaguardar os suportes de mem\u00f3ria da tradi\u00e7\u00e3o doceira de Pelotas e da regi\u00e3o, com o compromisso de produzir conhecimento sobre esse patrim\u00f4nio. Hist\u00f3ria O Museu do Doce \u00e9 uma conquista da comunidade doceira que, atrav\u00e9s de negocia\u00e7\u00e3o realizada com a Secretaria Municipal de Cultura e Instituto do [&hellip;]<\/p>\n","protected":false},"author":722,"featured_media":0,"parent":0,"menu_order":0,"comment_status":"closed","ping_status":"closed","template":"page-sem-sidebar.php","meta":{"jetpack_post_was_ever_published":false,"footnotes":""},"class_list":["post-302","page","type-page","status-publish","hentry"],"jetpack_sharing_enabled":true,"jetpack_shortlink":"https:\/\/wp.me\/P8I7ve-4S","jetpack-related-posts":[{"id":1663,"url":"https:\/\/wp.ufpel.edu.br\/rededemuseusdaufpel\/exposicao-minha-mascara\/","url_meta":{"origin":302,"position":0},"title":"Exposi\u00e7\u00e3o Virtual &#8220;Minha M\u00e1scara&#8221;","author":"rededemuseusdaufpel","date":"2 de dezembro de 2020","format":false,"excerpt":"Exposi\u00e7\u00e3o Minha M\u00e1scara em comemora\u00e7\u00e3o ao Dia do Patrim\u00f4nio O Dia do Patrim\u00f4nio \u00e9 comemorado em 17 de agosto. A data foi escolhida em raz\u00e3o do nascimento do historiador e jornalista Rodrigo Melo Franco de Andrade (Belo Horizonte - MG, 1898-1969), o primeiro presidente do Instituto do Patrim\u00f4nio Hist\u00f3rico e\u2026","rel":"","context":"Post similar","block_context":{"text":"Post similar","link":""},"img":{"alt_text":"","src":"https:\/\/i0.wp.com\/wp.ufpel.edu.br\/rededemuseusdaufpel\/files\/2020\/12\/unilasalle5.jpg?resize=350%2C200","width":350,"height":200,"srcset":"https:\/\/i0.wp.com\/wp.ufpel.edu.br\/rededemuseusdaufpel\/files\/2020\/12\/unilasalle5.jpg?resize=350%2C200 1x, https:\/\/i0.wp.com\/wp.ufpel.edu.br\/rededemuseusdaufpel\/files\/2020\/12\/unilasalle5.jpg?resize=525%2C300 1.5x, https:\/\/i0.wp.com\/wp.ufpel.edu.br\/rededemuseusdaufpel\/files\/2020\/12\/unilasalle5.jpg?resize=700%2C400 2x, https:\/\/i0.wp.com\/wp.ufpel.edu.br\/rededemuseusdaufpel\/files\/2020\/12\/unilasalle5.jpg?resize=1050%2C600 3x"},"classes":[]},{"id":185,"url":"https:\/\/wp.ufpel.edu.br\/rededemuseusdaufpel\/a-rede\/","url_meta":{"origin":302,"position":1},"title":"A Rede","author":"rededemuseusdaufpel","date":"15 de janeiro de 2019","format":false,"excerpt":"A Rede de Museus da Universidade Federal de Pelotas (UFPel) \u00e9 um \u00f3rg\u00e3o suplementar da Pr\u00f3-Reitoria de Extens\u00e3o e Cultura (PREC) que tem por miss\u00e3o unir as institui\u00e7\u00f5es, projetos museol\u00f3gicos, acervos e cole\u00e7\u00f5es existentes na Universidade, visando a implanta\u00e7\u00e3o e manuten\u00e7\u00e3o de uma pol\u00edtica para a \u00e1rea, de forma a\u2026","rel":"","context":"Post similar","block_context":{"text":"Post similar","link":""},"img":{"alt_text":"","src":"","width":0,"height":0},"classes":[]},{"id":527,"url":"https:\/\/wp.ufpel.edu.br\/rededemuseusdaufpel\/projeto-de-extensao-museu-historico-de-morro-redondo\/","url_meta":{"origin":302,"position":2},"title":"Projeto de Extens\u00e3o \u201cMUSEU HIST\u00d3RICO DE MORRO REDONDO\u201d","author":"rededemuseusdaufpel","date":"18 de fevereiro de 2019","format":false,"excerpt":"Miss\u00e3o O Museu Hist\u00f3rico de Morro Redondo (MHMR) tem como miss\u00e3o promover a reflex\u00e3o, observa\u00e7\u00e3o e intera\u00e7\u00e3o da sociedade com o patrim\u00f4nio cultural do munic\u00edpio, traduzido por suas hist\u00f3rias, mem\u00f3rias e lugares. Assume como compromisso, igualmente, a preserva\u00e7\u00e3o e comunica\u00e7\u00e3o dos bens culturais sob sua guarda, enfatizando seus valores educativo,\u2026","rel":"","context":"Post similar","block_context":{"text":"Post similar","link":""},"img":{"alt_text":"","src":"https:\/\/i0.wp.com\/wp.ufpel.edu.br\/rededemuseusdaufpel\/files\/2021\/04\/1.jpg?resize=350%2C200","width":350,"height":200,"srcset":"https:\/\/i0.wp.com\/wp.ufpel.edu.br\/rededemuseusdaufpel\/files\/2021\/04\/1.jpg?resize=350%2C200 1x, https:\/\/i0.wp.com\/wp.ufpel.edu.br\/rededemuseusdaufpel\/files\/2021\/04\/1.jpg?resize=525%2C300 1.5x, https:\/\/i0.wp.com\/wp.ufpel.edu.br\/rededemuseusdaufpel\/files\/2021\/04\/1.jpg?resize=700%2C400 2x"},"classes":[]},{"id":533,"url":"https:\/\/wp.ufpel.edu.br\/rededemuseusdaufpel\/museu-arqueologico-e-antropologico\/","url_meta":{"origin":302,"position":3},"title":"MUARAN &#8211; MUSEU ARQUEOL\u00d3GICO E ANTROPOL\u00d3GICO","author":"rededemuseusdaufpel","date":"18 de fevereiro de 2019","format":false,"excerpt":"HIST\u00d3RICO No segundo semestre de 2008, o Prof. Dr. F\u00e1bio Vergara Cerqueira, ent\u00e3o diretor do Instituto de Ci\u00eancias Humanas da UFPel, convidou todos os arque\u00f3logos da institui\u00e7\u00e3o a participarem da implanta\u00e7\u00e3o de um novo museu arqueol\u00f3gico. A administra\u00e7\u00e3o da UFPel reconheceu os trabalhos deste grupo e constituiu comiss\u00e3o pr\u00f3pria em\u2026","rel":"","context":"Post similar","block_context":{"text":"Post similar","link":""},"img":{"alt_text":"","src":"https:\/\/i0.wp.com\/wp.ufpel.edu.br\/rededemuseusdaufpel\/files\/2019\/08\/arq1.jpg?resize=350%2C200","width":350,"height":200},"classes":[]},{"id":266,"url":"https:\/\/wp.ufpel.edu.br\/rededemuseusdaufpel\/malg-museu-de-arte-leopoldo-gotuzzo\/","url_meta":{"origin":302,"position":4},"title":"MALG &#8211; MUSEU DE ARTE LEOPOLDO GOTUZZO","author":"rededemuseusdaufpel","date":"15 de janeiro de 2019","format":false,"excerpt":"Miss\u00e3o O Museu de Arte Leopoldo Gotuzzo (MALG) tem como miss\u00e3o zelar pela preserva\u00e7\u00e3o e conserva\u00e7\u00e3o de seu acervo art\u00edstico e documental, assim como divulg\u00e1-lo amplamente, atrav\u00e9s de projetos curatoriais, expogr\u00e1ficos e virtuais. Cabe ao MALG garantir a integridade f\u00edsica do acervo de obras de Leopoldo Gotuzzo, patrono do museu,\u2026","rel":"","context":"Post similar","block_context":{"text":"Post similar","link":""},"img":{"alt_text":"","src":"https:\/\/i0.wp.com\/wp.ufpel.edu.br\/rededemuseusdaufpel\/files\/2019\/01\/malg.png?resize=350%2C200","width":350,"height":200},"classes":[]},{"id":43,"url":"https:\/\/wp.ufpel.edu.br\/rededemuseusdaufpel\/laneira-casa-dos-museus\/","url_meta":{"origin":302,"position":5},"title":"Laneira Casa dos Museus","author":"rededemuseusdaufpel","date":"8 de maio de 2017","format":false,"excerpt":"HIST\u00d3RICO A planta industrial da f\u00e1brica Laneira Brasileira S. A. foi adquirida pela Universidade Federal de Pelotas em 2010. A partir do ano de 2012, iniciou-se o trabalho de reconhecimento e estudo de viabilidade de uso de parte do local para a implanta\u00e7\u00e3o do Museu da UFPel. No decorrer deste\u2026","rel":"","context":"Post similar","block_context":{"text":"Post similar","link":""},"img":{"alt_text":"","src":"https:\/\/i0.wp.com\/wp.ufpel.edu.br\/rededemuseusdaufpel\/files\/2017\/05\/LANEIRA_1.jpg?resize=350%2C200","width":350,"height":200},"classes":[]}],"_links":{"self":[{"href":"https:\/\/wp.ufpel.edu.br\/rededemuseusdaufpel\/wp-json\/wp\/v2\/pages\/302","targetHints":{"allow":["GET"]}}],"collection":[{"href":"https:\/\/wp.ufpel.edu.br\/rededemuseusdaufpel\/wp-json\/wp\/v2\/pages"}],"about":[{"href":"https:\/\/wp.ufpel.edu.br\/rededemuseusdaufpel\/wp-json\/wp\/v2\/types\/page"}],"author":[{"embeddable":true,"href":"https:\/\/wp.ufpel.edu.br\/rededemuseusdaufpel\/wp-json\/wp\/v2\/users\/722"}],"replies":[{"embeddable":true,"href":"https:\/\/wp.ufpel.edu.br\/rededemuseusdaufpel\/wp-json\/wp\/v2\/comments?post=302"}],"version-history":[{"count":15,"href":"https:\/\/wp.ufpel.edu.br\/rededemuseusdaufpel\/wp-json\/wp\/v2\/pages\/302\/revisions"}],"predecessor-version":[{"id":1786,"href":"https:\/\/wp.ufpel.edu.br\/rededemuseusdaufpel\/wp-json\/wp\/v2\/pages\/302\/revisions\/1786"}],"wp:attachment":[{"href":"https:\/\/wp.ufpel.edu.br\/rededemuseusdaufpel\/wp-json\/wp\/v2\/media?parent=302"}],"curies":[{"name":"wp","href":"https:\/\/api.w.org\/{rel}","templated":true}]}}