{"id":1372,"date":"2020-09-13T17:41:56","date_gmt":"2020-09-13T20:41:56","guid":{"rendered":"https:\/\/wp.ufpel.edu.br\/rededemuseusdaufpel\/?page_id=1372"},"modified":"2020-12-19T16:47:02","modified_gmt":"2020-12-19T19:47:02","slug":"museu-das-telecomunicacoes","status":"publish","type":"page","link":"https:\/\/wp.ufpel.edu.br\/rededemuseusdaufpel\/museu-das-telecomunicacoes\/","title":{"rendered":"Museu das Telecomunica\u00e7\u00f5es"},"content":{"rendered":"<p style=\"text-align: left\"><b>Apresenta\u00e7\u00e3o<\/b><\/p>\n<p style=\"text-align: left\"><span style=\"font-weight: 400\">No contexto de projetos de ensino, pesquisa e extens\u00e3o vinculados ao Instituto de Ci\u00eancias Humanas, realiza-se a salvaguarda do acervo das telecomunica\u00e7\u00f5es pertencente \u00e0 antiga <\/span><i><span style=\"font-weight: 400\">Companhia Telephonica de Melhoramento e Resist\u00eancia<\/span><\/i><span style=\"font-weight: 400\"> (CTMR), de forma a preservar a hist\u00f3ria, desta que foi uma importante empresa para a cidade de Pelotas, os aspectos sociais, culturais e econ\u00f4micos da \u00e9poca, al\u00e9m de auxiliar no entendimento da evolu\u00e7\u00e3o tecnol\u00f3gica da telefonia.<\/span><\/p>\n<p style=\"text-align: left\"><b>Hist\u00f3ria<\/b><\/p>\n<p style=\"text-align: left\"><span style=\"font-weight: 400\">A CTMR iniciou suas atividades em 1919, abrangendo as cidades de Pelotas, Cap\u00e3o do Le\u00e3o e Rio Grande. Ap\u00f3s oito d\u00e9cadas de funcionamento, em 1999, foi adquirida pela Brasil Telecom, tendo os objetos pertencentes ao Museu do Telefone, que funcionava no pr\u00e9dio central da empresa, documentos, fotografias e equipamentos, enviados para Bras\u00edlia. Devido ao empenho e mobiliza\u00e7\u00e3o de entidades e institui\u00e7\u00f5es pelotenses,\u00a0 lideradas pelo Centro de Diretores Lojistas de Pelotas (CDL), o acervo retornou para Pelotas, permanecendo sob a guarda da UFPEL, desde 2003.<\/span><\/p>\n<p style=\"text-align: left\"><b>Acervo<\/b><\/p>\n<p style=\"text-align: left\"><span style=\"font-weight: 400\">O acervo \u00e9 composto por uma ampla diversidade de objetos e materiais, dentre eles mobili\u00e1rio, material impresso, documentos, fotografias, grava\u00e7\u00f5es dos depoimentos de antigos funcion\u00e1rios, cat\u00e1logos telef\u00f4nicos e telefones de diferentes per\u00edodos da hist\u00f3ria.<\/span><\/p>\n\n\t\t<style type=\"text\/css\">\n\t\t\t#gallery-1 {\n\t\t\t\tmargin: auto;\n\t\t\t}\n\t\t\t#gallery-1 .gallery-item {\n\t\t\t\tfloat: left;\n\t\t\t\tmargin-top: 10px;\n\t\t\t\ttext-align: center;\n\t\t\t\twidth: 33%;\n\t\t\t}\n\t\t\t#gallery-1 img {\n\t\t\t\tborder: 2px solid #cfcfcf;\n\t\t\t}\n\t\t\t#gallery-1 .gallery-caption {\n\t\t\t\tmargin-left: 0;\n\t\t\t}\n\t\t\t\/* see gallery_shortcode() in wp-includes\/media.php *\/\n\t\t<\/style>\n\t\t<div data-carousel-extra='{&quot;blog_id&quot;:732,&quot;permalink&quot;:&quot;https:\/\/wp.ufpel.edu.br\/rededemuseusdaufpel\/museu-das-telecomunicacoes\/&quot;}' id='gallery-1' class='gallery galleryid-1372 gallery-columns-3 gallery-size-thumbnail'><dl class='gallery-item'>\n\t\t\t<dt class='gallery-icon landscape'>\n\t\t\t\t<a href='https:\/\/wp.ufpel.edu.br\/rededemuseusdaufpel\/museu-das-telecomunicacoes\/mascara3\/'><img width=\"200\" height=\"200\" src=\"https:\/\/i0.wp.com\/wp.ufpel.edu.br\/rededemuseusdaufpel\/files\/2020\/09\/mascara3-scaled.jpg?resize=200%2C200&amp;ssl=1\" class=\"attachment-thumbnail size-thumbnail\" alt=\"\" srcset=\"https:\/\/i0.wp.com\/wp.ufpel.edu.br\/rededemuseusdaufpel\/files\/2020\/09\/mascara3-scaled.jpg?resize=200%2C200&amp;ssl=1 200w, https:\/\/i0.wp.com\/wp.ufpel.edu.br\/rededemuseusdaufpel\/files\/2020\/09\/mascara3-scaled.jpg?zoom=2&amp;resize=200%2C200&amp;ssl=1 400w, https:\/\/i0.wp.com\/wp.ufpel.edu.br\/rededemuseusdaufpel\/files\/2020\/09\/mascara3-scaled.jpg?zoom=3&amp;resize=200%2C200&amp;ssl=1 600w\" sizes=\"(max-width: 200px) 100vw, 200px\" data-attachment-id=\"1374\" data-permalink=\"https:\/\/wp.ufpel.edu.br\/rededemuseusdaufpel\/museu-das-telecomunicacoes\/mascara3\/\" data-orig-file=\"https:\/\/i0.wp.com\/wp.ufpel.edu.br\/rededemuseusdaufpel\/files\/2020\/09\/mascara3-scaled.jpg?fit=2560%2C2008&amp;ssl=1\" data-orig-size=\"2560,2008\" data-comments-opened=\"0\" data-image-meta=\"{&quot;aperture&quot;:&quot;2&quot;,&quot;credit&quot;:&quot;&quot;,&quot;camera&quot;:&quot;moto g(6) play&quot;,&quot;caption&quot;:&quot;&quot;,&quot;created_timestamp&quot;:&quot;1564421687&quot;,&quot;copyright&quot;:&quot;&quot;,&quot;focal_length&quot;:&quot;3.519&quot;,&quot;iso&quot;:&quot;250&quot;,&quot;shutter_speed&quot;:&quot;0.033333333333333&quot;,&quot;title&quot;:&quot;&quot;,&quot;orientation&quot;:&quot;1&quot;}\" data-image-title=\"mascara3\" data-image-description=\"\" data-image-caption=\"\" data-medium-file=\"https:\/\/i0.wp.com\/wp.ufpel.edu.br\/rededemuseusdaufpel\/files\/2020\/09\/mascara3-scaled.jpg?fit=400%2C314&amp;ssl=1\" data-large-file=\"https:\/\/i0.wp.com\/wp.ufpel.edu.br\/rededemuseusdaufpel\/files\/2020\/09\/mascara3-scaled.jpg?fit=1024%2C803&amp;ssl=1\" \/><\/a>\n\t\t\t<\/dt><\/dl><dl class='gallery-item'>\n\t\t\t<dt class='gallery-icon landscape'>\n\t\t\t\t<a href='https:\/\/wp.ufpel.edu.br\/rededemuseusdaufpel\/museu-das-telecomunicacoes\/foto-6_mt\/'><img width=\"200\" height=\"200\" src=\"https:\/\/i0.wp.com\/wp.ufpel.edu.br\/rededemuseusdaufpel\/files\/2020\/09\/Foto-6_MT-scaled.jpg?resize=200%2C200&amp;ssl=1\" class=\"attachment-thumbnail size-thumbnail\" alt=\"\" srcset=\"https:\/\/i0.wp.com\/wp.ufpel.edu.br\/rededemuseusdaufpel\/files\/2020\/09\/Foto-6_MT-scaled.jpg?resize=200%2C200&amp;ssl=1 200w, https:\/\/i0.wp.com\/wp.ufpel.edu.br\/rededemuseusdaufpel\/files\/2020\/09\/Foto-6_MT-scaled.jpg?zoom=2&amp;resize=200%2C200&amp;ssl=1 400w, https:\/\/i0.wp.com\/wp.ufpel.edu.br\/rededemuseusdaufpel\/files\/2020\/09\/Foto-6_MT-scaled.jpg?zoom=3&amp;resize=200%2C200&amp;ssl=1 600w\" sizes=\"(max-width: 200px) 100vw, 200px\" data-attachment-id=\"1375\" data-permalink=\"https:\/\/wp.ufpel.edu.br\/rededemuseusdaufpel\/museu-das-telecomunicacoes\/foto-6_mt\/\" data-orig-file=\"https:\/\/i0.wp.com\/wp.ufpel.edu.br\/rededemuseusdaufpel\/files\/2020\/09\/Foto-6_MT-scaled.jpg?fit=2560%2C1493&amp;ssl=1\" data-orig-size=\"2560,1493\" data-comments-opened=\"0\" data-image-meta=\"{&quot;aperture&quot;:&quot;2&quot;,&quot;credit&quot;:&quot;&quot;,&quot;camera&quot;:&quot;moto g(6) play&quot;,&quot;caption&quot;:&quot;&quot;,&quot;created_timestamp&quot;:&quot;1564422298&quot;,&quot;copyright&quot;:&quot;&quot;,&quot;focal_length&quot;:&quot;3.519&quot;,&quot;iso&quot;:&quot;320&quot;,&quot;shutter_speed&quot;:&quot;0.033333333333333&quot;,&quot;title&quot;:&quot;&quot;,&quot;orientation&quot;:&quot;1&quot;}\" data-image-title=\"Foto 6_MT\" data-image-description=\"\" data-image-caption=\"\" data-medium-file=\"https:\/\/i0.wp.com\/wp.ufpel.edu.br\/rededemuseusdaufpel\/files\/2020\/09\/Foto-6_MT-scaled.jpg?fit=400%2C233&amp;ssl=1\" data-large-file=\"https:\/\/i0.wp.com\/wp.ufpel.edu.br\/rededemuseusdaufpel\/files\/2020\/09\/Foto-6_MT-scaled.jpg?fit=1024%2C597&amp;ssl=1\" \/><\/a>\n\t\t\t<\/dt><\/dl><dl class='gallery-item'>\n\t\t\t<dt class='gallery-icon landscape'>\n\t\t\t\t<a href='https:\/\/wp.ufpel.edu.br\/rededemuseusdaufpel\/museu-das-telecomunicacoes\/foto-2_mt\/'><img width=\"200\" height=\"200\" src=\"https:\/\/i0.wp.com\/wp.ufpel.edu.br\/rededemuseusdaufpel\/files\/2020\/09\/Foto-2_MT-scaled.jpg?resize=200%2C200&amp;ssl=1\" class=\"attachment-thumbnail size-thumbnail\" alt=\"\" srcset=\"https:\/\/i0.wp.com\/wp.ufpel.edu.br\/rededemuseusdaufpel\/files\/2020\/09\/Foto-2_MT-scaled.jpg?resize=200%2C200&amp;ssl=1 200w, https:\/\/i0.wp.com\/wp.ufpel.edu.br\/rededemuseusdaufpel\/files\/2020\/09\/Foto-2_MT-scaled.jpg?zoom=2&amp;resize=200%2C200&amp;ssl=1 400w, https:\/\/i0.wp.com\/wp.ufpel.edu.br\/rededemuseusdaufpel\/files\/2020\/09\/Foto-2_MT-scaled.jpg?zoom=3&amp;resize=200%2C200&amp;ssl=1 600w\" sizes=\"(max-width: 200px) 100vw, 200px\" data-attachment-id=\"1376\" data-permalink=\"https:\/\/wp.ufpel.edu.br\/rededemuseusdaufpel\/museu-das-telecomunicacoes\/foto-2_mt\/\" data-orig-file=\"https:\/\/i0.wp.com\/wp.ufpel.edu.br\/rededemuseusdaufpel\/files\/2020\/09\/Foto-2_MT-scaled.jpg?fit=2560%2C1562&amp;ssl=1\" data-orig-size=\"2560,1562\" data-comments-opened=\"0\" data-image-meta=\"{&quot;aperture&quot;:&quot;2&quot;,&quot;credit&quot;:&quot;&quot;,&quot;camera&quot;:&quot;moto g(6) play&quot;,&quot;caption&quot;:&quot;&quot;,&quot;created_timestamp&quot;:&quot;1579795421&quot;,&quot;copyright&quot;:&quot;&quot;,&quot;focal_length&quot;:&quot;3.519&quot;,&quot;iso&quot;:&quot;50&quot;,&quot;shutter_speed&quot;:&quot;0.0040983606557377&quot;,&quot;title&quot;:&quot;&quot;,&quot;orientation&quot;:&quot;1&quot;}\" data-image-title=\"Foto 2_MT\" data-image-description=\"\" data-image-caption=\"\" data-medium-file=\"https:\/\/i0.wp.com\/wp.ufpel.edu.br\/rededemuseusdaufpel\/files\/2020\/09\/Foto-2_MT-scaled.jpg?fit=400%2C244&amp;ssl=1\" data-large-file=\"https:\/\/i0.wp.com\/wp.ufpel.edu.br\/rededemuseusdaufpel\/files\/2020\/09\/Foto-2_MT-scaled.jpg?fit=1024%2C625&amp;ssl=1\" \/><\/a>\n\t\t\t<\/dt><\/dl><br style=\"clear: both\" \/><dl class='gallery-item'>\n\t\t\t<dt class='gallery-icon landscape'>\n\t\t\t\t<a href='https:\/\/wp.ufpel.edu.br\/rededemuseusdaufpel\/museu-das-telecomunicacoes\/conserva-acervo-mt_1-copia\/'><img width=\"200\" height=\"200\" src=\"https:\/\/i0.wp.com\/wp.ufpel.edu.br\/rededemuseusdaufpel\/files\/2020\/09\/Conserva-Acervo-MT_1-Copia-scaled.jpg?resize=200%2C200&amp;ssl=1\" class=\"attachment-thumbnail size-thumbnail\" alt=\"\" srcset=\"https:\/\/i0.wp.com\/wp.ufpel.edu.br\/rededemuseusdaufpel\/files\/2020\/09\/Conserva-Acervo-MT_1-Copia-scaled.jpg?resize=200%2C200&amp;ssl=1 200w, https:\/\/i0.wp.com\/wp.ufpel.edu.br\/rededemuseusdaufpel\/files\/2020\/09\/Conserva-Acervo-MT_1-Copia-scaled.jpg?zoom=2&amp;resize=200%2C200&amp;ssl=1 400w, https:\/\/i0.wp.com\/wp.ufpel.edu.br\/rededemuseusdaufpel\/files\/2020\/09\/Conserva-Acervo-MT_1-Copia-scaled.jpg?zoom=3&amp;resize=200%2C200&amp;ssl=1 600w\" sizes=\"(max-width: 200px) 100vw, 200px\" data-attachment-id=\"1377\" data-permalink=\"https:\/\/wp.ufpel.edu.br\/rededemuseusdaufpel\/museu-das-telecomunicacoes\/conserva-acervo-mt_1-copia\/\" data-orig-file=\"https:\/\/i0.wp.com\/wp.ufpel.edu.br\/rededemuseusdaufpel\/files\/2020\/09\/Conserva-Acervo-MT_1-Copia-scaled.jpg?fit=2560%2C1920&amp;ssl=1\" data-orig-size=\"2560,1920\" data-comments-opened=\"0\" data-image-meta=\"{&quot;aperture&quot;:&quot;1.9&quot;,&quot;credit&quot;:&quot;&quot;,&quot;camera&quot;:&quot;SM-A105M&quot;,&quot;caption&quot;:&quot;&quot;,&quot;created_timestamp&quot;:&quot;1580402077&quot;,&quot;copyright&quot;:&quot;&quot;,&quot;focal_length&quot;:&quot;3.6&quot;,&quot;iso&quot;:&quot;100&quot;,&quot;shutter_speed&quot;:&quot;0.016666666666667&quot;,&quot;title&quot;:&quot;&quot;,&quot;orientation&quot;:&quot;1&quot;}\" data-image-title=\"Conserva Acervo MT_1 &amp;#8211; Copia\" data-image-description=\"\" data-image-caption=\"\" data-medium-file=\"https:\/\/i0.wp.com\/wp.ufpel.edu.br\/rededemuseusdaufpel\/files\/2020\/09\/Conserva-Acervo-MT_1-Copia-scaled.jpg?fit=400%2C300&amp;ssl=1\" data-large-file=\"https:\/\/i0.wp.com\/wp.ufpel.edu.br\/rededemuseusdaufpel\/files\/2020\/09\/Conserva-Acervo-MT_1-Copia-scaled.jpg?fit=1024%2C768&amp;ssl=1\" \/><\/a>\n\t\t\t<\/dt><\/dl><dl class='gallery-item'>\n\t\t\t<dt class='gallery-icon landscape'>\n\t\t\t\t<a href='https:\/\/wp.ufpel.edu.br\/rededemuseusdaufpel\/museu-das-telecomunicacoes\/foto-4-_mt-copia\/'><img width=\"200\" height=\"200\" src=\"https:\/\/i0.wp.com\/wp.ufpel.edu.br\/rededemuseusdaufpel\/files\/2020\/09\/Foto-4-_MT-Copia-scaled.jpg?resize=200%2C200&amp;ssl=1\" class=\"attachment-thumbnail size-thumbnail\" alt=\"\" srcset=\"https:\/\/i0.wp.com\/wp.ufpel.edu.br\/rededemuseusdaufpel\/files\/2020\/09\/Foto-4-_MT-Copia-scaled.jpg?resize=200%2C200&amp;ssl=1 200w, https:\/\/i0.wp.com\/wp.ufpel.edu.br\/rededemuseusdaufpel\/files\/2020\/09\/Foto-4-_MT-Copia-scaled.jpg?zoom=2&amp;resize=200%2C200&amp;ssl=1 400w, https:\/\/i0.wp.com\/wp.ufpel.edu.br\/rededemuseusdaufpel\/files\/2020\/09\/Foto-4-_MT-Copia-scaled.jpg?zoom=3&amp;resize=200%2C200&amp;ssl=1 600w\" sizes=\"(max-width: 200px) 100vw, 200px\" data-attachment-id=\"1378\" data-permalink=\"https:\/\/wp.ufpel.edu.br\/rededemuseusdaufpel\/museu-das-telecomunicacoes\/foto-4-_mt-copia\/\" data-orig-file=\"https:\/\/i0.wp.com\/wp.ufpel.edu.br\/rededemuseusdaufpel\/files\/2020\/09\/Foto-4-_MT-Copia-scaled.jpg?fit=2560%2C1714&amp;ssl=1\" data-orig-size=\"2560,1714\" data-comments-opened=\"0\" data-image-meta=\"{&quot;aperture&quot;:&quot;3.8&quot;,&quot;credit&quot;:&quot;&quot;,&quot;camera&quot;:&quot;NIKON D40X&quot;,&quot;caption&quot;:&quot;&quot;,&quot;created_timestamp&quot;:&quot;1565101135&quot;,&quot;copyright&quot;:&quot;&quot;,&quot;focal_length&quot;:&quot;22&quot;,&quot;iso&quot;:&quot;200&quot;,&quot;shutter_speed&quot;:&quot;0.02&quot;,&quot;title&quot;:&quot;&quot;,&quot;orientation&quot;:&quot;1&quot;}\" data-image-title=\"Foto 4 _MT &amp;#8211; Copia\" data-image-description=\"\" data-image-caption=\"\" data-medium-file=\"https:\/\/i0.wp.com\/wp.ufpel.edu.br\/rededemuseusdaufpel\/files\/2020\/09\/Foto-4-_MT-Copia-scaled.jpg?fit=400%2C268&amp;ssl=1\" data-large-file=\"https:\/\/i0.wp.com\/wp.ufpel.edu.br\/rededemuseusdaufpel\/files\/2020\/09\/Foto-4-_MT-Copia-scaled.jpg?fit=1024%2C685&amp;ssl=1\" \/><\/a>\n\t\t\t<\/dt><\/dl><dl class='gallery-item'>\n\t\t\t<dt class='gallery-icon landscape'>\n\t\t\t\t<a href='https:\/\/wp.ufpel.edu.br\/rededemuseusdaufpel\/museu-das-telecomunicacoes\/foto-5_mt\/'><img width=\"200\" height=\"200\" src=\"https:\/\/i0.wp.com\/wp.ufpel.edu.br\/rededemuseusdaufpel\/files\/2020\/09\/Foto-5_MT-scaled.jpg?resize=200%2C200&amp;ssl=1\" class=\"attachment-thumbnail size-thumbnail\" alt=\"\" srcset=\"https:\/\/i0.wp.com\/wp.ufpel.edu.br\/rededemuseusdaufpel\/files\/2020\/09\/Foto-5_MT-scaled.jpg?resize=200%2C200&amp;ssl=1 200w, https:\/\/i0.wp.com\/wp.ufpel.edu.br\/rededemuseusdaufpel\/files\/2020\/09\/Foto-5_MT-scaled.jpg?zoom=2&amp;resize=200%2C200&amp;ssl=1 400w, https:\/\/i0.wp.com\/wp.ufpel.edu.br\/rededemuseusdaufpel\/files\/2020\/09\/Foto-5_MT-scaled.jpg?zoom=3&amp;resize=200%2C200&amp;ssl=1 600w\" sizes=\"(max-width: 200px) 100vw, 200px\" data-attachment-id=\"1379\" data-permalink=\"https:\/\/wp.ufpel.edu.br\/rededemuseusdaufpel\/museu-das-telecomunicacoes\/foto-5_mt\/\" data-orig-file=\"https:\/\/i0.wp.com\/wp.ufpel.edu.br\/rededemuseusdaufpel\/files\/2020\/09\/Foto-5_MT-scaled.jpg?fit=2560%2C1920&amp;ssl=1\" data-orig-size=\"2560,1920\" data-comments-opened=\"0\" data-image-meta=\"{&quot;aperture&quot;:&quot;2&quot;,&quot;credit&quot;:&quot;&quot;,&quot;camera&quot;:&quot;moto g(6) play&quot;,&quot;caption&quot;:&quot;&quot;,&quot;created_timestamp&quot;:&quot;1565026699&quot;,&quot;copyright&quot;:&quot;&quot;,&quot;focal_length&quot;:&quot;3.519&quot;,&quot;iso&quot;:&quot;500&quot;,&quot;shutter_speed&quot;:&quot;0.041666666666667&quot;,&quot;title&quot;:&quot;&quot;,&quot;orientation&quot;:&quot;0&quot;}\" data-image-title=\"Foto 5_MT\" data-image-description=\"\" data-image-caption=\"\" data-medium-file=\"https:\/\/i0.wp.com\/wp.ufpel.edu.br\/rededemuseusdaufpel\/files\/2020\/09\/Foto-5_MT-scaled.jpg?fit=400%2C300&amp;ssl=1\" data-large-file=\"https:\/\/i0.wp.com\/wp.ufpel.edu.br\/rededemuseusdaufpel\/files\/2020\/09\/Foto-5_MT-scaled.jpg?fit=1024%2C768&amp;ssl=1\" \/><\/a>\n\t\t\t<\/dt><\/dl><br style=\"clear: both\" \/><dl class='gallery-item'>\n\t\t\t<dt class='gallery-icon landscape'>\n\t\t\t\t<a href='https:\/\/wp.ufpel.edu.br\/rededemuseusdaufpel\/museu-das-telecomunicacoes\/foto-1_mt\/'><img width=\"200\" height=\"200\" src=\"https:\/\/i0.wp.com\/wp.ufpel.edu.br\/rededemuseusdaufpel\/files\/2020\/09\/Foto-1_MT.jpg?resize=200%2C200&amp;ssl=1\" class=\"attachment-thumbnail size-thumbnail\" alt=\"\" srcset=\"https:\/\/i0.wp.com\/wp.ufpel.edu.br\/rededemuseusdaufpel\/files\/2020\/09\/Foto-1_MT.jpg?resize=200%2C200&amp;ssl=1 200w, https:\/\/i0.wp.com\/wp.ufpel.edu.br\/rededemuseusdaufpel\/files\/2020\/09\/Foto-1_MT.jpg?zoom=2&amp;resize=200%2C200&amp;ssl=1 400w, https:\/\/i0.wp.com\/wp.ufpel.edu.br\/rededemuseusdaufpel\/files\/2020\/09\/Foto-1_MT.jpg?zoom=3&amp;resize=200%2C200&amp;ssl=1 600w\" sizes=\"(max-width: 200px) 100vw, 200px\" data-attachment-id=\"1380\" data-permalink=\"https:\/\/wp.ufpel.edu.br\/rededemuseusdaufpel\/museu-das-telecomunicacoes\/foto-1_mt\/\" data-orig-file=\"https:\/\/i0.wp.com\/wp.ufpel.edu.br\/rededemuseusdaufpel\/files\/2020\/09\/Foto-1_MT.jpg?fit=1703%2C1180&amp;ssl=1\" data-orig-size=\"1703,1180\" data-comments-opened=\"0\" data-image-meta=\"{&quot;aperture&quot;:&quot;8&quot;,&quot;credit&quot;:&quot;&quot;,&quot;camera&quot;:&quot;NIKON D3000&quot;,&quot;caption&quot;:&quot;&quot;,&quot;created_timestamp&quot;:&quot;1579767437&quot;,&quot;copyright&quot;:&quot;&quot;,&quot;focal_length&quot;:&quot;35&quot;,&quot;iso&quot;:&quot;1600&quot;,&quot;shutter_speed&quot;:&quot;0.00625&quot;,&quot;title&quot;:&quot;&quot;,&quot;orientation&quot;:&quot;1&quot;}\" data-image-title=\"Foto 1_MT\" data-image-description=\"\" data-image-caption=\"\" data-medium-file=\"https:\/\/i0.wp.com\/wp.ufpel.edu.br\/rededemuseusdaufpel\/files\/2020\/09\/Foto-1_MT.jpg?fit=400%2C277&amp;ssl=1\" data-large-file=\"https:\/\/i0.wp.com\/wp.ufpel.edu.br\/rededemuseusdaufpel\/files\/2020\/09\/Foto-1_MT.jpg?fit=1024%2C710&amp;ssl=1\" \/><\/a>\n\t\t\t<\/dt><\/dl><dl class='gallery-item'>\n\t\t\t<dt class='gallery-icon landscape'>\n\t\t\t\t<a href='https:\/\/wp.ufpel.edu.br\/rededemuseusdaufpel\/museu-das-telecomunicacoes\/conserv-acervo-mt-copia\/'><img width=\"200\" height=\"200\" src=\"https:\/\/i0.wp.com\/wp.ufpel.edu.br\/rededemuseusdaufpel\/files\/2020\/09\/Conserv-Acervo-MT-Copia-scaled.jpg?resize=200%2C200&amp;ssl=1\" class=\"attachment-thumbnail size-thumbnail\" alt=\"\" srcset=\"https:\/\/i0.wp.com\/wp.ufpel.edu.br\/rededemuseusdaufpel\/files\/2020\/09\/Conserv-Acervo-MT-Copia-scaled.jpg?resize=200%2C200&amp;ssl=1 200w, https:\/\/i0.wp.com\/wp.ufpel.edu.br\/rededemuseusdaufpel\/files\/2020\/09\/Conserv-Acervo-MT-Copia-scaled.jpg?zoom=2&amp;resize=200%2C200&amp;ssl=1 400w, https:\/\/i0.wp.com\/wp.ufpel.edu.br\/rededemuseusdaufpel\/files\/2020\/09\/Conserv-Acervo-MT-Copia-scaled.jpg?zoom=3&amp;resize=200%2C200&amp;ssl=1 600w\" sizes=\"(max-width: 200px) 100vw, 200px\" data-attachment-id=\"1381\" data-permalink=\"https:\/\/wp.ufpel.edu.br\/rededemuseusdaufpel\/museu-das-telecomunicacoes\/conserv-acervo-mt-copia\/\" data-orig-file=\"https:\/\/i0.wp.com\/wp.ufpel.edu.br\/rededemuseusdaufpel\/files\/2020\/09\/Conserv-Acervo-MT-Copia-scaled.jpg?fit=2560%2C1714&amp;ssl=1\" data-orig-size=\"2560,1714\" data-comments-opened=\"0\" data-image-meta=\"{&quot;aperture&quot;:&quot;8&quot;,&quot;credit&quot;:&quot;&quot;,&quot;camera&quot;:&quot;NIKON D3000&quot;,&quot;caption&quot;:&quot;&quot;,&quot;created_timestamp&quot;:&quot;1579774375&quot;,&quot;copyright&quot;:&quot;&quot;,&quot;focal_length&quot;:&quot;18&quot;,&quot;iso&quot;:&quot;1600&quot;,&quot;shutter_speed&quot;:&quot;0.016666666666667&quot;,&quot;title&quot;:&quot;&quot;,&quot;orientation&quot;:&quot;1&quot;}\" data-image-title=\"Conserv Acervo MT &amp;#8211; Copia\" data-image-description=\"\" data-image-caption=\"\" data-medium-file=\"https:\/\/i0.wp.com\/wp.ufpel.edu.br\/rededemuseusdaufpel\/files\/2020\/09\/Conserv-Acervo-MT-Copia-scaled.jpg?fit=400%2C268&amp;ssl=1\" data-large-file=\"https:\/\/i0.wp.com\/wp.ufpel.edu.br\/rededemuseusdaufpel\/files\/2020\/09\/Conserv-Acervo-MT-Copia-scaled.jpg?fit=1024%2C685&amp;ssl=1\" \/><\/a>\n\t\t\t<\/dt><\/dl><dl class='gallery-item'>\n\t\t\t<dt class='gallery-icon landscape'>\n\t\t\t\t<a href='https:\/\/wp.ufpel.edu.br\/rededemuseusdaufpel\/museu-das-telecomunicacoes\/acervo-fotografico-copia\/'><img width=\"200\" height=\"200\" src=\"https:\/\/i0.wp.com\/wp.ufpel.edu.br\/rededemuseusdaufpel\/files\/2020\/09\/Acervo-fotografico-Copia.png?resize=200%2C200&amp;ssl=1\" class=\"attachment-thumbnail size-thumbnail\" alt=\"\" srcset=\"https:\/\/i0.wp.com\/wp.ufpel.edu.br\/rededemuseusdaufpel\/files\/2020\/09\/Acervo-fotografico-Copia.png?resize=200%2C200&amp;ssl=1 200w, https:\/\/i0.wp.com\/wp.ufpel.edu.br\/rededemuseusdaufpel\/files\/2020\/09\/Acervo-fotografico-Copia.png?zoom=2&amp;resize=200%2C200&amp;ssl=1 400w\" sizes=\"(max-width: 200px) 100vw, 200px\" data-attachment-id=\"1382\" data-permalink=\"https:\/\/wp.ufpel.edu.br\/rededemuseusdaufpel\/museu-das-telecomunicacoes\/acervo-fotografico-copia\/\" data-orig-file=\"https:\/\/i0.wp.com\/wp.ufpel.edu.br\/rededemuseusdaufpel\/files\/2020\/09\/Acervo-fotografico-Copia.png?fit=491%2C333&amp;ssl=1\" data-orig-size=\"491,333\" data-comments-opened=\"0\" data-image-meta=\"{&quot;aperture&quot;:&quot;0&quot;,&quot;credit&quot;:&quot;&quot;,&quot;camera&quot;:&quot;&quot;,&quot;caption&quot;:&quot;&quot;,&quot;created_timestamp&quot;:&quot;0&quot;,&quot;copyright&quot;:&quot;&quot;,&quot;focal_length&quot;:&quot;0&quot;,&quot;iso&quot;:&quot;0&quot;,&quot;shutter_speed&quot;:&quot;0&quot;,&quot;title&quot;:&quot;&quot;,&quot;orientation&quot;:&quot;0&quot;}\" data-image-title=\"Acervo fotogr\u00e1fico &amp;#8211; Copia\" data-image-description=\"\" data-image-caption=\"\" data-medium-file=\"https:\/\/i0.wp.com\/wp.ufpel.edu.br\/rededemuseusdaufpel\/files\/2020\/09\/Acervo-fotografico-Copia.png?fit=400%2C271&amp;ssl=1\" data-large-file=\"https:\/\/i0.wp.com\/wp.ufpel.edu.br\/rededemuseusdaufpel\/files\/2020\/09\/Acervo-fotografico-Copia.png?fit=491%2C333&amp;ssl=1\" \/><\/a>\n\t\t\t<\/dt><\/dl><br style=\"clear: both\" \/>\n\t\t<\/div>\n\n","protected":false},"excerpt":{"rendered":"<p>Apresenta\u00e7\u00e3o No contexto de projetos de ensino, pesquisa e extens\u00e3o vinculados ao Instituto de Ci\u00eancias Humanas, realiza-se a salvaguarda do acervo das telecomunica\u00e7\u00f5es pertencente \u00e0 antiga Companhia Telephonica de Melhoramento e Resist\u00eancia (CTMR), de forma a preservar a hist\u00f3ria, desta que foi uma importante empresa para a cidade de Pelotas, os aspectos sociais, culturais e [&hellip;]<\/p>\n","protected":false},"author":722,"featured_media":0,"parent":0,"menu_order":0,"comment_status":"closed","ping_status":"closed","template":"","meta":{"jetpack_post_was_ever_published":false,"footnotes":""},"class_list":["post-1372","page","type-page","status-publish","hentry"],"jetpack_sharing_enabled":true,"jetpack_shortlink":"https:\/\/wp.me\/P8I7ve-m8","jetpack-related-posts":[{"id":43,"url":"https:\/\/wp.ufpel.edu.br\/rededemuseusdaufpel\/laneira-casa-dos-museus\/","url_meta":{"origin":1372,"position":0},"title":"Laneira Casa dos Museus","author":"rededemuseusdaufpel","date":"8 de maio de 2017","format":false,"excerpt":"HIST\u00d3RICO A planta industrial da f\u00e1brica Laneira Brasileira S. A. foi adquirida pela Universidade Federal de Pelotas em 2010. A partir do ano de 2012, iniciou-se o trabalho de reconhecimento e estudo de viabilidade de uso de parte do local para a implanta\u00e7\u00e3o do Museu da UFPel. No decorrer deste\u2026","rel":"","context":"Post similar","block_context":{"text":"Post similar","link":""},"img":{"alt_text":"","src":"https:\/\/i0.wp.com\/wp.ufpel.edu.br\/rededemuseusdaufpel\/files\/2017\/05\/LANEIRA_1.jpg?resize=350%2C200","width":350,"height":200},"classes":[]},{"id":302,"url":"https:\/\/wp.ufpel.edu.br\/rededemuseusdaufpel\/museu-do-doce\/","url_meta":{"origin":1372,"position":1},"title":"MUSEU DO DOCE","author":"rededemuseusdaufpel","date":"16 de janeiro de 2019","format":false,"excerpt":"Miss\u00e3o O Museu do Doce tem como miss\u00e3o salvaguardar os suportes de mem\u00f3ria da tradi\u00e7\u00e3o doceira de Pelotas e da regi\u00e3o, com o compromisso de produzir conhecimento sobre esse patrim\u00f4nio. Hist\u00f3ria O Museu do Doce \u00e9 uma conquista da comunidade doceira que, atrav\u00e9s de negocia\u00e7\u00e3o realizada com a Secretaria Municipal\u2026","rel":"","context":"Post similar","block_context":{"text":"Post similar","link":""},"img":{"alt_text":"","src":"https:\/\/i0.wp.com\/wp.ufpel.edu.br\/rededemuseusdaufpel\/files\/2019\/01\/DOCE.png?resize=350%2C200","width":350,"height":200,"srcset":"https:\/\/i0.wp.com\/wp.ufpel.edu.br\/rededemuseusdaufpel\/files\/2019\/01\/DOCE.png?resize=350%2C200 1x, https:\/\/i0.wp.com\/wp.ufpel.edu.br\/rededemuseusdaufpel\/files\/2019\/01\/DOCE.png?resize=525%2C300 1.5x"},"classes":[]},{"id":1663,"url":"https:\/\/wp.ufpel.edu.br\/rededemuseusdaufpel\/exposicao-minha-mascara\/","url_meta":{"origin":1372,"position":2},"title":"Exposi\u00e7\u00e3o Virtual &#8220;Minha M\u00e1scara&#8221;","author":"rededemuseusdaufpel","date":"2 de dezembro de 2020","format":false,"excerpt":"Exposi\u00e7\u00e3o Minha M\u00e1scara em comemora\u00e7\u00e3o ao Dia do Patrim\u00f4nio O Dia do Patrim\u00f4nio \u00e9 comemorado em 17 de agosto. A data foi escolhida em raz\u00e3o do nascimento do historiador e jornalista Rodrigo Melo Franco de Andrade (Belo Horizonte - MG, 1898-1969), o primeiro presidente do Instituto do Patrim\u00f4nio Hist\u00f3rico e\u2026","rel":"","context":"Post similar","block_context":{"text":"Post similar","link":""},"img":{"alt_text":"","src":"https:\/\/i0.wp.com\/wp.ufpel.edu.br\/rededemuseusdaufpel\/files\/2020\/12\/unilasalle5.jpg?resize=350%2C200","width":350,"height":200,"srcset":"https:\/\/i0.wp.com\/wp.ufpel.edu.br\/rededemuseusdaufpel\/files\/2020\/12\/unilasalle5.jpg?resize=350%2C200 1x, https:\/\/i0.wp.com\/wp.ufpel.edu.br\/rededemuseusdaufpel\/files\/2020\/12\/unilasalle5.jpg?resize=525%2C300 1.5x, https:\/\/i0.wp.com\/wp.ufpel.edu.br\/rededemuseusdaufpel\/files\/2020\/12\/unilasalle5.jpg?resize=700%2C400 2x, https:\/\/i0.wp.com\/wp.ufpel.edu.br\/rededemuseusdaufpel\/files\/2020\/12\/unilasalle5.jpg?resize=1050%2C600 3x"},"classes":[]},{"id":22,"url":"https:\/\/wp.ufpel.edu.br\/rededemuseusdaufpel\/museu-etnografico-da-colonia-maciel\/","url_meta":{"origin":1372,"position":3},"title":"Projeto de Extens\u00e3o &#8220;Museu Etnogr\u00e1fico da Col\u00f4nia Maciel&#8221;","author":"rededemuseusdaufpel","date":"8 de maio de 2017","format":false,"excerpt":"HIST\u00d3RICO O Museu Etnogr\u00e1fico da Col\u00f4nia Maciel, tendo como tem\u00e1tica as mem\u00f3rias dos descendentes dos imigrantes italianos que colonizaram a por\u00e7\u00e3o rural do munic\u00edpio de Pelotas no extremo sul do estado do Rio Grande do Sul, foi implantado entre os anos de 2004 e 2006, pelo Laborat\u00f3rio de Ensino e\u2026","rel":"","context":"Post similar","block_context":{"text":"Post similar","link":""},"img":{"alt_text":"","src":"","width":0,"height":0},"classes":[]},{"id":34,"url":"https:\/\/wp.ufpel.edu.br\/rededemuseusdaufpel\/museu-da-ufpel\/","url_meta":{"origin":1372,"position":4},"title":"Museu da UFPel","author":"rededemuseusdaufpel","date":"8 de maio de 2017","format":false,"excerpt":"HIST\u00d3RICO O Museu da UFPEL foi criado pela Portaria n. 1.327 de 06 de setembro de 2011. No m\u00eas de dezembro do mesmo ano, foi emitida a Portaria n. 1.931 que constitu\u00eda a comiss\u00e3o\u00b2 ordenada a desenvolver os atos e medidas de organiza\u00e7\u00e3o desse museu. A comiss\u00e3o finalizou o seu\u2026","rel":"","context":"Post similar","block_context":{"text":"Post similar","link":""},"img":{"alt_text":"","src":"https:\/\/i0.wp.com\/wp.ufpel.edu.br\/rededemuseusdaufpel\/files\/2017\/05\/MUSEUDAUFPEL_1.jpg?resize=350%2C200","width":350,"height":200,"srcset":"https:\/\/i0.wp.com\/wp.ufpel.edu.br\/rededemuseusdaufpel\/files\/2017\/05\/MUSEUDAUFPEL_1.jpg?resize=350%2C200 1x, https:\/\/i0.wp.com\/wp.ufpel.edu.br\/rededemuseusdaufpel\/files\/2017\/05\/MUSEUDAUFPEL_1.jpg?resize=525%2C300 1.5x, https:\/\/i0.wp.com\/wp.ufpel.edu.br\/rededemuseusdaufpel\/files\/2017\/05\/MUSEUDAUFPEL_1.jpg?resize=700%2C400 2x, https:\/\/i0.wp.com\/wp.ufpel.edu.br\/rededemuseusdaufpel\/files\/2017\/05\/MUSEUDAUFPEL_1.jpg?resize=1050%2C600 3x, https:\/\/i0.wp.com\/wp.ufpel.edu.br\/rededemuseusdaufpel\/files\/2017\/05\/MUSEUDAUFPEL_1.jpg?resize=1400%2C800 4x"},"classes":[]},{"id":266,"url":"https:\/\/wp.ufpel.edu.br\/rededemuseusdaufpel\/malg-museu-de-arte-leopoldo-gotuzzo\/","url_meta":{"origin":1372,"position":5},"title":"MALG &#8211; MUSEU DE ARTE LEOPOLDO GOTUZZO","author":"rededemuseusdaufpel","date":"15 de janeiro de 2019","format":false,"excerpt":"Miss\u00e3o O Museu de Arte Leopoldo Gotuzzo (MALG) tem como miss\u00e3o zelar pela preserva\u00e7\u00e3o e conserva\u00e7\u00e3o de seu acervo art\u00edstico e documental, assim como divulg\u00e1-lo amplamente, atrav\u00e9s de projetos curatoriais, expogr\u00e1ficos e virtuais. Cabe ao MALG garantir a integridade f\u00edsica do acervo de obras de Leopoldo Gotuzzo, patrono do museu,\u2026","rel":"","context":"Post similar","block_context":{"text":"Post similar","link":""},"img":{"alt_text":"","src":"https:\/\/i0.wp.com\/wp.ufpel.edu.br\/rededemuseusdaufpel\/files\/2019\/01\/malg.png?resize=350%2C200","width":350,"height":200},"classes":[]}],"_links":{"self":[{"href":"https:\/\/wp.ufpel.edu.br\/rededemuseusdaufpel\/wp-json\/wp\/v2\/pages\/1372","targetHints":{"allow":["GET"]}}],"collection":[{"href":"https:\/\/wp.ufpel.edu.br\/rededemuseusdaufpel\/wp-json\/wp\/v2\/pages"}],"about":[{"href":"https:\/\/wp.ufpel.edu.br\/rededemuseusdaufpel\/wp-json\/wp\/v2\/types\/page"}],"author":[{"embeddable":true,"href":"https:\/\/wp.ufpel.edu.br\/rededemuseusdaufpel\/wp-json\/wp\/v2\/users\/722"}],"replies":[{"embeddable":true,"href":"https:\/\/wp.ufpel.edu.br\/rededemuseusdaufpel\/wp-json\/wp\/v2\/comments?post=1372"}],"version-history":[{"count":2,"href":"https:\/\/wp.ufpel.edu.br\/rededemuseusdaufpel\/wp-json\/wp\/v2\/pages\/1372\/revisions"}],"predecessor-version":[{"id":1781,"href":"https:\/\/wp.ufpel.edu.br\/rededemuseusdaufpel\/wp-json\/wp\/v2\/pages\/1372\/revisions\/1781"}],"wp:attachment":[{"href":"https:\/\/wp.ufpel.edu.br\/rededemuseusdaufpel\/wp-json\/wp\/v2\/media?parent=1372"}],"curies":[{"name":"wp","href":"https:\/\/api.w.org\/{rel}","templated":true}]}}