{"id":9687,"date":"2023-09-11T10:41:28","date_gmt":"2023-09-11T13:41:28","guid":{"rendered":"https:\/\/wp.ufpel.edu.br\/prppg\/?page_id=9687"},"modified":"2023-09-11T10:43:52","modified_gmt":"2023-09-11T13:43:52","slug":"capes","status":"publish","type":"page","link":"https:\/\/wp.ufpel.edu.br\/prppg\/capes\/","title":{"rendered":"CAPES"},"content":{"rendered":"<p>P\u00e1gina destinada a publica\u00e7\u00e3o de assuntos relacionados a CAPES.<\/p>\n<p>&nbsp;<\/p>\n<ul>\n<li><span style=\"color: #000000;font-family: 'arial black', sans-serif;font-size: 18pt\"><strong>APCN<\/strong><\/span><\/li>\n<\/ul>\n<p><a href=\"https:\/\/wp.ufpel.edu.br\/prppg\/files\/2023\/09\/06092023_Edital_2229223_edital_23.2023_site.pdf\">Edital 23\/2023 &#8211;\u00a0 Chamada P\u00fablica para submiss\u00e3o de APCN em 2023<\/a><\/p>\n<p><a href=\"https:\/\/wp.ufpel.edu.br\/prppg\/files\/2023\/09\/OFICIO_CIRCULAR_35.pdf\">Of\u00edcio Circular 35\/2023 &#8211; links da CAPES para Portaria 173 e edital 23\/2023<\/a><\/p>\n<p>Calend\u00e1rio APCN<\/p>\n<table style=\"border-collapse: collapse;width: 100%\" border=\"1\">\n<tbody>\n<tr style=\"height: 23px\">\n<td style=\"width: 34.2454%;height: 23px\">Atividade<\/td>\n<td style=\"width: 46.8491%;height: 23px\">Data<\/td>\n<\/tr>\n<tr style=\"height: 23px\">\n<td style=\"width: 34.2454%;height: 23px\">Cadastro da institui\u00e7\u00e3o proponente<\/td>\n<td style=\"width: 46.8491%;height: 23px\">at\u00e9 \u00e0s 18h do dia 17\/11\/2023<\/td>\n<\/tr>\n<tr style=\"height: 23px\">\n<td style=\"width: 34.2454%;height: 23px\">Per\u00edodo de submiss\u00e3o das propostas de cursos novos<\/td>\n<td style=\"width: 46.8491%;height: 23px\">09\/10\/2023 at\u00e9 \u00e0s 18h de 24\/11\/2023<\/td>\n<\/tr>\n<tr style=\"height: 23px\">\n<td style=\"width: 34.2454%;height: 23px\">An\u00e1lise documental<\/td>\n<td style=\"width: 46.8491%;height: 23px\">de 27\/11\/2023 a 16\/02\/2024<\/td>\n<\/tr>\n<tr style=\"height: 23px\">\n<td style=\"width: 34.2454%;height: 23px\">An\u00e1lise de m\u00e9rito preliminar<\/td>\n<td style=\"width: 46.8491%;height: 23px\">a partir de 26\/02\/2024<\/td>\n<\/tr>\n<tr style=\"height: 23px\">\n<td style=\"width: 34.2454%;height: 23px\">Pedido de reconsidera\u00e7\u00f5es<\/td>\n<td style=\"width: 46.8491%;height: 23px\">20 (vinte) dias corridos, contados a partir da data de publica\u00e7\u00e3o do resultado na p\u00e1gina da CAPES<\/td>\n<\/tr>\n<tr style=\"height: 23px\">\n<td style=\"width: 34.2454%;height: 23px\">Recurso \u00e0 Presid\u00eancia da CAPES<\/td>\n<td style=\"width: 46.8491%;height: 23px\">Conforme a Portaria Capes n\u00ba 185, de 12\/08\/2019<\/td>\n<\/tr>\n<\/tbody>\n<\/table>\n<p>&nbsp;<\/p>\n<ul>\n<li><span style=\"font-size: 14pt;font-family: 'arial black', sans-serif\">P\u00e1ginas de legisla\u00e7\u00f5es da CAPES<\/span>: <a href=\"https:\/\/www.gov.br\/capes\/pt-br\/acesso-a-informacao\/acoes-e-programas\/avaliacao\/sobre-a-avaliacao\/avaliacao-o-que-e\/sobre-a-avaliacao-conceitos-processos-e-normas\/legislacao-especifica\/legislacao-atual\">Clique aqui<\/a><\/li>\n<\/ul>\n<p>&nbsp;<\/p>\n<p>&nbsp;<\/p>\n","protected":false},"excerpt":{"rendered":"<p>P\u00e1gina destinada a publica\u00e7\u00e3o de assuntos relacionados a CAPES. &nbsp; APCN Edital 23\/2023 &#8211;\u00a0 Chamada P\u00fablica para submiss\u00e3o de APCN em 2023 Of\u00edcio Circular 35\/2023 &#8211; links da CAPES para Portaria 173 e edital 23\/2023 Calend\u00e1rio APCN Atividade Data Cadastro da institui\u00e7\u00e3o proponente at\u00e9 \u00e0s 18h do dia 17\/11\/2023 Per\u00edodo de submiss\u00e3o das propostas de [&hellip;]<\/p>\n","protected":false},"author":45,"featured_media":0,"parent":0,"menu_order":0,"comment_status":"closed","ping_status":"closed","template":"","meta":{"footnotes":""},"class_list":["post-9687","page","type-page","status-publish","hentry"],"_links":{"self":[{"href":"https:\/\/wp.ufpel.edu.br\/prppg\/wp-json\/wp\/v2\/pages\/9687","targetHints":{"allow":["GET"]}}],"collection":[{"href":"https:\/\/wp.ufpel.edu.br\/prppg\/wp-json\/wp\/v2\/pages"}],"about":[{"href":"https:\/\/wp.ufpel.edu.br\/prppg\/wp-json\/wp\/v2\/types\/page"}],"author":[{"embeddable":true,"href":"https:\/\/wp.ufpel.edu.br\/prppg\/wp-json\/wp\/v2\/users\/45"}],"replies":[{"embeddable":true,"href":"https:\/\/wp.ufpel.edu.br\/prppg\/wp-json\/wp\/v2\/comments?post=9687"}],"version-history":[{"count":2,"href":"https:\/\/wp.ufpel.edu.br\/prppg\/wp-json\/wp\/v2\/pages\/9687\/revisions"}],"predecessor-version":[{"id":9692,"href":"https:\/\/wp.ufpel.edu.br\/prppg\/wp-json\/wp\/v2\/pages\/9687\/revisions\/9692"}],"wp:attachment":[{"href":"https:\/\/wp.ufpel.edu.br\/prppg\/wp-json\/wp\/v2\/media?parent=9687"}],"curies":[{"name":"wp","href":"https:\/\/api.w.org\/{rel}","templated":true}]}}