{"id":8273,"date":"2022-05-24T15:57:23","date_gmt":"2022-05-24T18:57:23","guid":{"rendered":"https:\/\/wp.ufpel.edu.br\/prppgi\/?page_id=8273"},"modified":"2022-05-24T17:08:15","modified_gmt":"2022-05-24T20:08:15","slug":"editais-de-selecao-npg-2018-2021","status":"publish","type":"page","link":"https:\/\/wp.ufpel.edu.br\/prppg\/editais-de-selecao-npg-2018-2021\/","title":{"rendered":"Editais de Sele\u00e7\u00e3o NPG 2018-2021"},"content":{"rendered":"<p><strong>Editais de Sele\u00e7\u00e3o NPG 2018-2021 (backup)<\/strong><\/p>\n<ul>\n<li><a href=\"https:\/\/wp.ufpel.edu.br\/prppgi\/files\/2021\/12\/SEI_UFPel-pPGCTS-Edital-de-selecao-PRPPGI.pdf\">Edital de sele\u00e7\u00e3o 191-2021 &#8211; Programa de P\u00f3s-Gradua\u00e7\u00e3o em Ci\u00eancia e Tecnologia de Sementes &#8211; Aluno Regular (2022 -01)<\/a><\/li>\n<li><a href=\"https:\/\/wp.ufpel.edu.br\/prppgi\/files\/2021\/12\/SEI_UFPel-pPGE-Edital-de-selecao-PRPPGI.pdf\">Edital de sele\u00e7\u00e3o\u00a0 190 -2021 &#8211; Programa de P\u00f3s-Gradua\u00e7\u00e3o em Enfermagem &#8211; Aluno Regular (2022-01)<\/a>\n<ul>\n<li><a href=\"https:\/\/wp.ufpel.edu.br\/prppgi\/files\/2022\/01\/SEI_UFPel-Ret-Enf-01-2022-Edital-de-Retificacao-PRPPGI.pdf\">Edital de Retifica\u00e7\u00e3o 01-2022 &#8211; Programa de P\u00f3s-Gradua\u00e7\u00e3o em Enfermagem<\/a><\/li>\n<\/ul>\n<\/li>\n<li><a href=\"https:\/\/wp.ufpel.edu.br\/prppgi\/files\/2021\/12\/SEI_UFPel-PPGMPAR-Edital-de-selecao-PRPPGI.pdf\">Edital de sele\u00e7\u00e3o 189-2021 &#8211; Programa de P\u00f3s-Gradua\u00e7\u00e3o em Microbiologia e Parasitologia &#8211; Aluno Regular Mestrado e Doutorado (2022-01)<\/a><\/li>\n<li><a href=\"https:\/\/wp.ufpel.edu.br\/prppgi\/files\/2021\/12\/Edital-de-selecao-188-2021-Programa-de-Pos-Graduacao-em-Organizacoes-e-Mercados-Aluno-Regular-Mestrado-e-Doutorado-2022-vagas-remanescentes.pdf\">Edital de sele\u00e7\u00e3o 188-2021 &#8211; Programa de P\u00f3s-Gradua\u00e7\u00e3o em Organiza\u00e7\u00f5es e Mercados &#8211; Aluno Regular Mestrado e Doutorado 2022 &#8211; vagas remanescentes<\/a><\/li>\n<li>\u00a0<a href=\"https:\/\/wp.ufpel.edu.br\/prppgi\/files\/2021\/12\/Edital-de-selecao-187-2021-Programa-de-Pos-Graduacao-em-Ciencia-Politica-Aluno-Regular-Mestrado-2022-01.pdf\">Edital de sele\u00e7\u00e3o 187-2021 &#8211; Programa de P\u00f3s-Gradua\u00e7\u00e3o em Ci\u00eancia Pol\u00edtica &#8211; Aluno Regular Mestrado (2022 -01)<\/a><\/li>\n<li><a href=\"https:\/\/wp.ufpel.edu.br\/prppgi\/files\/2021\/12\/Edital-de-selecao-186-2021-Programa-de-Pos-Graduacao-em-Ciencia-Politica-Aluno-Regular-Doutorado-2022-01.pdf\">Edital de sele\u00e7\u00e3o 186-2021 &#8211; Programa de P\u00f3s-Gradua\u00e7\u00e3o em Ci\u00eancia Pol\u00edtica &#8211; Aluno Regular Doutorado (2022 -01)<\/a><\/li>\n<li><a href=\"https:\/\/wp.ufpel.edu.br\/prppgi\/files\/2021\/12\/Edital-de-selecao-185-2021-Programa-de-Pos-Graduacao-em-Bioquimica-e-Bioprospeccao-Aluno-Regular-Mestrado-2022-01.pdf\">Edital de sele\u00e7\u00e3o 185-2021 &#8211; Programa de P\u00f3s-Gradua\u00e7\u00e3o em Bioqu\u00edmica e Bioprospec\u00e7\u00e3o &#8211; Aluno Regular Mestrado (2022 -01)<\/a><\/li>\n<li><a href=\"https:\/\/wp.ufpel.edu.br\/prppgi\/files\/2021\/12\/Edital-de-selecao-184-2021-Programa-de-Pos-Graduacao-em-Bioquimica-e-Bioprospeccao-Aluno-Regular-Doutorado-2022-01.pdf\">Edital de sele\u00e7\u00e3o 184-2021 &#8211; Programa de P\u00f3s-Gradua\u00e7\u00e3o em Bioqu\u00edmica e Bioprospec\u00e7\u00e3o &#8211; Aluno Regular Doutorado (2022 -01)<\/a><\/li>\n<li><a href=\"https:\/\/wp.ufpel.edu.br\/prppgi\/files\/2021\/12\/Edital-de-selecao-183-2021-Programa-de-Pos-Graduacao-em-Computacao-Aluno-Regular-Mestrado-e-Doutorado-2022.pdf\">Edital de sele\u00e7\u00e3o 183-2021 &#8211; Programa de P\u00f3s-Gradua\u00e7\u00e3o em Computa\u00e7\u00e3o &#8211; Aluno Regular Mestrado e Doutorado 2022<\/a>\n<ul>\n<li><a href=\"https:\/\/wp.ufpel.edu.br\/prppgi\/files\/2022\/01\/Edital-de-retificacao-04-2022-Programa-de-Pos-Graduacao-em-Computacao-Aluno-Regular.pdf\">Edital de retifica\u00e7\u00e3o 04-2022 &#8211; Programa de P\u00f3s-Gradua\u00e7\u00e3o em Computa\u00e7\u00e3o &#8211; Aluno Regular<\/a><\/li>\n<\/ul>\n<\/li>\n<li><a href=\"https:\/\/wp.ufpel.edu.br\/prppgi\/files\/2021\/12\/Edital-de-selecao-182-2021-Programa-de-Pos-Graduacao-em-Arquitetura-Aluno-Regular-Mestrado-2022-1.pdf\">Edital de sele\u00e7\u00e3o 182-2021 &#8211; Programa de P\u00f3s-Gradua\u00e7\u00e3o em Arquitetura &#8211; Aluno Regular Mestrado 2022-1<\/a><\/li>\n<li><a href=\"https:\/\/wp.ufpel.edu.br\/prppgi\/files\/2021\/12\/Edital-de-selecao-181-2021-Programa-de-Pos-Graduacao-em-Manejo-e-Conservacao-do-Solo-Aluno-Regular-Mestrado-2022-1-Edital-Suplementar.pdf\">Edital de sele\u00e7\u00e3o 181-2021 &#8211; Programa de P\u00f3s-Gradua\u00e7\u00e3o em Manejo e Conserva\u00e7\u00e3o do Solo e da \u00c1gua &#8211; Aluno Regular Mestrado 2022-1 (Edital Suplementar)<\/a><\/li>\n<li><a href=\"https:\/\/wp.ufpel.edu.br\/prppgi\/files\/2021\/12\/Edital-de-selecao-180-2021-Programa-de-Pos-Graduacao-Multicentrico-em-Ciencias-Fisiologicas-Aluno-Regular-Doutorado-2022-1.pdf\">Edital de sele\u00e7\u00e3o 180-2021 &#8211; Programa de P\u00f3s-Gradua\u00e7\u00e3o Multic\u00eantrico em Ci\u00eancias Fisiol\u00f3gicas &#8211; Aluno Regular Doutorado 2022-1<\/a><\/li>\n<li><a href=\"https:\/\/wp.ufpel.edu.br\/prppgi\/files\/2021\/12\/Edital-de-selecao-179-2021-Programa-de-Pos-Graduacao-Multicentrico-em-Ciencias-Fisiologicas-Aluno-Regular-Mestrado-2022-1.pdf\">Edital de sele\u00e7\u00e3o 179-2021 &#8211; Programa de P\u00f3s-Gradua\u00e7\u00e3o Multic\u00eantrico em Ci\u00eancias Fisiol\u00f3gicas &#8211; Aluno Regular Mestrado 2022-1<\/a><\/li>\n<li><a href=\"https:\/\/wp.ufpel.edu.br\/prppgi\/files\/2021\/12\/Edital-de-selecao-179-2021-Programa-de-Pos-Graduacao-Multicentrico-em-Historica-Aluno-Regular-Doutorado-2022-1.pdf\">Edital de sele\u00e7\u00e3o 177-2021 &#8211; Programa de P\u00f3s-Gradua\u00e7\u00e3o em Hist\u00f3rica &#8211; Aluno Regular Doutorado 2022-1<\/a><\/li>\n<li><a href=\"https:\/\/wp.ufpel.edu.br\/prppgi\/files\/2021\/12\/Edital-de-Selecao-178-2022-Programa-de-Pos-Graduacao-em-Sociologia-Aluno-especial-2022-1.pdf\">Edital de Sele\u00e7\u00e3o 178-2021 &#8211; Programa de P\u00f3s Gradua\u00e7\u00e3o em Sociologia- Aluno especial (2022-1)<\/a>\n<ul>\n<li><a href=\"https:\/\/wp.ufpel.edu.br\/prppgi\/files\/2022\/01\/Edital-de-Retificacao-06-2022-Programa-de-Pos-Graduacao-em-Sociologia.pdf\">Edital de Retifica\u00e7\u00e3o 06-2022 &#8211; Programa de P\u00f3s-Gradua\u00e7\u00e3o em Sociologia<\/a><\/li>\n<\/ul>\n<\/li>\n<li><a href=\"https:\/\/wp.ufpel.edu.br\/prppgi\/files\/2021\/12\/Edital-de-Selecao-172-Programa-de-Pos-Graduacao-em-Meteorologia-Aluno-regular-mestrado-2022-1.pdf\">Edital de Sele\u00e7\u00e3o 172 &#8211; 2021 &#8211; Programa de P\u00f3s-Gradua\u00e7\u00e3o em Meteorologia &#8211; Aluno regular mestrado (2022-1)<\/a><\/li>\n<li><a href=\"https:\/\/wp.ufpel.edu.br\/prppgi\/files\/2021\/12\/SEI_UFPel-176-ppgna-Edital-de-selecao-PRPPGI.pdf\">Edital de sele\u00e7\u00e3o 176-2021 &#8211; Programa de P\u00f3s-Gradua\u00e7\u00e3o em Nutri\u00e7\u00e3o e Alimentos &#8211; Doutorado &#8211; Aluno Regular (2022-1)<\/a>\n<ul>\n<li><a href=\"https:\/\/wp.ufpel.edu.br\/prppgi\/files\/2021\/12\/SEI_UFPel-rET-ppGNA-Edital-de-Retificacao-PRPPGI-1.pdf\">Edital de Retifica\u00e7\u00e3o 35-2021 &#8211; Programa de P\u00f3s Gradua\u00e7\u00e3o em Nutri\u00e7\u00e3o e Alimentos<\/a><\/li>\n<\/ul>\n<\/li>\n<li><a href=\"https:\/\/wp.ufpel.edu.br\/prppgi\/files\/2021\/12\/SEI_UFPel-175-ppgna-Edital-de-selecao-PRPPGI.pdf\">Edital de sele\u00e7\u00e3o 175-2021 &#8211; Programa de P\u00f3s-Gradua\u00e7\u00e3o em Nutri\u00e7\u00e3o e Alimentos &#8211; Mestrado &#8211; Aluno regular (2022-1)\u00a0<\/a>\n<ul>\n<li><a href=\"https:\/\/wp.ufpel.edu.br\/prppgi\/files\/2022\/01\/SEI_UFPel-175-retificacao-Edital-de-Retificacao-PRPPGI.pdf\">Edital de Retifica\u00e7\u00e3o 05-2022 -Programa de P\u00f3s-Gradua\u00e7\u00e3o em Nutri\u00e7\u00e3o e Alimentos &#8211; Mestrado<\/a><\/li>\n<\/ul>\n<\/li>\n<li><a href=\"https:\/\/wp.ufpel.edu.br\/prppgi\/files\/2021\/12\/SEI_UFPel-174-ant-Edital-de-selecao-PRPPGI.pdf\">Edital de sele\u00e7\u00e3o 174-2021 &#8211; Programa de P\u00f3s-Gradua\u00e7\u00e3o em Antropologia -Doutorado- Aluno regular (2022-1)<\/a>\n<ul>\n<li><a href=\"https:\/\/wp.ufpel.edu.br\/prppgi\/files\/2021\/12\/Edital-de-retificacao-34-2021-Programa-de-Pos-Graduacao-em-Antropologia-Edital-174.pdf\">Edital de retifica\u00e7\u00e3o 34-2021 &#8211; Programa de P\u00f3s-Gradua\u00e7\u00e3o em Antropologia &#8211; Doutorado<\/a><\/li>\n<\/ul>\n<\/li>\n<li><a href=\"https:\/\/wp.ufpel.edu.br\/prppgi\/files\/2021\/12\/SEI_UFPel-173-ant-Edital-de-selecao-PRPPGI.pdf\">Edital de sele\u00e7\u00e3o 173-2021 &#8211; Programa de P\u00f3s-Gradua\u00e7\u00e3o em Antropologia &#8211; Mestrado &#8211; Aluno regular (2022-1)<\/a>\n<ul>\n<li><a href=\"https:\/\/wp.ufpel.edu.br\/prppgi\/files\/2021\/12\/Edital-de-retificacao-33-2021-Programa-de-Pos-Graduacao-em-Antropologia-Edital-173.pdf\">Edital de retifica\u00e7\u00e3o 33-2021 &#8211; Programa de P\u00f3s-Gradua\u00e7\u00e3o em Antropologia &#8211; Mestrado<\/a><\/li>\n<\/ul>\n<\/li>\n<li><a href=\"https:\/\/wp.ufpel.edu.br\/prppgi\/files\/2021\/12\/SEI_UFPel-mestcta-Edital-de-selecao-PRPPGI.pdf\">Edital de sele\u00e7\u00e3o 171-2021 &#8211; Mestrado Profissional em Ci\u00eancia e Tecnologia de Alimentos &#8211; Aluno Regular (2022-1)<\/a><\/li>\n<li><a href=\"https:\/\/wp.ufpel.edu.br\/prppgi\/files\/2021\/12\/Edital-de-selecao-170-2021-Programa-de-Pos-Graduacao-em-Ciencia-e-Engenharia-de-Materiais-Aluno-Regular-Mestrado-2022-1.pdf\">Edital de sele\u00e7\u00e3o 170-2021 &#8211; Programa de P\u00f3s-Gradua\u00e7\u00e3o em Ci\u00eancia e Engenharia de Materiais &#8211; Aluno Regular Mestrado 2022-1<\/a>\n<ul>\n<li><a href=\"https:\/\/wp.ufpel.edu.br\/prppgi\/files\/2022\/02\/Edital-de-Retificacao-09-2022-Programa-de-Pos-Graduacao-em-Ciencias-e-Engenharia-de-Materiais-Mestrado.pdf\">Edital de Retifica\u00e7\u00e3o 09-2022 &#8211; Programa de P\u00f3s-Gradua\u00e7\u00e3o em Ci\u00eancias e Engenharia de Materiais &#8211; Mestrado<\/a><\/li>\n<\/ul>\n<\/li>\n<li><a href=\"https:\/\/wp.ufpel.edu.br\/prppgi\/files\/2021\/12\/Edital-de-selecao-169-2021-Programa-de-Pos-Graduacao-em-Ciencia-e-Engenharia-de-Materiais-Aluno-Regular-Doutorado-2022-1.pdf\">Edital de sele\u00e7\u00e3o 169-2021 &#8211; Programa de P\u00f3s-Gradua\u00e7\u00e3o em Ci\u00eancia e Engenharia de Materiais &#8211; Aluno Regular Doutorado 2022-1<\/a>\n<ul>\n<li><a href=\"https:\/\/wp.ufpel.edu.br\/prppgi\/files\/2022\/02\/Edital-de-Retificacao-08-2022-Programa-de-Pos-Graduacao-em-Ciencias-e-Engenharia-de-Materiais-Doutorado.pdf\">Edital de Retifica\u00e7\u00e3o 08-2022 &#8211; Programa de P\u00f3s-Gradua\u00e7\u00e3o em Ci\u00eancias e Engenharia de Materiais &#8211; Doutorado<\/a><\/li>\n<\/ul>\n<\/li>\n<li><a href=\"https:\/\/wp.ufpel.edu.br\/prppgi\/files\/2021\/12\/Edital-de-selacao-165-2021-Programa-de-Pos-Graduacao-em-Sociologia-Doutorado-Aluno-regular-2022.1.pdf\">Edital de sela\u00e7\u00e3o 165-2021 &#8211; Programa de P\u00f3s Gradua\u00e7\u00e3o em Sociologia &#8211; Doutorado &#8211; Aluno regular (2022.1)<\/a><\/li>\n<li><a href=\"https:\/\/wp.ufpel.edu.br\/prppgi\/files\/2021\/12\/SEI_UFPel-Fis-167-Edital-de-selecao-PRPPGI.pdf\">Edital de sele\u00e7\u00e3o 167-2021 &#8211; Programa de P\u00f3s-Gradua\u00e7\u00e3o em F\u00edsica &#8211; Aluno Regular &#8211; Doutorado (2022-1)<\/a><\/li>\n<li><a href=\"https:\/\/wp.ufpel.edu.br\/prppgi\/files\/2021\/12\/SEI_UFPel-Fis-166-Edital-de-selecao-PRPPGI.pdf\">Edital de sele\u00e7\u00e3o 166-2021 &#8211; Programa de P\u00f3s-Gradua\u00e7\u00e3o em F\u00edsica &#8211; Aluno Regular &#8211; Mestrado (2022-1)<\/a><\/li>\n<li><a href=\"https:\/\/wp.ufpel.edu.br\/prppgi\/files\/2021\/12\/SEI_UFPel-ppgh-Edital-de-selecao-PRPPGI.pdf\">Edital de sele\u00e7\u00e3o 168-2021 &#8211; Programa de P\u00f3s-Gradua\u00e7\u00e3o em Hist\u00f3ria &#8211; Aluno Regular &#8211; Mestrado (2022-1)<\/a><\/li>\n<li><a href=\"https:\/\/wp.ufpel.edu.br\/prppgi\/files\/2021\/12\/SEI_UFPel-PPGZ-Edital-de-selecao-PRPPGI.pdf\">Edital de sele\u00e7\u00e3o 163-2021 &#8211; Programa de P\u00f3s-Gradua\u00e7\u00e3o em Zootecnia &#8211; Aluno Regular (2022-1)<\/a><\/li>\n<li><a href=\"https:\/\/wp.ufpel.edu.br\/prppgi\/files\/2021\/12\/Edital-de-selecao-163-2021-Programa-de-Pos-Graduacao-em-Filosofia-Aluno-Regular-Doutorado.pdf\">Edital de sele\u00e7\u00e3o 163-2021 &#8211; Programa de P\u00f3s-Gradua\u00e7\u00e3o em Filosofia &#8211; Aluno Regular Doutorado (2022-1)<\/a><\/li>\n<li><a href=\"https:\/\/wp.ufpel.edu.br\/prppgi\/files\/2021\/12\/SEI_UFPel-160-Edital-de-selecao-PRPPGI.pdf\">Edital de sele\u00e7\u00e3o 160-2021 &#8211; Programa de P\u00f3s-Gradua\u00e7\u00e3o em Ci\u00eancias Ambientais &#8211; Aluno Regular (2022-1)<\/a><\/li>\n<li><a href=\"https:\/\/wp.ufpel.edu.br\/prppgi\/files\/2021\/12\/Edital-162-2021-Programa-de-Pos-Graduacao-Especializacao-em-Ciencia-dos-Alimentos-Aluno-regular-2022.1.pdf\">Edital 162-2021 -Programa de P\u00f3s Gradua\u00e7\u00e3o &#8211; Especializa\u00e7\u00e3o em Ci\u00eancia dos Alimentos &#8211; Aluno regular 2022.1<\/a><\/li>\n<li><a href=\"https:\/\/wp.ufpel.edu.br\/prppgi\/files\/2021\/12\/Edital-de-selecao-164-2021-Programa-de-Pos-Graduacao-em-Sociologia-Aluno-Regular-mestrado-2022-1.pdf\">Edital de sele\u00e7\u00e3o 164-2021- Programa de P\u00f3s-Gradua\u00e7\u00e3o em Sociologia &#8211; Aluno Regular Mestrado 2022-1<\/a><\/li>\n<li><a href=\"https:\/\/wp.ufpel.edu.br\/prppgi\/files\/2021\/12\/Edital-de-selecao-159-2021-Programa-de-Pos-Graduacao-em-Filosofia-Aluno-Regular-Mestrado.pdf\">Edital de sele\u00e7\u00e3o 159-2021 &#8211; Programa de P\u00f3s-Gradua\u00e7\u00e3o em Filosofia &#8211; Aluno Regular Mestrado (2022-1)<\/a><\/li>\n<li><a href=\"https:\/\/wp.ufpel.edu.br\/prppgi\/files\/2021\/11\/SEI_UFPel-PpgMM-Edital-de-selecao-PRPPGI.pdf\">Edital sele\u00e7\u00e3o 158-2021 &#8211; Programa de P\u00f3s-Gradua\u00e7\u00e3o em Modelagem Matem\u00e1tica &#8211; Aluno Regular (2022-1)<\/a><\/li>\n<li><a href=\"https:\/\/wp.ufpel.edu.br\/prppgi\/files\/2021\/11\/Edital-de-selecao-157-2021-Programa-de-Pos-Graduacao-em-Quimica-Aluno-Regular.pdf\">Edital de sele\u00e7\u00e3o 157-2021 &#8211; Programa de P\u00f3s-Gradua\u00e7\u00e3o em Qu\u00edmica &#8211; Aluno Regular (2022-01)<\/a><\/li>\n<li><a href=\"https:\/\/wp.ufpel.edu.br\/prppgi\/files\/2021\/11\/SEI_UFPel-156-Agronomia-Edital-de-selecao-PRPPGI.pdf\">Edital de sele\u00e7\u00e3o 156-2020 &#8211; Programa de P\u00f3s-Gradua\u00e7\u00e3o em Agronomia &#8211; Aluno Regular (2022-1)<\/a><\/li>\n<li><a href=\"https:\/\/wp.ufpel.edu.br\/prppgi\/files\/2021\/11\/Edital-de-selecao-155-2021-Programa-de-Pos-Graduacao-em-Fisica-Aluno-Regular.pdf\">Edital de sele\u00e7\u00e3o 155-2021 &#8211; Programa de P\u00f3s-Gradua\u00e7\u00e3o em F\u00edsica &#8211; Aluno Regular<\/a><\/li>\n<li><a href=\"https:\/\/wp.ufpel.edu.br\/prppgi\/files\/2021\/11\/Edital-de-selecao-154-2021-Programa-de-Pos-Graduacao-em-Fitossanidade-Aluno-Regular.pdf\">Edital de sele\u00e7\u00e3o 154-2021 &#8211; Programa de P\u00f3s-Gradua\u00e7\u00e3o em Fitossanidade &#8211; Aluno Regular<\/a><\/li>\n<li><a href=\"https:\/\/wp.ufpel.edu.br\/prppgi\/files\/2021\/11\/SEI_UFPel-PPGV-2022-Edital-de-selecao-PRPPGI.pdf\">Edital de sele\u00e7\u00e3o 153-2020 &#8211; Programa de P\u00f3s-Gradua\u00e7\u00e3o em Veterin\u00e1ria &#8211; Aluno Regular (2022-1)<\/a><\/li>\n<li><a href=\"https:\/\/wp.ufpel.edu.br\/prppgi\/files\/2021\/11\/SEI_UFPel-152-enf-Edital-de-selecao-PRPPGI.pdf\">Edital de sele\u00e7\u00e3o 152-2021 &#8211; Programa de P\u00f3s-Gradua\u00e7\u00e3o em Enfermagem &#8211; Aluno Regular (2022-1)<\/a>\n<ul>\n<li><a href=\"https:\/\/wp.ufpel.edu.br\/prppgi\/files\/2021\/11\/SEI_UFPel-PPGENF-Edital-de-Retificacao-PRPPGI.pdf\">Edital de retifica\u00e7\u00e3o 31-2021 &#8211; Programa de P\u00f3s-Gradua\u00e7\u00e3o em Enfermagem\u00a0<\/a><\/li>\n<\/ul>\n<\/li>\n<li><a href=\"https:\/\/wp.ufpel.edu.br\/prppgi\/files\/2021\/11\/SEI_UFPel-151ppgcta-Edital-de-selecao-PRPPGI.pdf\">Edital de sele\u00e7\u00e3o 151-2021 &#8211; Programa de P\u00f3s-gradua\u00e7\u00e3o em Ci\u00eancia e Tecnologia de Alimentos &#8211; Aluno Regular Doutorado (2022-1)\u00a0<\/a><\/li>\n<li><a href=\"https:\/\/wp.ufpel.edu.br\/prppgi\/files\/2021\/11\/SEI_UFPel-150ppgcta-Edital-de-selecao-PRPPGI.pdf\">Edital de sele\u00e7\u00e3o 150-2021 &#8211; Programa de P\u00f3s Gradua\u00e7\u00e3o em Ci\u00eancia e tecnologia dos Alimentos &#8211; Aluno Regular mestrado (2022-1)<\/a><\/li>\n<li><a href=\"https:\/\/wp.ufpel.edu.br\/prppgi\/files\/2021\/11\/Edital-de-selecao-149-2021-Especializacao-em-Artes-presencial-01-2022-aluno-regular.pdf\">Edital de sele\u00e7\u00e3o 149-2021 &#8211; Especializa\u00e7\u00e3o em Artes presencial (01-2022) aluno regular<\/a>\n<ul>\n<li><a href=\"https:\/\/wp.ufpel.edu.br\/prppgi\/files\/2022\/02\/Edital-de-Retificacao-07-2022-Curso-de-Especializacao-em-Artes.pdf\">Edital de Retifica\u00e7\u00e3o 07-2022 &#8211; Curso de Especializa\u00e7\u00e3o em Artes presencial<\/a><\/li>\n<\/ul>\n<\/li>\n<li><a href=\"https:\/\/wp.ufpel.edu.br\/prppgi\/files\/2021\/10\/SEI_UFPel-PPGFV-2022-Edital-de-selecao-PRPPGI.pdf\">Edital de sele\u00e7\u00e3o 147-2021 &#8211; Programa de P\u00f3s-Gradua\u00e7\u00e3o em Fisiologia Vegetal &#8211; Aluno Regular (2022-1)<\/a><\/li>\n<li><a href=\"https:\/\/wp.ufpel.edu.br\/prppgi\/files\/2021\/10\/SEI_UFPel-148-Edital-de-selecao-PRPPGI.pdf\">Edital de sele\u00e7\u00e3o 148-2021- Programa de P\u00f3s-Gradua\u00e7\u00e3o em Arquitetura e Urbanismo- Aluno Regular (2022-1)<\/a>\n<ul>\n<li><a href=\"https:\/\/wp.ufpel.edu.br\/prppgi\/files\/2021\/10\/SEI_UFPel-30-Prograu-Edital-de-Retificacao-PRPPGI.pdf\">Edital de Retifica\u00e7\u00e3o 30-2021 &#8211; Programa de P\u00f3s-Gradua\u00e7\u00e3o em Arquitetura e Urbanismo<\/a><\/li>\n<\/ul>\n<\/li>\n<li><a href=\"https:\/\/wp.ufpel.edu.br\/prppgi\/files\/2021\/10\/SEI_UFPel-ppgemat-Edital-de-selecao-PRPPGI.pdf\">Edital de sele\u00e7\u00e3o 145-2021 &#8211; Programa de P\u00f3s-Gradua\u00e7\u00e3o em Educa\u00e7\u00e3o Matem\u00e1tica &#8211; Aluno Regular (2022-1)<\/a><\/li>\n<li><a href=\"https:\/\/wp.ufpel.edu.br\/prppgi\/files\/2021\/10\/SEI_UFPel-dtsa-Edital-de-selecao-PRPPGI.pdf\">Edital de sele\u00e7\u00e3o 144-2021 &#8211; Programa de P\u00f3s-Gradua\u00e7\u00e3o em Desenvolvimento Territorial e Sistemas Agroindustriais &#8211; Aluno Regular Mestrado (2022-1)<\/a>\n<ul>\n<li><a href=\"https:\/\/wp.ufpel.edu.br\/prppgi\/files\/2021\/11\/SEI_UFPel-ppgdtsa-Edital-de-Retificacao-PRPPGI.pdf\">Edital de retifica\u00e7\u00e3o 32-2021 &#8211; Programa de P\u00f3s-Gradua\u00e7\u00e3o em Desenvolvimento Territorial e Sistemas Agroindustriais<\/a><\/li>\n<\/ul>\n<\/li>\n<li><a href=\"https:\/\/wp.ufpel.edu.br\/prppgi\/files\/2021\/10\/SEI_UFPel-PPGRH-Edital-de-selecao-PRPPGI.pdf\">Edital de sele\u00e7\u00e3o 142-2021 &#8211; Programa de P\u00f3s-Gradua\u00e7\u00e3o em Recursos H\u00eddricos &#8211; Aluno Regular (2022-1)<\/a>\n<ul>\n<li><a href=\"https:\/\/wp.ufpel.edu.br\/prppgi\/files\/2021\/10\/SEI_UFPel-Ret-142-28-Edital-de-Retificacao-PRPPGI.pdf\">Edital de Retifica\u00e7\u00e3o 28-2021 &#8211; Programa de P\u00f3s-Gradua\u00e7\u00e3o em Recursos H\u00eddricos<\/a><\/li>\n<\/ul>\n<\/li>\n<li><a href=\"https:\/\/wp.ufpel.edu.br\/prppgi\/files\/2021\/09\/SEI_UFPel-ODONTO-Edital-de-selecao-PRPPGI.pdf\">Edital de sele\u00e7\u00e3o 140-2021 &#8211; Programa de P\u00f3s-Gradua\u00e7\u00e3o em Odontologia &#8211; Aluno Regular Doutorado (2021-1)<\/a><\/li>\n<li><a href=\"https:\/\/wp.ufpel.edu.br\/prppgi\/files\/2021\/09\/SEI_UFPel-Biotecnologia-Edital-de-selecao-PRPPGI.pdf\">Edital de sele\u00e7\u00e3o 139-2021 &#8211; Programa de P\u00f3s-Gradua\u00e7\u00e3o em Biotecnologia &#8211; Aluno Regular (2022-1)<\/a>\n<ul>\n<li><a href=\"https:\/\/wp.ufpel.edu.br\/prppgi\/files\/2021\/10\/SEI_UFPel-Ret-Biotec-Edital-de-Retificacao-PRPPGI.pdf\">Edital de Retifica\u00e7\u00e3o 29-2021 Programa de P\u00f3s-gradua\u00e7\u00e3o em Biotecnologia<\/a><\/li>\n<\/ul>\n<\/li>\n<li><a href=\"https:\/\/wp.ufpel.edu.br\/prppgi\/files\/2021\/09\/SEI_UFPel-Zootecnia-Edital-de-selecao-PRPPGI.pdf\">Edital de sele\u00e7\u00e3o 137-2021 &#8211; Programa de P\u00f3s-Gradua\u00e7\u00e3o em Zootecnia &#8211; Aluno Regular Mestrado e Doutorado (2022-1)<\/a><\/li>\n<li><a href=\"https:\/\/wp.ufpel.edu.br\/prppgi\/files\/2021\/09\/SEI_UFPel-MACSA-Edital-de-selecao-PRPPGI.pdf\">Edital de sele\u00e7\u00e3o 138-2021 &#8211; Programa de P\u00f3s-Gradua\u00e7\u00e3o em Manejo e Conserva\u00e7\u00e3o do Solo e da \u00c1gua &#8211; Aluno Regular (2022-1)<\/a><\/li>\n<li><a href=\"https:\/\/wp.ufpel.edu.br\/prppgi\/files\/2021\/09\/SEI_UFPel-COREME-Edital-de-selecao-PRPPGI.pdf\">Edital de sele\u00e7\u00e3o 136-2021 &#8211; Comiss\u00e3o de Resid\u00eancia M\u00e9dica &#8211; Resid\u00eancia M\u00e9dica (2022)<\/a><\/li>\n<li><a href=\"https:\/\/wp.ufpel.edu.br\/prppgi\/files\/2021\/09\/SEI_UFPel-PPGSPAF-Edital-de-selecao-PRPPGI.pdf\">Edital de sele\u00e7\u00e3o 135 &#8211; Programa de P\u00f3s-Gradua\u00e7\u00e3o em Sistemas de Produ\u00e7\u00e3o Agr\u00edcola Familiar &#8211; Aluno Regular Mestrado e Doutorado (2022-1)<\/a><\/li>\n<li><a href=\"https:\/\/wp.ufpel.edu.br\/prppgi\/files\/2021\/09\/Edital-de-selecao-127-2021-Comissao-de-Residencia-Multiprofissional-aluno-regular-2022-1-inscricoes-08-09-2021.pdf\">Edital de sele\u00e7\u00e3o 127-2021 &#8211; Comiss\u00e3o de Resid\u00eancia Multiprofissional (aluno regular 2022-1) inscri\u00e7\u00f5es 08-09-2021<\/a><\/li>\n<li><a href=\"https:\/\/wp.ufpel.edu.br\/prppgi\/files\/2021\/09\/SEI_UFPel-PPGL-Edital-de-selecao-PRPPGI.pdf\">Edital de sele\u00e7\u00e3o 134-2021 Programa de P\u00f3s-Gradua\u00e7\u00e3o em Letras &#8211; Aluno Especial (2021-2)<\/a><\/li>\n<li><a href=\"https:\/\/wp.ufpel.edu.br\/prppgi\/files\/2021\/08\/SEI_UFPel-Epidemiologia-Edital-de-selecao-PRPPGI.pdf\">Edital de sele\u00e7\u00e3o 133-2021-Programa de P\u00f3s-Gradua\u00e7\u00e3o em Epidemiologia-Aluno Regular Doutorado (2022-1)<\/a>\n<ul>\n<li><a href=\"https:\/\/wp.ufpel.edu.br\/prppgi\/files\/2021\/09\/Edital-de-retificacao-26-2021-Programa-de-Pos-Graduacao-em-Epidemiologia-Aluno-Regular-2022-1.pdf\">Edital de retifica\u00e7\u00e3o 26-2021 &#8211; Programa de P\u00f3s-Gradua\u00e7\u00e3o em Epidemiologia &#8211; Aluno Regular (2022-1)<\/a><\/li>\n<\/ul>\n<\/li>\n<\/ul>\n<ul>\n<li><a href=\"https:\/\/wp.ufpel.edu.br\/prppgi\/files\/2021\/12\/SEI_UFPel-pPGCTS-Edital-de-selecao-PRPPGI.pdf\">Edital de sele\u00e7\u00e3o 191-2021 &#8211; Programa de P\u00f3s-Gradua\u00e7\u00e3o em Ci\u00eancia e Tecnologia de Sementes &#8211; Aluno Regular (2022 -01)<\/a><\/li>\n<li><a href=\"https:\/\/wp.ufpel.edu.br\/prppgi\/files\/2021\/12\/SEI_UFPel-pPGE-Edital-de-selecao-PRPPGI.pdf\">Edital de sele\u00e7\u00e3o\u00a0 190 -2021 &#8211; Programa de P\u00f3s-Gradua\u00e7\u00e3o em Enfermagem &#8211; Aluno Regular (2022-01)<\/a>\n<ul>\n<li><a href=\"https:\/\/wp.ufpel.edu.br\/prppgi\/files\/2022\/01\/SEI_UFPel-Ret-Enf-01-2022-Edital-de-Retificacao-PRPPGI.pdf\">Edital de Retifica\u00e7\u00e3o 01-2022 &#8211; Programa de P\u00f3s-Gradua\u00e7\u00e3o em Enfermagem<\/a><\/li>\n<\/ul>\n<\/li>\n<li><a href=\"https:\/\/wp.ufpel.edu.br\/prppgi\/files\/2021\/12\/SEI_UFPel-PPGMPAR-Edital-de-selecao-PRPPGI.pdf\">Edital de sele\u00e7\u00e3o 189-2021 &#8211; Programa de P\u00f3s-Gradua\u00e7\u00e3o em Microbiologia e Parasitologia &#8211; Aluno Regular Mestrado e Doutorado (2022-01)<\/a><\/li>\n<li><a href=\"https:\/\/wp.ufpel.edu.br\/prppgi\/files\/2021\/12\/Edital-de-selecao-188-2021-Programa-de-Pos-Graduacao-em-Organizacoes-e-Mercados-Aluno-Regular-Mestrado-e-Doutorado-2022-vagas-remanescentes.pdf\">Edital de sele\u00e7\u00e3o 188-2021 &#8211; Programa de P\u00f3s-Gradua\u00e7\u00e3o em Organiza\u00e7\u00f5es e Mercados &#8211; Aluno Regular Mestrado e Doutorado 2022 &#8211; vagas remanescentes<\/a><\/li>\n<li>\u00a0<a href=\"https:\/\/wp.ufpel.edu.br\/prppgi\/files\/2021\/12\/Edital-de-selecao-187-2021-Programa-de-Pos-Graduacao-em-Ciencia-Politica-Aluno-Regular-Mestrado-2022-01.pdf\">Edital de sele\u00e7\u00e3o 187-2021 &#8211; Programa de P\u00f3s-Gradua\u00e7\u00e3o em Ci\u00eancia Pol\u00edtica &#8211; Aluno Regular Mestrado (2022 -01)<\/a><\/li>\n<li><a href=\"https:\/\/wp.ufpel.edu.br\/prppgi\/files\/2021\/12\/Edital-de-selecao-186-2021-Programa-de-Pos-Graduacao-em-Ciencia-Politica-Aluno-Regular-Doutorado-2022-01.pdf\">Edital de sele\u00e7\u00e3o 186-2021 &#8211; Programa de P\u00f3s-Gradua\u00e7\u00e3o em Ci\u00eancia Pol\u00edtica &#8211; Aluno Regular Doutorado (2022 -01)<\/a><\/li>\n<li><a href=\"https:\/\/wp.ufpel.edu.br\/prppgi\/files\/2021\/12\/Edital-de-selecao-185-2021-Programa-de-Pos-Graduacao-em-Bioquimica-e-Bioprospeccao-Aluno-Regular-Mestrado-2022-01.pdf\">Edital de sele\u00e7\u00e3o 185-2021 &#8211; Programa de P\u00f3s-Gradua\u00e7\u00e3o em Bioqu\u00edmica e Bioprospec\u00e7\u00e3o &#8211; Aluno Regular Mestrado (2022 -01)<\/a><\/li>\n<li><a href=\"https:\/\/wp.ufpel.edu.br\/prppgi\/files\/2021\/12\/Edital-de-selecao-184-2021-Programa-de-Pos-Graduacao-em-Bioquimica-e-Bioprospeccao-Aluno-Regular-Doutorado-2022-01.pdf\">Edital de sele\u00e7\u00e3o 184-2021 &#8211; Programa de P\u00f3s-Gradua\u00e7\u00e3o em Bioqu\u00edmica e Bioprospec\u00e7\u00e3o &#8211; Aluno Regular Doutorado (2022 -01)<\/a><\/li>\n<li><a href=\"https:\/\/wp.ufpel.edu.br\/prppgi\/files\/2021\/12\/Edital-de-selecao-183-2021-Programa-de-Pos-Graduacao-em-Computacao-Aluno-Regular-Mestrado-e-Doutorado-2022.pdf\">Edital de sele\u00e7\u00e3o 183-2021 &#8211; Programa de P\u00f3s-Gradua\u00e7\u00e3o em Computa\u00e7\u00e3o &#8211; Aluno Regular Mestrado e Doutorado 2022<\/a>\n<ul>\n<li><a href=\"https:\/\/wp.ufpel.edu.br\/prppgi\/files\/2022\/01\/Edital-de-retificacao-04-2022-Programa-de-Pos-Graduacao-em-Computacao-Aluno-Regular.pdf\">Edital de retifica\u00e7\u00e3o 04-2022 &#8211; Programa de P\u00f3s-Gradua\u00e7\u00e3o em Computa\u00e7\u00e3o &#8211; Aluno Regular<\/a><\/li>\n<\/ul>\n<\/li>\n<li><a href=\"https:\/\/wp.ufpel.edu.br\/prppgi\/files\/2021\/12\/Edital-de-selecao-182-2021-Programa-de-Pos-Graduacao-em-Arquitetura-Aluno-Regular-Mestrado-2022-1.pdf\">Edital de sele\u00e7\u00e3o 182-2021 &#8211; Programa de P\u00f3s-Gradua\u00e7\u00e3o em Arquitetura &#8211; Aluno Regular Mestrado 2022-1<\/a><\/li>\n<li><a href=\"https:\/\/wp.ufpel.edu.br\/prppgi\/files\/2021\/12\/Edital-de-selecao-181-2021-Programa-de-Pos-Graduacao-em-Manejo-e-Conservacao-do-Solo-Aluno-Regular-Mestrado-2022-1-Edital-Suplementar.pdf\">Edital de sele\u00e7\u00e3o 181-2021 &#8211; Programa de P\u00f3s-Gradua\u00e7\u00e3o em Manejo e Conserva\u00e7\u00e3o do Solo e da \u00c1gua &#8211; Aluno Regular Mestrado 2022-1 (Edital Suplementar)<\/a><\/li>\n<li><a href=\"https:\/\/wp.ufpel.edu.br\/prppgi\/files\/2021\/12\/Edital-de-selecao-180-2021-Programa-de-Pos-Graduacao-Multicentrico-em-Ciencias-Fisiologicas-Aluno-Regular-Doutorado-2022-1.pdf\">Edital de sele\u00e7\u00e3o 180-2021 &#8211; Programa de P\u00f3s-Gradua\u00e7\u00e3o Multic\u00eantrico em Ci\u00eancias Fisiol\u00f3gicas &#8211; Aluno Regular Doutorado 2022-1<\/a><\/li>\n<li><a href=\"https:\/\/wp.ufpel.edu.br\/prppgi\/files\/2021\/12\/Edital-de-selecao-179-2021-Programa-de-Pos-Graduacao-Multicentrico-em-Ciencias-Fisiologicas-Aluno-Regular-Mestrado-2022-1.pdf\">Edital de sele\u00e7\u00e3o 179-2021 &#8211; Programa de P\u00f3s-Gradua\u00e7\u00e3o Multic\u00eantrico em Ci\u00eancias Fisiol\u00f3gicas &#8211; Aluno Regular Mestrado 2022-1<\/a><\/li>\n<li><a href=\"https:\/\/wp.ufpel.edu.br\/prppgi\/files\/2021\/12\/Edital-de-selecao-179-2021-Programa-de-Pos-Graduacao-Multicentrico-em-Historica-Aluno-Regular-Doutorado-2022-1.pdf\">Edital de sele\u00e7\u00e3o 177-2021 &#8211; Programa de P\u00f3s-Gradua\u00e7\u00e3o em Hist\u00f3rica &#8211; Aluno Regular Doutorado 2022-1<\/a><\/li>\n<li><a href=\"https:\/\/wp.ufpel.edu.br\/prppgi\/files\/2021\/12\/Edital-de-Selecao-178-2022-Programa-de-Pos-Graduacao-em-Sociologia-Aluno-especial-2022-1.pdf\">Edital de Sele\u00e7\u00e3o 178-2021 &#8211; Programa de P\u00f3s Gradua\u00e7\u00e3o em Sociologia- Aluno especial (2022-1)<\/a>\n<ul>\n<li><a href=\"https:\/\/wp.ufpel.edu.br\/prppgi\/files\/2022\/01\/Edital-de-Retificacao-06-2022-Programa-de-Pos-Graduacao-em-Sociologia.pdf\">Edital de Retifica\u00e7\u00e3o 06-2022 &#8211; Programa de P\u00f3s-Gradua\u00e7\u00e3o em Sociologia<\/a><\/li>\n<\/ul>\n<\/li>\n<li><a href=\"https:\/\/wp.ufpel.edu.br\/prppgi\/files\/2021\/12\/Edital-de-Selecao-172-Programa-de-Pos-Graduacao-em-Meteorologia-Aluno-regular-mestrado-2022-1.pdf\">Edital de Sele\u00e7\u00e3o 172 &#8211; 2021 &#8211; Programa de P\u00f3s-Gradua\u00e7\u00e3o em Meteorologia &#8211; Aluno regular mestrado (2022-1)<\/a><\/li>\n<li><a href=\"https:\/\/wp.ufpel.edu.br\/prppgi\/files\/2021\/12\/SEI_UFPel-176-ppgna-Edital-de-selecao-PRPPGI.pdf\">Edital de sele\u00e7\u00e3o 176-2021 &#8211; Programa de P\u00f3s-Gradua\u00e7\u00e3o em Nutri\u00e7\u00e3o e Alimentos &#8211; Doutorado &#8211; Aluno Regular (2022-1)<\/a>\n<ul>\n<li><a href=\"https:\/\/wp.ufpel.edu.br\/prppgi\/files\/2021\/12\/SEI_UFPel-rET-ppGNA-Edital-de-Retificacao-PRPPGI-1.pdf\">Edital de Retifica\u00e7\u00e3o 35-2021 &#8211; Programa de P\u00f3s Gradua\u00e7\u00e3o em Nutri\u00e7\u00e3o e Alimentos<\/a><\/li>\n<\/ul>\n<\/li>\n<li><a href=\"https:\/\/wp.ufpel.edu.br\/prppgi\/files\/2021\/12\/SEI_UFPel-175-ppgna-Edital-de-selecao-PRPPGI.pdf\">Edital de sele\u00e7\u00e3o 175-2021 &#8211; Programa de P\u00f3s-Gradua\u00e7\u00e3o em Nutri\u00e7\u00e3o e Alimentos &#8211; Mestrado &#8211; Aluno regular (2022-1)\u00a0<\/a>\n<ul>\n<li><a href=\"https:\/\/wp.ufpel.edu.br\/prppgi\/files\/2022\/01\/SEI_UFPel-175-retificacao-Edital-de-Retificacao-PRPPGI.pdf\">Edital de Retifica\u00e7\u00e3o 05-2022 -Programa de P\u00f3s-Gradua\u00e7\u00e3o em Nutri\u00e7\u00e3o e Alimentos &#8211; Mestrado<\/a><\/li>\n<\/ul>\n<\/li>\n<li><a href=\"https:\/\/wp.ufpel.edu.br\/prppgi\/files\/2021\/12\/SEI_UFPel-174-ant-Edital-de-selecao-PRPPGI.pdf\">Edital de sele\u00e7\u00e3o 174-2021 &#8211; Programa de P\u00f3s-Gradua\u00e7\u00e3o em Antropologia -Doutorado- Aluno regular (2022-1)<\/a>\n<ul>\n<li><a href=\"https:\/\/wp.ufpel.edu.br\/prppgi\/files\/2021\/12\/Edital-de-retificacao-34-2021-Programa-de-Pos-Graduacao-em-Antropologia-Edital-174.pdf\">Edital de retifica\u00e7\u00e3o 34-2021 &#8211; Programa de P\u00f3s-Gradua\u00e7\u00e3o em Antropologia &#8211; Doutorado<\/a><\/li>\n<\/ul>\n<\/li>\n<li><a href=\"https:\/\/wp.ufpel.edu.br\/prppgi\/files\/2021\/12\/SEI_UFPel-173-ant-Edital-de-selecao-PRPPGI.pdf\">Edital de sele\u00e7\u00e3o 173-2021 &#8211; Programa de P\u00f3s-Gradua\u00e7\u00e3o em Antropologia &#8211; Mestrado &#8211; Aluno regular (2022-1)<\/a>\n<ul>\n<li><a href=\"https:\/\/wp.ufpel.edu.br\/prppgi\/files\/2021\/12\/Edital-de-retificacao-33-2021-Programa-de-Pos-Graduacao-em-Antropologia-Edital-173.pdf\">Edital de retifica\u00e7\u00e3o 33-2021 &#8211; Programa de P\u00f3s-Gradua\u00e7\u00e3o em Antropologia &#8211; Mestrado<\/a><\/li>\n<\/ul>\n<\/li>\n<li><a href=\"https:\/\/wp.ufpel.edu.br\/prppgi\/files\/2021\/12\/SEI_UFPel-mestcta-Edital-de-selecao-PRPPGI.pdf\">Edital de sele\u00e7\u00e3o 171-2021 &#8211; Mestrado Profissional em Ci\u00eancia e Tecnologia de Alimentos &#8211; Aluno Regular (2022-1)<\/a><\/li>\n<li><a href=\"https:\/\/wp.ufpel.edu.br\/prppgi\/files\/2021\/12\/Edital-de-selecao-170-2021-Programa-de-Pos-Graduacao-em-Ciencia-e-Engenharia-de-Materiais-Aluno-Regular-Mestrado-2022-1.pdf\">Edital de sele\u00e7\u00e3o 170-2021 &#8211; Programa de P\u00f3s-Gradua\u00e7\u00e3o em Ci\u00eancia e Engenharia de Materiais &#8211; Aluno Regular Mestrado 2022-1<\/a>\n<ul>\n<li><a href=\"https:\/\/wp.ufpel.edu.br\/prppgi\/files\/2022\/02\/Edital-de-Retificacao-09-2022-Programa-de-Pos-Graduacao-em-Ciencias-e-Engenharia-de-Materiais-Mestrado.pdf\">Edital de Retifica\u00e7\u00e3o 09-2022 &#8211; Programa de P\u00f3s-Gradua\u00e7\u00e3o em Ci\u00eancias e Engenharia de Materiais &#8211; Mestrado<\/a><\/li>\n<\/ul>\n<\/li>\n<li><a href=\"https:\/\/wp.ufpel.edu.br\/prppgi\/files\/2021\/12\/Edital-de-selecao-169-2021-Programa-de-Pos-Graduacao-em-Ciencia-e-Engenharia-de-Materiais-Aluno-Regular-Doutorado-2022-1.pdf\">Edital de sele\u00e7\u00e3o 169-2021 &#8211; Programa de P\u00f3s-Gradua\u00e7\u00e3o em Ci\u00eancia e Engenharia de Materiais &#8211; Aluno Regular Doutorado 2022-1<\/a>\n<ul>\n<li><a href=\"https:\/\/wp.ufpel.edu.br\/prppgi\/files\/2022\/02\/Edital-de-Retificacao-08-2022-Programa-de-Pos-Graduacao-em-Ciencias-e-Engenharia-de-Materiais-Doutorado.pdf\">Edital de Retifica\u00e7\u00e3o 08-2022 &#8211; Programa de P\u00f3s-Gradua\u00e7\u00e3o em Ci\u00eancias e Engenharia de Materiais &#8211; Doutorado<\/a><\/li>\n<\/ul>\n<\/li>\n<li><a href=\"https:\/\/wp.ufpel.edu.br\/prppgi\/files\/2021\/12\/Edital-de-selacao-165-2021-Programa-de-Pos-Graduacao-em-Sociologia-Doutorado-Aluno-regular-2022.1.pdf\">Edital de sela\u00e7\u00e3o 165-2021 &#8211; Programa de P\u00f3s Gradua\u00e7\u00e3o em Sociologia &#8211; Doutorado &#8211; Aluno regular (2022.1)<\/a><\/li>\n<li><a href=\"https:\/\/wp.ufpel.edu.br\/prppgi\/files\/2021\/12\/SEI_UFPel-Fis-167-Edital-de-selecao-PRPPGI.pdf\">Edital de sele\u00e7\u00e3o 167-2021 &#8211; Programa de P\u00f3s-Gradua\u00e7\u00e3o em F\u00edsica &#8211; Aluno Regular &#8211; Doutorado (2022-1)<\/a><\/li>\n<li><a href=\"https:\/\/wp.ufpel.edu.br\/prppgi\/files\/2021\/12\/SEI_UFPel-Fis-166-Edital-de-selecao-PRPPGI.pdf\">Edital de sele\u00e7\u00e3o 166-2021 &#8211; Programa de P\u00f3s-Gradua\u00e7\u00e3o em F\u00edsica &#8211; Aluno Regular &#8211; Mestrado (2022-1)<\/a><\/li>\n<li><a href=\"https:\/\/wp.ufpel.edu.br\/prppgi\/files\/2021\/12\/SEI_UFPel-ppgh-Edital-de-selecao-PRPPGI.pdf\">Edital de sele\u00e7\u00e3o 168-2021 &#8211; Programa de P\u00f3s-Gradua\u00e7\u00e3o em Hist\u00f3ria &#8211; Aluno Regular &#8211; Mestrado (2022-1)<\/a><\/li>\n<li><a href=\"https:\/\/wp.ufpel.edu.br\/prppgi\/files\/2021\/12\/SEI_UFPel-PPGZ-Edital-de-selecao-PRPPGI.pdf\">Edital de sele\u00e7\u00e3o 163-2021 &#8211; Programa de P\u00f3s-Gradua\u00e7\u00e3o em Zootecnia &#8211; Aluno Regular (2022-1)<\/a><\/li>\n<li><a href=\"https:\/\/wp.ufpel.edu.br\/prppgi\/files\/2021\/12\/Edital-de-selecao-163-2021-Programa-de-Pos-Graduacao-em-Filosofia-Aluno-Regular-Doutorado.pdf\">Edital de sele\u00e7\u00e3o 163-2021 &#8211; Programa de P\u00f3s-Gradua\u00e7\u00e3o em Filosofia &#8211; Aluno Regular Doutorado (2022-1)<\/a><\/li>\n<li><a href=\"https:\/\/wp.ufpel.edu.br\/prppgi\/files\/2021\/12\/SEI_UFPel-160-Edital-de-selecao-PRPPGI.pdf\">Edital de sele\u00e7\u00e3o 160-2021 &#8211; Programa de P\u00f3s-Gradua\u00e7\u00e3o em Ci\u00eancias Ambientais &#8211; Aluno Regular (2022-1)<\/a><\/li>\n<li><a href=\"https:\/\/wp.ufpel.edu.br\/prppgi\/files\/2021\/12\/Edital-162-2021-Programa-de-Pos-Graduacao-Especializacao-em-Ciencia-dos-Alimentos-Aluno-regular-2022.1.pdf\">Edital 162-2021 -Programa de P\u00f3s Gradua\u00e7\u00e3o &#8211; Especializa\u00e7\u00e3o em Ci\u00eancia dos Alimentos &#8211; Aluno regular 2022.1<\/a><\/li>\n<li><a href=\"https:\/\/wp.ufpel.edu.br\/prppgi\/files\/2021\/12\/Edital-de-selecao-164-2021-Programa-de-Pos-Graduacao-em-Sociologia-Aluno-Regular-mestrado-2022-1.pdf\">Edital de sele\u00e7\u00e3o 164-2021- Programa de P\u00f3s-Gradua\u00e7\u00e3o em Sociologia &#8211; Aluno Regular Mestrado 2022-1<\/a><\/li>\n<li><a href=\"https:\/\/wp.ufpel.edu.br\/prppgi\/files\/2021\/12\/Edital-de-selecao-159-2021-Programa-de-Pos-Graduacao-em-Filosofia-Aluno-Regular-Mestrado.pdf\">Edital de sele\u00e7\u00e3o 159-2021 &#8211; Programa de P\u00f3s-Gradua\u00e7\u00e3o em Filosofia &#8211; Aluno Regular Mestrado (2022-1)<\/a><\/li>\n<li><a href=\"https:\/\/wp.ufpel.edu.br\/prppgi\/files\/2021\/11\/SEI_UFPel-PpgMM-Edital-de-selecao-PRPPGI.pdf\">Edital sele\u00e7\u00e3o 158-2021 &#8211; Programa de P\u00f3s-Gradua\u00e7\u00e3o em Modelagem Matem\u00e1tica &#8211; Aluno Regular (2022-1)<\/a><\/li>\n<li><a href=\"https:\/\/wp.ufpel.edu.br\/prppgi\/files\/2021\/11\/Edital-de-selecao-157-2021-Programa-de-Pos-Graduacao-em-Quimica-Aluno-Regular.pdf\">Edital de sele\u00e7\u00e3o 157-2021 &#8211; Programa de P\u00f3s-Gradua\u00e7\u00e3o em Qu\u00edmica &#8211; Aluno Regular (2022-01)<\/a><\/li>\n<li><a href=\"https:\/\/wp.ufpel.edu.br\/prppgi\/files\/2021\/11\/SEI_UFPel-156-Agronomia-Edital-de-selecao-PRPPGI.pdf\">Edital de sele\u00e7\u00e3o 156-2020 &#8211; Programa de P\u00f3s-Gradua\u00e7\u00e3o em Agronomia &#8211; Aluno Regular (2022-1)<\/a><\/li>\n<li><a href=\"https:\/\/wp.ufpel.edu.br\/prppgi\/files\/2021\/11\/Edital-de-selecao-155-2021-Programa-de-Pos-Graduacao-em-Fisica-Aluno-Regular.pdf\">Edital de sele\u00e7\u00e3o 155-2021 &#8211; Programa de P\u00f3s-Gradua\u00e7\u00e3o em F\u00edsica &#8211; Aluno Regular<\/a><\/li>\n<li><a href=\"https:\/\/wp.ufpel.edu.br\/prppgi\/files\/2021\/11\/Edital-de-selecao-154-2021-Programa-de-Pos-Graduacao-em-Fitossanidade-Aluno-Regular.pdf\">Edital de sele\u00e7\u00e3o 154-2021 &#8211; Programa de P\u00f3s-Gradua\u00e7\u00e3o em Fitossanidade &#8211; Aluno Regular<\/a><\/li>\n<li><a href=\"https:\/\/wp.ufpel.edu.br\/prppgi\/files\/2021\/11\/SEI_UFPel-PPGV-2022-Edital-de-selecao-PRPPGI.pdf\">Edital de sele\u00e7\u00e3o 153-2020 &#8211; Programa de P\u00f3s-Gradua\u00e7\u00e3o em Veterin\u00e1ria &#8211; Aluno Regular (2022-1)<\/a><\/li>\n<li><a href=\"https:\/\/wp.ufpel.edu.br\/prppgi\/files\/2021\/11\/SEI_UFPel-152-enf-Edital-de-selecao-PRPPGI.pdf\">Edital de sele\u00e7\u00e3o 152-2021 &#8211; Programa de P\u00f3s-Gradua\u00e7\u00e3o em Enfermagem &#8211; Aluno Regular (2022-1)<\/a>\n<ul>\n<li><a href=\"https:\/\/wp.ufpel.edu.br\/prppgi\/files\/2021\/11\/SEI_UFPel-PPGENF-Edital-de-Retificacao-PRPPGI.pdf\">Edital de retifica\u00e7\u00e3o 31-2021 &#8211; Programa de P\u00f3s-Gradua\u00e7\u00e3o em Enfermagem\u00a0<\/a><\/li>\n<\/ul>\n<\/li>\n<li><a href=\"https:\/\/wp.ufpel.edu.br\/prppgi\/files\/2021\/11\/SEI_UFPel-151ppgcta-Edital-de-selecao-PRPPGI.pdf\">Edital de sele\u00e7\u00e3o 151-2021 &#8211; Programa de P\u00f3s-gradua\u00e7\u00e3o em Ci\u00eancia e Tecnologia de Alimentos &#8211; Aluno Regular Doutorado (2022-1)\u00a0<\/a><\/li>\n<li><a href=\"https:\/\/wp.ufpel.edu.br\/prppgi\/files\/2021\/11\/SEI_UFPel-150ppgcta-Edital-de-selecao-PRPPGI.pdf\">Edital de sele\u00e7\u00e3o 150-2021 &#8211; Programa de P\u00f3s Gradua\u00e7\u00e3o em Ci\u00eancia e tecnologia dos Alimentos &#8211; Aluno Regular mestrado (2022-1)<\/a><\/li>\n<li><a href=\"https:\/\/wp.ufpel.edu.br\/prppgi\/files\/2021\/11\/Edital-de-selecao-149-2021-Especializacao-em-Artes-presencial-01-2022-aluno-regular.pdf\">Edital de sele\u00e7\u00e3o 149-2021 &#8211; Especializa\u00e7\u00e3o em Artes presencial (01-2022) aluno regular<\/a>\n<ul>\n<li><a href=\"https:\/\/wp.ufpel.edu.br\/prppgi\/files\/2022\/02\/Edital-de-Retificacao-07-2022-Curso-de-Especializacao-em-Artes.pdf\">Edital de Retifica\u00e7\u00e3o 07-2022 &#8211; Curso de Especializa\u00e7\u00e3o em Artes presencial<\/a><\/li>\n<\/ul>\n<\/li>\n<li><a href=\"https:\/\/wp.ufpel.edu.br\/prppgi\/files\/2021\/10\/SEI_UFPel-PPGFV-2022-Edital-de-selecao-PRPPGI.pdf\">Edital de sele\u00e7\u00e3o 147-2021 &#8211; Programa de P\u00f3s-Gradua\u00e7\u00e3o em Fisiologia Vegetal &#8211; Aluno Regular (2022-1)<\/a><\/li>\n<li><a href=\"https:\/\/wp.ufpel.edu.br\/prppgi\/files\/2021\/10\/SEI_UFPel-148-Edital-de-selecao-PRPPGI.pdf\">Edital de sele\u00e7\u00e3o 148-2021- Programa de P\u00f3s-Gradua\u00e7\u00e3o em Arquitetura e Urbanismo- Aluno Regular (2022-1)<\/a>\n<ul>\n<li><a href=\"https:\/\/wp.ufpel.edu.br\/prppgi\/files\/2021\/10\/SEI_UFPel-30-Prograu-Edital-de-Retificacao-PRPPGI.pdf\">Edital de Retifica\u00e7\u00e3o 30-2021 &#8211; Programa de P\u00f3s-Gradua\u00e7\u00e3o em Arquitetura e Urbanismo<\/a><\/li>\n<\/ul>\n<\/li>\n<li><a href=\"https:\/\/wp.ufpel.edu.br\/prppgi\/files\/2021\/10\/SEI_UFPel-ppgemat-Edital-de-selecao-PRPPGI.pdf\">Edital de sele\u00e7\u00e3o 145-2021 &#8211; Programa de P\u00f3s-Gradua\u00e7\u00e3o em Educa\u00e7\u00e3o Matem\u00e1tica &#8211; Aluno Regular (2022-1)<\/a><\/li>\n<li><a href=\"https:\/\/wp.ufpel.edu.br\/prppgi\/files\/2021\/10\/SEI_UFPel-dtsa-Edital-de-selecao-PRPPGI.pdf\">Edital de sele\u00e7\u00e3o 144-2021 &#8211; Programa de P\u00f3s-Gradua\u00e7\u00e3o em Desenvolvimento Territorial e Sistemas Agroindustriais &#8211; Aluno Regular Mestrado (2022-1)<\/a>\n<ul>\n<li><a href=\"https:\/\/wp.ufpel.edu.br\/prppgi\/files\/2021\/11\/SEI_UFPel-ppgdtsa-Edital-de-Retificacao-PRPPGI.pdf\">Edital de retifica\u00e7\u00e3o 32-2021 &#8211; Programa de P\u00f3s-Gradua\u00e7\u00e3o em Desenvolvimento Territorial e Sistemas Agroindustriais<\/a><\/li>\n<\/ul>\n<\/li>\n<li><a href=\"https:\/\/wp.ufpel.edu.br\/prppgi\/files\/2021\/10\/SEI_UFPel-PPGRH-Edital-de-selecao-PRPPGI.pdf\">Edital de sele\u00e7\u00e3o 142-2021 &#8211; Programa de P\u00f3s-Gradua\u00e7\u00e3o em Recursos H\u00eddricos &#8211; Aluno Regular (2022-1)<\/a>\n<ul>\n<li><a href=\"https:\/\/wp.ufpel.edu.br\/prppgi\/files\/2021\/10\/SEI_UFPel-Ret-142-28-Edital-de-Retificacao-PRPPGI.pdf\">Edital de Retifica\u00e7\u00e3o 28-2021 &#8211; Programa de P\u00f3s-Gradua\u00e7\u00e3o em Recursos H\u00eddricos<\/a><\/li>\n<\/ul>\n<\/li>\n<li><a href=\"https:\/\/wp.ufpel.edu.br\/prppgi\/files\/2021\/09\/SEI_UFPel-ODONTO-Edital-de-selecao-PRPPGI.pdf\">Edital de sele\u00e7\u00e3o 140-2021 &#8211; Programa de P\u00f3s-Gradua\u00e7\u00e3o em Odontologia &#8211; Aluno Regular Doutorado (2021-1)<\/a><\/li>\n<li><a href=\"https:\/\/wp.ufpel.edu.br\/prppgi\/files\/2021\/09\/SEI_UFPel-Biotecnologia-Edital-de-selecao-PRPPGI.pdf\">Edital de sele\u00e7\u00e3o 139-2021 &#8211; Programa de P\u00f3s-Gradua\u00e7\u00e3o em Biotecnologia &#8211; Aluno Regular (2022-1)<\/a>\n<ul>\n<li><a href=\"https:\/\/wp.ufpel.edu.br\/prppgi\/files\/2021\/10\/SEI_UFPel-Ret-Biotec-Edital-de-Retificacao-PRPPGI.pdf\">Edital de Retifica\u00e7\u00e3o 29-2021 Programa de P\u00f3s-gradua\u00e7\u00e3o em Biotecnologia<\/a><\/li>\n<\/ul>\n<\/li>\n<li><a href=\"https:\/\/wp.ufpel.edu.br\/prppgi\/files\/2021\/09\/SEI_UFPel-Zootecnia-Edital-de-selecao-PRPPGI.pdf\">Edital de sele\u00e7\u00e3o 137-2021 &#8211; Programa de P\u00f3s-Gradua\u00e7\u00e3o em Zootecnia &#8211; Aluno Regular Mestrado e Doutorado (2022-1)<\/a><\/li>\n<li><a href=\"https:\/\/wp.ufpel.edu.br\/prppgi\/files\/2021\/09\/SEI_UFPel-MACSA-Edital-de-selecao-PRPPGI.pdf\">Edital de sele\u00e7\u00e3o 138-2021 &#8211; Programa de P\u00f3s-Gradua\u00e7\u00e3o em Manejo e Conserva\u00e7\u00e3o do Solo e da \u00c1gua &#8211; Aluno Regular (2022-1)<\/a><\/li>\n<li><a href=\"https:\/\/wp.ufpel.edu.br\/prppgi\/files\/2021\/09\/SEI_UFPel-COREME-Edital-de-selecao-PRPPGI.pdf\">Edital de sele\u00e7\u00e3o 136-2021 &#8211; Comiss\u00e3o de Resid\u00eancia M\u00e9dica &#8211; Resid\u00eancia M\u00e9dica (2022)<\/a><\/li>\n<li><a href=\"https:\/\/wp.ufpel.edu.br\/prppgi\/files\/2021\/09\/SEI_UFPel-PPGSPAF-Edital-de-selecao-PRPPGI.pdf\">Edital de sele\u00e7\u00e3o 135 &#8211; Programa de P\u00f3s-Gradua\u00e7\u00e3o em Sistemas de Produ\u00e7\u00e3o Agr\u00edcola Familiar &#8211; Aluno Regular Mestrado e Doutorado (2022-1)<\/a><\/li>\n<li><a href=\"https:\/\/wp.ufpel.edu.br\/prppgi\/files\/2021\/09\/Edital-de-selecao-127-2021-Comissao-de-Residencia-Multiprofissional-aluno-regular-2022-1-inscricoes-08-09-2021.pdf\">Edital de sele\u00e7\u00e3o 127-2021 &#8211; Comiss\u00e3o de Resid\u00eancia Multiprofissional (aluno regular 2022-1) inscri\u00e7\u00f5es 08-09-2021<\/a><\/li>\n<li><a href=\"https:\/\/wp.ufpel.edu.br\/prppgi\/files\/2021\/09\/SEI_UFPel-PPGL-Edital-de-selecao-PRPPGI.pdf\">Edital de sele\u00e7\u00e3o 134-2021 Programa de P\u00f3s-Gradua\u00e7\u00e3o em Letras &#8211; Aluno Especial (2021-2)<\/a><\/li>\n<li><a href=\"https:\/\/wp.ufpel.edu.br\/prppgi\/files\/2021\/08\/SEI_UFPel-Epidemiologia-Edital-de-selecao-PRPPGI.pdf\">Edital de sele\u00e7\u00e3o 133-2021-Programa de P\u00f3s-Gradua\u00e7\u00e3o em Epidemiologia-Aluno Regular Doutorado (2022-1)<\/a>\n<ul>\n<li><a href=\"https:\/\/wp.ufpel.edu.br\/prppgi\/files\/2021\/09\/Edital-de-retificacao-26-2021-Programa-de-Pos-Graduacao-em-Epidemiologia-Aluno-Regular-2022-1.pdf\">Edital de retifica\u00e7\u00e3o 26-2021 &#8211; Programa de P\u00f3s-Gradua\u00e7\u00e3o em Epidemiologia &#8211; Aluno Regular (2022-1)<\/a><\/li>\n<\/ul>\n<\/li>\n<li><a href=\"https:\/\/wp.ufpel.edu.br\/prppgi\/files\/2021\/08\/Edital-de-selecao-132-2021-PPG-em-Fitossanidade-Aluno-Regular-Mestrado-e-Doutorado.pdf\">Edital de sele\u00e7\u00e3o 132-2021 &#8211; PPG em Fitossanidade &#8211; Aluno Regular Mestrado e Doutorado<\/a><\/li>\n<li><a href=\"https:\/\/wp.ufpel.edu.br\/prppgi\/files\/2021\/08\/Edital-de-selecao-131-2021-Programa-de-Pos-Graduacao-em-Antropologia-Disciplina-Seminario-Especial-I-Aluno-Especial-2021-2.pdf\">Edital de sele\u00e7\u00e3o 131-2021 Programa de P\u00f3s Gradua\u00e7\u00e3o em Antropologia &#8211; Disciplina Semin\u00e1rio Especial I (Aluno Especial 2021-2)<\/a><\/li>\n<li><a href=\"https:\/\/wp.ufpel.edu.br\/prppgi\/files\/2021\/08\/SEI_UFPel-129-PPGMSPC-Edital-de-selecao-PRPPGI.pdf\">Edital de sele\u00e7\u00e3o 129-2021 &#8211; <\/a><a href=\"https:\/\/wp.ufpel.edu.br\/prppgi\/files\/2021\/08\/SEI_UFPel-127-PPGMSPC-Edital-de-selecao-PRPPGI.pdf\">Programa de P\u00f3s-Gradua\u00e7\u00e3o em Mem\u00f3ria Social e Patrim\u00f4nio Cultural &#8211; Aluno Regular Doutorado (2021-1)<\/a>\n<ul>\n<li><a href=\"https:\/\/wp.ufpel.edu.br\/prppgi\/files\/2021\/08\/SEI_UFPel-25-Edital-de-Retificacao-PRPPGI.pdf\">Edital de Retifica\u00e7\u00e3o 25-2021 &#8211; <\/a><a href=\"https:\/\/wp.ufpel.edu.br\/prppgi\/files\/2021\/08\/SEI_UFPel-127-PPGMSPC-Edital-de-selecao-PRPPGI.pdf\">Programa de P\u00f3s-Gradua\u00e7\u00e3o em Mem\u00f3ria Social e Patrim\u00f4nio Cultural &#8211; Aluno Regular Doutorado (2021-1)<\/a><\/li>\n<\/ul>\n<\/li>\n<li><a href=\"https:\/\/wp.ufpel.edu.br\/prppgi\/files\/2021\/08\/SEI_UFPel-127-PPGMSPC-Edital-de-selecao-PRPPGI.pdf\">Edital de sele\u00e7\u00e3o 128-2021 &#8211; Programa de P\u00f3s-Gradua\u00e7\u00e3o em Mem\u00f3ria Social e Patrim\u00f4nio Cultural &#8211; Aluno Regular Mestrado (2021-1)<\/a>\n<ul>\n<li><a href=\"https:\/\/wp.ufpel.edu.br\/prppgi\/files\/2021\/08\/SEI_UFPel-24-Edital-de-Retificacao-PRPPGI.pdf\">Edital de Retifica\u00e7\u00e3o 24-2021 &#8211;\u00a0<\/a><a href=\"https:\/\/wp.ufpel.edu.br\/prppgi\/files\/2021\/08\/SEI_UFPel-127-PPGMSPC-Edital-de-selecao-PRPPGI.pdf\">Programa de P\u00f3s-Gradua\u00e7\u00e3o em Mem\u00f3ria Social e Patrim\u00f4nio Cultural &#8211; Aluno Regular Mestrado (2021-1)<\/a><\/li>\n<\/ul>\n<\/li>\n<li><a href=\"https:\/\/wp.ufpel.edu.br\/prppgi\/files\/2021\/08\/SEI_UFPel-PPGMPAR-Edital-de-selecao-PRPPGI.pdf\">Edital de sele\u00e7\u00e3o 130-2021 &#8211; Programa de P\u00f3s-Gradua\u00e7\u00e3o em Microbiologia e Parasitologia &#8211; Aluno Especial (2021-1)<\/a><\/li>\n<li><a href=\"https:\/\/wp.ufpel.edu.br\/prppgi\/files\/2021\/08\/SEI_UFPel-Biologia-Animal-Edital-de-selecao-PRPPGI.pdf\">Edital de sele\u00e7\u00e3o 126-2021 &#8211; Programa de P\u00f3s-Gradua\u00e7\u00e3o em Biologia Animal &#8211; Aluno Especial (2021-1)<\/a><\/li>\n<li><a href=\"https:\/\/wp.ufpel.edu.br\/prppgi\/files\/2021\/07\/Edital-de-selecao-124-2021-Mestrado-Profissional-em-Saude-da-Familia-Aluno-Regular-2022-1.pdf\">Edital de sele\u00e7\u00e3o 124-2021 &#8211; Mestrado Profissional em Sa\u00fade da Fam\u00edlia &#8211; Aluno Regular (2022-1) <\/a>\n<ul>\n<li><a href=\"https:\/\/wp.ufpel.edu.br\/prppgi\/files\/2021\/07\/Anexos-da-Selecao-de-Mestrado-Profissional-em-Saude-da-Familia.pdf\">Anexos da Sele\u00e7\u00e3o de Mestrado Profissional em Sa\u00fade da Fam\u00edlia<\/a><\/li>\n<\/ul>\n<\/li>\n<li><a href=\"https:\/\/wp.ufpel.edu.br\/prppgi\/files\/2021\/07\/Edital-de-selecao-121-2021-Programa-de-Pos-Graduacao-em-Organizacoes-e-Mercados-Aluno-Regular-2022-1.pdf\">Edital de sele\u00e7\u00e3o 121-2021 &#8211; Programa de P\u00f3s-Gradua\u00e7\u00e3o em Organiza\u00e7\u00f5es e Mercados &#8211; Aluno Regular (2022-1)<\/a><\/li>\n<li><a href=\"https:\/\/wp.ufpel.edu.br\/prppgi\/files\/2021\/07\/Edital-de-selecao-120-2021-Programa-de-Pos-Graduacao-em-Quimica-Aluno-Especial-2021-1.pdf\">Edital de sele\u00e7\u00e3o 120-2021 &#8211; Programa de P\u00f3s-Gradua\u00e7\u00e3o em Qu\u00edmica &#8211; Aluno Especial (2021-1)<\/a><\/li>\n<li><a href=\"https:\/\/wp.ufpel.edu.br\/prppgi\/files\/2021\/07\/Edital-de-selecao-123-2021-Programa-de-Pos-Graduacao-em-Enfermagem-Aluno-Especial-2021-2.pdf\">Edital de sele\u00e7\u00e3o 123-2021 Programa de P\u00f3s Gradua\u00e7\u00e3o em Enfermagem &#8211; Aluno Especial 2021-2<\/a><\/li>\n<li><a href=\"https:\/\/wp.ufpel.edu.br\/prppgi\/files\/2021\/07\/Edital-de-selecao-122-2021-Programa-de-Pos-Graduacao-em-Ciencia-e-Tecnologia-de-Alimentos-Aluno-Especial-2021-2.pdf\">Edital de sele\u00e7\u00e3o 122-2021 &#8211; Programa de P\u00f3s Gradua\u00e7\u00e3o em Ci\u00eancia e Tecnologia de Alimentos &#8211; Aluno Especial 2021-2<\/a><\/li>\n<li><a href=\"https:\/\/wp.ufpel.edu.br\/prppgi\/files\/2021\/07\/Edital-de-selecao-119-2021-Programa-de-Pos-Graduacao-em-Epidemiologia-Aluno-Especial-2021-2.pdf\">Edital de sele\u00e7\u00e3o 119-2021 Programa de P\u00f3s Gradua\u00e7\u00e3o em Epidemiologia &#8211; Aluno Especial 2021-2<\/a><\/li>\n<li><a href=\"https:\/\/wp.ufpel.edu.br\/prppgi\/files\/2021\/07\/Edital-de-selecao-118-2021-Programa-de-Pos-Graduacao-em-Filosofia-Aluno-Especial-2022-1.pdf\">Edital de sele\u00e7\u00e3o 118-2021 &#8211; Programa de P\u00f3s-Gradua\u00e7\u00e3o em Filosofia &#8211; Aluno Especial (2022-1)<\/a><\/li>\n<li><a href=\"https:\/\/wp.ufpel.edu.br\/prppgi\/files\/2021\/07\/Edital-de-selecao-117-2021-Programa-de-Pos-Graduacao-em-Enfermagem-Aluno-Regular-Doutorado-2022-1.pdf\">Edital de sele\u00e7\u00e3o 117-2021 &#8211; Programa de P\u00f3s-Gradua\u00e7\u00e3o em Enfermagem &#8211; Aluno Regular Doutorado (2022-1)<\/a><\/li>\n<li><a href=\"https:\/\/wp.ufpel.edu.br\/prppgi\/files\/2021\/07\/Edital-de-selecao-113-2021-Programa-de-Pos-Graduacao-em-Bioquimica-e-Bioprospeccao-Aluno-Especial-2022-1.pdf\">Edital de sele\u00e7\u00e3o 113-2021 &#8211; Programa de P\u00f3s-Gradua\u00e7\u00e3o em Bioqu\u00edmica e Bioprospec\u00e7\u00e3o &#8211; Aluno Especial (2022-1)<\/a><\/li>\n<li><a href=\"https:\/\/wp.ufpel.edu.br\/prppgi\/files\/2021\/07\/Edital-de-selecao-111-2021-Programa-de-Pos-Graduacao-em-Quimica-Aluno-Regular-Mestrado-e-Doutorado-2022-1.pdf\">Edital de sele\u00e7\u00e3o 111-2021 &#8211; Programa de P\u00f3s-Gradua\u00e7\u00e3o em Qu\u00edmica &#8211; Aluno Regular Mestrado e Doutorado (2022-1)<\/a>\n<ul>\n<li><a href=\"https:\/\/wp.ufpel.edu.br\/prppgi\/files\/2021\/07\/Edital-de-retificacao-20-2021-Programa-de-Pos-Graduacao-em-Quimica-Aluno-Regular-2021-2.pdf\">Edital de retifica\u00e7\u00e3o 20-2021 &#8211; Programa de P\u00f3s-Gradua\u00e7\u00e3o em Qu\u00edmica &#8211; Aluno Regular (2021-2)<\/a><\/li>\n<\/ul>\n<\/li>\n<li><a href=\"https:\/\/wp.ufpel.edu.br\/prppgi\/files\/2021\/07\/Edital-de-selecao-110-2021-Programa-de-Pos-Graduacao-em-Educacao-Fisica-Aluno-Especial-2022-1.pdf\">Edital de sele\u00e7\u00e3o 110-2021 &#8211; Programa de P\u00f3s-Gradua\u00e7\u00e3o em Educa\u00e7\u00e3o F\u00edsica &#8211; Aluno Especial (2022-1)<\/a><\/li>\n<li><a href=\"https:\/\/wp.ufpel.edu.br\/prppgi\/files\/2021\/07\/Edital-de-selecao-116-2021-Programa-de-Pos-Graduacao-em-Manejo-e-Conservacao-do-Solo-e-da-Agua-Aluno-Especial-2021-2.pdf\">Edital de sele\u00e7\u00e3o 116-2021 Programa de P\u00f3s Gradua\u00e7\u00e3o em Manejo e Conserva\u00e7\u00e3o do Solo e da \u00c1gua &#8211; Aluno Especial 2021-2<\/a><\/li>\n<li><a href=\"https:\/\/wp.ufpel.edu.br\/prppgi\/files\/2021\/07\/Edital-de-selecao-115-2021-Programa-de-Pos-Graduacao-em-Arquitetura-e-Urbanismo-Aluno-Especial-2021-2.pdf\">Edital de sele\u00e7\u00e3o 115-2021 Programa de P\u00f3s Gradua\u00e7\u00e3o em Arquitetura e Urbanismo &#8211; Aluno Especial 2021-2<\/a><\/li>\n<li><a href=\"https:\/\/wp.ufpel.edu.br\/prppgi\/files\/2021\/07\/Edital-de-selecao-114-2021-Programa-de-Pos-Graduacao-em-Ciencia-e-Engenharia-de-Materiais-Aluno-especial-2021-2.pdf\">Edital de sele\u00e7\u00e3o 114-2021 Programa de P\u00f3s Gradua\u00e7\u00e3o em Ci\u00eancia e Engenharia de Materiais &#8211; Aluno especial 2021-2<\/a><\/li>\n<li><a href=\"https:\/\/wp.ufpel.edu.br\/prppgi\/files\/2021\/07\/Edital-de-selecao-112-2021-Programa-de-Pos-Graduacao-em-Direito-Aluno-Regular-2022-1.pdf\">Edital de sele\u00e7\u00e3o 112-2021 &#8211; Programa de P\u00f3s-Gradua\u00e7\u00e3o em Direito &#8211; Aluno Regular (2022-1)<\/a><\/li>\n<li><a href=\"https:\/\/wp.ufpel.edu.br\/prppgi\/files\/2021\/07\/Edital-de-selecao-109-2021-Programa-de-Pos-Graduacao-em-Memoria-Social-e-Patrimonio-Cultural-Aluno-Especial-2021-2.pdf\">Edital de sele\u00e7\u00e3o 109-2021 Programa de P\u00f3s Gradua\u00e7\u00e3o em Mem\u00f3ria Social e Patrim\u00f4nio Cultural &#8211; Aluno Especial 2021-2<\/a><\/li>\n<li><a href=\"https:\/\/wp.ufpel.edu.br\/prppgi\/files\/2021\/07\/Edital-de-selecao-108-2021-Programa-de-Pos-Graduacao-em-Geografia-Aluno-Especial-2021-2.pdf\">Edital de sele\u00e7\u00e3o 108-2021 Programa de P\u00f3s Gradua\u00e7\u00e3o em Geografia &#8211; Aluno Especial 2021-2<\/a><\/li>\n<li><a href=\"https:\/\/wp.ufpel.edu.br\/prppgi\/files\/2021\/07\/Edital-de-selecao-106-2021-Programa-de-Pos-Graduacao-em-Odontologia-Aluno-Especial-2021-2.pdf\">Edital de sele\u00e7\u00e3o 106-2021 &#8211; Programa de P\u00f3s-Gradua\u00e7\u00e3o em Odontologia &#8211; Aluno Especial (2021-2)<\/a><\/li>\n<li><a href=\"https:\/\/wp.ufpel.edu.br\/prppgi\/files\/2021\/07\/Edital-de-selecao-107-2021-Programa-de-Pos-Graduacao-em-Educacao-Matematica-Aluno-Especial.pdf\">Edital de sele\u00e7\u00e3o 107-2021 Programa de P\u00f3s Gradua\u00e7\u00e3o em Educa\u00e7\u00e3o Matem\u00e1tica &#8211; Aluno Especial<\/a><\/li>\n<li><a href=\"https:\/\/wp.ufpel.edu.br\/prppgi\/files\/2021\/07\/Edital-de-selecao-105-2021-Programa-de-Pos-Graduacao-em-Antropologia-Aluno-especial-2021-2.pdf\">Edital de sele\u00e7\u00e3o 105-2021 Programa de P\u00f3s Gradua\u00e7\u00e3o em Antropologia &#8211; Aluno especial 2021-2<\/a><\/li>\n<li><a href=\"https:\/\/wp.ufpel.edu.br\/prppgi\/files\/2021\/07\/Edital-de-selecao-104-2021-Programa-de-Pos-Graduacao-em-Desenvolvimento-Territorial-e-Sistemas-Agroindustriais-Aluno-especial-2021-2.pdf\">Edital de sele\u00e7\u00e3o 104-2021 Programa de P\u00f3s-Gradua\u00e7\u00e3o em Desenvolvimento Territorial e Sistemas Agroindustriais &#8211; Aluno especial 2021-2<\/a><\/li>\n<li><a href=\"https:\/\/wp.ufpel.edu.br\/prppgi\/files\/2021\/07\/Edital-de-selecao-103-2021-Programa-de-Pos-Graduacao-em-Artes-Aluno-Especial-2021-2.pdf\">Edital de sele\u00e7\u00e3o 103-2021 &#8211; Programa de P\u00f3s-Gradua\u00e7\u00e3o em Artes &#8211; Aluno Especial (2021-2)<\/a>\n<ul>\n<li><a href=\"https:\/\/wp.ufpel.edu.br\/prppgi\/files\/2021\/07\/Edital-de-retificacao-16-2021-Programa-de-Pos-Graduacao-em-Artes-Aluno-Especial-2021-2.pdf\">Edital de retifica\u00e7\u00e3o 16-2021 &#8211; Programa de P\u00f3s-Gradua\u00e7\u00e3o em Artes &#8211; Aluno Especial (2021-2)<\/a><\/li>\n<\/ul>\n<\/li>\n<li><a href=\"https:\/\/wp.ufpel.edu.br\/prppgi\/files\/2021\/07\/Edital-de-selecao-101-2021-Programa-de-Pos-Graduacao-em-Sistemas-de-Producao-Agricola-Familiar-Aluno-Especial-2021-2.pdf\">Edital de sele\u00e7\u00e3o 101-2021 &#8211; Programa de P\u00f3s-Gradua\u00e7\u00e3o em Sistemas de Produ\u00e7\u00e3o Agr\u00edcola Familiar &#8211; Aluno Especial (2021-2)<\/a><\/li>\n<li><a href=\"https:\/\/wp.ufpel.edu.br\/prppgi\/files\/2021\/07\/Edital-de-selecao-100-2021-Programa-de-Pos-Graduacao-em-Educacao-Aluno-Especial-2021-2.pdf\">Edital de sele\u00e7\u00e3o 100-2021 &#8211; Programa de P\u00f3s-Gradua\u00e7\u00e3o em Educa\u00e7\u00e3o &#8211; Aluno Especial (2021-2)<\/a><\/li>\n<li><a href=\"https:\/\/wp.ufpel.edu.br\/prppgi\/files\/2021\/07\/Edital-de-selecao-99-2021-Programa-de-Pos-Graduacao-em-Ciencia-Politica-Aluno-Especial-2021-2.pdf\">Edital de sele\u00e7\u00e3o 99-2021 &#8211; Programa de P\u00f3s-Gradua\u00e7\u00e3o em Ci\u00eancia Pol\u00edtica &#8211; Aluno Especial (2021-2)<\/a><\/li>\n<li><a href=\"https:\/\/wp.ufpel.edu.br\/prppgi\/files\/2021\/07\/Edital-de-selecao-102-2021-Programa-de-Pos-Graduacao-em-Veterinaria-Aluno-Especial-2021-2.pdf\">Edital de sele\u00e7\u00e3o 102-2021 &#8211; Programa de P\u00f3s-Gradua\u00e7\u00e3o em Veterin\u00e1ria &#8211; Aluno Especial (2021-2)<\/a><\/li>\n<li><a href=\"https:\/\/wp.ufpel.edu.br\/prppgi\/files\/2021\/07\/Edital-de-selecao-98-2021-Programa-de-Pos-Graduacao-em-Ciencia-e-Tecnologia-de-Alimentos-Aluno-Regular-Doutorado-2021-2.pdf\">Edital de sele\u00e7\u00e3o 98-2021 &#8211; Programa de P\u00f3s-Gradua\u00e7\u00e3o em Ci\u00eancia e Tecnologia de Alimentos &#8211; Aluno Regular Doutorado (2021-2)<\/a>\n<ul>\n<li><a href=\"https:\/\/wp.ufpel.edu.br\/prppgi\/files\/2021\/07\/Edital-de-retificacao-21-2021-Programa-de-Pos-Graduacao-em-Ciencia-e-Tecnologia-de-Alimentos-Aluno-Regular-Doutorado-2021-2.pdf\">Edital de retifica\u00e7\u00e3o 21-2021 &#8211; Programa de P\u00f3s-Gradua\u00e7\u00e3o em Ci\u00eancia e Tecnologia de Alimentos &#8211; Aluno Regular Doutorado (2021-2)<\/a><\/li>\n<\/ul>\n<\/li>\n<li><a href=\"https:\/\/wp.ufpel.edu.br\/prppgi\/files\/2021\/07\/Edital-de-selecao-97-2021-Programa-de-Pos-Graduacao-em-Letras-Aluno-Regular-Doutorado-2021-2.pdf\">Edital de sele\u00e7\u00e3o 97-2021 &#8211; Programa de P\u00f3s-Gradua\u00e7\u00e3o em Letras &#8211; Aluno Regular Doutorado (2021-2)<\/a><\/li>\n<li><a href=\"https:\/\/wp.ufpel.edu.br\/prppgi\/files\/2021\/07\/Edital-de-selecao-96-2021-Programa-de-Pos-Graduacao-em-Letras-Aluno-Regular-Mestrado-2021-2.pdf\">Edital de sele\u00e7\u00e3o 96-2021 &#8211; Programa de P\u00f3s-Gradua\u00e7\u00e3o em Letras &#8211; Aluno Regular Mestrado (2021-2)<\/a><\/li>\n<li><a href=\"https:\/\/wp.ufpel.edu.br\/prppgi\/files\/2021\/06\/Edital-de-selecao-92-2021-Programa-de-Pos-Graduacao-em-Artes-Aluno-Regular-Mestrado-e-Doutorado-2021-2.pdf\">Edital de sele\u00e7\u00e3o 92-2021 &#8211; Programa de P\u00f3s-Gradua\u00e7\u00e3o em Artes Visuais &#8211; Aluno Regular Mestrado e Doutorado (2021-2)<\/a><\/li>\n<li><a href=\"https:\/\/wp.ufpel.edu.br\/prppgi\/files\/2021\/06\/Edital-de-selecao-89-2021-Programa-de-Pos-Graduacao-em-Ciencias-Ambientais-Aluno-especial-2021-2.pdf\">Edital de sele\u00e7\u00e3o 89-2021 Programa de P\u00f3s Gradua\u00e7\u00e3o em Ci\u00eancias Ambientais &#8211; Aluno especial 2021-2<\/a><\/li>\n<li><a href=\"https:\/\/wp.ufpel.edu.br\/prppgi\/files\/2021\/06\/SEI_UFPel-PPG-Agronomia-Edital-de-selecao-PRPPGI.pdf\">Edital de sele\u00e7\u00e3o 95-2021 &#8211; Programa de P\u00f3s-Gradua\u00e7\u00e3o em Agronomia &#8211; Aluno Regular Mestrado e Doutorado (2021-2)<\/a><\/li>\n<li><a href=\"https:\/\/wp.ufpel.edu.br\/prppgi\/files\/2021\/06\/Edital-de-selecao-94-2021-Programa-de-Pos-Graduacao-em-Computacao-Aluno-Especial-2021-2.pdf\">Edital de sele\u00e7\u00e3o 94-2021 Programa de P\u00f3s Gradua\u00e7\u00e3o em Computa\u00e7\u00e3o &#8211; Aluno Especial 2021-2<\/a><\/li>\n<li><a href=\"https:\/\/wp.ufpel.edu.br\/prppgi\/files\/2021\/06\/Edital-de-selecao-93-2021-Programa-de-Pos-Graduacao-em-Ensino-de-Ciencias-e-Matematica-Aluno-Especial-2021-2.pdf\">Edital de sele\u00e7\u00e3o 93-2021 Programa de P\u00f3s Gradua\u00e7\u00e3o em Ensino de Ci\u00eancias e Matem\u00e1tica &#8211; Aluno Especial 2021-2<\/a><\/li>\n<li><a href=\"https:\/\/wp.ufpel.edu.br\/prppgi\/files\/2021\/06\/Edital-de-selecao-91-2021-Programa-de-Pos-Graduacao-em-Sociologia-Aluno-Especial-2021-2.pdf\">Edital de sele\u00e7\u00e3o 91-2021 Programa de P\u00f3s Gradua\u00e7\u00e3o em Sociologia &#8211; Aluno Especial 2021-2<\/a>\n<ul>\n<li><a href=\"https:\/\/wp.ufpel.edu.br\/prppgi\/files\/2021\/07\/Edital-de-retificacao-18-2021-Programa-de-Pos-Graduacao-em-Sociologia-Aluno-Especial-2021-2.pdf\">Edital de retifica\u00e7\u00e3o 18-2021 &#8211; Programa de P\u00f3s-Gradua\u00e7\u00e3o em Sociologia &#8211; Aluno Especial (2021-2)<\/a><\/li>\n<\/ul>\n<\/li>\n<li><a href=\"https:\/\/wp.ufpel.edu.br\/prppgi\/files\/2021\/06\/Edital-de-selecao-90-2021-Programa-de-Pos-Graduacao-em-Direito-Aluno-Especial-Mestrado-2021-2.pdf\">Edital de sele\u00e7\u00e3o 90-2021 &#8211; Programa de P\u00f3s-Gradua\u00e7\u00e3o em Direito &#8211; Aluno Especial Mestrado (2021-2)<\/a>\n<ul>\n<li><a href=\"https:\/\/wp.ufpel.edu.br\/prppgi\/files\/2021\/07\/Edital-de-retificacao-17-2021-Programa-de-Pos-Graduacao-em-Direito-Aluno-Regular-2021-2.pdf\">Edital de retifica\u00e7\u00e3o 17-2021 &#8211; Programa de P\u00f3s-Gradua\u00e7\u00e3o em Direito &#8211; Aluno Especial (2021-2)<\/a><\/li>\n<li><a href=\"https:\/\/wp.ufpel.edu.br\/prppgi\/files\/2021\/08\/Edital-de-retificacao-22-2021-Programa-de-Pos-Graduacao-em-Direito-Aluno-Especial-2021-2.pdf\">Edital de retifica\u00e7\u00e3o 22-2021 &#8211; Programa de P\u00f3s-Gradua\u00e7\u00e3o em Direito &#8211; Aluno Especial (2021-2)<\/a><\/li>\n<\/ul>\n<\/li>\n<li><a href=\"https:\/\/wp.ufpel.edu.br\/prppgi\/files\/2021\/06\/Edital-de-selecao-86-2021-Programa-de-Pos-Graduacao-em-Fisica-Aluno-Regular-Doutorado-2021-2.pdf\">Edital de sele\u00e7\u00e3o 86-2021 &#8211; Programa de P\u00f3s-Gradua\u00e7\u00e3o em F\u00edsica &#8211; Aluno Regular Doutorado (2021-2)<\/a><\/li>\n<li><a href=\"https:\/\/wp.ufpel.edu.br\/prppgi\/files\/2021\/06\/Edital-de-selecao-85-2021-Programa-de-Pos-Graduacao-em-Fisica-Aluno-Regular-Mestrado-2021-2.pdf\">Edital de sele\u00e7\u00e3o 85-2021 &#8211; Programa de P\u00f3s-Gradua\u00e7\u00e3o em F\u00edsica &#8211; Aluno Regular Mestrado (2021-2)<\/a><\/li>\n<li><a href=\"https:\/\/wp.ufpel.edu.br\/prppgi\/files\/2021\/06\/Edital-de-selecao-88-2021-Programa-de-Pos-Graduacao-Multicentrico-em-Ciencias-Fisiologicas-Aluno-Regular-Doutorado-2021-2.pdf\">Edital de sele\u00e7\u00e3o 88-2021 &#8211; Programa de P\u00f3s-Gradua\u00e7\u00e3o Multic\u00eantrico em Ci\u00eancias Fisiol\u00f3gicas &#8211; Aluno Regular Doutorado (2021-2) <\/a><a href=\"https:\/\/wp.ufpel.edu.br\/prppgi\/files\/2021\/06\/ANEXOS.pdf\">ANEXOS<\/a><\/li>\n<li><a href=\"https:\/\/wp.ufpel.edu.br\/prppgi\/files\/2021\/06\/Edital-de-selecao-87-2021-Programa-de-Pos-Graduacao-Multicentrico-em-Ciencias-Fisiologicas-Aluno-Regular-Mestrado-2021-2.pdf\">Edital de sele\u00e7\u00e3o 87-2021 &#8211; Programa de P\u00f3s-Gradua\u00e7\u00e3o Multic\u00eantrico em Ci\u00eancias Fisiol\u00f3gicas &#8211; Aluno Regular Mestrado (2021-2) <\/a><a href=\"https:\/\/wp.ufpel.edu.br\/prppgi\/files\/2021\/06\/ANEXOS.pdf\">ANEXOS<\/a><\/li>\n<li><a href=\"https:\/\/wp.ufpel.edu.br\/prppgi\/files\/2021\/06\/SEI_UFPel-Zootecnia-MD-Edital-de-selecao-PRPPGI.pdf\">Edital de sele\u00e7\u00e3o &#8211; 84-2021 &#8211; Programa de P\u00f3s-Gradua\u00e7\u00e3o em Zootecnia &#8211; Aluno Regular Mestrado e Doutorado (2021-2)<\/a><\/li>\n<li><a href=\"https:\/\/wp.ufpel.edu.br\/prppgi\/files\/2021\/06\/SEI_UFPel-Extra-MACSA-Edital-de-selecao-PRPPGI.pdf\">Edital de sele\u00e7\u00e3o 82-2021 &#8211; Programa de P\u00f3s-Gradua\u00e7\u00e3o em Manejo e Conserva\u00e7\u00e3o do Solo e da \u00c1gua &#8211; Chamada Extra &#8211; Aluno Regular (2021-2)<\/a><\/li>\n<li><a href=\"https:\/\/wp.ufpel.edu.br\/prppgi\/files\/2021\/06\/SEI_UFPel-Doutorado-ppgcem-Edital-de-selecao-PRPPGI.pdf\">Edital de sele\u00e7\u00e3o 81-2021 &#8211; Programa de P\u00f3s-gradua\u00e7\u00e3o em Ci\u00eancia e Engenharia de Materiais &#8211; Aluno Regular Doutorado (2021-2)<\/a>\n<ul>\n<li><a href=\"https:\/\/wp.ufpel.edu.br\/prppgi\/files\/2021\/07\/Edital-de-retificacao-19-2021-Programa-de-Pos-Graduacao-em-Ciencia-e-Engenharia-de-Materiais-Aluno-Regular-Doutorado-2021-2.pdf\">Edital de retifica\u00e7\u00e3o 19-2021 &#8211; Programa de P\u00f3s-Gradua\u00e7\u00e3o em Ci\u00eancia e Engenharia de Materiais &#8211; Aluno Regular Doutorado (2021-2)<\/a><\/li>\n<\/ul>\n<\/li>\n<li><a href=\"https:\/\/wp.ufpel.edu.br\/prppgi\/files\/2021\/06\/SEI_UFPel-Mest-ppgcem-Edital-de-selecao-PRPPGI.pdf\">Edital de sele\u00e7\u00e3o 80-2021 &#8211; Programa de P\u00f3s-gradua\u00e7\u00e3o em Ci\u00eancia e Engenharia de Materiais &#8211; Aluno Regular Mestrado (2021-2)<\/a>\n<ul>\n<li><a href=\"https:\/\/wp.ufpel.edu.br\/prppgi\/files\/2021\/06\/SEI_UFPel-Mest-ppgcem-Edital-de-selecao-PRPPGI-1.pdf\">Edital de Retifica\u00e7\u00e3o 15-2021 &#8211; Programa de P\u00f3s-Gradua\u00e7\u00e3o em Ci\u00eancia e Engenharia de Materiais<\/a><\/li>\n<\/ul>\n<\/li>\n<li><a href=\"https:\/\/wp.ufpel.edu.br\/prppgi\/files\/2021\/06\/Edital-de-selecao-77-2021-Programa-de-Pos-Graduacao-em-Fisiologia-Vegetal-Aluno-Regular-2021-2.pdf\">Edital de sele\u00e7\u00e3o 77-2021 &#8211; Programa de P\u00f3s-Gradua\u00e7\u00e3o em Fisiologia Vegetal &#8211; Aluno Regular (2021-2)<\/a><\/li>\n<li><a href=\"https:\/\/wp.ufpel.edu.br\/prppgi\/files\/2021\/06\/Edital-de-selecao-79-2021-Programa-de-Pos-Graduacao-em-Nutricao-e-Alimentos-Aluno-Regular-Mestrado-2021-2.pdf\">Edital de sele\u00e7\u00e3o 79-2021 &#8211; Programa de P\u00f3s-Gradua\u00e7\u00e3o em Nutri\u00e7\u00e3o e Alimentos &#8211; Aluno Regular Mestrado (2021-2)<\/a><\/li>\n<li><a href=\"https:\/\/wp.ufpel.edu.br\/prppgi\/files\/2021\/06\/SEI_UFPel-Meteorologia-2021-2-Edital-de-selecao-PRPPGI.pdf\">Edital de sele\u00e7\u00e3o 78-2021 &#8211; Programa de P\u00f3s-Gradua\u00e7\u00e3o em Meteorologia &#8211; Aluno Regular Mestrado (2021-2)<\/a><\/li>\n<li><a href=\"https:\/\/wp.ufpel.edu.br\/prppgi\/files\/2021\/06\/SEI_UFPel-recursos-hudricos-Edital-de-selecao-PRPPGI.pdf\">Edital de sele\u00e7\u00e3o 76-2021 &#8211; Programa de P\u00f3s-Gradua\u00e7\u00e3o em Recursos H\u00eddricos &#8211; Aluno Regular (2021-2)<\/a><\/li>\n<li><a href=\"https:\/\/wp.ufpel.edu.br\/prppgi\/files\/2021\/06\/SEI_UFPel-Doutorado-2021-2-Edital-de-selecao-PRPPGI.pdf\">Edital de sele\u00e7\u00e3o 73-2021 &#8211; Programa de P\u00f3s-Gradua\u00e7\u00e3o em Bioqu\u00edmica e Bioprospec\u00e7\u00e3o &#8211; Aluno Regular Doutorado (2021-2)<\/a><\/li>\n<li><a href=\"https:\/\/wp.ufpel.edu.br\/prppgi\/files\/2021\/06\/SEI_UFPel-Mestrado-2021-2-Edital-de-selecao-PRPPGI.pdf\">Edital de sele\u00e7\u00e3o 74-2021 &#8211; Programa de P\u00f3s-Gradua\u00e7\u00e3o em Bioqu\u00edmica e Bioprospec\u00e7\u00e3o &#8211; Aluno Regular Mestrado (2021-2)<\/a><\/li>\n<li><a href=\"https:\/\/wp.ufpel.edu.br\/prppgi\/files\/2021\/06\/Edital-de-selecao-75-2021-Especializacao-em-Ciencias-e-Tecnologia-de-Sementes-Convenio-APROSEMP-turma-Paraguai-2021-2.pdf\">Edital de sele\u00e7\u00e3o 75-2021 &#8211; Especializa\u00e7\u00e3o em Ci\u00eancias e Tecnologia de Sementes &#8211; Conv\u00eanio APROSEMP &#8211; turma Paraguai (2021-2)<\/a><\/li>\n<li><a href=\"https:\/\/wp.ufpel.edu.br\/prppgi\/files\/2021\/06\/Edital-de-selecao-72-2021-Especializacao-em-Ciencias-e-Tecnologia-de-Sementes-Aluno-Regular-2021-2.pdf\">Edital de sele\u00e7\u00e3o 72-2021 &#8211; Especializa\u00e7\u00e3o em Ci\u00eancias e Tecnologia de Sementes &#8211; Aluno Regular (2021-2)<\/a><\/li>\n<li><a href=\"https:\/\/wp.ufpel.edu.br\/prppgi\/files\/2021\/06\/Edital-de-selecao-71-2021-Programa-de-Pos-Graduacao-em-Ciencia-Politica-Aluno-Regular-Mestrado-2021-1.pdf\">Edital de sele\u00e7\u00e3o 71-2021 &#8211; Programa de P\u00f3s-Gradua\u00e7\u00e3o em Ci\u00eancia Pol\u00edtica &#8211; Aluno Regular Mestrado (2021-1)<\/a><\/li>\n<li><a href=\"https:\/\/wp.ufpel.edu.br\/prppgi\/files\/2021\/05\/SEI_UFPel-PPGCTS-2021-2-Edital-de-selecao-PRPPGI.pdf\">Edital de Sele\u00e7\u00e3o 70-2021 &#8211; Programa de P\u00f3s-gradua\u00e7\u00e3o em Ci\u00eancia e Tecnologia de Sementes &#8211; Aluno Regular (2021-2)<\/a><\/li>\n<li><a href=\"https:\/\/wp.ufpel.edu.br\/prppgi\/files\/2021\/05\/SEI_UFPel-ppgcamb-2021-2-Edital-de-selecao-PRPPGI.pdf\">Edital de sele\u00e7\u00e3o 69-2021 &#8211; Programa de P\u00f3s-gradua\u00e7\u00e3o em Ci\u00eancia Ambientais &#8211; Aluno Regular &#8211; (2021-2)<\/a><\/li>\n<li><a href=\"https:\/\/wp.ufpel.edu.br\/prppgi\/files\/2021\/05\/SEI_UFPel-ppgv-2021-2-Edital-de-selecao-PRPPGI.pdf\">Edital de sele\u00e7\u00e3o 67-2021 &#8211; Programa de P\u00f3s-Gradua\u00e7\u00e3o em Veterin\u00e1ria &#8211; Mestrado e Doutorado &#8211; Aluno Regular (2021-2)<\/a><\/li>\n<li><a href=\"https:\/\/wp.ufpel.edu.br\/prppgi\/files\/2021\/05\/SEI_UFPel-Esp.-CTA-Edital-de-selecao-PRPPGI.pdf\">Edital de sele\u00e7\u00e3o 66-2021 &#8211; Curso de Especializa\u00e7\u00e3o em Ci\u00eancia dos Alimentos &#8211; Aluno Regular (2021-2)<\/a><\/li>\n<li><a href=\"https:\/\/wp.ufpel.edu.br\/prppgi\/files\/2021\/05\/Edital-de-selecao-65-2021-Programa-de-Pos-Graduacao-em-Educacao-Fisica-Aluno-Regular-2021-2.pdf\">Edital de sele\u00e7\u00e3o 65-2021 &#8211; Programa de P\u00f3s-Gradua\u00e7\u00e3o em Educa\u00e7\u00e3o F\u00edsica &#8211; Aluno Regular ( 2021-2)<\/a><\/li>\n<li><a href=\"https:\/\/wp.ufpel.edu.br\/prppgi\/files\/2021\/05\/SEI_UFPel-Especial-do-CTS-Edital-de-selecao-PRPPGI.pdf\">Edital de sele\u00e7\u00e3o 60-2021 &#8211; Programa de P\u00f3s-Gradua\u00e7\u00e3o em Ci\u00eancia e Tecnologia de Sementes- Aluno Regular (2021-1)<\/a><\/li>\n<li><a href=\"https:\/\/wp.ufpel.edu.br\/prppgi\/files\/2021\/04\/Edital-de-selecao-58-2021-Programa-de-Pos-Graduacao-em-Microbiologia-e-Parasitologia-Aluno-Regular-doutorado-2021-1.pdf\">Edital de sele\u00e7\u00e3o 58-2021 &#8211; Programa de P\u00f3s-Gradua\u00e7\u00e3o em Microbiologia e Parasitologia &#8211; Aluno Regular (doutorado )<\/a>\n<ul>\n<li><a href=\"https:\/\/wp.ufpel.edu.br\/prppgi\/files\/2021\/05\/SEI_UFPel-PPGMPAR-Edital-de-Retificacao-PRPPGI.pdf\">Edital de Retifica\u00e7\u00e3o 13-2021 &#8211; Programa de P\u00f3s-Gradua\u00e7\u00e3o em Microbiologia e Parasitologia<\/a><\/li>\n<\/ul>\n<\/li>\n<li><a href=\"https:\/\/wp.ufpel.edu.br\/prppgi\/files\/2021\/04\/SEI_UFPel-Geografia-Edital-de-selecao-PRPPGI.pdf\">Edital de sele\u00e7\u00e3o 59-2021 &#8211; Programa de P\u00f3s-Gradua\u00e7\u00e3o em Geografia &#8211; Aluno Regular (2021-2)<\/a><\/li>\n<li><a href=\"https:\/\/wp.ufpel.edu.br\/prppgi\/files\/2021\/04\/SEI_UFPel-ppgspaf-Edital-de-selecao-PRPPGI.pdf\">Edital de sele\u00e7\u00e3o 57-2021 &#8211; Programa de P\u00f3s-Gradua\u00e7\u00e3o em Sistemas de Produ\u00e7\u00e3o Agr\u00edcola Familiar &#8211; Aluno regular &#8211; Chamada Extra (2021-2)<\/a><\/li>\n<li><a href=\"https:\/\/wp.ufpel.edu.br\/prppgi\/files\/2021\/04\/SEI_UFPel-Biotec-2020-2-Edital-de-selecao-PRPPGI.pdf\">Edital de sele\u00e7\u00e3o 56-2021 &#8211; Programa de P\u00f3s-Gradua\u00e7\u00e3o em Biotecnologia- Aluno Regular &#8211; Mestrado e Doutorado (2021-2)<\/a><\/li>\n<li><a href=\"https:\/\/wp.ufpel.edu.br\/prppgi\/files\/2021\/04\/SEI_UFPel-macsa-Edital-de-selecao-PRPPGI.pdf\">Edital de sele\u00e7\u00e3o 55-2021 &#8211; <\/a><a href=\"https:\/\/wp.ufpel.edu.br\/prppgi\/files\/2021\/04\/SEI_UFPel-macsa-Edital-de-selecao-PRPPGI.pdf\">Programa de P\u00f3s-Gradua\u00e7\u00e3o em Manejo e Conserva\u00e7\u00e3o do Solo e da \u00c1gua- Chamada Extra &#8211; Aluno Regular (2021-2)<\/a><\/li>\n<li><a href=\"https:\/\/wp.ufpel.edu.br\/prppgi\/files\/2021\/03\/Edital-de-selecao-54-2021-Programa-de-Pos-Graduacao-em-Educacao-Matematica-Aluno-Especial-2021-1.pdf\">Edital de sele\u00e7\u00e3o 54-2021 &#8211; Programa de P\u00f3s-Gradua\u00e7\u00e3o em Educa\u00e7\u00e3o Matem\u00e1tica &#8211; Aluno Especial (2021-1)<\/a><\/li>\n<li><a href=\"https:\/\/wp.ufpel.edu.br\/prppgi\/files\/2021\/03\/Edital-de-selecao-53-2021-Programa-de-Pos-Graduacao-em-Veterinaria-Aluno-Regular-2021-2.pdf\">Edital de sele\u00e7\u00e3o 53-2021 &#8211; Programa de P\u00f3s-Gradua\u00e7\u00e3o em Veterin\u00e1ria &#8211; Aluno Regular (2021-2) CHAMADA EXTRA\u00a0DOUTORADO &#8211; EDITAL CNPq\u00a0<b>N\u00ba 12\/2020<\/b><\/a><\/li>\n<li><a href=\"https:\/\/wp.ufpel.edu.br\/prppgi\/files\/2021\/03\/SEI_UFPel-Vagas-Remanescentes-ppgfv-Edital-de-selecao-PRPPGI.pdf\">Edital de sele\u00e7\u00e3o 52-2021 &#8211; Programa de P\u00f3s-Gradua\u00e7\u00e3o em Fisiologia Vegetal &#8211; Aluno Regular &#8211; Vagas Remanescentes (2021-1)<\/a><\/li>\n<li><a href=\"https:\/\/wp.ufpel.edu.br\/prppgi\/files\/2021\/03\/SEI_UFPel-Letras-Remanesc-Edital-de-selecao-PRPPGI.pdf\">Edital de sele\u00e7\u00e3o 51-2021 &#8211; Programa de P\u00f3s-Gradua\u00e7\u00e3o em Letras &#8211; Aluno Especial &#8211; Vagas Remanescentes (2021-1)<\/a><\/li>\n<li><a href=\"https:\/\/wp.ufpel.edu.br\/prppgi\/files\/2021\/03\/Edital-de-selecao-50-2021-Programa-de-Pos-Graduacao-em-Agronomia-Aluno-Regular-2021-1.pdf\">Edital de sele\u00e7\u00e3o 50-2021 &#8211; Programa de P\u00f3s-Gradua\u00e7\u00e3o em Agronomia &#8211; Aluno Regular (2021-1)<\/a><\/li>\n<li><a href=\"https:\/\/wp.ufpel.edu.br\/prppgi\/files\/2021\/03\/Edital-de-selecao-48-2021-Programa-de-Pos-Graduacao-em-Enfermagem-Aluno-Especial-2021-1.pdf\">Edital de sele\u00e7\u00e3o 48-2021 &#8211; Programa de P\u00f3s-Gradua\u00e7\u00e3o em Enfermagem &#8211; Aluno Especial (2021-1)<\/a><\/li>\n<li><a href=\"https:\/\/wp.ufpel.edu.br\/prppgi\/files\/2021\/03\/Edital-de-selecao-46-2021-Programa-de-Pos-Graduacao-em-Biologia-Animal-Aluno-Especial-2021-1.pdf\">Edital de sele\u00e7\u00e3o 46-2021 &#8211; Programa de P\u00f3s-Gradua\u00e7\u00e3o em Biologia Animal &#8211; Aluno Especial (2021-1)<\/a><\/li>\n<li><a href=\"https:\/\/wp.ufpel.edu.br\/prppgi\/files\/2021\/03\/Edital-de-selecao-45-2021-Programa-de-Pos-Graduacao-em-Quimica-Aluno-Regular-2021-1.pdf\">Edital de sele\u00e7\u00e3o 45-2021 &#8211; Programa de P\u00f3s-Gradua\u00e7\u00e3o em Qu\u00edmica &#8211; Aluno Regular (2021-1)<\/a><\/li>\n<li><a href=\"https:\/\/wp.ufpel.edu.br\/prppgi\/files\/2021\/03\/SEI_UFPel-CTA-Edital-de-selecao-PRPPGI.pdf\">Edital de sele\u00e7\u00e3o 47-2021 &#8211;\u00a0 Programa de P\u00f3s-Gradua\u00e7\u00e3o em Ci\u00eancia e Tecnologia de Alimentos &#8211; Aluno Especial (2021-1)<\/a>\n<ul>\n<li><a href=\"https:\/\/wp.ufpel.edu.br\/prppgi\/files\/2021\/03\/Edital-de-Retificacao-12-2021-Programa-de-Pos-Graduacao-em-Ciencia-e-Tecnologia-de-Alimentos.pdf\">Edital de Retifica\u00e7\u00e3o 12-2021 &#8211; Programa de P\u00f3s-Gradua\u00e7\u00e3o em Ci\u00eancia e Tecnologia de Alimentos<\/a><\/li>\n<\/ul>\n<\/li>\n<li><a href=\"https:\/\/wp.ufpel.edu.br\/prppgi\/files\/2021\/03\/SEI_UFPel-ppgcem-Edital-de-selecao-PRPPGI.pdf\">Edital de sele\u00e7\u00e3o 49-2021 &#8211;<\/a><a href=\"https:\/\/wp.ufpel.edu.br\/prppgi\/files\/2021\/03\/SEI_UFPel-ppgcem-Edital-de-selecao-PRPPGI.pdf\">Programa de P\u00f3s-Gradua\u00e7\u00e3o em Ci\u00eancia e Engenharia de Materiais &#8211; <\/a><a href=\"https:\/\/wp.ufpel.edu.br\/prppgi\/files\/2021\/03\/SEI_UFPel-ppgcem-Edital-de-selecao-PRPPGI.pdf\">Aluno Especial (2021-1)<\/a><\/li>\n<li><a href=\"https:\/\/wp.ufpel.edu.br\/prppgi\/files\/2021\/03\/Edital-de-selecao-44-2021-Programa-de-Pos-Graduacao-em-Microbiologia-e-Parasitologia-Aluno-Especial-2021-1.pdf\">Edital de sele\u00e7\u00e3o 44-2021 &#8211; Programa de P\u00f3s-Gradua\u00e7\u00e3o em Microbiologia e Parasitologia &#8211; Aluno Especial (2021-1)<\/a><\/li>\n<li><a href=\"https:\/\/wp.ufpel.edu.br\/prppgi\/files\/2021\/03\/Edital-de-selecao-43-2021-Programa-de-Pos-Graduacao-em-Memoria-Social-e-Patrimonio-Cultural-Mestrado-Aluno-Regular-2021-1.pdf\">Edital de sele\u00e7\u00e3o 43-2021 &#8211; Programa de P\u00f3s-Gradua\u00e7\u00e3o em Mem\u00f3ria Social e Patrim\u00f4nio Cultural &#8211; Mestrado Aluno Regular (2021-1)<\/a><\/li>\n<li><a href=\"https:\/\/wp.ufpel.edu.br\/prppgi\/files\/2021\/03\/SEI_UFPel-BIOTEC-Edital-de-selecao-PRPPGI.pdf\">Edital de sele\u00e7\u00e3o 42-2021 &#8211; Programa de P\u00f3s-Gradua\u00e7\u00e3o em Biotecnologia -Aluno Regular\u00a0 Mestrado &#8211; Projeto: Desenvolvimento de uma formula\u00e7\u00e3o de libera\u00e7\u00e3o lenta associado a um analg\u00e9sico [&#8230;] (2021-1)<\/a><\/li>\n<li><a href=\"https:\/\/wp.ufpel.edu.br\/prppgi\/files\/2021\/03\/Edital-de-selecao-41-2021-Programa-de-Pos-Graduacao-em-Nutricao-e-Alimentos-Doutorado-Aluno-Regular-2021-1.pdf\">Edital de sele\u00e7\u00e3o 41-2021 &#8211; Programa de P\u00f3s-Gradua\u00e7\u00e3o em Nutri\u00e7\u00e3o e Alimentos &#8211; Doutorado Aluno Regular (2021-1)<\/a><\/li>\n<li><a href=\"https:\/\/wp.ufpel.edu.br\/prppgi\/files\/2021\/03\/Edital-de-selecao-40-2021-Programa-de-Pos-Graduacao-em-Ciencia-e-Tecnologia-de-Alimentos-Mestrado-Aluno-Regular-2021-1.pdf\">Edital de sele\u00e7\u00e3o 40-2021 &#8211; Programa de P\u00f3s-Gradua\u00e7\u00e3o em Ci\u00eancia e Tecnologia de Alimentos &#8211; Mestrado Aluno Regular (2021-1)<\/a><\/li>\n<li><a href=\"https:\/\/wp.ufpel.edu.br\/prppgi\/files\/2021\/03\/SEI_UFPel-39-PPGCTA-Edital-de-selecao-PRPPGI.pdf\">Edital de sele\u00e7\u00e3o 39-2021 &#8211; Programa de Ci\u00eancia e Tecnologia dos Alimentos- Aluno Regular &#8211; Doutorado (2021\/1)<\/a><\/li>\n<li><a href=\"https:\/\/wp.ufpel.edu.br\/prppgi\/files\/2021\/03\/SEI_UFPel-Fisica-mestrado-Edital-de-selecao-PRPPGI.pdf\">Edital de sele\u00e7\u00e3o 38-2021 &#8211; Programa de P\u00f3s-Gradua\u00e7\u00e3o em F\u00edsica &#8211; Aluno regular- Doutorado (2021\/1)<\/a><\/li>\n<li><a href=\"https:\/\/wp.ufpel.edu.br\/prppgi\/files\/2021\/03\/SEI_UFPel-Fisica-mestrado-Edital-de-selecao-PRPPGI.pdf\">Edital de sele\u00e7\u00e3o 37-2021 &#8211; Programa de P\u00f3s-Gradua\u00e7\u00e3o em F\u00edsica &#8211; Aluno regular- Mestrado (2021\/1)<\/a><\/li>\n<li><a href=\"https:\/\/wp.ufpel.edu.br\/prppgi\/files\/2021\/03\/Edital-de-selecao-35-2021-Programa-de-Pos-Graduacao-em-Bioquimica-e-Bioprospeccao-Aluno-Regular-2021-1.pdf\">Edital de sele\u00e7\u00e3o 35-2021 &#8211; Programa de P\u00f3s-Gradua\u00e7\u00e3o em Bioqu\u00edmica e Bioprospec\u00e7\u00e3o &#8211; Aluno Regular (2021-1)<\/a><\/li>\n<li><a href=\"https:\/\/wp.ufpel.edu.br\/prppgi\/files\/2021\/03\/SEI_UFPel-CTS-2021Mest-e-Dou-Edital-de-selecao-PRPPGI.pdf\">Edital de sele\u00e7\u00e3o 36-2021 &#8211; Programa de P\u00f3s-Gradua\u00e7\u00e3o em Ci\u00eancia e Tecnologia de Sementes &#8211; Aluno Regular &#8211; Doutorado (2021-1)<\/a><\/li>\n<li><a href=\"https:\/\/wp.ufpel.edu.br\/prppgi\/files\/2021\/03\/Edital-de-selecao-34-2021-Programa-de-Pos-Graduacao-em-Ensino-de-Ciencias-e-Matematica-Aluno-Especial-2021-1.pdf\">Edital de sele\u00e7\u00e3o 34-2021 &#8211; Programa de P\u00f3s-Gradua\u00e7\u00e3o em Ensino de Ci\u00eancias e Matem\u00e1tica &#8211; Aluno Especial (2021-1)<\/a><\/li>\n<li><a href=\"https:\/\/wp.ufpel.edu.br\/prppgi\/files\/2021\/03\/Edital-de-selecao-33-2021-Programa-de-Pos-Graduacao-em-Microbiologia-e-Parasitologia-Aluno-Regular-2021-1.pdf\">Edital de sele\u00e7\u00e3o 33-2021 &#8211; Programa de P\u00f3s-Gradua\u00e7\u00e3o em Microbiologia e Parasitologia &#8211; Aluno Regular (2021-1)<\/a><\/li>\n<li><a href=\"https:\/\/wp.ufpel.edu.br\/prppgi\/files\/2021\/03\/SEI_UFPel-PPGCPOL-32-Edital-de-selecao-PRPPGI.pdf\">Edital de sele\u00e7\u00e3o 32-2021 &#8211; Programa de P\u00f3s-Gradua\u00e7\u00e3o em Ci\u00eancia Pol\u00edtica &#8211; Aluno Regular (2021\/1)<\/a><\/li>\n<li><a href=\"https:\/\/wp.ufpel.edu.br\/prppgi\/files\/2021\/03\/SEI_UFPel-ppgeo-31-Edital-de-selecao-PRPPGI.pdf\">Edital de sele\u00e7\u00e3o 31-2021 &#8211; Programa de P\u00f3s-Gradua\u00e7\u00e3o em Geografia &#8211; Aluno Regular (2021-1)<\/a><\/li>\n<li><a href=\"https:\/\/wp.ufpel.edu.br\/prppgi\/files\/2021\/03\/SEI_UFPel-PPGOM-30-Edital-de-selecao-PRPPGI.pdf\">Edital de sele\u00e7\u00e3o 30-2021 &#8211; Programa de P\u00f3s-Gradua\u00e7\u00e3o em Organiza\u00e7\u00f5es e Mercados &#8211; Aluno Regular (2021\/1)<\/a><\/li>\n<li><a href=\"https:\/\/wp.ufpel.edu.br\/prppgi\/files\/2021\/03\/Edital-de-selecao-29-2021-Programa-de-Pos-Graduacao-em-Sistema-de-Producao-Agricola-Familiar-Aluno-Especial-2021-1.pdf\">Edital de sele\u00e7\u00e3o 29-2021 &#8211; Programa de P\u00f3s-Gradua\u00e7\u00e3o em Sistema de Produ\u00e7\u00e3o Agr\u00edcola Familiar &#8211; Aluno Especial (2021-1)<\/a><\/li>\n<li><a href=\"https:\/\/wp.ufpel.edu.br\/prppgi\/files\/2021\/03\/Edital-de-selecao-28-2021-Programa-de-Pos-Graduacao-em-Fisica-Aluno-Especial-2021-1.pdf\">Edital de sele\u00e7\u00e3o 28-2021 &#8211; Programa de P\u00f3s-Gradua\u00e7\u00e3o em F\u00edsica &#8211; Aluno Especial (2021-1)<\/a><\/li>\n<li><a href=\"https:\/\/wp.ufpel.edu.br\/prppgi\/files\/2021\/03\/Edital-de-selecao-27-2021-Programa-de-Pos-Graduacao-em-Bioquimica-e-Bioprospeccao-Aluno-Especial-2021-1.pdf\">Edital de sele\u00e7\u00e3o 27-2021 &#8211; Programa de P\u00f3s-Gradua\u00e7\u00e3o em Bioqu\u00edmica e Bioprospec\u00e7\u00e3o &#8211; Aluno Especial (2021-1)<\/a><\/li>\n<li><a href=\"https:\/\/wp.ufpel.edu.br\/prppgi\/files\/2021\/02\/Edital-de-selecao-26-2021-Programa-de-Pos-Graduacao-em-Educacao-Aluno-Regular-doutorado-2021-2.pdf\">Edital de sele\u00e7\u00e3o 26-2021 &#8211; Programa de P\u00f3s-Gradua\u00e7\u00e3o em Educa\u00e7\u00e3o &#8211; Aluno Regular (doutorado 2021-2)<\/a><\/li>\n<li><a href=\"https:\/\/wp.ufpel.edu.br\/prppgi\/files\/2021\/02\/Edital-de-selecao-25-2021-Programa-de-Pos-Graduacao-em-Educacao-Aluno-Regular-mestrado-2021-2.pdf\">Edital de sele\u00e7\u00e3o 25-2021 &#8211; Programa de P\u00f3s-Gradua\u00e7\u00e3o em Educa\u00e7\u00e3o &#8211; Aluno Regular (mestrado 2021-2)<\/a><\/li>\n<li><a href=\"https:\/\/wp.ufpel.edu.br\/prppgi\/files\/2021\/02\/Edital-de-selecao-24-2021-Programa-de-Pos-Graduacao-em-Memoria-Social-e-Patrimonio-Cultural-Aluno-Especial-2021-1.pdf\">Edital de sele\u00e7\u00e3o 24-2021 &#8211; Programa de P\u00f3s-Gradua\u00e7\u00e3o em Mem\u00f3ria Social e Patrim\u00f4nio Cultural &#8211; Aluno Especial (2021-1)<\/a><\/li>\n<li><a href=\"https:\/\/wp.ufpel.edu.br\/prppgi\/files\/2021\/02\/Edital-de-selecao-23-2021-Programa-de-Pos-Graduacao-em-Odontologia-Aluno-Especial-2021-1.pdf\">Edital de sele\u00e7\u00e3o 23-2021 &#8211; Programa de P\u00f3s-Gradua\u00e7\u00e3o em Odontologia &#8211; Aluno Especial (2021-1)<\/a><\/li>\n<li><a href=\"https:\/\/wp.ufpel.edu.br\/prppgi\/files\/2021\/02\/Edital-de-selecao-22-2021-Programa-de-Pos-Graduacao-em-Arquitetura-e-Urbanismo-Aluno-Especial-2021-1.pdf\">Edital de sele\u00e7\u00e3o 22-2021- Programa de P\u00f3s-Gradua\u00e7\u00e3o em Arquitetura e Urbanismo &#8211; Aluno Especial (2021-1)<\/a>\n<ul>\n<li><a href=\"https:\/\/wp.ufpel.edu.br\/prppgi\/files\/2021\/03\/SEI_UFPel-retificacao-11-2021-22-Edital-de-Retificacao-PRPPGI.pdf\">Edital de Retifica\u00e7\u00e3o 11-2021 &#8211; <\/a><a href=\"https:\/\/wp.ufpel.edu.br\/prppgi\/files\/2021\/02\/Edital-de-selecao-22-2021-Programa-de-Pos-Graduacao-em-Arquitetura-e-Urbanismo-Aluno-Especial-2021-1.pdf\">Programa de P\u00f3s-Gradua\u00e7\u00e3o em Arquitetura e Urbanismo &#8211; Aluno Especial (2021-1)<\/a><\/li>\n<\/ul>\n<\/li>\n<li><a href=\"https:\/\/wp.ufpel.edu.br\/prppgi\/files\/2021\/02\/Edital-de-selecao-21-2021-Programa-de-Pos-Graduacao-em-Letras-aluno-especial-01-2021.pdf\">Edital de sele\u00e7\u00e3o 21-2021 &#8211; Programa de P\u00f3s-Gradua\u00e7\u00e3o em Letras (aluno especial 01-2021)<\/a><\/li>\n<li><a href=\"https:\/\/wp.ufpel.edu.br\/prppgi\/files\/2021\/02\/SEI_UFPel-PPGE-Especial-Edital-de-selecao-PRPPGI.pdf\">Edital de sele\u00e7\u00e3o 20-2021 &#8211; Programa de P\u00f3s-Gradua\u00e7\u00e3o em Educa\u00e7\u00e3o &#8211; Aluno Especial (2021-01)<\/a>\n<ul>\n<li><a href=\"https:\/\/wp.ufpel.edu.br\/prppgi\/files\/2021\/03\/Edital-de-Retificacao-09-2021-Programa-de-Pos-Graduacao-em-Educacao-Aluno-Especial.pdf\">Edital de Retifica\u00e7\u00e3o 09-2021 &#8211; Programa de P\u00f3s-Gradua\u00e7\u00e3o em Educa\u00e7\u00e3o &#8211; Aluno Especial<\/a><\/li>\n<\/ul>\n<\/li>\n<li><a href=\"https:\/\/wp.ufpel.edu.br\/prppgi\/files\/2021\/02\/Edital-de-selecao-19-2021-Programa-de-Pos-Graduacao-em-Antropologia-aluno-especial-01-2021.pdf\">Edital de sele\u00e7\u00e3o 19-2021 &#8211; Programa de P\u00f3s-Gradua\u00e7\u00e3o em Antropologia (aluno especial 01-2021)<\/a><\/li>\n<li><a href=\"https:\/\/wp.ufpel.edu.br\/prppgi\/files\/2021\/02\/Edital-de-selecao-18-2021-Programa-de-Pos-Graduacao-em-Quimica-aluno-regular-01-2021.pdf\">Edital de sele\u00e7\u00e3o 18-2021 &#8211; Programa de P\u00f3s-Gradua\u00e7\u00e3o em Qu\u00edmica (aluno regular 01-2021)<\/a><\/li>\n<li><a href=\"https:\/\/wp.ufpel.edu.br\/prppgi\/files\/2021\/02\/Edital-de-selecao-17-2021.pdf\">Edital de sele\u00e7\u00e3o 17-2021 Programa de P\u00f3s-Gradua\u00e7\u00e3o em Arquitetura e Urbanismo &#8211; Projeto Confort\u00edmetro KLIMMA (aluno regular mestrado 2021\/1)<\/a>\n<ul>\n<li><a href=\"https:\/\/wp.ufpel.edu.br\/prppgi\/files\/2021\/03\/Edital-de-Retificacao-10-2021-Programa-de-Pos-Graduacao-em-Arquitetura-e-Urbanismo.pdf\">Edital de Retifica\u00e7\u00e3o 10-2021 &#8211; Programa de P\u00f3s-Gradua\u00e7\u00e3o em Arquitetura e Urbanismo<\/a><\/li>\n<\/ul>\n<\/li>\n<li><a href=\"https:\/\/wp.ufpel.edu.br\/prppgi\/files\/2021\/02\/Edital-de-selecao-16-2021-Programa-de-Pos-Graduacao-em-Veterinaria-Aluno-Especial-2021-01.pdf\">Edital de sele\u00e7\u00e3o 16-2021 &#8211; Programa de P\u00f3s-Gradua\u00e7\u00e3o em Veterin\u00e1ria &#8211; Aluno Especial (2021-01)<\/a><\/li>\n<li><a href=\"https:\/\/wp.ufpel.edu.br\/prppgi\/files\/2021\/01\/SEI_UFPel-Aluno-Especial-PPGC-Edital-de-selecao-PRPPGI.pdf\">Edital de sele\u00e7\u00e3o 15-2021 &#8211; Programa de P\u00f3s-Gradua\u00e7\u00e3o em Computa\u00e7\u00e3o &#8211; Aluno Especial (2021-01)<\/a><\/li>\n<li><a href=\"https:\/\/wp.ufpel.edu.br\/prppgi\/files\/2021\/01\/Edital-de-selecao-14-2021-Programa-de-Pos-Graduacao-em-Direito-Aluno-Especial-2021-01.pdf\">Edital de sele\u00e7\u00e3o 14-2021 &#8211; Programa de P\u00f3s-Gradua\u00e7\u00e3o em Direito &#8211; Aluno Especial (2021-01)<\/a><\/li>\n<li><a href=\"https:\/\/wp.ufpel.edu.br\/prppgi\/files\/2021\/01\/Edital-de-selecao-13-2021-Programa-de-Pos-Graduacao-em-Artes-Visuais-Aluno-Especial-2021-01.pdf\">Edital de sele\u00e7\u00e3o 13-2021 &#8211; Programa de P\u00f3s-Gradua\u00e7\u00e3o em Artes Visuais &#8211; Aluno Especial (2021-01)<\/a><\/li>\n<li><a href=\"https:\/\/wp.ufpel.edu.br\/prppgi\/files\/2021\/01\/SEI_UFPel-PPGS-ALUNO-ESPECIAL-Edital-de-selecao-PRPPGI.pdf\">Edital de sele\u00e7\u00e3o 12-2021 &#8211; Programa de P\u00f3s-Gradua\u00e7\u00e3o em Sociologia &#8211; Aluno Especial (2021-01)<\/a><\/li>\n<li><a href=\"https:\/\/wp.ufpel.edu.br\/prppgi\/files\/2021\/01\/Edital-de-selecao-10-2021-Programa-de-Pos-Graduacao-em-Educacao-Matematica-Aluno-Especial-2021-01.pdf\">Edital de sele\u00e7\u00e3o 10-2021 &#8211; Programa de P\u00f3s-Gradua\u00e7\u00e3o em Educa\u00e7\u00e3o Matem\u00e1tica &#8211; Aluno Especial (2021-01)<\/a><\/li>\n<li><a href=\"https:\/\/wp.ufpel.edu.br\/prppgi\/files\/2021\/01\/Edital-de-selecao-09-2021-Programa-de-Pos-Graduacao-em-Desenvolvimento-Territorial-e-Sistemas-Agroindustriais-Aluno-Regular-2021-01.pdf\">Edital de sele\u00e7\u00e3o 09-2021 &#8211; Programa de P\u00f3s-Gradua\u00e7\u00e3o em Desenvolvimento Territorial e Sistemas Agroindustriais &#8211; Aluno Regular (2021-01)<\/a><\/li>\n<li><a href=\"https:\/\/wp.ufpel.edu.br\/prppgi\/files\/2021\/01\/Edital-de-selecao-07-2021-Programa-de-Pos-Graduacao-em-Ciencias-Ambientais-Aluno-Especial-2021-01.pdf\">Edital de sele\u00e7\u00e3o 07-2021 &#8211; Programa de P\u00f3s-Gradua\u00e7\u00e3o em Ci\u00eancias Ambientais &#8211; Aluno Especial (2021-01)<\/a><\/li>\n<li><a href=\"https:\/\/wp.ufpel.edu.br\/prppgi\/files\/2021\/01\/SEI_UFPel-PROGRAU-ESP.-06-2021-Edital-de-selecao-PRPPGI.pdf\">Edital de sele\u00e7\u00e3o 06-2021 &#8211; Programa de P\u00f3s-Gradua\u00e7\u00e3o em Arquitetura e Urbanismo &#8211; Aluno Regular &#8211; Mestrado &#8211; Projeto Confort\u00edmetro KLIMMA (2021-01)\u00a0\u00a0<\/a><\/li>\n<li><a href=\"https:\/\/wp.ufpel.edu.br\/prppgi\/files\/2021\/01\/Edital-de-selecao-08-2021-Programa-de-Pos-Graduacao-em-Ciencia-Politica-Doutorado-aluno-regular-2021-01.pdf\">Edital de sele\u00e7\u00e3o 08-2021 &#8211; Programa de P\u00f3s-Gradua\u00e7\u00e3o em Ci\u00eancia Pol\u00edtica &#8211; Doutorado aluno regular (2021-01)<\/a><\/li>\n<li>\u00a0<a href=\"https:\/\/wp.ufpel.edu.br\/prppgi\/files\/2021\/01\/Edital-de-selecao-04-2021-Programa-de-Pos-Graduacao-em-Ensino-de-Ciencias-e-Matematica-2021-01.pdf\">Edital de sele\u00e7\u00e3o 04-2021 &#8211; Programa de P\u00f3s-Gradua\u00e7\u00e3o em Ensino de Ci\u00eancias e Matem\u00e1tica (2021-01)<\/a><\/li>\n<li><a href=\"https:\/\/wp.ufpel.edu.br\/prppgi\/files\/2021\/01\/Edital-de-selecao-03-2021-Especializacao-em-Educacao-2021-01.pdf\">Edital de sele\u00e7\u00e3o 03-2021 &#8211; Especializa\u00e7\u00e3o em Educa\u00e7\u00e3o (2021-01)<\/a>\n<ul>\n<li><a href=\"https:\/\/wp.ufpel.edu.br\/prppgi\/files\/2021\/01\/Edital-de-Retificacao-03-2021-Especializacao-em-Educacao-2021-01.pdf\">Edital de Retifica\u00e7\u00e3o 03-2021 &#8211; Especializa\u00e7\u00e3o em Educa\u00e7\u00e3o (2021-01)<\/a><\/li>\n<\/ul>\n<\/li>\n<li><a href=\"https:\/\/wp.ufpel.edu.br\/prppgi\/files\/2021\/01\/SEI_UFPel-DOUTORADO-ppgbbio-Edital-de-selecao-PRPPGI.pdf\">Edital de sele\u00e7\u00e3o 02-2021 &#8211; Programa de P\u00f3s-Gradua\u00e7\u00e3o em Bioqu\u00edmica e Bioprospec\u00e7\u00e3o &#8211; Aluno Regular &#8211; Doutorado (2021-01)<\/a><\/li>\n<li><a href=\"https:\/\/wp.ufpel.edu.br\/prppgi\/files\/2021\/01\/SEI_UFPel-PPGBBIO-MESTRADO-Edital-de-selecao-PRPPGI.pdf\">Edital de sele\u00e7\u00e3o 01-2021 &#8211; Programa de P\u00f3s-Gradua\u00e7\u00e3o em Bioqu\u00edmica e Bioprospec\u00e7\u00e3o &#8211; Aluno Regular &#8211; Mestrado (2021-01)<\/a><\/li>\n<li><a href=\"https:\/\/wp.ufpel.edu.br\/prppgi\/files\/2020\/12\/Edital-de-selecao-157-2020-Programa-de-Pos-Graduacao-em-Sociologia-Mestrado-2021-01.pdf\">Edital de sele\u00e7\u00e3o 157-2020 &#8211; Programa de P\u00f3s-Gradua\u00e7\u00e3o em Sociologia &#8211; Mestrado (2021-01)<\/a><\/li>\n<li><a href=\"https:\/\/wp.ufpel.edu.br\/prppgi\/files\/2020\/12\/Edital-de-selecao-156-2020-Programa-de-Pos-Graduacao-em-HIstoria-Doutorado-2021-01.pdf\">Edital de sele\u00e7\u00e3o 156-2020 &#8211; Programa de P\u00f3s-Gradua\u00e7\u00e3o em Hist\u00f3ria &#8211; Doutorado (2021-01)<\/a><\/li>\n<li><a href=\"https:\/\/wp.ufpel.edu.br\/prppgi\/files\/2020\/12\/Edital-de-selecao-155-2020-Programa-de-Pos-Graduacao-em-Ciencia-Politica-Mestrado-2021-01.pdf\">Edital de sele\u00e7\u00e3o 155-2020 &#8211; Programa de P\u00f3s-Gradua\u00e7\u00e3o em Ci\u00eancia Pol\u00edtica &#8211; Mestrado (2021-01)<\/a>\n<ul>\n<li><a href=\"https:\/\/wp.ufpel.edu.br\/prppgi\/files\/2021\/01\/SEI_UFPel-PPGCPOL-Edital-de-Retificacao-PRPPGI.pdf\">Edital de Retifica\u00e7\u00e3o 01-2021 &#8211; <\/a><a href=\"https:\/\/wp.ufpel.edu.br\/prppgi\/files\/2020\/12\/Edital-de-selecao-155-2020-Programa-de-Pos-Graduacao-em-Ciencia-Politica-Mestrado-2021-01.pdf\">Programa de P\u00f3s-Gradua\u00e7\u00e3o em Ci\u00eancia Pol\u00edtica &#8211; Mestrado (2021-01)<\/a><\/li>\n<\/ul>\n<\/li>\n<li><a href=\"https:\/\/wp.ufpel.edu.br\/prppgi\/files\/2020\/12\/Edital-de-selecao-154-2020-Programa-de-Pos-Graduacao-em-Arquitetura-e-Urbanismo-Mestrado-2021-01.pdf\">Edital de sele\u00e7\u00e3o 154-2020 &#8211; Programa de P\u00f3s-Gradua\u00e7\u00e3o em Arquitetura e Urbanismo Mestrado (2021-01)<\/a>\n<ul>\n<li><span style=\"color: #0000ff\"><a style=\"color: #0000ff\" href=\"https:\/\/wp.ufpel.edu.br\/prppgi\/files\/2021\/01\/SEI_UFPel-PROGRAU-RET.-Edital-de-Retificacao-PRPPGI.pdf\">Edital de Retifica\u00e7\u00e3o 04\/2021 &#8211; <\/a><\/span><a href=\"https:\/\/wp.ufpel.edu.br\/prppgi\/files\/2020\/12\/Edital-de-selecao-154-2020-Programa-de-Pos-Graduacao-em-Arquitetura-e-Urbanismo-Mestrado-2021-01.pdf\"><span style=\"color: #0000ff\">Programa de P\u00f3s-Gradua\u00e7\u00e3o em Arquitetura e Urbanismo Mestrado (2021-01)<\/span><\/a><\/li>\n<\/ul>\n<\/li>\n<li><a href=\"https:\/\/wp.ufpel.edu.br\/prppgi\/files\/2020\/12\/SEI_UFPel-Mest-CTA-Edital-de-selecao-PRPPGI.pdf\">Edital de sele\u00e7\u00e3o 153-2020 &#8211; Curso de Mestrado Profissional em Ci\u00eancia e Tecnologia de Alimentos &#8211; Aluno Regular &#8211; Mestrado (2021-01)<\/a><\/li>\n<li><a href=\"https:\/\/wp.ufpel.edu.br\/prppgi\/files\/2020\/12\/SEI_UFPel-Mestrado-e-doutorado-Edital-de-selecao-PRPPGI.pdf\">Edital de sele\u00e7\u00e3o 146-2020 &#8211; Programa de <\/a><a href=\"https:\/\/wp.ufpel.edu.br\/prppgi\/files\/2020\/12\/SEI_UFPel-Mestrado-e-doutorado-Edital-de-selecao-PRPPGI.pdf\">P\u00f3s-Gradua\u00e7\u00e3o em Ci\u00eancias Ambientais &#8211; Aluno Regular &#8211; Mestrado (2021-01)<\/a>\n<ul>\n<li><a href=\"https:\/\/wp.ufpel.edu.br\/prppgi\/files\/2020\/12\/Edital-de-retificacao-40-2020-Programa-de-Pos-Graduacao-em-Ciencia-Ambientais.pdf\">Edital de retifica\u00e7\u00e3o 40-2020 &#8211; Programa de P\u00f3s-Gradua\u00e7\u00e3o em Ci\u00eancia Ambientais<\/a><\/li>\n<\/ul>\n<\/li>\n<li><a href=\"https:\/\/wp.ufpel.edu.br\/prppgi\/files\/2020\/12\/SEI_UFPel-Mestrado-e-doutorado-Edital-de-selecao-PRPPGI.pdf\">Edital de sele\u00e7\u00e3o 152-2020 &#8211; Programa de P\u00f3s-Gradua\u00e7\u00e3o em Veterin\u00e1ria &#8211; Aluno Regular &#8211; Mestrado e Doutorado (2021-01)<\/a>\n<ul>\n<li><a href=\"https:\/\/wp.ufpel.edu.br\/prppgi\/files\/2020\/12\/Edital-de-retificacao-41-2020-Programa-de-Pos-Graduacao-em-Veterinaria.pdf\">Edital de retifica\u00e7\u00e3o 41-2020 &#8211; Programa de P\u00f3s-Gradua\u00e7\u00e3o em Veterin\u00e1ria<\/a><\/li>\n<\/ul>\n<\/li>\n<li><a href=\"https:\/\/wp.ufpel.edu.br\/prppgi\/files\/2020\/12\/SEI_UFPel-151-Doutorado-Edital-de-selecao-PRPPGI.pdf\">Edital de sele\u00e7\u00e3o 151-2020 &#8211; Programa de P\u00f3s-Gradua\u00e7\u00e3o em Ci\u00eancia e Tecnologia dos Alimentos &#8211; Aluno Regular &#8211; Doutorado (2021-01)<\/a><\/li>\n<li><a href=\"https:\/\/wp.ufpel.edu.br\/prppgi\/files\/2020\/12\/SEI_UFPel-CTA-Mestrado-Edital-de-selecao-PRPPGI.pdf\">Edital de sele\u00e7\u00e3o 150-2020 &#8211; Programa de P\u00f3s-Gradua\u00e7\u00e3o em Ci\u00eancia e Tecnologia de Alimentos &#8211; Aluno Regular &#8211; Mestrado (2021-01)<\/a><\/li>\n<li><a href=\"https:\/\/wp.ufpel.edu.br\/prppgi\/files\/2020\/12\/SEI_UFPel-sociologia-Edital-de-selecao-PRPPGI.pdf\">Edital de sele\u00e7\u00e3o 147-2020 &#8211; Programa de P\u00f3s-Gradua\u00e7\u00e3o em Sociologia &#8211; Aluno Regular &#8211; Doutorado (2021-1)<\/a><\/li>\n<li><a href=\"https:\/\/wp.ufpel.edu.br\/prppgi\/files\/2020\/12\/SEI_UFPel-PPGenf-Edital-de-selecao-PRPPGI.pdf\">Edital de sele\u00e7\u00e3o 144-2020 &#8211; Programa de P\u00f3s-Gradua\u00e7\u00e3o em Enfermagem &#8211; Aluno Regular &#8211; Mestrado e Doutorado (2021-01)<\/a><\/li>\n<li><a href=\"https:\/\/wp.ufpel.edu.br\/prppgi\/files\/2020\/12\/SEI_UFPel-PPGH-MESTRADO-Edital-de-selecao-PRPPGI.pdf\">Edital de sele\u00e7\u00e3o 145-2020 &#8211; Programa de P\u00f3s-Gradua\u00e7\u00e3o em Hist\u00f3ria &#8211; Aluno Regular &#8211; Mestrado (2021-01)<\/a><\/li>\n<li><a href=\"https:\/\/wp.ufpel.edu.br\/prppgi\/files\/2020\/12\/SEI_UFPel-BIOTEC-Edital-de-selecao-PRPPGI.pdf\">Edital de sele\u00e7\u00e3o 138-2020- Programa de P\u00f3s-Gradua\u00e7\u00e3o em Biotecnologia &#8211; Aluno Regular &#8211; Mestrado e Doutorado (2021-01)<\/a>\n<ul>\n<li><a href=\"https:\/\/wp.ufpel.edu.br\/prppgi\/files\/2021\/01\/SEI_UFPel-Retificacao-BIOTEC-Edital-de-Retificacao-PRPPGI.pdf\">Edital de retifica\u00e7\u00e3o 02-2021 &#8211; Programa de P\u00f3s-Gradua\u00e7\u00e3o em Biotecnologia &#8211; Aluno Regular &#8211; Mestrado e Doutorado (2021-01)<\/a><\/li>\n<li><a href=\"https:\/\/wp.ufpel.edu.br\/prppgi\/files\/2021\/01\/Edital-de-Retificacao-05-2021-Programa-de-Pos-Graduacao-em-Biotecnologia-2021-01.pdf\">Edital de Retifica\u00e7\u00e3o 05-2021 &#8211; Programa de P\u00f3s-Gradua\u00e7\u00e3o em Biotecnologia (2021-01)<\/a><\/li>\n<\/ul>\n<\/li>\n<li><a href=\"https:\/\/wp.ufpel.edu.br\/prppgi\/files\/2020\/12\/SEI_UFPel-PPGCEM-Mestrado-Edital-de-selecao-PRPPGI.pdf\">Edital de sele\u00e7\u00e3o 137-2020 &#8211; Programa de P\u00f3s-Gradua\u00e7\u00e3o em Ci\u00eancia e Engenharia de Materiais &#8211; Aluno Regular- Doutorado (2021-01)<\/a><\/li>\n<li><a href=\"https:\/\/wp.ufpel.edu.br\/prppgi\/files\/2020\/12\/SEI_UFPel-PPGCEM-Mestrado-Edital-de-selecao-PRPPGI.pdf\">Edital de sele\u00e7\u00e3o 136-2020 &#8211; Programa de P\u00f3s-Gradua\u00e7\u00e3o em Ci\u00eancia e Engenharia de Materiais &#8211; Aluno Regular- Mestrado (2021-01)<\/a>\n<ul>\n<li><a href=\"https:\/\/wp.ufpel.edu.br\/prppgi\/files\/2020\/12\/SEI_UFPel-PPGCEM-RETIFICACAO-136-Edital-de-Retificacao-PRPPGI.pdf\">Edital de retifica\u00e7\u00e3o 39-2020 &#8211; <\/a><a href=\"https:\/\/wp.ufpel.edu.br\/prppgi\/files\/2020\/12\/SEI_UFPel-PPGCEM-Mestrado-Edital-de-selecao-PRPPGI.pdf\">Programa de P\u00f3s-Gradua\u00e7\u00e3o em Ci\u00eancia e Engenharia de Materiais &#8211; Aluno Regular- Mestrado (2021-01)<\/a><\/li>\n<\/ul>\n<\/li>\n<li><a href=\"https:\/\/wp.ufpel.edu.br\/prppgi\/files\/2020\/12\/SEI_UFPel-APROSEM-Edital-de-selecao-PRPPGI.pdf\">Edital de sele\u00e7\u00e3o &#8211; 134-2020 &#8211; Mestrado Profissional em Ci\u00eancia e Tecnologia de Sementes- Aluno Regular- Coopera\u00e7\u00e3o T\u00e9cnica\/APROSEM (2021-01)<\/a><\/li>\n<li><a href=\"https:\/\/wp.ufpel.edu.br\/prppgi\/files\/2020\/12\/SEI_UFPel-PPGOM-Edital-de-selecao-PRPPGI.pdf\">Edital de sele\u00e7\u00e3o 129-2020 &#8211; Programa de P\u00f3s-Gradua\u00e7\u00e3o em Organiza\u00e7\u00f5es e Mercados &#8211; Aluno Regular- Mestrado e Doutorado (2021-01)<\/a><\/li>\n<li><a href=\"https:\/\/wp.ufpel.edu.br\/prppgi\/files\/2020\/12\/SEI_UFPel-127-Odontologia-Edital-de-selecao-PRPPGI.pdf\">Edital de sele\u00e7\u00e3o 127-2020 &#8211; Programa de P\u00f3s-Gradua\u00e7\u00e3o em Odontologia &#8211; Aluno Regular &#8211; Mestrado e Doutorado (2021-01)<\/a><\/li>\n<li><a href=\"https:\/\/wp.ufpel.edu.br\/prppgi\/files\/2020\/12\/SEI_UFPel-114-Folosofia-Edital-de-selecao-PRPPGI.pdf\">Edital de sele\u00e7\u00e3o 114-2020 &#8211; Programa de P\u00f3s-Gradua\u00e7\u00e3o em Filosofia- Aluno Regular &#8211; Doutorado (2021-01)<\/a><\/li>\n<li><a href=\"https:\/\/wp.ufpel.edu.br\/prppgi\/files\/2020\/12\/Edital-de-selecao-119-2020-Programa-de-Pos-Graduacao-em-Fisica-Mestrado-2021-01.pdf\">Edital de sele\u00e7\u00e3o 119-2020 &#8211; Programa de P\u00f3s-Gradua\u00e7\u00e3o em F\u00edsica Mestrado (2021-01)<\/a><\/li>\n<li><a href=\"https:\/\/wp.ufpel.edu.br\/prppgi\/files\/2020\/12\/Edital-de-selecao-118-2020-Programa-de-Pos-Graduacao-em-Fisica-Doutorado-2021-01.pdf\">Edital de sele\u00e7\u00e3o 118-2020 &#8211; Programa de P\u00f3s-Gradua\u00e7\u00e3o em F\u00edsica Doutorado (2021-01)<\/a><\/li>\n<li><a href=\"https:\/\/wp.ufpel.edu.br\/prppgi\/files\/2020\/12\/Edital-de-selecao-117-2020-Programa-de-Pos-Graduacao-em-Antropologia-Mestrado-2021-01.pdf\">Edital de sele\u00e7\u00e3o 117-2020 &#8211; Programa de P\u00f3s-Gradua\u00e7\u00e3o em Antropologia Mestrado (2021-01)<\/a><\/li>\n<li><a href=\"https:\/\/wp.ufpel.edu.br\/prppgi\/files\/2020\/12\/Edital-de-selecao-116-2020-Programa-de-Pos-Graduacao-em-Antropologia-Doutorado-2021-01.pdf\">Edital de sele\u00e7\u00e3o 116-2020 &#8211; Programa de P\u00f3s-Gradua\u00e7\u00e3o em Antropologia Doutorado (2021-01)<\/a><\/li>\n<li><a href=\"https:\/\/wp.ufpel.edu.br\/prppgi\/files\/2020\/12\/SEI_UFPel-PPGFIL-Mestrado-1139878-Edital-de-selecao-PRPPGI.pdf\">Edital de sele\u00e7\u00e3o 112-2020 &#8211; Programa de P\u00f3s-Gradua\u00e7\u00e3o em Filosofia &#8211; Aluno Regular &#8211; Mestrado (2021-01)<\/a>\n<ul>\n<li><a href=\"https:\/\/wp.ufpel.edu.br\/prppgi\/files\/2021\/03\/Edital-de-Retificacao-08-2021-Programa-de-Pos-Graduacao-em-Filosofia-Aluno-Especial.pdf\">Edital de Retifica\u00e7\u00e3o 08-2021 &#8211; Programa de P\u00f3s-Gradua\u00e7\u00e3o em Filosofia &#8211; Aluno Especial<\/a><\/li>\n<\/ul>\n<\/li>\n<li><a href=\"https:\/\/wp.ufpel.edu.br\/prppgi\/files\/2020\/12\/Edital-de-selecao-115-2020-Programa-de-Pos-Graduacao-em-Computacao-2021-01.pdf\">Edital de sele\u00e7\u00e3o 115-2020 &#8211; Programa de P\u00f3s-Gradua\u00e7\u00e3o em Computa\u00e7\u00e3o (2021-01)<\/a>\n<ul>\n<li><a href=\"https:\/\/wp.ufpel.edu.br\/prppgi\/files\/2020\/12\/SEI_UFPel-38-PPGC-Edital-de-Retificacao-PRPPGI.pdf\">Edital de Retifica\u00e7\u00e3o 38-2020 &#8211; PPG em Computa\u00e7\u00e3o &#8211; Aluno Regular &#8211; Mestrado e Doutorado<\/a><\/li>\n<li><a href=\"https:\/\/wp.ufpel.edu.br\/prppgi\/files\/2021\/01\/Edital-de-Retificacao-06-2021-Programa-de-Pos-Graduacao-em-Computacao-2021-01.pdf\">Edital de Retifica\u00e7\u00e3o 06-2021 &#8211; Programa de P\u00f3s-Gradua\u00e7\u00e3o em Computa\u00e7\u00e3o (2021-01)<\/a><\/li>\n<\/ul>\n<\/li>\n<li><a href=\"https:\/\/wp.ufpel.edu.br\/prppgi\/files\/2020\/12\/Edital-de-selecao-113-2020-Especializacao-em-Artes-modalidade-presencial-2021-01.pdf\">Edital de sele\u00e7\u00e3o 113-2020 -Especializa\u00e7\u00e3o em Artes (modalidade presencial) (2021-01)<\/a>\n<ul>\n<li><a href=\"https:\/\/wp.ufpel.edu.br\/prppgi\/files\/2021\/02\/Edital-de-Retificacao-07-2021-Especializacao-em-Artes-presencial.pdf\">Edital de Retifica\u00e7\u00e3o 07-2021 &#8211; Especializa\u00e7\u00e3o em Artes (modalidade presencial) 2021-01<\/a><\/li>\n<\/ul>\n<\/li>\n<li><a href=\"https:\/\/wp.ufpel.edu.br\/prppgi\/files\/2020\/12\/Edital-de-selecao-110-2020-Especializacao-em-Ciencia-dos-Alimentos-2021-01.pdf\">Edital de sele\u00e7\u00e3o 110-2020 -Especializa\u00e7\u00e3o em Ci\u00eancia dos Alimentos (2021-01)<\/a><\/li>\n<li><a href=\"https:\/\/wp.ufpel.edu.br\/prppgi\/files\/2020\/12\/SEI_UFPel-111-ppgcts-1139679-Edital-de-selecao-PRPPGI.pdf\">Edital de sele\u00e7\u00e3o 111-2020-PPG em Ci\u00eancia e Tecnologia de Sementes-Aluno Regular- Mestrado e Doutorado<\/a><\/li>\n<li><a href=\"https:\/\/wp.ufpel.edu.br\/prppgi\/files\/2020\/11\/Edital-de-selecao-109-2020-PPG-em-Modelagem-Matematica-Aluno-Regular-01-2021.pdf\">Edital de sele\u00e7\u00e3o 109-2020 -PPG em Modelagem Matem\u00e1tica Aluno Regular (01-2021)<\/a><\/li>\n<li><a href=\"https:\/\/wp.ufpel.edu.br\/prppgi\/files\/2020\/11\/Edital-de-selecao-108-2020-Especializacao-em-Educacao-Fisica-Escolar-EAD-02-2020.pdf\">Edital de sele\u00e7\u00e3o 108-2020 -Especializa\u00e7\u00e3o em Educa\u00e7\u00e3o F\u00edsica Escolar EAD (Vagas remanescentes 02-2020)<\/a><\/li>\n<li><a href=\"https:\/\/wp.ufpel.edu.br\/prppgi\/files\/2020\/11\/Edital-de-selecao-107-2020-PPG-em-Meteorologia-Aluno-Regular-01-2021.pdf\">Edital de sele\u00e7\u00e3o 107-2020 &#8211; PPG em Meteorologia &#8211; Aluno Regular (01-2021)<\/a><\/li>\n<li><a href=\"https:\/\/wp.ufpel.edu.br\/prppgi\/files\/2020\/11\/SEI_UFPel-Edital-106-1117039-Edital-de-selecao-PRPPGI.pdf\">Edital de sele\u00e7\u00e3o 106-2020 &#8211; PPG em Fitossanidade &#8211; Aluno Regular &#8211; Mestrado e Doutorado<\/a>\n<ul>\n<li><a href=\"https:\/\/wp.ufpel.edu.br\/prppgi\/files\/2020\/11\/SEI_UFPel-36-2020-PPGFS-Edital-de-Retificacao-PRPPGI.pdf\">Edital de Retifica\u00e7\u00e3o 37-2020 &#8211; PPG em Fitossanidade &#8211; Aluno Regular &#8211; Mestrado e Doutorado<\/a><\/li>\n<\/ul>\n<\/li>\n<li><a href=\"https:\/\/wp.ufpel.edu.br\/prppgi\/files\/2020\/11\/Edital-de-selecao-105-PPG-em-Recursos-Hidricos-Mestrado-Aluno-Regular.pdf\">Edital de sele\u00e7\u00e3o 105 &#8211; PPG em Recursos H\u00eddricos &#8211; Aluno Regular<\/a><\/li>\n<li><a href=\"https:\/\/wp.ufpel.edu.br\/prppgi\/files\/2020\/10\/Edital-de-selecao-99-2020-Comissao-de-Residencia-Multiprofissional.pdf\">Edital de sele\u00e7\u00e3o 99-2020 &#8211; Comiss\u00e3o de Resid\u00eancia Multiprofissional &#8211; Aluno Regular<\/a>\n<ul>\n<li><a href=\"https:\/\/wp.ufpel.edu.br\/prppgi\/files\/2020\/10\/Edital-de-Retificacao-32-2020-Comissao-em-Residencia-Multiprofissional.pdf\">Edital de Retifica\u00e7\u00e3o 32-2020 &#8211; Comiss\u00e3o em Resid\u00eancia Multiprofissional<\/a><\/li>\n<li><a href=\"https:\/\/wp.ufpel.edu.br\/prppgi\/files\/2020\/10\/Edital-de-Retificacao-34-2020-Comissao-em-Residencia-Multiprofissional.pdf\">Edital de Retifica\u00e7\u00e3o 34-2020 &#8211; Comiss\u00e3o em Resid\u00eancia Multiprofissional<\/a><\/li>\n<li><a href=\"https:\/\/wp.ufpel.edu.br\/prppgi\/files\/2020\/11\/Edital-de-Retificacao-35-2020-COREMU.pdf\">Edital de Retifica\u00e7\u00e3o 35-2020 Comiss\u00e3o em Resid\u00eancia Multiprofissional<\/a><\/li>\n<\/ul>\n<\/li>\n<li><a href=\"https:\/\/wp.ufpel.edu.br\/prppgi\/files\/2020\/10\/Edital-de-selecao-98-2020-PPG-em-Ciencia-e-Engenharia-de-Materiais-aluno-especial.pdf\">Edital de sele\u00e7\u00e3o 98-2020 &#8211; PPG em Ci\u00eancia e Engenharia de Materiais &#8211; aluno especial<\/a><\/li>\n<li><a href=\"https:\/\/wp.ufpel.edu.br\/prppgi\/files\/2020\/10\/SEI_UFPel-97-Patromonio-Cultural-Edital-de-selecao-PRPPGI.pdf\">Edital de sele\u00e7\u00e3o 97-2020 &#8211; PPG em Mem\u00f3ria Social e Patrim\u00f4nio Cultural &#8211; aluno regular &#8211; Doutorado<\/a><\/li>\n<li><a href=\"https:\/\/wp.ufpel.edu.br\/prppgi\/files\/2020\/10\/SEI_UFPel-96-Memoria-Social-e-Patrimonio-Edital-de-selecao-PRPPGI.pdf\">Edital de sele\u00e7\u00e3o 96-2020 &#8211; PPG em Mem\u00f3ria Social e Patrim\u00f4nio Cultural &#8211; aluno regular &#8211; Mestrado<\/a><\/li>\n<li><a href=\"https:\/\/wp.ufpel.edu.br\/prppgi\/files\/2020\/10\/Edital-de-selecao-94-2020-PPG-em-Enfermagem-aluno-especial.pdf\">Edital de sele\u00e7\u00e3o 94-2020 &#8211; PPG em Enfermagem &#8211; aluno especial<\/a><\/li>\n<li><a href=\"https:\/\/wp.ufpel.edu.br\/prppgi\/files\/2020\/10\/SEI-UFPel-Parasito-95-Edital-de-selecao-PRPPGI.pdf\">Edital de sele\u00e7\u00e3o 95-2020 &#8211; PPG em Microbiologia e Parasitologia- aluno especial<\/a><\/li>\n<li><a href=\"https:\/\/wp.ufpel.edu.br\/prppgi\/files\/2020\/09\/SEI_UFPel-92-Enfermagem-Edital-de-selecao-PRPPGI.pdf\">Edital de sele\u00e7\u00e3o 92-2020 &#8211; PPG em Enfermagem &#8211; aluno especial<\/a><\/li>\n<li><a href=\"https:\/\/wp.ufpel.edu.br\/prppgi\/files\/2020\/09\/SEI_UFPel-91-Manejo-e-Conservacao-do-Solo-e-da-Agua-Edital-de-selecao-PRPPGI.pdf\">Edital de sele\u00e7\u00e3o 91-2020 &#8211; PPG em Manejo e Conserva\u00e7\u00e3o do Solo e da \u00c1gua &#8211; aluno regular<\/a><\/li>\n<li><a href=\"https:\/\/wp.ufpel.edu.br\/prppgi\/files\/2020\/09\/Edital-de-selecao-89-2020-PPG-em-Sistema-de-Producao-Agricola-Familiar-aluno-especial.pdf\">Edital de sele\u00e7\u00e3o 89-2020 &#8211; PPG em Sistema de Produ\u00e7\u00e3o Agr\u00edcola Familiar &#8211; aluno regular<\/a>\n<ul>\n<li><a href=\"https:\/\/wp.ufpel.edu.br\/prppgi\/files\/2020\/10\/Edital-de-Retificacao-33-2020-PPG-Sistema-de-Producao-Agricola-e-Familiar.pdf\">Edital de Retifica\u00e7\u00e3o 33-2020 &#8211; PPG Sistema de Produ\u00e7\u00e3o Agr\u00edcola e Familiar<\/a><\/li>\n<\/ul>\n<\/li>\n<li><a href=\"https:\/\/wp.ufpel.edu.br\/prppgi\/files\/2020\/09\/Artes-92-Vagas-Remanescentes-Edital-de-selecao-PRPPGI.pdf\">Edital de sele\u00e7\u00e3o 93-2020 &#8211; Curso de Especializa\u00e7\u00e3o em Artes -EAD &#8211; aluno regular\/Vagas Remanescentes<\/a><\/li>\n<li><a href=\"https:\/\/wp.ufpel.edu.br\/prppgi\/files\/2020\/09\/Edital-de-selecao-90-2020-PPG-em-Memoria-Social-e-Patrimonio-Cultural-aluno-especial.pdf\">Edital de sele\u00e7\u00e3o 90-2020 &#8211; PPG em Mem\u00f3ria Social e Patrim\u00f4nio Cultural &#8211; aluno especial<\/a><\/li>\n<li><a href=\"https:\/\/wp.ufpel.edu.br\/prppgi\/files\/2020\/09\/SEI_UFPel-85-2020-Edital-de-selecao-PRPPGI.pdf\">Edital de sele\u00e7\u00e3o 85-2020 &#8211; PPG em Educa\u00e7\u00e3o Matem\u00e1tica- aluno regular Mestrado<\/a><\/li>\n<li><a href=\"https:\/\/wp.ufpel.edu.br\/prppgi\/files\/2020\/09\/Edital-de-selecao-87-2020-PPG-em-Veterinaria-aluno-especial.pdf\">Edital de sele\u00e7\u00e3o 87-2020 &#8211; PPG em Veterin\u00e1ria &#8211; aluno especial<\/a><\/li>\n<li><a href=\"https:\/\/wp.ufpel.edu.br\/prppgi\/files\/2020\/09\/Edital-de-selecao-86-2020-PPG-em-Ensino-de-Ciencias-e-Matematica-aluno-especial.pdf\">Edital de sele\u00e7\u00e3o 86-2020 &#8211; PPG em Ensino de Ci\u00eancias e Matem\u00e1tica &#8211; aluno especial<\/a><\/li>\n<li><a href=\"https:\/\/wp.ufpel.edu.br\/prppgi\/files\/2020\/09\/SEI_UFPel-Aluno-Especial-ppgcpol-Edital-de-selecao-PRPPGI.pdf\">Edital de sele\u00e7\u00e3o 84-2020 &#8211; PPG em Ci\u00eancia Pol\u00edtica &#8211; Aluno Especial\u00a0<\/a><\/li>\n<li><a href=\"https:\/\/wp.ufpel.edu.br\/prppgi\/files\/2020\/09\/Edital-de-selecao-82-2020-PPG-em-Arquitetura-e-Urbanismo-aluno-especial.pdf\">Edital de sele\u00e7\u00e3o 82-2020 &#8211; PPG em Arquitetura e Urbanismo &#8211; aluno especial<\/a><\/li>\n<li><a href=\"https:\/\/wp.ufpel.edu.br\/prppgi\/files\/2020\/09\/Edital-de-selecao-77-2020-PPG-em-Artes-Visuais-aluno-especial.pdf\">Edital de sele\u00e7\u00e3o 77-2020 &#8211; PPG em Artes Visuais &#8211; aluno especial<\/a><\/li>\n<li><a href=\"https:\/\/wp.ufpel.edu.br\/prppgi\/files\/2020\/09\/Edital-de-selecao-80-2020-PPG-em-Geografia-aluno-especial.pdf\">Edital de sele\u00e7\u00e3o 80-2020 &#8211; PPG em Geografia &#8211; aluno especial<\/a>\n<ul>\n<li><a href=\"https:\/\/wp.ufpel.edu.br\/prppgi\/files\/2020\/09\/Edital-de-Retificacao-30-2020-PPG-em-Geografia.pdf\">Edital de Retifica\u00e7\u00e3o 30-2020 &#8211; PPG em Geografia<\/a><\/li>\n<\/ul>\n<\/li>\n<li><a href=\"https:\/\/wp.ufpel.edu.br\/prppgi\/files\/2020\/09\/Edital-de-selecao-78-2020-PPG-em-Odontologia-aluno-especial.pdf\">Edital de sele\u00e7\u00e3o 78-2020 &#8211; PPG em Odontologia &#8211; aluno especial<\/a><\/li>\n<li><a href=\"https:\/\/wp.ufpel.edu.br\/prppgi\/files\/2020\/09\/Edital-de-selecao-81-2020-PPG-em-Direito-aluno-especial.pdf\">Edital de sele\u00e7\u00e3o 81-2020 &#8211; PPG em Direito &#8211; aluno especial<\/a><\/li>\n<li><a href=\"https:\/\/wp.ufpel.edu.br\/prppgi\/files\/2020\/09\/Edital-de-selecao-79-2020-PPG-em-DTSA-aluno-especial.pdf\">Edital de sele\u00e7\u00e3o 79-2020 &#8211; PPG em DTSA &#8211; aluno especial<\/a><\/li>\n<li><a href=\"https:\/\/wp.ufpel.edu.br\/prppgi\/files\/2020\/09\/Edital-de-selecao-74-2020-PPG-em-Antropologia-aluno-especial.pdf\">Edital de sele\u00e7\u00e3o 74-2020 &#8211; PPG em Antropologia &#8211; aluno especial<\/a><\/li>\n<li><a href=\"https:\/\/wp.ufpel.edu.br\/prppgi\/files\/2020\/09\/SEI_UFPel-09-09-2020-Edital-de-selecao-PRPPGI.pdf\">Edital de sele\u00e7\u00e3o 76-2020 &#8211; PPG em Educa\u00e7\u00e3o Matem\u00e1tica &#8211; Aluno Especial Mestrado<\/a><\/li>\n<li><a href=\"https:\/\/wp.ufpel.edu.br\/prppgi\/files\/2020\/09\/Edital-de-selecao-75-2020-Especializacao-em-Artes-EAD-aluno-regular.pdf\">Edital de sele\u00e7\u00e3o 75-2020 &#8211; Especializa\u00e7\u00e3o em Artes EAD &#8211; aluno regular<\/a><\/li>\n<li><a href=\"https:\/\/wp.ufpel.edu.br\/prppgi\/files\/2020\/09\/Edital-de-selecao-73-2020-PPG-em-Microbiologia-e-Parasitologia-Aluno-regular.pdf\">Edital de sele\u00e7\u00e3o 73-2020 &#8211; PPG em Microbiologia e Parasitologia &#8211; Aluno regular<\/a><\/li>\n<li><a href=\"https:\/\/wp.ufpel.edu.br\/prppgi\/files\/2020\/09\/Edital-de-selecao-72-2020-Comissao-de-Residencia-Medica-Residentes.pdf\">Edital de sele\u00e7\u00e3o 72-2020 &#8211; Comiss\u00e3o de Resid\u00eancia M\u00e9dica &#8211; Residentes<\/a>\n<ul>\n<li><a href=\"https:\/\/wp.ufpel.edu.br\/prppgi\/files\/2020\/09\/Edital-de-Retificacao-28-2020-COREME.pdf\">Edital de Retifica\u00e7\u00e3o 28-2020 &#8211; COREME<\/a><\/li>\n<li><a href=\"https:\/\/wp.ufpel.edu.br\/prppgi\/files\/2020\/10\/Edital-de-Retificacao-31-2020-Comissao-em-Residencia-Medica.pdf\">Edital de Retifica\u00e7\u00e3o 31-2020 &#8211; Comiss\u00e3o em Resid\u00eancia M\u00e9dica<\/a><\/li>\n<\/ul>\n<\/li>\n<li><a href=\"https:\/\/wp.ufpel.edu.br\/prppgi\/files\/2020\/09\/SEI_UFPel-69-2020-Ciencias-Ambientais-Edital-de-selecao-PRPPGI.pdf\">Edital de sele\u00e7\u00e3o 69-2020 &#8211; PPG em Ci\u00eancias Ambientais &#8211; Aluno Especial Mestrado<\/a><\/li>\n<li><a href=\"https:\/\/wp.ufpel.edu.br\/prppgi\/files\/2020\/08\/SEI_UFPel-Doutorado-PPGEpi-Edital-de-selecao-PRPPGI.pdf\">Edital de sele\u00e7\u00e3o 70-2020 &#8211; PPG em Epidemiologia &#8211; Aluno Regular Doutorado<\/a>\n<ul>\n<li><a href=\"https:\/\/wp.ufpel.edu.br\/prppgi\/files\/2020\/09\/Edital-de-Retificacao-29-2020-PPG-em-Epidemiologia-Aluno-Regular-Doutorado.pdf\">Edital de Retifica\u00e7\u00e3o 29-2020 &#8211; PPG em Epidemiologia &#8211; Aluno Regular Doutorado<\/a><\/li>\n<\/ul>\n<\/li>\n<li><a href=\"https:\/\/wp.ufpel.edu.br\/prppgi\/files\/2020\/08\/SEI_UFPel-Mestrado-PPGEpi-Edital-de-selecao-PRPPGI.pdf\">Edital de sele\u00e7\u00e3o 71-2020 &#8211; PPG em Epidemiologia &#8211; Aluno Regular Mestrado<\/a>\n<ul>\n<li><a href=\"https:\/\/wp.ufpel.edu.br\/prppgi\/files\/2020\/09\/Edital-de-Retificacao-27-2020-PPG-em-Epidemiologia.pdf\">Edital de Retifica\u00e7\u00e3o 27-2020 &#8211; PPG em Epidemiologia- Aluno Regular Mestrado<\/a><\/li>\n<\/ul>\n<\/li>\n<li><a href=\"https:\/\/wp.ufpel.edu.br\/prppgi\/files\/2020\/08\/Edital-de-selecao-68-2020-PPG-em-Fisiologia-Vegetal-Aluno-regular.pdf\">Edital de sele\u00e7\u00e3o 68-2020 &#8211; PPG em Fisiologia Vegetal &#8211; Aluno regular<\/a><\/li>\n<li><a href=\"https:\/\/wp.ufpel.edu.br\/prppgi\/files\/2020\/08\/Edital-de-selecao-PRPPGI-66-Ed-Fisica-Remanescentes.pdf\">Edital de sele\u00e7\u00e3o 66 -2020 &#8211; Especializa\u00e7\u00e3o em Educa\u00e7\u00e3o F\u00edsica Escolar EAD &#8211; Vagas Remanescentes- Aluno Regular<\/a><\/li>\n<li><span style=\"color: #0000ff\"><a style=\"color: #0000ff\" href=\"https:\/\/wp.ufpel.edu.br\/prppgi\/files\/2020\/08\/Edital-de-sele\u00e7\u00e3o-64-2020-PPG-MPar-Aluno-regular.pdf\">Edital de sele\u00e7\u00e3o 64-2020 &#8211; PPG Microbiologia e Parasitologia &#8211; Aluno Regular Doutorado<\/a><\/span><\/li>\n<li><a href=\"https:\/\/wp.ufpel.edu.br\/prppgi\/files\/2020\/08\/Edital-de-sele\u00e7\u00e3o-PRPPGI-65-PPGEF.pdf\">Edital de sele\u00e7\u00e3o 65-2020 &#8211; PPG em Educa\u00e7\u00e3o F\u00edsica &#8211; Aluno Regular Mestrado e Doutorado<\/a>\n<ul>\n<li><a href=\"https:\/\/wp.ufpel.edu.br\/prppgi\/files\/2020\/08\/Edital-de-Retificacao-26-2020-PPG-em-Educacao-Fisica.pdf\">Edital de Retifica\u00e7\u00e3o 26-2020 &#8211; PPG em Educa\u00e7\u00e3o F\u00edsica<\/a><\/li>\n<\/ul>\n<\/li>\n<li><a href=\"https:\/\/wp.ufpel.edu.br\/prppgi\/files\/2020\/08\/Edital-de-sele\u00e7\u00e3o-63-2020-Especializa\u00e7\u00e3o-em-Ci\u00eancia-e-Tecnologia-de-Sementes-Aluno-regular.pdf\">Edital de sele\u00e7\u00e3o 63-2020 &#8211; Especializa\u00e7\u00e3o em Ci\u00eancia e Tecnologia de Sementes &#8211; Aluno regular<\/a><\/li>\n<li><a href=\"https:\/\/wp.ufpel.edu.br\/prppgi\/files\/2020\/08\/Edital-de-sele\u00e7\u00e3o-62-PPGQ.pdf\">Edital de sele\u00e7\u00e3o 62-2020 &#8211; PPG em Qu\u00edmica &#8211; Aluno regular Mestrado e Doutorado<\/a>\n<ul>\n<li><a href=\"https:\/\/wp.ufpel.edu.br\/prppgi\/files\/2020\/08\/Edital-de-Retifica\u00e7\u00e3o-PRPPGI-23-PPGQ.pdf\">Edital de Retifica\u00e7\u00e3o 23-2020 PPG em Qu\u00edmica\u00a0<\/a><\/li>\n<\/ul>\n<\/li>\n<li><a href=\"https:\/\/wp.ufpel.edu.br\/prppgi\/files\/2020\/07\/Edital-de-sele\u00e7\u00e3o-59-2020-PPG-em-Manejo-e-Conserva\u00e7\u00e3o-de-Solo-e-da-\u00c1gua-Aluno-regular-Doutorado.pdf\">Edital de sele\u00e7\u00e3o 59-2020 &#8211; PPG em Manejo e Conserva\u00e7\u00e3o de Solo e da \u00c1gua &#8211; Aluno regular Doutorado<\/a><\/li>\n<li><a href=\"https:\/\/wp.ufpel.edu.br\/prppgi\/files\/2020\/07\/Edital-de-sele\u00e7\u00e3o-61-2020-PPG-em-Organiza\u00e7\u00f5es-e-Mercados-Aluno-regular.pdf\">Edital de sele\u00e7\u00e3o 61-2020 &#8211; PPG em Organiza\u00e7\u00f5es e Mercados &#8211; Aluno regular<\/a>\n<ul>\n<li><a href=\"https:\/\/wp.ufpel.edu.br\/prppgi\/files\/2020\/08\/Edital-de-Retifica\u00e7\u00e3o-19-2020-PPG-em-Organiza\u00e7\u00f5es-e-Mercados.pdf\">Edital de Retifica\u00e7\u00e3o 19-2020 PPG em Organiza\u00e7\u00f5es e Mercados<\/a><\/li>\n<\/ul>\n<\/li>\n<li><a href=\"https:\/\/wp.ufpel.edu.br\/prppgi\/files\/2020\/07\/PPGD-1007657-Edital-de-sele\u00e7\u00e3o-PRPPGI.pdf\">Edital de Sele\u00e7\u00e3o 60-2020 &#8211; PPG em Direito &#8211; Aluno Regular Mestrado<\/a>\n<ul>\n<li><a href=\"https:\/\/wp.ufpel.edu.br\/prppgi\/files\/2020\/08\/PPGD-21-2020.pdf\">Edital de Retifica\u00e7\u00e3o 21-2020 PPG em Direito<\/a><\/li>\n<li><a href=\"https:\/\/wp.ufpel.edu.br\/prppgi\/files\/2020\/08\/Edital-de-Retifica\u00e7\u00e3o-22-PPGD.pdf\">Edital de Retifica\u00e7\u00e3o 22-2020 PPG em Direito<\/a><\/li>\n<\/ul>\n<\/li>\n<li><a href=\"https:\/\/wp.ufpel.edu.br\/prppgi\/files\/2020\/07\/Edital-de-sele\u00e7\u00e3o-PRPPGI-56-2020-Curso-de-Especializa\u00e7\u00e3o-em-Educa\u00e7\u00e3o-F\u00edsica-Escolar-EAD-Aluno-regular.pdf\">Edital de sele\u00e7\u00e3o 56-2020 &#8211; Especializa\u00e7\u00e3o em Educa\u00e7\u00e3o F\u00edsica Escolar EAD &#8211; Aluno regular<\/a>\n<ul>\n<li><a href=\"https:\/\/wp.ufpel.edu.br\/prppgi\/files\/2020\/08\/Edital-de-Retifica\u00e7\u00e3o-20-2020-Especializa\u00e7\u00e3o-em-Educa\u00e7\u00e3o-F\u00edsica-Escolar.pdf\">Edital de Retifica\u00e7\u00e3o 20-2020 &#8211; Especializa\u00e7\u00e3o em Educa\u00e7\u00e3o F\u00edsica Escolar<\/a><\/li>\n<li><a href=\"https:\/\/wp.ufpel.edu.br\/prppgi\/files\/2020\/08\/Edital-de-Retifica\u00e7\u00e3o-24-2020-Especializa\u00e7\u00e3o-em-Educa\u00e7\u00e3o-F\u00edsica-Escolar.pdf\">Edital de Retifica\u00e7\u00e3o 24-2020 &#8211; Especializa\u00e7\u00e3o em Educa\u00e7\u00e3o F\u00edsica Escolar<\/a><\/li>\n<\/ul>\n<\/li>\n<li><a href=\"https:\/\/wp.ufpel.edu.br\/prppgi\/files\/2020\/07\/Edital-de-sele\u00e7\u00e3o-PRPPGI-54-2020-PPG-em-Bioqu\u00edmica-e-Bioprospec\u00e7\u00e3o-Aluno-Regular-Doutorado.pdf\">Edital de sele\u00e7\u00e3o 54-2020 &#8211; PPG em Bioqu\u00edmica e Bioprospec\u00e7\u00e3o Aluno Regular Doutorado<\/a>\n<ul>\n<li><a href=\"https:\/\/wp.ufpel.edu.br\/prppgi\/files\/2020\/07\/Edital-de-Retifica\u00e7\u00e3o-16-2020-PPG-em-Bioqu\u00edmica-e-Bioprospec\u00e7\u00e3o-Doutorado.pdf\">Edital de Retifica\u00e7\u00e3o 16-2020 PPG em Bioqu\u00edmica e Bioprospec\u00e7\u00e3o &#8211; Doutorado<\/a><\/li>\n<\/ul>\n<\/li>\n<li><a href=\"https:\/\/wp.ufpel.edu.br\/prppgi\/files\/2020\/07\/Edital-de-sele\u00e7\u00e3o-PRPPGI-53-2020-PPG-em-Bioqu\u00edmica-e-Bioprospec\u00e7\u00e3o-Aluno-Regular-Mestrado.pdf\">Edital de sele\u00e7\u00e3o 53-2020 &#8211; PPG em Bioqu\u00edmica e Bioprospec\u00e7\u00e3o Aluno Regular Mestrado<\/a>\n<ul>\n<li><a href=\"https:\/\/wp.ufpel.edu.br\/prppgi\/files\/2020\/07\/Edital-de-Retifica\u00e7\u00e3o-17-2020-PPG-em-Bioqu\u00edmica-e-Bioprospec\u00e7\u00e3o-Mestrado.pdf\">Edital de Retifica\u00e7\u00e3o 17-2020 PPG em Bioqu\u00edmica e Bioprospec\u00e7\u00e3o &#8211; Mestrado<\/a><\/li>\n<\/ul>\n<\/li>\n<li><span style=\"color: #0000ff\"><a style=\"color: #0000ff\" href=\"https:\/\/wp.ufpel.edu.br\/prppgi\/files\/2020\/07\/Edital-de-sele\u00e7\u00e3o-PRPPGI-57-2020.pdf\">Edital de sele\u00e7\u00e3o 57-2020 &#8211; PPG Biotecnologia &#8211; Aluno Regular Mestrado e Doutorado<\/a><\/span>\n<ul>\n<li><a href=\"https:\/\/wp.ufpel.edu.br\/prppgi\/files\/2020\/07\/Edital-Biotec-de-Retifica\u00e7\u00e3o-PRPPGI.pdf\">Edital de Retifica\u00e7\u00e3o 15-2020 PPGBiotecnologia &#8211; Aluno Regular Mestrado e Doutorado<\/a><\/li>\n<\/ul>\n<\/li>\n<li><a href=\"https:\/\/wp.ufpel.edu.br\/prppgi\/files\/2020\/07\/Edital-de-sele\u00e7\u00e3o-PRPPGI-52-2020-PPG-em-Fitossanidade-Aluno-Regular-Doutorado.pdf\">Edital de sele\u00e7\u00e3o 52-2020 &#8211; PPG em Fitossanidade Aluno Regular Doutorado<\/a><\/li>\n<li><a href=\"https:\/\/wp.ufpel.edu.br\/prppgi\/files\/2020\/07\/Edital-de-sele\u00e7\u00e3o-PRPPGI-51-2020-PPG-Artes-Visuais-Aluno-Regular-Mestrado.pdf\">Edital de sele\u00e7\u00e3o 51-2020 &#8211; PPG Artes Visuais Aluno Regular Mestrado<\/a>\n<ul>\n<li><a href=\"https:\/\/wp.ufpel.edu.br\/prppgi\/files\/2020\/07\/Edital-de-Retifica\u00e7\u00e3o-18-2020-PPG-em-Artes-Visuais.pdf\">Edital de Retifica\u00e7\u00e3o 18-2020 PPG em Artes Visuais<\/a><\/li>\n<li><a href=\"https:\/\/wp.ufpel.edu.br\/prppgi\/files\/2020\/08\/Edital-de-Retifica\u00e7\u00e3o-25-2020-PPG-em-Artes-Visuais.pdf\">Edital de Retifica\u00e7\u00e3o 25-2020 &#8211; PPG em Artes Visuais<\/a><\/li>\n<\/ul>\n<\/li>\n<li><a href=\"https:\/\/wp.ufpel.edu.br\/prppgi\/files\/2020\/06\/Edital-de-sele\u00e7\u00e3o-PRPPGI-50-2020-PPG-Letras-Aluno-Regular-Mestrado.pdf\">Edital de sele\u00e7\u00e3o 50-2020 &#8211; PPG Letras Aluno Regular Mestrado<\/a><\/li>\n<li><a href=\"https:\/\/wp.ufpel.edu.br\/prppgi\/files\/2020\/06\/Edital-de-sele\u00e7\u00e3o-PRPPGI-49-2020-PPG-Letras-Aluno-Regular-Doutorado.pdf\">Edital de sele\u00e7\u00e3o 49-2020 &#8211; PPG Letras Aluno Regular Doutorado<\/a><\/li>\n<li><a href=\"https:\/\/wp.ufpel.edu.br\/prppgi\/files\/2020\/06\/Edital-de-sele\u00e7\u00e3o-48-2020-Especializa\u00e7\u00e3o-em-Ci\u00eancia-dos-Alimentos-\u00e0-Dist\u00e2ncia-Aluno-Regular.pdf\">Edital de sele\u00e7\u00e3o 48-2020 &#8211; Especializa\u00e7\u00e3o em Ci\u00eancia dos Alimentos \u00e0 Dist\u00e2ncia (Aluno Regular)<\/a><\/li>\n<li><a href=\"https:\/\/wp.ufpel.edu.br\/prppgi\/files\/2020\/06\/Edital-de-sele\u00e7\u00e3o-PRPPGI-47-2020-PPG-Enfermagem-Aluno-Regular-Doutorado.pdf\">Edital de sele\u00e7\u00e3o 47-2020 &#8211; PPG Enfermagem Aluno Regular Doutorado<\/a><\/li>\n<li><a href=\"https:\/\/wp.ufpel.edu.br\/prppgi\/files\/2020\/05\/Edital-de-sele\u00e7\u00e3o-46-2020-PPG-Epidemiologia-Aluno-Regular-Mestrado.pdf\">Edital de sele\u00e7\u00e3o 46-2020- PPG Epidemiologia Aluno Regular Mestrado<\/a><\/li>\n<li><a href=\"https:\/\/wp.ufpel.edu.br\/prppgi\/files\/2020\/05\/Edital-de-sele\u00e7\u00e3o-45-2020-PPG-Epidemiologia-Aluno-Regular-Doutorado.pdf\">Edital de sele\u00e7\u00e3o 45-2020- PPG Epidemiologia Aluno Regular Doutorado<\/a><\/li>\n<li><a href=\"https:\/\/wp.ufpel.edu.br\/prppgi\/files\/2020\/04\/Edital-de-sele\u00e7\u00e3o-44-2020-PPG-Fisiologia-Vegetal-Aluno-Regular-Doutorado.pdf\">Edital de sele\u00e7\u00e3o 44-2020- PPG Fisiologia Vegetal Aluno Regular Doutorado<\/a><\/li>\n<li><a href=\"https:\/\/wp.ufpel.edu.br\/prppgi\/files\/2020\/03\/Edital-de-sele\u00e7\u00e3o-42-2020-PPG-Biologia-Animal-Aluno-Especial.pdf\">Edital de sele\u00e7\u00e3o 42-2020- PPG Biologia Animal &#8211; Aluno Especial<\/a><\/li>\n<li><a href=\"https:\/\/wp.ufpel.edu.br\/prppgi\/files\/2020\/03\/Edital-de-sele\u00e7\u00e3o-41-2020-Especializa\u00e7\u00e3o-em-Ensino-da-Filosofia.pdf\">Edital de sele\u00e7\u00e3o 41-2020 &#8211; Especializa\u00e7\u00e3o em Ensino da Filosofia &#8211; Aluno Regular<\/a>\n<ul>\n<li><a href=\"https:\/\/wp.ufpel.edu.br\/prppgi\/files\/2020\/03\/Edital-de-Retifica\u00e7\u00e3o-10-2020-PPG-Especializa\u00e7\u00e3o-em-Ensino-da-Filosofia.pdf\">Edital de Retifica\u00e7\u00e3o 10 &#8211; 2020 PPG Especializa\u00e7\u00e3o em Ensino da Filosofia<\/a><\/li>\n<\/ul>\n<\/li>\n<li><a href=\"https:\/\/wp.ufpel.edu.br\/prppgi\/files\/2020\/03\/SEI_UFPel-0890146-Edital-de-sele\u00e7\u00e3o-PRPPGI.pdf\">Edital de sele\u00e7\u00e3o 40-2020 &#8211; PPG em Biotecnologia &#8211; Aluno Especial<\/a><\/li>\n<li><a href=\"https:\/\/wp.ufpel.edu.br\/prppgi\/files\/2020\/03\/SEI_UFPel-0890050-Edital-de-sele\u00e7\u00e3o-PRPPGI.pdf\">Edital de sele\u00e7\u00e3o 39-2020 &#8211; PPG em Ci\u00eancia e Engenharia de Materiais &#8211; Vagas Remanescentes &#8211; Doutorado &#8211; Aluno Regular<\/a><\/li>\n<li><a href=\"https:\/\/wp.ufpel.edu.br\/prppgi\/files\/2020\/03\/SEI_UFPel-0889741-Edital-de-sele\u00e7\u00e3o-PRPPGI.pdf\">Edital de sele\u00e7\u00e3o 38-2020 &#8211; PPG em Bioqu\u00edmica e Bioprospec\u00e7\u00e3o &#8211; Aluno Especial\u00a0\u00a0<\/a><\/li>\n<li><a href=\"https:\/\/wp.ufpel.edu.br\/prppgi\/files\/2020\/03\/SEI_UFPel-0889565-Edital-de-sele\u00e7\u00e3o-PRPPGI.pdf\">Edital de sele\u00e7\u00e3o 37-2020 &#8211; PPG em Ci\u00eancia e Engenharia de Materiais &#8211; Vagas Remanescentes &#8211; Mestrado &#8211; Aluno Regular<\/a><\/li>\n<li><a href=\"https:\/\/wp.ufpel.edu.br\/prppgi\/files\/2020\/03\/SEI_UFPel-0884134-Edital-de-sele\u00e7\u00e3o-PRPPGI.pdf\">Edital de sele\u00e7\u00e3o 36-2020 &#8211; PPG em Qu\u00edmica &#8211; Aluno Especial\u00a0<\/a><\/li>\n<li><a href=\"https:\/\/wp.ufpel.edu.br\/prppgi\/files\/2020\/03\/SEI_UFPel-0880175-Edital-de-sele\u00e7\u00e3o-PRPPGI.pdf\">Edital de sele\u00e7\u00e3o 31-2020 &#8211; PPG em Educa\u00e7\u00e3o &#8211; Aluno Especial<\/a><\/li>\n<li><a href=\"https:\/\/wp.ufpel.edu.br\/prppgi\/files\/2020\/03\/SEI_UFPel-0882379-Edital-de-sele\u00e7\u00e3o-PRPPGI.pdf\">Edital de sele\u00e7\u00e3o 35-2020 &#8211; PPG em Filosofia &#8211; Aluno Especial<\/a>\n<ul>\n<li><a href=\"https:\/\/wp.ufpel.edu.br\/prppgi\/files\/2020\/03\/Edital-de-Retifica\u00e7\u00e3o-9-2020-PPG-Filosofia-Aluno-Especial.pdf\">Edital de Retifica\u00e7\u00e3o 9 &#8211; 2020 PPG Filosofia Aluno Especial<\/a><\/li>\n<\/ul>\n<\/li>\n<li><a href=\"https:\/\/wp.ufpel.edu.br\/prppgi\/files\/2020\/03\/SEI_UFPel-0880882-Edital-de-sele\u00e7\u00e3o-PRPPGI.pdf\">Edital de sele\u00e7\u00e3o 32-2020 &#8211; PPG\u00a0 em Odontologia &#8211; Aluno Especial\u00a0<\/a><\/li>\n<li><a href=\"https:\/\/wp.ufpel.edu.br\/prppgi\/files\/2020\/03\/SEI_UFPel-0881117-Edital-de-sele\u00e7\u00e3o-PRPPGI.pdf\">Edital de sele\u00e7\u00e3o 33-2020 &#8211; Comiss\u00e3o de Resid\u00eancia Multiprofissional em \u00c1rea Profissional da Sa\u00fade &#8211; Vagas Remanescentes &#8211; Aluno Regular<\/a><\/li>\n<li><a href=\"https:\/\/wp.ufpel.edu.br\/prppgi\/files\/2020\/03\/SEI_UFPel-0881328-Edital-de-sele\u00e7\u00e3o-PRPPGI.pdf\">Edital de sele\u00e7\u00e3o 34-2020 &#8211; <\/a><a href=\"https:\/\/wp.ufpel.edu.br\/prppgi\/files\/2020\/03\/SEI_UFPel-0881328-Edital-de-sele\u00e7\u00e3o-PRPPGI.pdf\">PPG em Veterin\u00e1ria &#8211; Aluno Especial<\/a><a href=\"https:\/\/wp.ufpel.edu.br\/prppgi\/files\/2020\/03\/SEI_UFPel-0881328-Edital-de-sele\u00e7\u00e3o-PRPPGI.pdf\">\u00a0<\/a><\/li>\n<li><a href=\"https:\/\/wp.ufpel.edu.br\/prppgi\/files\/2020\/02\/SEI_UFPel-0880084-Edital-de-sele\u00e7\u00e3o-PRPPGI.pdf\">Edital de sele\u00e7\u00e3o 30-2020 &#8211; PPG em Mem\u00f3ria e Patrim\u00f4nio Cultural &#8211; Aluno Especial<\/a><\/li>\n<li><a href=\"https:\/\/wp.ufpel.edu.br\/prppgi\/files\/2020\/02\/SEI_UFPel-0877021-Edital-de-sele\u00e7\u00e3o-PRPPGI.pdf\">Edital de sele\u00e7\u00e3o 28-2020 &#8211; PPG em Sociologia &#8211; Aluno Regular- Mestrado &#8211; Vagas Remanescentes<\/a><\/li>\n<li><a href=\"https:\/\/wp.ufpel.edu.br\/prppgi\/files\/2020\/02\/SEI_UFPel-0875244-Edital-de-sele\u00e7\u00e3o-PRPPGI.pdf\">Edital de sele\u00e7\u00e3o 26-2020 &#8211; Faculdade de Medicina &#8211; Comiss\u00e3o de Resid\u00eancia M\u00e9dica &#8211; COREME<\/a><\/li>\n<li><a href=\"https:\/\/wp.ufpel.edu.br\/prppgi\/files\/2020\/02\/SEI_UFPel-0876790-Edital-de-sele\u00e7\u00e3o-PRPPGI-2020.pdf\">Edital de sele\u00e7\u00e3o 27-2020 -PPG em Microbiologia e Parasitologia &#8211; Aluno Regular &#8211; Vagas Remanescentes<\/a><\/li>\n<li><a href=\"https:\/\/wp.ufpel.edu.br\/prppgi\/files\/2020\/02\/SEI_UFPel-0873475-Edital-de-sele\u00e7\u00e3o-PRPPGI-24-02.pdf\">Edital de Sele\u00e7\u00e3o 24-2020 &#8211; PPG\u00a0 em Arquitetura e Urbanismo &#8211; Aluno Especial<\/a><\/li>\n<li><a href=\"https:\/\/wp.ufpel.edu.br\/prppgi\/files\/2020\/02\/SEI_UFPel-0873684-Edital-de-sele\u00e7\u00e3o-PRPPGI-2020.pdf\">Edital de sele\u00e7\u00e3o 25-2020 &#8211; PPG em Educa\u00e7\u00e3o Matem\u00e1tica &#8211; Aluno Especial<\/a><\/li>\n<li><a href=\"https:\/\/wp.ufpel.edu.br\/prppgi\/files\/2020\/02\/Edital-de-sele\u00e7\u00e3o-PRPPGI-18-PPG-Geografia-Aluno-Especial.pdf\">Edital de sele\u00e7\u00e3o 18-2020 &#8211; PPG Geografia Aluno Especial<\/a><\/li>\n<li><a href=\"https:\/\/wp.ufpel.edu.br\/prppgi\/files\/2020\/02\/Edital-de-sele\u00e7\u00e3o-17-PPG-Sistema-de-Produ\u00e7\u00e3o-Agr\u00edcol-Familiar-Aluno-Especial.pdf\">Edital de sele\u00e7\u00e3o 17-2020 &#8211; PPG Sistema de Produ\u00e7\u00e3o Agr\u00edcola e Familiar Aluno Especial<\/a><\/li>\n<li><a href=\"https:\/\/wp.ufpel.edu.br\/prppgi\/files\/2020\/02\/Edital-de-sele\u00e7\u00e3o-15-2020-PPG-em-Organiza\u00e7\u00f5es-e-Mercados-Aluno-Especial.pdf\">Edital de sele\u00e7\u00e3o 15-2020 &#8211; PPG em Organiza\u00e7\u00f5es e Mercados &#8211; Aluno Especial<\/a><\/li>\n<li><a href=\"https:\/\/wp.ufpel.edu.br\/prppgi\/files\/2020\/02\/Edital-de-sele\u00e7\u00e3o-12-2020-PPG-em-Ci\u00eancia-Pol\u00edtica-Aluno-Especial.pdf\">Edital de sele\u00e7\u00e3o 12-2020 &#8211; PPG em Ci\u00eancia Pol\u00edtica &#8211; Aluno Especial<\/a><\/li>\n<li><a href=\"https:\/\/wp.ufpel.edu.br\/prppgi\/files\/2020\/02\/Edital-de-sele\u00e7\u00e3o-14-2020-PPG-em-Educa\u00e7\u00e3o-F\u00edsica-Aluno-Especial.pdf\">Edital de sele\u00e7\u00e3o 14-2020 &#8211; PPG em Educa\u00e7\u00e3o F\u00edsica &#8211; Aluno Especial<\/a><\/li>\n<li><a href=\"https:\/\/wp.ufpel.edu.br\/prppgi\/files\/2020\/02\/Edital-de-sele\u00e7\u00e3o-16-2020-PPG-em-Entomologia-Aluno-Especial.pdf\">Edital de sele\u00e7\u00e3o 16-2020 &#8211; PPG em Entomologia &#8211; Aluno Especial<\/a><\/li>\n<li><a href=\"https:\/\/wp.ufpel.edu.br\/prppgi\/files\/2020\/02\/Edital-de-sele\u00e7\u00e3o-13-2020-PPG-em-Antropologia-Aluno-Especial.pdf\">Edital de sele\u00e7\u00e3o 13-2020 &#8211; PPG em Antropologia &#8211; Aluno Especial<\/a><\/li>\n<li><a href=\"https:\/\/wp.ufpel.edu.br\/prppgi\/files\/2020\/02\/Edital-de-sele\u00e7\u00e3o-11-2020-PPG-em-Desenvolvimento-Territorial-e-Sistemas-Agroindustriais-Aluno-Regular-Mestrado.pdf\">Edital de sele\u00e7\u00e3o 11-2020 &#8211; PPG em Desenvolvimento Territorial e Sistemas Agroindustriais &#8211; Aluno Regular Mestrado<\/a><\/li>\n<li><a href=\"https:\/\/wp.ufpel.edu.br\/prppgi\/files\/2020\/02\/Edital-de-sele\u00e7\u00e3o-10-2020-Especializa\u00e7\u00e3o-em-Ensino-da-Filosofia.pdf\">Edital de sele\u00e7\u00e3o 10-2020 &#8211; Especializa\u00e7\u00e3o em Ensino da Filosofia\u00a0 EAD &#8211; Aluno Regular<\/a><\/li>\n<li><a href=\"https:\/\/wp.ufpel.edu.br\/prppgi\/files\/2020\/02\/Edital-de-sele\u00e7\u00e3o-09-2020-PPG-Filosofia-Aluno-Regular-Mestrado.pdf\">Edital de sele\u00e7\u00e3o 09-2020 &#8211; PPG Filosofia &#8211; Aluno Regular Mestrado<\/a><\/li>\n<li><a href=\"https:\/\/wp.ufpel.edu.br\/prppgi\/files\/2020\/02\/Edital-de-sele\u00e7\u00e3o-08-2020-Especializa\u00e7\u00e3o-em-Gest\u00e3o-P\u00fablica-e-Desenvolvimento-Regional-Aluno-regular.pdf\">Edital de sele\u00e7\u00e3o 08-2020 &#8211; Especializa\u00e7\u00e3o em Gest\u00e3o P\u00fablica e Desenvolvimento Regional &#8211; Aluno regular<\/a>\n<ul>\n<li><a href=\"https:\/\/wp.ufpel.edu.br\/prppgi\/files\/2020\/02\/SEI_UFPel-0877132-Edital-de-sele\u00e7\u00e3o-PRPPGI.pdf\">Edital de Retifica\u00e7\u00e3o 29-2020 &#8211; Especializa\u00e7\u00e3o em Gest\u00e3o P\u00fablica e Desenvolvimento Regional<\/a><\/li>\n<li><a href=\"https:\/\/wp.ufpel.edu.br\/prppgi\/files\/2020\/04\/Edital-de-Retifica\u00e7\u00e3o-11-2020-Especializa\u00e7\u00e3o-em-Gest\u00e3o-P\u00fablica-e-Desenvolvimento-Regional.pdf\">Edital de Retifica\u00e7\u00e3o 11 &#8211; 2020 Especializa\u00e7\u00e3o em Gest\u00e3o P\u00fablica e Desenvolvimento Regional<\/a><\/li>\n<li><a href=\"https:\/\/wp.ufpel.edu.br\/prppgi\/files\/2020\/05\/Edital-de-Retifica\u00e7\u00e3o-12-2020-Especializa\u00e7\u00e3o-em-Gest\u00e3o-P\u00fablica-e-Desenvolvimento-Regional.pdf\">Edital de Retifica\u00e7\u00e3o 12 &#8211; 2020 Especializa\u00e7\u00e3o em Gest\u00e3o P\u00fablica e Desenvolvimento Regional<\/a><\/li>\n<\/ul>\n<\/li>\n<li><a href=\"https:\/\/wp.ufpel.edu.br\/prppgi\/files\/2020\/01\/Edital-de-sele\u00e7\u00e3o-07-2020-PPG-Filosofia-Aluno-Regular-Doutorado.pdf\">Edital de sele\u00e7\u00e3o 07-2020 &#8211; PPG Filosofia &#8211; Aluno Regular Doutorado<\/a><\/li>\n<li><a href=\"https:\/\/wp.ufpel.edu.br\/prppgi\/files\/2020\/01\/Edital-6_Letras_Al-Espec..pdf\">Edital de Sele\u00e7\u00e3o 06-2020 &#8211; PPG em Letras_Aluno Especial &#8211; Mestrado e Doutorado<\/a><\/li>\n<li><a href=\"https:\/\/wp.ufpel.edu.br\/prppgi\/files\/2020\/01\/Edital-5_Comput_Al-Espec.pdf\">Edital de Sele\u00e7\u00e3o 05-2020 &#8211; PPG em Computa\u00e7\u00e3o_- Aluno Especial &#8211; Mestrado e Doutorado<\/a>\n<ul>\n<li><a href=\"https:\/\/wp.ufpel.edu.br\/prppgi\/files\/2020\/02\/Edital-de-Retifica\u00e7\u00e3o-05-2020-PPG-em-Computa\u00e7\u00e3o-Mestrado.pdf\">Edital de Retifica\u00e7\u00e3o 05-2020 PPG em Computa\u00e7\u00e3o<\/a><\/li>\n<\/ul>\n<\/li>\n<li><a href=\"https:\/\/wp.ufpel.edu.br\/prppgi\/files\/2020\/01\/Edital-4_Direito_Al-Esp.pdf\">Edital de Sele\u00e7\u00e3o 04-2020 &#8211; PPG em Direito &#8211; Aluno Especial &#8211; Mestrado<\/a><\/li>\n<li><a href=\"https:\/\/wp.ufpel.edu.br\/prppgi\/files\/2020\/01\/Edital-3_Artes-Vis_Al-Espec.pdf\">Edital de Sele\u00e7\u00e3o 03-2020 &#8211; PPG PPG em Artes Visuais &#8211; Aluno Especial &#8211; Mestrado<\/a>\n<ul>\n<li><a href=\"https:\/\/wp.ufpel.edu.br\/prppgi\/files\/2020\/02\/Edital-de-Retifica\u00e7\u00e3o-06-2020-PPG-em-Artes-Visuais.pdf\">Edital de Retifica\u00e7\u00e3o 06-2020 PPG em Artes Visuais<\/a><\/li>\n<\/ul>\n<\/li>\n<li><a href=\"https:\/\/wp.ufpel.edu.br\/prppgi\/files\/2020\/01\/SEI_UFPel-0842632-Edital-de-sele\u00e7\u00e3o-PRPPGI.pdf\">Edital de sele\u00e7\u00e3o 02-2020 &#8211; PPG em Enfermagem &#8211; Aluno Regular Estrangeiro &#8211; Doutorado<\/a><\/li>\n<li><a href=\"https:\/\/wp.ufpel.edu.br\/prppgi\/files\/2020\/01\/SEI_UFPel-0838208-Edital-de-sele\u00e7\u00e3o-PRPPGI.pdf\">Edital de sele\u00e7\u00e3o 01-2020 &#8211; PPG em Enfermagem &#8211; Aluno Regular &#8211; Mestrado e Doutorado<\/a><\/li>\n<li><a href=\"https:\/\/wp.ufpel.edu.br\/prppgi\/files\/2020\/01\/SEI_UFPel-0835537-Edital-de-sele\u00e7\u00e3o-PRPPGI.pdf\">Edital de sele\u00e7\u00e3o 196-2019- Curso de P\u00f3s Gradua\u00e7\u00e3o Lato Sensu &#8211; Especializa\u00e7\u00e3o em Artes<\/a>\n<ul>\n<li><a href=\"https:\/\/wp.ufpel.edu.br\/prppgi\/files\/2020\/02\/Edital-de-Retifica\u00e7\u00e3o-07-2020-Especializa\u00e7\u00e3o-em-Artes-Aluno-Regular.pdf\">Edital de Retifica\u00e7\u00e3o 07-2020 Especializa\u00e7\u00e3o em Artes &#8211; Aluno Regular<\/a><\/li>\n<\/ul>\n<\/li>\n<li><a href=\"https:\/\/wp.ufpel.edu.br\/prppgi\/files\/2020\/01\/SEI_UFPel-0836223-Edital-de-sele\u00e7\u00e3o-PRPPGI.pdf\">Edital de sele\u00e7\u00e3o 199-2019 &#8211; PPG em Ci\u00eancia e Engenharia de Materiais &#8211; Aluno Regular Doutorado<\/a>\n<ul>\n<li><a href=\"https:\/\/wp.ufpel.edu.br\/prppgi\/files\/2020\/02\/Edital-de-Retifica\u00e7\u00e3o-03-2020-PPG-em-Ci\u00eancia-e-Engenharia-de-Materiais-Doutorado.pdf\">Edital de Retifica\u00e7\u00e3o 03-2020 PPG em Ci\u00eancia e Engenharia de Materiais &#8211; Doutorado<\/a><\/li>\n<\/ul>\n<\/li>\n<li><a href=\"https:\/\/wp.ufpel.edu.br\/prppgi\/files\/2020\/01\/Edital-de-sele\u00e7\u00e3o-197-2019-PPG-Geografia-Aluno-Regular-Mestrado.pdf\">Edital de sele\u00e7\u00e3o 197-2019 &#8211; PPG Geografia Aluno Regular &#8211; Mestrado<\/a><\/li>\n<li><a href=\"https:\/\/wp.ufpel.edu.br\/prppgi\/files\/2020\/01\/Edital-de-sele\u00e7\u00e3o-195-2019-PPG-Zootecnia-Aluno-Regular-Mestrado-e-Doutorado.pdf\">Edital de sele\u00e7\u00e3o 195-2019 &#8211; PPG Zootecnia Aluno Regular &#8211; Mestrado e Doutorado<\/a><\/li>\n<li><a href=\"https:\/\/wp.ufpel.edu.br\/prppgi\/files\/2020\/01\/Edital-de-sele\u00e7\u00e3o-194-2019-PPG-Agronomia-Aluno-Regular-Mestrado-e-Doutorado.pdf\">Edital de sele\u00e7\u00e3o 194-2019 &#8211; PPG Agronomia Aluno Regular &#8211; Mestrado e Doutorado<\/a><\/li>\n<li><a href=\"https:\/\/wp.ufpel.edu.br\/prppgi\/files\/2019\/12\/Edital-de-sele\u00e7\u00e3o-188-2019-PPG-Educa\u00e7\u00e3o-Aluno-Regular-Mestrado-e-Doutorado.pdf\">Edital de sele\u00e7\u00e3o 188-2019 &#8211; PPG Educa\u00e7\u00e3o &#8211; Aluno Regular Mestrado e Doutorado<\/a>\n<ul>\n<li><a href=\"https:\/\/wp.ufpel.edu.br\/prppgi\/files\/2020\/06\/Edital-de-Retifica\u00e7\u00e3o-14-2020-PPG-em-Educa\u00e7\u00e3o.pdf\">Edital de Retifica\u00e7\u00e3o 14-2020 PPG em Educa\u00e7\u00e3o &#8211;\u00a0 Aluno regular Mestrado e Doutorado<\/a><\/li>\n<\/ul>\n<\/li>\n<li><a href=\"https:\/\/wp.ufpel.edu.br\/prppgi\/files\/2019\/12\/Edital-de-sele\u00e7\u00e3o-193-2019-PPG-Ensino-de-Ci\u00eancias-e-Matem\u00e1tica-Aluno-Especial.pdf\">Edital de sele\u00e7\u00e3o 193-2019 &#8211; PPG Ensino de Ci\u00eancias e Matem\u00e1tica &#8211; Aluno Especial<\/a><\/li>\n<li><a href=\"https:\/\/wp.ufpel.edu.br\/prppgi\/files\/2019\/12\/Edital-de-sele\u00e7\u00e3o-192-2019-PPG-Ci\u00eancia-e-Engenharia-de-Materiais-Aluno-Regular-Mestrado.pdf\">Edital de sele\u00e7\u00e3o 192-2019 &#8211; PPG Ci\u00eancia e Engenharia de Materiais Aluno Regular Mestrado<\/a>\n<ul>\n<li><a href=\"https:\/\/wp.ufpel.edu.br\/prppgi\/files\/2020\/02\/Edital-de-Retifica\u00e7\u00e3o-04-2020-PPG-em-Ci\u00eancia-e-Engenharia-de-Materiais-Mestrado.pdf\">Edital de Retifica\u00e7\u00e3o 04-2020 PPG em Ci\u00eancia e Engenharia de Materiais &#8211; Mestrado<\/a><\/li>\n<li><a href=\"https:\/\/wp.ufpel.edu.br\/prppgi\/files\/2020\/02\/Edital-de-Retifica\u00e7\u00e3o-08-2020-PPG-em-Ci\u00eancia-e-Engenharia-de-Materiais.pdf\">Edital de Retifica\u00e7\u00e3o 08-2020 PPG em Ci\u00eancia e Engenharia de Materiais<\/a><\/li>\n<\/ul>\n<\/li>\n<li><a href=\"https:\/\/wp.ufpel.edu.br\/prppgi\/files\/2019\/12\/Edital-de-sele\u00e7\u00e3o-189-2019-PPG-Ci\u00eancia-e-Tecnologia-de-Sementes-Aluno-Regular.pdf\">Edital de sele\u00e7\u00e3o 189-2019 &#8211; PPG Ci\u00eancia e Tecnologia de Sementes Aluno Regular<\/a><\/li>\n<li><a href=\"https:\/\/wp.ufpel.edu.br\/prppgi\/files\/2019\/12\/Edital-de-sele\u00e7\u00e3o-186-2019-PPG-Nutri\u00e7\u00e3o-e-Alimentos-Aluno-Regular-Mestrado.pdf\">Edital de sele\u00e7\u00e3o 186-2019 &#8211; PPG Nutri\u00e7\u00e3o e Alimentos Aluno Regular Mestrado<\/a><\/li>\n<li><a href=\"https:\/\/wp.ufpel.edu.br\/prppgi\/files\/2019\/12\/SEI_UFPel-0830348-Edital-de-sele\u00e7\u00e3o-PRPPGI.pdf\">Edital de sele\u00e7\u00e3o 191-2019 &#8211; PPG Microbiologia e Parasitologia &#8211; Aluno Regular Mestrado e Doutorado<\/a>\n<ul>\n<li><a href=\"https:\/\/wp.ufpel.edu.br\/prppgi\/files\/2020\/01\/SEI_UFPel-0838375-Edital-de-Retifica\u00e7\u00e3o-PRPPGI.pdf\">Edital de Retifica\u00e7\u00e3o 01-2020 &#8211; PPG Microbiologia e Parasitologia &#8211; Aluno Regular Mestrado e Doutorado<\/a><\/li>\n<\/ul>\n<\/li>\n<li><a href=\"https:\/\/wp.ufpel.edu.br\/prppgi\/files\/2019\/12\/Edital-de-sele\u00e7\u00e3o-187-2019-PPG-Nutri\u00e7\u00e3o-e-Alimentos-Aluno-Regular-Doutorado.pdf\">Edital de sele\u00e7\u00e3o 187-2019 &#8211; PPG Nutri\u00e7\u00e3o e Alimentos Aluno Regular Doutorado<\/a><\/li>\n<li><a href=\"https:\/\/wp.ufpel.edu.br\/prppgi\/files\/2019\/12\/Edital-de-sele\u00e7\u00e3o-185-2019-PPG-Sociologia-Aluno-Especial.pdf\">Edital de sele\u00e7\u00e3o 185-2019 &#8211; PPG Sociologia Aluno Especial<\/a><\/li>\n<li><a href=\"https:\/\/wp.ufpel.edu.br\/prppgi\/files\/2019\/12\/Edital-de-sele\u00e7\u00e3o-184-2019-PPG-Bioqu\u00edmica-e-Bioprospec\u00e7\u00e3o-Aluno-Regular-Mestrado.pdf\">Edital de sele\u00e7\u00e3o 184-2019 &#8211; PPG Bioqu\u00edmica e Bioprospec\u00e7\u00e3o Aluno Regular Mestrado<\/a><\/li>\n<li><a href=\"https:\/\/wp.ufpel.edu.br\/prppgi\/files\/2019\/12\/Edital-de-sele\u00e7\u00e3o-183-2019-PPG-Bioqu\u00edmica-e-Bioprospec\u00e7\u00e3o-Aluno-Regular-Doutorado.pdf\">Edital de sele\u00e7\u00e3o 183-2019 &#8211; PPG Bioqu\u00edmica e Bioprospec\u00e7\u00e3o Aluno Regular Doutorado<\/a><\/li>\n<li><a href=\"https:\/\/wp.ufpel.edu.br\/prppgi\/files\/2019\/12\/Edital-de-sele\u00e7\u00e3o-182-2019-PPG-Ci\u00eancias-Ambientais-Aluno-Especial-Mestrado.pdf\">Edital de sele\u00e7\u00e3o 182-2019 &#8211; PPG Ci\u00eancias Ambientais Aluno Especial Mestrado<\/a><\/li>\n<li><a href=\"https:\/\/wp.ufpel.edu.br\/prppgi\/files\/2019\/12\/Edital-de-sele\u00e7\u00e3o-181-2019-PPG-Epidemiologia-Aluno-Regular-Doutorado.pdf\">Edital de sele\u00e7\u00e3o 181-2019 &#8211; PPG Epidemiologia Aluno Regular Doutorado<\/a>\n<ul>\n<li><a href=\"https:\/\/wp.ufpel.edu.br\/prppgi\/files\/2020\/01\/Edital-de-Retifica\u00e7\u00e3o-02-2020-PPG-em-Epidemiologia.pdf\">Edital de Retifica\u00e7\u00e3o 02-2020 PPG em Epidemiologia<\/a><\/li>\n<\/ul>\n<\/li>\n<li><a href=\"https:\/\/wp.ufpel.edu.br\/prppgi\/files\/2019\/12\/Edital-de-sele\u00e7\u00e3o-180-2019-PPG-Veterin\u00e1ria-Aluno-Regular-Mestrado-e-Doutorado.pdf\">Edital de sele\u00e7\u00e3o 180-2019 &#8211; PPG Veterin\u00e1ria Aluno Regular Mestrado e Doutorado<\/a><\/li>\n<li><a href=\"https:\/\/wp.ufpel.edu.br\/prppgi\/files\/2019\/12\/SEI_UFPel-0808641-Edital-de-sele\u00e7\u00e3o-PRPPGI.pdf\">Edital de sele\u00e7\u00e3o 177-2019- PPG em Ensino de Ci\u00eancias e Matem\u00e1tica &#8211; Aluno Regular Mestrado Profissional<\/a>\n<ul>\n<li><a href=\"https:\/\/wp.ufpel.edu.br\/prppgi\/files\/2019\/12\/Edital-de-Retifica\u00e7\u00e3o-37-2019-PPG-em-Ensino-de-Ci\u00eancias-e-Matem\u00e1tica.pdf\">Edital de Retifica\u00e7\u00e3o 37-2019 PPG em Ensino de Ci\u00eancias e Matem\u00e1tica<\/a><\/li>\n<\/ul>\n<\/li>\n<li><a href=\"https:\/\/wp.ufpel.edu.br\/prppgi\/files\/2019\/12\/Edital-de-sele\u00e7\u00e3o-179-2019-PPG-em-Sociologia-Aluno-Regular-Mestrado.pdf\">Edital de sele\u00e7\u00e3o 179-2019 &#8211; PPG em Sociologia &#8211; Aluno Regular Mestrado<\/a><\/li>\n<li><a href=\"https:\/\/wp.ufpel.edu.br\/prppgi\/files\/2019\/12\/Edital-de-sele\u00e7\u00e3o-178-2019-PPG-em-Sociologia-Aluno-Regular-Doutorado.pdf\">Edital de sele\u00e7\u00e3o 178-2019 &#8211; PPG em Sociologia &#8211; Aluno Regular Doutorado<\/a><\/li>\n<li><a href=\"https:\/\/wp.ufpel.edu.br\/prppgi\/files\/2019\/12\/SEI_UFPel-0808396-Edital-de-sele\u00e7\u00e3o-PRPPGI.pdf\">Edital de sele\u00e7\u00e3o 175-2019 &#8211; PPG em Educa\u00e7\u00e3o Matem\u00e1tica &#8211; Aluno Regular Mestrado\u00a0<\/a><\/li>\n<li><a href=\"https:\/\/wp.ufpel.edu.br\/prppgi\/files\/2019\/12\/SEI_UFPel-0808563-Edital-de-sele\u00e7\u00e3o-PRPPGI.pdf\">Edital de sele\u00e7\u00e3o 176-2019 &#8211; PPG em Ci\u00eancia Pol\u00edtica &#8211; Aluno Regular Doutorado\u00a0<\/a>\n<ul>\n<li><a href=\"https:\/\/wp.ufpel.edu.br\/prppgi\/files\/2020\/05\/SEI_UFPel-0950385-Edital-de-Retifica\u00e7\u00e3o-PRPPGI.pdf\">Edital de Retifica\u00e7\u00e3o 13-2020 &#8211; PPG em Ci\u00eancia Pol\u00edtica &#8211; Aluno Regular Doutorado<\/a><\/li>\n<\/ul>\n<\/li>\n<li><a href=\"https:\/\/wp.ufpel.edu.br\/prppgi\/files\/2019\/12\/SEI_UFPel-0806707-Edital-de-sele\u00e7\u00e3o-PRPPGI.pdf\">Edital de sele\u00e7\u00e3o 174-2019 &#8211; PPG em Ci\u00eancias Ambientais &#8211; Aluno Regular Mestrado<\/a>\n<ul>\n<li><a href=\"https:\/\/wp.ufpel.edu.br\/prppgi\/files\/2020\/01\/Edital-de-Retifica\u00e7\u00e3o-41-2019-PPG-Ci\u00eancias-Ambientais.pdf\">Edital de Retifica\u00e7\u00e3o 41-2019 &#8211; PPG Ci\u00eancias Ambientais<\/a><\/li>\n<\/ul>\n<\/li>\n<li><a href=\"https:\/\/wp.ufpel.edu.br\/prppgi\/files\/2019\/12\/SEI_UFPel-0799326-Edital-de-sele\u00e7\u00e3o-PRPPGI.pdf\">Edital de sele\u00e7\u00e3o 169-2019 &#8211; PPG em F\u00edsica &#8211; Aluno Regular Mestrado<\/a>\n<ul>\n<li><a href=\"https:\/\/wp.ufpel.edu.br\/prppgi\/files\/2019\/12\/Edital-de-Retifica\u00e7\u00e3o-40-2019-PPG-em-F\u00edsica-Mestrado.pdf\">Edital de Retifica\u00e7\u00e3o 40-2019 PPG em F\u00edsica Mestrado<\/a><\/li>\n<\/ul>\n<\/li>\n<li><a href=\"https:\/\/wp.ufpel.edu.br\/prppgi\/files\/2019\/12\/SEI_UFPel-0799313-Edital-de-sele\u00e7\u00e3o-PRPPGI.pdf\">Edital de sele\u00e7\u00e3o 168-2019 &#8211; PPG em F\u00edsica &#8211; Aluno Regular Doutorado<\/a>\n<ul>\n<li><a href=\"https:\/\/wp.ufpel.edu.br\/prppgi\/files\/2019\/12\/Edital-de-Retifica\u00e7\u00e3o-39-2019-PPG-em-F\u00edsica-Doutorado.pdf\">Edital de Retifica\u00e7\u00e3o 39-2019 PPG em F\u00edsica Doutorado<\/a><\/li>\n<\/ul>\n<\/li>\n<li><a href=\"https:\/\/wp.ufpel.edu.br\/prppgi\/files\/2019\/12\/Edital-de-sele\u00e7\u00e3o-173-2019-Especializa\u00e7\u00e3o-em-Ci\u00eancia-e-Tecnologia-de-Alimentos-Aluno-Regular.pdf\">Edital de sele\u00e7\u00e3o 173-2019 &#8211; Especializa\u00e7\u00e3o em Ci\u00eancia e Tecnologia de Alimentos &#8211; Aluno Regular<\/a><\/li>\n<li><a href=\"https:\/\/wp.ufpel.edu.br\/prppgi\/files\/2019\/12\/Edital-de-sele\u00e7\u00e3o-172-2019-PPG-em-Arquitetura-e-Urbanismo-Aluno-Regular-Mestrado.pdf\">Edital de sele\u00e7\u00e3o 172-2019 &#8211; PPG em Arquitetura e Urbanismo &#8211; Aluno Regular Mestrado<\/a><\/li>\n<li><a href=\"https:\/\/wp.ufpel.edu.br\/prppgi\/files\/2019\/12\/Edital-de-sele\u00e7\u00e3o-171-2019-PPG-em-Hist\u00f3ria-Aluno-Regular-Mestrado.pdf\">Edital de sele\u00e7\u00e3o 171-2019 &#8211; PPG em Hist\u00f3ria &#8211; Aluno Regular Mestrado<\/a><\/li>\n<li><a href=\"https:\/\/wp.ufpel.edu.br\/prppgi\/files\/2019\/12\/Edital-de-sele\u00e7\u00e3o-166-2019-PPG-em-Hist\u00f3ria-Aluno-Regular-Doutorado.pdf\">Edital de sele\u00e7\u00e3o 166-2019 &#8211; PPG em Hist\u00f3ria &#8211; Aluno Regular Doutorado<\/a><\/li>\n<li><a href=\"https:\/\/wp.ufpel.edu.br\/prppgi\/files\/2019\/11\/Edital-de-sele\u00e7\u00e3o-165-2019-PPG-em-Biologia-Animal-Aluno-Regular-Mestrado.pdf\">Edital de sele\u00e7\u00e3o 165-2019 &#8211; PPG em Biologia Animal &#8211; Aluno Regular Mestrado<\/a>\n<ul>\n<li><a href=\"https:\/\/wp.ufpel.edu.br\/prppgi\/files\/2019\/12\/Edital-de-retifica\u00e7\u00e3o-36-2019-PPG-em-Biologia-Animal-Aluno-Regular.pdf\">Edital de Retifica\u00e7\u00e3o 36-2019 &#8211; PPG em Biologia Animal &#8211; Aluno Regular<\/a><\/li>\n<\/ul>\n<\/li>\n<li><a href=\"https:\/\/wp.ufpel.edu.br\/prppgi\/files\/2019\/11\/Edital-de-sele\u00e7\u00e3o-164-2019-PPG-em-Qu\u00edmica-Aluno-Regular-Mestrado-e-Doutorado.pdf\">Edital de sele\u00e7\u00e3o 164-2019 &#8211; PPG em Qu\u00edmica &#8211; Aluno Regular Mestrado e Doutorado<\/a><\/li>\n<li><a href=\"https:\/\/wp.ufpel.edu.br\/prppgi\/files\/2019\/11\/Edital-de-sele\u00e7\u00e3o-163-2019-Especializa\u00e7\u00e3o-em-Ci\u00eancia-e-Tecnologia-de-Sementes-Aluno-Regular.pdf\">Edital de sele\u00e7\u00e3o 163-2019 &#8211; Especializa\u00e7\u00e3o em Ci\u00eancia e Tecnologia de Sementes &#8211; Aluno Regular<\/a><\/li>\n<li><a href=\"https:\/\/wp.ufpel.edu.br\/prppgi\/files\/2019\/11\/Edital-de-sele\u00e7\u00e3o-162-2019-PPG-em-Ci\u00eancia-e-Tecnologia-de-Alimentos-Aluno-Regular-Mestrado-Profissional.pdf\">Edital de sele\u00e7\u00e3o 162-2019 &#8211; PPG em Ci\u00eancia e Tecnologia de Alimentos &#8211; Aluno Regular Mestrado Profissional<\/a><\/li>\n<li><a href=\"https:\/\/wp.ufpel.edu.br\/prppgi\/files\/2019\/11\/Edital-de-sele\u00e7\u00e3o-158-2019-PPG-em-Computa\u00e7\u00e3o-Aluno-Regular-Mestrado-e-Doutorado.pdf\">Edital de sele\u00e7\u00e3o 158-2019 &#8211; PPG em Computa\u00e7\u00e3o &#8211; Aluno Regular Mestrado e Doutorado<\/a>\n<ul>\n<li><a href=\"https:\/\/wp.ufpel.edu.br\/prppgi\/files\/2019\/12\/Edital-de-Retifica\u00e7\u00e3o-38-2019-PPG-em-Computa\u00e7\u00e3o.pdf\">Edital de Retifica\u00e7\u00e3o 38-2019 PPG em Computa\u00e7\u00e3o<\/a><\/li>\n<\/ul>\n<\/li>\n<li><a href=\"https:\/\/wp.ufpel.edu.br\/prppgi\/files\/2019\/11\/Edital-de-sele\u00e7\u00e3o-151-2019-Agronomia-Aluno-Regular.pdf\">Edital de sele\u00e7\u00e3o 151-2019 Agronomia &#8211; Aluno Regular<\/a>\n<ul>\n<li><a href=\"https:\/\/wp.ufpel.edu.br\/prppgi\/files\/2019\/11\/Edital-de-Retifica\u00e7\u00e3o-35-2019-PPG-Agronomia.pdf\">Edital de Retifica\u00e7\u00e3o 35 &#8211; 2019 PPG Agronomia<\/a><\/li>\n<\/ul>\n<\/li>\n<li><a href=\"https:\/\/wp.ufpel.edu.br\/prppgi\/files\/2019\/11\/Edital-de-sele\u00e7\u00e3o-161-2019-PPG-em-Entomologia-Aluno-Regular.pdf\">Edital de sele\u00e7\u00e3o 161-2019 &#8211; PPG em Entomologia &#8211; Mestrado Aluno Regular<\/a><\/li>\n<li><a href=\"https:\/\/wp.ufpel.edu.br\/prppgi\/files\/2019\/11\/Edital-de-sele\u00e7\u00e3o-155-PPG-em-Sistemas-de-Produ\u00e7\u00e3o-Agricola-Familiar.pdf\">Edital de sele\u00e7\u00e3o 155 PPG Sistemas de Produ\u00e7\u00e3o Agricola Familiar<\/a><\/li>\n<li><a href=\"https:\/\/wp.ufpel.edu.br\/prppgi\/files\/2019\/11\/Edital-de-sele\u00e7\u00e3o-159-COREMU.pdf\">Edital de sele\u00e7\u00e3o 159 &#8211; COREMU<\/a><\/li>\n<li><a href=\"https:\/\/wp.ufpel.edu.br\/prppgi\/files\/2019\/11\/Edital-de-sele\u00e7\u00e3o-152-PPG-Ci\u00eancia-Pol\u00edtica-Aluno-Regular.pdf\">Edital de sele\u00e7\u00e3o 152 PPG Ci\u00eancia Pol\u00edtica &#8211; Aluno Regular<\/a>\n<ul>\n<li><a href=\"https:\/\/wp.ufpel.edu.br\/prppgi\/files\/2019\/11\/Edital-de-Retifica\u00e7\u00e3o-33-PPG-Recursos-H\u00eddricos.pdf\">Edital de Retifica\u00e7\u00e3o 33 PPG Recursos H\u00eddricos<\/a><\/li>\n<\/ul>\n<\/li>\n<li><a href=\"https:\/\/wp.ufpel.edu.br\/prppgi\/files\/2019\/11\/Edital-de-sele\u00e7\u00e3o-150-PPG-Biotecnologia-Aluno-Regular.pdf\">Edital de sele\u00e7\u00e3o 150 PPG Biotecnologia &#8211; Aluno Regular<\/a>\n<ul>\n<li><a href=\"https:\/\/wp.ufpel.edu.br\/prppgi\/files\/2019\/11\/Edital-de-Retifica\u00e7\u00e3o-34-2019-PPG-Biotecnologia.pdf\">Edital de Retifica\u00e7\u00e3o 34-2019 PPG Biotecnologia<\/a><\/li>\n<\/ul>\n<\/li>\n<li><a href=\"https:\/\/wp.ufpel.edu.br\/prppgi\/files\/2019\/11\/Edital-de-sele\u00e7\u00e3o-140-PPG-Geografia-Aluno-Regular.pdf\">Edital de sele\u00e7\u00e3o 140 PPG Geografia &#8211; Aluno Regular<\/a><\/li>\n<li><a href=\"https:\/\/wp.ufpel.edu.br\/prppgi\/files\/2019\/10\/Edital-de-sele\u00e7\u00e3o-149-2019-Programa-de-P\u00f3s-Gradua\u00e7\u00e3o-em-Metereologia-Mestrado-Aluno-Regular.pdf\">Edital de sele\u00e7\u00e3o 149-2019 Programa de P\u00f3s-Gradua\u00e7\u00e3o em Meteorologia &#8211; Mestrado Aluno Regular<\/a><\/li>\n<li><a href=\"https:\/\/wp.ufpel.edu.br\/prppgi\/files\/2019\/10\/Edital-de-sele\u00e7\u00e3o-148-2019-Programa-de-P\u00f3s-Gradua\u00e7\u00e3o-em-Desenvolvimento-Territorial-e-Sistemas-Agroindustriais-Mestrado-Aluno-Regular.pdf\">Edital de sele\u00e7\u00e3o 148-2019 Programa de P\u00f3s-Gradua\u00e7\u00e3o em Desenvolvimento Territorial e Sistemas Agroindustriais &#8211; Mestrado Aluno Regular<\/a><\/li>\n<li><a href=\"https:\/\/wp.ufpel.edu.br\/prppgi\/files\/2019\/10\/Edital-de-sele\u00e7\u00e3o-147-2019-Programa-de-P\u00f3s-Gradua\u00e7\u00e3o-em-Modelagem-Matem\u00e1tica-Mestrado-Aluno-Regular.pdf\">Edital de sele\u00e7\u00e3o 147-2019 Programa de P\u00f3s-Gradua\u00e7\u00e3o em Modelagem Matem\u00e1tica &#8211; Mestrado Aluno Regular<\/a><\/li>\n<li><a href=\"https:\/\/wp.ufpel.edu.br\/prppgi\/files\/2019\/10\/Edital-de-sele\u00e7\u00e3o-143-PPG-Computa\u00e7\u00e3o-DINTER.pdf\">Edital de sele\u00e7\u00e3o 143 &#8211; PPG Computa\u00e7\u00e3o &#8211; DINTER<\/a><\/li>\n<li><a href=\"https:\/\/wp.ufpel.edu.br\/prppgi\/files\/2019\/10\/Edital-de-sele\u00e7\u00e3o-142-PPG-Ci\u00eancia-e-Tecnologia-de-Alimentos-Aluno-Regular.pdf\">Edital de sele\u00e7\u00e3o 142 PPG Ci\u00eancia e Tecnologia de Alimentos &#8211; Aluno Regular<\/a><\/li>\n<li><a href=\"https:\/\/wp.ufpel.edu.br\/prppgi\/files\/2019\/10\/Edital-de-sele\u00e7\u00e3o-141-PPG-Ci\u00eancia-e-Tecnologia-de-Alimentos-Aluno-Regular.pdf\">Edital de sele\u00e7\u00e3o 141 PPG Ci\u00eancia e Tecnologia de Alimentos &#8211; Aluno Regular<\/a><\/li>\n<li><a href=\"https:\/\/wp.ufpel.edu.br\/prppgi\/files\/2019\/10\/Edital-de-sele\u00e7\u00e3o-139-2019-Programa-de-Resid\u00eancia-Multiprofissional-e-em-\u00e1rea-profissional-da-sa\u00fade.pdf\">Edital de sele\u00e7\u00e3o 139-2019 Programa de Resid\u00eancia Multiprofissional e em \u00e1rea profissional da sa\u00fade<\/a><\/li>\n<li><a href=\"https:\/\/wp.ufpel.edu.br\/prppgi\/files\/2019\/09\/Edital-de-sele\u00e7\u00e3o-138-PPG-Recursos-H\u00eddricos-Aluno-Regular.pdf\">Edital de sele\u00e7\u00e3o 138 PPG Recursos H\u00eddricos &#8211; Aluno Regular<\/a><\/li>\n<li><a href=\"https:\/\/wp.ufpel.edu.br\/prppgi\/files\/2019\/09\/Edital-de-sele\u00e7\u00e3o-134-2019-PPG-em-Ci\u00eancia-e-Tecnologia-de-Alimentos-Mestrado-Aluno-Regular.pdf\">Edital de sele\u00e7\u00e3o 134-2019 PPG em Ci\u00eancia e Tecnologia de Alimentos &#8211; Mestrado Aluno Regular<\/a><\/li>\n<li><a href=\"https:\/\/wp.ufpel.edu.br\/prppgi\/files\/2019\/09\/Edital-de-sele\u00e7\u00e3o-129-PPG-sistemas-de-Produ\u00e7\u00e3o-Agr\u00edcola-Familiar-Aluno-Regular.pdf\">Edital de sele\u00e7\u00e3o 129 PPG Sistemas de Produ\u00e7\u00e3o Agr\u00edcola Familiar &#8211; Aluno Regular<\/a><\/li>\n<li><a href=\"https:\/\/wp.ufpel.edu.br\/prppgi\/files\/2019\/09\/Edital-de-sele\u00e7\u00e3o-128-2019-PPG-em-Manejo-e-Conserva\u00e7\u00e3o-do-Solo-e-da-\u00c1gua.pdf\">Edital de sele\u00e7\u00e3o 128-2019 PPG em Manejo e Conserva\u00e7\u00e3o do Solo e da \u00c1gua &#8211; Aluno Regular Mestrado e Doutorado<\/a><\/li>\n<li><a href=\"https:\/\/wp.ufpel.edu.br\/prppgi\/files\/2019\/08\/Edital-de-sele\u00e7\u00e3o-126-2019-PPG-em-Fisiologia-Vegetal-Aluno-regular-Mestrado-e-Doutorado.pdf\">Edital de sele\u00e7\u00e3o 126-2019 PPG em Fisiologia Vegetal &#8211; Aluno regular Mestrado e Doutorado<\/a><\/li>\n<li><a href=\"https:\/\/wp.ufpel.edu.br\/prppgi\/files\/2019\/08\/Edital-de-sele\u00e7\u00e3o-127-2019-Sela\u00e7\u00e3o-de-candidatos-para-Resid\u00eancia-M\u00e9dica-COREME.pdf\">Edital de sele\u00e7\u00e3o 127-2019 &#8211; Sela\u00e7\u00e3o de candidatos para Resid\u00eancia M\u00e9dica &#8211; COREME<\/a><\/li>\n<li><a href=\"https:\/\/wp.ufpel.edu.br\/prppgi\/files\/2019\/08\/Edital-de-sele\u00e7\u00e3o-118-PPG-Biotecnologia-Aluno-Regular.pdf\">Edital de sele\u00e7\u00e3o 118 PPG Biotecnologia &#8211; Aluno Regular<\/a><\/li>\n<li><a href=\"https:\/\/wp.ufpel.edu.br\/prppgi\/files\/2019\/08\/Edital-de-sele\u00e7\u00e3o-123-PPG-Ci\u00eancia-e-Engenharia-de-Materiais-Aluno-Regular.pdf\">Edital de sele\u00e7\u00e3o 123 PPG Ci\u00eancia e Engenharia de Materiais &#8211; Aluno Regular<\/a><\/li>\n<li><a href=\"https:\/\/wp.ufpel.edu.br\/prppgi\/files\/2019\/08\/Chamada_Publica_PROFSAUDE_turma_Multiprofissional.pdf\">Chamada_P\u00fablica_PROFSAUDE_turma_Multiprofissional<\/a><\/li>\n<li><a href=\"https:\/\/wp.ufpel.edu.br\/prppgi\/files\/2019\/08\/Edital-de-sele\u00e7\u00e3o-122-PPG-Ci\u00eancia-e-Tecnologia-e-Sementes-Aluno-Regular.pdf\">Edital de sele\u00e7\u00e3o 122 PPG Ci\u00eancia e Tecnologia e Sementes &#8211; Aluno Regular<\/a>\n<ul>\n<li><a href=\"https:\/\/wp.ufpel.edu.br\/prppgi\/files\/2019\/08\/Edital-de-Retifica\u00e7\u00e3o-28-2019-PPG-em-Ci\u00eancias-e-Tecnologia-de-Sementes.pdf\">Edital de Retifica\u00e7\u00e3o 28-2019 PPG em Ci\u00eancias e Tecnologia de Sementes &#8211; Aluno regular<\/a><\/li>\n<\/ul>\n<\/li>\n<li><a href=\"https:\/\/wp.ufpel.edu.br\/prppgi\/files\/2019\/08\/Edital-de-sele\u00e7\u00e3o-121-PPG-Enfermagem-Aluno-Especial.pdf\">Edital de sele\u00e7\u00e3o 121 PPG Enfermagem &#8211; Aluno Especial<\/a><\/li>\n<li><a href=\"https:\/\/wp.ufpel.edu.br\/prppgi\/files\/2019\/08\/Edital-de-sele\u00e7\u00e3o-120-PPG-Mem\u00f3ria-Social-e-Patrimonio-Cultural-Aluno-Regular-D.pdf\">Edital de sele\u00e7\u00e3o 120 PPG Mem\u00f3ria Social e Patrim\u00f4nio Cultural &#8211; Aluno Regular D<\/a>\n<ul>\n<li><a href=\"https:\/\/wp.ufpel.edu.br\/prppgi\/files\/2019\/08\/Edital-de-Retifica\u00e7\u00e3o-30-2019-PPG-em-Mem\u00f3ria-Social-e-Patrim\u00f4nio-Cultural.pdf\">Edital de Retifica\u00e7\u00e3o 30-2019 PPG Mem\u00f3ria Social e Patrim\u00f4nio Cultural<\/a><\/li>\n<\/ul>\n<\/li>\n<li><a href=\"https:\/\/wp.ufpel.edu.br\/prppgi\/files\/2019\/08\/Edital-de-sele\u00e7\u00e3o-119-PPG-em-Mem\u00f3ria-Social-e-Patrimonio-Cultural-Aluno-Regular-M.pdf\">Edital de sele\u00e7\u00e3o 119 PPG Mem\u00f3ria Social e Patrim\u00f4nio Cultural &#8211; Aluno Regular M<\/a>\n<ul>\n<li><a href=\"https:\/\/wp.ufpel.edu.br\/prppgi\/files\/2019\/08\/Edital-de-Retifica\u00e7\u00e3o-29-2019-PPG-em-Ensino-e-Mem\u00f3ria-Social-e-Patrim\u00f4nio-Cultural.pdf\">Edital de Retifica\u00e7\u00e3o 29-2019 PPG Mem\u00f3ria Social e Patrim\u00f4nio Cultural<\/a><\/li>\n<\/ul>\n<\/li>\n<li><a href=\"https:\/\/wp.ufpel.edu.br\/prppgi\/files\/2019\/08\/Edital-de-sele\u00e7\u00e3o-86-PPG-Ci\u00eancia-e-Tecnologia-de-Alimentos-Aluno-Regular-M-1.pdf\">Edital de sele\u00e7\u00e3o 86 PPG Ci\u00eancia e Tecnologia de Alimentos &#8211; Aluno Regular M<\/a><\/li>\n<li><a href=\"https:\/\/wp.ufpel.edu.br\/prppgi\/files\/2019\/08\/Edital-de-sele\u00e7\u00e3o-87-PPG-Ci\u00eancia-e-Tecnologia-de-Alimentos-Aluno-Regular-D-1.pdf\">Edital de sele\u00e7\u00e3o 87 PPG Ci\u00eancia e Tecnologia de Alimentos &#8211; Aluno Regular D<\/a><\/li>\n<li><a href=\"https:\/\/wp.ufpel.edu.br\/prppgi\/files\/2019\/08\/Edital-de-sele\u00e7\u00e3o-117-PPG-Ci\u00eancia-e-Tecnologia-de-Sementes-Aluno-Regular.pdf\">Edital de sele\u00e7\u00e3o 117 PPG Ci\u00eancia e Tecnologia de Sementes &#8211; Aluno Regular<\/a><\/li>\n<li><a href=\"https:\/\/wp.ufpel.edu.br\/prppgi\/files\/2019\/08\/Edital-de-sele\u00e7\u00e3o-116-PPG-Letras-Aluno-Especial.pdf\">Edital de sele\u00e7\u00e3o 116 PPG Letras &#8211; Aluno Especial<\/a><\/li>\n<li><a href=\"https:\/\/wp.ufpel.edu.br\/prppgi\/files\/2019\/08\/Edital-de-sele\u00e7\u00e3o-113-PPG-Antropologia-Aluno-Especial.pdf\">Edital de sele\u00e7\u00e3o 113 PPG Antropologia &#8211; Aluno Especial<\/a><\/li>\n<li><a href=\"https:\/\/wp.ufpel.edu.br\/prppgi\/files\/2019\/08\/Edital-de-sele\u00e7\u00e3o-114-PPG-Fitossanidade-Aluno-Regular.pdf\">Edital de sele\u00e7\u00e3o 114 PPG Fitossanidade &#8211; Aluno Regular<\/a><\/li>\n<li><a href=\"https:\/\/wp.ufpel.edu.br\/prppgi\/files\/2019\/10\/Edital-de-sele\u00e7\u00e3o108-PPG-Sociologia-Aluno-especial.pdf\">Edital de sele\u00e7\u00e3o108 PPG Sociologia &#8211; Aluno especial<\/a><\/li>\n<li><a href=\"https:\/\/wp.ufpel.edu.br\/prppgi\/files\/2019\/08\/Edital-de-sele\u00e7\u00e3o-105-PPG-Ci\u00eancia-e-Engenharia-de-Materiais-Aluno-Especial.pdf\">Edital de sele\u00e7\u00e3o 105 PPG Ci\u00eancia e Engenharia de Materiais &#8211; Aluno Especial<\/a><\/li>\n<li><a href=\"https:\/\/wp.ufpel.edu.br\/prppgi\/files\/2019\/08\/Edital-de-sele\u00e7\u00e3o-110-Curso-de-Especializa\u00e7\u00e3o-em-Artes-Aluno-Especial.pdf\">Edital de sele\u00e7\u00e3o 110 Curso de Especializa\u00e7\u00e3o em Artes &#8211; Aluno Especial<\/a><\/li>\n<li><a href=\"https:\/\/wp.ufpel.edu.br\/prppgi\/files\/2019\/08\/Edital-de-sele\u00e7\u00e3o-112-PPG-Desenvolvimento-Territorial-e-Sistemas-Agroindustriais-Aluno-Especial.pdf\">Edital de sele\u00e7\u00e3o 112 PPG Desenvolvimento Territorial e Sistemas Agroindustriais &#8211; Aluno Especial<\/a><\/li>\n<li><a href=\"https:\/\/wp.ufpel.edu.br\/prppgi\/files\/2019\/08\/Edital-de-sele\u00e7\u00e3o-109-PPG-Educa\u00e7\u00e3o-F\u00edsica-Aluno-Especial.pdf\">Edital de sele\u00e7\u00e3o 109 PPG Educa\u00e7\u00e3o F\u00edsica &#8211; Aluno Especial<\/a><\/li>\n<li><a href=\"https:\/\/wp.ufpel.edu.br\/prppgi\/files\/2019\/08\/Edital-de-sele\u00e7\u00e3o-111-PPG-Bioqu\u00edmica-e-Bioprospec\u00e7\u00e3o-Aluno-Especial.pdf\">Edital de sele\u00e7\u00e3o 111 PPG Bioqu\u00edmica e Bioprospec\u00e7\u00e3o &#8211; Aluno Especial<\/a><\/li>\n<li><a href=\"https:\/\/wp.ufpel.edu.br\/prppgi\/files\/2019\/07\/Edital-de-sele\u00e7\u00e3o-104-PPG-Mem\u00f3ria-Social-e-Patrim\u00f4nio-Cultural-Aluno-Especial.pdf\">Edital de sele\u00e7\u00e3o 104 PPG Mem\u00f3ria Social e Patrim\u00f4nio Cultural &#8211; Aluno Especial<\/a><\/li>\n<li><a href=\"https:\/\/wp.ufpel.edu.br\/prppgi\/files\/2019\/07\/Edital-de-sele\u00e7\u00e3o-106-PPG-Filosofia-Aluno-Especial.pdf\">Edital de sele\u00e7\u00e3o 106 PPG Filosofia &#8211; Aluno Especial<\/a><\/li>\n<li><a href=\"https:\/\/wp.ufpel.edu.br\/prppgi\/files\/2019\/07\/Edital-de-sele\u00e7\u00e3o-107-PPG-Educa\u00e7\u00e3o-Matem\u00e1tica-Aluno-Especial.pdf\">Edital de sele\u00e7\u00e3o 107 PPG Educa\u00e7\u00e3o Matem\u00e1tica &#8211; Aluno Especial<\/a><\/li>\n<li><a href=\"https:\/\/wp.ufpel.edu.br\/prppgi\/files\/2019\/07\/Edital-de-sele\u00e7\u00e3o-98-PPG-Hist\u00f3ria-Aluno-Especial.pdf\">Edital de sele\u00e7\u00e3o 98 PPG Hist\u00f3ria &#8211; Aluno Especial<\/a><\/li>\n<li><a href=\"https:\/\/wp.ufpel.edu.br\/prppgi\/files\/2019\/07\/Edital-de-sele\u00e7\u00e3o-90-PPG-Antropologia-Aluno-Especial.pdf\">Edital de sele\u00e7\u00e3o 90 PPG Antropologia &#8211; Aluno Especial<\/a><\/li>\n<li><a href=\"https:\/\/wp.ufpel.edu.br\/prppgi\/files\/2019\/07\/Edital-de-sele\u00e7\u00e3o-93-PPG-Antropologia-Aluno-Regular-M.pdf\">Edital de sele\u00e7\u00e3o 93 PPG Antropologia &#8211; Aluno Regular M<\/a>\n<ul>\n<li><a href=\"https:\/\/wp.ufpel.edu.br\/prppgi\/files\/2019\/08\/Edital-de-Retifica\u00e7\u00e3o-27-PPG-Antropologia.pdf\">Edital de Retifica\u00e7\u00e3o 27 PPG Antropologia<\/a><\/li>\n<\/ul>\n<\/li>\n<li><a href=\"https:\/\/wp.ufpel.edu.br\/prppgi\/files\/2019\/07\/Edital-de-sele\u00e7\u00e3o-94-PPG-Antropologia-Aluno-Regular.pdf\">Edital de sele\u00e7\u00e3o 94 PPG Antropologia &#8211; Aluno Regular<\/a>\n<ul>\n<li><a href=\"https:\/\/wp.ufpel.edu.br\/prppgi\/files\/2019\/08\/Edital-de-retifica\u00e7\u00e3o-115-PPG-Antropologia.pdf\">Edital de retifica\u00e7\u00e3o 115 PPG Antropologia<\/a><\/li>\n<li><a href=\"https:\/\/wp.ufpel.edu.br\/prppgi\/files\/2019\/07\/Edital-de-Retifica\u00e7\u00e3o-22-PPG-Direito.pdf\">Edital de Retifica\u00e7\u00e3o 22 PPG Direito<\/a><\/li>\n<\/ul>\n<\/li>\n<li><a href=\"https:\/\/wp.ufpel.edu.br\/prppgi\/files\/2019\/07\/Edital-de-sele\u00e7\u00e3o-100-PPG-em-Ci\u00cancia-Pol\u00edtica-Aluno-Especial.pdf\">Edital de sele\u00e7\u00e3o 100 PPG Ci\u00eancia Pol\u00edtica &#8211; Aluno Especial<\/a><\/li>\n<li><a href=\"https:\/\/wp.ufpel.edu.br\/prppgi\/files\/2019\/07\/Edital-de-sele\u00e7\u00e3o-101-PPG-Qu\u00edmica-Aluno-Especial.pdf\">Edital de sele\u00e7\u00e3o 101 PPG Qu\u00edmica &#8211; Aluno Especial<\/a><\/li>\n<li><a href=\"https:\/\/wp.ufpel.edu.br\/prppgi\/files\/2019\/07\/Edital-de-sele\u00e7\u00e3o-102-PPG-Educa\u00e7\u00e3o.pdf\">Edital de sele\u00e7\u00e3o 102 PPG Educa\u00e7\u00e3o &#8211; Aluno Especial<\/a><\/li>\n<li><a href=\"https:\/\/wp.ufpel.edu.br\/prppgi\/files\/2019\/07\/Edital-de-sele\u00e7\u00e3o-103-PPG-Organiza\u00e7\u00f5es-e-Mercados.pdf\">Edital de sele\u00e7\u00e3o 103 PPG Organiza\u00e7\u00f5es e Mercados &#8211; Aluno Especial<\/a><\/li>\n<li><a href=\"https:\/\/wp.ufpel.edu.br\/prppgi\/files\/2019\/07\/Edital-de-sele\u00e7\u00e3o-96-2019-PPG-em-Sistemas-de-Produ\u00e7\u00e3o-Agr\u00edcola-Familiar-Aluno-Especial.pdf\">Edital de sele\u00e7\u00e3o 96-2019 PPG em Sistemas de Produ\u00e7\u00e3o Agr\u00edcola Familiar &#8211; Aluno Especial<\/a>\n<ul>\n<li><a href=\"https:\/\/wp.ufpel.edu.br\/prppgi\/files\/2019\/07\/Edital-de-Retifica\u00e7\u00e3o-21-PPG-Odontologia.pdf\">Edital de Retifica\u00e7\u00e3o 21 PPG Odontologia<\/a><\/li>\n<\/ul>\n<\/li>\n<li><a href=\"https:\/\/wp.ufpel.edu.br\/prppgi\/files\/2019\/07\/Edital-de-sele\u00e7\u00e3o-97-PPG-em-Geografia-Aluno-Especial.pdf\">Edital de sele\u00e7\u00e3o 97 PPG em Geografia &#8211; Aluno Especial<\/a><\/li>\n<li><span style=\"color: #0000ff\"><a style=\"color: #0000ff\" href=\"https:\/\/wp.ufpel.edu.br\/prppgi\/files\/2019\/07\/Edital-de-sele\u00e7\u00e3o-95-PPG-Direito-Aluno-Regular.pdf\">Edital de sele\u00e7\u00e3o 95 PPG Direito &#8211; Aluno Regular<\/a><\/span>\n<ul>\n<li><a href=\"https:\/\/wp.ufpel.edu.br\/prppgi\/files\/2019\/08\/Edital-de-Retifica\u00e7\u00e3o-23-PPG-Direito.pdf\">Edital de Retifica\u00e7\u00e3o 23 PPG Direito<\/a><\/li>\n<\/ul>\n<\/li>\n<li><a href=\"https:\/\/wp.ufpel.edu.br\/prppgi\/files\/2019\/07\/Edital-de-sele\u00e7\u00e3o-99-PPG-Odontologia-Aluno-Especial.pdf\">Edital de sele\u00e7\u00e3o 99 PPG Odontologia &#8211; Aluno Especial<\/a><\/li>\n<li><a href=\"https:\/\/wp.ufpel.edu.br\/prppgi\/files\/2019\/07\/Edital-de-sele\u00e7\u00e3o-91-PPGEntomologia-Aluno-Especial.pdf\">Edital de sele\u00e7\u00e3o 91 PPG Entomologia &#8211; Aluno Especial<\/a><\/li>\n<li><a href=\"https:\/\/wp.ufpel.edu.br\/prppgi\/files\/2019\/07\/Edital-de-sele\u00e7\u00e3o-68-PPG-Bioquimica-e-Bioprospec\u00e7\u00e3o-Aluno-Regular.pdf\">Edital de sele\u00e7\u00e3o 68 PPG Bioquimica e Bioprospec\u00e7\u00e3o &#8211; Aluno Regular<\/a><\/li>\n<li><a href=\"https:\/\/wp.ufpel.edu.br\/prppgi\/files\/2019\/07\/Edital-de-sele\u00e7\u00e3o-85-PPG-Agronomia-Aluno-Regular.pdf\">Edital de sele\u00e7\u00e3o 85 PPG Agronomia &#8211; Aluno Regular<\/a><\/li>\n<li><a href=\"https:\/\/wp.ufpel.edu.br\/prppgi\/files\/2019\/07\/Edital-de-sele\u00e7\u00e3o-88-PPG-Veterin\u00e1ria-Aluno-Especial.pdf\">Edital de sele\u00e7\u00e3o 88 PPG Veterin\u00e1ria &#8211; Aluno Especial<\/a><\/li>\n<li><a href=\"https:\/\/wp.ufpel.edu.br\/prppgi\/files\/2019\/07\/Edital-de-sele\u00e7\u00e3o-92-PPG-Ci\u00eancia-e-Engenharia-de-Materiais-Mestrado.pdf\">Edital de sele\u00e7\u00e3o 92 PPG Ci\u00eancia e Engenharia de Materiais &#8211; Mestrado<\/a><\/li>\n<li><a href=\"https:\/\/wp.ufpel.edu.br\/prppgi\/files\/2019\/07\/Edital-de-sele\u00e7\u00e3o-84-PPG-Ci\u00eancia-e-Engenharia-de-Materiais-Doutorado.pdf\">Edital de sele\u00e7\u00e3o 84 PPG Ci\u00eancia e Engenharia de Materiais &#8211; Doutorado<\/a><\/li>\n<li><a href=\"https:\/\/wp.ufpel.edu.br\/prppgi\/files\/2019\/07\/Edital-de-sele\u00e7\u00e3o-83-PPG-Direito-Aluno-Especial.pdf\">Edital de sele\u00e7\u00e3o 83 PPG Direito &#8211; Aluno Especial<\/a><\/li>\n<li><a href=\"https:\/\/wp.ufpel.edu.br\/prppgi\/files\/2019\/07\/Edital-de-sele\u00e7\u00e3o-82-PPG-Arquitetura-e-Urbanismo-Aluno-especial.pdf\">Edital de sele\u00e7\u00e3o 82 PPG Arquitetura e Urbanismo &#8211; Aluno especial<\/a><\/li>\n<li><a href=\"https:\/\/wp.ufpel.edu.br\/prppgi\/files\/2019\/07\/Edital-de-sele\u00e7\u00e3o-81-PPG-C.-e-T.-de-Sementes-Aluno-Regular.pdf\">Edital de sele\u00e7\u00e3o 81 PPG C. e T. de Sementes &#8211; Aluno Regular<\/a><\/li>\n<li><a href=\"https:\/\/wp.ufpel.edu.br\/prppgi\/files\/2019\/07\/Edital-de-sele\u00e7\u00e3o-80-PPG-PROFSA\u00daDE-Aluno-Especial.pdf\">Edital de sele\u00e7\u00e3o 80 PPG PROFSA\u00daDE &#8211; Aluno Especial<\/a><\/li>\n<li><a href=\"https:\/\/wp.ufpel.edu.br\/prppgi\/files\/2019\/07\/Edital-de-sele\u00e7\u00e3o-71-2019-PPG-em-Artes-Visuais-Aluno-Especial.pdf\">Edital de sele\u00e7\u00e3o 71-2019 PPG em Artes Visuais &#8211; Aluno Especial<\/a><\/li>\n<li><a href=\"https:\/\/wp.ufpel.edu.br\/prppgi\/files\/2019\/07\/Edital-de-sele\u00e7\u00e3o-72-2019-PPG-Enfermagem-Aluno-Especial.pdf\">Edital de sele\u00e7\u00e3o 72 PPG Enfermagem &#8211; Aluno Especial<\/a><\/li>\n<li><a href=\"https:\/\/wp.ufpel.edu.br\/prppgi\/files\/2019\/06\/Edital-de-sele\u00e7\u00e3o-69-PPG-Bioqu\u00edmica-e-Bioprospec\u00e7\u00e3o-Aluno-Regular.pdf\">Edital de sele\u00e7\u00e3o 69 PPG Bioqu\u00edmica e Bioprospec\u00e7\u00e3o &#8211; Aluno Regular<\/a><\/li>\n<li><a href=\"https:\/\/wp.ufpel.edu.br\/prppgi\/files\/2019\/06\/Edital-de-sele\u00e7\u00e3o-64-PPG-Ci\u00eancias-Ambientais.pdf\">Edital de sele\u00e7\u00e3o 64 PPG Ci\u00eancias Ambientais &#8211; Aluno Especial<\/a><\/li>\n<li><a href=\"https:\/\/wp.ufpel.edu.br\/prppgi\/files\/2019\/06\/Edital-de-sele\u00e7\u00e3o-63-PPG-Organiza\u00e7\u00f5es-e-Mercados.pdf\">Edital de sele\u00e7\u00e3o 63 PPG Organiza\u00e7\u00f5es e Mercados &#8211; Aluno Regular<\/a><\/li>\n<li><a href=\"https:\/\/wp.ufpel.edu.br\/prppgi\/files\/2019\/06\/Edital-de-sele\u00e7\u00e3o-67-PPG-Odontologia-Aluno-Regular.pdf\">Edital de sele\u00e7\u00e3o 67 PPG Odontologia &#8211; Aluno Regular<\/a><\/li>\n<li><a href=\"https:\/\/wp.ufpel.edu.br\/prppgi\/files\/2019\/06\/Edital-de-sele\u00e7\u00e3o-65-PPG-Nutri\u00e7\u00e3o-e-Alimentos.pdf\">Edital de sele\u00e7\u00e3o 65 PPG Nutri\u00e7\u00e3o e Alimentos &#8211; Aluno Regular<\/a><\/li>\n<li><a href=\"https:\/\/wp.ufpel.edu.br\/prppgi\/files\/2019\/06\/Edital-de-sele\u00e7\u00e3o-57-PPG-em-Ci\u00eancias-e-Ensino-de-Matem\u00e1tica-Aluno-Especial.pdf\">Edital de sele\u00e7\u00e3o 57 PPG em Ci\u00eancias e Ensino de Matem\u00e1tica &#8211; Aluno Especial<\/a>\n<ul>\n<li><a href=\"https:\/\/wp.ufpel.edu.br\/prppgi\/files\/2019\/06\/Edital-de-Retifica\u00e7\u00e3o-18-PPG-CTA.pdf\">Edital de Retifica\u00e7\u00e3o 18 PPG CTA<\/a><\/li>\n<li><a href=\"https:\/\/wp.ufpel.edu.br\/prppgi\/files\/2019\/06\/Edital-de-Retifica\u00e7\u00e3o-17-PPG-CTA.pdf\">Edital de Retifica\u00e7\u00e3o 17 PPG CTA<\/a><\/li>\n<\/ul>\n<\/li>\n<li><a href=\"https:\/\/wp.ufpel.edu.br\/prppgi\/files\/2019\/06\/Edital-de-Retifica\u00e7\u00e3o-15-PPG-Educa\u00e7\u00e3o-F\u00edsica.pdf\">Edital de Retifica\u00e7\u00e3o 15 PPG Educa\u00e7\u00e3o F\u00edsica<\/a><\/li>\n<li><a href=\"https:\/\/wp.ufpel.edu.br\/prppgi\/files\/2019\/06\/Edital-de-sele\u00e7\u00e3o-52-2019-Especializa\u00e7\u00e3o-em-Ci\u00eancia-dos-Alimentos-EAD-Aluno-Regular.pdf\">Edital de sele\u00e7\u00e3o 52-2019 Especializa\u00e7\u00e3o em Ci\u00eancia dos Alimentos EAD &#8211; Aluno Regular<\/a>\n<ul>\n<li><a href=\"https:\/\/wp.ufpel.edu.br\/prppgi\/files\/2019\/06\/Edital-de-Retifica\u00e7\u00e3o-19-2019-Especializa\u00e7\u00e3o-em-Ci\u00eancia-de-Alimentos.pdf\">Edital de Retifica\u00e7\u00e3o 19-2019 Especializa\u00e7\u00e3o em Ci\u00eancia de Alimentos EAD &#8211; Aluno Regular<\/a><\/li>\n<\/ul>\n<\/li>\n<li><a href=\"https:\/\/wp.ufpel.edu.br\/prppgi\/files\/2019\/06\/Edital-de-sele\u00e7\u00e3o-62-PPG-Agronomia-Aluno-Regular.pdf\">Edital de sele\u00e7\u00e3o 62 PPG Agronomia &#8211; Aluno Regular<\/a>\n<ul>\n<li><a href=\"https:\/\/wp.ufpel.edu.br\/prppgi\/files\/2019\/06\/Edital-de-Retifica\u00e7\u00e3o-16-PPG-Artes-Visuais.pdf\">Edital de Retifica\u00e7\u00e3o 16 PPG Artes Visuais<\/a><\/li>\n<\/ul>\n<\/li>\n<li><a href=\"https:\/\/wp.ufpel.edu.br\/prppgi\/files\/2019\/06\/Edital-de-sele\u00e7\u00e3o-61-PPG-Fisiologia-Vegetal-Aluno-Regular.pdf\">Edital de sele\u00e7\u00e3o 61 PPG Fisiologia Vegetal &#8211; Aluno Regular<\/a><\/li>\n<li><a href=\"https:\/\/wp.ufpel.edu.br\/prppgi\/files\/2019\/06\/Edital-de-sele\u00e7\u00e3o-60-PPG-Ci\u00eancia-e-Tecnologia-de-Alimentos-Aluno-Regular-Doutorado.pdf\">Edital de sele\u00e7\u00e3o 60 PPG Ci\u00eancia e Tecnologia de Alimentos &#8211; Aluno Regular &#8211; Doutorado<\/a><\/li>\n<li><a href=\"https:\/\/wp.ufpel.edu.br\/prppgi\/files\/2019\/06\/Edital-de-sele\u00e7\u00e3o-59-PPG-em-Ci\u00eancia-e-Tecnologia-de-Alimentos-Aluno-Regular-Mestrado.pdf\">Edital de sele\u00e7\u00e3o 59 PPG em Ci\u00eancia e Tecnologia de Alimentos &#8211; Aluno Regular &#8211; Mestrado<\/a>\n<ul>\n<li><a href=\"https:\/\/wp.ufpel.edu.br\/prppgi\/files\/2019\/06\/Edital-de-Retifica\u00e7\u00e3o-14-PPG-Artes-Visuais.pdf\">Edital de Retifica\u00e7\u00e3o 14 PPG Artes Visuais<\/a><\/li>\n<\/ul>\n<\/li>\n<li><a href=\"https:\/\/wp.ufpel.edu.br\/prppgi\/files\/2019\/06\/Edital-de-sele\u00e7\u00e3o-58-PPG-Parasitologia-Aluno-Regular.pdf\">Edital de sele\u00e7\u00e3o 58 PPG Parasitologia &#8211; Aluno Regular<\/a> &#8212;&gt; <a href=\"https:\/\/wp.ufpel.edu.br\/prppgi\/files\/2019\/06\/Planilha_de_pontuacao.pdf\">Planilha_de_avalia\u00e7\u00e3o de t\u00edtulos\u00a0<\/a><\/li>\n<li><a href=\"https:\/\/wp.ufpel.edu.br\/prppgi\/files\/2019\/06\/Edital-de-sele\u00e7\u00e3o-55-PPG-Meteorologia-Aluno-Regular.pdf\">Edital de sele\u00e7\u00e3o 55 PPG Meteorologia &#8211; Aluno Regular<\/a><\/li>\n<li><a href=\"https:\/\/wp.ufpel.edu.br\/prppgi\/files\/2019\/06\/Edital-de-sele\u00e7\u00e3o-54-PPG-Educa\u00e7\u00e3o-F\u00edsica-_-Aluno-Regular.pdf\">Edital de sele\u00e7\u00e3o 54 PPG Educa\u00e7\u00e3o F\u00edsica &#8211; Aluno Regular<\/a><\/li>\n<li><a href=\"https:\/\/wp.ufpel.edu.br\/prppgi\/files\/2019\/06\/Edital-de-sele\u00e7\u00e3o-56-PPG-Qu\u00edmica-Aluno-Regular.pdf\">Edital de sele\u00e7\u00e3o 56 PPG Qu\u00edmica &#8211; Aluno Regular<\/a><\/li>\n<li><a href=\"https:\/\/wp.ufpel.edu.br\/prppgi\/files\/2019\/06\/Edital-de-sele\u00e7\u00e3o-53-PPG-Veterin\u00e1ria-Aluno-Regular.pdf\">Edital de sele\u00e7\u00e3o 53 PPG Veterin\u00e1ria &#8211; Aluno Regular<\/a>\n<ul>\n<li><a href=\"https:\/\/wp.ufpel.edu.br\/prppgi\/files\/2019\/06\/Edital-de-Retifica\u00e7\u00e3o-3-PPG-Epidemiologia.pdf\">Edital de Retifica\u00e7\u00e3o 3 PPG Epidemiologia<\/a><\/li>\n<\/ul>\n<\/li>\n<li><a href=\"https:\/\/wp.ufpel.edu.br\/prppgi\/files\/2019\/05\/Edital-de-sele\u00e7\u00e3o-50-2019-PPG-F\u00edsica-Doutorado-Aluno-Regular.pdf\">Edital de sele\u00e7\u00e3o 50 PPG F\u00edsica Doutorado &#8211; Aluno Regular<\/a><\/li>\n<li><a href=\"https:\/\/wp.ufpel.edu.br\/prppgi\/files\/2019\/05\/Edital-de-sele\u00e7\u00e3o-49-PPG-F\u00edsica-Mestrado-Aluno-Regular.pdf\">Edital de sele\u00e7\u00e3o 49 PPG F\u00edsica Mestrado &#8211; Aluno Regular<\/a><\/li>\n<li><a href=\"https:\/\/wp.ufpel.edu.br\/prppgi\/files\/2019\/05\/Edital-de-sele\u00e7\u00e3o-51-2019-Especializa\u00e7\u00e3o-em-Engenharia-de-Biossistemas-EAD-Aluno-Regular.pdf\">Edital de sele\u00e7\u00e3o 51-2019 Especializa\u00e7\u00e3o em Engenharia de Biossistemas EAD &#8211; Aluno Regular<\/a><\/li>\n<li><a href=\"https:\/\/wp.ufpel.edu.br\/prppgi\/files\/2019\/05\/Edital-de-sele\u00e7\u00e3o-48-2019-PPG-em-Sistemas-de-Produ\u00e7\u00e3o-Agr\u00edcola-Familiar-Aluno-Regular.pdf\">Edital de sele\u00e7\u00e3o 48-2019 PPG em Sistemas de Produ\u00e7\u00e3o Agr\u00edcola Familiar &#8211; Aluno Regular Mestrado e Doutorado<\/a><\/li>\n<li><a href=\"https:\/\/wp.ufpel.edu.br\/prppgi\/files\/2019\/05\/EDITAL-PNPD-PPGAnt-UFPel-2019-FINAL.pdf\">EDITAL PNPD-PPG em Antropologia UFPel 2019<\/a><\/li>\n<li><a href=\"https:\/\/wp.ufpel.edu.br\/prppgi\/files\/2019\/05\/Edital-de-sele\u00e7\u00e3o-47-2019-PPG-em-F\u00edsica-Doutorado.pdf\">Edital de sele\u00e7\u00e3o 47-2019 PPG em F\u00edsica Sele\u00e7\u00e3o Especial Doutorado CNPQ\/EQUINOR &#8211; Aluno Regular<\/a><\/li>\n<li><a href=\"https:\/\/wp.ufpel.edu.br\/prppgi\/files\/2019\/05\/Edital-de-sele\u00e7\u00e3o-46-2019-PPG-em-F\u00edsica-Mestrado.pdf\">Edital de sele\u00e7\u00e3o 46-2019 PPG em F\u00edsica Sele\u00e7\u00e3o Especial Mestrado &#8211; Aluno Regular<\/a><\/li>\n<li><a href=\"https:\/\/wp.ufpel.edu.br\/prppgi\/files\/2019\/05\/Edital-de-sele\u00e7\u00e3o-PPG-Artes-Visuais-Aluno-Regular.pdf\">Edital de sele\u00e7\u00e3o 43-2019 PPG Artes Visuais &#8211; Aluno Regular<\/a><\/li>\n<li><a href=\"https:\/\/wp.ufpel.edu.br\/prppgi\/files\/2019\/05\/Edital-de-sele\u00e7\u00e3o-45-2019-PPG-em-Letras-Doutorado.pdf\">Edital de sele\u00e7\u00e3o 45-2019 PPG em Letras Doutorado &#8211; Aluno Regular<\/a><\/li>\n<li><a href=\"https:\/\/wp.ufpel.edu.br\/prppgi\/files\/2019\/05\/Edital-de-sele\u00e7\u00e3o-44-2019-PPG-em-Letras-Mestrado.pdf\">Edital de sele\u00e7\u00e3o 44-2019 PPG em Letras Mestrado &#8211; Aluno Regular<\/a><\/li>\n<li><a href=\"https:\/\/wp.ufpel.edu.br\/prppgi\/files\/2019\/05\/Edital-de-sele\u00e7\u00e3o-42-2019-PPG-em-Computa\u00e7\u00e3o.pdf\">Edital de sele\u00e7\u00e3o 42-2019 PPG em Computa\u00e7\u00e3o &#8211; Doutorado &#8211; Aluno Regular<\/a><\/li>\n<li><a href=\"https:\/\/wp.ufpel.edu.br\/prppgi\/files\/2019\/05\/Edital-de-sele\u00e7\u00e3o-41-2019-Especializa\u00e7\u00e3o-em-Ci\u00eancia-e-Tecnologia-de-Sementes.pdf\">Edital de sele\u00e7\u00e3o 41-2019 Especializa\u00e7\u00e3o em Ci\u00eancia e Tecnologia de Sementes<\/a><\/li>\n<li><a href=\"https:\/\/wp.ufpel.edu.br\/prppgi\/files\/2019\/04\/Edital-de-sele\u00e7\u00e3o-22-2019-PPG-em-Odontologia-Aluno-Especial.pdf\">Edital de sele\u00e7\u00e3o 22-2019 PPG em Odontologia &#8211; Aluno Especial<\/a><\/li>\n<li><a href=\"https:\/\/wp.ufpel.edu.br\/prppgi\/files\/2019\/04\/Edital-de-sele\u00e7\u00e3o-40-2019-PPG-em-Ci\u00eancia-e-Tecnologia-de-Sementes-Mestrado-Profissional.pdf\">Edital de sele\u00e7\u00e3o 40-2019 PPG em Ci\u00eancia e Tecnologia de Sementes &#8211; Mestrado Profissional<\/a><\/li>\n<li><a href=\"https:\/\/wp.ufpel.edu.br\/prppgi\/files\/2019\/04\/Edital-de-sele\u00e7\u00e3o-39-2019-PPG-em-Sociologia-Aluno-Regular.pdf\">Edital de sele\u00e7\u00e3o 39-2019 PPG em Sociologia &#8211; Aluno Regular<\/a><\/li>\n<li><a href=\"https:\/\/wp.ufpel.edu.br\/prppgi\/files\/2019\/03\/Edital-de-sele\u00e7\u00e3o-38-2019-PPG-em-Enfermagem-aluno-especial.pdf\">Edital de sele\u00e7\u00e3o 38-2019 PPG em Enfermagem &#8211; Aluno Especial<\/a><\/li>\n<li><a href=\"https:\/\/wp.ufpel.edu.br\/prppgi\/files\/2019\/03\/Edital-de-sele\u00e7\u00e3o-36-2019-PPG-em-Ci\u00eancias-Ambientais-Aluno-Regular.pdf\">Edital de sele\u00e7\u00e3o 36-2019 PPG em Ci\u00eancias Ambientais &#8211; Aluno Regular<\/a><\/li>\n<li><a href=\"https:\/\/wp.ufpel.edu.br\/prppgi\/files\/2019\/03\/Edital-de-sele\u00e7\u00e3o-37-2019-PPG-em-Parasitologia-Aluno-Regular.pdf\">Edital de sele\u00e7\u00e3o 37-2019 PPG em Parasitologia &#8211; Aluno Regular<\/a><\/li>\n<li><a href=\"https:\/\/wp.ufpel.edu.br\/prppgi\/files\/2019\/03\/Edital-de-sele\u00e7\u00e3o-35-2019-PPG-em-Ci\u00eancia-e-Tecnologia-de-Sementes-Aluno-Regular.pdf\">Edital de sele\u00e7\u00e3o 35-2019 PPG em Ci\u00eancia e Tecnologia de Sementes &#8211; Aluno Regular<\/a>\n<ul>\n<li><a href=\"https:\/\/wp.ufpel.edu.br\/prppgi\/files\/2019\/03\/Edital-de-Retifica\u00e7\u00e3o-09-2019-PPG-em-Ci\u00eancias-e-Tecnologia-de-Sementes.pdf\">Edital de Retifica\u00e7\u00e3o 09-2019 PPG em Ci\u00eancias e Tecnologia de Sementes<\/a><\/li>\n<\/ul>\n<\/li>\n<li><a href=\"https:\/\/wp.ufpel.edu.br\/prppgi\/files\/2019\/03\/Edital-de-sele\u00e7\u00e3o-32-2019-Especializa\u00e7\u00e3o-em-Artes-Aluno-Especial.pdf\">Edital de sele\u00e7\u00e3o 32-2019 Especializa\u00e7\u00e3o em Artes &#8211; Aluno Especial<\/a><\/li>\n<li><a href=\"https:\/\/wp.ufpel.edu.br\/prppgi\/files\/2019\/03\/Edital-de-sele\u00e7\u00e3o-29-2019-PPGCEM-Vagas-remanescentes-Aluno-Regular.pdf\">Edital de sele\u00e7\u00e3o 29-2019 PPG Ci\u00eancia e Engenharia de Materiais &#8211; Aluno Regular<\/a><\/li>\n<li><a href=\"https:\/\/wp.ufpel.edu.br\/prppgi\/files\/2019\/03\/Edital-de-sele\u00e7\u00e3o-30-2019-PPG-Bioqu\u00edmica-e-Bioprospec\u00e7\u00e3o-Aluno-Regular.pdf\">Edital de sele\u00e7\u00e3o 30-2019 PPG Bioqu\u00edmica e Bioprospec\u00e7\u00e3o &#8211; Aluno Regular<\/a><\/li>\n<li><a href=\"https:\/\/wp.ufpel.edu.br\/prppgi\/files\/2019\/03\/Edital-de-sele\u00e7\u00e3o-33-2019-PPG-em-Organiza\u00e7\u00f5es-e-Mercados-Aluno-Especial.pdf\">Edital de sele\u00e7\u00e3o 33-2019 PPG em Organiza\u00e7\u00f5es e Mercados &#8211; Aluno Especial<\/a><\/li>\n<li><a href=\"https:\/\/wp.ufpel.edu.br\/prppgi\/files\/2019\/03\/Edital-de-sele\u00e7\u00e3o-28-2019-Comisa.pdf\">Edital de sele\u00e7\u00e3o 28-2019 &#8211; Comiss\u00e3o de Resid\u00eancia Multiprofissional e em \u00c1rea Profissional da Sa\u00fade- COREMU- Aluno Regular<\/a><\/li>\n<li><a href=\"https:\/\/wp.ufpel.edu.br\/prppgi\/files\/2019\/03\/Edital-de-sele\u00e7\u00e3o-26-2019-PPG-Veterin\u00e1ria-Aluno-Especial.pdf\">Edital de sele\u00e7\u00e3o 26-2019 PPG Veterin\u00e1ria &#8211; Aluno Especial<\/a><\/li>\n<li><a href=\"https:\/\/wp.ufpel.edu.br\/prppgi\/files\/2019\/03\/Edital-de-sele\u00e7\u00e3o-27-2019-PPG-Antropologia-Aluno-Especial.pdf\">Edital de sele\u00e7\u00e3o 27-2019 PPG Antropologia &#8211; Aluno Especial<\/a><\/li>\n<li><a href=\"https:\/\/wp.ufpel.edu.br\/prppgi\/files\/2019\/03\/Edital-de-sele\u00e7\u00e3o-25-2019-PPG-Hist\u00f3ria-Aluno-Especial.pdf\">Edital de sele\u00e7\u00e3o 25-2019 PPG Hist\u00f3ria &#8211; Aluno Especial<\/a><\/li>\n<li><a href=\"https:\/\/wp.ufpel.edu.br\/prppgi\/files\/2019\/02\/Edital-de-sele\u00e7\u00e3o-21-2019-PPG-Educa\u00e7\u00e3o-Aluno-Especial.pdf\">Edital de sele\u00e7\u00e3o 21-2019 PPG Educa\u00e7\u00e3o &#8211; Aluno Especial<\/a><\/li>\n<li><a href=\"https:\/\/wp.ufpel.edu.br\/prppgi\/files\/2019\/02\/Edital-de-sele\u00e7\u00e3o-12-2019-PPG-Sociologia-Aluno-Especial.pdf\">Edital de sele\u00e7\u00e3o 12-2019 PPG Sociologia &#8211; Aluno Especial<\/a><\/li>\n<li><a href=\"https:\/\/wp.ufpel.edu.br\/prppgi\/files\/2019\/02\/Edital-de-sele\u00e7\u00e3o-24-2019-PPG-Ci\u00eancia-e-Engenharia-de-Materiais-Aluno-Especial.pdf\">Edital de sele\u00e7\u00e3o 24-2019 PPG Ci\u00eancia e Engenharia de Materiais &#8211; Aluno Especial<\/a><\/li>\n<li><a href=\"https:\/\/wp.ufpel.edu.br\/prppgi\/files\/2019\/02\/Edital-de-sele\u00e7\u00e3o-19-2019-PPG-Letras-Aluno-especial.pdf\">Edital de sele\u00e7\u00e3o 19-2019 PPG Letras &#8211; Aluno Especial<\/a><\/li>\n<li><a href=\"https:\/\/wp.ufpel.edu.br\/prppgi\/files\/2019\/02\/Edital-de-sele\u00e7\u00e3o-23-2019-PPG-em-Educa\u00e7\u00e3o-Matem\u00e1tica-Aluno-Especial.pdf\">Edital de sele\u00e7\u00e3o 23-2019 PPG em Educa\u00e7\u00e3o Matem\u00e1tica &#8211; Aluno Especial<\/a><\/li>\n<li><a href=\"https:\/\/wp.ufpel.edu.br\/prppgi\/files\/2019\/02\/Edital-de-sele\u00e7\u00e3o-20-2019-PPG-em-Desenvolvimento-Territorail-e-Sistemas-Agroindustriais-Aluno-Especial.pdf\">Edital de sele\u00e7\u00e3o 20-2019 PPG em Desenvolvimento Territorial e Sistemas Agroindustriais &#8211; Aluno Especial<\/a><\/li>\n<li><a href=\"https:\/\/wp.ufpel.edu.br\/prppgi\/files\/2019\/02\/Edital-de-sele\u00e7\u00e3o-11-2019-PPG-em-Ensino-de-Ci\u00eancias-e-Matem\u00e1tica-Aluno-Especial.pdf\">Edital de sele\u00e7\u00e3o 11-2019 PPG em Ensino de Ci\u00eancias e Matem\u00e1tica &#8211; Aluno Especial<\/a><\/li>\n<li><a href=\"https:\/\/wp.ufpel.edu.br\/prppgi\/files\/2019\/02\/Edital-de-sele\u00e7\u00e3o-18-2019-PPG-em-Mem\u00f3ria-Social-e-Patrim\u00f4nio-Cultural-aluno-especial.pdf\">Edital de sele\u00e7\u00e3o 18-2019 PPG em Mem\u00f3ria Social e Patrim\u00f4nio Cultural &#8211; Aluno Especial<\/a><\/li>\n<li><a href=\"https:\/\/wp.ufpel.edu.br\/prppgi\/files\/2019\/02\/Edital-de-sele\u00e7\u00e3o-16-2019-PPG-em-Geografia-aluno-especial.pdf\">Edital de sele\u00e7\u00e3o 16-2019 PPG em Geografia &#8211; Aluno Especial<\/a><\/li>\n<li><a href=\"https:\/\/wp.ufpel.edu.br\/prppgi\/files\/2019\/02\/Edital-de-sele\u00e7\u00e3o-15-2019-PPG-Filosofia-Aluno-Especial.pdf\">Edital de sele\u00e7\u00e3o 15-2019 PPG Filosofia &#8211; Aluno Especial<\/a><\/li>\n<li><a href=\"https:\/\/wp.ufpel.edu.br\/prppgi\/files\/2019\/02\/Edital-de-sele\u00e7\u00e3o-13-2019-PPG-em-Sistemas-de-Produ\u00e7\u00e3o-Agr\u00edcola-Familiar-Aluno-Especial.pdf\">Edital de sele\u00e7\u00e3o 13-2019 PPG em Sistemas de Produ\u00e7\u00e3o Agr\u00edcola Familiar &#8211; Aluno Especial<\/a><\/li>\n<li><a href=\"https:\/\/wp.ufpel.edu.br\/prppgi\/files\/2019\/02\/Edital-de-sele\u00e7\u00e3o-17-2019-PPG-Educa\u00e7\u00e3o-F\u00edsica-Aluno-Especial.pdf\">Edital de sele\u00e7\u00e3o 17-2019 PPG Educa\u00e7\u00e3o F\u00edsica &#8211; Aluno Especial<\/a><\/li>\n<li><a href=\"https:\/\/wp.ufpel.edu.br\/prppgi\/files\/2019\/02\/Edital-de-sele\u00e7\u00e3o-07-2019-PPG-Computa\u00e7\u00e3o-Aluno-Especial.pdf\">Edital de sele\u00e7\u00e3o 07-2019 PPG Computa\u00e7\u00e3o &#8211; Aluno Especial<\/a>\n<ul>\n<li><a href=\"https:\/\/wp.ufpel.edu.br\/prppgi\/files\/2019\/02\/Edital-de-Retifica\u00e7\u00e3o-29-2018-PPg-Ci\u00eancia-e-Engenharia-de-Materiais.pdf\">Edital de Retifica\u00e7\u00e3o 29-2018 PPG Ci\u00eancia e Engenharia de Materiais<\/a><\/li>\n<\/ul>\n<\/li>\n<li><a href=\"https:\/\/wp.ufpel.edu.br\/prppgi\/files\/2019\/02\/Edital-de-sele\u00e7\u00e3o-05-2019-PPG-Ci\u00eancia-Politica-Aluno-Especial.pdf\">Edital de sele\u00e7\u00e3o 05-2019 PPG Ci\u00eancia Pol\u00edtica &#8211; Aluno Especial<\/a><\/li>\n<li><a href=\"https:\/\/wp.ufpel.edu.br\/prppgi\/files\/2019\/02\/Edital-de-sele\u00e7\u00e3o-08-2019-PPG-Ci\u00eancias-Ambientais-Aluno-Especial.pdf\">Edital de sele\u00e7\u00e3o 08-2019 PPG Ci\u00eancias Ambientais &#8211; Aluno Especial<\/a>\n<ul>\n<li><a href=\"https:\/\/wp.ufpel.edu.br\/prppgi\/files\/2019\/02\/Edital-de-Retifica\u00e7\u00e3o-do-153-2018-PPGEnf.pdf\">Edital de Retifica\u00e7\u00e3o 04-2019 PPG Enfermagem<\/a><\/li>\n<\/ul>\n<\/li>\n<li><a href=\"https:\/\/wp.ufpel.edu.br\/prppgi\/files\/2019\/02\/Edital-de-sele\u00e7\u00e3o-06-2019-PPG-Artes-Visuais-Aluno-Especial.pdf\">Edital de sele\u00e7\u00e3o 06-2019 PPG Artes Visuais &#8211; Aluno Especial<\/a><\/li>\n<li><a href=\"https:\/\/wp.ufpel.edu.br\/prppgi\/files\/2019\/01\/Edital-de-sele\u00e7\u00e3o-125-2018-PPG-em-Ensino-de-Ci\u00eancias-e-Matem\u00e1tica-Aluno-Regular.pdf\">Edital de sele\u00e7\u00e3o 125-2018 PPG em Ensino de Ci\u00eancias e Matem\u00e1tica &#8211; Aluno Regular &#8211; Mestrado Profissional<\/a>\n<ul>\n<li><a href=\"https:\/\/wp.ufpel.edu.br\/prppgi\/files\/2019\/01\/Edital-de-Retifica\u00e7\u00e3o-01-2019-PPG-em-Ensino-e-Ci\u00eancias-Matem\u00e1tica.pdf\">Edital de Retifica\u00e7\u00e3o 01-2019 PPG em Ensino e Ci\u00eancias Matem\u00e1tica<\/a><\/li>\n<li><a href=\"https:\/\/wp.ufpel.edu.br\/prppgi\/files\/2019\/01\/Edital-de-sele\u00e7\u00e3o-05-2019-PPG-em-Ensino-de-Ci\u00eancias-e-Matem\u00e1tica.pdf\">Edital de sele\u00e7\u00e3o 05-2019 PPG em Ensino de Ci\u00eancias e Matem\u00e1tica<\/a><\/li>\n<\/ul>\n<\/li>\n<li><a href=\"https:\/\/wp.ufpel.edu.br\/prppgi\/files\/2019\/01\/Edital-de-sele\u00e7\u00e3o-04-2019-PPG-Enfermagem-Aluno-Estrangeiro.pdf\">Edital de sele\u00e7\u00e3o 04-2019 PPG Enfermagem &#8211; Aluno Estrangeiro<\/a><\/li>\n<li><a href=\"https:\/\/wp.ufpel.edu.br\/prppgi\/files\/2019\/01\/Edital-de-sele\u00e7\u00e3o-03-2019-PPG-em-Direito-Aluno-Especial.pdf\">Edital de sele\u00e7\u00e3o 03-2019 PPG em Direito &#8211; Aluno Especial<\/a><\/li>\n<li><a href=\"https:\/\/wp.ufpel.edu.br\/prppgi\/files\/2019\/01\/Edital-de-sele\u00e7\u00e3o-1-2019-PPG-Arquitetura-e-Urbanismo-Aluno-Especial.pdf\">Edital de sele\u00e7\u00e3o 1-2019 PPG Arquitetura e Urbanismo &#8211; Aluno Especial<\/a><\/li>\n<li><a href=\"https:\/\/wp.ufpel.edu.br\/prppgi\/files\/2019\/01\/Edital-de-sele\u00e7\u00e3o-02-2019-Especializa\u00e7\u00e3o-em-Artes.pdf\">Edital de sele\u00e7\u00e3o 02-2019 Especializa\u00e7\u00e3o em Artes &#8211;\u00a0 Aluno Regular<\/a><\/li>\n<li><a href=\"https:\/\/wp.ufpel.edu.br\/prppgi\/files\/2019\/01\/Edital-de-sele\u00e7\u00e3o-158-2018-PPG-Zootecnia.pdf\">Edital de sele\u00e7\u00e3o 158-2018 PPG Zootecnia &#8211; Aluno Regular<\/a>\n<ul>\n<li><a href=\"https:\/\/wp.ufpel.edu.br\/prppgi\/files\/2019\/01\/Edital-de-Retifica\u00e7\u00e3o-2-2019-PPGZ.pdf\">Edital de Retifica\u00e7\u00e3o 2-2019 PPG Zootecnia<\/a><\/li>\n<\/ul>\n<\/li>\n<li><a href=\"https:\/\/wp.ufpel.edu.br\/prppgi\/files\/2019\/01\/Edital-de-sele\u00e7\u00e3o-159-2018-PPG-em-Veterin\u00e1ria.pdf\">Edital de sele\u00e7\u00e3o 159-2018 PPG Veterin\u00e1ria &#8211; Aluno Regular<\/a>\n<ul>\n<li><a href=\"https:\/\/wp.ufpel.edu.br\/prppgi\/files\/2019\/01\/Edital-de-Retifica\u00e7\u00e3o-30-2018-PPGEnf.pdf\">Edital de Retifica\u00e7\u00e3o 30-2018 PPG Enfermagem<\/a><\/li>\n<\/ul>\n<\/li>\n<li><a href=\"https:\/\/wp.ufpel.edu.br\/prppgi\/files\/2018\/12\/Edital-de-sele\u00e7\u00e3o-157-2018-PPG-Hist\u00f3ria-Aluno-Regular-Doutorado.pdf\">Edital de sele\u00e7\u00e3o 157-2018 PPG Hist\u00f3ria &#8211; Aluno Regular &#8211; Doutorado<\/a><\/li>\n<li><a href=\"https:\/\/wp.ufpel.edu.br\/prppgi\/files\/2018\/12\/Edital-de-sele\u00e7\u00e3o-155-2018-PPG-Filosofia-Aluno-Regular-Mestrado.pdf\">Edital de sele\u00e7\u00e3o 155-2018 PPG Filosofia &#8211; Aluno Regular &#8211; Mestrado<\/a><\/li>\n<li><a href=\"https:\/\/wp.ufpel.edu.br\/prppgi\/files\/2018\/12\/Edital-de-sele\u00e7\u00e3o-154-2018-PPG-Filosofia-Aluno-Regular-Doutorado.pdf\">Edital de sele\u00e7\u00e3o 154-2018 PPG Filosofia &#8211; Aluno Regular &#8211; Doutorado<\/a><\/li>\n<li><a href=\"https:\/\/wp.ufpel.edu.br\/prppgi\/files\/2018\/12\/Edital-de-sele\u00e7\u00e3o-156-2018-PPG-Organiza\u00e7\u00f5es-e-Mercados-Aluno-Regular.pdf\">Edital de sele\u00e7\u00e3o 156-2018 PPG Organiza\u00e7\u00f5es e Mercados &#8211; Aluno Regular<\/a><\/li>\n<li><a href=\"https:\/\/wp.ufpel.edu.br\/prppgi\/files\/2018\/12\/Edital-de-sele\u00e7\u00e3o-152-2018-PPG-Educa\u00e7\u00e3o-Matem\u00e1tica-Aluno-Regular.pdf\">Edital de sele\u00e7\u00e3o 152-2018 PPG Educa\u00e7\u00e3o Matem\u00e1tica &#8211; Aluno Regular<\/a><\/li>\n<li><a href=\"https:\/\/wp.ufpel.edu.br\/prppgi\/files\/2018\/12\/Edital-de-sele\u00e7\u00e3o-153-2018-PPG-Enfermagem-Aluno-Regular.pdf\">Edital de sele\u00e7\u00e3o 153-2018 PPG Enfermagem &#8211; Aluno Regular<\/a><\/li>\n<li><a href=\"https:\/\/wp.ufpel.edu.br\/prppgi\/files\/2018\/12\/Edital-de-sele\u00e7\u00e3o-151-2018-Especializa\u00e7\u00e3o-em-Gest\u00e3o-P\u00fablica-e-Desenvolvimento-Regional-MBA-aluno-regular.pdf\">Edital de sele\u00e7\u00e3o 151-2018 Especializa\u00e7\u00e3o em Gest\u00e3o P\u00fablica e Desenvolvimento Regional &#8211; MBA (aluno regular)<\/a>\n<ul>\n<li><a href=\"https:\/\/wp.ufpel.edu.br\/prppgi\/files\/2019\/02\/Edital-de-Retifica\u00e7\u00e3o-07-2019-MBA-em-Gest\u00e3o-P\u00fablica-e-Desenvolvimento-Regional.pdf\">Edital de Retifica\u00e7\u00e3o 07-2019 Especializa\u00e7\u00e3o em Gest\u00e3o P\u00fablica e Desenvolvimento Regional<\/a><\/li>\n<\/ul>\n<\/li>\n<li><a href=\"https:\/\/wp.ufpel.edu.br\/prppgi\/files\/2018\/12\/Edital-de-sele\u00e7\u00e3o-150-2018-PPG-Hist\u00f3ria-Aluno-Regular-Mestrado.pdf\">Edital de sele\u00e7\u00e3o 150-2018 PPG Hist\u00f3ria &#8211; Aluno Regular &#8211; Mestrado<\/a><\/li>\n<li><a href=\"https:\/\/wp.ufpel.edu.br\/prppgi\/files\/2018\/12\/Edital-de-sele\u00e7\u00e3o-142-2018-PPG-Sociologia-Mestrado.pdf\">Edital de sele\u00e7\u00e3o 142-2018 PPG Sociologia &#8211; Aluno Regular &#8211; Mestrado<\/a><\/li>\n<li><a href=\"https:\/\/wp.ufpel.edu.br\/prppgi\/files\/2018\/12\/Edital-de-sele\u00e7\u00e3o-143-2018-PPG-sociologia-Doutorado.pdf\">Edital de sele\u00e7\u00e3o 143-2018 PPG Sociologia &#8211; Aluno Regular &#8211;\u00a0<\/a><a href=\"https:\/\/wp.ufpel.edu.br\/prppgi\/files\/2018\/12\/Edital-de-sele\u00e7\u00e3o-143-2018-PPG-sociologia-Doutorado.pdf\">Doutorado<\/a><\/li>\n<li><a href=\"https:\/\/wp.ufpel.edu.br\/prppgi\/files\/2018\/12\/Edital-de-sele\u00e7\u00e3o-PPG-CTA.pdf\">Edital de sele\u00e7\u00e3o 147-2018 PPG Ci\u00eancia e Tecnologia de Alimentos &#8211; Mestrado Profissional<\/a><\/li>\n<li><a href=\"https:\/\/wp.ufpel.edu.br\/prppgi\/files\/2018\/11\/Edital-de-sele\u00e7\u00e3o-146-2018-MBA-em-Gest\u00e3o-Estrat\u00e9gica-de-Neg\u00f3cios.pdf\">Edital de sele\u00e7\u00e3o 146-2018 MBA em Gest\u00e3o Estrat\u00e9gica de Neg\u00f3cios &#8211; Aluno Regular<\/a>\n<ul>\n<li><a href=\"https:\/\/wp.ufpel.edu.br\/prppgi\/files\/2019\/02\/Edital-de-Retifica\u00e7\u00e3o-06-2019-MBA-em-Gest\u00e3o-Estrat\u00e9gica.pdf\">Edital de Retifica\u00e7\u00e3o 06-2019 MBA em Gest\u00e3o Estrat\u00e9gica &#8211; Aluno Regular<\/a><\/li>\n<\/ul>\n<\/li>\n<li><a href=\"https:\/\/wp.ufpel.edu.br\/prppgi\/files\/2018\/11\/Edital-de-sele\u00e7\u00e3o-130-2018-PPG-F\u00edsica-Aluno-Regular-Mestrado.pdf\">Edital de sele\u00e7\u00e3o 130-2018 PPG F\u00edsica &#8211; Aluno Regular &#8211; Mestrado<\/a><\/li>\n<li><a href=\"https:\/\/wp.ufpel.edu.br\/prppgi\/files\/2018\/11\/Edital-de-sele\u00e7\u00e3o-131-2018-PPG-em-F\u00edsica-Aluno-RegularPRPPGI.pdf\">Edital de sele\u00e7\u00e3o 131-2018 PPG F\u00edsica &#8211; Aluno Regular &#8211; Doutorado<\/a>\n<ul>\n<li><a href=\"https:\/\/wp.ufpel.edu.br\/prppgi\/files\/2018\/11\/Edital-de-Retifica\u00e7\u00e3o-26-2018-PPG-Ci\u00cancias-Ambientais.pdf\">Edital de Retifica\u00e7\u00e3o 26-2018 PPG Ci\u00eancias Ambientais<\/a><\/li>\n<\/ul>\n<\/li>\n<li><a href=\"https:\/\/wp.ufpel.edu.br\/prppgi\/files\/2018\/11\/Edital-de-sele\u00e7\u00e3o-140-2018-MESOPAC-Doutorado.pdf\">Edital de sele\u00e7\u00e3o 140-2018 PPG em Mem\u00f3ria Social e Patrim\u00f4nio Cultural &#8211; Aluno Regular &#8211; Doutorado<\/a><\/li>\n<li><a href=\"https:\/\/wp.ufpel.edu.br\/prppgi\/files\/2018\/11\/Edital-de-sele\u00e7\u00e3o-141-PPG-em-MESOPAC-Mestrado.pdf\">Edital de sele\u00e7\u00e3o 141 PPG em Mem\u00f3ria Social e Patrim\u00f4nio Cultural &#8211; Aluno Regular &#8211; Mestrado<\/a><\/li>\n<li><a href=\"https:\/\/wp.ufpel.edu.br\/prppgi\/files\/2018\/11\/Edital-de-sele\u00e7\u00e3o-144-2018-PPG-Ci\u00eancia-e-Engenharia-de-Materiais-Mestrado.pdf\">Edital de sele\u00e7\u00e3o 144-2018 PPG Ci\u00eancia e Engenharia de Materiais- Mestrado<\/a><\/li>\n<li><a href=\"https:\/\/wp.ufpel.edu.br\/prppgi\/files\/2018\/11\/Edital-de-sele\u00e7\u00e3o-145-2018-PPg-em-Ciencia-e-Engenharia-de-Materiais-Doutorado.pdf\">Edital de sele\u00e7\u00e3o 145-2018 PPg em Ci\u00eancia e Engenharia de Materiais -Doutorado<\/a><\/li>\n<li><a href=\"https:\/\/wp.ufpel.edu.br\/prppgi\/files\/2018\/11\/Edital-de-sele\u00e7\u00e3o-132-2018-PPG-Bioqu\u00edmica-e-Bioprospec\u00e7\u00e3o-Mestrado.pdf\">Edital de sele\u00e7\u00e3o 132-2018 PPG Bioqu\u00edmica e Bioprospec\u00e7\u00e3o &#8211; Aluno Regular &#8211; Mestrado<\/a><\/li>\n<li><a href=\"https:\/\/wp.ufpel.edu.br\/prppgi\/files\/2018\/11\/Edital-de-sele\u00e7\u00e3o-133-2018-PPG-em-Bioqu\u00edmica-e-Bioprospec\u00e7\u00e3o.pdf\">Edital de sele\u00e7\u00e3o 133-2018 PPG em Bioqu\u00edmica e Bioprospec\u00e7\u00e3o &#8211; Aluno Regular &#8211; Doutorado<\/a><\/li>\n<li><a href=\"https:\/\/wp.ufpel.edu.br\/prppgi\/files\/2018\/11\/Edital-de-sele\u00e7\u00e3o-137-2018-PPG-em-Entomologia-Aluno-Regular.pdf\">Edital de sele\u00e7\u00e3o 137-2018 PPG em Entomologia &#8211; Aluno Regular<\/a><\/li>\n<li><a href=\"https:\/\/wp.ufpel.edu.br\/prppgi\/files\/2018\/11\/Edital-de-sele\u00e7\u00e3o-134-2018-Especializa\u00e7\u00e3o-em-Ci\u00eancia-dos-Alimentos.pdf\">Edital de sele\u00e7\u00e3o 134-2018 Especializa\u00e7\u00e3o em Ci\u00eancia dos Alimentos &#8211; Aluno Regular<\/a><\/li>\n<li><a href=\"https:\/\/wp.ufpel.edu.br\/prppgi\/files\/2018\/11\/Edital-de-sele\u00e7\u00e3o-139-2018-Biologia-Animal-Aluno-Regular.pdf\">Edital de sele\u00e7\u00e3o 139-2018 PPG Biologia Animal &#8211; Aluno Regular<\/a><\/li>\n<li><a href=\"https:\/\/wp.ufpel.edu.br\/prppgi\/files\/2018\/11\/Edital-de-sele\u00e7\u00e3o-136-2018-PPG-Antroplogia-M-Aluno-Regular.pdf\">Edital de sele\u00e7\u00e3o 136-2018 PPG Antroplogia Mestrado &#8211; Aluno Regular<\/a><\/li>\n<li><a href=\"https:\/\/wp.ufpel.edu.br\/prppgi\/files\/2018\/11\/Edital-de-sele\u00e7\u00e3o-135-2018-PPG-Antropologia.pdf\">Edital de sele\u00e7\u00e3o 135-2018 PPG Antropologia Doutorado &#8211; Aluno Regular<\/a><\/li>\n<li><a href=\"https:\/\/wp.ufpel.edu.br\/prppgi\/files\/2018\/11\/Edital-de-sele\u00e7\u00e3o-129-2018-PPG-Ci\u00eancia-Pol\u00edtica-Aluno-Regular.pdf\">Edital de sele\u00e7\u00e3o 129-2018 PPG Ci\u00eancia Pol\u00edtica &#8211; Aluno Regular<\/a>\n<ul>\n<li><a href=\"https:\/\/wp.ufpel.edu.br\/prppgi\/files\/2019\/03\/Edital-de-Retifica\u00e7\u00e3o-08-2019-PPG-em-Ci\u00eancia-Pol\u00edtica.pdf\">Edital de Retifica\u00e7\u00e3o 08-2019 PPG em Ci\u00eancia Pol\u00edtica<\/a><\/li>\n<\/ul>\n<\/li>\n<li><a href=\"https:\/\/wp.ufpel.edu.br\/prppgi\/files\/2018\/11\/Edital-de-sele\u00e7\u00e3o-138-2018-PPG-Epidemiologia-Aluno-Regular.pdf\">Edital de sele\u00e7\u00e3o 138-2018 PPG Epidemiologia &#8211; Aluno Regular<\/a>\n<ul>\n<li><a href=\"https:\/\/wp.ufpel.edu.br\/prppgi\/files\/2018\/12\/Edital-de-Retifica\u00e7\u00e3o-28-2018-PPG-Epidemiologia.pdf\">Edital de Retifica\u00e7\u00e3o 28-2018 PPG Epidemiologia<\/a><\/li>\n<\/ul>\n<\/li>\n<li><a href=\"https:\/\/wp.ufpel.edu.br\/prppgi\/files\/2018\/11\/Edital-de-sele\u00e7\u00e3o-128-2018-PPG-Computa\u00e7\u00e3o.pdf\">Edital de sele\u00e7\u00e3o 128-2018 PPG Computa\u00e7\u00e3o &#8211; Aluno Regular<\/a><\/li>\n<li><a href=\"https:\/\/wp.ufpel.edu.br\/prppgi\/files\/2018\/11\/Edital-de-sele\u00e7\u00e3o-124-2018-PPG-em-Ci\u00eancia-e-Tecnologia-de-Sementes.pdf\">Edital de sele\u00e7\u00e3o 124-2018 PPG em Ci\u00eancia e Tecnologia de Sementes &#8211; Aluno Regular<\/a><\/li>\n<li><a href=\"https:\/\/wp.ufpel.edu.br\/prppgi\/files\/2018\/11\/Edital-de-sele\u00e7\u00e3o-126-2018-PPG-Ci\u00eancias-Ambientais.pdf\">Edital de sele\u00e7\u00e3o 126-2018 PPG Ci\u00eancias Ambientais &#8211; Aluno Regular<\/a><\/li>\n<li><a href=\"https:\/\/wp.ufpel.edu.br\/prppgi\/files\/2018\/11\/Edital-de-sele\u00e7\u00e3o-120-2018-PPG-em-Meteorologia-Aluno-Regular.pdf\">Edital de sele\u00e7\u00e3o 120-2018 PPG em Meteorologia &#8211; Aluno Regular<\/a><\/li>\n<li><a href=\"https:\/\/wp.ufpel.edu.br\/prppgi\/files\/2018\/11\/Edital-de-sele\u00e7\u00e3o-119-2018-PPG-em-Parasitologia-1.pdf\">Edital de sele\u00e7\u00e3o 119-2018 PPG em Parasitologia- Aluno Regular<\/a><\/li>\n<li><a href=\"https:\/\/wp.ufpel.edu.br\/prppgi\/files\/2018\/11\/Edital-de-sele\u00e7\u00e3o-123-2018-PPG-em-Modelagem-Matem\u00e1tica-Aluno-Regular.pdf\">Edital de sele\u00e7\u00e3o 123-2018 PPG em Modelagem Matem\u00e1tica &#8211; Aluno Regular<\/a><\/li>\n<li><a href=\"https:\/\/wp.ufpel.edu.br\/prppgi\/files\/2018\/11\/Edital-de-sele\u00e7\u00e3o-121-2018-PPG-em-Quimica.pdf\">Edital de sele\u00e7\u00e3o 121-2018 PPG em Qu\u00edmica &#8211; Aluno Regular<\/a><\/li>\n<li><a href=\"https:\/\/wp.ufpel.edu.br\/prppgi\/files\/2018\/11\/Edital-de-sele\u00e7\u00e3o-122-2018-PPg-em-Odontologia.pdf\">Edital de sele\u00e7\u00e3o 122-2018 PPG em Odontologia &#8211; Aluno Regular<\/a><\/li>\n<li><a href=\"https:\/\/wp.ufpel.edu.br\/prppgi\/files\/2018\/10\/Edital-de-sele\u00e7\u00e3o-118-2018-Especializa\u00e7\u00e3o-em-Educa\u00e7\u00e3o-Aluno-Regular.pdf\">Edital de sele\u00e7\u00e3o 118-2018 Especializa\u00e7\u00e3o em Educa\u00e7\u00e3o &#8211; Aluno Regular<\/a><\/li>\n<li><a href=\"https:\/\/wp.ufpel.edu.br\/prppgi\/files\/2018\/10\/Edital-de-sele\u00e7\u00e3o-116-2018-PPg-em-Ci\u00eancia-Politica.pdf\">Edital de sele\u00e7\u00e3o 116-2018 PPG em Ci\u00eancia Pol\u00edtica &#8211; Aluno Regular<\/a><\/li>\n<li><a href=\"https:\/\/wp.ufpel.edu.br\/prppgi\/files\/2018\/10\/Edital-de-sele\u00e7\u00e3o-114-2018-PPg-em-Biotecnologia-Aluno-regular.pdf\">Edital de sele\u00e7\u00e3o 114-2018 PPG em Biotecnologia &#8211; Aluno regular<\/a><\/li>\n<li><a href=\"https:\/\/wp.ufpel.edu.br\/prppgi\/files\/2018\/10\/Edital-de-sele\u00e7\u00e3o-113-2018-PPG-Desenvolvimento-Territorial-e-Sistemas-Agroindustriais.pdf\">Edital de sele\u00e7\u00e3o 113-2018 PPG em Desenvolvimento Territorial e Sistemas Agroindustriais- Aluno regular<\/a><\/li>\n<li><a href=\"https:\/\/wp.ufpel.edu.br\/prppgi\/files\/2018\/10\/Edital-de-sele\u00e7\u00e3o-106-2018-Fisiologia-Vegetal.pdf\">Edital de sele\u00e7\u00e3o 106-2018 PPG em Fisiologia Vegetal- Aluno Regular<\/a><\/li>\n<li><a href=\"https:\/\/wp.ufpel.edu.br\/prppgi\/files\/2018\/10\/Edital-de-sele\u00e7\u00e3o-112-2018-PPG-em-Ci\u00eancia-e-Tecnologia-de-Alimentos-Aluno-Regular.pdf\">Edital de sele\u00e7\u00e3o 112-2018 PPG em Ci\u00eancia e Tecnologia de Alimentos Doutorado &#8211; Aluno Regular<\/a><\/li>\n<li><a href=\"https:\/\/wp.ufpel.edu.br\/prppgi\/files\/2018\/10\/Edital-de-sele\u00e7\u00e3o-11-2018-PPG-Ci\u00eancia-e-Tecnologia-de-Alimentos.pdf\">Edital de sele\u00e7\u00e3o 111-2018 PPG em Ci\u00eancia e Tecnologia de Alimentos Mestrado &#8211; Aluno Regular<\/a><\/li>\n<li><a href=\"https:\/\/wp.ufpel.edu.br\/prppgi\/files\/2018\/10\/Edital-de-sele\u00e7\u00e3o-110-2018-PPG-em-Agronomia-Aluno-regular.pdf\">Edital de sele\u00e7\u00e3o 110-2018 PPG em Agronomia &#8211; Aluno regular<\/a><\/li>\n<li><a href=\"https:\/\/wp.ufpel.edu.br\/prppgi\/files\/2018\/10\/Edital-de-sele\u00e7\u00e3o-108-2018-PPG-em-Geografia-Aluno-regular.pdf\">Edital de sele\u00e7\u00e3o 108-2018 PPG em Geografia &#8211; Aluno regular<\/a><\/li>\n<li><a href=\"https:\/\/wp.ufpel.edu.br\/prppgi\/files\/2018\/10\/Edital-de-sele\u00e7\u00e3o-107-2018-MACSA.pdf\">Edital de sele\u00e7\u00e3o 107-2018 Manejo e Conserva\u00e7\u00e3o do Solo e da \u00c1gua &#8211; Aluno Regular<\/a><\/li>\n<li><a href=\"https:\/\/wp.ufpel.edu.br\/prppgi\/files\/2018\/09\/Edital-de-sele\u00e7\u00e3o-109-2018-COREMU.pdf\">Edital de sele\u00e7\u00e3o 109-2018 &#8211; Comiss\u00e3o de Resid\u00eancia Multiprofissional\u00a0em Sa\u00fade e em \u00e1rea Profissional da Sa\u00fade &#8211; Aluno Regular<\/a><\/li>\n<li><a href=\"https:\/\/wp.ufpel.edu.br\/prppgi\/files\/2018\/09\/Edital-de-sele\u00e7\u00e3o-105-2018-PPG-Recursos-H\u00eddricos-2019-1.pdf\">Edital de sele\u00e7\u00e3o 105-2018 PPG Recursos H\u00eddricos &#8211; Aluno Regular<\/a><\/li>\n<li><a href=\"https:\/\/wp.ufpel.edu.br\/prppgi\/files\/2018\/09\/Edital-de-sele\u00e7\u00e3o-103-2018-Educa\u00e7\u00e3o.pdf\">Edital de sele\u00e7\u00e3o 103-2018 PPG em Educa\u00e7\u00e3o &#8211; Aluno Regular<\/a><\/li>\n<li><a href=\"https:\/\/wp.ufpel.edu.br\/prppgi\/files\/2018\/09\/Edital-de-sele\u00e7\u00e3o-104-2018-SPAF.pdf\">Edital de sele\u00e7\u00e3o 104-2018 PPG em Sistemas de Produ\u00e7\u00e3o Agr\u00edcola Familiar &#8211; Aluno Regular<\/a>\n<ul>\n<li><a href=\"https:\/\/wp.ufpel.edu.br\/prppgi\/files\/2018\/09\/Edital-de-Retifica\u00e7\u00e3o-PROGRAU.pdf\">Edital de Retifica\u00e7\u00e3o 22-2018 PPG em Arquitetura e Urbanismo &#8211; Aluno Regular<\/a><\/li>\n<\/ul>\n<\/li>\n<li><a href=\"https:\/\/wp.ufpel.edu.br\/prppgi\/files\/2018\/09\/Edital-de-sele\u00e7\u00e3o-100-2018-PPG-em-Ci\u00eancia-e-Tecnologia-de-Sementes-Aluno-Regular.pdf\">Edital de sele\u00e7\u00e3o 100-2018 PPG em Ci\u00eancia e Tecnologia de Sementes &#8211; Aluno Regular<\/a><\/li>\n<li><a href=\"https:\/\/wp.ufpel.edu.br\/prppgi\/files\/2018\/09\/Edital-de-sele\u00e7\u00e3o-97-2018-PPG-em-Arquitetura-e-Urbanismo.pdf\">Edital de sele\u00e7\u00e3o 97-2018 PPG em Arquitetura e Urbanismo &#8211; Aluno regular<\/a><\/li>\n<li><a href=\"https:\/\/wp.ufpel.edu.br\/prppgi\/files\/2018\/09\/Edital-de-sele\u00e7\u00e3o-101-2018-COREME.pdf\">Edital de sele\u00e7\u00e3o 101-2018 Comiss\u00e3o de Resid\u00eancia M\u00e9dica &#8211; M\u00e9dicos Residentes<\/a>\n<ul>\n<li><a href=\"https:\/\/wp.ufpel.edu.br\/prppgi\/files\/2018\/09\/Edital-de-Retifica\u00e7\u00e3o-21-2018-COREME.pdf\">Edital de Retifica\u00e7\u00e3o 21-2018 Comiss\u00e3o de Resid\u00eancia M\u00e9dica &#8211; M\u00e9dicos Residentes\u00a0<\/a><\/li>\n<\/ul>\n<\/li>\n<li><a href=\"https:\/\/wp.ufpel.edu.br\/prppgi\/files\/2018\/09\/Edital-de-sele\u00e7\u00e3o-102-PPG-Letras-Aluno-Especial.pdf\">Edital de sele\u00e7\u00e3o 102-2018 PPG em Letras &#8211; Aluno Especial<\/a><\/li>\n<li><a href=\"https:\/\/wp.ufpel.edu.br\/prppgi\/files\/2018\/08\/Edital-99-2018-Dinter-Enfermagem.pdf\">Edital 99-2018 Dinter Enfermagem- Aluno Regular<\/a><\/li>\n<li><a href=\"https:\/\/wp.ufpel.edu.br\/prppgi\/files\/2018\/08\/Edital-de-sele\u00e7\u00e3o-98-2018-Especializa\u00e7\u00e3o-em-Ensino-de-Filosofia-Ead-aluno-regular.pdf\">Edital de sele\u00e7\u00e3o 98-2018 Especializa\u00e7\u00e3o em Ensino de Filosofia Ead &#8211; Aluno Regular<\/a><\/li>\n<li><a href=\"https:\/\/wp.ufpel.edu.br\/prppgi\/files\/2018\/08\/Edital-de-sele\u00e7\u00e3o-96-2018-PPG-em-Agronomia-Aluno-Regular.pdf\">Edital de sele\u00e7\u00e3o 96-2018 PPG em Agronomia &#8211; Aluno Regular &#8211; Doutorado<\/a><\/li>\n<li><a href=\"https:\/\/wp.ufpel.edu.br\/prppgi\/files\/2018\/08\/Edital-de-sele\u00e7\u00e3o-95-2018-PPG-Educa\u00e7\u00e3o-F\u00edsica-Aluno-especial.pdf\">Edital de sele\u00e7\u00e3o 95-2018 PPG Educa\u00e7\u00e3o F\u00edsica &#8211; Aluno Especial<\/a><\/li>\n<li><a href=\"https:\/\/wp.ufpel.edu.br\/prppgi\/files\/2018\/08\/Edital-de-sele\u00e7\u00e3o-94-2018-PPG-em-Fitossanidade-Aluno-Regular.pdf\">Edital de sele\u00e7\u00e3o 94-2018 PPG em Fitossanidade &#8211; Aluno Regular<\/a><\/li>\n<li><a href=\"https:\/\/wp.ufpel.edu.br\/prppgi\/files\/2018\/08\/Edital-de-sele\u00e7\u00e3o-93-2018-PPG-em-Arquitetura-e-Urbanismo.pdf\">Edital de sele\u00e7\u00e3o 93-2018 PPG em Arquitetura e Urbanismo &#8211; Aluno Especial<\/a><\/li>\n<li><a href=\"https:\/\/wp.ufpel.edu.br\/prppgi\/files\/2018\/08\/Edital-de-sele\u00e7\u00e3o-90-2018-PPG-Desenvolvimento-Territorial-e-Sistemas-Agroindustriais.pdf\">Edital de sele\u00e7\u00e3o 90-2018 PPG Desenvolvimento Territorial e Sistemas Agroindustriais &#8211; Aluno Especial<\/a><\/li>\n<li><a href=\"https:\/\/wp.ufpel.edu.br\/prppgi\/files\/2018\/08\/Edital-de-sele\u00e7\u00e3o-85-2018.pdf\">Edital de sele\u00e7\u00e3o 85-2018 PPG Hist\u00f3ria &#8211; Aluno Especial\u00a0<\/a><\/li>\n<li><a href=\"https:\/\/wp.ufpel.edu.br\/prppgi\/files\/2018\/08\/Edital-de-sele\u00e7\u00e3o-71-2018-PPG-Sociologia-Aluno-Especial.pdf\">Edital de sele\u00e7\u00e3o 71-2018 PPG Sociologia &#8211; Aluno Especial<\/a><\/li>\n<li><a href=\"https:\/\/wp.ufpel.edu.br\/prppgi\/files\/2018\/08\/Edital-de-sele\u00e7\u00e3o-92-2018-PPG-Qu\u00edmica-Aluno-Especial.pdf\">Edital de sele\u00e7\u00e3o 92-2018 PPG Qu\u00edmica &#8211; Aluno Especial<\/a><\/li>\n<li><a href=\"https:\/\/wp.ufpel.edu.br\/prppgi\/files\/2018\/08\/Edital-de-sele\u00e7\u00e3o-88-2018-PPG-Antropologia-Aluno-Especial.pdf\">Edital de sele\u00e7\u00e3o 88-2018 &#8211; PPG Antropologia &#8211; Aluno Especial<\/a><\/li>\n<li><a href=\"https:\/\/wp.ufpel.edu.br\/prppgi\/files\/2018\/07\/Edital-de-sele\u00e7\u00e3o-83-2018-PPG-Filosofia-Aluno-Especial.pdf\">Edital de sele\u00e7\u00e3o 83-2018 PPG Filosofia- Aluno Especial<\/a><\/li>\n<li><a href=\"https:\/\/wp.ufpel.edu.br\/prppgi\/files\/2018\/07\/Edital-de-sele\u00e7\u00e3o-84-2018-PPG-Enfermagem-Aluno-Especial.pdf\">Edital de sele\u00e7\u00e3o 84-2018 PPG Enfermagem &#8211; Aluno Especial<\/a>\n<ul>\n<li><a href=\"https:\/\/wp.ufpel.edu.br\/prppgi\/files\/2018\/08\/Edital-de-Retifica\u00e7\u00e3o-19-2018-PPG-em-Enfermagem-Aluno-Especial.pdf\">Edital de Retifica\u00e7\u00e3o 19-2018 PPG em Enfermagem &#8211; Aluno Especial<\/a><\/li>\n<\/ul>\n<\/li>\n<li><a href=\"https:\/\/wp.ufpel.edu.br\/prppgi\/files\/2018\/07\/Edital-de-sele\u00e7\u00e3o-87-2018-PPG-Ci\u00eancia-e-Engenharia-de-Materiais-Aluno-Especial.pdf\">Edital de sele\u00e7\u00e3o 87-2018 PPG Ci\u00eancia e Engenharia de Materiais- Aluno Especial<\/a><\/li>\n<li><a href=\"https:\/\/wp.ufpel.edu.br\/prppgi\/files\/2018\/07\/Edital-de-sele\u00e7\u00e3o-64-2018-PPG-Veterin\u00e1ria-Aliuno-Especial.pdf\">Edital de sele\u00e7\u00e3o 64-2018 PPG Veterin\u00e1ria &#8211; Aliuno Especial<\/a><\/li>\n<li><a href=\"https:\/\/wp.ufpel.edu.br\/prppgi\/files\/2018\/07\/Edital-de-sele\u00e7\u00e3o-74-2018-DINTER-PPG-em-Educa\u00e7\u00e3o-Aluno-Regular.pdf\">Edital de sele\u00e7\u00e3o 74-2018 DINTER PPG em Educa\u00e7\u00e3o- Aluno Regular<\/a><\/li>\n<li><a href=\"https:\/\/wp.ufpel.edu.br\/prppgi\/files\/2018\/07\/Edital-de-sele\u00e7\u00e3o-79-2018-PPG-em-Computa\u00e7\u00e3o-Aluno-Especial.pdf\">Edital de sele\u00e7\u00e3o 79-2018 PPG em Computa\u00e7\u00e3o &#8211; Aluno Especial<\/a><\/li>\n<li><a href=\"https:\/\/wp.ufpel.edu.br\/prppgi\/files\/2018\/07\/Edital-de-sele\u00e7\u00e3o-80-2018-PPG-em-Sistemas-de-Prod.-Agric.-Familiar-Aluno-Especial.pdf\">Edital de sele\u00e7\u00e3o 80-2018 PPG em Sistemas de Prod. Agric. Familiar &#8211; Aluno Especial<\/a><\/li>\n<li><a href=\"https:\/\/wp.ufpel.edu.br\/prppgi\/files\/2018\/07\/Edital-de-sele\u00e7\u00e3o-82-2018-PPG-Organiza\u00e7oes-e-Mercados-Aluno-Especial.pdf\">Edital de sele\u00e7\u00e3o 82-2018 PPG Organiza\u00e7oes e Mercados &#8211; Aluno Especial<\/a><\/li>\n<li><a href=\"https:\/\/wp.ufpel.edu.br\/prppgi\/files\/2018\/07\/Edital-de-sele\u00e7\u00e3o-69-2018-PPG-em-Geografia-Aluno-Especial.pdf\">Edital de sele\u00e7\u00e3o 69-2018 PPG em Geografia &#8211; Aluno Especial<\/a><\/li>\n<li><a href=\"https:\/\/wp.ufpel.edu.br\/prppgi\/files\/2018\/07\/Edital-de-sele\u00e7\u00e3o-72-2018-PPG-Ci\u00eancia-e-Eng-de-Materiais-Aluno-Regular-Doutorado.pdf\">Edital de sele\u00e7\u00e3o 72-2018 PPG Ci\u00eancia e Eng de Materiais- Aluno Regular &#8211; Doutorado<\/a>\n<ul>\n<li><a href=\"https:\/\/wp.ufpel.edu.br\/prppgi\/files\/2018\/08\/Edital-de-Retifica\u00e7\u00e3o-17-2018.pdf\">Edital de Retifica\u00e7\u00e3o 17-2018 PPG Ci\u00eancia e Eng de Materiais &#8211; Aluno Regular &#8211; Doutorado<\/a><\/li>\n<\/ul>\n<\/li>\n<li><a href=\"https:\/\/wp.ufpel.edu.br\/prppgi\/files\/2018\/07\/Edital-de-sele\u00e7\u00e3o-73-2018-PPG-ci\u00eancia-e-Eng-de-Materiais-Aluno-Regular-Mestrado.pdf\">Edital de sele\u00e7\u00e3o 73-2018 PPG ci\u00eancia e Eng de Materiais &#8211; Aluno Regular Mestrado<\/a>\n<ul>\n<li><a href=\"https:\/\/wp.ufpel.edu.br\/prppgi\/files\/2018\/08\/Edital-de-Retifica\u00e7\u00e3o-18-2018-PPG-Ci\u00eancia-e-Engenharia-de-Materiais.pdf\">Edital de Retifica\u00e7\u00e3o 18-2018 PPG Ci\u00eancia e Eng de Materiais &#8211; Aluno Regular &#8211; Mestrado<\/a><\/li>\n<\/ul>\n<\/li>\n<li><a href=\"https:\/\/wp.ufpel.edu.br\/prppgi\/files\/2018\/07\/Edital-de-sele\u00e7\u00e3o-78-2018-PPg-Bioquimica-e-Bioprospec\u00e7\u00e3o-Aluno-Regular-Doutorado.pdf\">Edital de sele\u00e7\u00e3o 78-2018 PPg Bioquimica e Bioprospec\u00e7\u00e3o &#8211; Aluno Regular &#8211; Doutorado<\/a><\/li>\n<li><a href=\"https:\/\/wp.ufpel.edu.br\/prppgi\/files\/2018\/07\/Edital-de-sele\u00e7\u00e3o-81-2019-PPG-Direito-Aluno-Regular.pdf\">Edital de sele\u00e7\u00e3o 81-2019 PPG Direito &#8211; Aluno Regular<\/a><\/li>\n<li><a href=\"https:\/\/wp.ufpel.edu.br\/prppgi\/files\/2018\/07\/Edital-de-sele\u00e7\u00e3o-77-2018-PPG-Bioquimica-e-Bioprospec\u00e7\u00e3o.pdf\">Edital de sele\u00e7\u00e3o 77-2018 &#8211; PPG Bioqu\u00edmica e Bioprospec\u00e7\u00e3o &#8211; Aluno Regular<\/a>\n<ul>\n<li><a href=\"https:\/\/wp.ufpel.edu.br\/prppgi\/files\/2018\/08\/Edital-de-Retifica\u00e7\u00e3o-16-2018-PPG-Bioqu\u00edmica-e-Bioprospec\u00e7\u00e3o.pdf\">Edital de Retifica\u00e7\u00e3o 16-2018 PPG Bioqu\u00edmica e Bioprospec\u00e7\u00e3o &#8211; Aluno Regular<\/a><\/li>\n<\/ul>\n<\/li>\n<li><a href=\"https:\/\/wp.ufpel.edu.br\/prppgi\/files\/2018\/07\/Edital-de-sele\u00e7\u00e3o-66-2018-PPGCPol.pdf\">Edital de sele\u00e7\u00e3o 66-2018 PPG em Ci\u00eancia Pol\u00edtica &#8211; Aluno Especial<\/a><\/li>\n<li><a href=\"https:\/\/wp.ufpel.edu.br\/prppgi\/files\/2018\/07\/Edital-de-sele\u00e7\u00e3o-70-2018-PPG-em-Educa\u00e7\u00e3o-Matem\u00e1tica-Aluno-Especial.pdf\">Edital de sele\u00e7\u00e3o 70-2018 PPG em Educa\u00e7\u00e3o Matem\u00e1tica &#8211; Aluno Especial<\/a><\/li>\n<li><a href=\"https:\/\/wp.ufpel.edu.br\/prppgi\/files\/2018\/07\/Edital-de-sele\u00e7\u00e3o-PPG-Ci\u00eancias-Ambientais-68-2018.pdf\">Edital de sele\u00e7\u00e3o 68-2018 PPG Ci\u00eancias Ambientais &#8211; Aluno especial<\/a><\/li>\n<li><a href=\"https:\/\/wp.ufpel.edu.br\/prppgi\/files\/2018\/07\/Edital-de-sele\u00e7\u00e3o-65-2018-PPG-Direito-Aluno-especial.pdf\">Edital de sele\u00e7\u00e3o 65-2018 PPG Direito Aluno especial<\/a><\/li>\n<li><a href=\"https:\/\/wp.ufpel.edu.br\/prppgi\/files\/2018\/07\/Edital-63-Especializa\u00e7\u00e3o-em-Educa\u00e7\u00e3o.pdf\">Edital de sele\u00e7\u00e3o 63 &#8211; 2018 Especializa\u00e7\u00e3o em Educa\u00e7\u00e3o &#8211; Aluno Regular<\/a><\/li>\n<li><a href=\"https:\/\/wp.ufpel.edu.br\/prppgi\/files\/2018\/07\/Edital-67-Ci\u00eancia-dos-Alimentos.pdf\">Edital de sele\u00e7\u00e3o 62 &#8211; 2018 Especializa\u00e7\u00e3o em Ci\u00eancia dos Alimentos &#8211; Aluno Regular<\/a><\/li>\n<li><a href=\"https:\/\/wp.ufpel.edu.br\/prppgi\/files\/2018\/07\/Edital-de-sele\u00e7\u00e3o-61-2018-PPG-Letras-Mestrado.pdf\">Edital de sele\u00e7\u00e3o 61-2018 PPG Letras -Mestrado- Aluno Regular<\/a><\/li>\n<li><a href=\"https:\/\/wp.ufpel.edu.br\/prppgi\/files\/2018\/07\/Edital-de-sele\u00e7\u00e3o-60-2018-PPG-Letras-Doutorado.pdf\">Edital de sele\u00e7\u00e3o 60-2018 &#8211; PPG Letras &#8211; Doutorado- Aluno Regular<\/a><\/li>\n<li><a href=\"https:\/\/wp.ufpel.edu.br\/prppgi\/files\/2018\/07\/Edital-57-Especializa\u00e7\u00e3o-em-Gr\u00e1fica-Digital.pdf\">Edital de sele\u00e7\u00e3o 57 &#8211; 2018 Especializa\u00e7\u00e3o em Gr\u00e1fica Digital &#8211; Aluno Regular<\/a>\n<ul>\n<li><a href=\"https:\/\/wp.ufpel.edu.br\/prppgi\/files\/2018\/08\/Edital-de-Retifica\u00e7\u00e3o-20-2018-Especializa\u00e3o-em-Gr\u00e1fica-Digital-Aluno-Regular.pdf\">Edital de Retifica\u00e7\u00e3o 20-2018 Especializa\u00e7\u00e3o em Gr\u00e1fica Digital &#8211; Aluno Regular<\/a><\/li>\n<\/ul>\n<\/li>\n<li><a href=\"https:\/\/wp.ufpel.edu.br\/prppgi\/files\/2018\/07\/Edital-de-sele\u00e7\u00e3o-55-2018-PPG-Artes-Visuais-Aluno-Especial.pdf\">Edital de sele\u00e7\u00e3o 55-2018 PPG Artes Visuais &#8211; Aluno Especial<\/a><\/li>\n<li><a href=\"https:\/\/wp.ufpel.edu.br\/prppgi\/files\/2018\/07\/Edital-de-sele\u00e7\u00e3o-54-2018-PPG-em-Odontologia-Aluno-Especial.pdf\">Edital de sele\u00e7\u00e3o 54-2018 PPG em Odontologia &#8211; Aluno Especial<\/a><\/li>\n<li><a href=\"https:\/\/wp.ufpel.edu.br\/prppgi\/files\/2018\/07\/edital-de-sele\u00e7\u00e3o-53-2018-PPGOM-Aluno-Regular.pdf\">Edital de sele\u00e7\u00e3o 53-2018 PPG Organiza\u00e7\u00f5es e Mercados &#8211; Aluno Regular<\/a><\/li>\n<li><a href=\"https:\/\/wp.ufpel.edu.br\/prppgi\/files\/2018\/07\/Edital-de-sele\u00e7\u00e3o-51-PPG-Ensino-de-Ci\u00eancias-e-Matem\u00e1tica-aluno-Especial.pdf\">Edital de sele\u00e7\u00e3o 51-2018 PPG Ensino de Ci\u00eancias e Matem\u00e1tica &#8211; Aluno Especial<\/a><\/li>\n<li><a href=\"https:\/\/wp.ufpel.edu.br\/prppgi\/files\/2018\/06\/Edital-de-sele\u00e7\u00e3o-52-2018-PPG-Quimica-Aluno-Regular.pdf\">Edital de sele\u00e7\u00e3o 52-2018 PPG Qu\u00edmica &#8211; Aluno Regular<\/a><\/li>\n<li><a href=\"https:\/\/wp.ufpel.edu.br\/prppgi\/files\/2018\/06\/Edital-de-sele\u00e7\u00e3o-PRPPGI-48-2018-PPG-Agronomia-Aluno-Regular.pdf\">Edital de sele\u00e7\u00e3o 48-2018 PPG Agronomia &#8211; Aluno Regular<\/a><\/li>\n<li><a href=\"https:\/\/wp.ufpel.edu.br\/prppgi\/files\/2018\/06\/Edital-n-50-2018.pdf\">Edital de sele\u00e7\u00e3o 50 &#8211; 2018 Especializa\u00e7\u00e3o em Ci\u00eancia e Tecnologia de Sementes<\/a><\/li>\n<li><a href=\"https:\/\/wp.ufpel.edu.br\/prppgi\/files\/2018\/06\/Edital-n-49-2018.pdf\">Edital de sele\u00e7\u00e3o 49 &#8211; 2018 PPG em Nutri\u00e7\u00e3o e Alimentos &#8211; Aluno Regular<\/a><\/li>\n<li><a href=\"https:\/\/wp.ufpel.edu.br\/prppgi\/files\/2018\/06\/Edital-de-sele\u00e7\u00e3o-47_Educa\u00e7\u00e3o-F\u00edsica.pdf\">Edital de sele\u00e7\u00e3o 47-2018 PPG em Educa\u00e7\u00e3o F\u00edsica &#8211; Aluno Regular<\/a><\/li>\n<li><a href=\"https:\/\/wp.ufpel.edu.br\/prppgi\/files\/2018\/06\/Edital-de-sele\u00e7\u00e3o-45-Artes-Visuais-Aluno-Regular.pdf\">Edital de sele\u00e7\u00e3o 45 -2018 PPG em Artes Visuais &#8211; Aluno Regular<\/a>\n<ul>\n<li><a href=\"https:\/\/wp.ufpel.edu.br\/prppgi\/files\/2018\/06\/edital-ret-10-do-edital-45.pdf\">Edital de Retifica\u00e7\u00e3o 10 &#8211; 2018 PPG em Artes Visuais &#8211; Aluno Regular<\/a><\/li>\n<\/ul>\n<\/li>\n<li><a href=\"https:\/\/wp.ufpel.edu.br\/prppgi\/files\/2018\/06\/Edital-de-sele\u00e7\u00e3o-44-PPG-F\u00edsica.pdf\">Edital de sele\u00e7\u00e3o 44 &#8211; 2018 PPG em F\u00edsica &#8211; Aluno Regular (doutorado)<\/a>\n<ul>\n<li><a href=\"https:\/\/wp.ufpel.edu.br\/prppgi\/files\/2018\/06\/edital-ret-11-do-edital-44.pdf\">Edital de Retifica\u00e7\u00e3o 12 &#8211; 2018 PPG em F\u00edsica &#8211; Aluno Regular (doutorado)<\/a><\/li>\n<\/ul>\n<\/li>\n<li><a href=\"https:\/\/wp.ufpel.edu.br\/prppgi\/files\/2018\/06\/Edital-de-sele\u00e7\u00e3o-43-PPG-F\u00edsica.pdf\">Edital de sele\u00e7\u00e3o 43 &#8211; 2018 PPG em F\u00edsica &#8211; Aluno Regular (mestrado)<\/a>\n<ul>\n<li><a href=\"https:\/\/wp.ufpel.edu.br\/prppgi\/files\/2018\/06\/Edital-de-Retifica\u00e7\u00e3o-11-PPG-F\u00edsica-edital-43.pdf\">Edital de Retifica\u00e7\u00e3o 11-2018 &#8211; PPG em F\u00edsica &#8211; Aluno Regular (mestrado)<\/a><\/li>\n<\/ul>\n<\/li>\n<li><a href=\"https:\/\/wp.ufpel.edu.br\/prppgi\/files\/2018\/05\/Edital-de-sele\u00e7\u00e3o-42-2018-Esp.-Eng\u00aa-de-biossistemas-Aluno-Regular.pdf\">Edital de sele\u00e7\u00e3o 42-2018 Esp. Eng\u00aa de Biossistemas &#8211; Aluno Regular<\/a>\n<ul>\n<li><a href=\"https:\/\/wp.ufpel.edu.br\/prppgi\/files\/2018\/07\/Edital-de-Retifica\u00e7\u00e3o-14.pdf\">Edital de Retifica\u00e7\u00e3o 14-2018 &#8211; Esp. Eng\u00aa de Biossistemas &#8211; Aluno Regular<\/a><\/li>\n<\/ul>\n<\/li>\n<li><a href=\"https:\/\/wp.ufpel.edu.br\/prppgi\/files\/2018\/05\/Edital-de-sele\u00e7\u00e3o-041-2018-Fisiologia-Vegetal.pdf\">Edital de sele\u00e7\u00e3o 041-2018 Fisiologia Vegetal &#8211; Aluno Regular<\/a><\/li>\n<li><a href=\"https:\/\/wp.ufpel.edu.br\/prppgi\/files\/2018\/04\/Edital-de-sele\u00e7\u00e3o-40-2018-PPG-Cienc.-e-Tecnologia-de-Alimentos-Aluno-Regular.pdf\">Edital de sele\u00e7\u00e3o 40-2018 PPG Cienc. e Tecnologia de Alimentos &#8211; Aluno Regular<\/a><\/li>\n<li><a href=\"https:\/\/wp.ufpel.edu.br\/prppgi\/files\/2018\/03\/Edital-de-sele\u00e7\u00e3o-38-2018-PPG-em-Educa\u00e7\u00e3o-F\u00edsica-Aluno-Especial.pdf\">Edital de sele\u00e7\u00e3o 38-2018 PPG em Educa\u00e7\u00e3o F\u00edsica &#8211; Aluno Especial<\/a><\/li>\n<li><a href=\"https:\/\/wp.ufpel.edu.br\/prppgi\/files\/2018\/03\/Edital-de-sele\u00e7\u00e3o-39-2018-PPG-em-Enfermagem-Aluno-especial.pdf\">Edital de sele\u00e7\u00e3o 39-2018 PPG em Enfermagem &#8211; Aluno especial<\/a>\n<ul>\n<li><a href=\"https:\/\/wp.ufpel.edu.br\/prppgi\/files\/2018\/03\/Edital-de-Retifica\u00e7\u00e3o-04-2018-Sociologia.pdf\">Edital de Retifica\u00e7\u00e3o 04-2018 &#8211; PPG Sociologia<\/a><\/li>\n<\/ul>\n<\/li>\n<li><a href=\"https:\/\/wp.ufpel.edu.br\/prppgi\/files\/2018\/03\/Edital-de-sele\u00e7\u00e3o-37-2018-SPAF.pdf\">Edital de sele\u00e7\u00e3o 37-2018 PPG Sistema de Produ\u00e7\u00e3o Agricola Familiar &#8211; Aluno Regular<\/a>\n<ul>\n<li><a href=\"https:\/\/wp.ufpel.edu.br\/prppgi\/files\/2018\/03\/Edital-de-Retifica\u00e7\u00e3o-7-2018-sementes.pdf\">Edital de Retifica\u00e7\u00e3o 7-2018 PPG CTde Sementes<\/a><\/li>\n<\/ul>\n<\/li>\n<li><a href=\"https:\/\/wp.ufpel.edu.br\/prppgi\/files\/2018\/03\/Edital-de-sele\u00e7\u00e3o-35.pdf\">Edital de sele\u00e7\u00e3o 35 PPG Qu\u00edmica &#8211; Aluno Especial<\/a><\/li>\n<li><a href=\"https:\/\/wp.ufpel.edu.br\/prppgi\/files\/2018\/03\/Edital-de-sele\u00e7\u00e3o-33-2018-PPG-SPAF.pdf\">Edital de sele\u00e7\u00e3o 33-2018 PPG SPAF &#8211; Aluno Especial<\/a><\/li>\n<li><a href=\"https:\/\/wp.ufpel.edu.br\/prppgi\/files\/2018\/03\/Edital-de-sele\u00e7\u00e3o-27-2018-PPG-Desenvolvimento-Territorial-e-Sistemas-Agroindustriais-Aluno-Especial.pdf\">Edital de sele\u00e7\u00e3o 27-2018 PPG Desenvolvimento Territorial e Sistemas Agroindustriais &#8211; Aluno Especial<\/a>\n<ul>\n<li><a href=\"https:\/\/wp.ufpel.edu.br\/prppgi\/files\/2018\/03\/Edital-de-Retifica\u00e7\u00e3o-06-2018-PPG-Antropologia.pdf\">Edital de Retifica\u00e7\u00e3o 06-2018 PPG Antropologia<\/a><\/li>\n<\/ul>\n<\/li>\n<li><a href=\"https:\/\/wp.ufpel.edu.br\/prppgi\/files\/2018\/03\/Edital-de-sele\u00e7\u00e3o-25-2018-Especiaiza\u00e7\u00e3o-em-Artes-Visuais.pdf\">Edital de sele\u00e7\u00e3o 25-2018 Especiaiza\u00e7\u00e3o em Artes Visuais<\/a><\/li>\n<li><a href=\"https:\/\/wp.ufpel.edu.br\/prppgi\/files\/2018\/03\/Edital-de-sele\u00e7\u00e3o-31-2018-PPG-em-Educa\u00e7\u00e3o-Matem\u00e1tica-Aluno-Especial.pdf\">Edital de sele\u00e7\u00e3o 31-2018 PPG em Educa\u00e7\u00e3o Matem\u00e1tica &#8211; Aluno Especial<\/a>\n<ul>\n<li><a href=\"https:\/\/wp.ufpel.edu.br\/prppgi\/files\/2018\/03\/Edital-de-Retifica\u00e7\u00e3o-5-2018-Especializa\u00e7\u00e3o-em-Gest\u00e3o-P\u00fablica-e-Desenvolvimento-Regional.pdf\">Edital de Retifica\u00e7\u00e3o 5-2018 Especializa\u00e7\u00e3o em Gest\u00e3o P\u00fablica e Desenvolvimento Regional<\/a><\/li>\n<\/ul>\n<\/li>\n<li><a href=\"https:\/\/wp.ufpel.edu.br\/prppgi\/files\/2018\/03\/Edital-de-sele\u00e7\u00e3o-32-2018-PPg-Bioqu\u00edmica-e-Bioprospec\u00e7\u00e3o-Aluno-Especial.pdf\">Edital de sele\u00e7\u00e3o 32-2018 PPg Bioqu\u00edmica e Bioprospec\u00e7\u00e3o &#8211; Aluno Especial<\/a><\/li>\n<li><a href=\"https:\/\/wp.ufpel.edu.br\/prppgi\/files\/2018\/03\/Edital-de-sele\u00e7\u00e3o-28-2018-PPG-Ci\u00eancia-e-Tecnologia-de-Sementes-Aluno-Regular.pdf\">Edital de sele\u00e7\u00e3o 28-2018 PPG Ci\u00eancia e Tecnologia de Sementes &#8211; Aluno Regular<\/a><\/li>\n<li><a href=\"https:\/\/wp.ufpel.edu.br\/prppgi\/files\/2018\/03\/Edital-de-sele\u00e7\u00e3o-34-COREMU-aluno-regular.pdf\">Edital de sele\u00e7\u00e3o 34-2018 COREMU &#8211; Aluno Regular<\/a><\/li>\n<li><a href=\"https:\/\/wp.ufpel.edu.br\/prppgi\/files\/2018\/03\/Edital-de-sele\u00e7\u00e3o-30-2018-PPG-F\u00edsica-Aluno-Especial.pdf\">Edital de sele\u00e7\u00e3o 30-2018 PPG F\u00edsica &#8211; Aluno Especial<\/a><\/li>\n<li><a href=\"https:\/\/wp.ufpel.edu.br\/prppgi\/files\/2018\/03\/Edital-de-sele\u00e7\u00e3o-22-2018-PPG-em-Ci\u00eancia-Politica-Aluno-Especial.pdf\">Edital de sele\u00e7\u00e3o 22-2018 PPG em Ci\u00eancia Politica &#8211; Aluno Especial<\/a><\/li>\n<li><a href=\"https:\/\/wp.ufpel.edu.br\/prppgi\/files\/2018\/03\/Edital-de-sele\u00e7\u00e3o-29-2018-PPG-em-Arquitetura-Urbanismo-Aluno-Especial.pdf\">Edital de sele\u00e7\u00e3o 29-2018 PPG em Arquitetura Urbanismo &#8211; Aluno Especial<\/a><\/li>\n<li><a href=\"https:\/\/wp.ufpel.edu.br\/prppgi\/files\/2018\/02\/Edital-de-sele\u00e7\u00e3o-24-2018-PPG-Filosofia-Aluno-especial.pdf\">Edital de sele\u00e7\u00e3o 24-2018 PPG Filosofia &#8211; Aluno Especial<\/a><\/li>\n<li><a href=\"https:\/\/wp.ufpel.edu.br\/prppgi\/files\/2018\/02\/Edital-de-sele\u00e7\u00e3o-21-2018-PPG-Biotecnologia-Aluno-Especial.pdf\">Edital de sele\u00e7\u00e3o 21-2018 PPG Biotecnologia &#8211; Aluno Especial<\/a><\/li>\n<li><a href=\"https:\/\/wp.ufpel.edu.br\/prppgi\/files\/2018\/02\/Edital-de-sele\u00e7\u00e3o-15-2018-PPG-em-Educa\u00e7\u00e3o.pdf\">Edital de sele\u00e7\u00e3o 15-2018 PPG Educa\u00e7\u00e3o &#8211; Aluno Especial<\/a><\/li>\n<li><a href=\"https:\/\/wp.ufpel.edu.br\/prppgi\/files\/2018\/02\/Edital-de-sele\u00e7\u00e3o-16-2017-PPg-em-Ci\u00eancia-e-Engenharia-de-Materiais-Aluno-Especial.pdf\">Edital de sele\u00e7\u00e3o 16-2017 PPG Ci\u00eancia e Engenharia de Materiais &#8211; Aluno Especial<\/a><\/li>\n<li><a href=\"https:\/\/wp.ufpel.edu.br\/prppgi\/files\/2018\/02\/Edital-de-sele\u00e7\u00e3o-20-2018-PPG-HIst\u00f3ria-Aluno-especial.pdf\">Edital de sele\u00e7\u00e3o 20-2018 PPG HIst\u00f3ria &#8211; Aluno especial<\/a><\/li>\n<li><a href=\"https:\/\/wp.ufpel.edu.br\/prppgi\/files\/2018\/02\/Edital-de-Sele\u00e7\u00e3o-14-2018-PPG-em-Veterin\u00e1ria-Aluno-Especial.pdf\">Edital de Sele\u00e7\u00e3o 14-2018 PPG em Veterin\u00e1ria &#8211; Aluno Especial<\/a><\/li>\n<li><a href=\"https:\/\/wp.ufpel.edu.br\/prppgi\/files\/2018\/02\/Edital-de-sele\u00e7\u00e3o-17-2018-PPG-Antropologia.pdf\">Edital de sele\u00e7\u00e3o 17-2018 PPG Antropologia &#8211; Aluno Especial<\/a><\/li>\n<li><a href=\"https:\/\/wp.ufpel.edu.br\/prppgi\/files\/2018\/02\/Edital-26-2018-COREME-Vagas-Remanescentes.pdf\">Edital de Sele\u00e7\u00e3o 26-2018 COREME &#8211; Vagas Remanescentes<\/a><\/li>\n<li><a href=\"https:\/\/wp.ufpel.edu.br\/prppgi\/files\/2018\/02\/01_18_Edital_PNPD_PPGS_UFPel__1_.pdf\">01_18_Edital_PNPD_PPG em Sociologia<\/a><\/li>\n<li><a href=\"https:\/\/wp.ufpel.edu.br\/prppgi\/files\/2018\/02\/Edital-de-Sele\u00e7\u00e3o-12-2018-PPG-Ens-de-Ci\u00eancias-e-Matem\u00e1tica-Aluno-Especial.pdf\">Edital de Sele\u00e7\u00e3o 12-2018 PPG Ensino de Ci\u00eancias e Matem\u00e1tica &#8211; Aluno Especial<\/a><\/li>\n<li><a href=\"https:\/\/wp.ufpel.edu.br\/prppgi\/files\/2018\/02\/Edital-de-sele\u00e7\u00e3o-11-2018-PPG-Artes-Visuais-Aluno-Especial.pdf\">Edital de sele\u00e7\u00e3o 11-2018 PPG Artes Visuais &#8211; Aluno Especial<\/a>\n<ul>\n<li><a href=\"https:\/\/wp.ufpel.edu.br\/prppgi\/files\/2018\/02\/Edital-de-Retifica\u00e7\u00e3o-03-2018-PPG-sociologia.pdf\">Edital de Retifica\u00e7\u00e3o 03-2018 PPG em Sociologia<\/a><\/li>\n<\/ul>\n<\/li>\n<li><span style=\"color: #0000ff\"><a style=\"color: #0000ff\" href=\"https:\/\/wp.ufpel.edu.br\/prppgi\/files\/2018\/02\/Edital-de-sele\u00e7\u00e3o-13-2018-PPG-Letras-Aluno-Especial.pdf\">Edital de Sele\u00e7\u00e3o 13-2018 PPG Letras Aluno Especial<\/a><\/span>\n<ul>\n<li><span style=\"color: #0000ff\"><a style=\"color: #0000ff\" href=\"https:\/\/wp.ufpel.edu.br\/prppgi\/files\/2018\/02\/Edital-de-Retifica\u00e7\u00e3o-02-2018-Especializa\u00e7\u00e3o-em-Artes.pdf\">Edital de Retifica\u00e7\u00e3o 02-2018 Especializa\u00e7\u00e3o em Artes<\/a><\/span><\/li>\n<li><span style=\"color: #0000ff\"><a style=\"color: #0000ff\" href=\"https:\/\/wp.ufpel.edu.br\/prppgi\/files\/2018\/02\/SEI_UFPel-0049182-Edital-de-Retifica\u00e7\u00e3o-PRPPGI.pdf\">Edital de Retifica\u00e7\u00e3o 01-2018 PPG em Sociologia<\/a><\/span><\/li>\n<\/ul>\n<\/li>\n<li><span style=\"color: #0000ff\"><a style=\"color: #0000ff\" href=\"https:\/\/wp.ufpel.edu.br\/prppgi\/files\/2018\/02\/Edital-de-sele\u00e7\u00e3o-10-2018-PPG-em-Odontologia-Aluno-Especial.pdf\">Edital de sele\u00e7\u00e3o 10-2018 PPG em Odontologia-Aluno Especial<\/a><\/span><\/li>\n<li><span style=\"color: #0000ff\"><a style=\"color: #0000ff\" href=\"https:\/\/wp.ufpel.edu.br\/prppgi\/files\/2018\/02\/edital-09-2018-aluno-especial-direito.pdf\">Edital de Sele\u00e7\u00e3o 09-2018 PPG Direito &#8211; Aluno Especial<\/a><\/span><\/li>\n<li><span style=\"color: #0000ff\"><a style=\"color: #0000ff\" href=\"https:\/\/wp.ufpel.edu.br\/prppgi\/files\/2018\/02\/edital-8-Geografia-Aluno-Especial.pdf\">Edital de Sele\u00e7\u00e3o 08-2018 PPG em Geografia &#8211; Aluno Especial<\/a><\/span><\/li>\n<li><span style=\"color: #0000ff\"><a style=\"color: #0000ff\" href=\"https:\/\/wp.ufpel.edu.br\/prppgi\/files\/2018\/02\/Edital-9-PPG-em-Cienc-Ambientais-Aluno-Especial.pdf\">Edital de Sele\u00e7\u00e3o 07-2018 PPG em Ci\u00eancias Ambientais &#8211; Aluno Especial<\/a><\/span><\/li>\n<li><span style=\"color: #0000ff\"><a style=\"color: #0000ff\" href=\"https:\/\/wp.ufpel.edu.br\/prppgi\/files\/2018\/01\/Edital-de-Sele\u00e7\u00e3o-6-2018-PPG-Agronomia-Aluno-Regular.pdf\">Edital de Sele\u00e7\u00e3o 06-2018 PPG Agronomia &#8211; Aluno Regular<\/a><\/span><\/li>\n<li><span style=\"color: #0000ff\"><a style=\"color: #0000ff\" href=\"https:\/\/wp.ufpel.edu.br\/prppgi\/files\/2018\/01\/edital-05-2018-sociologia.pdf\">Edital de Sele\u00e7\u00e3o 05-2018 Especializa\u00e7\u00e3o em Ensino de Filosofia EAD &#8211; 2018\/01 &#8211; Aluno Regular<\/a><\/span><\/li>\n<li><span style=\"color: #0000ff\"><a style=\"color: #0000ff\" href=\"https:\/\/wp.ufpel.edu.br\/prppgi\/files\/2018\/01\/edital-04-2018-PPG-Sociologia.pdf\">Edital de Sele\u00e7\u00e3o 04-2018 PPG em Sociologia &#8211; Aluno Especial 2018-1<\/a><\/span><\/li>\n<li><span style=\"color: #0000ff\"><a style=\"color: #0000ff\" href=\"https:\/\/wp.ufpel.edu.br\/prppgi\/files\/2018\/01\/Edital-de-sele\u00e7\u00e3o-003-PRPPGI-Fisiologia-Vegetal.pdf\">Edital de sele\u00e7\u00e3o 03 PRPPGI &#8211; PPG Fisiologia Vegetal-Aluno regular<\/a><\/span><\/li>\n<\/ul>\n","protected":false},"excerpt":{"rendered":"<p>Editais de Sele\u00e7\u00e3o NPG 2018-2021 (backup) Edital de sele\u00e7\u00e3o 191-2021 &#8211; Programa de P\u00f3s-Gradua\u00e7\u00e3o em Ci\u00eancia e Tecnologia de Sementes &#8211; Aluno Regular (2022 -01) Edital de sele\u00e7\u00e3o\u00a0 190 -2021 &#8211; Programa de P\u00f3s-Gradua\u00e7\u00e3o em Enfermagem &#8211; Aluno Regular (2022-01) Edital de Retifica\u00e7\u00e3o 01-2022 &#8211; Programa de P\u00f3s-Gradua\u00e7\u00e3o em Enfermagem Edital de sele\u00e7\u00e3o 189-2021 &#8211; [&hellip;]<\/p>\n","protected":false},"author":45,"featured_media":0,"parent":0,"menu_order":0,"comment_status":"closed","ping_status":"closed","template":"","meta":{"footnotes":""},"class_list":["post-8273","page","type-page","status-publish","hentry"],"_links":{"self":[{"href":"https:\/\/wp.ufpel.edu.br\/prppg\/wp-json\/wp\/v2\/pages\/8273","targetHints":{"allow":["GET"]}}],"collection":[{"href":"https:\/\/wp.ufpel.edu.br\/prppg\/wp-json\/wp\/v2\/pages"}],"about":[{"href":"https:\/\/wp.ufpel.edu.br\/prppg\/wp-json\/wp\/v2\/types\/page"}],"author":[{"embeddable":true,"href":"https:\/\/wp.ufpel.edu.br\/prppg\/wp-json\/wp\/v2\/users\/45"}],"replies":[{"embeddable":true,"href":"https:\/\/wp.ufpel.edu.br\/prppg\/wp-json\/wp\/v2\/comments?post=8273"}],"version-history":[{"count":3,"href":"https:\/\/wp.ufpel.edu.br\/prppg\/wp-json\/wp\/v2\/pages\/8273\/revisions"}],"predecessor-version":[{"id":8283,"href":"https:\/\/wp.ufpel.edu.br\/prppg\/wp-json\/wp\/v2\/pages\/8273\/revisions\/8283"}],"wp:attachment":[{"href":"https:\/\/wp.ufpel.edu.br\/prppg\/wp-json\/wp\/v2\/media?parent=8273"}],"curies":[{"name":"wp","href":"https:\/\/api.w.org\/{rel}","templated":true}]}}