{"id":37,"date":"2013-08-13T15:53:51","date_gmt":"2013-08-13T18:53:51","guid":{"rendered":"https:\/\/wp.ufpel.edu.br\/prppg\/?page_id=37"},"modified":"2025-11-12T09:14:05","modified_gmt":"2025-11-12T12:14:05","slug":"pesquisa","status":"publish","type":"page","link":"https:\/\/wp.ufpel.edu.br\/prppg\/pesquisa\/","title":{"rendered":"Pesquisa"},"content":{"rendered":"<h3><span style=\"color: #000000\">Coordena\u00e7\u00e3o de Pesquisa (CPesq)<\/span><\/h3>\n<p><span style=\"color: #000000\"><strong>Coordenadora<\/strong><\/span><\/p>\n<p><span style=\"color: #000000\">Prof.\u00aa Dr.\u00aa M\u00e1rcia Foster Mesko<\/span><\/p>\n<p>A Coordena\u00e7\u00e3o de Pesquisa (CPesq) \u00e9 o \u00f3rg\u00e3o dentro da Pr\u00f3-reitoria de Pesquisa e P\u00f3s-Gradua\u00e7\u00e3o (PRPPG) que executa as pol\u00edticas de pesquisa definidas no Plano de Desenvolvimento Institucional (PDI) da UFPel. Para tanto, conta com duas estruturas internas: o N\u00facleo de Planejamento e Infraestrutura em Pesquisa e o N\u00facleo de Apoio \u00e0 Pesquisa e Inicia\u00e7\u00e3o Cient\u00edfica.<\/p>\n<p>Esta Coordena\u00e7\u00e3o tem como principal objetivo a amplia\u00e7\u00e3o da relev\u00e2ncia da UFPel no cen\u00e1rio nacional e internacional da pesquisa cient\u00edfica e, para tal, executa a\u00e7\u00f5es de est\u00edmulo \u00e0 cria\u00e7\u00e3o e \u00e0 consolida\u00e7\u00e3o de novos grupos de pesquisa, de capta\u00e7\u00e3o de recursos de \u00f3rg\u00e3o de fomento \u00e0 pesquisa e de divulga\u00e7\u00e3o dos resultados obtidos pelos pesquisadores.<\/p>\n<p>Mais especificamente, a Coordena\u00e7\u00e3o de Pesquisa \u00e9 respons\u00e1vel:<\/p>\n<p>a) pelo acompanhamento e avalia\u00e7\u00e3o dos projetos de pesquisa institucionais;<\/p>\n<p>b) pela defini\u00e7\u00e3o de crit\u00e9rios, pela distribui\u00e7\u00e3o e pela implementa\u00e7\u00e3o de bolsas de inicia\u00e7\u00e3o cient\u00edfica e tecnol\u00f3gica;<\/p>\n<p>c) pela organiza\u00e7\u00e3o do Congresso de Inicia\u00e7\u00e3o Cient\u00edfica (CIC) e outros eventos de divulga\u00e7\u00e3o cient\u00edfica;<\/p>\n<p>d) pela defini\u00e7\u00e3o de crit\u00e9rios, acompanhamento e presta\u00e7\u00e3o de contas de projetos institucionais de apoio \u00e0 pesquisa;<\/p>\n<p>e) pela divulga\u00e7\u00e3o de oportunidades e pelo aux\u00edlio na elabora\u00e7\u00e3o de projetos para a capta\u00e7\u00e3o de recursos de \u00f3rg\u00e3os de fomento.<\/p>\n<p>&nbsp;<\/p>\n<p><strong>N\u00facleo de Planejamento e Infraestrutura em Pesquisa (NPIP)<\/strong><\/p>\n<p><strong>Chefe: <\/strong>Prof.\u00aa Dr.\u00aa Elessandra da Rosa Zavareze<\/p>\n<p><strong>Descri\u00e7\u00e3o:<\/strong><\/p>\n<p>O N\u00facleo de Planejamento e Infraestrutura em Pesquisa (NPIP) est\u00e1 vinculado \u00e0 Coordena\u00e7\u00e3o de Pesquisa (CPESQ) e \u00e0 Pr\u00f3-Reitoria de Pesquisa e P\u00f3s-Gradua\u00e7\u00e3o (PRPPG) da UFPel, sendo respons\u00e1vel pela implementa\u00e7\u00e3o das pol\u00edticas institucionais relacionadas ao planejamento, utiliza\u00e7\u00e3o e manuten\u00e7\u00e3o\u00a0da infraestrutura de pesquisa, com \u00eanfase na gest\u00e3o de laborat\u00f3rios e equipamentos multiusu\u00e1rio.<\/p>\n<p>O principal objetivo do NPIP \u00e9 garantir que os recursos f\u00edsicos e tecnol\u00f3gicos da universidade estejam adequadamente alinhados \u00e0s necessidades dos pesquisadores, oferecendo condi\u00e7\u00f5es ideais para a realiza\u00e7\u00e3o de projetos de pesquisa em diversas \u00e1reas do conhecimento. Para isso, o n\u00facleo desenvolve e implementa pol\u00edticas de planejamento de recursos, assegurando que as infraestruturas de pesquisa, como laborat\u00f3rios e equipamentos, sejam utilizadas de forma otimizada e sustent\u00e1vel, atendendo de maneira eficiente a m\u00faltiplos grupos de pesquisa.<\/p>\n<p>O NPIP, juntamente com o Comit\u00ea Institucional de Infraestrutura Multiusu\u00e1ria de Pesquisa, possui as seguintes atribui\u00e7\u00f5es:<\/p>\n<p>a) Planejar a pol\u00edtica de expans\u00e3o e consolida\u00e7\u00e3o de infraestrutura multiusu\u00e1ria;<\/p>\n<p>b) Estabelecer as pol\u00edticas de acesso e utiliza\u00e7\u00e3o desses espa\u00e7os;<\/p>\n<p>c) Organizar e divulgar editais de fomento destinados a infraestrutura multiusu\u00e1ria;<\/p>\n<p>d) Elaborar crit\u00e9rios para a defini\u00e7\u00e3o de prioridades de amplia\u00e7\u00e3o e consolida\u00e7\u00e3o da infraestrutura;<\/p>\n<p>e) Apreciar e aprovar os regimentos internos, as normas de acesso, utiliza\u00e7\u00e3o e os relat\u00f3rios anuais do Comit\u00ea Gestor das infraestruturas multiusu\u00e1rias.<\/p>\n<p>&nbsp;<\/p>\n<p><strong>N\u00facleo de Apoio \u00e0 Pesquisa e Inicia\u00e7\u00e3o Cient\u00edfica (NAPIC)<\/strong><\/p>\n<p><strong>Chefe: <\/strong>Cristina Rotta Assis<\/p>\n<p><strong>Equipe:<\/strong><\/p>\n<ul>\n<li>Leticia Silva Dutra Zimmermann<\/li>\n<li>Rafael Pachon Elias<\/li>\n<\/ul>\n<p><strong>Descri\u00e7\u00e3o<\/strong><\/p>\n<p>Desenvolve a\u00e7\u00f5es de est\u00edmulo \u00e0 consolida\u00e7\u00e3o de grupos de pesquisa e \u00e0 constru\u00e7\u00e3o de projetos para capta\u00e7\u00e3o de recursos, tanto do ponto de vista de grupos isolados quanto do ponto de vista de grandes projetos institucionais, integrando diversos grupos.<\/p>\n<p>Al\u00e9m de desenvolver a\u00e7\u00f5es de est\u00edmulo \u00e0s atividades de inicia\u00e7\u00e3o cient\u00edfica e tecnol\u00f3gica na Universidade, por meio da organiza\u00e7\u00e3o de eventos, da capta\u00e7\u00e3o de recursos para bolsas e, principalmente, da defini\u00e7\u00e3o das pol\u00edticas de distribui\u00e7\u00e3o das bolsas financiadas por \u00f3rg\u00e3os de fomento e pela pr\u00f3pria Institui\u00e7\u00e3o, de acordo com o que est\u00e1 definido no Plano de Desenvolvimento Institucional da UFPel.<\/p>\n<p>Especificamente, este N\u00facleo \u00e9 respons\u00e1vel pelas seguintes a\u00e7\u00f5es:<\/p>\n<p>a) pela defini\u00e7\u00e3o de crit\u00e9rios, pela distribui\u00e7\u00e3o e pela implementa\u00e7\u00e3o de bolsas de inicia\u00e7\u00e3o cient\u00edfica e tecnol\u00f3gica;<\/p>\n<p>b) pela organiza\u00e7\u00e3o do Congresso de Inicia\u00e7\u00e3o Cient\u00edfica (CIC) e de outros eventos de divulga\u00e7\u00e3o cient\u00edfica;<\/p>\n<p>c) acompanhamento e avalia\u00e7\u00e3o dos projetos de pesquisa institucionais;<\/p>\n<p>d) defini\u00e7\u00e3o de crit\u00e9rios, acompanhamento e presta\u00e7\u00e3o de contas de projetos institucionais de apoio \u00e0 pesquisa;<\/p>\n<p>e) divulga\u00e7\u00e3o de oportunidades e aux\u00edlio na elabora\u00e7\u00e3o de projetos para capta\u00e7\u00e3o de recursos de \u00f3rg\u00e3os de fomento.<\/p>\n<p>Para tanto, conta com duas se\u00e7\u00f5es: a Se\u00e7\u00e3o de Or\u00e7amento e Finan\u00e7as para Projetos, respons\u00e1vel pelo suporte or\u00e7ament\u00e1rio e financeiro para a elabora\u00e7\u00e3o e a execu\u00e7\u00e3o dos projetos desenvolvidos na UFPel, ampliando a competitividade dos projetos para capta\u00e7\u00e3o de recursos e reduzindo o impacto burocr\u00e1tico da execu\u00e7\u00e3o dos projetos para os grupos envolvidos, e a Se\u00e7\u00e3o de Registro e Acompanhamento de Projetos.<\/p>\n<p><span style=\"color: #000000\"><!-- P { margin-bottom: 0.21cm; }P.western { } --><\/span><\/p>\n","protected":false},"excerpt":{"rendered":"<p>Coordena\u00e7\u00e3o de Pesquisa (CPesq) Coordenadora Prof.\u00aa Dr.\u00aa M\u00e1rcia Foster Mesko A Coordena\u00e7\u00e3o de Pesquisa (CPesq) \u00e9 o \u00f3rg\u00e3o dentro da Pr\u00f3-reitoria de Pesquisa e P\u00f3s-Gradua\u00e7\u00e3o (PRPPG) que executa as pol\u00edticas de pesquisa definidas no Plano de Desenvolvimento Institucional (PDI) da UFPel. Para tanto, conta com duas estruturas internas: o N\u00facleo de Planejamento e Infraestrutura em [&hellip;]<\/p>\n","protected":false},"author":45,"featured_media":0,"parent":0,"menu_order":0,"comment_status":"closed","ping_status":"closed","template":"","meta":{"footnotes":""},"class_list":["post-37","page","type-page","status-publish","hentry"],"_links":{"self":[{"href":"https:\/\/wp.ufpel.edu.br\/prppg\/wp-json\/wp\/v2\/pages\/37","targetHints":{"allow":["GET"]}}],"collection":[{"href":"https:\/\/wp.ufpel.edu.br\/prppg\/wp-json\/wp\/v2\/pages"}],"about":[{"href":"https:\/\/wp.ufpel.edu.br\/prppg\/wp-json\/wp\/v2\/types\/page"}],"author":[{"embeddable":true,"href":"https:\/\/wp.ufpel.edu.br\/prppg\/wp-json\/wp\/v2\/users\/45"}],"replies":[{"embeddable":true,"href":"https:\/\/wp.ufpel.edu.br\/prppg\/wp-json\/wp\/v2\/comments?post=37"}],"version-history":[{"count":4,"href":"https:\/\/wp.ufpel.edu.br\/prppg\/wp-json\/wp\/v2\/pages\/37\/revisions"}],"predecessor-version":[{"id":12401,"href":"https:\/\/wp.ufpel.edu.br\/prppg\/wp-json\/wp\/v2\/pages\/37\/revisions\/12401"}],"wp:attachment":[{"href":"https:\/\/wp.ufpel.edu.br\/prppg\/wp-json\/wp\/v2\/media?parent=37"}],"curies":[{"name":"wp","href":"https:\/\/api.w.org\/{rel}","templated":true}]}}