{"id":12212,"date":"2025-08-28T22:30:12","date_gmt":"2025-08-29T01:30:12","guid":{"rendered":"https:\/\/wp.ufpel.edu.br\/prppg\/?page_id=12212"},"modified":"2026-02-24T15:42:11","modified_gmt":"2026-02-24T18:42:11","slug":"pdse-2025","status":"publish","type":"page","link":"https:\/\/wp.ufpel.edu.br\/prppg\/pdse-capes\/pdse-2025\/","title":{"rendered":"PDSE 2025"},"content":{"rendered":"<p><strong>PROGRAMA INSTITUCIONAL DE DOUTORADO SANDU\u00cdCHE NO EXTERIOR (PDSE) \u2013 2025<\/strong><\/p>\n<p>&nbsp;<\/p>\n<ul>\n<li><a href=\"https:\/\/www.gov.br\/capes\/pt-br\/centrais-de-conteudo\/editais\/21082025_Edital_2662823_SEI_2661209_Edital_n__17_2025.pdf\">Edital 17\/2025<\/a><\/li>\n<li><a class=\"internal-link\" href=\"https:\/\/www.gov.br\/capes\/pt-br\/centrais-de-conteudo\/editais\/21082025_Edital_2626552_Anexo_I___Termo_de_Outorga_.pdf\" target=\"_self\" data-tippreview-image=\"\" data-tippreview-title=\"\" data-tippreview-enabled=\"true\" data-tippy=\"\">Anexo I &#8211; Termo de Outorga e Aceite de Bolsa &#8211; formato, pdf, 238kb<\/a><\/li>\n<li><a class=\"internal-link\" href=\"https:\/\/www.gov.br\/capes\/pt-br\/centrais-de-conteudo\/editais\/21082025_Edital_2626553_Anexo_II___Declaracao_Reconhecimento_da_Fluencia_Linguistica_do_cooorientador_no_exterior__1_.pdf\" target=\"_self\" data-tippreview-image=\"\" data-tippreview-title=\"\" data-tippreview-enabled=\"true\" data-tippy=\"\">Anexo II &#8211; Declara\u00e7\u00e3o de Reconhecimento de Flu\u00eancia Lingu\u00edstica Institui\u00e7\u00e3o no Exterior\u00a0<\/a><\/li>\n<li><a class=\"internal-link\" href=\"https:\/\/www.gov.br\/capes\/pt-br\/centrais-de-conteudo\/editais\/21082025_Edital_2626554_Anexo_III___Declaracao_Reconhecimento_da_Fluencia___Orient_Brasileiro.pdf\" target=\"_self\" data-tippreview-image=\"\" data-tippreview-title=\"\" data-tippreview-enabled=\"true\" data-tippy=\"\">Anexo III &#8211; Declara\u00e7\u00e3o de Reconhecimento de Flu\u00eancia Lingu\u00edstica Institui\u00e7\u00e3o Brasileira<\/a><\/li>\n<li><a class=\"internal-link\" href=\"https:\/\/www.gov.br\/capes\/pt-br\/centrais-de-conteudo\/editais\/21082025_Edital_2626556_Anexo_IV__Proficiencia___Alternativa_a_declaracao.pdf\" target=\"_self\" data-tippreview-image=\"\" data-tippreview-title=\"\" data-tippreview-enabled=\"true\" data-tippy=\"\">Anexo IV &#8211; Requisito de Profici\u00eancia em L\u00edngua Estrangeira<\/a><\/li>\n<li><a class=\"internal-link\" href=\"https:\/\/www.gov.br\/capes\/pt-br\/centrais-de-conteudo\/editais\/21082025_Edital_2626559_Anexo_V___MODELO_DA_DECLARACAO_DO_COORIENTADOR_NO_EXTERIOR_.pdf\" target=\"_self\" data-tippreview-image=\"\" data-tippreview-title=\"\" data-tippreview-enabled=\"true\" data-tippy=\"\">Anexo V &#8211; Modelo da Carta do Coorientador no Exterior<\/a><\/li>\n<li><a class=\"internal-link\" href=\"https:\/\/www.gov.br\/capes\/pt-br\/centrais-de-conteudo\/editais\/21082025_Edital_2626562_Anexo_VI___Declarcao_de_anuencia.pdf\" target=\"_self\" data-tippreview-image=\"\" data-tippreview-title=\"\" data-tippreview-enabled=\"true\" data-tippy=\"\">Anexo VI &#8211; Modelo da Carta de Anu\u00eancia do Orientador para ac\u00famulo de bolsas ou atividade remunerada<\/a><\/li>\n<li><a href=\"https:\/\/wp.ufpel.edu.br\/prppg\/files\/2024\/03\/Portaria-no-77-de-8-de-Marco-de-2024.pdf\">Portaria n\u00ba 77, de 8 de Mar\u00e7o de 2024 \u2013 regramento do PDSE<\/a><\/li>\n<\/ul>\n<p>&nbsp;<\/p>\n<p>Link do PDSE na CAPES; :<a href=\"https:\/\/www.gov.br\/capes\/pt-br\/acesso-a-informacao\/acoes-e-programas\/bolsas\/bolsas-e-auxilios-internacionais\/encontre-aqui\/paises\/multinacional\/programa-de-doutorado-sanduiche-no-exterior-pdse\">https:\/\/www.gov.br\/capes\/pt-br\/acesso-a-informacao\/acoes-e-programas\/bolsas\/bolsas-e-auxilios-internacionais\/encontre-aqui\/paises\/multinacional\/programa-de-doutorado-sanduiche-no-exterior-pdse<\/a><\/p>\n<p>&nbsp;<\/p>\n<p>O presente Edital contempla duas chamadas: a primeira com in\u00edcio das atividades no primeiro semestre de 2026 e a segunda com in\u00edcio no segundo semestre de 2026, conforme cronogramas apresentados a seguir.<\/p>\n<p>&nbsp;<\/p>\n<p>Obs.: O(A) candidato(a) deve inscrever-se na Capes, exclusivamente via Internet, at\u00e9 \u00e0s 17h00m do \u00faltimo dia para inscri\u00e7\u00e3o, hor\u00e1rio de Bras\u00edlia, conforme estabelecido no calend\u00e1rio. A Capes n\u00e3o se responsabilizar\u00e1 por inscri\u00e7\u00f5es n\u00e3o recebidas dentro do prazo em decorr\u00eancia de eventuais problemas t\u00e9cnicos, de congestionamentos das linhas de comunica\u00e7\u00e3o, bem como por outros fatores que impossibilitem a transfer\u00eancia de dados.<\/p>\n<p>&nbsp;<\/p>\n<ul>\n<li><span style=\"background-color: #ffff00\"><strong>Editais de Sele\u00e7\u00e3o Interna da UFPEL 2025 (Cronograma II)<\/strong><\/span>\n<ul>\n<li><a href=\"https:\/\/wp.ufpel.edu.br\/prppg\/files\/2025\/10\/PDSE-Cronograma-2-PPGFV.pdf\">Sele\u00e7\u00e3o interna PDSE PPG em Fisiologia Vegetal<\/a><\/li>\n<li><a href=\"https:\/\/wp.ufpel.edu.br\/prppg\/files\/2025\/11\/Selecao-interna-PDSE-em-Educacao.pdf\">Sele\u00e7\u00e3o interna PDSE PPG em Educa\u00e7\u00e3o<\/a><\/li>\n<li><a href=\"https:\/\/wp.ufpel.edu.br\/prppg\/files\/2025\/11\/Programa-de-Pos-graduacao-em-Biotecnologia-PDSE-1.pdf\">Sele\u00e7\u00e3o interna PDSE PPG em Biotecnologia<\/a><\/li>\n<li><a href=\"https:\/\/wp.ufpel.edu.br\/prppg\/files\/2025\/11\/Programa-de-Pos-Graduacao-em-Fitossanidade-2026.pdf\">Sele\u00e7\u00e3o interna PDSE PPG em Fitossanidade<\/a><\/li>\n<li><a href=\"https:\/\/wp.ufpel.edu.br\/prppg\/files\/2025\/11\/SEI_3496942_Edital_de_selecao_PRPPG_228.pdf\">Sele\u00e7\u00e3o interna PDSE PPG em Ci\u00eancia e Engenharia de Materiais<\/a><\/li>\n<li><a href=\"https:\/\/wp.ufpel.edu.br\/prppg\/files\/2025\/11\/SEI_3500040_Edital_de_selecao_PRPPG_230-1.pdf\">Sele\u00e7\u00e3o interna PDSE PPG em Odontologia<\/a><\/li>\n<li><a href=\"https:\/\/wp.ufpel.edu.br\/prppg\/files\/2025\/11\/Selecao-interna-PDSE-PPG-em-Antropologia.pdf\">Sele\u00e7\u00e3o interna PDSE PPG em Antropologia<\/a><\/li>\n<li><a href=\"https:\/\/wp.ufpel.edu.br\/prppg\/files\/2025\/11\/Selecao-interna-PDSE-PPG-em-Veterinaria.pdf\">Sele\u00e7\u00e3o interna PDSE PPG em Veterin\u00e1ria<\/a><\/li>\n<li><a href=\"https:\/\/wp.ufpel.edu.br\/prppg\/files\/2025\/11\/PDSE-Cronograma-2-Programa-de-Pos-Graduacao-em-Manejo-e-Conservacao-do-Solo-e-da-Agua.pdf\">Sele\u00e7\u00e3o interna PDSE PPG em Manejo e Conserva\u00e7\u00e3o do Solo e da \u00c1gua<\/a><\/li>\n<li><a href=\"https:\/\/wp.ufpel.edu.br\/prppg\/files\/2025\/11\/PDSE-Programa-de-Pos-Graduacao-em-Ciencia-Politica.pdf\">Sele\u00e7\u00e3o interna PDSE PPG em Ci\u00eancia Pol\u00edtica<\/a><\/li>\n<li><a href=\"https:\/\/wp.ufpel.edu.br\/prppg\/files\/2025\/11\/PDSE-Micro-e-Parasitologia.pdf\">Sele\u00e7\u00e3o interna PDSE PPG em Microbiologia e Parasitologia<\/a><\/li>\n<li><a href=\"https:\/\/wp.ufpel.edu.br\/prppg\/files\/2025\/12\/Selecao-interna-PDSE-PPG-em-Letras.pdf\">Sele\u00e7\u00e3o interna PDSE PPG em Letras<\/a><\/li>\n<li><a href=\"https:\/\/wp.ufpel.edu.br\/prppg\/files\/2025\/12\/SEI_3527752_Edital_de_selecao_PRPPG_240-1.pdf\">Sele\u00e7\u00e3o interna PDSE em Sociologia<\/a>\n<ul>\n<li><a href=\"https:\/\/wp.ufpel.edu.br\/prppg\/files\/2025\/12\/Retificacao-selecao-interna-PDSE-PPG-em-Sociologia.pdf\">Retifica\u00e7\u00e3o sele\u00e7\u00e3o interna PDSE PPG em Sociologia<\/a><\/li>\n<\/ul>\n<\/li>\n<li><a href=\"https:\/\/wp.ufpel.edu.br\/prppg\/files\/2025\/12\/SEI_3527874_Edital_de_selecao_PRPPG_241.pdf\">Sele\u00e7\u00e3o interna PDSE em Epidemiologia<\/a><\/li>\n<li><a href=\"https:\/\/wp.ufpel.edu.br\/prppg\/files\/2025\/12\/Selecao-interna-PDSE-PPG-em-Ciencia-e-Tecnologia-de-Alimentos.pdf\">Sele\u00e7\u00e3o interna PDSE PPG em Ci\u00eancia e Tecnologia de Alimentos<\/a><\/li>\n<li><a href=\"https:\/\/wp.ufpel.edu.br\/prppg\/files\/2025\/12\/SEI_3530850_Edital_de_selecao_PRPPG_244.pdf\">Sele\u00e7\u00e3o Interna PDSE PPG em Bioqu\u00edmica e Bioprospec\u00e7\u00e3o<\/a><\/li>\n<li><a href=\"https:\/\/wp.ufpel.edu.br\/prppg\/files\/2025\/12\/SEI_3530700_Edital_de_selecao_PRPPG_243.pdf\">Sele\u00e7\u00e3o Interna PDSE PPG em Nutri\u00e7\u00e3o e Alimentos<\/a><\/li>\n<li><a href=\"https:\/\/wp.ufpel.edu.br\/prppg\/files\/2025\/12\/SEI_3545510_Edital_de_selecao_PRPPG_252.pdf\">Sele\u00e7\u00e3o Interna PDSE PPG em Computa\u00e7\u00e3o<\/a><\/li>\n<li><a href=\"https:\/\/wp.ufpel.edu.br\/prppg\/files\/2025\/12\/SEI_3545472_Edital_de_selecao_PRPPG_251.pdf\">Sele\u00e7\u00e3o Interna PDSE PPG em Mem\u00f3ria Social e Patrim\u00f4nio Cultural<\/a><\/li>\n<li><a href=\"https:\/\/wp.ufpel.edu.br\/prppg\/files\/2025\/12\/SEI_3566280_Edital_de_selecao_PRPPG_269.pdf\">Sele\u00e7\u00e3o Interna PDSE PPG em Enfermagem<\/a><\/li>\n<li><a href=\"https:\/\/wp.ufpel.edu.br\/prppg\/files\/2025\/12\/SEI_3566148_Edital_de_selecao_PRPPG_268.pdf\">Sele\u00e7\u00e3o Interna PDSE PPG em Agronomia<\/a><\/li>\n<li><a href=\"https:\/\/wp.ufpel.edu.br\/prppg\/files\/2025\/12\/SEI_3568508_Edital_de_selecao_PRPPG_276.pdf\">Sele\u00e7\u00e3o Interna PDSE PPG em Arquitetura e Urbanismo<\/a><\/li>\n<li><a href=\"https:\/\/wp.ufpel.edu.br\/prppg\/files\/2025\/12\/SEI_3564972_Edital_de_selecao_PRPPG_266.pdf\">Sele\u00e7\u00e3o Interna PDSE PPG em F\u00edsica<\/a><\/li>\n<li><a href=\"https:\/\/wp.ufpel.edu.br\/prppg\/files\/2025\/12\/SEI_3566408_Edital_de_selecao_PRPPG_271.pdf\">Sele\u00e7\u00e3o Interna PDSE PPG em Filosofia<\/a><\/li>\n<li><a href=\"https:\/\/wp.ufpel.edu.br\/prppg\/files\/2025\/12\/SEI_3566286_Edital_de_selecao_PRPPG_270.pdf\">Sele\u00e7\u00e3o Interna PDSE em Sistemas de Produ\u00e7\u00e3o Agr\u00edcola Familiar<\/a><\/li>\n<li><a href=\"https:\/\/wp.ufpel.edu.br\/prppg\/files\/2026\/01\/SEI_3579072_Edital_de_selecao_PRPPG_287.pdf\">Sele\u00e7\u00e3o Interna PDSE em Educa\u00e7\u00e3o F\u00edsica<\/a><\/li>\n<li><a href=\"https:\/\/wp.ufpel.edu.br\/prppg\/files\/2026\/01\/SEI_3607266_Edital_de_selecao_PRPPG_3.pdf\">Sele\u00e7\u00e3o Interna PDSE em Hist\u00f3ria<\/a><\/li>\n<li><a href=\"https:\/\/wp.ufpel.edu.br\/prppg\/files\/2026\/01\/SEI_3566136_Edital_de_selecao_PRPPG_267.pdf\">Sele\u00e7\u00e3o Interna PDSE em Zootecnia<\/a><\/li>\n<\/ul>\n<\/li>\n<\/ul>\n<p>&nbsp;<\/p>\n<p><strong>Resultado Sele\u00e7\u00e3o PDSE &#8211; CRONOGRAMA 2<\/strong><\/p>\n<table style=\"border-collapse: collapse;width: 100%\" border=\"1\">\n<tbody>\n<tr style=\"height: 23px\">\n<td style=\"width: 50%;height: 23px\">PPG<\/td>\n<td style=\"width: 50%;height: 23px\">SELECIONADOS<\/td>\n<\/tr>\n<tr style=\"height: 207px\">\n<td style=\"width: 50%;height: 207px\">ANTROPOLOGIA<\/td>\n<td style=\"width: 50%;height: 207px\">\n<p>1- Isadora de Leon Torres<\/p>\n<p>2- Marciano Sanca (suplente)<\/p>\n<p>3- Mariana Brauner Lobato (suplente)<\/p>\n<p>4- Luiza Morais Marques (suplente)<\/p>\n<p>5- C\u00e1ssia Bandeira Amaro (suplente)<\/td>\n<\/tr>\n<tr style=\"height: 23px\">\n<td style=\"width: 50%;height: 23px\">AGRONOMIA<\/td>\n<td style=\"width: 50%;height: 23px\">1- Eva Juimara Ricardo Antunes<\/td>\n<\/tr>\n<tr style=\"height: 54px\">\n<td style=\"width: 50%;height: 54px\">ARQUITETURA E URBANISMO<\/td>\n<td style=\"width: 50%;height: 54px\">\n<p class=\"Texto_Justificado_Recuo_Primeira_Linha\">1- Lu\u00edsa de Azevedo dos Santos<\/p>\n<\/td>\n<\/tr>\n<tr style=\"height: 76px\">\n<td style=\"width: 50%;height: 76px\">ARTES<\/td>\n<td style=\"width: 50%;height: 76px\">\n<p class=\"Texto_Justificado_Recuo_Primeira_Linha\">1- Jarbas Gama Macedo<br \/>\n2- Larissa Schipp Ferreira de Deus (suplente)<\/p>\n<\/td>\n<\/tr>\n<tr style=\"height: 92px\">\n<td style=\"width: 50%;height: 92px\">BIOQU\u00cdMICA E BIOPROSPEC\u00c7\u00c3O<\/td>\n<td style=\"width: 50%;height: 92px\">\n<p class=\"Texto_Justificado_Recuo_Primeira_Linha\">1- Raphaela Cassol Piccoli<\/p>\n<p class=\"Texto_Justificado_Recuo_Primeira_Linha\">2- Larissa Menezes da Silveira (suplente).<\/p>\n<\/td>\n<\/tr>\n<tr style=\"height: 54px\">\n<td style=\"width: 50%;height: 54px\">BIOTECNOLOGIA<\/td>\n<td style=\"width: 50%;height: 54px\">\n<p class=\"Texto_Justificado_Recuo_Primeira_Linha\">1- Ana Caroline Basniak Konkol<\/p>\n<\/td>\n<\/tr>\n<tr style=\"height: 92px\">\n<td style=\"width: 50%;height: 92px\">CI\u00caNCIA E ENGENHARIA DE MATERIAIS<\/td>\n<td style=\"width: 50%;height: 92px\">\n<p class=\"Texto_Justificado\">1- Francielen San Martins Rodrigues<\/p>\n<p>2- Juliana Neumann Seixas (suplente)<\/td>\n<\/tr>\n<tr style=\"height: 169px\">\n<td style=\"width: 50%;height: 169px\">CI\u00caNCIA E TECNOLOGIA DE ALIMENTOS<\/td>\n<td style=\"width: 50%;height: 169px\">\n<p class=\"Texto_Justificado\">1- Renires dos Santos Teixeira<\/p>\n<p class=\"Texto_Justificado\">2- Flavia Tayna Serra Silva (suplente)<\/p>\n<p class=\"Texto_Justificado\">3- Andressa Salies Souza (suplente)<\/p>\n<p class=\"Texto_Justificado\">4- Layla Dam\u00e9 Macedo (suplente)<\/p>\n<\/td>\n<\/tr>\n<tr style=\"height: 131px\">\n<td style=\"width: 50%;height: 131px\">CI\u00caNCIA POL\u00cdTICA<\/td>\n<td style=\"width: 50%;height: 131px\">\n<p>1- Paulo An\u00f3s T\u00e9<\/p>\n<p>2- Renata da Silva (suplente)<\/p>\n<p>3- J\u00e9ssica Seabra de Oliveira Alves (suplente)<\/td>\n<\/tr>\n<tr style=\"height: 131px\">\n<td style=\"width: 50%;height: 131px\">COMPUTA\u00c7\u00c3O<\/td>\n<td style=\"width: 50%;height: 131px\">\n<p>1- Marcello Morales Mu\u00f1oz<\/p>\n<p>2- Cec\u00edlia Silva da Costa Botelho (suplente)<\/p>\n<p>3- Yuri Silva Vaz (suplente)<\/td>\n<\/tr>\n<tr style=\"height: 54px\">\n<td style=\"width: 50%;height: 54px\">EDUCA\u00c7\u00c3O<\/td>\n<td style=\"width: 50%;height: 54px\">\n<p class=\"Texto_Justificado_Recuo_Primeira_Linha\">1- Weliton Barbosa Kuster<\/p>\n<\/td>\n<\/tr>\n<tr style=\"height: 54px\">\n<td style=\"width: 50%;height: 54px\">EDUCA\u00c7\u00c3O F\u00cdSICA<\/td>\n<td style=\"width: 50%;height: 54px\">\n<p class=\"Texto_Justificado_Recuo_Primeira_Linha\">1- Mariana da Silva Brum<\/p>\n<\/td>\n<\/tr>\n<tr style=\"height: 54px\">\n<td style=\"width: 50%;height: 54px\">ENFERMAGEM<\/td>\n<td style=\"width: 50%;height: 54px\">\n<p class=\"Texto_Justificado_Recuo_Primeira_Linha\">1- Gulnara Waleska Rubio Martinez Santana<\/p>\n<\/td>\n<\/tr>\n<tr style=\"height: 54px\">\n<td style=\"width: 50%;height: 54px\">EPIDEMIOLOGIA<\/td>\n<td style=\"width: 50%;height: 54px\">\n<p class=\"Texto_Justificado_Recuo_Primeira_Linha\">1- Regina Hobus<\/p>\n<\/td>\n<\/tr>\n<tr style=\"height: 92px\">\n<td style=\"width: 50%;height: 92px\">FILOSOFIA<\/td>\n<td style=\"width: 50%;height: 92px\">\n<p class=\"Texto_Justificado_Recuo_Primeira_Linha\">1- Rafaella Silveira Sucupira da Costa<\/p>\n<p class=\"Texto_Justificado_Recuo_Primeira_Linha\">2- Isadora Farias Tabordes (suplente)<\/p>\n<\/td>\n<\/tr>\n<tr style=\"height: 92px\">\n<td style=\"width: 50%;height: 92px\">F\u00cdSICA<\/td>\n<td style=\"width: 50%;height: 92px\">\n<p class=\"Texto_Justificado_Recuo_Primeira_Linha\">1- Luana Santana<\/p>\n<p class=\"Texto_Justificado_Recuo_Primeira_Linha\">2- Thiago Kurz Pedra (suplente)<\/p>\n<\/td>\n<\/tr>\n<tr style=\"height: 92px\">\n<td style=\"width: 50%;height: 92px\">FISIOLOGIA VEGETAL<\/td>\n<td style=\"width: 50%;height: 92px\">\n<p class=\"Texto_Justificado_Recuo_Primeira_Linha\">1- Maria Christina Wille<\/p>\n<p class=\"Texto_Justificado_Recuo_Primeira_Linha\">2- Memoona Bibi (suplente)<\/p>\n<\/td>\n<\/tr>\n<tr style=\"height: 131px\">\n<td style=\"width: 50%;height: 131px\">FITOSSANIDADE<\/td>\n<td style=\"width: 50%;height: 131px\">\n<p>1- Nathalia Bernardi<\/p>\n<p>2- Emanueli Bizarro Furtado (suplente)<\/p>\n<p>3- Juliana Wegner (suplente)<\/td>\n<\/tr>\n<tr style=\"height: 92px\">\n<td style=\"width: 50%;height: 92px\">HIST\u00d3RIA<\/td>\n<td style=\"width: 50%;height: 92px\">\n<p>1- Guilherme Susin Sirtolli<\/p>\n<p>2- Jo\u00e3o Vitor Sand Theisen (suplente)<\/td>\n<\/tr>\n<tr style=\"height: 23px\">\n<td style=\"width: 50%;height: 23px\">LETRAS<\/td>\n<td style=\"width: 50%;height: 23px\">1- Anderson Luis Brum de Freitas<\/td>\n<\/tr>\n<tr style=\"height: 23px\">\n<td style=\"width: 50%;height: 23px\">MANEJO E CONSERVA\u00c7\u00c3O DO SOLO E DA \u00c1GUA<\/td>\n<td style=\"width: 50%;height: 23px\">1- Juliana Vargas Bozzato<\/td>\n<\/tr>\n<tr style=\"height: 24px\">\n<td style=\"width: 50%;height: 24px\">MEM\u00d3RIA SOCIAL E PATRIM\u00d4NIO CULTURAL<\/td>\n<td style=\"width: 50%;height: 24px\">1- Caterine Henriques Mendes<\/td>\n<\/tr>\n<tr style=\"height: 92px\">\n<td style=\"width: 50%;height: 92px\">ODONTOLOGIA<\/td>\n<td style=\"width: 50%;height: 92px\">\n<p>1- Mauro Cardoso Ribeiro<\/p>\n<p>2- Laura Barreto Moreno (suplente)<\/td>\n<\/tr>\n<tr style=\"height: 24px\">\n<td style=\"width: 50%;height: 24px\">MICROBIOLOGIA E PARASITOLOGIA<\/td>\n<td style=\"width: 50%;height: 24px\">sem inscritos<\/td>\n<\/tr>\n<tr style=\"height: 23px\">\n<td style=\"width: 50%;height: 23px\">NUTRI\u00c7\u00c3O E ALIMENTOS<\/td>\n<td style=\"width: 50%;height: 23px\">1- La\u00edza Rodrigues Mucenecki<\/td>\n<\/tr>\n<tr style=\"height: 23px\">\n<td style=\"width: 50%;height: 23px\">QU\u00cdMICA<\/td>\n<td style=\"width: 50%;height: 23px\">1- Matheus da Silva Gularte<\/td>\n<\/tr>\n<tr style=\"height: 92px\">\n<td style=\"width: 50%;height: 92px\">SISTEMA DE PRODU\u00c7\u00c3O AGR\u00cdCOLA FAMILIAR<\/td>\n<td style=\"width: 50%;height: 92px\">\n<p class=\"Texto_Justificado_Recuo_Primeira_Linha\">1-Juliana Pereira Pino<\/p>\n<p class=\"Texto_Justificado_Recuo_Primeira_Linha\">2- Bruno Scheffer Del Pino ( suplente)<\/p>\n<\/td>\n<\/tr>\n<tr style=\"height: 169px\">\n<td style=\"width: 50%;height: 169px\">SOCIOLOGIA<\/td>\n<td style=\"width: 50%;height: 169px\">\n<p>1- Umaro Seidi<\/p>\n<p>2- Diego Queiroz (suplente)<\/p>\n<p>3- Eduarda Wiedemann (suplente)<\/p>\n<p>4- Luciane Almeida (suplente)<\/td>\n<\/tr>\n<tr style=\"height: 230px\">\n<td style=\"width: 50%;height: 230px\">VETERIN\u00c1RIA<\/td>\n<td style=\"width: 50%;height: 230px\">\n<p class=\"Texto_Justificado_Recuo_Primeira_Linha\">1- Julia Nobre Blank Camozzato<\/p>\n<p class=\"Texto_Justificado_Recuo_Primeira_Linha\">2- Giulia da Cunha Pereira (suplente)<\/p>\n<p class=\"Texto_Justificado_Recuo_Primeira_Linha\">3- Fabiane de Holleben Camozzato Fadrique (suplente)<\/p>\n<p class=\"Texto_Justificado_Recuo_Primeira_Linha\">4- Vit\u00f3ria Ramos de Freitas (suplente)<\/p>\n<p class=\"Texto_Justificado_Recuo_Primeira_Linha\">5- Sth\u00e9phani Alves Branco Camargo (suplente)<\/p>\n<\/td>\n<\/tr>\n<tr style=\"height: 24px\">\n<td style=\"width: 50%;height: 24px\">ZOOTECNIA<\/td>\n<td style=\"width: 50%;height: 24px\">1- Camila Von M\u00fchlen<\/td>\n<\/tr>\n<\/tbody>\n<\/table>\n<p>&nbsp;<\/p>\n<p class=\"Texto_Justificado_Recuo_Primeira_Linha\"><u><strong>Segue o SEGUNDO cronograma do edital 17\/2025:<\/strong><\/u><\/p>\n<table border=\"1\">\n<thead>\n<tr>\n<th>\n<p class=\"Texto_Justificado\">Etapa<\/p>\n<\/th>\n<th>\n<p class=\"Texto_Justificado\">Prazo<\/p>\n<\/th>\n<th>\n<p class=\"Texto_Justificado\">Respons\u00e1vel<\/p>\n<\/th>\n<\/tr>\n<\/thead>\n<tbody>\n<tr>\n<td>\n<p class=\"Texto_Justificado\">Sele\u00e7\u00e3o interna<\/p>\n<\/td>\n<td>\n<p class=\"Texto_Justificado\">At\u00e9 dia 11 de fevereiro de 2026.<\/p>\n<\/td>\n<td>\n<p class=\"Texto_Justificado\">Institui\u00e7\u00e3o de Ensino Superior<\/p>\n<\/td>\n<\/tr>\n<tr>\n<td>\n<p class=\"Texto_Justificado\"><span style=\"background-color: #ffff00\">Inscri\u00e7\u00e3o das candidaturas no sistema da CAPES, incluindo preenchimento do formul\u00e1rio de inscri\u00e7\u00e3o online e envio da documenta\u00e7\u00e3o obrigat\u00f3ria.<\/span><\/p>\n<\/td>\n<td>\n<p class=\"Texto_Justificado\"><span style=\"background-color: #ffff00\">Do dia 04\/02 a 04\/03\/2026.<\/span><\/p>\n<\/td>\n<td>\n<p class=\"Texto_Justificado\"><span style=\"background-color: #ffff00\">Candidato<\/span><\/p>\n<\/td>\n<\/tr>\n<tr>\n<td>\n<p class=\"Texto_Justificado\">Homologa\u00e7\u00e3o dos candidatos inscritos no sistema da CAPES.<\/p>\n<\/td>\n<td>De 12\/03 a 02\/04\/2026.<\/td>\n<td>\n<p class=\"Texto_Justificado\">Pr\u00f3-Reitoria de P\u00f3s-Gradua\u00e7\u00e3o ou \u00f3rg\u00e3o equivalente<\/p>\n<\/td>\n<\/tr>\n<tr>\n<td>\n<p class=\"Texto_Justificado\">Publica\u00e7\u00e3o da rela\u00e7\u00e3o de homologados.<\/p>\n<\/td>\n<td>A partir de 08 de abril de 2026.<\/td>\n<td>\n<p class=\"Texto_Justificado\">CAPES<\/p>\n<\/td>\n<\/tr>\n<tr>\n<td>\n<p class=\"Texto_Justificado\">&#8230;.<\/p>\n<\/td>\n<td>\n<p class=\"Texto_Justificado\">\n<\/td>\n<td>\n<p class=\"Texto_Justificado\">\n<\/td>\n<\/tr>\n<tr>\n<td>\n<p class=\"Texto_Justificado\">In\u00edcio das atividades no exterior.<\/p>\n<\/td>\n<td>setembro e outubro de 2026.<\/td>\n<td>\n<p class=\"Texto_Justificado\">Bolsista<\/p>\n<\/td>\n<\/tr>\n<\/tbody>\n<\/table>\n<p>&nbsp;<\/p>\n<p>&nbsp;<\/p>\n<p>&nbsp;<\/p>\n<ul>\n<li><strong>Editais de Sele\u00e7\u00e3o Interna da UFPEL 2025 (Cronograma I)<\/strong>\n<ul>\n<li><a href=\"https:\/\/wp.ufpel.edu.br\/prppg\/files\/2025\/09\/SEI_3251061_PRPPG_Minuta_Edital_de_Selecao.pdf\">Sele\u00e7\u00e3o Interna PDSE PPG em Ci\u00eancia e Engenharia de Materiais<\/a>\n<ul>\n<li><a href=\"https:\/\/wp.ufpel.edu.br\/prppg\/files\/2025\/09\/SEI_3280201_PRPPG_Minuta_Edital_de_Retificacao.pdf\">Edital de Retifica\u00e7\u00e3o do PPG em Ci\u00eancia e Engenharia de Materiais<\/a><\/li>\n<\/ul>\n<\/li>\n<li><a href=\"https:\/\/wp.ufpel.edu.br\/prppg\/files\/2025\/09\/Selecao-interna-PDSE-PPG-em-Veterinaria.pdf\">Sele\u00e7\u00e3o interna PDSE PPG em Veterin\u00e1ria<\/a><\/li>\n<li><a href=\"https:\/\/wp.ufpel.edu.br\/prppg\/files\/2025\/09\/Selecao-Interna-PDSE-PPG-em-Fitossanidade.pdf\">Sele\u00e7\u00e3o Interna PDSE PPG em Fitossanidade<\/a><\/li>\n<li><a href=\"https:\/\/wp.ufpel.edu.br\/prppg\/files\/2025\/09\/Selecao-Interna-PDSE-PPG-em-Zootecnia.pdf\">Sele\u00e7\u00e3o Interna PDSE PPG em Zootecnia<\/a><\/li>\n<li><a href=\"https:\/\/wp.ufpel.edu.br\/prppg\/files\/2025\/09\/Selecao-interna-PDSE-em-Memoria-Social-e-Patrimonio-Cultural.pdf\">Sele\u00e7\u00e3o interna PDSE PPG em Mem\u00f3ria Social e Patrim\u00f4nio Cultural<\/a><\/li>\n<li><a href=\"https:\/\/wp.ufpel.edu.br\/prppg\/files\/2025\/09\/Bolsista-PDSE-PPgna.pdf\">Sele\u00e7\u00e3o interna PDSE PPG em Nutri\u00e7\u00e3o e Alimentos<\/a><\/li>\n<li><a href=\"https:\/\/wp.ufpel.edu.br\/prppg\/files\/2025\/09\/Selecao-interna-PDSE-PPG-em-Ciencia-e-Tecnologia-de-Alimentos.pdf\">Sele\u00e7\u00e3o interna PDSE PPG em Ci\u00eancia e Tecnologia de Alimentos<\/a><\/li>\n<li><a href=\"https:\/\/wp.ufpel.edu.br\/prppg\/files\/2025\/09\/Selecao-interna-PDSE-PPG-em-Biotecnologia.pdf\">Sele\u00e7\u00e3o interna PDSE PPG em Biotecnologia<\/a><\/li>\n<li><a href=\"https:\/\/wp.ufpel.edu.br\/prppg\/files\/2025\/09\/178-ppgcpol.pdf\">Sele\u00e7\u00e3o interna PDSE PPG em Ci\u00eancia Pol\u00edtica<\/a><\/li>\n<li><a href=\"https:\/\/wp.ufpel.edu.br\/prppg\/files\/2025\/09\/Selecao-interna-PDSE-em-Letras.pdf\">Sele\u00e7\u00e3o interna PDSE PPG em Letras<\/a><\/li>\n<li><a href=\"https:\/\/wp.ufpel.edu.br\/prppg\/files\/2025\/09\/177-PPGC.pdf\">Sele\u00e7\u00e3o interna PDSE PPG em Computa\u00e7\u00e3o<\/a><\/li>\n<li><a href=\"https:\/\/wp.ufpel.edu.br\/prppg\/files\/2025\/09\/180-PPGE.pdf\">Sele\u00e7\u00e3o interna PDSE PPG em Educa\u00e7\u00e3o<\/a><\/li>\n<li><a href=\"https:\/\/wp.ufpel.edu.br\/prppg\/files\/2025\/09\/182-ppgh.pdf\">Sele\u00e7\u00e3o interna PDSE PPG em Hist\u00f3ria<\/a><\/li>\n<li><a href=\"https:\/\/wp.ufpel.edu.br\/prppg\/files\/2025\/09\/Selecao-interna-PDSE-PPG-em-Manejo-e-Conservacao-do-Solo-e-da-Agua.pdf\">Sele\u00e7\u00e3o interna PDSE PPG em Manejo e Conserva\u00e7\u00e3o do Solo e da \u00c1gua<\/a><\/li>\n<li><a href=\"https:\/\/wp.ufpel.edu.br\/prppg\/files\/2025\/09\/Selecao-interna-PDSE-PPG-em-Sistemas-de-Producao-Agricola-Familiar.pdf\">Sele\u00e7\u00e3o interna PDSE PPG em Sistemas de Produ\u00e7\u00e3o Agr\u00edcola Familiar<\/a><\/li>\n<li><a href=\"https:\/\/wp.ufpel.edu.br\/prppg\/files\/2025\/09\/181-PPGO.pdf\">Sele\u00e7\u00e3o interna PDSE PPG em Odontologia<\/a><\/li>\n<li><a href=\"https:\/\/wp.ufpel.edu.br\/prppg\/files\/2025\/09\/190-PPGBBIO.pdf\">Sele\u00e7\u00e3o interna PDSE PPG em Bioqu\u00edmica e Bioprospec\u00e7\u00e3o<\/a><\/li>\n<li><a href=\"https:\/\/wp.ufpel.edu.br\/prppg\/files\/2025\/09\/Selecao-interna-PDSE-PPG-em-Fisica.pdf\">Sele\u00e7\u00e3o interna PDSE PPG em F\u00edsica<\/a><\/li>\n<li><a href=\"https:\/\/wp.ufpel.edu.br\/prppg\/files\/2025\/09\/Selecao-interna-PDSE-PPG-em-Microbiologia-e-Parasitologia.pdf\">Sele\u00e7\u00e3o interna PDSE PPG em Microbiologia e Parasitologia<\/a><\/li>\n<li><a href=\"https:\/\/wp.ufpel.edu.br\/prppg\/files\/2025\/09\/Selecao-interna-PDSE-PPG-em-Antropologia.pdf\">Sele\u00e7\u00e3o interna PDSE PPG em Antropologia<\/a><\/li>\n<li><a href=\"https:\/\/wp.ufpel.edu.br\/prppg\/files\/2025\/09\/Selecao-interna-PDSE-PPG-em-Fisiologia-Vegetal.pdf\">Sele\u00e7\u00e3o interna PDSE PPG em Fisiologia Vegetal<\/a><\/li>\n<li><a href=\"https:\/\/wp.ufpel.edu.br\/prppg\/files\/2025\/09\/Selecao-Interna-PDSE-PPG-em-Enfermagem.pdf\">Sele\u00e7\u00e3o interna PDSE PPG em Enfermagem<\/a><\/li>\n<li><a href=\"https:\/\/wp.ufpel.edu.br\/prppg\/files\/2025\/09\/188-PDSE-PPArtes.pdf\">Sele\u00e7\u00e3o interna PDSE PPG em Artes<\/a><\/li>\n<li><a href=\"https:\/\/wp.ufpel.edu.br\/prppg\/files\/2025\/09\/191PPgmcf.pdf\">Sele\u00e7\u00e3o interna PDSE PPG Multic\u00eantrico em Ci\u00eancias Fisiol\u00f3gicas<\/a><\/li>\n<li><a href=\"https:\/\/wp.ufpel.edu.br\/prppg\/files\/2025\/09\/Selecao-interna-PDSE-em-Sociologia.pdf\">Sele\u00e7\u00e3o interna PDSE em Sociologia<\/a><\/li>\n<li><a href=\"https:\/\/wp.ufpel.edu.br\/prppg\/files\/2025\/09\/197-Ppgom.pdf\">Sele\u00e7\u00e3o interna PDSE em Organiza\u00e7\u00f5es e Mercado<\/a><\/li>\n<li><a href=\"https:\/\/wp.ufpel.edu.br\/prppg\/files\/2025\/09\/Selecao-interna-PDSE-em-Ciencia-e-Tecnologia-de-Sementes.pdf\">Sele\u00e7\u00e3o interna PDSE em Ci\u00eancia e Tecnologia de Sementes<\/a><\/li>\n<li><a href=\"https:\/\/wp.ufpel.edu.br\/prppg\/files\/2025\/09\/Selecao-interna-PDSE-PPG-em-Agronomia.pdf\">Sele\u00e7\u00e3o interna PDSE PPG em Agronomia<\/a><\/li>\n<li><a href=\"https:\/\/wp.ufpel.edu.br\/prppg\/files\/2025\/09\/Selecao-interna-PDSE-PPG-em-Filosofia.pdf\">Sele\u00e7\u00e3o interna PDSE PPG em Filosofia<\/a><\/li>\n<li><a href=\"https:\/\/wp.ufpel.edu.br\/prppg\/files\/2025\/09\/Selecao-interna-PDSE-PPG-em-Epidemiologia.pdf\">Sele\u00e7\u00e3o interna PDSE PPG em Epidemiologia<\/a><\/li>\n<li><a href=\"https:\/\/wp.ufpel.edu.br\/prppg\/files\/2025\/09\/202-Programa-de-Pos-Graduacao-em-Arquitetura-e-Urbanismo.pdf\">Sele\u00e7\u00e3o interna PDSE PPG em Arquitetura e Urbanismo<\/a><\/li>\n<\/ul>\n<\/li>\n<\/ul>\n<p>&nbsp;<\/p>\n<p class=\"Texto_Justificado_Recuo_Primeira_Linha\"><u><strong>Segue o primeiro cronograma do edital 17\/2025:<\/strong><\/u><\/p>\n<table border=\"1\">\n<thead>\n<tr>\n<th>\n<p class=\"Texto_Justificado\">Etapa<\/p>\n<\/th>\n<th>\n<p class=\"Texto_Justificado\">Prazo<\/p>\n<\/th>\n<th>\n<p class=\"Texto_Justificado\">Respons\u00e1vel<\/p>\n<\/th>\n<\/tr>\n<\/thead>\n<tbody>\n<tr>\n<td>\n<p class=\"Texto_Justificado\">Sele\u00e7\u00e3o interna<\/p>\n<\/td>\n<td>\n<p class=\"Texto_Justificado\">At\u00e9 dia 03 de outubro de 2025.<\/p>\n<\/td>\n<td>\n<p class=\"Texto_Justificado\">Institui\u00e7\u00e3o de Ensino Superior<\/p>\n<\/td>\n<\/tr>\n<tr>\n<td>\n<p class=\"Texto_Justificado\"><span style=\"background-color: #ffff00\">Inscri\u00e7\u00e3o das candidaturas no sistema da CAPES, incluindo preenchimento do formul\u00e1rio de inscri\u00e7\u00e3o online e envio da documenta\u00e7\u00e3o obrigat\u00f3ria.<\/span><\/p>\n<\/td>\n<td>\n<p class=\"Texto_Justificado\"><span style=\"background-color: #ffff00\">Do dia 22\/09 a 07\/10\/2025.<\/span><\/p>\n<\/td>\n<td>\n<p class=\"Texto_Justificado\"><span style=\"background-color: #ffff00\">Candidato<\/span><\/p>\n<\/td>\n<\/tr>\n<tr>\n<td>\n<p class=\"Texto_Justificado\">Homologa\u00e7\u00e3o dos candidatos inscritos no sistema da CAPES.<\/p>\n<\/td>\n<td>De 13 a 17 de outubro de 2025.<\/td>\n<td>\n<p class=\"Texto_Justificado\">Pr\u00f3-Reitoria de P\u00f3s-Gradua\u00e7\u00e3o ou \u00f3rg\u00e3o equivalente<\/p>\n<\/td>\n<\/tr>\n<tr>\n<td>\n<p class=\"Texto_Justificado\">Publica\u00e7\u00e3o da rela\u00e7\u00e3o de homologados.<\/p>\n<\/td>\n<td>A partir de 20 de outubro de 2025.<\/td>\n<td>\n<p class=\"Texto_Justificado\">CAPES<\/p>\n<\/td>\n<\/tr>\n<tr>\n<td>\n<p class=\"Texto_Justificado\">&#8230;.<\/p>\n<\/td>\n<td>\n<p class=\"Texto_Justificado\">\n<\/td>\n<td>\n<p class=\"Texto_Justificado\">\n<\/td>\n<\/tr>\n<tr>\n<td>\n<p class=\"Texto_Justificado\">In\u00edcio das atividades no exterior.<\/p>\n<\/td>\n<td>Janeiro e Fevereiro de 2026.<\/td>\n<td>\n<p class=\"Texto_Justificado\">Bolsista<\/p>\n<\/td>\n<\/tr>\n<\/tbody>\n<\/table>\n<p>&nbsp;<\/p>\n<p>&nbsp;<\/p>\n<p><strong>Resultado Sele\u00e7\u00e3o PDSE &#8211; CRONOGRAMA 1<\/strong><\/p>\n<p>&nbsp;<\/p>\n<table width=\"662\">\n<thead>\n<tr>\n<td style=\"width: 286.491px\"><strong>PPG<\/strong><\/td>\n<td style=\"width: 360.611px\"><strong>SELECIONADOS<\/strong><\/td>\n<\/tr>\n<\/thead>\n<tbody>\n<tr>\n<td style=\"width: 286.491px\">Agronomia<\/td>\n<td style=\"width: 360.611px\">\n<p>1\u00ba: Gabriel Brand\u00e3o Das Chagas (selecionado)<\/p>\n<p>2\u00ba: Vilson Lu\u00eds Reveilleau J\u00fanior (suplente)<\/td>\n<\/tr>\n<tr>\n<td style=\"width: 286.491px\">Antropologia<\/td>\n<td style=\"width: 360.611px\">\u00a0n\u00e3o teve selecionados<\/td>\n<\/tr>\n<tr>\n<td style=\"width: 286.491px\">Arquitetura e Urbanismo<\/td>\n<td style=\"width: 360.611px\">Franciele Fraga Pereira (selecionado)<\/td>\n<\/tr>\n<tr>\n<td style=\"width: 286.491px\">Artes Visuais<\/td>\n<td style=\"width: 360.611px\">\n<p>1\u00ba: Ana Beatriz Magalh\u00e3es Mattar (selecionado)<\/p>\n<p>2\u00ba: Barbara Larruscahim da Costa (suplente)<\/p>\n<p>3\u00ba: Renan Silva do Esp\u00edrito Santo (suplente)<\/p>\n<p>4\u00ba: Larissa Schipp Ferreira de Deus (suplente)<\/td>\n<\/tr>\n<tr>\n<td style=\"width: 286.491px\">Bioqu\u00edmica e Bioprospec\u00e7\u00e3o<\/td>\n<td style=\"width: 360.611px\">\n<p>1\u00b0: Juliane Bristot Prosczek (selecionado)<\/p>\n<p>2\u00aa Larissa Sander Magalh\u00e3es (suplente)<\/p>\n<p>3\u00b0:\u00a0 Raphaela Cassol Piccoli\u00a0 (suplente)<\/p>\n<p>4\u00b0: Larissa Menezes da Silveira\u00a0 (suplente)<\/td>\n<\/tr>\n<tr>\n<td style=\"width: 286.491px\">Biotecnologia<\/td>\n<td style=\"width: 360.611px\">\n<p>1\u00ba: Lucas Petitemberte de Souza (selecionado)<\/p>\n<p>2\u00ba: Diego Serrasol do Amaral (suplente)<\/p>\n<p>3\u00ba: Rutiele Silveira (suplente)<\/p>\n<p>4\u00ba: Ana Caroline Basniak Konkol (suplente)<\/p>\n<p>5\u00ba: Milene Lopes dos Santos (suplente)<\/td>\n<\/tr>\n<tr>\n<td style=\"width: 286.491px\">C. e Engenharia de Materiais<\/td>\n<td style=\"width: 360.611px\">\n<p>1\u00ba: Jo\u00e3o Pedro Almeida Lopes (selecionado)<\/p>\n<p>2\u00ba: Francielen San Martins Rodrigues (suplente)<\/td>\n<\/tr>\n<tr>\n<td style=\"width: 286.491px\">C. e Tecnologia de Alimentos<\/td>\n<td style=\"width: 360.611px\">\n<p>1\u00ba: Camila de Oliveira Pacheco (selecionado)<\/p>\n<p>2\u00ba: Larissa Alves Rodrigues (suplente)<\/p>\n<p>3\u00ba: Renires dos Santos Teixeira (suplente)<\/p>\n<p>4\u00ba: Flavia Tayn\u00e1 Serra Silva (suplente)<\/td>\n<\/tr>\n<tr>\n<td style=\"width: 286.491px\">C. e Tecnologia de Sementes<\/td>\n<td style=\"width: 360.611px\">N\u00e3o teve edital<\/td>\n<\/tr>\n<tr>\n<td style=\"width: 286.491px\">Ci\u00eancia Pol\u00edtica<\/td>\n<td style=\"width: 360.611px\">\n<p>1\u00ba: Nairana Karkow Bones (selecionado)<\/p>\n<p>2\u00ba: Beatriz Franco Pereira do Vale (suplente)<\/td>\n<\/tr>\n<tr>\n<td style=\"width: 286.491px\">Computa\u00e7\u00e3o<\/td>\n<td style=\"width: 360.611px\">Cecilia Silva da Costa Botelho<\/td>\n<\/tr>\n<tr>\n<td style=\"width: 286.491px\">Educa\u00e7\u00e3o<\/td>\n<td style=\"width: 360.611px\">\n<p>1\u00ba: Tamara Insauriaga Bueno (selecionado)<\/p>\n<p>2\u00ba: Adriene Coelho Ferreira Jerozolimski (suplente)<\/p>\n<p>3\u00ba: Marcos Aur\u00e9lio Do Carmo Alvarenga (suplente)<\/td>\n<\/tr>\n<tr>\n<td style=\"width: 286.491px\">Educa\u00e7\u00e3o F\u00edsica<\/td>\n<td style=\"width: 360.611px\">N\u00e3o teve edital<\/td>\n<\/tr>\n<tr>\n<td style=\"width: 286.491px\">Enfermagem<\/td>\n<td style=\"width: 360.611px\">Marcia Le\u00e3o de Lima (selecionado)<\/td>\n<\/tr>\n<tr>\n<td style=\"width: 286.491px\">Epidemiologia<\/td>\n<td style=\"width: 360.611px\">N\u00e3o teve inscritos<\/td>\n<\/tr>\n<tr>\n<td style=\"width: 286.491px\">Filosofia<\/td>\n<td style=\"width: 360.611px\">\n<p>1\u00ba: Matheus Monteiro Redig de Oliveira (selecionado)<\/p>\n<p>2\u00ba. Arlindo Ame\u0301rico Tavares Martins Ju\u0301nior (suplente)<\/td>\n<\/tr>\n<tr>\n<td style=\"width: 286.491px\">F\u00edsica<\/td>\n<td style=\"width: 360.611px\">\n<p>1\u00ba: Brenda Rolin Miranda \u00a0(selecionada)<\/p>\n<p>2\u00ba: F\u00e1bio Lunelli Brum (suplente)<\/td>\n<\/tr>\n<tr>\n<td style=\"width: 286.491px\">Fisiologia Vegetal<\/td>\n<td style=\"width: 360.611px\">Jaqueline da Silva dos Santos (selecionado)<\/td>\n<\/tr>\n<tr>\n<td style=\"width: 286.491px\">Fitossanidade<\/td>\n<td style=\"width: 360.611px\">Bruno Oliveira Novais Ara\u00fajo (selecionado)<\/td>\n<\/tr>\n<tr>\n<td style=\"width: 286.491px\">Hist\u00f3ria<\/td>\n<td style=\"width: 360.611px\">Janine Azevedo Barthimann Carvalho<\/td>\n<\/tr>\n<tr>\n<td style=\"width: 286.491px\">Letras<\/td>\n<td style=\"width: 360.611px\">\n<p>1\u00ba: Gabriele Valim Vargas (selecionado)<\/p>\n<p>2\u00ba: Cristian Borba da Silveira (suplente)<\/p>\n<p>3\u00ba: Larissa Gon\u00e7alves Medeiros (suplente)<\/td>\n<\/tr>\n<tr>\n<td style=\"width: 286.491px\">Manejo Conserva\u00e7\u00e3o do Solo e da \u00c1gua<\/td>\n<td style=\"width: 360.611px\">\n<p>1\u00aa: Karoline Farias Koloszuki Maciel (selecionada)<\/p>\n<p>2\u00aa: Laura Schwartz Leite (suplente)<\/td>\n<\/tr>\n<tr>\n<td style=\"width: 286.491px\">Mem\u00f3ria Social e Patrim\u00f4nio Cultural<\/td>\n<td style=\"width: 360.611px\">N\u00c3O TEVE INSCRITOS<\/td>\n<\/tr>\n<tr>\n<td style=\"width: 286.491px\">Microbiologia e Parasitologia<\/td>\n<td style=\"width: 360.611px\">\u00a0Camila Furtado Dalmorra (selecionado)<\/td>\n<\/tr>\n<tr>\n<td style=\"width: 286.491px\">Multic\u00eantrico em Ci\u00eancias Fisiol\u00f3gicas<\/td>\n<td style=\"width: 360.611px\">Fermina Francesca Alves Vargas (selecionado)<\/td>\n<\/tr>\n<tr>\n<td style=\"width: 286.491px\">Nutri\u00e7\u00e3o e Alimentos<\/td>\n<td style=\"width: 360.611px\">J\u00e9ssica Bosenbecker Kaster (selecionado)<\/td>\n<\/tr>\n<tr>\n<td style=\"width: 286.491px\">Odontologia<\/td>\n<td style=\"width: 360.611px\">\n<p>1\u00aa : Laylla Galdino dos Santos (selecionado)<\/p>\n<p>2\u00aa:\u00a0 Ana Beatriz Lima (suplente)<\/p>\n<p>3\u00aa: Francisco Hecktheuer(suplente)<\/td>\n<\/tr>\n<tr>\n<td style=\"width: 286.491px\">Organiza\u00e7\u00f5es e Mercados<\/td>\n<td style=\"width: 360.611px\">Maur\u00edcio Felipe Bemfica de Oliveira (selecionado)<\/td>\n<\/tr>\n<tr>\n<td style=\"width: 286.491px\">Qu\u00edmica<\/td>\n<td style=\"width: 360.611px\">N\u00c3O TEVE INSCRITOS<\/td>\n<\/tr>\n<tr>\n<td style=\"width: 286.491px\">Recursos H\u00eddricos<\/td>\n<td style=\"width: 360.611px\">N\u00e3o teve edital<\/td>\n<\/tr>\n<tr>\n<td style=\"width: 286.491px\">Sistemas de Produ\u00e7\u00e3o Agr\u00edcola e Familiar<\/td>\n<td style=\"width: 360.611px\">L\u00e9ia B. Sell (selecionado)<\/td>\n<\/tr>\n<tr>\n<td style=\"width: 286.491px\">Sociologia<\/td>\n<td style=\"width: 360.611px\">Michael Alessandro Ferreira dos Santos (selecionado)<\/td>\n<\/tr>\n<tr>\n<td style=\"width: 286.491px\">Veterin\u00e1ria<\/td>\n<td style=\"width: 360.611px\">\n<p>1\u00ba : Oluwagbemiga Ademola Dada (selecionado)<\/p>\n<p>2\u00ba : Samira Alves de Souza Silva (suplente)<\/p>\n<p>3\u00ba : Giulia da Cunha Pereira (suplente)<\/p>\n<p>4\u00ba: Vit\u00f3ria Ramos de Freitas (suplente)<\/td>\n<\/tr>\n<tr>\n<td style=\"width: 286.491px\">Zootecnia<\/td>\n<td style=\"width: 360.611px\">N\u00e3o teve selecionados<\/td>\n<\/tr>\n<\/tbody>\n<\/table>\n<p>&nbsp;<\/p>\n<p>Inscri\u00e7\u00f5es homologadas pela PRPPG<\/p>\n<p>&nbsp;<\/p>\n<table width=\"100%\">\n<thead>\n<tr>\n<td width=\"31%\"><strong>PPG<\/strong><\/td>\n<td width=\"68%\"><strong>SELECIONADOS<\/strong><\/td>\n<\/tr>\n<\/thead>\n<tbody>\n<tr>\n<td width=\"31%\">Agronomia<\/td>\n<td width=\"68%\">\n<p>Gabriel Brand\u00e3o Das Chagas (02\/26 a 06\/26)<\/p>\n<p>Vilson Lu\u00eds Reveilleau J\u00fanior (02\/26 a 07\/26)<\/td>\n<\/tr>\n<tr>\n<td width=\"31%\">Arquitetura e Urbanismo<\/td>\n<td width=\"68%\">Franciele Fraga Pereira (02\/26 a 07\/26)<\/td>\n<\/tr>\n<tr>\n<td width=\"31%\">Artes Visuais<\/td>\n<td width=\"68%\">\n<p>Ana Beatriz Magalh\u00e3es Mattar (02\/26 a 06\/26)<\/p>\n<p>Barbara Larruscahim da Costa (02\/26 a 07\/26)<\/td>\n<\/tr>\n<tr>\n<td width=\"31%\">Bioqu\u00edmica e Bioprospec\u00e7\u00e3o<\/td>\n<td width=\"68%\">\n<p>Juliane Bristot Prosczek (02\/26 a 07\/26)<\/p>\n<p>Larissa Sander Magalh\u00e3es (02\/26 a 07\/26)<\/td>\n<\/tr>\n<tr>\n<td width=\"31%\">Biotecnologia<\/td>\n<td width=\"68%\">\n<p>\u00a0Lucas Petitemberte de Souza (02\/26 a 07\/26)<\/p>\n<p>Rutiele Silveira (02\/26 a 07\/26)<\/td>\n<\/tr>\n<tr>\n<td width=\"31%\">C. e Engenharia de Materiais<\/td>\n<td width=\"68%\">Jo\u00e3o Pedro Almeida Lopes (02\/26 a 07\/26)<\/td>\n<\/tr>\n<tr>\n<td width=\"31%\">C. e Tecnologia de Alimentos<\/td>\n<td width=\"68%\">\n<p>Camila de Oliveira Pacheco (02\/26 a 07\/26)<\/p>\n<p>Larissa Alves Rodrigues (02\/26 a 06\/26)<\/td>\n<\/tr>\n<tr>\n<td width=\"31%\">Ci\u00eancia Pol\u00edtica<\/td>\n<td width=\"68%\">\n<p>\u00a0Nairana Karkow Bones (02826 a 07\/26)<\/p>\n<p>Beatriz Franco Pereira do Vale (02\/26 a 06\/26)<\/td>\n<\/tr>\n<tr>\n<td width=\"31%\">Educa\u00e7\u00e3o<\/td>\n<td width=\"68%\">Tamara Insauriaga Bueno (01\/26 a 06\/26)<\/td>\n<\/tr>\n<tr>\n<td width=\"31%\">Enfermagem<\/td>\n<td width=\"68%\">Marcia Le\u00e3o de Lima (02\/26 a 05\/26)<\/td>\n<\/tr>\n<tr>\n<td width=\"31%\">Filosofia<\/td>\n<td width=\"68%\">\n<p>\u00a0\u00a0Matheus Monteiro Redig de Oliveira (01\/26 a 06\/26)<\/p>\n<p>Arlindo Ame\u0301rico Tavares Martins Ju\u0301nior (01\/26 a 06\/26)<\/td>\n<\/tr>\n<tr>\n<td width=\"31%\">F\u00edsica<\/td>\n<td width=\"68%\">\n<p>Brenda Rolin Miranda\u00a0 (02\/26 a 07\/26)<\/p>\n<p>F\u00e1bio Lunelli Brum (01\/26 a 06\/26)<\/td>\n<\/tr>\n<tr>\n<td width=\"31%\">Fisiologia Vegetal<\/td>\n<td width=\"68%\">Jaqueline da Silva dos Santos (02\/26 a 07\/26)<\/td>\n<\/tr>\n<tr>\n<td width=\"31%\">Fitossanidade<\/td>\n<td width=\"68%\">Bruno Oliveira Novais Ara\u00fajo (01\/26 a 06\/26)<\/td>\n<\/tr>\n<tr>\n<td width=\"31%\">Hist\u00f3ria<\/td>\n<td width=\"68%\">Janine Azevedo Barthimann Carvalho (02\/26 a 05\/26)<\/td>\n<\/tr>\n<tr>\n<td width=\"31%\">Letras<\/td>\n<td width=\"68%\">\n<p>\u00a0Gabriele Valim Vargas (02\/26 a 06\/26)<\/p>\n<p>Cristian Borba da Silveira (02\/26 a 07\/26)<\/td>\n<\/tr>\n<tr>\n<td width=\"31%\">Manejo Conserva\u00e7\u00e3o do Solo e da \u00c1gua<\/td>\n<td width=\"68%\">\n<p>\u00a0Karoline Farias Koloszuki Maciel (02\/26 a 07\/26)<\/p>\n<p>Laura Schwartz Leite (02\/26 a 07\/26)<\/td>\n<\/tr>\n<tr>\n<td width=\"31%\">Microbiologia e Parasitologia<\/td>\n<td width=\"68%\">\u00a0Camila Furtado Dalmorra (02\/26 a 06\/26)<\/td>\n<\/tr>\n<tr>\n<td width=\"31%\">Multic\u00eantrico em Ci\u00eancias Fisiol\u00f3gicas<\/td>\n<td width=\"68%\">Fermina Francesca Alves Vargas (01\/26 a 06\/26)<\/td>\n<\/tr>\n<tr>\n<td width=\"31%\">Nutri\u00e7\u00e3o e Alimentos<\/td>\n<td width=\"68%\">J\u00e9ssica Bosenbecker Kaster (01\/26 a 04\/26)<\/td>\n<\/tr>\n<tr>\n<td width=\"31%\">Odontologia<\/td>\n<td width=\"68%\">\n<p>Laylla Galdino dos Santos (02\/26 a 07\/26)<\/p>\n<p>Ana Beatriz Lima (02\/26 a 07\/26)<\/td>\n<\/tr>\n<tr>\n<td width=\"31%\">Organiza\u00e7\u00f5es e Mercados<\/td>\n<td width=\"68%\">Maur\u00edcio Felipe Bemfica de Oliveira (01\/26 a 06\/26)<\/td>\n<\/tr>\n<tr>\n<td width=\"31%\">Sistemas de Produ\u00e7\u00e3o Agr\u00edcola e Familiar<\/td>\n<td width=\"68%\">L\u00e9ia Beatriz Sell (02\/26 a 05\/26)<\/td>\n<\/tr>\n<tr>\n<td width=\"31%\">Sociologia<\/td>\n<td width=\"68%\">Michael Alessandro Ferreira dos Santos (02\/26 a 07\/26)<\/td>\n<\/tr>\n<tr>\n<td width=\"31%\">Veterin\u00e1ria<\/td>\n<td width=\"68%\">\n<p>Oluwagbemiga Ademola Dada (02\/26 a 07\/26)<\/p>\n<p>Samira Alves de Souza Silva (02\/26 a 07\/26)<\/td>\n<\/tr>\n<\/tbody>\n<\/table>\n<p>&nbsp;<\/p>\n","protected":false},"excerpt":{"rendered":"<p>PROGRAMA INSTITUCIONAL DE DOUTORADO SANDU\u00cdCHE NO EXTERIOR (PDSE) \u2013 2025 &nbsp; Edital 17\/2025 Anexo I &#8211; Termo de Outorga e Aceite de Bolsa &#8211; formato, pdf, 238kb Anexo II &#8211; Declara\u00e7\u00e3o de Reconhecimento de Flu\u00eancia Lingu\u00edstica Institui\u00e7\u00e3o no Exterior\u00a0 Anexo III &#8211; Declara\u00e7\u00e3o de Reconhecimento de Flu\u00eancia Lingu\u00edstica Institui\u00e7\u00e3o Brasileira Anexo IV &#8211; Requisito de [&hellip;]<\/p>\n","protected":false},"author":45,"featured_media":0,"parent":2018,"menu_order":0,"comment_status":"closed","ping_status":"closed","template":"","meta":{"footnotes":""},"class_list":["post-12212","page","type-page","status-publish","hentry"],"_links":{"self":[{"href":"https:\/\/wp.ufpel.edu.br\/prppg\/wp-json\/wp\/v2\/pages\/12212","targetHints":{"allow":["GET"]}}],"collection":[{"href":"https:\/\/wp.ufpel.edu.br\/prppg\/wp-json\/wp\/v2\/pages"}],"about":[{"href":"https:\/\/wp.ufpel.edu.br\/prppg\/wp-json\/wp\/v2\/types\/page"}],"author":[{"embeddable":true,"href":"https:\/\/wp.ufpel.edu.br\/prppg\/wp-json\/wp\/v2\/users\/45"}],"replies":[{"embeddable":true,"href":"https:\/\/wp.ufpel.edu.br\/prppg\/wp-json\/wp\/v2\/comments?post=12212"}],"version-history":[{"count":4,"href":"https:\/\/wp.ufpel.edu.br\/prppg\/wp-json\/wp\/v2\/pages\/12212\/revisions"}],"predecessor-version":[{"id":12712,"href":"https:\/\/wp.ufpel.edu.br\/prppg\/wp-json\/wp\/v2\/pages\/12212\/revisions\/12712"}],"up":[{"embeddable":true,"href":"https:\/\/wp.ufpel.edu.br\/prppg\/wp-json\/wp\/v2\/pages\/2018"}],"wp:attachment":[{"href":"https:\/\/wp.ufpel.edu.br\/prppg\/wp-json\/wp\/v2\/media?parent=12212"}],"curies":[{"name":"wp","href":"https:\/\/api.w.org\/{rel}","templated":true}]}}