{"id":11117,"date":"2024-12-27T09:01:40","date_gmt":"2024-12-27T12:01:40","guid":{"rendered":"https:\/\/wp.ufpel.edu.br\/prppg\/?page_id=11117"},"modified":"2025-03-31T08:11:48","modified_gmt":"2025-03-31T11:11:48","slug":"pib-2025","status":"publish","type":"page","link":"https:\/\/wp.ufpel.edu.br\/prppg\/bolsas-pib-m-d\/pib-2025\/","title":{"rendered":"Bolsas PIB M\/D 2025"},"content":{"rendered":"<p>A Pr\u00f3-Reitoria de Pesquisa e P\u00f3s-Gradua\u00e7\u00e3o da Universidade Federal de Pelotas torna p\u00fablico que est\u00e3o abertas as solicita\u00e7\u00f5es de cotas de bolsas de mestrado e doutorado alocadas na PRPPG, oriundas do Programa DS\/CAPES e\/ou do Programa PIB M\/D UFPel, com distribui\u00e7\u00e3o priorit\u00e1ria para alunos ingressantes via acesso afirmativo, conforme Resolu\u00e7\u00f5es CONSUN no\u00a05\/2017 e 16\/2017.<\/p>\n<p>O per\u00edodo de inscri\u00e7\u00e3o \u00e9 de 02 de janeiro a 07 de fevereiro de 2025.<\/p>\n<p>&nbsp;<\/p>\n<ul>\n<li><a href=\"https:\/\/wp.ufpel.edu.br\/prppg\/files\/2024\/12\/Edital-05-2024.pdf\">Edital 05-2024<\/a><\/li>\n<li><a href=\"https:\/\/wp.ufpel.edu.br\/prppg\/files\/2024\/12\/anexos_I-1-1.docx\">Formul\u00e1rio de Inscri\u00e7\u00e3o<\/a><\/li>\n<li><a href=\"https:\/\/wp.ufpel.edu.br\/prppg\/files\/2024\/12\/anexo_II_Declaracao_de_etnia_1.docx\">Declara\u00e7\u00e3o de Etnia<\/a><\/li>\n<li><a href=\"https:\/\/wp.ufpel.edu.br\/prppg\/files\/2024\/12\/Autodeclaracao_Deficiencia-2.docx\">Autodeclara\u00e7\u00e3o de Defici\u00eancia<\/a><\/li>\n<li><a href=\"https:\/\/wp.ufpel.edu.br\/prppg\/files\/2013\/08\/2046953ef9.xls\">Formul\u00e1rio de Cadastro de Bolsa<\/a><\/li>\n<li><a href=\"https:\/\/wp.ufpel.edu.br\/prppg\/files\/2024\/01\/anexo_IV___Termo_de_compromisso-1.docx\">Termo de Compromisso<\/a><\/li>\n<li><a href=\"https:\/\/wp.ufpel.edu.br\/prppg\/files\/2024\/12\/DeclaraodeAcmulos.pdf\">Declara\u00e7\u00e3o de Ac\u00famulos<\/a><\/li>\n<\/ul>\n<p>&nbsp;<\/p>\n<p>&nbsp;<\/p>\n<p><span style=\"font-size: 24pt;color: #993300\"><strong>Resultado Preliminar PIB M-D 2025<\/strong><\/span><\/p>\n<p><strong>EDITAL PRPPG N.\u00ba 05\/2024<\/strong><\/p>\n<p><strong>(Bolsas PIB \u2013 MD \u2013 Cotas PRPPG)<\/strong><\/p>\n<p>&nbsp;<\/p>\n<p><em>A Pr\u00f3-Reitoria de Pesquisa e P\u00f3s-Gradua\u00e7\u00e3o da Universidade Federal de Pelotas torna p\u00fablico o <strong><u>resultado PRELIMINAR<\/u><\/strong>\u00a0da an\u00e1lise de solicita\u00e7\u00f5es de bolsas de mestrado e doutorado alocadas na PRPPG, com distribui\u00e7\u00e3o priorit\u00e1ria para alunos ingressantes via acesso afirmativo, conforme Resolu\u00e7\u00f5es CONSUN no 5\/2017 e 16\/2017.<\/em><\/p>\n<p>&nbsp;<\/p>\n<p><strong>Solicita\u00e7\u00f5es de\u00a0<u>renova\u00e7\u00e3o<\/u>:\u00a0candidaturas HOMOLOGADAS<\/strong><\/p>\n<p>&nbsp;<\/p>\n<table>\n<tbody>\n<tr>\n<td><\/td>\n<td><strong>Nome<\/strong><\/td>\n<td><strong>N\u00edvel<\/strong><\/td>\n<td><strong>PPG<\/strong><\/td>\n<td><strong>Situa\u00e7\u00e3o<\/strong><\/td>\n<\/tr>\n<tr>\n<td><strong>1.<\/strong><\/td>\n<td>PATR\u00cdCIA FERNANDES MATHIAS MORALES<\/td>\n<td>D<\/td>\n<td>ANTROPOLOGIA<\/td>\n<td>HOMOLOGADA<\/td>\n<\/tr>\n<tr>\n<td><strong>2.<\/strong><\/td>\n<td>KAMILA MENDES DA SILVA<\/td>\n<td>D<\/td>\n<td>LETRAS<\/td>\n<td>HOMOLOGADA<\/td>\n<\/tr>\n<tr>\n<td><strong>3.<\/strong><\/td>\n<td>SIMONE FERNANDES MATHIAS<\/td>\n<td>D<\/td>\n<td>ANTROPOLOGIA<\/td>\n<td>HOMOLOGADA<\/td>\n<\/tr>\n<tr>\n<td><strong>4.<\/strong><\/td>\n<td>H\u00c9LEN DE OLIVEIRA SOARES JARDIM<\/td>\n<td>D<\/td>\n<td>ANTROPOLOGIA<\/td>\n<td>HOMOLOGADA<\/td>\n<\/tr>\n<tr>\n<td><strong>5.<\/strong><\/td>\n<td>AGUIAR AFONSO MARIANO<\/td>\n<td>D<\/td>\n<td>AGRONOMIA<\/td>\n<td>HOMOLOGADA<\/td>\n<\/tr>\n<tr>\n<td><strong>6.<\/strong><\/td>\n<td>CELANET FILS-AIM\u00c9<\/td>\n<td>D<\/td>\n<td>AGRONOMIA<\/td>\n<td>HOMOLOGADA<\/td>\n<\/tr>\n<tr>\n<td><strong>7.<\/strong><\/td>\n<td>RAFAEL ALLEN GON\u00c7ALVES BARBOZA<\/td>\n<td>D<\/td>\n<td>ANTROPOLOGIA<\/td>\n<td>HOMOLOGADA<\/td>\n<\/tr>\n<tr>\n<td><strong>8.<\/strong><\/td>\n<td>ELIS\u00c2NGELA DOS SANTOS BANDEIRA<\/td>\n<td>D<\/td>\n<td>ANTROPOLOGIA<\/td>\n<td>HOMOLOGADA<\/td>\n<\/tr>\n<tr>\n<td><strong>9.<\/strong><\/td>\n<td>RUDICLER PEREIRA RAMOS<\/td>\n<td>M<\/td>\n<td>CI\u00caNCIA E ENG. DE MATERIAIS<\/td>\n<td>HOMOLOGADA<\/td>\n<\/tr>\n<tr>\n<td><strong>10.<\/strong><\/td>\n<td>KATIELE FURTADO SILVA<\/td>\n<td>M<\/td>\n<td>NUTRI\u00c7\u00c3O E ALIMENTOS<\/td>\n<td>HOMOLOGADA<\/td>\n<\/tr>\n<tr>\n<td><strong>11.<\/strong><\/td>\n<td>MELINA RODRIGUES TEIXEIRA<\/td>\n<td>M<\/td>\n<td>DIREITO<\/td>\n<td>HOMOLOGADA<\/td>\n<\/tr>\n<tr>\n<td><strong>12.<\/strong><\/td>\n<td>DHEIVISON ARA\u00daJO DA SILVA<\/td>\n<td>M<\/td>\n<td>ARTES<\/td>\n<td>HOMOLOGADA<\/td>\n<\/tr>\n<tr>\n<td><strong>13.<\/strong><\/td>\n<td>DANILDO JOS\u00c9 NHAGA<\/td>\n<td>M<\/td>\n<td>MODELAGEM MATEM\u00c1TICA<\/td>\n<td>HOMOLOGADA<\/td>\n<\/tr>\n<tr>\n<td><strong>14.<\/strong><\/td>\n<td>RICARDO FERREIRA DA SILVA<\/td>\n<td>M<\/td>\n<td>ARTES<\/td>\n<td>HOMOLOGADA<\/td>\n<\/tr>\n<tr>\n<td><strong>15.<\/strong><\/td>\n<td>ALLISON BADILA MANCAB\u00da<\/td>\n<td>M<\/td>\n<td>CI\u00caNCIAS AMBIENTAIS<\/td>\n<td>HOMOLOGADA<\/td>\n<\/tr>\n<tr>\n<td><strong>16.<\/strong><\/td>\n<td>RAISSA SOUZA DE LIMA<\/td>\n<td>M<\/td>\n<td>ARTES<\/td>\n<td>HOMOLOGADA<\/td>\n<\/tr>\n<\/tbody>\n<\/table>\n<p>&nbsp;<\/p>\n<p>&nbsp;<\/p>\n<p><strong>Solicita\u00e7\u00f5es de\u00a0<u>renova\u00e7\u00e3o<\/u>:\u00a0candidaturas N\u00c3O HOMOLOGADAS<\/strong><\/p>\n<p><strong>\u00a0<\/strong><\/p>\n<table>\n<tbody>\n<tr>\n<td><\/td>\n<td><strong>Nome<\/strong><\/td>\n<td><strong>PPG<\/strong><\/td>\n<td><strong>Motivo<\/strong><\/td>\n<\/tr>\n<tr>\n<td><strong>1.<\/strong><\/td>\n<td>ALISSON BARCELLOS BALHEGO<\/td>\n<td>HIST\u00d3RIA<\/td>\n<td>Itens 3.1.3 e 5.1. Pend\u00eancia no hist\u00f3rico;<\/td>\n<\/tr>\n<tr>\n<td><strong>2.<\/strong><\/td>\n<td>MAMAD\u00da INDJAI<\/td>\n<td>CI\u00caNCIA POL\u00cdTICA<\/td>\n<td>Itens 3.1.3 e 5.1. Pend\u00eancia no hist\u00f3rico;<\/td>\n<\/tr>\n<tr>\n<td><strong>3.<\/strong><\/td>\n<td>CAIOD\u00ca BOA MORTE DO CARMO CARDOSO<\/td>\n<td>FILOSOFIA<\/td>\n<td>inscri\u00e7\u00e3o sem assinatura do coordenador<\/td>\n<\/tr>\n<tr>\n<td><strong>4.<\/strong><\/td>\n<td>EMANUEL ANTUNES DOS SANTOS<\/td>\n<td>ARTES<\/td>\n<td>inscri\u00e7\u00e3o sem assinaturas do candidato e do coordenador; sem hist\u00f3rico<\/td>\n<\/tr>\n<tr>\n<td><strong>5.<\/strong><\/td>\n<td>VAGNER LEMOS BORGES<\/td>\n<td>CI\u00caNCIAS AMBIENTAIS<\/td>\n<td>Itens 3.1.3 e 5.1. Pend\u00eancia no hist\u00f3rico;<\/td>\n<\/tr>\n<tr>\n<td><strong>6.<\/strong><\/td>\n<td>EMERSON AVELINO DE SOUZA<\/td>\n<td>ANTROPOLOGIA<\/td>\n<td>sem comprovante de participa\u00e7\u00e3o em evento;<\/td>\n<\/tr>\n<\/tbody>\n<\/table>\n<p>&nbsp;<\/p>\n<p>&nbsp;<\/p>\n<p><strong><u>Novas<\/u><\/strong><strong>\u00a0solicita\u00e7\u00f5es de bolsas:\u00a0candidaturas HOMOLOGADAS<\/strong><\/p>\n<p>&nbsp;<\/p>\n<table>\n<tbody>\n<tr>\n<td><\/td>\n<td><strong>Nome<\/strong><\/td>\n<td><strong>N\u00edvel<\/strong><\/td>\n<td><strong>PPG<\/strong><\/td>\n<td><strong>Situa\u00e7\u00e3o<\/strong><\/td>\n<\/tr>\n<tr>\n<td>1.<\/td>\n<td>STEFANNIE VIT\u00d3RIA DA SILVA ROCHA<\/td>\n<td>M<\/td>\n<td>DIREITO<\/td>\n<td>HOMOLOGADA<\/td>\n<\/tr>\n<tr>\n<td>2.<\/td>\n<td>L\u00c1ZARO HENRIQUE DOS SANTOS PEREIRA*<\/td>\n<td>M<\/td>\n<td>DTSA<\/td>\n<td>HOMOLOGADA<\/td>\n<\/tr>\n<tr>\n<td>3.<\/td>\n<td>LEANDRO COSTA CANTOS*<\/td>\n<td>M<\/td>\n<td>CI\u00caNCIAS AMBIENTAIS<\/td>\n<td>HOMOLOGADA<\/td>\n<\/tr>\n<tr>\n<td>4.<\/td>\n<td>CAROLINE MELO ARMESTO*<\/td>\n<td>M<\/td>\n<td>MEM\u00d3RIA SOCIAL E PATRIM. CULTURAL<\/td>\n<td>HOMOLOGADA<\/td>\n<\/tr>\n<tr>\n<td>5.<\/td>\n<td>MARIELA CARDOSO CORR\u00caA****<\/td>\n<td>M<\/td>\n<td>ARTES<\/td>\n<td>HOMOLOGADA<\/td>\n<\/tr>\n<tr>\n<td>6.<\/td>\n<td>JAMILA LIMA MACEDO****<\/td>\n<td>M<\/td>\n<td>ARTES<\/td>\n<td>HOMOLOGADA<\/td>\n<\/tr>\n<tr>\n<td>7.<\/td>\n<td>GREICE FURTADO DOS REIS****<\/td>\n<td>M<\/td>\n<td>DIREITO<\/td>\n<td>HOMOLOGADA<\/td>\n<\/tr>\n<tr>\n<td>8.<\/td>\n<td>LEONARDO PINTO OLIVEIRA****<\/td>\n<td>M<\/td>\n<td>ANTROPOLOGIA<\/td>\n<td>HOMOLOGADA<\/td>\n<\/tr>\n<tr>\n<td>9.<\/td>\n<td>DANIELLE DA SILVA BOEIRA****<\/td>\n<td>M<\/td>\n<td>EDUCA\u00c7\u00c3O<\/td>\n<td>HOMOLOGADA<\/td>\n<\/tr>\n<tr>\n<td>10.<\/td>\n<td>\u00c9VELIN MORAES LOPES****<\/td>\n<td>M<\/td>\n<td>EDUCA\u00c7\u00c3O F\u00cdSICA<\/td>\n<td>HOMOLOGADA<\/td>\n<\/tr>\n<tr>\n<td>11.<\/td>\n<td>HIGOR LUAN SANTOS CAMARGO****<\/td>\n<td>M<\/td>\n<td>EDUCA\u00c7\u00c3O<\/td>\n<td>HOMOLOGADA<\/td>\n<\/tr>\n<tr>\n<td>12.<\/td>\n<td>BARBARA CALIXTO DOS SANTOS****<\/td>\n<td>M<\/td>\n<td>ARTES<\/td>\n<td>HOMOLOGADA<\/td>\n<\/tr>\n<tr>\n<td>13.<\/td>\n<td>ISADORA CARDOSO CALEIRO****<\/td>\n<td>M<\/td>\n<td>DIREITO<\/td>\n<td>HOMOLOGADA<\/td>\n<\/tr>\n<tr>\n<td>14.<\/td>\n<td>C\u00c1SSIA MARILDA DUARTE LIMA****<\/td>\n<td>M<\/td>\n<td>CI\u00caNCIAS AMBIENTAIS<\/td>\n<td>HOMOLOGADA<\/td>\n<\/tr>\n<tr>\n<td>15.<\/td>\n<td>CAROLINE ARA\u00daJO PIRES BARRETO****<\/td>\n<td>M<\/td>\n<td>ANTROPOLOGIA<\/td>\n<td>HOMOLOGADA<\/td>\n<\/tr>\n<tr>\n<td>16.<\/td>\n<td>EBREU NANQUE****<\/td>\n<td>M<\/td>\n<td>CI\u00caNCIAS AMBIENTAIS<\/td>\n<td>HOMOLOGADA<\/td>\n<\/tr>\n<tr>\n<td>17.<\/td>\n<td>RAFAEL SILVEIRA DA SILVA****<\/td>\n<td>M<\/td>\n<td>ZOOTECNIA<\/td>\n<td>HOMOLOGADA<\/td>\n<\/tr>\n<tr>\n<td>18.<\/td>\n<td>DAIANE DE SOUZA MATOS****<\/td>\n<td>M<\/td>\n<td>EDUCA\u00c7\u00c3O F\u00cdSICA<\/td>\n<td>HOMOLOGADA<\/td>\n<\/tr>\n<tr>\n<td>19.<\/td>\n<td>PAMELA OLIVEIRA DA ROSA****<\/td>\n<td>M<\/td>\n<td>EDUCA\u00c7\u00c3O<\/td>\n<td>HOMOLOGADA<\/td>\n<\/tr>\n<tr>\n<td>20.<\/td>\n<td>LUISA MENDES MACHADO****<\/td>\n<td>M<\/td>\n<td>EDUCA\u00c7\u00c3O<\/td>\n<td>HOMOLOGADA<\/td>\n<\/tr>\n<tr>\n<td>21.<\/td>\n<td>F\u00c1BIO BORGES DA SILVA*<\/td>\n<td>D<\/td>\n<td>MEM\u00d3RIA SOCIAL E PATRIM\u00d4NIO CULTURAL<\/td>\n<td>HOMOLOGADA<\/td>\n<\/tr>\n<tr>\n<td>22.<\/td>\n<td>DOMINGOS JOAQUIM FRANCISCO*<\/td>\n<td>D<\/td>\n<td>ORGANIZA\u00c7\u00d5ES E MERCADOS<\/td>\n<td>HOMOLOGADA<\/td>\n<\/tr>\n<tr>\n<td>23.<\/td>\n<td>MARCELINO ISSA DA CUNHA*<\/td>\n<td>D<\/td>\n<td>LETRAS<\/td>\n<td>HOMOLOGADA<\/td>\n<\/tr>\n<tr>\n<td>24.<\/td>\n<td>LUCIANE BARCELLOS DE ALMEIDA*<\/td>\n<td>D<\/td>\n<td>SOCIOLOGIA<\/td>\n<td>HOMOLOGADA<\/td>\n<\/tr>\n<tr>\n<td>25.<\/td>\n<td>EDER RIBEIRO FONSECA****<\/td>\n<td>D<\/td>\n<td>ANTROPOLOGIA<\/td>\n<td>HOMOLOGADA<\/td>\n<\/tr>\n<tr>\n<td>26.<\/td>\n<td>LUANA DE OLIVEIRA KURZ****<\/td>\n<td>D<\/td>\n<td>EDUCA\u00c7\u00c3O<\/td>\n<td>HOMOLOGADA<\/td>\n<\/tr>\n<tr>\n<td>27.<\/td>\n<td>ROGGER DA SILVA BANDEIRA****<\/td>\n<td>D<\/td>\n<td>ARTES<\/td>\n<td>HOMOLOGADA<\/td>\n<\/tr>\n<tr>\n<td>28.<\/td>\n<td>PAULO AN\u00d3S T\u00c9****<\/td>\n<td>D<\/td>\n<td>CI\u00caNCIA POL\u00cdTICA<\/td>\n<td>HOMOLOGADA<\/td>\n<\/tr>\n<tr>\n<td>29.<\/td>\n<td>ELIA MARIA LEANDRO UANGNA****<\/td>\n<td>D<\/td>\n<td>EDUCA\u00c7\u00c3O<\/td>\n<td>HOMOLOGADA<\/td>\n<\/tr>\n<tr>\n<td>30.<\/td>\n<td>NILZA MORAES DUARTE****<\/td>\n<td>D<\/td>\n<td>ANTROPOLOGIA<\/td>\n<td>HOMOLOGADA<\/td>\n<\/tr>\n<tr>\n<td>31.<\/td>\n<td>AYOLS\u00c9 ANDRADE PIRES DOS SANTOS****<\/td>\n<td>D<\/td>\n<td>CI\u00caNCIA POL\u00cdTICA<\/td>\n<td>HOMOLOGADA<\/td>\n<\/tr>\n<tr>\n<td>32.<\/td>\n<td>VERIDIANA MACHADO ROSA OLIVEIRA****<\/td>\n<td>D<\/td>\n<td>ANTROPOLOGIA<\/td>\n<td>HOMOLOGADA<\/td>\n<\/tr>\n<\/tbody>\n<\/table>\n<p>&nbsp;<\/p>\n<p><em>*\u00a0\u00a0\u00a0\u00a0\u00a0\u00a0\u00a0\u00a0\u00a0 Candidatas\/os ser\u00e3o encaminhadas\/os ao NUAAD para verifica\u00e7\u00e3o.<\/em><\/p>\n<p><em>** \u00a0\u00a0\u00a0\u00a0\u00a0\u00a0\u00a0 Documenta\u00e7\u00e3o ser\u00e1 encaminhada ao NUAAD para verifica\u00e7\u00e3o.<\/em><\/p>\n<p><em>***\u00a0\u00a0\u00a0\u00a0\u00a0\u00a0 Documenta\u00e7\u00e3o ser\u00e1 encaminhada ao NAI para verifica\u00e7\u00e3o.<\/em><\/p>\n<p><em>****\u00a0\u00a0\u00a0\u00a0 Encaminhamento ao NUAAD ou NAI para confirma\u00e7\u00e3o que a\/o candidata\/o j\u00e1 passou por verifica\u00e7\u00e3o anterior (conforme declarado no formul\u00e1rio de inscri\u00e7\u00e3o).<\/em><\/p>\n<p>&nbsp;<\/p>\n<p>&nbsp;<\/p>\n<p><strong><u>Novas<\/u><\/strong><strong>\u00a0solicita\u00e7\u00f5es de bolsas:\u00a0inscri\u00e7\u00f5es N\u00c3O HOMOLOGADAS<\/strong><\/p>\n<p>&nbsp;<\/p>\n<table>\n<tbody>\n<tr>\n<td><\/td>\n<td><strong>Nome<\/strong><\/td>\n<td><strong>PPG<\/strong><\/td>\n<td><strong>Motivo<\/strong><\/td>\n<\/tr>\n<tr>\n<td><strong>1.<\/strong><\/td>\n<td>LUIS CARLOS FERREIRA DIAZ<\/td>\n<td>ANTROPOLOGIA<\/td>\n<td>sem declara\u00e7\u00e3o ou laudo; inscri\u00e7\u00e3o sem assinatura do coordenador<\/td>\n<\/tr>\n<tr>\n<td><strong>2.<\/strong><\/td>\n<td>VIT\u00d3RIA MEDEIROS DE ALMEIDA<\/td>\n<td>DIREITO<\/td>\n<td>sem declara\u00e7\u00e3o ou laudo;<\/td>\n<\/tr>\n<tr>\n<td><strong>3.<\/strong><\/td>\n<td>IGOR FERREIRA CARDOSO<\/td>\n<td>ORGANIZA\u00c7\u00d5ES E MERCADOS<\/td>\n<td>sem declara\u00e7\u00e3o ou laudo;<\/td>\n<\/tr>\n<tr>\n<td><strong>4.<\/strong><\/td>\n<td>GUILHERME BORZIO RODRIGUES<\/td>\n<td>RECURSOS H\u00cdDRICOS<\/td>\n<td>sem declara\u00e7\u00e3o ou laudo; inscri\u00e7\u00e3o sem assinatura do coordenador<\/td>\n<\/tr>\n<tr>\n<td><strong>5.<\/strong><\/td>\n<td>NATALY IANE ANJOS OLIVEIRA<\/td>\n<td>CI\u00caNCIAS AMBIENTAIS<\/td>\n<td>inscri\u00e7\u00e3o sem assinatura do coordenador<\/td>\n<\/tr>\n<tr>\n<td><strong>6.<\/strong><\/td>\n<td>KATRYELEN BRITTO DA SILVA DOMINGUE<\/td>\n<td>DIREITO<\/td>\n<td>inscri\u00e7\u00e3o sem assinatura do coordenador<\/td>\n<\/tr>\n<tr>\n<td><strong>7.<\/strong><\/td>\n<td>GUSTAVO LU\u00cdS CALEGARO<\/td>\n<td>CI\u00caNCIAS AMBIENTAIS<\/td>\n<td>sem declara\u00e7\u00e3o ou laudo;<\/td>\n<\/tr>\n<tr>\n<td><strong>8.<\/strong><\/td>\n<td>LUANA HELENA LOUREIRO ALVES DOS SANTOS<\/td>\n<td>ARQUITETURA E URBANISMO<\/td>\n<td>sem declara\u00e7\u00e3o ou laudo;<\/td>\n<\/tr>\n<tr>\n<td><strong>9.<\/strong><\/td>\n<td>MIGUEL MACIEL DA SILVA<\/td>\n<td>COMPUTA\u00c7\u00c3O<\/td>\n<td>sem declara\u00e7\u00e3o ou laudo;<\/td>\n<\/tr>\n<tr>\n<td><strong>10.<\/strong><\/td>\n<td>ANA BEATRIZ REINOSO ROSSE<\/td>\n<td>ARTES<\/td>\n<td>sem declara\u00e7\u00e3o ou laudo;<\/td>\n<\/tr>\n<tr>\n<td><strong>11.<\/strong><\/td>\n<td>SARA M\u00c1RIO UAGEITO<\/td>\n<td>CI\u00caNCIAS AMBIENTAIS<\/td>\n<td>inscri\u00e7\u00e3o sem assinatura do coordenador<\/td>\n<\/tr>\n<tr>\n<td><strong>12.<\/strong><\/td>\n<td>TEREZA CAXIAS DE OLIVEIRA<\/td>\n<td>ZOOTECNIA<\/td>\n<td>sem declara\u00e7\u00e3o ou laudo;<\/td>\n<\/tr>\n<tr>\n<td><strong>13.<\/strong><\/td>\n<td>GIULIANA BAZARELE MACHADO BRUNO<\/td>\n<td>ARTES<\/td>\n<td>sem declara\u00e7\u00e3o ou laudo;<\/td>\n<\/tr>\n<tr>\n<td><strong>14.<\/strong><\/td>\n<td>STELLA GINAR DA SILVA<\/td>\n<td>DIREITO<\/td>\n<td>sem declara\u00e7\u00e3o ou laudo;<\/td>\n<\/tr>\n<tr>\n<td><strong>15.<\/strong><\/td>\n<td>THAINARA PEREIRA DE SOUZA<\/td>\n<td>ANTROPOLOGIA<\/td>\n<td>sem declara\u00e7\u00e3o ou laudo;<\/td>\n<\/tr>\n<tr>\n<td><strong>16.<\/strong><\/td>\n<td>GIANE TROVO BELMONTE<\/td>\n<td>MEM\u00d3RIA SOCIAL E PATRIM\u00d4NIO CULTURAL<\/td>\n<td>\n<p>Itens 3.1.1 e 3.1.9. Sem formul\u00e1rio de inscri\u00e7\u00e3o (Anexo I); sem declara\u00e7\u00e3o ou laudo.<\/p>\n<p>Item 7.3. N\u00e3o permitido o ac\u00famulo com qualquer atividade remunerada.<\/td>\n<\/tr>\n<tr>\n<td><strong>17.<\/strong><\/td>\n<td>LUCIANE ANDREOLA BEBER<\/td>\n<td>ARQUITETURA E URBANISMO<\/td>\n<td>sem declara\u00e7\u00e3o ou laudo;<\/td>\n<\/tr>\n<tr>\n<td><strong>18.<\/strong><\/td>\n<td>KATHLEEN OLIVEIRA DE AVILA<\/td>\n<td>ARTES<\/td>\n<td>sem declara\u00e7\u00e3o ou laudo;<\/td>\n<\/tr>\n<tr>\n<td><strong>19.<\/strong><\/td>\n<td>DENISE PRADO COSTA<\/td>\n<td>MEM\u00d3RIA SOCIAL E PATRIM\u00d4NIO CULTURAL<\/td>\n<td>sem declara\u00e7\u00e3o ou laudo;<\/td>\n<\/tr>\n<tr>\n<td><strong>20.<\/strong><\/td>\n<td>PATRICK TEDESCO<\/td>\n<td>ARTES<\/td>\n<td>sem declara\u00e7\u00e3o ou laudo; inscri\u00e7\u00e3o sem assinatura do coordenador<\/td>\n<\/tr>\n<\/tbody>\n<\/table>\n<p>&nbsp;<\/p>\n<p>Obs.: a interposi\u00e7\u00e3o de eventuais recursos deve ser feita conforme regramento do edital 5\/2024<\/p>\n<p>As etapas seguem o cronograma previsto no item 4 do edital 5\/2024.<\/p>\n<p>&nbsp;<\/p>\n<p>Pelotas, 12 de fevereiro de 2024.<\/p>\n<p>CPG\/PRPPG\/UFPel.<\/p>\n<p>&nbsp;<\/p>\n<p>&nbsp;<\/p>\n<p><span style=\"font-size: 24pt\"><span style=\"font-size: 24pt;color: #993300\"><strong>Banca de Heteroidentifica\u00e7\u00e3o PIB-MD 2025<\/strong><\/span><\/span><\/p>\n<p>A PRPPG informa a realiza\u00e7\u00e3o de banca de heteroidentifica\u00e7\u00e3o para os estudantes elencados na tabela abaixo, inscritos no EDITAL PRPPG N.\u00ba 05\/2024.<\/p>\n<p style=\"padding-left: 40px\"><strong>BANCA DE HETEROIDENTIFICA\u00c7\u00c3O:<\/strong><\/p>\n<p style=\"padding-left: 40px\"><strong>Dia: 19\/02\/25 (quarta-feira);<\/strong><\/p>\n<p style=\"padding-left: 40px\"><strong>Hor\u00e1rio: 13h45min;<\/strong><\/p>\n<p style=\"padding-left: 40px\"><strong>Local: Audit\u00f3rio Elio Paulo Zonta (\u201cAudit\u00f3rio da Reitoria\u201d), localizado no 4\u00ba andar do Campus Anglo (Rua Gomes Carneiro, 1) &#8211; Pelotas.<\/strong><\/p>\n<p style=\"padding-left: 40px\">Salientamos que os candidatos devem estar presentes no hor\u00e1rio acima, a fim de receber as orienta\u00e7\u00f5es pertinentes ao preenchimento da documenta\u00e7\u00e3o. Obrigat\u00f3rio portar documento oficial, original e com foto.<\/p>\n<p>&nbsp;<\/p>\n<table border=\"1\" cellpadding=\"4\">\n<tbody>\n<tr>\n<td><strong>Nome<\/strong><\/td>\n<td><strong>PPG<\/strong><\/td>\n<td><\/td>\n<\/tr>\n<tr>\n<td>L\u00c1ZARO HENRIQUE DOS SANTOS PEREIRA<\/td>\n<td>DESENV. TERRITORIAL E SISTEMAS AGROINDUSTRIAIS<\/td>\n<td><\/td>\n<\/tr>\n<tr>\n<td>LEANDRO COSTA CANTOS<\/td>\n<td>CI\u00caNCIAS AMBIENTAIS<\/td>\n<td><\/td>\n<\/tr>\n<tr>\n<td>CAROLINE MELO ARMESTO<\/td>\n<td>MEM\u00d3RIA SOCIAL E PATRIM\u00d4NIO CULTURAL<\/td>\n<td><\/td>\n<\/tr>\n<tr>\n<td>F\u00c1BIO BORGES DA SILVA<\/td>\n<td>MEM\u00d3RIA SOCIAL E PATRIM\u00d4NIO CULTURAL<\/td>\n<td><\/td>\n<\/tr>\n<tr>\n<td>DOMINGOS JOAQUIM FRANCISCO<\/td>\n<td>ORGANIZA\u00c7\u00d5ES E MERCADOS<\/td>\n<td><\/td>\n<\/tr>\n<tr>\n<td>MARCELINO ISSA DA CUNHA<\/td>\n<td>LETRAS<\/td>\n<td><\/td>\n<\/tr>\n<tr>\n<td>LUCIANE BARCELLOS DE ALMEIDA<\/td>\n<td>SOCIOLOGIA<\/td>\n<\/tr>\n<\/tbody>\n<\/table>\n<p>&nbsp;<\/p>\n<p>Lembramos a previs\u00e3o do edital 05\/2024 do item 3.1.6. Para as\/os candidatas\/os de Prioridade 1 que se autodeclararem negras\/os e n\u00e3o tenham tido autodeclara\u00e7\u00f5es verificadas no processo de concess\u00e3o de bolsas anterior, a autodeclara\u00e7\u00e3o ser\u00e1 analisada por banca de heteroidentifica\u00e7\u00e3o, designada pelo N\u00facleo de A\u00e7\u00f5es Afirmativas e Diversidade (NUAAD), e ser\u00e1 realizada na presen\u00e7a do\/a candidato\/a de forma presencial, no dia 19 de fevereiro de 2025, em hor\u00e1rio a ser avisado por e-mail. O n\u00e3o comparecimento na banca ou o indeferimento da autodeclara\u00e7\u00e3o eliminam a\/o candidata\/o.<\/p>\n<p>&nbsp;<\/p>\n<p>Pelotas, 17 de fevereiro de 2025.<\/p>\n<p>&nbsp;<\/p>\n<p>&nbsp;<\/p>\n<p>&nbsp;<\/p>\n<p><span style=\"font-size: 24pt;color: #993300\"><strong>Resultado da aprecia\u00e7\u00e3o dos recursos referentes \u00e0 homologa\u00e7\u00e3o das inscri\u00e7\u00f5es \u2013 PIB M-D 2025<\/strong><\/span><\/p>\n<p>A Pr\u00f3-Reitoria de Pesquisa e P\u00f3s-Gradua\u00e7\u00e3o da Universidade Federal de Pelotas\u00a0torna \u00a0 p\u00fablico o resultado da an\u00e1lise de recursos interpostos na fase de homologa\u00e7\u00e3o.<\/p>\n<p>Resultado da aprecia\u00e7\u00e3o de recursos referentes \u00e0 homologa\u00e7\u00e3o das inscri\u00e7\u00f5es: <a href=\"https:\/\/wp.ufpel.edu.br\/prppg\/files\/2025\/02\/RESULTADO-DOS-RECURSOS-PIB-M-D-2025.pdf\">RESULTADO DOS RECURSOS PIB M-D 2025<\/a><\/p>\n<p>&nbsp;<\/p>\n<p style=\"text-align: justify;background: white;vertical-align: baseline;margin: 15.0pt 0cm 15.0pt 0cm\"><span style=\"font-family: 'Arial',sans-serif;color: #333333\">Pelotas, 18 de fevereiro de 2025.<\/span><\/p>\n<p style=\"text-align: justify;background: white;vertical-align: baseline;margin: 15.0pt 0cm 15.0pt 0cm\"><span style=\"font-family: 'Arial',sans-serif;color: #333333\">CPG\/PRPPG\/UFPel<\/span><\/p>\n<p>&nbsp;<\/p>\n<p>&nbsp;<\/p>\n<p><strong><span style=\"font-size: 24pt;color: #993300\">Retifica\u00e7\u00e3o do resultado da aprecia\u00e7\u00e3o dos recursos referentes \u00e0 homologa\u00e7\u00e3o das inscri\u00e7\u00f5es \u2013 PIB M-D 2025<\/span><\/strong><\/p>\n<p>A Pr\u00f3-Reitoria de Pesquisa e P\u00f3s-Gradua\u00e7\u00e3o da Universidade Federal de Pelotas torna p\u00fablica retifica\u00e7\u00e3o do resultado da an\u00e1lise de recursos interpostos na fase de homologa\u00e7\u00e3o.<\/p>\n<p>&nbsp;<\/p>\n<p>Resultado da aprecia\u00e7\u00e3o de recursos referentes \u00e0 homologa\u00e7\u00e3o das inscri\u00e7\u00f5es: <a href=\"https:\/\/wp.ufpel.edu.br\/prppg\/files\/2025\/02\/RETIFICACAO-RESULTADO-DOS-RECURSOS-PIB-M-D-2025.pdf\">RETIFICA\u00c7\u00c3O RESULTADO DOS RECURSOS PIB M-D 2025<\/a><\/p>\n<p>&nbsp;<\/p>\n<p>Pelotas, 19 de fevereiro de 2025.<\/p>\n<p>CPG\/PRPPG\/UFPel.<\/p>\n<p>&nbsp;<\/p>\n<p>&nbsp;<\/p>\n<p><span style=\"font-size: 24pt;color: #993300\"><strong>Resultado de Heteroidentifica\u00e7\u00e3o \u2013 Bolsas PIB \u2013 MD 2025<\/strong><\/span><\/p>\n<p>Acesse aqui o relat\u00f3rio: <a href=\"https:\/\/wp.ufpel.edu.br\/prppg\/files\/2025\/02\/Relatorio-de-Heteroidentificacao-PIB-MD-2025.pdf\">Relat\u00f3rio de Heteroidentifica\u00e7\u00e3o &#8211; PIB MD 2025<\/a><\/p>\n<p>Os candidatos indeferidos poder\u00e3o\u00a0<strong>interpor recurso<\/strong>\u00a0no prazo de\u00a0<strong>3 dias \u00fateis <\/strong>(at\u00e9 07\/03\/25), contados a partir da data da publica\u00e7\u00e3o dos resultados. Os recursos dever\u00e3o ser enviados para o e-mail <strong>heteroidentificacao@ufpel.edu.br<\/strong>\u00a0em um\u00a0<strong>\u00fanico arquivo<\/strong>\u00a0em formato\u00a0<strong>PDF<\/strong>. Os candidatos tamb\u00e9m poder\u00e3o requerer c\u00f3pia do parecer produzido pela banca ordin\u00e1ria de heteroidentifica\u00e7\u00e3o para o e-mail citado anteriormente.<\/p>\n<p>&nbsp;<\/p>\n<p>Pelotas, 28 de fevereiro de 2025.<\/p>\n<p>CPG\/PRPPG\/UFPel.<\/p>\n<p>&nbsp;<\/p>\n<p><span style=\"font-size: 24pt;color: #993300\"><strong>Comunicado sobre o resultado preliminar \u2013 PIB M-D 2025<\/strong><\/span><\/p>\n<p>A Pr\u00f3-Reitoria de Pesquisa e P\u00f3s-Gradua\u00e7\u00e3o da Universidade Federal de Pelotas comunica que o resultado preliminar do edital 05\/2024 ainda est\u00e1 para ser divulgado. A partir da data em que ocorrer a divulga\u00e7\u00e3o no site da PRPPG, ser\u00e1 disponibilizado o prazo de dois dias \u00fateis para interposi\u00e7\u00e3o de recurso ao resultado preliminar, conforme edital 05\/2024. Al\u00e9m da divulga\u00e7\u00e3o no site da PRPPG, ser\u00e1 enviado o link do resultado preliminar para o e-mail fornecido pela\/o candidata\/o no formul\u00e1rio de inscri\u00e7\u00e3o.<\/p>\n<p>Pelotas, 17 de mar\u00e7o de 2025.<\/p>\n<p>CPG\/PRPPG\/UFPel.<\/p>\n<p>&nbsp;<\/p>\n<p><span style=\"color: #993300\"><strong><span style=\"font-size: 24pt\">Resultado final de Heteroidentifica\u00e7\u00e3o \u2013 Bolsas PIB \u2013 MD 2025<\/span><\/strong><\/span><\/p>\n<p>Acesse aqui o relat\u00f3rio: <a href=\"https:\/\/wp.ufpel.edu.br\/prppg\/files\/2025\/03\/Banca-de-Heteroidentificacao-Resultado-final-PIB-MD-2025.pdf\">Banca de Heteroidentifica\u00e7\u00e3o Resultado final &#8211; PIB MD 2025<\/a><\/p>\n<p>&nbsp;<\/p>\n<p>O NUAAD informa o resultado final da banca de heteroidentifica\u00e7\u00e3o realizada em 19 de fevereiro de 2025. Destes resultados, n\u00e3o cabem recursos administrativos.<\/p>\n<p>&nbsp;<\/p>\n<p>Pelotas, 19 de mar\u00e7o de 2025.<\/p>\n<p>CPG\/PRPPG\/UFPel.<\/p>\n<p>&nbsp;<\/p>\n<p><span style=\"font-size: 24pt;color: #993300\"><strong>Resultado Preliminar PIB M-D 2025: candidaturas <u>contempladas<\/u><\/strong><\/span><\/p>\n<p><strong>EDITAL PRPPG N.\u00ba 05\/2024<\/strong><\/p>\n<p><strong>(Bolsas PIB \u2013 MD \u2013 Cotas PRPPG)<\/strong><\/p>\n<p>&nbsp;<\/p>\n<p><em>A Pr\u00f3-Reitoria de Pesquisa e P\u00f3s-Gradua\u00e7\u00e3o da Universidade Federal de Pelotas torna p\u00fablico o <strong><u>resultado PRELIMINAR<\/u><\/strong>\u00a0com as candidaturas contempladas na an\u00e1lise de solicita\u00e7\u00f5es de bolsas de mestrado e doutorado alocadas na PRPPG, com distribui\u00e7\u00e3o priorit\u00e1ria para alunos ingressantes via acesso afirmativo, conforme Resolu\u00e7\u00f5es CONSUN no 5\/2017 e 16\/2017.<\/em><\/p>\n<p>&nbsp;<\/p>\n<p>Acesse aqui o resultado: <a href=\"https:\/\/wp.ufpel.edu.br\/prppg\/files\/2025\/03\/Resultado-Preliminar-PIB-MD-candidaturas-contempladas.pdf\">Resultado Preliminar PIB MD &#8211; candidaturas contempladas<\/a><\/p>\n<p>&nbsp;<\/p>\n<p>Obs.: em observ\u00e2ncia \u00e0 previs\u00e3o do edital 05\/2024, ser\u00e1 aberto per\u00edodo de interposi\u00e7\u00e3o de recursos ao resultado preliminar at\u00e9 quarta-feira, 02\/04\/25. A interposi\u00e7\u00e3o de eventuais recursos deve ser feita conforme regramento do edital 05\/2024.<\/p>\n<p>&nbsp;<\/p>\n<p>Pelotas, 31 de mar\u00e7o de 2025.<\/p>\n<p>CPG\/PRPPG\/UFPel.<\/p>\n","protected":false},"excerpt":{"rendered":"<p>A Pr\u00f3-Reitoria de Pesquisa e P\u00f3s-Gradua\u00e7\u00e3o da Universidade Federal de Pelotas torna p\u00fablico que est\u00e3o abertas as solicita\u00e7\u00f5es de cotas de bolsas de mestrado e doutorado alocadas na PRPPG, oriundas do Programa DS\/CAPES e\/ou do Programa PIB M\/D UFPel, com distribui\u00e7\u00e3o priorit\u00e1ria para alunos ingressantes via acesso afirmativo, conforme Resolu\u00e7\u00f5es CONSUN no\u00a05\/2017 e 16\/2017. O [&hellip;]<\/p>\n","protected":false},"author":45,"featured_media":0,"parent":9103,"menu_order":0,"comment_status":"closed","ping_status":"closed","template":"","meta":{"footnotes":""},"class_list":["post-11117","page","type-page","status-publish","hentry"],"_links":{"self":[{"href":"https:\/\/wp.ufpel.edu.br\/prppg\/wp-json\/wp\/v2\/pages\/11117","targetHints":{"allow":["GET"]}}],"collection":[{"href":"https:\/\/wp.ufpel.edu.br\/prppg\/wp-json\/wp\/v2\/pages"}],"about":[{"href":"https:\/\/wp.ufpel.edu.br\/prppg\/wp-json\/wp\/v2\/types\/page"}],"author":[{"embeddable":true,"href":"https:\/\/wp.ufpel.edu.br\/prppg\/wp-json\/wp\/v2\/users\/45"}],"replies":[{"embeddable":true,"href":"https:\/\/wp.ufpel.edu.br\/prppg\/wp-json\/wp\/v2\/comments?post=11117"}],"version-history":[{"count":17,"href":"https:\/\/wp.ufpel.edu.br\/prppg\/wp-json\/wp\/v2\/pages\/11117\/revisions"}],"predecessor-version":[{"id":11479,"href":"https:\/\/wp.ufpel.edu.br\/prppg\/wp-json\/wp\/v2\/pages\/11117\/revisions\/11479"}],"up":[{"embeddable":true,"href":"https:\/\/wp.ufpel.edu.br\/prppg\/wp-json\/wp\/v2\/pages\/9103"}],"wp:attachment":[{"href":"https:\/\/wp.ufpel.edu.br\/prppg\/wp-json\/wp\/v2\/media?parent=11117"}],"curies":[{"name":"wp","href":"https:\/\/api.w.org\/{rel}","templated":true}]}}