{"id":5600,"date":"2026-03-09T15:34:05","date_gmt":"2026-03-09T18:34:05","guid":{"rendered":"https:\/\/wp.ufpel.edu.br\/proplad\/?page_id=5600"},"modified":"2026-03-09T16:44:26","modified_gmt":"2026-03-09T19:44:26","slug":"calculo-de-carga-termica","status":"publish","type":"page","link":"https:\/\/wp.ufpel.edu.br\/proplad\/calculo-de-carga-termica\/","title":{"rendered":"C\u00e1lculo de carga t\u00e9rmica"},"content":{"rendered":"<h1 style=\"text-align: center;\"><strong>C\u00e1lculo de carga t\u00e9rmica dos ambientes<\/strong><\/h1>\n<p>Para maior\u00a0eficientiza\u00e7\u00e3o do\u00a0<strong>Sistema de Condicionamento<\/strong>, o <a href=\"https:\/\/wp.ufpel.edu.br\/proben\/\">PROBEN (Programa de Bom Uso Energ\u00e9tico)<\/a> da FAURB desenvolveu uma planilha para c\u00e1lculo com a finalidade de orientar o dimensionamento do ar condicionado a ser instalado, atrav\u00e9s do c\u00e1lculo de carga t\u00e9rmica dos ambientes.<\/p>\n<p><a href=\"https:\/\/wp.ufpel.edu.br\/proben\/planilha-de-carga-termica\/\">Acesse a planilha aqui.<\/a><\/p>\n<p>&nbsp;<\/p>\n<h2 style=\"text-align: center;\">Informa\u00e7\u00f5es estruturais para preenchimento da planilha<\/h2>\n<p>*Solicitar \u00e0 CGAPD\u00a0 a informa\u00e7\u00e3o que n\u00e3o esteja no site atrav\u00e9s do email &lt;cgapd@ufpel.edu.br&gt;.<\/p>\n<p>&nbsp;<\/p>\n<h4>P\u00e9 direito (medida vertical entre o piso e o teto (ou forro) de um ambiente)<\/h4>\n<p><strong>Campus Anglo\u00a0<\/strong><\/p>\n<p>t\u00e9rreo = 4.12 m<br \/>\n2\u00b0 pav 4.54<br \/>\n3\u00b0 pav 4.05<br \/>\n4\u00b0 pav 2.95<\/p>\n<p>Biblioteca<\/p>\n<p>Acervo e leitura &#8211; 5.14 m<br \/>\nHall &#8211; 4 m<br \/>\nDemais \u00e1reas- 3 m<\/p>\n<p>Suinfra<\/p>\n<p>T\u00e9rreo- 3.25<br \/>\nSuperior &#8211; 3.40 m<br \/>\nRU &#8211; 4.45 m<\/p>\n<p>Paliteiro<\/p>\n<p>T\u00e9rreo 3.92m<br \/>\n2 pav &#8211; 3.88 m<\/p>\n","protected":false},"excerpt":{"rendered":"<p>C\u00e1lculo de carga t\u00e9rmica dos ambientes Para maior\u00a0eficientiza\u00e7\u00e3o do\u00a0Sistema de Condicionamento, o PROBEN (Programa de Bom Uso Energ\u00e9tico) da FAURB desenvolveu uma planilha para c\u00e1lculo com a finalidade de orientar o dimensionamento do ar condicionado a ser instalado, atrav\u00e9s do c\u00e1lculo de carga t\u00e9rmica dos ambientes. Acesse a planilha aqui. &nbsp; Informa\u00e7\u00f5es estruturais para preenchimento [&hellip;]<\/p>\n","protected":false},"author":1467,"featured_media":0,"parent":0,"menu_order":0,"comment_status":"closed","ping_status":"closed","template":"","meta":{"jetpack_post_was_ever_published":false,"footnotes":""},"class_list":["post-5600","page","type-page","status-publish","hentry"],"jetpack_sharing_enabled":true,"_links":{"self":[{"href":"https:\/\/wp.ufpel.edu.br\/proplad\/wp-json\/wp\/v2\/pages\/5600","targetHints":{"allow":["GET"]}}],"collection":[{"href":"https:\/\/wp.ufpel.edu.br\/proplad\/wp-json\/wp\/v2\/pages"}],"about":[{"href":"https:\/\/wp.ufpel.edu.br\/proplad\/wp-json\/wp\/v2\/types\/page"}],"author":[{"embeddable":true,"href":"https:\/\/wp.ufpel.edu.br\/proplad\/wp-json\/wp\/v2\/users\/1467"}],"replies":[{"embeddable":true,"href":"https:\/\/wp.ufpel.edu.br\/proplad\/wp-json\/wp\/v2\/comments?post=5600"}],"version-history":[{"count":4,"href":"https:\/\/wp.ufpel.edu.br\/proplad\/wp-json\/wp\/v2\/pages\/5600\/revisions"}],"predecessor-version":[{"id":5610,"href":"https:\/\/wp.ufpel.edu.br\/proplad\/wp-json\/wp\/v2\/pages\/5600\/revisions\/5610"}],"wp:attachment":[{"href":"https:\/\/wp.ufpel.edu.br\/proplad\/wp-json\/wp\/v2\/media?parent=5600"}],"curies":[{"name":"wp","href":"https:\/\/api.w.org\/{rel}","templated":true}]}}