{"id":5397,"date":"2011-11-09T13:48:08","date_gmt":"2011-11-09T16:48:08","guid":{"rendered":"https:\/\/wp.ufpel.edu.br\/prpd\/"},"modified":"2026-03-10T09:53:52","modified_gmt":"2026-03-10T12:53:52","slug":"equipe-2","status":"publish","type":"page","link":"https:\/\/wp.ufpel.edu.br\/proplad\/prpd\/equipe-2\/","title":{"rendered":"Contatos"},"content":{"rendered":"<h5><span style=\"color: #000000; font-family: georgia, palatino, serif; font-size: 10pt;\"><span style=\"font-size: 12pt;\"><strong>PR\u00d3-REITORIA DE PLANEJAMENTO E DESENVOLVIMENTO (PROPLAD)<\/strong><\/span><br \/>\n<\/span><\/h5>\n<p><span style=\"font-family: georgia, palatino, serif; font-size: 10pt; color: #000000;\"><strong>Pr\u00f3-Reitor:<\/strong> Aline Ribeiro Paliga<\/span><br \/>\n<span style=\"font-family: georgia, palatino, serif; font-size: 10pt; color: #000000;\"><strong>Telefone:<\/strong> (53) 3284 \u2013 3951<\/span><br \/>\n<span style=\"font-family: georgia, palatino, serif; font-size: 10pt; color: #000000;\"><strong>E-mail:\u00a0<\/strong>proplad.paliga@ufpel.edu.br <\/span><\/p>\n<p><span style=\"font-family: georgia, palatino, serif; font-size: 10pt; color: #000000;\"><strong>Chefe do N\u00facleo de Assessoria Administrativa<\/strong>: Rosana \u00c1vila Pereira Chollet<\/span><br \/>\n<span style=\"font-family: georgia, palatino, serif; font-size: 10pt; color: #000000;\"><strong>Telefone e Whatsapp:<\/strong> (53) 3284 &#8211; 3950<\/span><br \/>\n<span style=\"font-family: georgia, palatino, serif; font-size: 10pt; color: #000000;\"><strong>E-mail:<\/strong> proplad@ufpel.edu.br<\/span><\/p>\n<p><span style=\"color: #000000; font-family: georgia, palatino, serif;\"> <span style=\"font-size: 10pt;\"> <strong>Local:<\/strong> Sala A304<\/span><\/span><\/p>\n<hr \/>\n<h5><span style=\"color: #000000; font-family: georgia, palatino, serif; font-size: 12pt;\"><strong>Coordena\u00e7\u00e3o de Gest\u00e3o do Or\u00e7amento (CGO)<\/strong><\/span><\/h5>\n<p><span style=\"font-family: georgia, palatino, serif; font-size: 10pt; color: #000000;\"><strong>Coordenador:<\/strong> Rafael Eicholz Rutz<\/span><br \/>\n<span style=\"font-family: georgia, palatino, serif; font-size: 10pt; color: #000000;\"><strong>Telefone:<\/strong> (53) 3284 \u2013 3961<\/span><br \/>\n<span style=\"font-family: georgia, palatino, serif; font-size: 10pt; color: #000000;\"> <strong>e-mail:\u00a0<\/strong>orcamento@ufpel.edu.br<\/span><\/p>\n<h4><span style=\"color: #000000; font-family: georgia, palatino, serif; font-size: 10pt;\"><strong>&#8211; N\u00facleo de Execu\u00e7\u00e3o Or\u00e7ament\u00e1ria (NEO)<\/strong><\/span><\/h4>\n<p><span style=\"font-family: georgia, palatino, serif; font-size: 10pt; color: #000000;\"><strong>Chefe de N\u00facleo: <\/strong>Letiane Martins<\/span><br \/>\n<span style=\"font-family: georgia, palatino, serif; font-size: 10pt; color: #000000;\"><strong>Telefone:<\/strong> (53) 3284 \u2013 3955<\/span><br \/>\n<span style=\"font-family: georgia, palatino, serif; font-size: 10pt; color: #000000;\"> <strong>e-mail:\u00a0<\/strong>orcamento@ufpel.edu.br<\/span><\/p>\n<p><span style=\"color: #000000; font-family: georgia, palatino, serif;\"><span style=\"font-size: 10pt;\"><strong>Local:<\/strong> Sala A403<\/span><\/span><\/p>\n<hr \/>\n<h5><span style=\"color: #000000; font-family: georgia, palatino, serif; font-size: 12pt;\"><strong>Coordena\u00e7\u00e3o de Obras e Projetos para Estrutura F\u00edsica (COPF)<\/strong><\/span><\/h5>\n<p><span style=\"font-family: georgia, palatino, serif; font-size: 10pt; color: #000000;\"><strong>Coordenador: <\/strong>Cleidi Pinto<\/span><br \/>\n<span style=\"font-family: georgia, palatino, serif; font-size: 10pt; color: #000000;\"><strong>Telefones:<\/strong> (53) 3284 \u2013 3958 \/ (<\/span><span style=\"font-family: georgia, palatino, serif; font-size: 10pt; color: #000000;\">53) 3284 \u2013 3959 \/ <\/span><span style=\"font-family: georgia, palatino, serif; font-size: 10pt; color: #000000;\">(53) 3284 \u2013 3960<\/span><br \/>\n<span style=\"font-family: georgia, palatino, serif; font-size: 10pt; color: #000000;\"><strong>E-mail: <\/strong>copf@ufpel.edu.br<\/span><\/p>\n<p><span style=\"color: #000000; font-family: georgia, palatino, serif;\"><span style=\"font-size: 10pt;\"><strong>Local:<\/strong> Sala A302<\/span><\/span><\/p>\n<hr \/>\n<h5><span style=\"color: #000000; font-family: georgia, palatino, serif; font-size: 12pt;\"><strong>Coordena\u00e7\u00e3o de Gest\u00e3o Ambiental e Plano Diretor (CGAPD)<\/strong><\/span><\/h5>\n<p><span style=\"font-family: georgia, palatino, serif; font-size: 10pt; color: #000000;\"><strong>Coordenadora: <\/strong>C\u00edntia\u00a0Essinger<\/span><br \/>\n<span style=\"font-family: georgia, palatino, serif; font-size: 10pt; color: #000000;\"><strong>Telefone: <\/strong>(53) 3284 \u2013 3965<\/span><br \/>\n<span style=\"font-family: georgia, palatino, serif; font-size: 10pt; color: #000000;\"> <strong>e-mail: <\/strong>cgapd@ufpel.edu.br<\/span><\/p>\n<h4><span style=\"color: #000000; font-family: georgia, palatino, serif; font-size: 10pt;\"><strong>&#8211; N\u00facleo de Gest\u00e3o Ambiental (NGA)<\/strong><\/span><\/h4>\n<p><span style=\"font-family: georgia, palatino, serif; font-size: 10pt; color: #000000;\"><strong>Chefe de N\u00facleo:\u00a0<\/strong>Tatiane Lotufo Leite<\/span><br \/>\n<span style=\"font-family: georgia, palatino, serif; font-size: 10pt; color: #000000;\"><strong>Telefone:<\/strong> (53) 3284 \u2013 3915<\/span><br \/>\n<span style=\"color: #000000; font-family: georgia, palatino, serif;\"> <span style=\"font-size: 10pt;\"><strong>e-mail:\u00a0<\/strong><\/span><span style=\"font-size: 10pt;\">gestaoambiental@ufpel.edu.br<\/span><\/span><\/p>\n<h4><span style=\"font-family: georgia, palatino, serif; font-size: 10pt; color: #000000;\"><strong>&#8211; Se\u00e7\u00e3o de Aloca\u00e7\u00e3o e Compartilhamento de Espa\u00e7os (SACE)<\/strong><\/span><\/h4>\n<p><span style=\"font-family: georgia, palatino, serif; font-size: 10pt; color: #000000;\"><strong>Chefe:\u00a0<\/strong>Carina Dias Franco<\/span><br \/>\n<span style=\"font-family: georgia, palatino, serif; font-size: 10pt; color: #000000;\"><strong>Telefone:\u00a0<\/strong>(53) 3284 \u2013 3953<\/span><br \/>\n<span style=\"font-family: georgia, palatino, serif; font-size: 10pt; color: #000000;\"><strong>e-mail:\u00a0<\/strong>sace@ufpel.edu.br<\/span><\/p>\n<p><span style=\"color: #000000; font-family: georgia, palatino, serif;\"><span style=\"font-size: 10pt;\"><strong>Local:<\/strong> Sala A306\/307<\/span><\/span><\/p>\n<h5><span style=\"color: #000000; font-family: georgia, palatino, serif; font-size: 12pt;\"><strong>Coordena\u00e7\u00e3o para o Desenvolvimento Institucional Participativo (CDIP)<\/strong><\/span><\/h5>\n<p><span style=\"font-family: georgia, palatino, serif; font-size: 10pt; color: #000000;\"><strong>Coordenadora: <\/strong>Renata Vieira Rodrigues Severo<\/span><br \/>\n<span style=\"font-family: georgia, palatino, serif; font-size: 10pt; color: #000000;\"><strong>Telefone: <\/strong>(53) 3284 \u2013 3957 ou 53 99108-2645 (whats)<\/span><br \/>\n<span style=\"font-family: georgia, palatino, serif; font-size: 10pt; color: #000000;\"> <strong>e-mail: <\/strong>cdip@ufpel.edu.br<\/span><\/p>\n<h4><span style=\"color: #000000; font-family: georgia, palatino, serif; font-size: 10pt;\"><strong>&#8211; N\u00facleo de Processos Participativos (NPP)<\/strong><\/span><\/h4>\n<p><span style=\"font-family: georgia, palatino, serif; font-size: 10pt; color: #000000;\"><strong>Chefe de N\u00facleo:\u00a0<\/strong>Lucas Fonseca Muller<\/span><br \/>\n<span style=\"color: #000000; font-family: georgia, palatino, serif;\"> <span style=\"font-size: 10pt;\"><strong>e-mail:\u00a0<\/strong><\/span><span style=\"font-size: 10pt;\">participacao@ufpel.edu.br<\/span><\/span><\/p>\n<h4><span style=\"color: #000000; font-family: georgia, palatino, serif; font-size: 10pt;\"><strong>&#8211; N\u00facleo para o Desenvolvimento Universit\u00e1rio (NDU)<\/strong><\/span><\/h4>\n<p><span style=\"font-family: georgia, palatino, serif; font-size: 10pt; color: #000000;\"><strong>Chefe de N\u00facleo:\u00a0<\/strong>Denise dos Santos Colares de Oliveira<\/span><br \/>\n<span style=\"color: #000000; font-family: georgia, palatino, serif;\"> <span style=\"font-size: 10pt;\"><strong>e-mail: <\/strong><\/span><span style=\"font-size: 10pt;\">ndu@ufpel.edu.br<\/span><\/span><br \/>\n<span style=\"color: #000000; font-family: georgia, palatino, serif;\"><span style=\"font-size: 10pt;\"><strong>Local:<\/strong> Sala B406<\/span><\/span><\/p>\n","protected":false},"excerpt":{"rendered":"<p>PR\u00d3-REITORIA DE PLANEJAMENTO E DESENVOLVIMENTO (PROPLAD) Pr\u00f3-Reitor: Aline Ribeiro Paliga Telefone: (53) 3284 \u2013 3951 E-mail:\u00a0proplad.paliga@ufpel.edu.br Chefe do N\u00facleo de Assessoria Administrativa: Rosana \u00c1vila Pereira Chollet Telefone e Whatsapp: (53) 3284 &#8211; 3950 E-mail: proplad@ufpel.edu.br Local: Sala A304 Coordena\u00e7\u00e3o de Gest\u00e3o do Or\u00e7amento (CGO) Coordenador: Rafael Eicholz Rutz Telefone: (53) 3284 \u2013 3961 e-mail:\u00a0orcamento@ufpel.edu.br &#8211; [&hellip;]<\/p>\n","protected":false},"author":1353,"featured_media":0,"parent":367,"menu_order":5,"comment_status":"closed","ping_status":"closed","template":"","meta":{"jetpack_post_was_ever_published":false,"footnotes":""},"class_list":["post-5397","page","type-page","status-publish","hentry"],"jetpack_sharing_enabled":true,"_links":{"self":[{"href":"https:\/\/wp.ufpel.edu.br\/proplad\/wp-json\/wp\/v2\/pages\/5397","targetHints":{"allow":["GET"]}}],"collection":[{"href":"https:\/\/wp.ufpel.edu.br\/proplad\/wp-json\/wp\/v2\/pages"}],"about":[{"href":"https:\/\/wp.ufpel.edu.br\/proplad\/wp-json\/wp\/v2\/types\/page"}],"author":[{"embeddable":true,"href":"https:\/\/wp.ufpel.edu.br\/proplad\/wp-json\/wp\/v2\/users\/1353"}],"replies":[{"embeddable":true,"href":"https:\/\/wp.ufpel.edu.br\/proplad\/wp-json\/wp\/v2\/comments?post=5397"}],"version-history":[{"count":4,"href":"https:\/\/wp.ufpel.edu.br\/proplad\/wp-json\/wp\/v2\/pages\/5397\/revisions"}],"predecessor-version":[{"id":5623,"href":"https:\/\/wp.ufpel.edu.br\/proplad\/wp-json\/wp\/v2\/pages\/5397\/revisions\/5623"}],"up":[{"embeddable":true,"href":"https:\/\/wp.ufpel.edu.br\/proplad\/wp-json\/wp\/v2\/pages\/367"}],"wp:attachment":[{"href":"https:\/\/wp.ufpel.edu.br\/proplad\/wp-json\/wp\/v2\/media?parent=5397"}],"curies":[{"name":"wp","href":"https:\/\/api.w.org\/{rel}","templated":true}]}}