{"id":26,"date":"2015-11-09T14:51:24","date_gmt":"2015-11-09T16:51:24","guid":{"rendered":"https:\/\/wp.ufpel.edu.br\/projetospalma\/?page_id=26"},"modified":"2016-03-14T10:59:28","modified_gmt":"2016-03-14T13:59:28","slug":"cursos","status":"publish","type":"page","link":"https:\/\/wp.ufpel.edu.br\/projetospalma\/cursos\/","title":{"rendered":"1\u00aa SEMANA DA PRODU\u00c7\u00c3O DE ALIMENTO E GEST\u00c3O NA AGRICULTURA FAMILIAR NA UFPEL"},"content":{"rendered":"<p>&nbsp;<\/p>\n<p><a href=\"https:\/\/wp.ufpel.edu.br\/projetospalma\/files\/2015\/11\/cartaz-SAGAF-FINAL.pdf\" rel=\"\">Confira o cartaz de divulga\u00e7\u00e3o!<\/a><\/p>\n<p><strong><u>NOVA PROGRAMA\u00c7AO<\/u><\/strong><\/p>\n<p><strong>14\/03\/2016 \u2013 SEGUNDA<\/strong><\/p>\n<p><strong>08:30 \u2013 17:00<\/strong> \u2013 <strong><u>Inscri\u00e7\u00f5es <\/u>&#8211; Secretaria do Curso de Hotelaria<\/strong> &#8211; Grande Hotel, localizado na Pra\u00e7a Coronel Pedro Os\u00f3rio (Jesus ou Bruno) Fone: 3225-1892<\/p>\n<p>Informa\u00e7\u00f5es: (53) 8407-7097 (Rosane)<\/p>\n<p>&nbsp;<\/p>\n<p><strong>15\/03\/2016 \u2013 TER\u00c7A<\/strong><\/p>\n<p><strong>8:00 \u2013 9:00<\/strong> \u2013 <strong>Credenciamento e entrega do material<\/strong> &#8211; Hall de entrada do Grande Hotel, localizado na Pra\u00e7a Coronel Pedro Os\u00f3rio.<\/p>\n<p><strong>9:00 \u2013 10:00<\/strong> \u2013 <strong>Abertura &#8211; <\/strong>Hall de entrada do Grande Hotel.<\/p>\n<p><strong>10:00 \u2013 12:00<\/strong> \u2013 <u>Palestra 1<\/u>: <strong>Boas pr\u00e1ticas em produ\u00e7\u00e3o de alimentos<\/strong> \u2013 Jozi Fagundes de Mello \u2013 Local: Grande Hotel.<\/p>\n<p><strong>10:00 \u2013 11:00<\/strong> \u2013 <u>Palestra 2<\/u>: Avicultura <strong>Colonial: uma alternativa de renda para agricultura familiar<\/strong> \u2013 Jo\u00e3o Pedro Zabaleta (EMBRAPA) \u2013 Local: Grande Hotel.<\/p>\n<p><strong>12:00 \u2013 13:30<\/strong> \u2013 Almo\u00e7o no Restaurante Escola \u2013 Rua XV de Novembro, 510<\/p>\n<p><strong>14:00 \u2013 18:00<\/strong> \u2013 <u>Visita T\u00e9cnica:<\/u> <strong>Visita \u00e0 fabrica de doces Imperatriz &#8211; <\/strong>Cap\u00e3o do Le\u00e3o (Transporte caminhonetes) Local de sa\u00edda: Grande Hotel<\/p>\n<p><strong>14:00 \u2013 18:00<\/strong> \u2013 <u>Visita T\u00e9cnica<\/u>: <strong>Manejo de Luz para produ\u00e7\u00e3o de ovos durante todo ano: constru\u00e7\u00e3o de bebedouros niple<\/strong> \u2013 Local: Cangu\u00e7u (Transporte \u00f4nibus) Local de sa\u00edda: Grande Hotel<\/p>\n<p>&nbsp;<\/p>\n<p><strong>16\/03\/2016 \u2013 QUARTA<\/strong><\/p>\n<p><strong>10:00 \u2013 12:00<\/strong> \u2013 <u>Palestra 1<\/u>: <strong>Qualidade da \u00e1gua e Saneamento<\/strong> \u2013 Fernanda Resende e Fernando Bandeira \u2013 Local: Grande Hotel.<\/p>\n<p><strong>10:00 \u2013 11:00<\/strong> \u2013 <u>Palestra 2<\/u>: <strong>Tecnologia na agricultura familiar<\/strong> <strong>\u2013 <\/strong>Renato Cougo \u2013 Local: Grande Hotel.<\/p>\n<p><strong>12:00 \u2013 13:30<\/strong> \u2013 Almo\u00e7o no Restaurante Escola \u2013 Rua XV de Novembro, 510<\/p>\n<p><strong>14:00 \u2013 18:00<\/strong> \u2013 <u>Pr\u00e1tica:<\/u> <strong>Produ\u00e7\u00e3o de doces<\/strong> \u2013 Let\u00edcia Mascarenhas Barbosa, Rosane Elvira Nardes \u2013 Local: IFSul CAVG (Transporte \u00f4nibus) Local de sa\u00edda: Grande Hotel (sa\u00edda as 13:30)<\/p>\n<p><strong>14:00 \u2013 18:00<\/strong> \u2013 <u>Visita T\u00e9cnica<\/u>: <strong>Pomar \u2013 Poda de \u00e1rvores frut\u00edferas \u2013 doa\u00e7\u00e3o de mudas<\/strong> \u2013 Marcelo Malgarin, Bruno Vargas e Valdecir Ferri \u2013 Local: CAP \u2013 Fruticultura (Transporte caminhonetes) Local de sa\u00edda: Grande Hotel<\/p>\n<p>&nbsp;<\/p>\n<p><strong>17\/03\/2016 \u2013 QUINTA<\/strong><\/p>\n<p><strong>9:00 \u2013 18:00<\/strong> \u2013 <u>Te\u00f3rica e Pr\u00e1tica<\/u>: <strong>Panifica\u00e7\u00e3o e confeitaria<\/strong> \u2013 \u00c2ngela Galvan de Lima e Mariane Lindemann &#8211; Local: Laborat\u00f3rio de T\u00e9cnicas Diet\u00e9ticas sala 226, Campus Anglo &#8211; UFPEL.<\/p>\n<p><strong>9:00 \u2013 12:00<\/strong> \u2013 <u>Palestra<\/u>: <strong>Gest\u00e3o Hoteleira no meio Rural<\/strong> <strong>\u2013 <\/strong>Pedro Pinheiro, Priscila Chiatone e Coriolano Borges<strong> &#8211; \u00a0<\/strong>Local: Grande Hotel.<\/p>\n<p><strong>12:00 \u2013 13:30<\/strong> \u2013 Almo\u00e7o no Restaurante Escola \u2013 Rua XV de Novembro, 510<\/p>\n<p><strong>14:00 \u2013 18:00<\/strong> \u2013 <u>Visita T\u00e9cnica<\/u>: <strong>Antiga F\u00e1brica de vinhos no Morro Redondo<\/strong> \u2013 Valdecir Ferri e Priscila Chiatone \u2013 Local: Morro Redondo (Transporte \u00f4nibus) Local de sa\u00edda: Grande Hotel (sa\u00edda as 13:30)<\/p>\n<p>&nbsp;<\/p>\n<p><strong>18\/03\/2016 \u2013 SEXTA<\/strong><\/p>\n<p><strong>\u00a09:00 \u2013 12:00<\/strong> \u2013 <u>Palestra 1:<\/u> <strong>Produ\u00e7\u00e3o Animal<\/strong> \u2013 Isabela Barbosa \u2013 Local: Grande Hotel.<\/p>\n<p><strong>9:00 \u2013 12:00<\/strong> \u2013 <u>Palestra e pr\u00e1tica 2<\/u> : <strong>Artesanato com cera abelha<\/strong> \u2013 Jerri Zanusso \u2013 Local: Grande Hotel.<\/p>\n<p><strong>12:00 \u2013 13:30<\/strong> \u2013 Almo\u00e7o no Restaurante Escola \u2013 Rua XV de Novembro, 510<\/p>\n<p><strong>14:00 \u2013 15:00<\/strong> \u2013 <u>Palestra 1:<\/u> <strong>Produ\u00e7\u00e3o de alimentos da agricultura familiar EMATER \u2013 <\/strong>Luiz Ign\u00e1cio Jacques &#8211; Local: Laborat\u00f3rio de Alimenta\u00e7\u00e3o Coletiva sala 231, Campus Anglo &#8211; UFPEL.<\/p>\n<p><strong>15:00 \u2013 16:00<\/strong> \u2013 <u>Palestra 2:<\/u> <strong>Gest\u00e3o em agricultura familiar &#8211;<\/strong> Laborat\u00f3rio de Alimenta\u00e7\u00e3o Coletiva sala 231, Campus Anglo &#8211; UFPEL.<\/p>\n<p><strong>16:00<\/strong> \u2013 <strong>Encerramento \u2013 Avalia\u00e7\u00e3o da Semana \u2013 <\/strong>Local: Laborat\u00f3rio de Alimenta\u00e7\u00e3o Coletiva sala 231, Campus Anglo &#8211; UFPEL.<\/p>\n<p>P\u00fablico alvo: agricultura familiar, acad\u00eamicos, feirantes, jovens rurais e aberto a popula\u00e7\u00e3o urbana.<\/p>\n<p>&nbsp;<\/p>\n","protected":false},"excerpt":{"rendered":"<p>&nbsp; Confira o cartaz de divulga\u00e7\u00e3o! NOVA PROGRAMA\u00c7AO 14\/03\/2016 \u2013 SEGUNDA 08:30 \u2013 17:00 \u2013 Inscri\u00e7\u00f5es &#8211; Secretaria do Curso de Hotelaria &#8211; Grande Hotel, localizado na Pra\u00e7a Coronel Pedro Os\u00f3rio (Jesus ou Bruno) Fone: 3225-1892 Informa\u00e7\u00f5es: (53) 8407-7097 (Rosane) &hellip; <a href=\"https:\/\/wp.ufpel.edu.br\/projetospalma\/cursos\/\">Continue lendo <span class=\"meta-nav\">&rarr;<\/span><\/a><\/p>\n","protected":false},"author":584,"featured_media":0,"parent":0,"menu_order":0,"comment_status":"closed","ping_status":"closed","template":"","meta":{"footnotes":""},"class_list":["post-26","page","type-page","status-publish","hentry"],"jetpack_sharing_enabled":true,"_links":{"self":[{"href":"https:\/\/wp.ufpel.edu.br\/projetospalma\/wp-json\/wp\/v2\/pages\/26","targetHints":{"allow":["GET"]}}],"collection":[{"href":"https:\/\/wp.ufpel.edu.br\/projetospalma\/wp-json\/wp\/v2\/pages"}],"about":[{"href":"https:\/\/wp.ufpel.edu.br\/projetospalma\/wp-json\/wp\/v2\/types\/page"}],"author":[{"embeddable":true,"href":"https:\/\/wp.ufpel.edu.br\/projetospalma\/wp-json\/wp\/v2\/users\/584"}],"replies":[{"embeddable":true,"href":"https:\/\/wp.ufpel.edu.br\/projetospalma\/wp-json\/wp\/v2\/comments?post=26"}],"version-history":[{"count":7,"href":"https:\/\/wp.ufpel.edu.br\/projetospalma\/wp-json\/wp\/v2\/pages\/26\/revisions"}],"predecessor-version":[{"id":67,"href":"https:\/\/wp.ufpel.edu.br\/projetospalma\/wp-json\/wp\/v2\/pages\/26\/revisions\/67"}],"wp:attachment":[{"href":"https:\/\/wp.ufpel.edu.br\/projetospalma\/wp-json\/wp\/v2\/media?parent=26"}],"curies":[{"name":"wp","href":"https:\/\/api.w.org\/{rel}","templated":true}]}}