{"id":24,"date":"2015-11-09T15:17:53","date_gmt":"2015-11-09T17:17:53","guid":{"rendered":"https:\/\/wp.ufpel.edu.br\/projetospalma\/?page_id=24"},"modified":"2016-03-04T11:14:31","modified_gmt":"2016-03-04T14:14:31","slug":"projetos","status":"publish","type":"page","link":"https:\/\/wp.ufpel.edu.br\/projetospalma\/projetos\/","title":{"rendered":"Projetos"},"content":{"rendered":"<p style=\"text-align: center\"><b>Vitivinicultura na Inclus\u00e3o da Agricultura de Extrema Pobreza, no Contexto Agroindustrial da UFPel<\/b><\/p>\n<p style=\"text-align: center\"><strong><a href=\"https:\/\/wp.ufpel.edu.br\/projetospalma\/files\/2015\/11\/Palma-Ferri-Viti-2015.ppt\" rel=\"\">Apresenta\u00e7\u00e3o do professor Ferri Viti <\/a><\/strong><strong><a href=\"https:\/\/wp.ufpel.edu.br\/projetospalma\/files\/2015\/11\/Palma-Ferri-Viti-2015.ppt\" rel=\"\">2015<\/a><\/strong><\/p>\n<p style=\"text-align: center\">\n<p style=\"text-align: center\"><strong>Inclus\u00e3o da Agricultura familiar em situa\u00e7\u00e3o de extrema pobreza da Mesorregi\u00e3o da metade Sul do Rio Grande do Sul no contexto Agroindustrial<\/strong><\/p>\n<p style=\"text-align: left\">Este\u00a0programa\u00a0visa\u00a0atender\u00a0e\u00a0inserir\u00a0produtores\u00a0que\u00a0vivem\u00a0em\u00a0situa\u00e7\u00e3o\u00a0de\u00a0extrema\u00a0pobreza, pertencentes\u00a0a\u00a0Mesorregi\u00e3o\u00a0da\u00a0metade\u00a0Sul\u00a0do\u00a0Rio\u00a0Grande\u00a0do\u00a0Sul,\u00a0em\u00a0uma\u00a0proposta\u00a0para\u00a0melhorar\u00a0a qualidade\u00a0de\u00a0vida,\u00a0atrav\u00e9s\u00a0do\u00a0incremento\u00a0de\u00a0produtividade\u00a0com\u00a0incentivo\u00a0a\u00a0tecnologias, industrializa\u00e7\u00e3o,\u00a0comercializa\u00e7\u00e3o\u00a0e\u00a0obten\u00e7\u00e3o\u00a0de\u00a0renda.\u00a0Propondo\u00a0um\u00a0encontro\u00a0da\u00a0universidade\u00a0com as\u00a0comunidades\u00a0em\u00a0situa\u00e7\u00e3o\u00a0de\u00a0vulnerabilidade,\u00a0seguido\u00a0da\u00a0organiza\u00e7\u00e3o\u00a0de\u00a0grupos\u00a0de\u00a0trabalho, realiza\u00e7\u00e3o\u00a0de\u00a0cursos\u00a0de\u00a0capacita\u00e7\u00e3o\u00a0e\u00a0assist\u00eancia\u00a0t\u00e9cnica,\u00a0promovendo\u00a0incremento\u00a0de\u00a0produtividade e\u00a0diversidade\u00a0de\u00a0renda\u00a0nas\u00a0\u00e1reas\u00a0da\u00a0agricultura\u00a0como\u00a0ovinocultura,\u00a0apicultura,\u00a0fruticultura\u00a0e vitivinicultura.\u00a0Com\u00a0a\u00a0reuni\u00e3o\u00a0de\u00a0um\u00a0grupo\u00a0multidisciplinar\u00a0nas\u00a0\u00e1reas\u00a0de\u00a0produ\u00e7\u00e3o\u00a0de\u00a0alimentos, an\u00e1lise\u00a0e\u00a0processamento\u00a0de\u00a0alimentos\u00a0e\u00a0comercializa\u00e7\u00e3o,\u00a0ser\u00e1\u00a0poss\u00edvel\u00a0desenvolver\u00a0a\u00e7\u00f5es\u00a0voltadas ao\u00a0resgate\u00a0da\u00a0cultura\u00a0de\u00a0produ\u00e7\u00e3o\u00a0em\u00a0fam\u00edlias\u00a0rurais\u00a0em\u00a0situa\u00e7\u00e3o\u00a0de\u00a0vulnerabilidade,\u00a0atrav\u00e9s\u00a0do levantamento\u00a0de\u00a0suas\u00a0demandas\u00a0e\u00a0anseios\u00a0e\u00a0organiza\u00e7\u00e3o\u00a0de\u00a0grupos\u00a0de\u00a0produ\u00e7\u00e3o,\u00a0que\u00a0receber\u00e3o treinamento\u00a0para\u00a0o\u00a0incremento\u00a0de\u00a0produtividade,\u00a0voltados\u00a0a\u00a0um\u00a0futuro\u00a0de\u00a0produ\u00e7\u00e3o\u00a0local\u00a0e\u00a0interagir com\u00a0conhecimentos\u00a0te\u00f3ricos\u00a0e\u00a0pr\u00e1ticos,\u00a0aplicar\u00a0t\u00e9cnicas\u00a0de\u00a0manejo\u00a0e\u00a0produ\u00e7\u00e3o,\u00a0agregar conhecimento\u00a0cient\u00edfico\u00a0e\u00a0tecnol\u00f3gico\u00a0fazendo\u00a0com\u00a0que\u00a0est\u00e1\u00a0popula\u00e7\u00e3o\u00a0sinta\u00a0dignidade\u00a0e\u00a0demonstre interesse\u00a0de\u00a0desenvolver\u00a0o\u00a0esp\u00edrito\u00a0empreendedor,\u00a0para\u00a0sair\u00a0da\u00a0condi\u00e7\u00e3o\u00a0social\u00a0a\u00a0que\u00a0se\u00a0encontram inserindo\u00a0na\u00a0sociedade\u00a0com\u00a0diversidade\u00a0e\u00a0produtividade\u00a0em\u00a0conjunto,\u00a0no\u00a0intuito\u00a0de\u00a0consolida\u00e7\u00e3o\u00a0das culturas\u00a0regionais,\u00a0amparadas\u00a0pela\u00a0possibilidade\u00a0de\u00a0comercializa\u00e7\u00e3o\u00a0de\u00a0seus\u00a0produtos\u00a0na\u00a0Rotas\u00a0de Integra\u00e7\u00e3o\u00a0Nacional.<\/p>\n","protected":false},"excerpt":{"rendered":"<p>Vitivinicultura na Inclus\u00e3o da Agricultura de Extrema Pobreza, no Contexto Agroindustrial da UFPel Apresenta\u00e7\u00e3o do professor Ferri Viti 2015 Inclus\u00e3o da Agricultura familiar em situa\u00e7\u00e3o de extrema pobreza da Mesorregi\u00e3o da metade Sul do Rio Grande do Sul no contexto &hellip; <a href=\"https:\/\/wp.ufpel.edu.br\/projetospalma\/projetos\/\">Continue lendo <span class=\"meta-nav\">&rarr;<\/span><\/a><\/p>\n","protected":false},"author":584,"featured_media":0,"parent":0,"menu_order":0,"comment_status":"closed","ping_status":"closed","template":"","meta":{"footnotes":""},"class_list":["post-24","page","type-page","status-publish","hentry"],"jetpack_sharing_enabled":true,"_links":{"self":[{"href":"https:\/\/wp.ufpel.edu.br\/projetospalma\/wp-json\/wp\/v2\/pages\/24","targetHints":{"allow":["GET"]}}],"collection":[{"href":"https:\/\/wp.ufpel.edu.br\/projetospalma\/wp-json\/wp\/v2\/pages"}],"about":[{"href":"https:\/\/wp.ufpel.edu.br\/projetospalma\/wp-json\/wp\/v2\/types\/page"}],"author":[{"embeddable":true,"href":"https:\/\/wp.ufpel.edu.br\/projetospalma\/wp-json\/wp\/v2\/users\/584"}],"replies":[{"embeddable":true,"href":"https:\/\/wp.ufpel.edu.br\/projetospalma\/wp-json\/wp\/v2\/comments?post=24"}],"version-history":[{"count":4,"href":"https:\/\/wp.ufpel.edu.br\/projetospalma\/wp-json\/wp\/v2\/pages\/24\/revisions"}],"predecessor-version":[{"id":62,"href":"https:\/\/wp.ufpel.edu.br\/projetospalma\/wp-json\/wp\/v2\/pages\/24\/revisions\/62"}],"wp:attachment":[{"href":"https:\/\/wp.ufpel.edu.br\/projetospalma\/wp-json\/wp\/v2\/media?parent=24"}],"curies":[{"name":"wp","href":"https:\/\/api.w.org\/{rel}","templated":true}]}}