{"id":20,"date":"2025-08-12T19:04:14","date_gmt":"2025-08-12T22:04:14","guid":{"rendered":"https:\/\/wp.ufpel.edu.br\/projetolibrasemacao\/?page_id=20"},"modified":"2025-08-13T15:46:10","modified_gmt":"2025-08-13T18:46:10","slug":"membros","status":"publish","type":"page","link":"https:\/\/wp.ufpel.edu.br\/projetolibrasemacao\/membros\/","title":{"rendered":"Membros"},"content":{"rendered":"<p>O nosso projeto conta com as coordenadoras:<\/p>\n<ul>\n<li><a href=\"https:\/\/institucional.ufpel.edu.br\/servidores\/id\/65025\" target=\"_blank\" rel=\"noopener\"><strong>Daiana San Martins Goulart<\/strong><\/a> \u2013 Coordenadora<\/li>\n<li><a href=\"https:\/\/institucional.ufpel.edu.br\/servidores\/id\/6018\" target=\"_blank\" rel=\"noopener\"><strong>Camila Irigonhe Ramos<\/strong><\/a> \u2013 Coordenadora Adjunta<\/li>\n<\/ul>\n<p>&nbsp;<\/p>\n<p>Al\u00e9m dos bolsistas e volunt\u00e1rios, que tamb\u00e9m t\u00eam grande papel em manter nossos trabalhos funcionando, contamos tamb\u00e9m com o apoio da COACE &#8211; Coordena\u00e7\u00e3o de Acessibilidade da UFPel.<\/p>\n<p>Seja voc\u00ea volunt\u00e1rio\u00a0tamb\u00e9m!<\/p>\n","protected":false},"excerpt":{"rendered":"<p>O nosso projeto conta com as coordenadoras: Daiana San Martins Goulart \u2013 Coordenadora Camila Irigonhe Ramos \u2013 Coordenadora Adjunta &nbsp; Al\u00e9m dos bolsistas e volunt\u00e1rios, que tamb\u00e9m t\u00eam grande papel em manter nossos trabalhos funcionando, contamos tamb\u00e9m com o apoio da COACE &#8211; Coordena\u00e7\u00e3o de Acessibilidade da UFPel. Seja voc\u00ea volunt\u00e1rio\u00a0tamb\u00e9m!<\/p>\n","protected":false},"author":1369,"featured_media":0,"parent":0,"menu_order":0,"comment_status":"closed","ping_status":"closed","template":"","meta":{"footnotes":""},"class_list":["post-20","page","type-page","status-publish","hentry","post"],"_links":{"self":[{"href":"https:\/\/wp.ufpel.edu.br\/projetolibrasemacao\/wp-json\/wp\/v2\/pages\/20","targetHints":{"allow":["GET"]}}],"collection":[{"href":"https:\/\/wp.ufpel.edu.br\/projetolibrasemacao\/wp-json\/wp\/v2\/pages"}],"about":[{"href":"https:\/\/wp.ufpel.edu.br\/projetolibrasemacao\/wp-json\/wp\/v2\/types\/page"}],"author":[{"embeddable":true,"href":"https:\/\/wp.ufpel.edu.br\/projetolibrasemacao\/wp-json\/wp\/v2\/users\/1369"}],"replies":[{"embeddable":true,"href":"https:\/\/wp.ufpel.edu.br\/projetolibrasemacao\/wp-json\/wp\/v2\/comments?post=20"}],"version-history":[{"count":4,"href":"https:\/\/wp.ufpel.edu.br\/projetolibrasemacao\/wp-json\/wp\/v2\/pages\/20\/revisions"}],"predecessor-version":[{"id":135,"href":"https:\/\/wp.ufpel.edu.br\/projetolibrasemacao\/wp-json\/wp\/v2\/pages\/20\/revisions\/135"}],"wp:attachment":[{"href":"https:\/\/wp.ufpel.edu.br\/projetolibrasemacao\/wp-json\/wp\/v2\/media?parent=20"}],"curies":[{"name":"wp","href":"https:\/\/api.w.org\/{rel}","templated":true}]}}