{"id":3056,"date":"2018-08-06T20:25:30","date_gmt":"2018-08-06T23:25:30","guid":{"rendered":"https:\/\/wp.ufpel.edu.br\/projetogama\/?page_id=3056"},"modified":"2024-01-05T18:41:57","modified_gmt":"2024-01-05T21:41:57","slug":"integrais","status":"publish","type":"page","link":"https:\/\/wp.ufpel.edu.br\/projetogama\/integrais\/","title":{"rendered":"Integrais"},"content":{"rendered":"<p style=\"text-align: center;\"><span style=\"font-size: 14pt; color: #800000;\"><strong>Videoaulas do M\u00f3dulo de Integrais<\/strong><\/span><\/p>\n<p>Os v\u00eddeos a seguir abordam os conte\u00fados deste m\u00f3dulo, por meio de uma sequ\u00eancia did\u00e1tica organizada e detalhada.<\/p>\n<p style=\"text-align: left;\"><span style=\"font-size: 12pt;\">Acesse tamb\u00e9m o material em PDF com o\u00a0<\/span><a href=\"https:\/\/wp.ufpel.edu.br\/projetogama\/files\/2024\/01\/Aulas_Integrais_GAMA_2024.pdf\"><strong><span style=\"color: #0000ff;\">conte\u00fado e exerc\u00edcios<\/span><\/strong><strong style=\"font-size: 12pt;\"><span style=\"color: #0000ff;\">.<\/span><\/strong><\/a><\/p>\n<p>&nbsp;<\/p>\n<p style=\"text-align: left;\"><span style=\"color: #800000; font-size: 14pt;\"><strong>Aula 01<\/strong><\/span><\/p>\n<p><a href=\"https:\/\/youtu.be\/xm9yuhyxURo\"><span style=\"color: #0000ff;\">Integral definida, propriedades da integral definida e antiderivada<\/span><\/a><\/p>\n<p><a href=\"https:\/\/youtu.be\/_uibXR92hb0\"><span style=\"color: #0000ff;\">O Teorema Fundamental do C\u00e1lculo &#8211; Parte 1<\/span><\/a><\/p>\n<p><a href=\"https:\/\/youtu.be\/REUlx4E3JMQ\"><span style=\"color: #0000ff;\">O Teorema Fundamental do C\u00e1lculo &#8211; Parte 2<\/span><\/a><\/p>\n<p><span style=\"color: #800000; font-size: 14pt;\"><strong>Aula 02<\/strong><\/span><\/p>\n<p><a href=\"https:\/\/youtu.be\/GrQRKsuSbCE\"><span style=\"color: #0000ff;\">O M\u00e9todo da Substitui\u00e7\u00e3o<\/span><\/a><\/p>\n<p><a href=\"https:\/\/youtu.be\/ITaV4fgfBAg\"><span style=\"color: #0000ff;\">O m\u00e9todo da Substitui\u00e7\u00e3o &#8211; Integral definida<\/span><\/a><\/p>\n<p><span style=\"color: #800000; font-size: 14pt;\"><strong>Aula 03<\/strong><\/span><\/p>\n<p><a href=\"https:\/\/youtu.be\/LEzgw_E2qfs\"><span style=\"color: #0000ff;\">Integra\u00e7\u00e3o por partes<\/span><\/a><\/p>\n<p><a href=\"https:\/\/youtu.be\/cWFAsn85CTw\"><span style=\"color: #0000ff;\">Integra\u00e7\u00e3o por partes &#8211; Regra do LIATE<\/span><\/a><\/p>\n<p><span style=\"color: #800000; font-size: 14pt;\"><strong>Aula 04<\/strong><\/span><\/p>\n<p><a href=\"https:\/\/youtu.be\/BjwBxjyWCvE\"><span style=\"color: #0000ff;\">\u00c1rea entre curvas<\/span><\/a><\/p>\n<p><a href=\"https:\/\/youtu.be\/2tqkIkwbE6Y\"><span style=\"color: #0000ff;\">Comprimento de arco<\/span><\/a><\/p>\n<p><span style=\"color: #800000; font-size: 14pt;\"><strong>Aula 05<\/strong><\/span><\/p>\n<p><a href=\"https:\/\/youtu.be\/BIGnyw0ZqP4\"><span style=\"color: #0000ff;\">Volumes &#8211; M\u00e9todo dos discos e m\u00e9todo do Anel Circular ou das Arruelas<\/span><\/a><\/p>\n<p><a href=\"https:\/\/youtu.be\/3_BppekxC_M\"><span style=\"color: #0000ff;\">Volumes &#8211; M\u00e9todo das Cascas Cil\u00edndricas<\/span><\/a><\/p>\n<p><span style=\"color: #800000; font-size: 14pt;\"><strong>Aula 06<\/strong><\/span><\/p>\n<p><a href=\"https:\/\/youtu.be\/f4Gc5BPVl6Q\"><span style=\"color: #0000ff;\">Integra\u00e7\u00e3o por Substitui\u00e7\u00e3o Trigonom\u00e9tricas &#8211; Caso 1<\/span><\/a><\/p>\n<p><a href=\"https:\/\/youtu.be\/LgeMzk8n6BM\"><span style=\"color: #0000ff;\">Integra\u00e7\u00e3o por Substitui\u00e7\u00e3o Trigonom\u00e9tricas &#8211; Caso 2<\/span><\/a><\/p>\n<p><a href=\"https:\/\/youtu.be\/3R0-7u2lg08\"><span style=\"color: #0000ff;\">Integra\u00e7\u00e3o por Substitui\u00e7\u00e3o Trigonom\u00e9tricas &#8211; Caso 3<\/span><\/a><\/p>\n<p><a href=\"https:\/\/youtu.be\/9PhHXrAi2fI\"><span style=\"color: #3366ff;\">Integrais envolvendo Ax<sup>2<\/sup>+bx+c<\/span><\/a><\/p>\n<p>&nbsp;<\/p>\n<p style=\"text-align: center;\" align=\"center\"><span style=\"font-size: 14.0pt; color: red;\">Inscreva-se no Canal do Projeto GAMA!!<\/span><\/p>\n<p style=\"text-align: center;\" align=\"center\">Al\u00e9m da<span style=\"color: black;\">s aulas te\u00f3ricas de Derivadas voc\u00ea encontrar\u00e1, <span style=\"color: #0000ff;\"><a style=\"color: #0000ff;\" href=\"https:\/\/www.youtube.com\/channel\/UCB3NUeew6Ji_k39-_GDA3iQ\/playlists\">canal do GAMA<\/a><\/span> no YOUTUBE, v\u00eddeos pedag\u00f3gicos dos conte\u00fados de Matem\u00e1tica B\u00e1sica, Fun\u00e7\u00f5es,\u00a0 Fun\u00e7\u00f5es Trigonom\u00e9tricas, Exponenciais e Logar\u00edtmicas, Limites e Integrais.<\/span><\/p>\n","protected":false},"excerpt":{"rendered":"<p>Videoaulas do M\u00f3dulo de Integrais Os v\u00eddeos a seguir abordam os conte\u00fados deste m\u00f3dulo, por meio de uma sequ\u00eancia did\u00e1tica organizada e detalhada. Acesse tamb\u00e9m o material em PDF com [&hellip;]<\/p>\n","protected":false},"author":437,"featured_media":0,"parent":0,"menu_order":0,"comment_status":"closed","ping_status":"closed","template":"","meta":{"jetpack_post_was_ever_published":false,"footnotes":""},"class_list":["post-3056","page","type-page","status-publish","hentry","post"],"jetpack_sharing_enabled":true,"jetpack_shortlink":"https:\/\/wp.me\/P6Slop-Ni","_links":{"self":[{"href":"https:\/\/wp.ufpel.edu.br\/projetogama\/wp-json\/wp\/v2\/pages\/3056","targetHints":{"allow":["GET"]}}],"collection":[{"href":"https:\/\/wp.ufpel.edu.br\/projetogama\/wp-json\/wp\/v2\/pages"}],"about":[{"href":"https:\/\/wp.ufpel.edu.br\/projetogama\/wp-json\/wp\/v2\/types\/page"}],"author":[{"embeddable":true,"href":"https:\/\/wp.ufpel.edu.br\/projetogama\/wp-json\/wp\/v2\/users\/437"}],"replies":[{"embeddable":true,"href":"https:\/\/wp.ufpel.edu.br\/projetogama\/wp-json\/wp\/v2\/comments?post=3056"}],"version-history":[{"count":18,"href":"https:\/\/wp.ufpel.edu.br\/projetogama\/wp-json\/wp\/v2\/pages\/3056\/revisions"}],"predecessor-version":[{"id":5531,"href":"https:\/\/wp.ufpel.edu.br\/projetogama\/wp-json\/wp\/v2\/pages\/3056\/revisions\/5531"}],"wp:attachment":[{"href":"https:\/\/wp.ufpel.edu.br\/projetogama\/wp-json\/wp\/v2\/media?parent=3056"}],"curies":[{"name":"wp","href":"https:\/\/api.w.org\/{rel}","templated":true}]}}