{"id":89,"date":"2010-03-22T16:31:18","date_gmt":"2010-03-22T19:31:18","guid":{"rendered":"https:\/\/wp.ufpel.edu.br\/prgrh\/?page_id=89"},"modified":"2026-02-19T18:17:25","modified_gmt":"2026-02-19T21:17:25","slug":"horario-especial","status":"publish","type":"page","link":"https:\/\/wp.ufpel.edu.br\/progep\/cdp\/horario-especial\/","title":{"rendered":"Hor\u00e1rio Especial ao\/a Servidor\/a Estudante"},"content":{"rendered":"\n<div class=\"wp-block-group\"><div class=\"wp-block-group__inner-container is-layout-constrained wp-block-group-is-layout-constrained\">\n<div class=\"logoTituloModelStyle\"><img class=\"size-medium wp-image-27184 alignleft\" src=\"https:\/\/wp.ufpel.edu.br\/progep\/files\/2025\/03\/logo-progep_atualizacao-nome_AZUL.png\" alt=\"\" \/><\/p>\n<div style=\"padding: 2rem 0\"><strong>Hor\u00e1rio Especial ao\/a Servidor\/a Estudante<\/strong><\/div>\n<\/div>\n<hr class=\"hrModelStyle\" \/>\n<div class=\"descriptionModelStyle\">Confira nesta p\u00e1gina como realizar o <strong>Hor\u00e1rio Especial ao\/a Servidor\/a Estudante<\/strong>.<\/div>\n<\/div><\/div>\n\n\n\n<div class=\"titleComumStyle blocoDIVStyle\"> O que \u00e9? <\/div>\n<p class=\"paragrafoComumStyle\">A <a href=\"https:\/\/www.planalto.gov.br\/ccivil_03\/leis\/l8112cons.htm\" target=\"_blank\">Lei n\u00ba 8.112\/90<\/a>, no caput do artigo 98, prev\u00ea a possibilidade de concess\u00e3o de hor\u00e1rio especial ao\/a servidor\/a estudante quando comprovada a incompatibilidade entre o hor\u00e1rio escolar e o da reparti\u00e7\u00e3o, sem preju\u00edzo do exerc\u00edcio do cargo e, complementa, atrav\u00e9s do \u00a7 1\u00ba, que dever\u00e1 ser exigida, quando autorizado o benef\u00edcio, a compensa\u00e7\u00e3o de hor\u00e1rio no \u00f3rg\u00e3o ou entidade que tiver exerc\u00edcio, respeitada a dura\u00e7\u00e3o semanal do trabalho.<\/p>\n<p class=\"paragrafoComumStyle\">Nesse sentido, quando solicitada a concess\u00e3o de hor\u00e1rio especial, ser\u00e3o observados os seguintes requisitos:<\/p>\n<p class=\"paragrafoComumStyle\">1- Incompatibilidade entre o hor\u00e1rio de trabalho e o hor\u00e1rio das aulas;<\/p>\n<p class=\"paragrafoComumStyle\">2- Aus\u00eancia de preju\u00edzo ao exerc\u00edcio do cargo; e<\/p>\n<p class=\"paragrafoComumStyle\">3- Compensa\u00e7\u00e3o de hor\u00e1rio.<\/p>\n<div class=\"paragrafoComumStyle\"> Como fazer? <\/div>\n<div class=\"blocoDIVStyle\">\n<p class=\"paragrafoComumStyle\"><strong>Confira a documenta\u00e7\u00e3o exigida:<\/strong><\/p>\n<p class=\"paragrafoComumStyle\">Primeiramente, o\/a servidor\/a dever\u00e1 abrir no SEI o processo \u201cPessoal: Hor\u00e1rio Especial ao Servidor Estudante\u201d e, ap\u00f3s, anexar os seguintes documentos:<\/p>\n<p class=\"paragrafoComumStyle\">&#8211; Documento SEI \u201cPROGEP Hor\u00e1rio Especial ao servidor estudante\u201d;<\/p>\n<p class=\"paragrafoComumStyle\">&#8211; Atestado de Matr\u00edcula emitido pela institui\u00e7\u00e3o;<\/p>\n<p class=\"paragrafoComumStyle\">&#8211; Comprovante da Institui\u00e7\u00e3o de Ensino com os hor\u00e1rios das disciplinas;<\/p>\n<p class=\"paragrafoComumStyle\">&#8211; Documento SEI \u201cPROGEP Parecer Chefia Imediata \u2013 Hor\u00e1rio Especial\u201d;<\/p>\n<p class=\"paragrafoComumStyle\">&#8211; Documento SEI \u201cPROGEP Parecer Dir\/Pr\u00f3-Reitoria \u2013 Hor\u00e1rio Especial\u201d.<\/p>\n<p class=\"paragrafoComumStyle\">Ap\u00f3s, o processo dever\u00e1 ser encaminhado para Se\u00e7\u00e3o de Desenvolvimento na Carreira dos Servidores &#8211; SDCS.<\/p>\n<\/div>\n<p class=\"paragrafoComumStyle\">Os demais procedimentos poder\u00e3o ser visualizados na <strong><a href=\"https:\/\/wp.ufpel.edu.br\/progep\/files\/2020\/03\/BASE-DE-CONHECIMENTO-Horario-especial.pdf\">Base de Conhecimento SEI.<\/a><\/strong><\/p>\n<p class=\"paragrafoComumStyle\">\u00c9 importante destacar que, conforme estipulado pelo \u00a7 1\u00ba do artigo 11 do <a href=\"https:\/\/www.planalto.gov.br\/ccivil_03\/_ato2015-2018\/2015\/decreto\/d8539.htm\" target=\"_blank\">Decreto n\u00ba 8.539, de 08 de outubro de 2015<\/a>, \u201cO teor e a integridade dos documentos digitalizados s\u00e3o de responsabilidade do interessado, que responder\u00e1 nos termos da legisla\u00e7\u00e3o civil, penal e administrativamente por eventuais fraudes\u201d.<\/p>\n<p class=\"paragrafoComumStyle\"><strong>D\u00daVIDAS FREQUENTES<\/strong><\/p>\n<p class=\"paragrafoComumStyle\"><strong>Como solicitar a concess\u00e3o do hor\u00e1rio especial?<\/strong> O\/A servidor\/a dever\u00e1 acessar o <a href=\"https:\/\/sei.ufpel.edu.br\/sip\/login.php?sigla_orgao_sistema=UFPel&amp;sigla_sistema=SEI&amp;infra_url=L3NlaS8=\" target=\"_blank\">Sistema Eletr\u00f4nico de Informa\u00e7\u00f5es (SEI)<\/a>, abrir um processo \u201cPessoal: Hor\u00e1rio Especial ao Servidor Estudante\u201d e inserir os documento citados acima, seguindo a Base de Conhecimento.<\/p>\n<p class=\"paragrafoComumStyle\"><strong>Qual o prazo para enviar os documentos?<\/strong> 30 dias da data inicial. Caso o processo esteja fora do prazo, a concess\u00e3o ser\u00e1 a partir da data do parecer final da PROGEP.<\/p>\n<p class=\"paragrafoComumStyle\"><strong>Posso enviar o processo sem os documentos para garantir o cumprimento do prazo?<\/strong> N\u00e3o. O processo que for enviado com documenta\u00e7\u00e3o pendente, ser\u00e1 devolvido ao\/a servidor\/a para que este proceda a juntada dos documentos exigidos.<\/p>\n<p class=\"paragrafoComumStyle\"><strong>Qual \u00e9 a dura\u00e7\u00e3o do hor\u00e1rio especial?<\/strong> A concess\u00e3o ser\u00e1 semestral\/anual, conforme o calend\u00e1rio acad\u00eamico do curso. Desta forma, o\/a servidor\/a dever\u00e1 atentar ao preencher a solicita\u00e7\u00e3o com as datas do in\u00edcio e t\u00e9rmino de acordo com a dura\u00e7\u00e3o do semestre\/ano letivo.<\/p>\n<p class=\"paragrafoComumStyle\"><strong>E se eu precisar de uma nova concess\u00e3o no semestre\/ano seguinte? <\/strong>Dever\u00e1 ser realizada uma nova solicita\u00e7\u00e3o, com a abertura de um novo processo no SEI.<\/p>\n<p class=\"paragrafoComumStyle\"><strong>Posso utilizar a concess\u00e3o do hor\u00e1rio especial para cursar disciplinas como alunos\/as especiais em disciplinas isoladas?<\/strong> N\u00e3o. De acordo com o Parecer n\u00ba 20\/2018\/DAJ\/COLEP\/CGGP\/SAA, o servidor\/a que realizar este tipo de matr\u00edcula, n\u00e3o possui v\u00ednculo com o programa de P\u00f3s-Gradua\u00e7\u00e3o, n\u00e3o sendo pass\u00edvel a concess\u00e3o do Hor\u00e1rio Especial.<\/p>\n<p class=\"paragrafoComumStyle\"><strong>O\/A servidor\/a ocupante de cargo efetivo investido em cargo em comiss\u00e3o ou fun\u00e7\u00e3o de confian\u00e7a poder\u00e1 obter hor\u00e1rio especial para estudar? <\/strong>N\u00e3o, de acordo com a Nota\/MP\/CONJUR\/SMM\/n\u00ba 0231 \u2013 3.4\/2009, os\/as servidores\/as detentores de cargos de dire\u00e7\u00e3o (CD) e fun\u00e7\u00e3o gratificada (FG) submeterem-se ao cumprimento de jornada integral.<\/p>\n<p class=\"paragrafoComumStyle\"><strong>Cancelei\/tranquei\/desisti de uma disciplina, o que devo fazer?<\/strong> O\/A servidor\/a dever\u00e1 informar, imediatamente, \u00e0 chefia imediata e \u00e0 Se\u00e7\u00e3o de Desenvolvimento na Carreira dos Servidores (SDCS) para os devidos procedimentos legais.<\/p>\n<div class=\"prevLegal linksComum\">\n<div class=\"titleComumStyle\"><strong>PREVIS\u00c3O LEGAL<\/strong><\/div>\n<a href=\"http:\/\/www.planalto.gov.br\/ccivil_03\/leis\/L8112compilado.htm\">Lei n\u00ba 8.112\/1990<\/a>\n<a href=\"http:\/\/www.planalto.gov.br\/ccivil_03\/_ato2015-2018\/2016\/lei\/l13370.htm\">Lei N\u00ba 13.370\/2016<\/a>\n<a href=\"https:\/\/legis.sigepe.planejamento.gov.br\/legis\/detalhar\/482\"><span style=\"font-size: 12pt\">Orienta\u00e7\u00e3o Consultiva n\u00ba 005\/1997\/DENOR\/SRH<\/span><\/a>\n<a href=\"https:\/\/legis.sigepe.planejamento.gov.br\/legis\/detalhar\/6487\"><span style=\"font-size: 12pt\">Nota\/MP\/CONJUR\/SMM\/n\u00ba 0231 &#8211; 3.4\/2009<\/a>\n<a href=\"https:\/\/legis.sigepe.planejamento.gov.br\/legis\/detalhar\/9427\">Nota Informativa n\u00ba 326\/2013\/CGNOR\/DENOP\/SEGEP\/MP<\/a>\n<a href=\"https:\/\/legis.sigepe.planejamento.gov.br\/legis\/detalhar\/9701\">Nota T\u00e9cnica n\u00ba 90\/2014\/CGNOR\/DENOP\/SEGEP\/MP<\/a>\n<a href=\"https:\/\/legis.sigepe.planejamento.gov.br\/legis\/detalhar\/11294\">Nota T\u00e9cnica SEI n\u00ba 1005\/2015-MP<\/a>\n<a href=\"https:\/\/legis.sigepe.planejamento.gov.br\/legis\/detalhar\/13386\">Nota T\u00e9cnica MP n\u00ba 6.218\/2017<\/a>\n<a href=\"https:\/\/legis.sigepe.planejamento.gov.br\/legis\/detalhar\/14992\">Nota T\u00e9cnica Conjunta n\u00ba 113\/2018-MP<\/a>\n<a href=\"https:\/\/legis.sigepe.planejamento.gov.br\/legis\/detalhar\/15016\">Instru\u00e7\u00e3o Normativa n\u00ba 2\/2018\u00a0\u00a0<\/a>\n<a href=\"https:\/\/wp.ufpel.edu.br\/scs\/files\/2022\/09\/SEI_UFPel-1877446-Resolucao-82.2022.pdf\">Resolu\u00e7\u00e3o 82\/2022<\/a>\n<\/div>\n","protected":false},"excerpt":{"rendered":"<p>Hor\u00e1rio Especial ao\/a Servidor\/a Estudante Confira nesta p\u00e1gina como realizar o Hor\u00e1rio Especial ao\/a Servidor\/a Estudante. O que \u00e9? A Lei n\u00ba 8.112\/90, no caput do artigo 98, prev\u00ea a possibilidade de concess\u00e3o de hor\u00e1rio especial ao\/a servidor\/a estudante quando comprovada a incompatibilidade entre o hor\u00e1rio escolar e o da reparti\u00e7\u00e3o, sem preju\u00edzo do exerc\u00edcio [&hellip;]<\/p>\n","protected":false},"author":21,"featured_media":0,"parent":296,"menu_order":14,"comment_status":"closed","ping_status":"closed","template":"","meta":{"footnotes":""},"class_list":["post-89","page","type-page","status-publish","hentry"],"_links":{"self":[{"href":"https:\/\/wp.ufpel.edu.br\/progep\/wp-json\/wp\/v2\/pages\/89","targetHints":{"allow":["GET"]}}],"collection":[{"href":"https:\/\/wp.ufpel.edu.br\/progep\/wp-json\/wp\/v2\/pages"}],"about":[{"href":"https:\/\/wp.ufpel.edu.br\/progep\/wp-json\/wp\/v2\/types\/page"}],"author":[{"embeddable":true,"href":"https:\/\/wp.ufpel.edu.br\/progep\/wp-json\/wp\/v2\/users\/21"}],"replies":[{"embeddable":true,"href":"https:\/\/wp.ufpel.edu.br\/progep\/wp-json\/wp\/v2\/comments?post=89"}],"version-history":[{"count":3,"href":"https:\/\/wp.ufpel.edu.br\/progep\/wp-json\/wp\/v2\/pages\/89\/revisions"}],"predecessor-version":[{"id":40543,"href":"https:\/\/wp.ufpel.edu.br\/progep\/wp-json\/wp\/v2\/pages\/89\/revisions\/40543"}],"up":[{"embeddable":true,"href":"https:\/\/wp.ufpel.edu.br\/progep\/wp-json\/wp\/v2\/pages\/296"}],"wp:attachment":[{"href":"https:\/\/wp.ufpel.edu.br\/progep\/wp-json\/wp\/v2\/media?parent=89"}],"curies":[{"name":"wp","href":"https:\/\/api.w.org\/{rel}","templated":true}]}}