{"id":6449,"date":"2014-08-28T10:53:34","date_gmt":"2014-08-28T13:53:34","guid":{"rendered":"https:\/\/wp.ufpel.edu.br\/progep\/?page_id=6449"},"modified":"2017-12-13T15:44:21","modified_gmt":"2017-12-13T17:44:21","slug":"acumulo-de-cargos-empregos-e-funcoes","status":"publish","type":"page","link":"https:\/\/wp.ufpel.edu.br\/progep\/administracao-de-pessoal\/manual-do-servidor\/acumulo-de-cargos-empregos-e-funcoes\/","title":{"rendered":"Ac\u00famulo de Cargos, Empregos e Fun\u00e7\u00f5es"},"content":{"rendered":"<p><strong>DEFINI\u00c7\u00c3O:<\/strong><\/p>\n<p>\u00c9 a situa\u00e7\u00e3o em que o servidor ocupa mais de um cargo, emprego ou fun\u00e7\u00e3o p\u00fablica ou, ainda, percebe proventos de inatividade simultaneamente com a remunera\u00e7\u00e3o de cargo, emprego ou fun\u00e7\u00e3o p\u00fablica da Administra\u00e7\u00e3o Direta (Minist\u00e9rios, \u00d3rg\u00e3os integrantes e Secretarias) e Administra\u00e7\u00e3o Indireta (Autarquias, Funda\u00e7\u00f5es P\u00fablicas, Sociedades de Economia Mista e Empresas P\u00fablicas).<\/p>\n<p>&nbsp;<\/p>\n<p><strong>PROCEDIMENTOS:<\/strong><\/p>\n<p>No ato da Posse preencher o \u201c<span style=\"color: #ff9900\"><strong><a href=\"https:\/\/wp.ufpel.edu.br\/progep\/files\/2017\/12\/Acumulo-de-Cargo.doc\"><span style=\"color: #ff9900\">Formul\u00e1rio de Ac\u00famulo de Cargos<\/span><\/a><\/strong><\/span>\u201d,verificando a compatibilidade de hor\u00e1rios e se a acumula\u00e7\u00e3o est\u00e1 de acordo com a Constitui\u00e7\u00e3o Federal.<\/p>\n<p>Verificado a acumula\u00e7\u00e3o il\u00edcita, a PROGEP abre o processo administrativo e solicita ci\u00eancia do servidor. Ap\u00f3s d\u00e1 continuidade \u00e0 tramita\u00e7\u00e3o legal.<\/p>\n<p>&nbsp;<\/p>\n<p><strong><em>Previs\u00e3o Legal<\/em><\/strong><strong>:<\/strong><\/p>\n<p><strong><a href=\"http:\/\/www.planalto.gov.br\/ccivil_03\/constituicao\/constituicaocompilado.htm\"><span style=\"color: #ff9900\">Constitui\u00e7\u00e3o Federal<\/span><\/a>: <\/strong><\/p>\n<p>Artigo 37, incisos XVI e XVII e artigo 95, par\u00e1grafo \u00fanico, inciso I .<\/p>\n<p>Artigo 17, par\u00e1grafos 1\u00ba e 2\u00ba das\u00a0Disposi\u00e7\u00f5es Constitucionais Transit\u00f3rias:<\/p>\n<p><strong><span style=\"color: #ff9900\"><a href=\"http:\/\/www.planalto.gov.br\/ccivil_03\/leis\/l8112cons.htm\"><span style=\"color: #ff9900\">Lei 8.112\/90<\/span><\/a><\/span>:<\/strong><\/p>\n<p>Artigos 118, 119, 120, 132, inciso XII e 133 da Lei n\u00ba 8.112, de 11\/12\/90, com a reda\u00e7\u00e3o alterada pela Lei n\u00ba 9.527, de 10\/12\/97.<\/p>\n<p>Artigo 14, par\u00e1grafo 1\u00ba, al\u00edneas &#8220;a&#8221;, &#8220;b&#8221;, &#8220;c&#8221;, &#8220;d&#8221; do Anexo ao Decreto n\u00ba 94.664, de 23\/07\/87.<\/p>\n<p>Artigo 1\u00ba do Decreto n\u00ba 3.035, de 27\/04\/99.<\/p>\n<p>Artigo 11 da Emenda Constitucional n\u00ba 20 de 15\/12\/1998 (D.O.U. 16\/12\/1998) \/ Emenda Constitucional.<\/p>\n<p><strong><span style=\"color: #ff9900\"><a href=\"https:\/\/conlegis.planejamento.gov.br\/conlegis\/legislacaoAvancada\/atoNormativoDetalhesPub.htm?id=8918\"><span style=\"color: #ff9900\">Portaria Normativa\u00a02, de 12 de mar\u00e7o de 2012, DOU 13\/03\/2012<\/span><\/a><\/span>.<\/strong><\/p>\n<p>&nbsp;<\/p>\n","protected":false},"excerpt":{"rendered":"<p>DEFINI\u00c7\u00c3O: \u00c9 a situa\u00e7\u00e3o em que o servidor ocupa mais de um cargo, emprego ou fun\u00e7\u00e3o p\u00fablica ou, ainda, percebe proventos de inatividade simultaneamente com a remunera\u00e7\u00e3o de cargo, emprego ou fun\u00e7\u00e3o p\u00fablica da Administra\u00e7\u00e3o Direta (Minist\u00e9rios, \u00d3rg\u00e3os integrantes e Secretarias) e Administra\u00e7\u00e3o Indireta (Autarquias, Funda\u00e7\u00f5es P\u00fablicas, Sociedades de Economia Mista e Empresas P\u00fablicas). &nbsp; [&hellip;]<\/p>\n","protected":false},"author":52,"featured_media":0,"parent":6430,"menu_order":0,"comment_status":"closed","ping_status":"closed","template":"","meta":{"footnotes":""},"class_list":["post-6449","page","type-page","status-publish","hentry"],"yoast_head":"<!-- This site is optimized with the Yoast SEO plugin v28.1 - https:\/\/yoast.com\/product\/yoast-seo-wordpress\/ -->\n<title>Ac\u00famulo de Cargos, Empregos e Fun\u00e7\u00f5es - Pr\u00f3-Reitoria de Gest\u00e3o com Pessoas - PROGEP<\/title>\n<meta name=\"robots\" content=\"index, follow, max-snippet:-1, max-image-preview:large, max-video-preview:-1\" \/>\n<link rel=\"canonical\" href=\"https:\/\/wp.ufpel.edu.br\/progep\/administracao-de-pessoal\/manual-do-servidor\/acumulo-de-cargos-empregos-e-funcoes\/\" \/>\n<meta property=\"og:locale\" content=\"pt_BR\" \/>\n<meta property=\"og:type\" content=\"article\" \/>\n<meta property=\"og:title\" content=\"Ac\u00famulo de Cargos, Empregos e Fun\u00e7\u00f5es - Pr\u00f3-Reitoria de Gest\u00e3o com Pessoas - PROGEP\" \/>\n<meta property=\"og:description\" content=\"DEFINI\u00c7\u00c3O: \u00c9 a situa\u00e7\u00e3o em que o servidor ocupa mais de um cargo, emprego ou fun\u00e7\u00e3o p\u00fablica ou, ainda, percebe proventos de inatividade simultaneamente com a remunera\u00e7\u00e3o de cargo, emprego ou fun\u00e7\u00e3o p\u00fablica da Administra\u00e7\u00e3o Direta (Minist\u00e9rios, \u00d3rg\u00e3os integrantes e Secretarias) e Administra\u00e7\u00e3o Indireta (Autarquias, Funda\u00e7\u00f5es P\u00fablicas, Sociedades de Economia Mista e Empresas P\u00fablicas). &nbsp; [&hellip;]\" \/>\n<meta property=\"og:url\" content=\"https:\/\/wp.ufpel.edu.br\/progep\/administracao-de-pessoal\/manual-do-servidor\/acumulo-de-cargos-empregos-e-funcoes\/\" \/>\n<meta property=\"og:site_name\" content=\"Pr\u00f3-Reitoria de Gest\u00e3o com Pessoas - PROGEP\" \/>\n<meta property=\"article:modified_time\" content=\"2017-12-13T17:44:21+00:00\" \/>\n<meta name=\"twitter:card\" content=\"summary_large_image\" \/>\n<meta name=\"twitter:label1\" content=\"Est. tempo de leitura\" \/>\n\t<meta name=\"twitter:data1\" content=\"1 minuto\" \/>\n<script type=\"application\/ld+json\" class=\"yoast-schema-graph\">{\"@context\":\"https:\\\/\\\/schema.org\",\"@graph\":[{\"@type\":\"WebPage\",\"@id\":\"https:\\\/\\\/wp.ufpel.edu.br\\\/progep\\\/administracao-de-pessoal\\\/manual-do-servidor\\\/acumulo-de-cargos-empregos-e-funcoes\\\/\",\"url\":\"https:\\\/\\\/wp.ufpel.edu.br\\\/progep\\\/administracao-de-pessoal\\\/manual-do-servidor\\\/acumulo-de-cargos-empregos-e-funcoes\\\/\",\"name\":\"Ac\u00famulo de Cargos, Empregos e Fun\u00e7\u00f5es - Pr\u00f3-Reitoria de Gest\u00e3o com Pessoas - PROGEP\",\"isPartOf\":{\"@id\":\"https:\\\/\\\/wp.ufpel.edu.br\\\/progep\\\/#website\"},\"datePublished\":\"2014-08-28T13:53:34+00:00\",\"dateModified\":\"2017-12-13T17:44:21+00:00\",\"breadcrumb\":{\"@id\":\"https:\\\/\\\/wp.ufpel.edu.br\\\/progep\\\/administracao-de-pessoal\\\/manual-do-servidor\\\/acumulo-de-cargos-empregos-e-funcoes\\\/#breadcrumb\"},\"inLanguage\":\"pt-BR\",\"potentialAction\":[{\"@type\":\"ReadAction\",\"target\":[\"https:\\\/\\\/wp.ufpel.edu.br\\\/progep\\\/administracao-de-pessoal\\\/manual-do-servidor\\\/acumulo-de-cargos-empregos-e-funcoes\\\/\"]}]},{\"@type\":\"BreadcrumbList\",\"@id\":\"https:\\\/\\\/wp.ufpel.edu.br\\\/progep\\\/administracao-de-pessoal\\\/manual-do-servidor\\\/acumulo-de-cargos-empregos-e-funcoes\\\/#breadcrumb\",\"itemListElement\":[{\"@type\":\"ListItem\",\"position\":1,\"name\":\"In\u00edcio\",\"item\":\"https:\\\/\\\/wp.ufpel.edu.br\\\/progep\\\/\"},{\"@type\":\"ListItem\",\"position\":2,\"name\":\"Privado: P\u00e1gina Antiga Administra\u00e7\u00e3o de Pessoal\",\"item\":\"https:\\\/\\\/wp.ufpel.edu.br\\\/progep\\\/?page_id=308\"},{\"@type\":\"ListItem\",\"position\":3,\"name\":\"Manual do Servidor\",\"item\":\"https:\\\/\\\/wp.ufpel.edu.br\\\/progep\\\/administracao-de-pessoal\\\/manual-do-servidor\\\/\"},{\"@type\":\"ListItem\",\"position\":4,\"name\":\"Ac\u00famulo de Cargos, Empregos e Fun\u00e7\u00f5es\"}]},{\"@type\":\"WebSite\",\"@id\":\"https:\\\/\\\/wp.ufpel.edu.br\\\/progep\\\/#website\",\"url\":\"https:\\\/\\\/wp.ufpel.edu.br\\\/progep\\\/\",\"name\":\"Pr\u00f3-Reitoria de Gest\u00e3o com Pessoas - PROGEP\",\"description\":\"Pr\u00f3-Reitoria de Gest\u00e3o com Pessoas\",\"publisher\":{\"@id\":\"https:\\\/\\\/wp.ufpel.edu.br\\\/progep\\\/#organization\"},\"potentialAction\":[{\"@type\":\"SearchAction\",\"target\":{\"@type\":\"EntryPoint\",\"urlTemplate\":\"https:\\\/\\\/wp.ufpel.edu.br\\\/progep\\\/?s={search_term_string}\"},\"query-input\":{\"@type\":\"PropertyValueSpecification\",\"valueRequired\":true,\"valueName\":\"search_term_string\"}}],\"inLanguage\":\"pt-BR\"},{\"@type\":\"Organization\",\"@id\":\"https:\\\/\\\/wp.ufpel.edu.br\\\/progep\\\/#organization\",\"name\":\"Pr\u00f3-Reitoria de Gest\u00e3o com Pessoas - PROGEP\",\"url\":\"https:\\\/\\\/wp.ufpel.edu.br\\\/progep\\\/\",\"logo\":{\"@type\":\"ImageObject\",\"inLanguage\":\"pt-BR\",\"@id\":\"https:\\\/\\\/wp.ufpel.edu.br\\\/progep\\\/#\\\/schema\\\/logo\\\/image\\\/\",\"url\":\"https:\\\/\\\/wp.ufpel.edu.br\\\/progep\\\/files\\\/2025\\\/03\\\/logo-progep_atualizacao-nome_AZUL.png\",\"contentUrl\":\"https:\\\/\\\/wp.ufpel.edu.br\\\/progep\\\/files\\\/2025\\\/03\\\/logo-progep_atualizacao-nome_AZUL.png\",\"width\":1080,\"height\":391,\"caption\":\"Pr\u00f3-Reitoria de Gest\u00e3o com Pessoas - PROGEP\"},\"image\":{\"@id\":\"https:\\\/\\\/wp.ufpel.edu.br\\\/progep\\\/#\\\/schema\\\/logo\\\/image\\\/\"}}]}<\/script>\n<!-- \/ Yoast SEO plugin. -->","yoast_head_json":{"title":"Ac\u00famulo de Cargos, Empregos e Fun\u00e7\u00f5es - Pr\u00f3-Reitoria de Gest\u00e3o com Pessoas - PROGEP","robots":{"index":"index","follow":"follow","max-snippet":"max-snippet:-1","max-image-preview":"max-image-preview:large","max-video-preview":"max-video-preview:-1"},"canonical":"https:\/\/wp.ufpel.edu.br\/progep\/administracao-de-pessoal\/manual-do-servidor\/acumulo-de-cargos-empregos-e-funcoes\/","og_locale":"pt_BR","og_type":"article","og_title":"Ac\u00famulo de Cargos, Empregos e Fun\u00e7\u00f5es - Pr\u00f3-Reitoria de Gest\u00e3o com Pessoas - PROGEP","og_description":"DEFINI\u00c7\u00c3O: \u00c9 a situa\u00e7\u00e3o em que o servidor ocupa mais de um cargo, emprego ou fun\u00e7\u00e3o p\u00fablica ou, ainda, percebe proventos de inatividade simultaneamente com a remunera\u00e7\u00e3o de cargo, emprego ou fun\u00e7\u00e3o p\u00fablica da Administra\u00e7\u00e3o Direta (Minist\u00e9rios, \u00d3rg\u00e3os integrantes e Secretarias) e Administra\u00e7\u00e3o Indireta (Autarquias, Funda\u00e7\u00f5es P\u00fablicas, Sociedades de Economia Mista e Empresas P\u00fablicas). &nbsp; [&hellip;]","og_url":"https:\/\/wp.ufpel.edu.br\/progep\/administracao-de-pessoal\/manual-do-servidor\/acumulo-de-cargos-empregos-e-funcoes\/","og_site_name":"Pr\u00f3-Reitoria de Gest\u00e3o com Pessoas - PROGEP","article_modified_time":"2017-12-13T17:44:21+00:00","twitter_card":"summary_large_image","twitter_misc":{"Est. tempo de leitura":"1 minuto"},"schema":{"@context":"https:\/\/schema.org","@graph":[{"@type":"WebPage","@id":"https:\/\/wp.ufpel.edu.br\/progep\/administracao-de-pessoal\/manual-do-servidor\/acumulo-de-cargos-empregos-e-funcoes\/","url":"https:\/\/wp.ufpel.edu.br\/progep\/administracao-de-pessoal\/manual-do-servidor\/acumulo-de-cargos-empregos-e-funcoes\/","name":"Ac\u00famulo de Cargos, Empregos e Fun\u00e7\u00f5es - Pr\u00f3-Reitoria de Gest\u00e3o com Pessoas - PROGEP","isPartOf":{"@id":"https:\/\/wp.ufpel.edu.br\/progep\/#website"},"datePublished":"2014-08-28T13:53:34+00:00","dateModified":"2017-12-13T17:44:21+00:00","breadcrumb":{"@id":"https:\/\/wp.ufpel.edu.br\/progep\/administracao-de-pessoal\/manual-do-servidor\/acumulo-de-cargos-empregos-e-funcoes\/#breadcrumb"},"inLanguage":"pt-BR","potentialAction":[{"@type":"ReadAction","target":["https:\/\/wp.ufpel.edu.br\/progep\/administracao-de-pessoal\/manual-do-servidor\/acumulo-de-cargos-empregos-e-funcoes\/"]}]},{"@type":"BreadcrumbList","@id":"https:\/\/wp.ufpel.edu.br\/progep\/administracao-de-pessoal\/manual-do-servidor\/acumulo-de-cargos-empregos-e-funcoes\/#breadcrumb","itemListElement":[{"@type":"ListItem","position":1,"name":"In\u00edcio","item":"https:\/\/wp.ufpel.edu.br\/progep\/"},{"@type":"ListItem","position":2,"name":"Privado: P\u00e1gina Antiga Administra\u00e7\u00e3o de Pessoal","item":"https:\/\/wp.ufpel.edu.br\/progep\/?page_id=308"},{"@type":"ListItem","position":3,"name":"Manual do Servidor","item":"https:\/\/wp.ufpel.edu.br\/progep\/administracao-de-pessoal\/manual-do-servidor\/"},{"@type":"ListItem","position":4,"name":"Ac\u00famulo de Cargos, Empregos e Fun\u00e7\u00f5es"}]},{"@type":"WebSite","@id":"https:\/\/wp.ufpel.edu.br\/progep\/#website","url":"https:\/\/wp.ufpel.edu.br\/progep\/","name":"Pr\u00f3-Reitoria de Gest\u00e3o com Pessoas - PROGEP","description":"Pr\u00f3-Reitoria de Gest\u00e3o com Pessoas","publisher":{"@id":"https:\/\/wp.ufpel.edu.br\/progep\/#organization"},"potentialAction":[{"@type":"SearchAction","target":{"@type":"EntryPoint","urlTemplate":"https:\/\/wp.ufpel.edu.br\/progep\/?s={search_term_string}"},"query-input":{"@type":"PropertyValueSpecification","valueRequired":true,"valueName":"search_term_string"}}],"inLanguage":"pt-BR"},{"@type":"Organization","@id":"https:\/\/wp.ufpel.edu.br\/progep\/#organization","name":"Pr\u00f3-Reitoria de Gest\u00e3o com Pessoas - PROGEP","url":"https:\/\/wp.ufpel.edu.br\/progep\/","logo":{"@type":"ImageObject","inLanguage":"pt-BR","@id":"https:\/\/wp.ufpel.edu.br\/progep\/#\/schema\/logo\/image\/","url":"https:\/\/wp.ufpel.edu.br\/progep\/files\/2025\/03\/logo-progep_atualizacao-nome_AZUL.png","contentUrl":"https:\/\/wp.ufpel.edu.br\/progep\/files\/2025\/03\/logo-progep_atualizacao-nome_AZUL.png","width":1080,"height":391,"caption":"Pr\u00f3-Reitoria de Gest\u00e3o com Pessoas - PROGEP"},"image":{"@id":"https:\/\/wp.ufpel.edu.br\/progep\/#\/schema\/logo\/image\/"}}]}},"_links":{"self":[{"href":"https:\/\/wp.ufpel.edu.br\/progep\/wp-json\/wp\/v2\/pages\/6449","targetHints":{"allow":["GET"]}}],"collection":[{"href":"https:\/\/wp.ufpel.edu.br\/progep\/wp-json\/wp\/v2\/pages"}],"about":[{"href":"https:\/\/wp.ufpel.edu.br\/progep\/wp-json\/wp\/v2\/types\/page"}],"author":[{"embeddable":true,"href":"https:\/\/wp.ufpel.edu.br\/progep\/wp-json\/wp\/v2\/users\/52"}],"replies":[{"embeddable":true,"href":"https:\/\/wp.ufpel.edu.br\/progep\/wp-json\/wp\/v2\/comments?post=6449"}],"version-history":[{"count":10,"href":"https:\/\/wp.ufpel.edu.br\/progep\/wp-json\/wp\/v2\/pages\/6449\/revisions"}],"predecessor-version":[{"id":27579,"href":"https:\/\/wp.ufpel.edu.br\/progep\/wp-json\/wp\/v2\/pages\/6449\/revisions\/27579"}],"up":[{"embeddable":true,"href":"https:\/\/wp.ufpel.edu.br\/progep\/wp-json\/wp\/v2\/pages\/6430"}],"wp:attachment":[{"href":"https:\/\/wp.ufpel.edu.br\/progep\/wp-json\/wp\/v2\/media?parent=6449"}],"curies":[{"name":"wp","href":"https:\/\/api.w.org\/{rel}","templated":true}]}}