{"id":43242,"date":"2026-08-28T11:03:06","date_gmt":"2026-08-28T14:03:06","guid":{"rendered":"https:\/\/wp.ufpel.edu.br\/progep\/?page_id=43242"},"modified":"2026-08-31T09:09:05","modified_gmt":"2026-08-31T12:09:05","slug":"capacitacao-capacitacao-em-primeiros-socorros-para-servidores-as-da-ufpel-turma-4","status":"publish","type":"page","link":"https:\/\/wp.ufpel.edu.br\/progep\/capacitacao-capacitacao-em-primeiros-socorros-para-servidores-as-da-ufpel-turma-4\/","title":{"rendered":"Capacita\u00e7\u00e3o: Primeiros Socorros para Servidores\/as da UFPEL &#8211; Turma 4"},"content":{"rendered":"\n<div class=\"wp-block-group\"><div class=\"wp-block-group__inner-container is-layout-constrained wp-block-group-is-layout-constrained\">\n<div class=\"capacitacoes2026\">\n<div class=\"acoesTitle\">\n<div>Capacita\u00e7\u00e3o em Primeiros Socorros para Servidores\/as da UFPEL &#8211; Turma 4<\/div>\n<hr \/><\/div>\n<div class=\"corpoStyle\">\n<div>\n<p><strong>Ministrantes:<\/strong> Guilherme Pachon Cavada (<em>Enfermeiro\/Coordena\u00e7\u00e3o de Sa\u00fade e Qualidade de Vida\/UFPel<\/em>) <br \/>\nDeciane Pintanela de Carvalho (<em>Enfermeira\/Coordena\u00e7\u00e3o de Sa\u00fade e Qualidade de Vida\/UFPel<\/em>)<\/p>\n<p><strong>Data de realiza\u00e7\u00e3o<\/strong>: 17\/09\/2026 (quinta-feira)<\/p>\n<p><strong>Hor\u00e1rio:<\/strong> 9h \u00e0s 12h<\/p>\n<p><strong>N\u00famero de vagas:<\/strong> 20, por ordem de inscri\u00e7\u00e3o<\/p>\n<p><strong>Modalidade:<\/strong> Presencial<\/p>\n<p><strong>Local:<\/strong> Audit\u00f3rio da Reitoria (Campus Anglo)<br \/> Endere\u00e7o: Rua Gomes Carneiro, N.\u00ba 1<\/p>\n<p><strong>Ementa: <\/strong><\/p>\n<ul>\n<li>No\u00e7\u00f5es b\u00e1sicas de primeiros socorros;<\/li>\n<li>T\u00e9cnica de desengasgo;<\/li>\n<li>Capacita\u00e7\u00e3o em Parada Cardiorrespirat\u00f3ria;<\/li>\n<li>Como manejar crises convulsivas;<\/li>\n<li>Outras situa\u00e7\u00f5es de emerg\u00eancias comuns.<\/li>\n<\/ul>\n<p><strong>Per\u00edodo de inscri\u00e7\u00e3o<\/strong>: 31\/08 a 14\/09<\/p>\n<p><strong>Divulga\u00e7\u00e3o das inscri\u00e7\u00f5es homologadas<\/strong>: 15\/09**, nesta p\u00e1gina.<\/p>\n<\/div>\n<div class=\"coluna2CapAvulsa\">\n<p><strong>P\u00fablico Alvo<\/strong>: Pessoas Servidoras ativas e trabalhadores(as) terceirizados(as) da UFPel*.<\/p>\n<p>*Considerando a Pol\u00edtica Nacional de Desenvolvimento de Pessoas, conforme Decreto n\u00ba 9.991\/19, somente ser\u00e3o certificados(as) os(as) servidores(as) p\u00fablicos(as) pertencentes ao Quadro Efetivo da UFPel;<br \/>** Quando homologadas as inscri\u00e7\u00f5es, os(as) selecionados(as) receber\u00e3o e-mail de confirma\u00e7\u00e3o com instru\u00e7\u00f5es.<\/p>\n<p><strong>Observa\u00e7\u00e3o<\/strong>: A homologa\u00e7\u00e3o das inscri\u00e7\u00f5es dos(as) trabalhadores(as) terceirizados(as) ficar\u00e1 condicionada \u00e0 an\u00e1lise pr\u00e9via e manifesta\u00e7\u00e3o por parte do NUGEST\/PRA.<\/p>\n<p><strong><a href=\"https:\/\/wp.ufpel.edu.br\/progep\/inscricoes-para-curso\/\" target=\"_blank\" rel=\"noopener\">INSCRI\u00c7\u00d5ES AQUI<\/a><\/strong><\/p>\n<p><span style=\"font-size: 14pt\"><strong>Contato:<\/strong> cdp.capacita@ufpel.edu.br<\/span><\/p>\n<\/div>\n<\/div>\n<\/div>\n<\/div><\/div>\n","protected":false},"excerpt":{"rendered":"<p>Capacita\u00e7\u00e3o em Primeiros Socorros para Servidores\/as da UFPEL &#8211; Turma 4 Ministrantes: Guilherme Pachon Cavada (Enfermeiro\/Coordena\u00e7\u00e3o de Sa\u00fade e Qualidade de Vida\/UFPel) Deciane Pintanela de Carvalho (Enfermeira\/Coordena\u00e7\u00e3o de Sa\u00fade e Qualidade de Vida\/UFPel) Data de realiza\u00e7\u00e3o: 17\/09\/2026 (quinta-feira) Hor\u00e1rio: 9h \u00e0s 12h N\u00famero de vagas: 20, por ordem de inscri\u00e7\u00e3o Modalidade: Presencial Local: Audit\u00f3rio da [&hellip;]<\/p>\n","protected":false},"author":21,"featured_media":0,"parent":0,"menu_order":0,"comment_status":"closed","ping_status":"closed","template":"page-sem-sidebar.php","meta":{"footnotes":""},"class_list":["post-43242","page","type-page","status-publish","hentry"],"yoast_head":"<!-- This site is optimized with the Yoast SEO plugin v28.1 - https:\/\/yoast.com\/product\/yoast-seo-wordpress\/ -->\n<title>Capacita\u00e7\u00e3o: Primeiros Socorros para Servidores\/as da UFPEL - Turma 4 - Pr\u00f3-Reitoria de Gest\u00e3o com Pessoas - PROGEP<\/title>\n<meta name=\"robots\" content=\"index, follow, max-snippet:-1, max-image-preview:large, max-video-preview:-1\" \/>\n<link rel=\"canonical\" href=\"https:\/\/wp.ufpel.edu.br\/progep\/capacitacao-capacitacao-em-primeiros-socorros-para-servidores-as-da-ufpel-turma-4\/\" \/>\n<meta property=\"og:locale\" content=\"pt_BR\" \/>\n<meta property=\"og:type\" content=\"article\" \/>\n<meta property=\"og:title\" content=\"Capacita\u00e7\u00e3o: Primeiros Socorros para Servidores\/as da UFPEL - Turma 4 - Pr\u00f3-Reitoria de Gest\u00e3o com Pessoas - PROGEP\" \/>\n<meta property=\"og:description\" content=\"Capacita\u00e7\u00e3o em Primeiros Socorros para Servidores\/as da UFPEL &#8211; Turma 4 Ministrantes: Guilherme Pachon Cavada (Enfermeiro\/Coordena\u00e7\u00e3o de Sa\u00fade e Qualidade de Vida\/UFPel) Deciane Pintanela de Carvalho (Enfermeira\/Coordena\u00e7\u00e3o de Sa\u00fade e Qualidade de Vida\/UFPel) Data de realiza\u00e7\u00e3o: 17\/09\/2026 (quinta-feira) Hor\u00e1rio: 9h \u00e0s 12h N\u00famero de vagas: 20, por ordem de inscri\u00e7\u00e3o Modalidade: Presencial Local: Audit\u00f3rio da [&hellip;]\" \/>\n<meta property=\"og:url\" content=\"https:\/\/wp.ufpel.edu.br\/progep\/capacitacao-capacitacao-em-primeiros-socorros-para-servidores-as-da-ufpel-turma-4\/\" \/>\n<meta property=\"og:site_name\" content=\"Pr\u00f3-Reitoria de Gest\u00e3o com Pessoas - PROGEP\" \/>\n<meta property=\"article:modified_time\" content=\"2026-08-31T12:09:05+00:00\" \/>\n<meta name=\"twitter:card\" content=\"summary_large_image\" \/>\n<meta name=\"twitter:label1\" content=\"Est. tempo de leitura\" \/>\n\t<meta name=\"twitter:data1\" content=\"1 minuto\" \/>\n<script type=\"application\/ld+json\" class=\"yoast-schema-graph\">{\"@context\":\"https:\\\/\\\/schema.org\",\"@graph\":[{\"@type\":\"WebPage\",\"@id\":\"https:\\\/\\\/wp.ufpel.edu.br\\\/progep\\\/capacitacao-capacitacao-em-primeiros-socorros-para-servidores-as-da-ufpel-turma-4\\\/\",\"url\":\"https:\\\/\\\/wp.ufpel.edu.br\\\/progep\\\/capacitacao-capacitacao-em-primeiros-socorros-para-servidores-as-da-ufpel-turma-4\\\/\",\"name\":\"Capacita\u00e7\u00e3o: Primeiros Socorros para Servidores\\\/as da UFPEL - Turma 4 - Pr\u00f3-Reitoria de Gest\u00e3o com Pessoas - PROGEP\",\"isPartOf\":{\"@id\":\"https:\\\/\\\/wp.ufpel.edu.br\\\/progep\\\/#website\"},\"datePublished\":\"2026-08-28T14:03:06+00:00\",\"dateModified\":\"2026-08-31T12:09:05+00:00\",\"breadcrumb\":{\"@id\":\"https:\\\/\\\/wp.ufpel.edu.br\\\/progep\\\/capacitacao-capacitacao-em-primeiros-socorros-para-servidores-as-da-ufpel-turma-4\\\/#breadcrumb\"},\"inLanguage\":\"pt-BR\",\"potentialAction\":[{\"@type\":\"ReadAction\",\"target\":[\"https:\\\/\\\/wp.ufpel.edu.br\\\/progep\\\/capacitacao-capacitacao-em-primeiros-socorros-para-servidores-as-da-ufpel-turma-4\\\/\"]}]},{\"@type\":\"BreadcrumbList\",\"@id\":\"https:\\\/\\\/wp.ufpel.edu.br\\\/progep\\\/capacitacao-capacitacao-em-primeiros-socorros-para-servidores-as-da-ufpel-turma-4\\\/#breadcrumb\",\"itemListElement\":[{\"@type\":\"ListItem\",\"position\":1,\"name\":\"In\u00edcio\",\"item\":\"https:\\\/\\\/wp.ufpel.edu.br\\\/progep\\\/\"},{\"@type\":\"ListItem\",\"position\":2,\"name\":\"Capacita\u00e7\u00e3o: Primeiros Socorros para Servidores\\\/as da UFPEL &#8211; Turma 4\"}]},{\"@type\":\"WebSite\",\"@id\":\"https:\\\/\\\/wp.ufpel.edu.br\\\/progep\\\/#website\",\"url\":\"https:\\\/\\\/wp.ufpel.edu.br\\\/progep\\\/\",\"name\":\"Pr\u00f3-Reitoria de Gest\u00e3o com Pessoas - PROGEP\",\"description\":\"Pr\u00f3-Reitoria de Gest\u00e3o com Pessoas\",\"publisher\":{\"@id\":\"https:\\\/\\\/wp.ufpel.edu.br\\\/progep\\\/#organization\"},\"potentialAction\":[{\"@type\":\"SearchAction\",\"target\":{\"@type\":\"EntryPoint\",\"urlTemplate\":\"https:\\\/\\\/wp.ufpel.edu.br\\\/progep\\\/?s={search_term_string}\"},\"query-input\":{\"@type\":\"PropertyValueSpecification\",\"valueRequired\":true,\"valueName\":\"search_term_string\"}}],\"inLanguage\":\"pt-BR\"},{\"@type\":\"Organization\",\"@id\":\"https:\\\/\\\/wp.ufpel.edu.br\\\/progep\\\/#organization\",\"name\":\"Pr\u00f3-Reitoria de Gest\u00e3o com Pessoas - PROGEP\",\"url\":\"https:\\\/\\\/wp.ufpel.edu.br\\\/progep\\\/\",\"logo\":{\"@type\":\"ImageObject\",\"inLanguage\":\"pt-BR\",\"@id\":\"https:\\\/\\\/wp.ufpel.edu.br\\\/progep\\\/#\\\/schema\\\/logo\\\/image\\\/\",\"url\":\"https:\\\/\\\/wp.ufpel.edu.br\\\/progep\\\/files\\\/2025\\\/03\\\/logo-progep_atualizacao-nome_AZUL.png\",\"contentUrl\":\"https:\\\/\\\/wp.ufpel.edu.br\\\/progep\\\/files\\\/2025\\\/03\\\/logo-progep_atualizacao-nome_AZUL.png\",\"width\":1080,\"height\":391,\"caption\":\"Pr\u00f3-Reitoria de Gest\u00e3o com Pessoas - PROGEP\"},\"image\":{\"@id\":\"https:\\\/\\\/wp.ufpel.edu.br\\\/progep\\\/#\\\/schema\\\/logo\\\/image\\\/\"}}]}<\/script>\n<!-- \/ Yoast SEO plugin. -->","yoast_head_json":{"title":"Capacita\u00e7\u00e3o: Primeiros Socorros para Servidores\/as da UFPEL - Turma 4 - Pr\u00f3-Reitoria de Gest\u00e3o com Pessoas - PROGEP","robots":{"index":"index","follow":"follow","max-snippet":"max-snippet:-1","max-image-preview":"max-image-preview:large","max-video-preview":"max-video-preview:-1"},"canonical":"https:\/\/wp.ufpel.edu.br\/progep\/capacitacao-capacitacao-em-primeiros-socorros-para-servidores-as-da-ufpel-turma-4\/","og_locale":"pt_BR","og_type":"article","og_title":"Capacita\u00e7\u00e3o: Primeiros Socorros para Servidores\/as da UFPEL - Turma 4 - Pr\u00f3-Reitoria de Gest\u00e3o com Pessoas - PROGEP","og_description":"Capacita\u00e7\u00e3o em Primeiros Socorros para Servidores\/as da UFPEL &#8211; Turma 4 Ministrantes: Guilherme Pachon Cavada (Enfermeiro\/Coordena\u00e7\u00e3o de Sa\u00fade e Qualidade de Vida\/UFPel) Deciane Pintanela de Carvalho (Enfermeira\/Coordena\u00e7\u00e3o de Sa\u00fade e Qualidade de Vida\/UFPel) Data de realiza\u00e7\u00e3o: 17\/09\/2026 (quinta-feira) Hor\u00e1rio: 9h \u00e0s 12h N\u00famero de vagas: 20, por ordem de inscri\u00e7\u00e3o Modalidade: Presencial Local: Audit\u00f3rio da [&hellip;]","og_url":"https:\/\/wp.ufpel.edu.br\/progep\/capacitacao-capacitacao-em-primeiros-socorros-para-servidores-as-da-ufpel-turma-4\/","og_site_name":"Pr\u00f3-Reitoria de Gest\u00e3o com Pessoas - PROGEP","article_modified_time":"2026-08-31T12:09:05+00:00","twitter_card":"summary_large_image","twitter_misc":{"Est. tempo de leitura":"1 minuto"},"schema":{"@context":"https:\/\/schema.org","@graph":[{"@type":"WebPage","@id":"https:\/\/wp.ufpel.edu.br\/progep\/capacitacao-capacitacao-em-primeiros-socorros-para-servidores-as-da-ufpel-turma-4\/","url":"https:\/\/wp.ufpel.edu.br\/progep\/capacitacao-capacitacao-em-primeiros-socorros-para-servidores-as-da-ufpel-turma-4\/","name":"Capacita\u00e7\u00e3o: Primeiros Socorros para Servidores\/as da UFPEL - Turma 4 - Pr\u00f3-Reitoria de Gest\u00e3o com Pessoas - PROGEP","isPartOf":{"@id":"https:\/\/wp.ufpel.edu.br\/progep\/#website"},"datePublished":"2026-08-28T14:03:06+00:00","dateModified":"2026-08-31T12:09:05+00:00","breadcrumb":{"@id":"https:\/\/wp.ufpel.edu.br\/progep\/capacitacao-capacitacao-em-primeiros-socorros-para-servidores-as-da-ufpel-turma-4\/#breadcrumb"},"inLanguage":"pt-BR","potentialAction":[{"@type":"ReadAction","target":["https:\/\/wp.ufpel.edu.br\/progep\/capacitacao-capacitacao-em-primeiros-socorros-para-servidores-as-da-ufpel-turma-4\/"]}]},{"@type":"BreadcrumbList","@id":"https:\/\/wp.ufpel.edu.br\/progep\/capacitacao-capacitacao-em-primeiros-socorros-para-servidores-as-da-ufpel-turma-4\/#breadcrumb","itemListElement":[{"@type":"ListItem","position":1,"name":"In\u00edcio","item":"https:\/\/wp.ufpel.edu.br\/progep\/"},{"@type":"ListItem","position":2,"name":"Capacita\u00e7\u00e3o: Primeiros Socorros para Servidores\/as da UFPEL &#8211; Turma 4"}]},{"@type":"WebSite","@id":"https:\/\/wp.ufpel.edu.br\/progep\/#website","url":"https:\/\/wp.ufpel.edu.br\/progep\/","name":"Pr\u00f3-Reitoria de Gest\u00e3o com Pessoas - PROGEP","description":"Pr\u00f3-Reitoria de Gest\u00e3o com Pessoas","publisher":{"@id":"https:\/\/wp.ufpel.edu.br\/progep\/#organization"},"potentialAction":[{"@type":"SearchAction","target":{"@type":"EntryPoint","urlTemplate":"https:\/\/wp.ufpel.edu.br\/progep\/?s={search_term_string}"},"query-input":{"@type":"PropertyValueSpecification","valueRequired":true,"valueName":"search_term_string"}}],"inLanguage":"pt-BR"},{"@type":"Organization","@id":"https:\/\/wp.ufpel.edu.br\/progep\/#organization","name":"Pr\u00f3-Reitoria de Gest\u00e3o com Pessoas - PROGEP","url":"https:\/\/wp.ufpel.edu.br\/progep\/","logo":{"@type":"ImageObject","inLanguage":"pt-BR","@id":"https:\/\/wp.ufpel.edu.br\/progep\/#\/schema\/logo\/image\/","url":"https:\/\/wp.ufpel.edu.br\/progep\/files\/2025\/03\/logo-progep_atualizacao-nome_AZUL.png","contentUrl":"https:\/\/wp.ufpel.edu.br\/progep\/files\/2025\/03\/logo-progep_atualizacao-nome_AZUL.png","width":1080,"height":391,"caption":"Pr\u00f3-Reitoria de Gest\u00e3o com Pessoas - PROGEP"},"image":{"@id":"https:\/\/wp.ufpel.edu.br\/progep\/#\/schema\/logo\/image\/"}}]}},"_links":{"self":[{"href":"https:\/\/wp.ufpel.edu.br\/progep\/wp-json\/wp\/v2\/pages\/43242","targetHints":{"allow":["GET"]}}],"collection":[{"href":"https:\/\/wp.ufpel.edu.br\/progep\/wp-json\/wp\/v2\/pages"}],"about":[{"href":"https:\/\/wp.ufpel.edu.br\/progep\/wp-json\/wp\/v2\/types\/page"}],"author":[{"embeddable":true,"href":"https:\/\/wp.ufpel.edu.br\/progep\/wp-json\/wp\/v2\/users\/21"}],"replies":[{"embeddable":true,"href":"https:\/\/wp.ufpel.edu.br\/progep\/wp-json\/wp\/v2\/comments?post=43242"}],"version-history":[{"count":3,"href":"https:\/\/wp.ufpel.edu.br\/progep\/wp-json\/wp\/v2\/pages\/43242\/revisions"}],"predecessor-version":[{"id":43308,"href":"https:\/\/wp.ufpel.edu.br\/progep\/wp-json\/wp\/v2\/pages\/43242\/revisions\/43308"}],"wp:attachment":[{"href":"https:\/\/wp.ufpel.edu.br\/progep\/wp-json\/wp\/v2\/media?parent=43242"}],"curies":[{"name":"wp","href":"https:\/\/api.w.org\/{rel}","templated":true}]}}