{"id":40858,"date":"2026-03-19T16:32:36","date_gmt":"2026-03-19T19:32:36","guid":{"rendered":"https:\/\/wp.ufpel.edu.br\/progep\/?page_id=40858"},"modified":"2026-04-13T09:17:00","modified_gmt":"2026-04-13T12:17:00","slug":"capacitacao-o-custo-invisivel-do-trabalho-identificando-riscos-psicossociais","status":"publish","type":"page","link":"https:\/\/wp.ufpel.edu.br\/progep\/capacitacao-o-custo-invisivel-do-trabalho-identificando-riscos-psicossociais\/","title":{"rendered":"Capacita\u00e7\u00e3o:  Identificando os riscos psicossociais do Trabalho"},"content":{"rendered":"\n<div class=\"wp-block-group\"><div class=\"wp-block-group__inner-container is-layout-constrained wp-block-group-is-layout-constrained\">\n<div class=\"capacitacoes2026\">\n<div class=\"acoesTitle\">\n<div> Identificando os riscos psicossociais do Trabalho<\/div>\n<p>Nesta capacita\u00e7\u00e3o, abordaremos a rela\u00e7\u00e3o entre modelos de gest\u00e3o, contextos sociopol\u00edticos e o bin\u00f4mio sa\u00fade-trabalho. O foco ser\u00e1 o diagn\u00f3stico de riscos psicossociais e a interface entre o funcionamento das institui\u00e7\u00f5es.<\/p>\n<hr \/><\/div>\n<div class=\"corpoStyle\">\n<div>\n<p><strong>Facilitadora: <\/strong> Tha\u00edse Mendes Farias (<em>Docente do Curso de Pscicologia\/Coordenadora de Sa\u00fade e Qualidade de Vida\/UFPel<\/em>)<\/p>\n<p><strong>Data de realiza\u00e7\u00e3o<\/strong>: 10\/04\/2026 (sexta-feira)<\/p>\n<p><strong>Hor\u00e1rio: <\/strong> 10h \u00e0s 12h<\/p>\n<p><strong>Carga hor\u00e1ria<\/strong>: 2h<\/p>\n<p><strong>Modalidade: <\/strong>  Presencial.\u00a0<\/p>\n<p><strong>Local:\u00a0 <\/strong>Sala 2 da P\u00f3s-gradua\u00e7\u00e3o do CCSO, 4\u00b0 andar, no Campus Anglo, Rua Gomes Carneiro, n.\u00ba 1.<\/p>\n<p><strong>Ementa: <\/strong><\/p>\n<ul>\n<li>Estudo das organiza\u00e7\u00f5es como fen\u00f4menos situados em contextos hist\u00f3ricos, sociais e pol\u00edticos.<\/li>\n<li>An\u00e1lise dos modelos de gest\u00e3o e sua influ\u00eancia na organiza\u00e7\u00e3o do trabalho.<\/li>\n<li>Rela\u00e7\u00e3o dos fatores de riscos psicossociais no bin\u00f4mio &#8220;sa\u00fade-trabalho&#8221;.<\/li>\n<li>Abordagem dos diagn\u00f3sticos organizacionais, das manifesta\u00e7\u00f5es de sofrimento ps\u00edquico e da interface entre estilos de car\u00e1ter e funcionamento institucional.<\/li>\n<\/ul>\n<p><strong>P\u00fablico Alvo<\/strong>: Servidores(as) docentes, TAE\u2019s e trabalhadores(as) terceirizados(as) ativos(as) da UFPel*.*<\/p>\n<\/div>\n<div class=\"coluna2CapAvulsa\">\n<p><strong>Per\u00edodo de inscri\u00e7\u00e3o<\/strong>: 19\/03 a 07\/04<\/span><\/p>\n<p><strong>Divulga\u00e7\u00e3o das inscri\u00e7\u00f5es homologadas<\/strong>: 08\/04**, nesta p\u00e1gina.<\/p>\n<p>*Considerando a Pol\u00edtica Nacional de Desenvolvimento de Pessoas, conforme Decreto n\u00ba 9.991\/19, somente ser\u00e3o certificados(as) os(as) servidores(as) p\u00fablicos pertencentes ao Quadro Efetivo da UFPel;<br \/>** Quando homologadas as inscri\u00e7\u00f5es, os(as) selecionados(as) receber\u00e3o e-mail de confirma\u00e7\u00e3o com instru\u00e7\u00f5es.<\/p>\n<p><strong>Observa\u00e7\u00e3o<\/strong>: A homologa\u00e7\u00e3o das inscri\u00e7\u00f5es dos(as) trabalhadores(as) terceirizados ficar\u00e1 condicionada \u00e0 an\u00e1lise pr\u00e9via e manifesta\u00e7\u00e3o por parte do NUGEST\/PRA.<\/p>\n<p><strong><a href=\"https:\/\/wp.ufpel.edu.br\/progep\/files\/2026\/04\/HOMOLOGACAO-Identificando-os-riscos-psicossociais-do-Trabalho.pdf\" target=\"_blank\" rel=\"noopener\">Confira as inscri\u00e7\u00f5es homologadas aqui!<\/a><\/strong><\/p>\n<p><span style=\"font-size: 14pt\"><strong>Contato:<\/strong> cdp.capacita@ufpel.edu.br<\/span><\/p>\n<\/div>\n<\/div>\n<\/div>\n<\/div><\/div>\n","protected":false},"excerpt":{"rendered":"<p>Identificando os riscos psicossociais do Trabalho Nesta capacita\u00e7\u00e3o, abordaremos a rela\u00e7\u00e3o entre modelos de gest\u00e3o, contextos sociopol\u00edticos e o bin\u00f4mio sa\u00fade-trabalho. O foco ser\u00e1 o diagn\u00f3stico de riscos psicossociais e a interface entre o funcionamento das institui\u00e7\u00f5es. Facilitadora: Tha\u00edse Mendes Farias (Docente do Curso de Pscicologia\/Coordenadora de Sa\u00fade e Qualidade de Vida\/UFPel) Data de realiza\u00e7\u00e3o: [&hellip;]<\/p>\n","protected":false},"author":21,"featured_media":0,"parent":0,"menu_order":0,"comment_status":"closed","ping_status":"closed","template":"page-sem-sidebar.php","meta":{"footnotes":""},"class_list":["post-40858","page","type-page","status-publish","hentry"],"_links":{"self":[{"href":"https:\/\/wp.ufpel.edu.br\/progep\/wp-json\/wp\/v2\/pages\/40858","targetHints":{"allow":["GET"]}}],"collection":[{"href":"https:\/\/wp.ufpel.edu.br\/progep\/wp-json\/wp\/v2\/pages"}],"about":[{"href":"https:\/\/wp.ufpel.edu.br\/progep\/wp-json\/wp\/v2\/types\/page"}],"author":[{"embeddable":true,"href":"https:\/\/wp.ufpel.edu.br\/progep\/wp-json\/wp\/v2\/users\/21"}],"replies":[{"embeddable":true,"href":"https:\/\/wp.ufpel.edu.br\/progep\/wp-json\/wp\/v2\/comments?post=40858"}],"version-history":[{"count":3,"href":"https:\/\/wp.ufpel.edu.br\/progep\/wp-json\/wp\/v2\/pages\/40858\/revisions"}],"predecessor-version":[{"id":41137,"href":"https:\/\/wp.ufpel.edu.br\/progep\/wp-json\/wp\/v2\/pages\/40858\/revisions\/41137"}],"wp:attachment":[{"href":"https:\/\/wp.ufpel.edu.br\/progep\/wp-json\/wp\/v2\/media?parent=40858"}],"curies":[{"name":"wp","href":"https:\/\/api.w.org\/{rel}","templated":true}]}}