{"id":40707,"date":"2026-03-10T09:16:43","date_gmt":"2026-03-10T12:16:43","guid":{"rendered":"https:\/\/wp.ufpel.edu.br\/progep\/?page_id=40707"},"modified":"2026-03-31T14:51:17","modified_gmt":"2026-03-31T17:51:17","slug":"capacitacao-estou-na-perimenopausa-o-que-fazer","status":"publish","type":"page","link":"https:\/\/wp.ufpel.edu.br\/progep\/capacitacao-estou-na-perimenopausa-o-que-fazer\/","title":{"rendered":"Capacita\u00e7\u00e3o: Estou na perimenopausa? O que fazer?"},"content":{"rendered":"\n<div class=\"wp-block-group\"><div class=\"wp-block-group__inner-container is-layout-constrained wp-block-group-is-layout-constrained\">\n<div class=\"capacitacoes2026\">\n<div class=\"acoesTitle\">\n<div>Estou na perimenopausa? O que fazer?<\/div>\n<p>A perimenopausa \u00e9 o momento em que o corpo feminino come\u00e7a a se aproximar da menopausa, mas ainda n\u00e3o chegou l\u00e1. Por isso, tamb\u00e9m costuma ser chamada de pr\u00e9-menopausa. Leia mais sobre em <a style=\"color: white\" href=\"https:\/\/saude.abril.com.br\/medicina\/perimenopausa-o-que-e-quanto-tempo-dura-e-o-que-fazer\/\" target=\"_blank\" rel=\"noopener\">Perimenopausa<\/a> e venha se capacitar!<\/p>\n<hr \/><\/div>\n<div class=\"corpoStyle\">\n<div>\n<p><strong>Facilitador(a): <\/strong>Maria Alice Souza de Oliveira Dode (<em>Docente\/Faculdade de Medicina\/UFPel<\/em>)<\/p>\n<p><strong>Data de realiza\u00e7\u00e3o<\/strong>: 25\/03\/2026 (quarta-feira)<\/p>\n<p><strong>Hor\u00e1rio: <\/strong>10h \u00e0s 12h<\/p>\n<p><strong>Carga hor\u00e1ria<\/strong>: 2h<\/p>\n<p><strong>Modalidade: <\/strong> Presencial.<\/p>\n<p><strong>Local:\u00a0 <\/strong>Sala 2 da P\u00f3s-gradua\u00e7\u00e3o do CCSO, 4\u00b0 andar, no Campus Anglo.<\/p>\n<p><strong>Ementa: <\/strong><\/p>\n<ul>\n<li>O que \u00e9 a perimenopausa<\/li>\n<li>Idade comum de aparecer<\/li>\n<li>Sinais e sintomas associados<\/li>\n<li>Conduta a ser tomada<\/li>\n<\/ul>\n<p><strong>P\u00fablico Alvo<\/strong>: Servidores(as) docentes, TAE\u2019s e trabalhadores(as) terceirizados(as) ativos(as) da UFPel*.*<\/p>\n<p><strong>Per\u00edodo de inscri\u00e7\u00e3o<\/strong>: 10\/03 a 22\/03<\/p>\n<p><strong>Divulga\u00e7\u00e3o das inscri\u00e7\u00f5es homologadas<\/strong>: 23\/03**, nesta p\u00e1gina.<\/p>\n<\/div>\n<div class=\"coluna2CapAvulsa\">\n<p>*Considerando a Pol\u00edtica Nacional de Desenvolvimento de Pessoas, conforme Decreto n\u00ba 9.991\/19, somente ser\u00e3o certificados(as) os(as) servidores(as) p\u00fablicos pertencentes ao Quadro Efetivo da UFPel;<br \/>** Quando homologadas as inscri\u00e7\u00f5es, os(as) selecionados(as) receber\u00e3o e-mail de confirma\u00e7\u00e3o com instru\u00e7\u00f5es.<\/p>\n<p><strong>Observa\u00e7\u00e3o<\/strong>: A homologa\u00e7\u00e3o das inscri\u00e7\u00f5es dos(as) trabalhadores(as) terceirizados ficar\u00e1 condicionada \u00e0 an\u00e1lise pr\u00e9via e manifesta\u00e7\u00e3o por parte do NUGEST\/PRA.<\/p>\n<p><strong><a href=\"https:\/\/wp.ufpel.edu.br\/progep\/files\/2026\/03\/HOMOLOGACAO-Estou-na-perimenopausa_-O-que-fazer_.pdf\">Confira as inscri\u00e7\u00f5es homologadas aqui!<\/a><\/strong><\/p>\n<p><span style=\"font-size: 14pt\"><strong>Contato:<\/strong> cdp.capacita@ufpel.edu.br<\/span><\/p>\n<\/div>\n<\/div>\n<\/div>\n<\/div><\/div>\n\n\n\n<p><\/p>\n","protected":false},"excerpt":{"rendered":"<p>Estou na perimenopausa? O que fazer? A perimenopausa \u00e9 o momento em que o corpo feminino come\u00e7a a se aproximar da menopausa, mas ainda n\u00e3o chegou l\u00e1. Por isso, tamb\u00e9m costuma ser chamada de pr\u00e9-menopausa. Leia mais sobre em Perimenopausa e venha se capacitar! Facilitador(a): Maria Alice Souza de Oliveira Dode (Docente\/Faculdade de Medicina\/UFPel) Data [&hellip;]<\/p>\n","protected":false},"author":21,"featured_media":0,"parent":0,"menu_order":0,"comment_status":"closed","ping_status":"closed","template":"page-sem-sidebar.php","meta":{"footnotes":""},"class_list":["post-40707","page","type-page","status-publish","hentry"],"_links":{"self":[{"href":"https:\/\/wp.ufpel.edu.br\/progep\/wp-json\/wp\/v2\/pages\/40707","targetHints":{"allow":["GET"]}}],"collection":[{"href":"https:\/\/wp.ufpel.edu.br\/progep\/wp-json\/wp\/v2\/pages"}],"about":[{"href":"https:\/\/wp.ufpel.edu.br\/progep\/wp-json\/wp\/v2\/types\/page"}],"author":[{"embeddable":true,"href":"https:\/\/wp.ufpel.edu.br\/progep\/wp-json\/wp\/v2\/users\/21"}],"replies":[{"embeddable":true,"href":"https:\/\/wp.ufpel.edu.br\/progep\/wp-json\/wp\/v2\/comments?post=40707"}],"version-history":[{"count":3,"href":"https:\/\/wp.ufpel.edu.br\/progep\/wp-json\/wp\/v2\/pages\/40707\/revisions"}],"predecessor-version":[{"id":40992,"href":"https:\/\/wp.ufpel.edu.br\/progep\/wp-json\/wp\/v2\/pages\/40707\/revisions\/40992"}],"wp:attachment":[{"href":"https:\/\/wp.ufpel.edu.br\/progep\/wp-json\/wp\/v2\/media?parent=40707"}],"curies":[{"name":"wp","href":"https:\/\/api.w.org\/{rel}","templated":true}]}}