{"id":40647,"date":"2026-03-03T17:06:32","date_gmt":"2026-03-03T20:06:32","guid":{"rendered":"https:\/\/wp.ufpel.edu.br\/progep\/?page_id=40647"},"modified":"2026-03-04T17:12:02","modified_gmt":"2026-03-04T20:12:02","slug":"convocacoes-edital-025-2025","status":"publish","type":"page","link":"https:\/\/wp.ufpel.edu.br\/progep\/convocacoes-edital-025-2025\/","title":{"rendered":"Convoca\u00e7\u00f5es \u2013 Edital 025\/2025"},"content":{"rendered":"\n<div class=\"wp-block-group\"><div class=\"wp-block-group__inner-container is-layout-constrained wp-block-group-is-layout-constrained\">\n<div class=\"logoTituloModelStyle\"><img class=\"size-medium wp-image-27184 alignleft\" src=\"https:\/\/wp.ufpel.edu.br\/progep\/files\/2025\/03\/logo-progep_atualizacao-nome_AZUL.png\" alt=\"\" \/><\/p>\n<div style=\"padding:2rem 0\"><strong>Convoca\u00e7\u00f5es &#8211; Edital 025\/2025<\/strong><\/div>\n<\/div>\n<hr class=\"hrModelStyle\" \/>\n<div class=\"descriptionModelStyle\">Acompanhe nesta p\u00e1gina a publica\u00e7\u00e3o dos\/as convocados\/as para cargos de docentes substitutos\/as UFPEL.<\/div>\n<\/div><\/div>\n\n\n<div class=\"pagNomeacoesStyle\">\n<div class=\"cargosNomeConvStyle\">\n<div class=\"cargosTitleStyle\"> \u00c1reas nesta p\u00e1gina:<\/div>\n<div class=\"tabelasRepoDoc\" style=\"color: black;text-align: center\">\n<span class=\"collapseomatic \" id=\"id69ee74522bff1\"  tabindex=\"0\" title=\"\u00c1reas deste edital\"    >\u00c1reas deste edital<\/span><div id=\"target-id69ee74522bff1\" class=\"collapseomatic_content \"> \n<div class=\"cargosStyle\">\n   <p>Design OU Publicidade<\/p>\n   <p>Farm\u00e1cia<\/p>\n   <p>Qu\u00edmica Inorg\u00e2nica<\/p>\n   <p>Ci\u00eancias Sociais Aplicadas<\/p>\n   <p>Redes de Computadores e Comunica\u00e7\u00e3o de Dados<\/p>\n   <p>Engenharia do Produto OU Ger\u00eancia de Produ\u00e7\u00e3o<\/p>\n   <p>L\u00edngua Espanhola e Lingu\u00edstica Aplicada<\/p>\n   <p>Li\u0301nguas Estrangeiras Modernas &#8211; Li\u0301ngua Francesa<\/p>\n   <p>Tradu\u00e7\u00e3o Espanhol \/ Portugu\u00eas<\/p>\n   <p>L\u00edngua Brasileira de Sinais<\/p>\n   <p>L\u00edngua Portuguesa e Latim<\/p>\n   <p>Teoria do Direito OU Direitos Especiais <\/p>\n   <p>Silvicultura<\/p>\n   <p>Filosofia da Educa\u00e7\u00e3o OU Hist\u00f3ria da Educa\u00e7\u00e3o OU Sociologia da Educa\u00e7\u00e3o<\/p>\n   <p>Patologia<\/p>\n   <p>Cl\u00ednica M\u00e9dica<\/p>\n   <p>Oftalmologi<\/p>\n   <p>Aten\u00e7\u00e3o B\u00e1sica \u00e0 Sa\u00fade <\/p>\n   <p>Terapia Ocupacional em seus m\u00faltiplos contextos<\/p>\n   <p>Sa\u00fade Bucal Coletiva<\/p>\n   <p>Periodontia<\/p>\n   <p>Anatomia Humana<\/p>\n   <p>Ecologia <\/p>\n   <p>Antropologia<\/p>\n   <p>Teoria Econ\u00f4mica<\/p>\n   <p>Ci\u00eancia da Conserva\u00e7\u00e3o<\/p>\n<\/div>\n<\/div>\n\n<\/div>\n<\/div>\n<p> Confira a p\u00e1gina com as informa\u00e7\u00f5es a respeito do certame: <\/p>\n<a href=\"https:\/\/ces.ufpel.edu.br\/conctecadmed0025_2025\/\" target=\"_blank\">Certame do Edital 025\/2025<\/a>\n<div class=\"titleStyle\"><strong>Ampla Concorr\u00eancia<\/strong><\/div>\n\n<table id=\"tablepress-207\" class=\"tablepress tablepress-id-207 letter-size\">\n<thead>\n<tr class=\"row-1\">\n\t<th class=\"column-1\">ORIGEM<\/th><th class=\"column-2\">\u00c1REA<\/th><th class=\"column-3\">APROVADOS<br \/>\nCLASSIFICA\u00c7\u00c3O \/ NOME<br \/>\n\/ RESULTADO FINAL<\/th><th class=\"column-4\">SITUA\u00c7\u00c3O<\/th>\n<\/tr>\n<\/thead>\n<tbody class=\"row-striping row-hover\">\n<tr class=\"row-2\">\n\t<td class=\"column-1\"><strong>Curso de Design, Design Gr\u00e1fico e Design Digital<\/strong><br \/>\nCentro de Artes<br \/>\n23110.033883\/2025-59<\/td><td class=\"column-2\">Design OU Publicidade<\/td><td class=\"column-3\">1\u00ba GUSTAVO COSSIO DA SILVA - 8,62<\/td><td class=\"column-4\">Convocado em 04\/03\/2026<\/td>\n<\/tr>\n<tr class=\"row-3\">\n\t<td class=\"column-1\"><\/td><td class=\"column-2\"><\/td><td class=\"column-3\">2\u00ba PAULO VIEIRA DA SILVA MAGALH\u00c3ES - 8,19<\/td><td class=\"column-4\"><\/td>\n<\/tr>\n<tr class=\"row-4\">\n\t<td class=\"column-1\"><\/td><td class=\"column-2\"><\/td><td class=\"column-3\">3\u00ba MARIANA DE OLIVEIRA DO COUTO E SILVA - 6,47*<\/td><td class=\"column-4\"><\/td>\n<\/tr>\n<tr class=\"row-5\">\n\t<td class=\"column-1\"><strong>Centro de Ci\u00eancias Qu\u00edmicas,<br \/>\nFarmac\u00eauticas e de Alimentos<\/strong><br \/>\n23110.035786\/2025-09<\/td><td class=\"column-2\">Farm\u00e1cia<\/td><td class=\"column-3\">1\u00ba DIESSICA PADILHA DALENOGARE - 9,01<\/td><td class=\"column-4\">Convocada em 04\/03\/2026<\/td>\n<\/tr>\n<tr class=\"row-6\">\n\t<td class=\"column-1\"><\/td><td class=\"column-2\"><\/td><td class=\"column-3\">2\u00ba VINICIUS COSTA PRADO - 8,87<\/td><td class=\"column-4\"><\/td>\n<\/tr>\n<tr class=\"row-7\">\n\t<td class=\"column-1\"><\/td><td class=\"column-2\"><\/td><td class=\"column-3\">3\u00ba JULIA EISENHARDT DE MELLO - 8,81<\/td><td class=\"column-4\"><\/td>\n<\/tr>\n<tr class=\"row-8\">\n\t<td class=\"column-1\"><\/td><td class=\"column-2\"><\/td><td class=\"column-3\">4\u00ba RENATA LEIVAS DE OLIVEIRA - 8,12<\/td><td class=\"column-4\"><\/td>\n<\/tr>\n<tr class=\"row-9\">\n\t<td class=\"column-1\"><\/td><td class=\"column-2\"><\/td><td class=\"column-3\">5\u00ba LUCIANE VARINI LAPORTA - 6,50*<\/td><td class=\"column-4\"><\/td>\n<\/tr>\n<tr class=\"row-10\">\n\t<td class=\"column-1\"><strong>Centro de Ci\u00eancias Qu\u00edmicas,<br \/>\nFarmac\u00eauticas e de Alimentos<\/strong><br \/>\n23110.022566\/2025-15<\/td><td class=\"column-2\">Qu\u00edmica Inorg\u00e2nica<\/td><td class=\"column-3\">1\u00ba RODRIGO GARCIA VELHO - 9,02<\/td><td class=\"column-4\">Convocado em 04\/03\/2026<\/td>\n<\/tr>\n<tr class=\"row-11\">\n\t<td class=\"column-1\"><\/td><td class=\"column-2\"><\/td><td class=\"column-3\">2\u00ba HELEN CRISTINA DOS SANTOS HACKBART - 4,75*<\/td><td class=\"column-4\">Convocada em 04\/03\/2026<\/td>\n<\/tr>\n<tr class=\"row-12\">\n\t<td class=\"column-1\"><strong>Curso de Turismo<\/strong><br \/>\nCentro de Ci\u00eancias Socio-Organizacionais<br \/>\n23110.035508\/2025-43<\/td><td class=\"column-2\">Ci\u00eancias Sociais Aplicadas<\/td><td class=\"column-3\">1\u00ba NAT\u00c1LIAARAUJO DE OLIVEIRA ** - 9,73<\/td><td class=\"column-4\">Convocada pela reserva de cotas em 04\/03\/2026<\/td>\n<\/tr>\n<tr class=\"row-13\">\n\t<td class=\"column-1\"><\/td><td class=\"column-2\"><\/td><td class=\"column-3\">2\u00ba RITA GABRIELA ARAUJO CARVALHO - 7,35<\/td><td class=\"column-4\"><\/td>\n<\/tr>\n<tr class=\"row-14\">\n\t<td class=\"column-1\"><\/td><td class=\"column-2\"><\/td><td class=\"column-3\">3\u00ba MILENA BEHLING OLIVEIRA - 6,65*<\/td><td class=\"column-4\"><\/td>\n<\/tr>\n<tr class=\"row-15\">\n\t<td class=\"column-1\"><\/td><td class=\"column-2\"><\/td><td class=\"column-3\">4\u00ba THAIS GOMES TORRES - 6,49*<\/td><td class=\"column-4\"><\/td>\n<\/tr>\n<tr class=\"row-16\">\n\t<td class=\"column-1\"><\/td><td class=\"column-2\"><\/td><td class=\"column-3\">5\u00ba MARLISE BUCHWEITZ KLUG - 6,39*<\/td><td class=\"column-4\"><\/td>\n<\/tr>\n<tr class=\"row-17\">\n\t<td class=\"column-1\"><strong>Cursos de Ci\u00eancia da Computa\u00e7\u00e3o e<br \/>\nEngenharia de Computa\u00e7\u00e3o<\/strong><br \/>\nCentro de Desenvolvimento Tecnol\u00f3gico<br \/>\n23110.037019\/2025-26<\/td><td class=\"column-2\">Redes de Computadores e Comunica\u00e7\u00e3o de<br \/>\nDados<\/td><td class=\"column-3\">N\u00c3O HOUVE CANDIDATOS<br \/>\nINSCRITOS.<\/td><td class=\"column-4\"><\/td>\n<\/tr>\n<tr class=\"row-18\">\n\t<td class=\"column-1\"><strong>Curso de Engenharia de Produ\u00e7\u00e3o Centro<br \/>\nde Engen<\/strong>harias<br \/>\n23110.026013\/2025-23<\/td><td class=\"column-2\">Engenharia do Produto OU Ger\u00eancia de Produ\u00e7\u00e3o<\/td><td class=\"column-3\">1\u00ba JULIA KICH CHAVES - 10<\/td><td class=\"column-4\">Convocada em 04\/03\/2026<\/td>\n<\/tr>\n<tr class=\"row-19\">\n\t<td class=\"column-1\"><strong>Curso de Hotelaria e Curso de Lic. Letras<\/strong><br \/>\nPortugu\u00eas e Espanhol<br \/>\nCentro de Letras e Comunica\u00e7\u00e3o e Centro<br \/>\nde Integra\u00e7\u00e3o do Mercosul<br \/>\n23110.020281\/2025-31<\/td><td class=\"column-2\">L\u00edngua Espanhola e Lingu\u00edstica Aplicada<\/td><td class=\"column-3\">1\u00ba SEILA MARISA DA CUNHA ISLABAO<br \/>\n\u2013 8,00<br \/>\n<\/td><td class=\"column-4\">Convocada em 04\/03\/2026<\/td>\n<\/tr>\n<tr class=\"row-20\">\n\t<td class=\"column-1\"><strong>Curso de Letras - Portugue\u0302s e France\u0302s<\/strong><br \/>\nCentro de Letras e Comunica\u00e7\u00e3o<br \/>\n23110.004483\/2025-36<\/td><td class=\"column-2\">Li\u0301nguas Estrangeiras Modernas - Li\u0301ngua<br \/>\nFrancesa<\/td><td class=\"column-3\">1\u00ba LUISA ZANINI VARGAS - 9,70<\/td><td class=\"column-4\">Convocada em 04\/03\/2026<\/td>\n<\/tr>\n<tr class=\"row-21\">\n\t<td class=\"column-1\"><\/td><td class=\"column-2\"><\/td><td class=\"column-3\">2\u00ba STEPHANY MACHADO BARBOSA - 6.90*<\/td><td class=\"column-4\"><\/td>\n<\/tr>\n<tr class=\"row-22\">\n\t<td class=\"column-1\"><\/td><td class=\"column-2\"><\/td><td class=\"column-3\">3\u00ba MARIANA LUIZA NEY PRADO - 6,01*<\/td><td class=\"column-4\"><\/td>\n<\/tr>\n<tr class=\"row-23\">\n\t<td class=\"column-1\"><strong>Curso de Bacharelado em Letras -<br \/>\nTradu\u00e7\u00e3o Espanhol \/ Portugu\u00eas<\/strong><br \/>\nCentro de Letras e Comunica\u00e7\u00e3o<br \/>\n23110.018620\/2025-10<\/td><td class=\"column-2\">Tradu\u00e7\u00e3o Espanhol \/ Portugu\u00eas<\/td><td class=\"column-3\">1\u00ba NATHALY SILVA NALERIO - 9,53<\/td><td class=\"column-4\">Convocada em 04\/03\/2026<\/td>\n<\/tr>\n<tr class=\"row-24\">\n\t<td class=\"column-1\"><\/td><td class=\"column-2\"><\/td><td class=\"column-3\">2\u00ba LARISSA GON\u00c7ALVES MEDEIROS - 8,33<\/td><td class=\"column-4\"><\/td>\n<\/tr>\n<tr class=\"row-25\">\n\t<td class=\"column-1\"><strong>Centro de Letras e Comunica\u00e7\u00e3o<\/strong><br \/>\n23110.035526\/2025-25<\/td><td class=\"column-2\">L\u00edngua Brasileira de Sinais<\/td><td class=\"column-3\">1\u00ba ANDERSON DA VEIGA BARBOSA \u2013 8,66<\/td><td class=\"column-4\">Convocado em 11\/03\/2026<\/td>\n<\/tr>\n<tr class=\"row-26\">\n\t<td class=\"column-1\"><strong>Centro de Letras e Comunica\u00e7\u00e3o<\/strong><br \/>\n23110.030175\/2025-66<\/td><td class=\"column-2\">L\u00edngua Portuguesa e Latim<\/td><td class=\"column-3\">1\u00ba DEBORA PEREIRA LUCAS COSTA -<br \/>\n8,71<\/td><td class=\"column-4\">Convocada em 04\/03\/2026<\/td>\n<\/tr>\n<tr class=\"row-27\">\n\t<td class=\"column-1\"><\/td><td class=\"column-2\"><\/td><td class=\"column-3\">2\u00ba RENAN CASTRO FERREIRA - 8,28<\/td><td class=\"column-4\">Convocado em 25\/03\/2026<\/td>\n<\/tr>\n<tr class=\"row-28\">\n\t<td class=\"column-1\"><\/td><td class=\"column-2\"><\/td><td class=\"column-3\">3\u00ba VERGILIA SPIERING DAME - 6,56*<\/td><td class=\"column-4\"><\/td>\n<\/tr>\n<tr class=\"row-29\">\n\t<td class=\"column-1\"><strong>Terceiro Departamento <\/strong>Faculdade de<br \/>\nDireito<br \/>\n23110.035215\/2025-66<\/td><td class=\"column-2\">Teoria do Direito OU<br \/>\nDireitos Especiais<\/td><td class=\"column-3\">1\u00ba ANDRE LUIZ VALIM VIEIRA \u2013 8,80<\/td><td class=\"column-4\"><s>Convocado em 04\/03\/2026<\/s><br \/>\n(desist\u00eancia)<\/td>\n<\/tr>\n<tr class=\"row-30\">\n\t<td class=\"column-1\"><strong>Departamento de Fitotecnia<\/strong><br \/>\nFaculdade de Agronomia Eliseu Maciel<br \/>\n23110.027523\/2025-18<\/td><td class=\"column-2\">Silvicultura<\/td><td class=\"column-3\">1\u00ba ANA CRISTINA DA FONSECA ZIEGLER - 9,15<\/td><td class=\"column-4\">Convocada em 24\/04\/2026<\/td>\n<\/tr>\n<tr class=\"row-31\">\n\t<td class=\"column-1\"><\/td><td class=\"column-2\"><\/td><td class=\"column-3\">2\u00ba JESSICA GONSALEZ CRUZ - 9,04<\/td><td class=\"column-4\"><\/td>\n<\/tr>\n<tr class=\"row-32\">\n\t<td class=\"column-1\"><\/td><td class=\"column-2\"><\/td><td class=\"column-3\">3\u00ba JOICE FERNANDA LUBKE BONOW - 8,82<\/td><td class=\"column-4\"><\/td>\n<\/tr>\n<tr class=\"row-33\">\n\t<td class=\"column-1\"><\/td><td class=\"column-2\"><\/td><td class=\"column-3\">4\u00ba PRISCILLA COSTA GOBBI - 7,57<\/td><td class=\"column-4\"><\/td>\n<\/tr>\n<tr class=\"row-34\">\n\t<td class=\"column-1\"><strong>Departamento de Fundamentos da<br \/>\nEduca\u00e7\u00e3o<\/strong> Faculdade de Educa\u00e7\u00e3o<br \/>\n23110.030391\/2025-10<\/td><td class=\"column-2\">Filosofia da Educa\u00e7\u00e3o OU<br \/>\nHist\u00f3ria da Educa\u00e7\u00e3o OU<br \/>\nSociologia da Educa\u00e7\u00e3o<\/td><td class=\"column-3\">1\u00ba SANDRA ESPINOSA ALMANSA - 8,84<\/td><td class=\"column-4\">Convocada em 04\/03\/2026<\/td>\n<\/tr>\n<tr class=\"row-35\">\n\t<td class=\"column-1\"><\/td><td class=\"column-2\"><\/td><td class=\"column-3\">2\u00ba JULIA ROCHA CLASEN - 8,52<\/td><td class=\"column-4\">Convocada em 20\/03\/2026<\/td>\n<\/tr>\n<tr class=\"row-36\">\n\t<td class=\"column-1\"><\/td><td class=\"column-2\"><\/td><td class=\"column-3\">3\u00ba LUIZA FAGUNDES DIAS - 7,82<\/td><td class=\"column-4\"><\/td>\n<\/tr>\n<tr class=\"row-37\">\n\t<td class=\"column-1\"><strong>Departamento de Cirurgia Geral<br \/>\nFaculdade de Medicina<br \/>\n23110.035735\/2025-79c<\/td><td class=\"column-2\">Patologia<\/td><td class=\"column-3\">1\u00ba EDUARDO DE BARROS COELHO<br \/>\nBICCA - 10<\/td><td class=\"column-4\"><s>Convocado em 04\/03\/2026<\/s><br \/>\n(desist\u00eancia)<\/td>\n<\/tr>\n<tr class=\"row-38\">\n\t<td class=\"column-1\"><strong>Departamento de Cl\u00ednica M\u00e9dica<\/strong><br \/>\nFaculdade de Medicina<br \/>\n23110.035656\/2025-68<\/td><td class=\"column-2\">Cl\u00ednica M\u00e9dica<\/td><td class=\"column-3\">N\u00c3O HOUVE CANDIDATOS<br \/>\nINSCRITOS.<\/td><td class=\"column-4\"><\/td>\n<\/tr>\n<tr class=\"row-39\">\n\t<td class=\"column-1\"><strong>Departamento de Medicina Especializada<\/strong><br \/>\nFaculdade de Medicina<br \/>\n23110.018220\/2025-12<\/td><td class=\"column-2\">Oftalmologia<\/td><td class=\"column-3\">N\u00c3O HOUVE CANDIDATOS<br \/>\nINSCRITOS.<\/td><td class=\"column-4\"><\/td>\n<\/tr>\n<tr class=\"row-40\">\n\t<td class=\"column-1\"><strong>Departamento de Medicina Social<\/strong><br \/>\nFaculdade de Medicina<br \/>\n23110.041223\/2024-61<\/td><td class=\"column-2\">Aten\u00e7\u00e3o B\u00e1sica \u00e0 Sa\u00fade<\/td><td class=\"column-3\">1\u00ba LUIZA MAINARDI RIBAS \u2013 8,93<\/td><td class=\"column-4\">Convocada em 03\/03\/2026<\/td>\n<\/tr>\n<tr class=\"row-41\">\n\t<td class=\"column-1\"><strong>Curso de Terapia Ocupacional Faculdade<\/strong><br \/>\nde Medicina<br \/>\n23110.034598\/2025-55<\/td><td class=\"column-2\">Terapia Ocupacional em seus m\u00faltiplos<br \/>\ncontextos<\/td><td class=\"column-3\">N\u00c3O HOUVE CANDIDATOS<br \/>\nINSCRITOS<\/td><td class=\"column-4\"><\/td>\n<\/tr>\n<tr class=\"row-42\">\n\t<td class=\"column-1\"><strong>Departamento de Odontologia Social e<br \/>\nPreventiva<\/strong><br \/>\nFaculdade de Odontologia<br \/>\n23110.030219\/2025-58<\/td><td class=\"column-2\">Sa\u00fade Bucal Coletiva<\/td><td class=\"column-3\">1\u00ba HELENA PEREIRA RODRIGUES DA SILVA - 9,47<\/td><td class=\"column-4\">Convocada em 04\/03\/2026<\/td>\n<\/tr>\n<tr class=\"row-43\">\n\t<td class=\"column-1\"><\/td><td class=\"column-2\"><\/td><td class=\"column-3\">2\u00ba THAIS FREITAS FORMOZO TILLMANN - 9,22<\/td><td class=\"column-4\"><\/td>\n<\/tr>\n<tr class=\"row-44\">\n\t<td class=\"column-1\"><\/td><td class=\"column-2\"><\/td><td class=\"column-3\">3\u00ba CLARISSA NACHTIGALL FOLHA - 8,86<\/td><td class=\"column-4\"><\/td>\n<\/tr>\n<tr class=\"row-45\">\n\t<td class=\"column-1\"><strong>Departamento de Semiologia e Cl\u00ednica<\/strong><br \/>\nFaculdade de Odontologia<br \/>\n23110.035338\/2025-05<\/td><td class=\"column-2\">Periodontia<\/td><td class=\"column-3\">1\u00ba TACIANE MENEZES DA SILVEIRA - 9,55<\/td><td class=\"column-4\">Convocada em 04\/03\/2026<\/td>\n<\/tr>\n<tr class=\"row-46\">\n\t<td class=\"column-1\"><\/td><td class=\"column-2\"><\/td><td class=\"column-3\">2\u00ba HARRY RIVERA OBALLE - 8,87<\/td><td class=\"column-4\"><\/td>\n<\/tr>\n<tr class=\"row-47\">\n\t<td class=\"column-1\"><\/td><td class=\"column-2\"><\/td><td class=\"column-3\">3\u00ba ROBERTO PEREIRA PIMENTEL - 8,12<\/td><td class=\"column-4\"><\/td>\n<\/tr>\n<tr class=\"row-48\">\n\t<td class=\"column-1\"><\/td><td class=\"column-2\"><\/td><td class=\"column-3\">4\u00ba FRANCISCO HECKTHEUER SILVA - 7,58<\/td><td class=\"column-4\"><\/td>\n<\/tr>\n<tr class=\"row-49\">\n\t<td class=\"column-1\"><\/td><td class=\"column-2\"><\/td><td class=\"column-3\">5\u00ba HUMBERTO ALEXANDER BACA JUAREZ - 7,50<\/td><td class=\"column-4\"><\/td>\n<\/tr>\n<tr class=\"row-50\">\n\t<td class=\"column-1\"><strong>Departamento de Morfologia <\/strong>Instituto de<br \/>\nBiologia<br \/>\n23110.036057\/2025-61<\/td><td class=\"column-2\">Anatomia Humana<\/td><td class=\"column-3\">1\u00ba JESSICA DAME HENSE - 8,49<\/td><td class=\"column-4\">Convocada em 19\/03\/2026<\/td>\n<\/tr>\n<tr class=\"row-51\">\n\t<td class=\"column-1\"><\/td><td class=\"column-2\"><\/td><td class=\"column-3\">2\u00ba JANISE DAL PAI - 7,63<\/td><td class=\"column-4\"><\/td>\n<\/tr>\n<tr class=\"row-52\">\n\t<td class=\"column-1\"><\/td><td class=\"column-2\"><\/td><td class=\"column-3\">3\u00ba JAQUELINE BARBIERI MACHADO - 6,81*<\/td><td class=\"column-4\"><\/td>\n<\/tr>\n<tr class=\"row-53\">\n\t<td class=\"column-1\"><strong>Departamento de Ecologia, Zoologia e<br \/>\nGen\u00e9tica<\/strong><br \/>\nInstituto de Biologia<br \/>\n23110.033789\/2025-08<\/td><td class=\"column-2\">Ecologia<\/td><td class=\"column-3\">1\u00ba MARCIO REPENNING - 9,08<\/td><td class=\"column-4\">Convocado em 04\/03\/2026<\/td>\n<\/tr>\n<tr class=\"row-54\">\n\t<td class=\"column-1\"><\/td><td class=\"column-2\"><\/td><td class=\"column-3\">2\u00ba PAULA EVELYN RUBIRA PEREYRA 8,52<\/td><td class=\"column-4\"><\/td>\n<\/tr>\n<tr class=\"row-55\">\n\t<td class=\"column-1\"><\/td><td class=\"column-2\"><\/td><td class=\"column-3\">3\u00ba RODRIGO FERREIRA BASTOS - 7,71<\/td><td class=\"column-4\"><\/td>\n<\/tr>\n<tr class=\"row-56\">\n\t<td class=\"column-1\"><strong>Departamento de Antropologia e<br \/>\nArqueologia<\/strong> Instituto de Ci\u00eancias<br \/>\nHumanas<br \/>\n23110.031978\/2025-38<\/td><td class=\"column-2\">Antropologia<\/td><td class=\"column-3\">1\u00ba DANIELE BORGES BEZERRA - 9,4<\/td><td class=\"column-4\">Convocada em 04\/03\/2026<\/td>\n<\/tr>\n<tr class=\"row-57\">\n\t<td class=\"column-1\"><strong>Departamento de Economia<\/strong> Instituto de<br \/>\nCi\u00eancias Humanas<br \/>\n23110.034144\/2025-84<\/td><td class=\"column-2\">Teoria Econ\u00f4mica<\/td><td class=\"column-3\">1\u00ba MARCUS VIN\u00cdCIUS BASTOS DOS<br \/>\nSANTOS - 8,4<\/td><td class=\"column-4\">Convocado em 05\/03\/2026<\/td>\n<\/tr>\n<tr class=\"row-58\">\n\t<td class=\"column-1\"><strong>Departamento de Museologia,<br \/>\nConserva\u00e7\u00e3o e Restauro<\/strong><br \/>\nInstituto de Ci\u00eancias Humanas<br \/>\n23110.034272\/2025-28<\/td><td class=\"column-2\">Ci\u00eancia da Conserva\u00e7\u00e3o<\/td><td class=\"column-3\">1\u00ba BRUNO NUNES DA ROSA - 9,09<\/td><td class=\"column-4\">Convocado em 04\/03\/2026<\/td>\n<\/tr>\n<tr class=\"row-59\">\n\t<td class=\"column-1\"><\/td><td class=\"column-2\"><\/td><td class=\"column-3\">2\u00ba LUANA USZACKI KRUGER - 7,49<\/td><td class=\"column-4\"><\/td>\n<\/tr>\n<\/tbody>\n<\/table>\n<!-- #tablepress-207 from cache -->\n<div style=\"padding: 0 2rem 0;font-size: 10pt\">*Par\u00e1grafo \u00fanico do art. 25 da Resolu\u00e7\u00e3o n\u00b0 55\/2023.<\/div>\n<div style=\"padding: 0 2rem 0;font-size: 10pt\">**Candidato(a) concorrente \u00e0 reserva de vagas destinadas \u00e0s pessoas negras.<\/div>\n<div class=\"titleStyle\"><strong>Cotas Raciais<\/strong><\/div>\n\n<table id=\"tablepress-206\" class=\"tablepress tablepress-id-206\">\n<thead>\n<tr class=\"row-1\">\n\t<th class=\"column-1\">CLASSIFICA\u00c7\u00c3O<\/th><th class=\"column-2\">CANDIDATO(A)<\/th><th class=\"column-3\">\u00c1REA<\/th><th class=\"column-4\">SITUA\u00c7\u00c3O<\/th>\n<\/tr>\n<\/thead>\n<tbody class=\"row-striping row-hover\">\n<tr class=\"row-2\">\n\t<td class=\"column-1\">1\u00ba<\/td><td class=\"column-2\">NAT\u00c1LIA ARAUJO DE OLIVEIRA<\/td><td class=\"column-3\">Ci\u00eancias Sociais Aplicadas<\/td><td class=\"column-4\">Convocada em 04\/03\/2026<\/td>\n<\/tr>\n<\/tbody>\n<\/table>\n<!-- #tablepress-206 from cache -->\n<div class=\"naoHouveClassApro\"> Cotas PcD :<br \/>N\u00e3o h\u00e1.<\/div>\n<\/div>","protected":false},"excerpt":{"rendered":"<p>Convoca\u00e7\u00f5es &#8211; Edital 025\/2025 Acompanhe nesta p\u00e1gina a publica\u00e7\u00e3o dos\/as convocados\/as para cargos de docentes substitutos\/as UFPEL. \u00c1reas nesta p\u00e1gina: Confira a p\u00e1gina com as informa\u00e7\u00f5es a respeito do certame: Certame do Edital 025\/2025 Ampla Concorr\u00eancia *Par\u00e1grafo \u00fanico do art. 25 da Resolu\u00e7\u00e3o n\u00b0 55\/2023. **Candidato(a) concorrente \u00e0 reserva de vagas destinadas \u00e0s pessoas negras. [&hellip;]<\/p>\n","protected":false},"author":21,"featured_media":0,"parent":0,"menu_order":0,"comment_status":"closed","ping_status":"closed","template":"","meta":{"footnotes":""},"class_list":["post-40647","page","type-page","status-publish","hentry"],"_links":{"self":[{"href":"https:\/\/wp.ufpel.edu.br\/progep\/wp-json\/wp\/v2\/pages\/40647","targetHints":{"allow":["GET"]}}],"collection":[{"href":"https:\/\/wp.ufpel.edu.br\/progep\/wp-json\/wp\/v2\/pages"}],"about":[{"href":"https:\/\/wp.ufpel.edu.br\/progep\/wp-json\/wp\/v2\/types\/page"}],"author":[{"embeddable":true,"href":"https:\/\/wp.ufpel.edu.br\/progep\/wp-json\/wp\/v2\/users\/21"}],"replies":[{"embeddable":true,"href":"https:\/\/wp.ufpel.edu.br\/progep\/wp-json\/wp\/v2\/comments?post=40647"}],"version-history":[{"count":3,"href":"https:\/\/wp.ufpel.edu.br\/progep\/wp-json\/wp\/v2\/pages\/40647\/revisions"}],"predecessor-version":[{"id":40681,"href":"https:\/\/wp.ufpel.edu.br\/progep\/wp-json\/wp\/v2\/pages\/40647\/revisions\/40681"}],"wp:attachment":[{"href":"https:\/\/wp.ufpel.edu.br\/progep\/wp-json\/wp\/v2\/media?parent=40647"}],"curies":[{"name":"wp","href":"https:\/\/api.w.org\/{rel}","templated":true}]}}