{"id":33194,"date":"2025-06-13T11:37:52","date_gmt":"2025-06-13T14:37:52","guid":{"rendered":"https:\/\/wp.ufpel.edu.br\/progep\/?page_id=33194"},"modified":"2026-07-28T17:35:28","modified_gmt":"2026-07-28T20:35:28","slug":"acao-de-desenvolvimento-em-servico-2","status":"publish","type":"page","link":"https:\/\/wp.ufpel.edu.br\/progep\/acao-de-desenvolvimento-em-servico-2\/","title":{"rendered":"A\u00e7\u00e3o de Desenvolvimento em Servi\u00e7o"},"content":{"rendered":"\n<div class=\"wp-block-group\"><div class=\"wp-block-group__inner-container is-layout-constrained wp-block-group-is-layout-constrained\">\n<div class=\"logoTituloModelStyle\"><img class=\"size-medium wp-image-27184 alignleft\" src=\"https:\/\/wp.ufpel.edu.br\/progep\/files\/2025\/03\/logo-progep_atualizacao-nome_AZUL.png\" alt=\"\" \/><\/p>\n<div style=\"padding: 2rem 0\"><strong>A\u00e7\u00e3o de Desenvolvimento em Servi\u00e7o<\/strong><\/div>\n<\/div>\n<hr class=\"hrModelStyle\" \/>\n<div class=\"descriptionModelStyle\">Confira nesta p\u00e1gina como proceder para pedir uma <strong>A\u00e7\u00e3o de Desenvolvimento em Servi\u00e7o.<\/strong><\/div>\n<\/div><\/div>\n\n\n<div class=\"prevLegal linksComum\">\n<div><strong>Confira o Manual elaborado para auxiliar na solicita\u00e7\u00e3o da ADS<\/strong><\/div>\n<p><a href=\"https:\/\/wp.ufpel.edu.br\/progep\/files\/2026\/07\/Manual-ADS-UFPel-1.pdf\" target=\"_blank\">Manual para Solicita\u00e7\u00e3o de A\u00e7\u00e3o de Desenvolvimento em Servi\u00e7o<\/a><\/div>\n<div class=\"blocoDIVStyle\">\n<div class=\"titleComumStyle\">O que \u00e9?<\/div>\n<div class=\"paragrafoComumStyle\">\u00c9 toda <strong>a\u00e7\u00e3o voltada para o desenvolvimento de compet\u00eancias,<\/strong> organizada de maneira formal, realizada de modo individual ou coletivo, presencial ou a dist\u00e2ncia, com supervis\u00e3o, orienta\u00e7\u00e3o ou tutoria, e que o hor\u00e1rio ou o local de sua realiza\u00e7\u00e3o n\u00e3o inviabilizar o cumprimento total da jornada semanal de trabalho do(a) servidor(a).<\/div>\n<div class=\"paragrafoComumStyle\">O(A) servidor(a) poder\u00e1 solicitar a participa\u00e7\u00e3o quando a a\u00e7\u00e3o estiver no <a href=\"https:\/\/wp.ufpel.edu.br\/progep\/pdp\/\" target=\"_blank\"><strong>Plano de Desenvolvimento de Pessoas (PDP) da UFPel <\/strong><\/a> e alinhada ao desenvolvimento do(a)  servidor(a)  nas compet\u00eancias relativas \u00e0 sua Unidade de lota\u00e7\u00e3o, \u00e0 sua carreira ou cargo efetivo ou ao cargo de dire\u00e7\u00e3o\/fun\u00e7\u00e3o gratificada. Al\u00e9m disso, a participa\u00e7\u00e3o do(a)  servidor(a)  <strong>n\u00e3o poder\u00e1 ensejar preju\u00edzos \u00e0 Unidade<\/strong>, o que dever\u00e1 ser manifestado pela chefia imediata em formul\u00e1rio espec\u00edfico.<\/div>\n<div class=\"paragrafoComumStyle\">Em se tratando de a\u00e7\u00e3o relacionada a <strong>estudos de educa\u00e7\u00e3o formal<\/strong> (ensino fundamental, ensino m\u00e9dio, gradua\u00e7\u00e3o, especializa\u00e7\u00e3o, mestrado, doutorado e p\u00f3s-doutorado), o(a)  servidor(a)  poder\u00e1 cumprir at\u00e9 50% da jornada de trabalho institucional com seus estudos, sem necessidade de compensa\u00e7\u00e3o, respeitado o planejamento interno da Unidade.<\/div>\n<div class=\"paragrafoComumStyle\">O(a)  <strong>servidor(a)  dever\u00e1, ao final, comprovar o aproveitamento na a\u00e7\u00e3o de desenvolvimento<\/strong>, <strong>sob pena de ressarcir \u00e0 UFPel o valor correspondente \u00e0s horas n\u00e3o trabalhadas<\/strong>, salvo na hip\u00f3tese comprovada de caso fortuito ou for\u00e7a maior, a crit\u00e9rio do dirigente m\u00e1ximo, garantido o direito ao contradit\u00f3rio e \u00e0 ampla defesa. A comprova\u00e7\u00e3o dever\u00e1 ser apresentar no prazo de 30 (trinta) dias, atrav\u00e9s dos seguintes documentos comprobat\u00f3rios: a) certificado, diploma ou documento equivalente que comprove a participa\u00e7\u00e3o; b) relat\u00f3rio das atividades desenvolvidas; ou c) c\u00f3pia de trabalho de conclus\u00e3o, monografia, disserta\u00e7\u00e3o ou tese, com assinatura do(a)  orientador(a), conforme o caso.<\/div>\n<div class=\"paragrafoComumStyle\">Quando a a\u00e7\u00e3o de desenvolvimento em servi\u00e7o estiver relacionada a estudos de educa\u00e7\u00e3o formal, <strong>o(a) servidor(a) dever\u00e1 requerer autoriza\u00e7\u00e3o de participa\u00e7\u00e3o a cada semestre letivo<\/strong> e, somente ser\u00e1 autorizada nova participa\u00e7\u00e3o, ap\u00f3s comprovado o aproveitamento na a\u00e7\u00e3o.<\/div>\n<\/div>\n<div class=\"titleComumStyle\">Como fazer?<\/div>\n<div class=\"paragrafoComumStyle\">Confira a documenta\u00e7\u00e3o exigida e os tr\u00e2mites do processo.<\/div>\n<div class=\"paragrafoComumStyle\">Primeiramente, o(a) servidor(a) dever\u00e1 abrir no <a href=\"https:\/\/sei.ufpel.edu.br\/sip\/login.php?sigla_orgao_sistema=UFPel&amp;sigla_sistema=SEI&amp;infra_url=L3NlaS8=\" target=\"_blank\">SEI<\/a> o processo \u201c<strong>Pessoal: A\u00e7\u00e3o de Desenvolvimento em Servi\u00e7o<\/strong>\u201d e, ap\u00f3s, anexar os seguintes documentos:<\/div>\n<div class=\"paragrafoComumStyle\">&#8211; Formul\u00e1rio SEI \u201c<strong>PROGEP A\u00e7\u00e3o de Desenvolvimento em Servi\u00e7o<\/strong>&#8220;. Observa\u00e7\u00e3o: A carga hor\u00e1ria dever\u00e1 ser informada somente em horas inteiras, sendo vedada a inser\u00e7\u00e3o de minutos;<\/div>\n<div class=\"paragrafoComumStyle\">&#8211; <strong>Plano Plurianual de Capacita\u00e7\u00e3o da Unidade<\/strong> ou justificativa para n\u00e3o apresenta\u00e7\u00e3o do referido planejamento (devidamente aprovado pela Unidade);<\/div>\n<div class=\"paragrafoComumStyle\">&#8211; Estar prevista, no <a href=\"https:\/\/wp.ufpel.edu.br\/progep\/pdp\/\"><strong>Plano de Desenvolvimento de Pessoas vigente<\/strong><\/a>, a necessidade de desenvolvimento a ser atendida com o A\u00e7\u00e3o de Desenvolvimento em Servi\u00e7o;<\/div>\n<div class=\"paragrafoComumStyle\">&#8211; Formul\u00e1rio SEI \u201c<strong>PROGEP Parecer Gestor M\u00e1ximo\/Chefia Imediata\u2013 ADS<\/strong>\u201d.<\/div>\n<div class=\"paragrafoComumStyle\">&#8211;<strong> Comprovante de matr\u00edcula ou aceite do curso;<\/strong><\/div>\n<div class=\"paragrafoComumStyle\">&#8211;<strong> Encaminhar processo<\/strong> para Se\u00e7\u00e3o de Desenvolvimento na Carreira dos Servidores &#8211; <strong>SDCS.<\/strong><\/div>\n<div class=\"prevLegal linksComum\">\n<div class=\"titleComumStyle\"><strong>Fundamento legal:<\/strong><\/div>\n<p><a href=\"https:\/\/wp.ufpel.edu.br\/progep\/files\/2019\/09\/D9991.pdf\" target=\"_blank\">Decreto n\u00ba 9.991\/2019<\/a><a href=\"https:\/\/www.in.gov.br\/en\/web\/dou\/-\/instrucao-normativa-sgp-enap\/sedgg\/me-n-21-de-1-de-fevereiro-de-2021-302021570\" target=\"_blank\">Instru\u00e7\u00e3o Normativa n\u00ba 21\/2021<\/a><a href=\"https:\/\/wp.ufpel.edu.br\/scs\/files\/2022\/09\/SEI_UFPel-1877446-Resolucao-82.2022.pdf\" target=\"_blank\">Resolu\u00e7\u00e3o n\u00ba 82\/2022<\/a><\/p>\n<div class=\"paragrafoComumStyle\">Os demais procedimentos poder\u00e3o ser visualizados em <strong><a href=\"https:\/\/wp.ufpel.edu.br\/progep\/files\/2023\/01\/Acao-de-Desenvolvimento-em-Servico.pdf\" target=\"_blank\">Base de Conhecimento &#8211; A\u00e7\u00e3o de Desempenho<\/a><\/strong><\/div>\n<\/div>","protected":false},"excerpt":{"rendered":"<p>A\u00e7\u00e3o de Desenvolvimento em Servi\u00e7o Confira nesta p\u00e1gina como proceder para pedir uma A\u00e7\u00e3o de Desenvolvimento em Servi\u00e7o. Confira o Manual elaborado para auxiliar na solicita\u00e7\u00e3o da ADS Manual para Solicita\u00e7\u00e3o de A\u00e7\u00e3o de Desenvolvimento em Servi\u00e7o O que \u00e9? \u00c9 toda a\u00e7\u00e3o voltada para o desenvolvimento de compet\u00eancias, organizada de maneira formal, realizada de [&hellip;]<\/p>\n","protected":false},"author":21,"featured_media":0,"parent":0,"menu_order":0,"comment_status":"closed","ping_status":"closed","template":"","meta":{"footnotes":""},"class_list":["post-33194","page","type-page","status-publish","hentry"],"yoast_head":"<!-- This site is optimized with the Yoast SEO plugin v28.1 - https:\/\/yoast.com\/product\/yoast-seo-wordpress\/ -->\n<title>A\u00e7\u00e3o de Desenvolvimento em Servi\u00e7o - Pr\u00f3-Reitoria de Gest\u00e3o com Pessoas - PROGEP<\/title>\n<meta name=\"robots\" content=\"index, follow, max-snippet:-1, max-image-preview:large, max-video-preview:-1\" \/>\n<link rel=\"canonical\" href=\"https:\/\/wp.ufpel.edu.br\/progep\/acao-de-desenvolvimento-em-servico-2\/\" \/>\n<meta property=\"og:locale\" content=\"pt_BR\" \/>\n<meta property=\"og:type\" content=\"article\" \/>\n<meta property=\"og:title\" content=\"A\u00e7\u00e3o de Desenvolvimento em Servi\u00e7o - Pr\u00f3-Reitoria de Gest\u00e3o com Pessoas - PROGEP\" \/>\n<meta property=\"og:description\" content=\"A\u00e7\u00e3o de Desenvolvimento em Servi\u00e7o Confira nesta p\u00e1gina como proceder para pedir uma A\u00e7\u00e3o de Desenvolvimento em Servi\u00e7o. Confira o Manual elaborado para auxiliar na solicita\u00e7\u00e3o da ADS Manual para Solicita\u00e7\u00e3o de A\u00e7\u00e3o de Desenvolvimento em Servi\u00e7o O que \u00e9? \u00c9 toda a\u00e7\u00e3o voltada para o desenvolvimento de compet\u00eancias, organizada de maneira formal, realizada de [&hellip;]\" \/>\n<meta property=\"og:url\" content=\"https:\/\/wp.ufpel.edu.br\/progep\/acao-de-desenvolvimento-em-servico-2\/\" \/>\n<meta property=\"og:site_name\" content=\"Pr\u00f3-Reitoria de Gest\u00e3o com Pessoas - PROGEP\" \/>\n<meta property=\"article:modified_time\" content=\"2026-07-28T20:35:28+00:00\" \/>\n<meta property=\"og:image\" content=\"https:\/\/wp.ufpel.edu.br\/progep\/files\/2025\/03\/logo-progep_atualizacao-nome_AZUL.png\" \/>\n<meta name=\"twitter:card\" content=\"summary_large_image\" \/>\n<meta name=\"twitter:label1\" content=\"Est. tempo de leitura\" \/>\n\t<meta name=\"twitter:data1\" content=\"3 minutos\" \/>\n<script type=\"application\/ld+json\" class=\"yoast-schema-graph\">{\"@context\":\"https:\\\/\\\/schema.org\",\"@graph\":[{\"@type\":\"WebPage\",\"@id\":\"https:\\\/\\\/wp.ufpel.edu.br\\\/progep\\\/acao-de-desenvolvimento-em-servico-2\\\/\",\"url\":\"https:\\\/\\\/wp.ufpel.edu.br\\\/progep\\\/acao-de-desenvolvimento-em-servico-2\\\/\",\"name\":\"A\u00e7\u00e3o de Desenvolvimento em Servi\u00e7o - Pr\u00f3-Reitoria de Gest\u00e3o com Pessoas - PROGEP\",\"isPartOf\":{\"@id\":\"https:\\\/\\\/wp.ufpel.edu.br\\\/progep\\\/#website\"},\"primaryImageOfPage\":{\"@id\":\"https:\\\/\\\/wp.ufpel.edu.br\\\/progep\\\/acao-de-desenvolvimento-em-servico-2\\\/#primaryimage\"},\"image\":{\"@id\":\"https:\\\/\\\/wp.ufpel.edu.br\\\/progep\\\/acao-de-desenvolvimento-em-servico-2\\\/#primaryimage\"},\"thumbnailUrl\":\"https:\\\/\\\/wp.ufpel.edu.br\\\/progep\\\/files\\\/2025\\\/03\\\/logo-progep_atualizacao-nome_AZUL.png\",\"datePublished\":\"2025-06-13T14:37:52+00:00\",\"dateModified\":\"2026-07-28T20:35:28+00:00\",\"breadcrumb\":{\"@id\":\"https:\\\/\\\/wp.ufpel.edu.br\\\/progep\\\/acao-de-desenvolvimento-em-servico-2\\\/#breadcrumb\"},\"inLanguage\":\"pt-BR\",\"potentialAction\":[{\"@type\":\"ReadAction\",\"target\":[\"https:\\\/\\\/wp.ufpel.edu.br\\\/progep\\\/acao-de-desenvolvimento-em-servico-2\\\/\"]}]},{\"@type\":\"ImageObject\",\"inLanguage\":\"pt-BR\",\"@id\":\"https:\\\/\\\/wp.ufpel.edu.br\\\/progep\\\/acao-de-desenvolvimento-em-servico-2\\\/#primaryimage\",\"url\":\"\",\"contentUrl\":\"\"},{\"@type\":\"BreadcrumbList\",\"@id\":\"https:\\\/\\\/wp.ufpel.edu.br\\\/progep\\\/acao-de-desenvolvimento-em-servico-2\\\/#breadcrumb\",\"itemListElement\":[{\"@type\":\"ListItem\",\"position\":1,\"name\":\"In\u00edcio\",\"item\":\"https:\\\/\\\/wp.ufpel.edu.br\\\/progep\\\/\"},{\"@type\":\"ListItem\",\"position\":2,\"name\":\"A\u00e7\u00e3o de Desenvolvimento em Servi\u00e7o\"}]},{\"@type\":\"WebSite\",\"@id\":\"https:\\\/\\\/wp.ufpel.edu.br\\\/progep\\\/#website\",\"url\":\"https:\\\/\\\/wp.ufpel.edu.br\\\/progep\\\/\",\"name\":\"Pr\u00f3-Reitoria de Gest\u00e3o com Pessoas - PROGEP\",\"description\":\"Pr\u00f3-Reitoria de Gest\u00e3o com Pessoas\",\"publisher\":{\"@id\":\"https:\\\/\\\/wp.ufpel.edu.br\\\/progep\\\/#organization\"},\"potentialAction\":[{\"@type\":\"SearchAction\",\"target\":{\"@type\":\"EntryPoint\",\"urlTemplate\":\"https:\\\/\\\/wp.ufpel.edu.br\\\/progep\\\/?s={search_term_string}\"},\"query-input\":{\"@type\":\"PropertyValueSpecification\",\"valueRequired\":true,\"valueName\":\"search_term_string\"}}],\"inLanguage\":\"pt-BR\"},{\"@type\":\"Organization\",\"@id\":\"https:\\\/\\\/wp.ufpel.edu.br\\\/progep\\\/#organization\",\"name\":\"Pr\u00f3-Reitoria de Gest\u00e3o com Pessoas - PROGEP\",\"url\":\"https:\\\/\\\/wp.ufpel.edu.br\\\/progep\\\/\",\"logo\":{\"@type\":\"ImageObject\",\"inLanguage\":\"pt-BR\",\"@id\":\"https:\\\/\\\/wp.ufpel.edu.br\\\/progep\\\/#\\\/schema\\\/logo\\\/image\\\/\",\"url\":\"https:\\\/\\\/wp.ufpel.edu.br\\\/progep\\\/files\\\/2025\\\/03\\\/logo-progep_atualizacao-nome_AZUL.png\",\"contentUrl\":\"https:\\\/\\\/wp.ufpel.edu.br\\\/progep\\\/files\\\/2025\\\/03\\\/logo-progep_atualizacao-nome_AZUL.png\",\"width\":1080,\"height\":391,\"caption\":\"Pr\u00f3-Reitoria de Gest\u00e3o com Pessoas - PROGEP\"},\"image\":{\"@id\":\"https:\\\/\\\/wp.ufpel.edu.br\\\/progep\\\/#\\\/schema\\\/logo\\\/image\\\/\"}}]}<\/script>\n<!-- \/ Yoast SEO plugin. -->","yoast_head_json":{"title":"A\u00e7\u00e3o de Desenvolvimento em Servi\u00e7o - Pr\u00f3-Reitoria de Gest\u00e3o com Pessoas - PROGEP","robots":{"index":"index","follow":"follow","max-snippet":"max-snippet:-1","max-image-preview":"max-image-preview:large","max-video-preview":"max-video-preview:-1"},"canonical":"https:\/\/wp.ufpel.edu.br\/progep\/acao-de-desenvolvimento-em-servico-2\/","og_locale":"pt_BR","og_type":"article","og_title":"A\u00e7\u00e3o de Desenvolvimento em Servi\u00e7o - Pr\u00f3-Reitoria de Gest\u00e3o com Pessoas - PROGEP","og_description":"A\u00e7\u00e3o de Desenvolvimento em Servi\u00e7o Confira nesta p\u00e1gina como proceder para pedir uma A\u00e7\u00e3o de Desenvolvimento em Servi\u00e7o. Confira o Manual elaborado para auxiliar na solicita\u00e7\u00e3o da ADS Manual para Solicita\u00e7\u00e3o de A\u00e7\u00e3o de Desenvolvimento em Servi\u00e7o O que \u00e9? \u00c9 toda a\u00e7\u00e3o voltada para o desenvolvimento de compet\u00eancias, organizada de maneira formal, realizada de [&hellip;]","og_url":"https:\/\/wp.ufpel.edu.br\/progep\/acao-de-desenvolvimento-em-servico-2\/","og_site_name":"Pr\u00f3-Reitoria de Gest\u00e3o com Pessoas - PROGEP","article_modified_time":"2026-07-28T20:35:28+00:00","og_image":[{"url":"https:\/\/wp.ufpel.edu.br\/progep\/files\/2025\/03\/logo-progep_atualizacao-nome_AZUL.png","type":"","width":"","height":""}],"twitter_card":"summary_large_image","twitter_misc":{"Est. tempo de leitura":"3 minutos"},"schema":{"@context":"https:\/\/schema.org","@graph":[{"@type":"WebPage","@id":"https:\/\/wp.ufpel.edu.br\/progep\/acao-de-desenvolvimento-em-servico-2\/","url":"https:\/\/wp.ufpel.edu.br\/progep\/acao-de-desenvolvimento-em-servico-2\/","name":"A\u00e7\u00e3o de Desenvolvimento em Servi\u00e7o - Pr\u00f3-Reitoria de Gest\u00e3o com Pessoas - PROGEP","isPartOf":{"@id":"https:\/\/wp.ufpel.edu.br\/progep\/#website"},"primaryImageOfPage":{"@id":"https:\/\/wp.ufpel.edu.br\/progep\/acao-de-desenvolvimento-em-servico-2\/#primaryimage"},"image":{"@id":"https:\/\/wp.ufpel.edu.br\/progep\/acao-de-desenvolvimento-em-servico-2\/#primaryimage"},"thumbnailUrl":"https:\/\/wp.ufpel.edu.br\/progep\/files\/2025\/03\/logo-progep_atualizacao-nome_AZUL.png","datePublished":"2025-06-13T14:37:52+00:00","dateModified":"2026-07-28T20:35:28+00:00","breadcrumb":{"@id":"https:\/\/wp.ufpel.edu.br\/progep\/acao-de-desenvolvimento-em-servico-2\/#breadcrumb"},"inLanguage":"pt-BR","potentialAction":[{"@type":"ReadAction","target":["https:\/\/wp.ufpel.edu.br\/progep\/acao-de-desenvolvimento-em-servico-2\/"]}]},{"@type":"ImageObject","inLanguage":"pt-BR","@id":"https:\/\/wp.ufpel.edu.br\/progep\/acao-de-desenvolvimento-em-servico-2\/#primaryimage","url":"","contentUrl":""},{"@type":"BreadcrumbList","@id":"https:\/\/wp.ufpel.edu.br\/progep\/acao-de-desenvolvimento-em-servico-2\/#breadcrumb","itemListElement":[{"@type":"ListItem","position":1,"name":"In\u00edcio","item":"https:\/\/wp.ufpel.edu.br\/progep\/"},{"@type":"ListItem","position":2,"name":"A\u00e7\u00e3o de Desenvolvimento em Servi\u00e7o"}]},{"@type":"WebSite","@id":"https:\/\/wp.ufpel.edu.br\/progep\/#website","url":"https:\/\/wp.ufpel.edu.br\/progep\/","name":"Pr\u00f3-Reitoria de Gest\u00e3o com Pessoas - PROGEP","description":"Pr\u00f3-Reitoria de Gest\u00e3o com Pessoas","publisher":{"@id":"https:\/\/wp.ufpel.edu.br\/progep\/#organization"},"potentialAction":[{"@type":"SearchAction","target":{"@type":"EntryPoint","urlTemplate":"https:\/\/wp.ufpel.edu.br\/progep\/?s={search_term_string}"},"query-input":{"@type":"PropertyValueSpecification","valueRequired":true,"valueName":"search_term_string"}}],"inLanguage":"pt-BR"},{"@type":"Organization","@id":"https:\/\/wp.ufpel.edu.br\/progep\/#organization","name":"Pr\u00f3-Reitoria de Gest\u00e3o com Pessoas - PROGEP","url":"https:\/\/wp.ufpel.edu.br\/progep\/","logo":{"@type":"ImageObject","inLanguage":"pt-BR","@id":"https:\/\/wp.ufpel.edu.br\/progep\/#\/schema\/logo\/image\/","url":"https:\/\/wp.ufpel.edu.br\/progep\/files\/2025\/03\/logo-progep_atualizacao-nome_AZUL.png","contentUrl":"https:\/\/wp.ufpel.edu.br\/progep\/files\/2025\/03\/logo-progep_atualizacao-nome_AZUL.png","width":1080,"height":391,"caption":"Pr\u00f3-Reitoria de Gest\u00e3o com Pessoas - PROGEP"},"image":{"@id":"https:\/\/wp.ufpel.edu.br\/progep\/#\/schema\/logo\/image\/"}}]}},"_links":{"self":[{"href":"https:\/\/wp.ufpel.edu.br\/progep\/wp-json\/wp\/v2\/pages\/33194","targetHints":{"allow":["GET"]}}],"collection":[{"href":"https:\/\/wp.ufpel.edu.br\/progep\/wp-json\/wp\/v2\/pages"}],"about":[{"href":"https:\/\/wp.ufpel.edu.br\/progep\/wp-json\/wp\/v2\/types\/page"}],"author":[{"embeddable":true,"href":"https:\/\/wp.ufpel.edu.br\/progep\/wp-json\/wp\/v2\/users\/21"}],"replies":[{"embeddable":true,"href":"https:\/\/wp.ufpel.edu.br\/progep\/wp-json\/wp\/v2\/comments?post=33194"}],"version-history":[{"count":4,"href":"https:\/\/wp.ufpel.edu.br\/progep\/wp-json\/wp\/v2\/pages\/33194\/revisions"}],"predecessor-version":[{"id":43000,"href":"https:\/\/wp.ufpel.edu.br\/progep\/wp-json\/wp\/v2\/pages\/33194\/revisions\/43000"}],"wp:attachment":[{"href":"https:\/\/wp.ufpel.edu.br\/progep\/wp-json\/wp\/v2\/media?parent=33194"}],"curies":[{"name":"wp","href":"https:\/\/api.w.org\/{rel}","templated":true}]}}