{"id":30959,"date":"2025-04-02T16:22:57","date_gmt":"2025-04-02T19:22:57","guid":{"rendered":"https:\/\/wp.ufpel.edu.br\/progep\/?page_id=30959"},"modified":"2026-01-23T09:14:20","modified_gmt":"2026-01-23T12:14:20","slug":"avaliacao-de-desempenho-de-tecnico-administrativo","status":"publish","type":"page","link":"https:\/\/wp.ufpel.edu.br\/progep\/avaliacao-de-desempenho-de-tecnico-administrativo\/","title":{"rendered":"Avalia\u00e7\u00e3o de Desempenho de T\u00e9cnico-Administrativo"},"content":{"rendered":"\n<div class=\"wp-block-group\"><div class=\"wp-block-group__inner-container is-layout-constrained wp-block-group-is-layout-constrained\">\n<div class=\"logoTituloModelStyle\"><img class=\"size-medium wp-image-27184 alignleft\" src=\"https:\/\/wp.ufpel.edu.br\/progep\/files\/2025\/03\/logo-progep_atualizacao-nome_AZUL.png\" alt=\"\" \/><\/p>\n<div style=\"padding: 2rem 0\"><strong>Avalia\u00e7\u00e3o de Desempenho de T\u00e9cnico-Administrativo\/a<\/strong><\/div>\n<\/div>\n<hr class=\"hrModelStyle\" \/>\n<\/div><\/div>\n\n\n<div class=\"avaliacaoDesempenhoStyle\">\n<div class=\"conteudo\">\n<div class=\"titleComumStyle\">Fique atento\/a aos prazos de 2026:<\/div>\n<div class=\"paragrafoMenorStyle\"><br \/><strong>Etapa 1: Cadastro do Plano de Trabalho<\/strong><br \/>De 1\u00ba de janeiro at\u00e9 dia 31 de janeiro de 2026<br \/><strong>Etapa 2: Ajustes no Plano de Trabalho<\/strong><br \/>De 1\u00ba de fevereiro at\u00e9 dia 31 de outubro de 2026<br \/><strong>Etapa 3: Avalia\u00e7\u00e3o do Plano de Trabalho<\/strong><br \/>De 1\u00ba de novembro at\u00e9 dia 30 de novembro de 2026<\/div>\n<\/div>\n<\/div>\n<div class=\"titleComumStyle\"><strong>O que \u00e9?<\/strong><\/div>\n<div class=\"blocoDIVStyle\">\n<p class=\"paragrafoComumStyle\">A <strong>Avalia\u00e7\u00e3o de Desempenho<\/strong> \u00e9 um instrumento gerencial que permite mensurar os resultados obtidos pelo\/a servidor\/a, com a finalidade de subsidiar a <strong>concess\u00e3o da Progress\u00e3o por M\u00e9rito, o Est\u00e1gio Probat\u00f3rio e as a\u00e7\u00f5es de desenvolvimento<\/strong>. Na UFPel, a Avalia\u00e7\u00e3o de Desempenho dos\/as servidores\/as T\u00e9cnico-Administrativos\/as em Educa\u00e7\u00e3o (TAEs) foi regulamentada pela <a><strong>Resolu\u00e7\u00e3o CONSUN n\u00ba 13\/2017<\/strong><\/a>.<\/p>\n<\/div>\n<div class=\"titleComumStyle\"><strong>O que fazer?<\/strong><\/div>\n<div class=\"avaliacaoDesempenhoStyle\">\n<div class=\"conteudo\">\n<div class=\"paragrafoMenorStyle\">A primeira etapa consiste na cria\u00e7\u00e3o do <strong>Plano de Trabalho<\/strong>, onde devem ser informadas as atividades pactuadas com a chefia.<\/div>\n<div class=\"titulo-institucional\">Cria\u00e7\u00e3o do Plano de Trabalho Inicial (Ingressantes)<\/div>\n<div class=\"paragrafoMenorStyle\">Cadastre seu plano de trabalho no Cobalto, com atividades pactuadas entre voc\u00ea e sua chefia. Esse plano deve refletir suas fun\u00e7\u00f5es e responsabilidades reais.<\/div>\n<div class=\"paragrafoMenorStyle\"><a class=\"link-acao\" href=\"https:\/\/cobalto.ufpel.edu.br\/\" target=\"_blank\" rel=\"noopener\">Acessar o Cobalto &gt; PROGEP &gt; REQUIRIMENTOS &gt; PROGRESS\u00c3O POR M\u00c9RITO &#8211;&gt; Clicar no bot\u00e3o &#8220;NOVO&#8221;;<\/a><\/div>\n<div class=\"paragrafoMenorStyle\"><strong> Ao criar um novo plano<\/strong>, o\/a servidor\/a dever\u00e1\u00a0<strong>informar o nome da chefia imediata, clicar em \u201cSalvar\u201d e inserir as atividades pactuadas<\/strong>, clicando no bot\u00e3o <strong>&#8220;Adicionar&#8221;<\/strong> uma a uma at\u00e9 completar o plano.<\/div>\n<div class=\"paragrafoMenorStyle\">\u00a0<strong>Assinar o plano<\/strong>\u00a0para que, posteriormente, a chefia tamb\u00e9m realize a assinatura, confirmando, assim, a pactua\u00e7\u00e3o das atividades.<\/div>\n<\/div>\n<\/div>\n<div class=\"avaliacaoDesempenhoStyle\">\n<div class=\"conteudo\">\n<div class=\"paragrafoMenorStyle\">A segunda etapa consiste na cria\u00e7\u00e3o\/adequa\u00e7\u00e3o do Plano Anual de atividades.<\/div>\n<div class=\"titulo-institucional\">Cria\u00e7\u00e3o do Plano de Trabalho Anual (a partir do 2\u00ba ano): Durante o m\u00eas de janeiro<\/div>\n<div class=\"paragrafoMenorStyle\">Os\/As servidores\/as que j\u00e1 possuem plano anterior devem, a cada novo ciclo avaliativo, realizar a cria\u00e7\u00e3o ou clonagem do Plano de Trabalho Anual, correspondente ao ano vigente.<\/div>\n<div class=\"paragrafoMenorStyle\"><strong>Orienta\u00e7\u00f5es:<\/strong> <a class=\"link-acao\" href=\"https:\/\/cobalto.ufpel.edu.br\/\" target=\"_blank\" rel=\"noopener\">Acessar o sistema <strong>Cobalto:<\/strong> PROGEP &gt; Requerimentos &gt; Progress\u00e3o por M\u00e9rito.<\/a><\/div>\n<div class=\"paragrafoMenorStyle\"><strong>Escolher uma das op\u00e7\u00f5es:<\/strong><\/div>\n<div class=\"paragrafoMenorStyle\"><strong>1) Criar novo plano:<\/strong> quando houver altera\u00e7\u00f5es nas atividades desempenhadas;<\/div>\n<div class=\"paragrafoMenorStyle\"><strong>2) Clonar plano anterior:<\/strong> quando as atividades permanecerem as mesmas, ajustando apenas o per\u00edodo e eventuais detalhes. <strong>Para clonar, clique no \u00faltimo plano e nesta p\u00e1gina, clique no bot\u00e3o &#8220;CLONAR&#8221;. Poder\u00e1s alterar as atividades, incluindo ou excluindo.<\/strong><\/div>\n<div class=\"paragrafoMenorStyle\"><strong>Preencher os dados<\/strong>:<\/div>\n<div class=\"paragrafoMenorStyle\"><strong>1)<\/strong> Informar o nome da <strong>chefia imediata<\/strong> ;<\/div>\n<div class=\"paragrafoMenorStyle\"><strong>2)<\/strong> Clicar em <strong>\u201cSalvar\u201d;<\/strong><\/div>\n<div class=\"paragrafoMenorStyle\"><strong>3) Inserir (ou revisar)<\/strong> as atividades pactuadas, adicionando-as uma a uma at\u00e9 completar o plano.<\/div>\n<div class=\"paragrafoMenorStyle\"><strong>4) Assinar o plano:<\/strong> Ap\u00f3s o preenchimento, o\/a servidor\/a deve assinar o plano, para que a chefia tamb\u00e9m realize a assinatura, confirmando, assim, a pactua\u00e7\u00e3o das atividades.<\/div>\n<\/div>\n<\/div>\n<div class=\"avaliacaoDesempenhoStyle\">\n<div class=\"conteudo\">\n<div class=\"paragrafoMenorStyle\">A pr\u00f3xima etapa consiste na avalia\u00e7\u00e3o propriamente dita, e est\u00e1 dispon\u00edvel, anualmente, no m\u00eas de novembro.<\/div>\n<div class=\"titulo-institucional\">Avalia\u00e7\u00e3o de Desempenho (Novembro)<\/div>\n<div class=\"paragrafoMenorStyle\">Durante <strong>novembro<\/strong>, voc\u00ea e sua chefia dever\u00e3o <strong>preencher a avalia\u00e7\u00e3o<\/strong> no sistema. A aprova\u00e7\u00e3o garante a progress\u00e3o por m\u00e9rito ap\u00f3s 12 meses de exerc\u00edcio. <strong>Prazo final<\/strong>: 30 de novembro.<\/div>\n<div class=\"paragrafoMenorStyle\"><a class=\"link-acao\" href=\"https:\/\/cobalto.ufpel.edu.br\/\" target=\"_blank\" rel=\"noopener\">Acessar o Cobalto &gt; PROGEP &gt; REQUIRIMENTOS &gt; PROGRESS\u00c3O POR M\u00c9RITO &gt; Escolher o plano vigente &gt; Avalia\u00e7\u00e3o<\/a><\/div>\n<div class=\"paragrafoMenorStyle\">Servidor\/a e chefia dever\u00e3o <strong>realizar a avalia\u00e7\u00e3o <\/strong>. Para concluir a avalia\u00e7\u00e3o, clicar em <strong> AVALIAR.<\/strong><\/div>\n<div class=\"paragrafoMenorStyle\">Nessa etapa, avaliado\/a e avaliador\/a analisar\u00e3o o desempenho do\/a servidor\/a TAE\u00a0 na execu\u00e7\u00e3o das atividades descritas no plano, observando os seguintes fatores: <strong> assiduidade, disciplina, capacidade de iniciativa, produtividade e responsabilidade. <\/strong><\/div>\n<div class=\"paragrafoMenorStyle\">As <strong>CHEFIAS AVALIADORAS<\/strong> devem acessar no <a class=\"link-acao\" href=\"https:\/\/cobalto.ufpel.edu.br\/\" target=\"_blank\" rel=\"noopener\">Cobalto<\/a> a op\u00e7\u00e3o <a class=\"link-acao\" href=\"https:\/\/cobalto.ufpel.edu.br\/\" target=\"_blank\" rel=\"noopener\">Gest\u00e3o Administrativa &gt; Processos &gt; Progress\u00e3o por M\u00e9rito. <\/a><\/div>\n<div class=\"paragrafoMenorStyle\">\u00c9 importante confirmar o status de <strong>\u201cPlano Pactuado\u201d<\/strong> no Cobalto, o que significa que tanto avaliado\/a quanto avaliador\/a acordaram as atividades.<\/div>\n<div class=\"paragrafoMenorStyle\"><strong>As atividades devem estar de acordo com a descri\u00e7\u00e3o do cargo <\/strong> ocupado pelo\/a servidor\/a, prevista na <a href=\"http:\/\/www.planalto.gov.br\/ccivil_03\/_Ato2004-2006\/2005\/Lei\/L11091.htm\" target=\"_blank\" rel=\"noopener\"><strong>Lei n\u00ba 11.091\/2005 <\/strong><\/a>, e\/ou com as fun\u00e7\u00f5es desempenhadas pelo\/a servidor\/a detentor\/a de FG ou CD, sempre adaptando-as \u00e0 realidade do trabalho.<\/div>\n<div class=\"paragrafoMenorStyle\">O campo descritivo <strong>\u201cconsidera\u00e7\u00f5es\u201d <\/strong> pode ser preenchido se houver necessidade de mencionar aspectos positivos, limitantes e\/ou sugest\u00f5es de melhoria. <strong>No caso de desempenho insatisfat\u00f3rio o preenchimento \u00e9 obrigat\u00f3rio.<\/strong><\/div>\n<div class=\"paragrafoMenorStyle\">Ficar\u00e1 <strong>impossibilitado de progredir por m\u00e9rito<\/strong>, at\u00e9 o pr\u00f3ximo interst\u00edcio, <strong>o\/a servidor\/a que apresentar desempenho insatisfat\u00f3rio <\/strong> em quaisquer fatores analisados <strong>e tamb\u00e9m aqueles que n\u00e3o participarem do processo avaliativo.<\/strong><\/div>\n<\/div>\n<\/div>\n<div class=\"avaliacaoDesempenhoStyle\">\n<div class=\"conteudo\">\n<div class=\"paragrafoMenorStyle\"><strong>Aten\u00e7\u00e3o! Considerando as constantes atualiza\u00e7\u00f5es normativas e estruturais da carreira do\/a servidor\/a, \u00e9 imprescind\u00edvel que, inclusive os\/as servidores\/as que j\u00e1 se encontram no \u00faltimo n\u00edvel da carreira, realizem a avalia\u00e7\u00e3o, de modo a n\u00e3o incorrer em preju\u00edzo quanto a eventuais benef\u00edcios que venham a ser institu\u00eddos.<\/strong> <\/div>\n\n<\/div>\n<\/div>\n<div class=\"avaliacaoDesempenhoStyle\">\n<div class=\"conteudo\">\n<div class=\"titulo-institucional\">Ajustes no Plano de Trabalho (De fevereiro at\u00e9 outubro)<\/div>\n<div class=\"paragrafoMenorStyle\">Nos casos em que houver\u00a0<strong>substitui\u00e7\u00e3o da chefia imediata<\/strong>, o Plano de Trabalho dever\u00e1 ser\u00a0<strong>adequado \u00e0 nova chefia<\/strong>. Para tanto, o\/a servidor\/a deve acessar novamente o sistema\u00a0<strong>Cobalto<\/strong>, acessar\u00a0<a class=\"link-acao\" href=\"https:\/\/cobalto.ufpel.edu.br\/\" target=\"_blank\" rel=\"noopener\"><em>PROGEP &gt; Requerimentos &gt; Progress\u00e3o M\u00e9rito<\/em><\/a> clicar em\u00a0<em>Reabrir para ajuste<\/em>\u00a0e salvar o registro. Ap\u00f3s esse passo, a\u00a0<strong>nova chefia dever\u00e1 assinar<\/strong>\u00a0o plano para confirmar a altera\u00e7\u00e3o.<\/div>\n<div class=\"paragrafoMenorStyle\">De igual modo, caso o\/a servidor\/a tenha sido\u00a0<strong>removido\/a para outra unidade<\/strong>, ser\u00e1 necess\u00e1rio adequar o Plano de Trabalho \u00e0 nova chefia e lota\u00e7\u00e3o. O procedimento consiste em acessar o sistema\u00a0<strong>Cobalto<\/strong>, acessar <a class=\"link-acao\" href=\"https:\/\/cobalto.ufpel.edu.br\/\" target=\"_blank\" rel=\"noopener\"><em>PROGEP &gt; Requerimentos &gt; Progress\u00e3o por M\u00e9rito<\/em><\/a>,\u00a0<strong>clicar em\u00a0<em>Reabrir para ajuste,\u00a0<\/em><\/strong>ap\u00f3s<strong><em>\u00a0atualizar a lota\u00e7\u00e3o<\/em>,<\/strong>\u00a0salvar o registro, incluir as novas atividades e, por fim, assinar o plano. A<strong>\u00a0nova chefia dever\u00e1, ent\u00e3o, assinar o plano<\/strong>\u00a0para validar a altera\u00e7\u00e3o.<\/div>\n<div class=\"paragrafoMenorStyle\">Ressaltamos que <strong>os\/as servidores\/as que se encontram no \u00faltimo n\u00edvel da carreira<\/strong>\u00a0<strong>tamb\u00e9m dever\u00e3o realizar a Avalia\u00e7\u00e3o de Desempenho (n\u00edvel 19)<\/strong>, tendo em vista o car\u00e1ter gerencial e formativo do processo, que contribui para o acompanhamento e o desenvolvimento profissional cont\u00ednuo.<\/div>\n<\/div>\n<\/div>\n<div class=\"blocoDIVStyle linksComum\">\n<div class=\"titleComumStyle\"><strong>Fundamento legal: <\/strong><\/div>\n<p><a href=\"http:\/\/www.planalto.gov.br\/ccivil_03\/_Ato2004-2006\/2005\/Lei\/L11091.htm\" target=\"_blank\" rel=\"noopener noreferrer\">Lei n\u00ba11.091\/2005 <\/a><a href=\"http:\/\/www.planalto.gov.br\/ccivil_03\/_Ato2004-2006\/2006\/Decreto\/D5825.htm\" target=\"_blank\" rel=\"noopener noreferrer\">Decreto n\u00ba 5.825\/2006, artigo 8\u00ba<\/a><a href=\"https:\/\/wp.ufpel.edu.br\/prgrh\/files\/2010\/04\/CONSUN-Resolu%C3%A7%C3%A3o-n%C2%BA-03-2006.pdf\" target=\"_blank\" rel=\"noopener noreferrer\">Resolu\u00e7\u00e3o CONSUN n\u00ba03\/2006 &#8211; PDIC<br \/><\/a><a href=\"https:\/\/wp.ufpel.edu.br\/progep\/files\/2010\/04\/Resolucao-13-2017-CONSUN.pdf\" target=\"_blank\" rel=\"noopener noreferrer\">Resolu\u00e7\u00e3o CONSUN n\u00ba 13\/2017 &#8211; Programa de Avalia\u00e7\u00e3o de Desempenho<\/a><\/p>\n<\/div>\n<div class=\"blocoDIVStyle\">\n<div class=\"titleComumStyle\"><strong>D\u00favidas:<\/strong><\/div>\n<p class=\"paragrafoComumStyle\">Favor encaminhar pelo\u00a0<a style=\"color: #000000\" href=\"https:\/\/wp.ufpel.edu.br\/perguntas\/solicitar-atendimento\/\" target=\"_blank\" rel=\"noopener\">Sistema de Atendimento da UFPel<\/a> escolhendo como \u201c\u00e1rea desejada\u201d a op\u00e7\u00e3o <em>\u201cGest\u00e3o de Pessoas\/Desenvolvimento de Pessoal\u201d<\/em> e para \u201ct\u00f3pico\u201d, a op\u00e7\u00e3o <em>\u201cAvalia\u00e7\u00e3o de Desempenho &#8211; TAE\u201d<\/em>.<\/p>\n<\/div>","protected":false},"excerpt":{"rendered":"<p>Avalia\u00e7\u00e3o de Desempenho de T\u00e9cnico-Administrativo\/a Fique atento\/a aos prazos de 2026: Etapa 1: Cadastro do Plano de TrabalhoDe 1\u00ba de janeiro at\u00e9 dia 31 de janeiro de 2026Etapa 2: Ajustes no Plano de TrabalhoDe 1\u00ba de fevereiro at\u00e9 dia 31 de outubro de 2026Etapa 3: Avalia\u00e7\u00e3o do Plano de TrabalhoDe 1\u00ba de novembro at\u00e9 dia [&hellip;]<\/p>\n","protected":false},"author":21,"featured_media":0,"parent":0,"menu_order":0,"comment_status":"closed","ping_status":"closed","template":"page-sem-sidebar.php","meta":{"footnotes":""},"class_list":["post-30959","page","type-page","status-publish","hentry"],"_links":{"self":[{"href":"https:\/\/wp.ufpel.edu.br\/progep\/wp-json\/wp\/v2\/pages\/30959","targetHints":{"allow":["GET"]}}],"collection":[{"href":"https:\/\/wp.ufpel.edu.br\/progep\/wp-json\/wp\/v2\/pages"}],"about":[{"href":"https:\/\/wp.ufpel.edu.br\/progep\/wp-json\/wp\/v2\/types\/page"}],"author":[{"embeddable":true,"href":"https:\/\/wp.ufpel.edu.br\/progep\/wp-json\/wp\/v2\/users\/21"}],"replies":[{"embeddable":true,"href":"https:\/\/wp.ufpel.edu.br\/progep\/wp-json\/wp\/v2\/comments?post=30959"}],"version-history":[{"count":3,"href":"https:\/\/wp.ufpel.edu.br\/progep\/wp-json\/wp\/v2\/pages\/30959\/revisions"}],"predecessor-version":[{"id":40321,"href":"https:\/\/wp.ufpel.edu.br\/progep\/wp-json\/wp\/v2\/pages\/30959\/revisions\/40321"}],"wp:attachment":[{"href":"https:\/\/wp.ufpel.edu.br\/progep\/wp-json\/wp\/v2\/media?parent=30959"}],"curies":[{"name":"wp","href":"https:\/\/api.w.org\/{rel}","templated":true}]}}