{"id":27102,"date":"2024-11-04T10:13:32","date_gmt":"2024-11-04T13:13:32","guid":{"rendered":"https:\/\/wp.ufpel.edu.br\/progep\/?page_id=27102"},"modified":"2025-06-30T15:02:05","modified_gmt":"2025-06-30T18:02:05","slug":"ods-na-ufpel-praticas-sustentaveis-no-dia-a-dia","status":"publish","type":"page","link":"https:\/\/wp.ufpel.edu.br\/progep\/ods-na-ufpel-praticas-sustentaveis-no-dia-a-dia\/","title":{"rendered":"Capacita\u00e7\u00e3o: ODS NA UFPEL: PR\u00c1TICAS SUSTENT\u00c1VEIS NO DIA A DIA"},"content":{"rendered":"<p>Os Objetivos de Desenvolvimento Sustent\u00e1vel &#8211; ODS s\u00e3o um apelo global \u00e0 a\u00e7\u00e3o para acabar com a pobreza, proteger o meio ambiente e o clima e garantir que as pessoas, em todos os lugares, possam desfrutar de paz e de prosperidade.<\/p>\n<p><strong>Facilitador(a): <\/strong>Luciana Bicca Dode \u00a0(Docente do Centro de Desenvolvimento Tecnol\u00f3gico\u00a0da UFPel)<\/p>\n<p><strong>Data:<\/strong> 22\/11\/2024 (sexta-feira)<\/p>\n<p><strong>Hor\u00e1rio:\u00a0<\/strong>das 14h \u00e0s 17h<\/p>\n<p><strong>Modalidade:<\/strong>\u00a0Online<\/p>\n<p><strong>Local:\u00a0<\/strong>Plataforma Webconf<\/p>\n<p><strong>Ementa:<br \/>\n<\/strong><\/p>\n<p>Agenda 2030 e os objetivos do desenvolvimento sustent\u00e1vel;<\/p>\n<p>Dimens\u00f5es ambiental, econ\u00f4mica e social dos ODS no dia a dia;<\/p>\n<p>Refletindo sobre as principais das\u00a0\u00e1reas\u00a0 de\u00a0impacto;<\/p>\n<p>Desafios no dia a dia;<\/p>\n<p>Elaborando um check list;<\/p>\n<p>Incluindo a\u00e7\u00f5es respons\u00e1veis para\u00a0\u00a0 sustentabilidade: novos h\u00e1bitos?<\/p>\n<p>A\u00e7\u00f5es sustent\u00e1veis benef\u00edcios\u00a0 e compromissos;<\/p>\n<p>Planejando um 2025 mais sustent\u00e1vel.<\/p>\n<p><strong>P\u00fablico Alvo<\/strong>: Servidores(as) docentes, TAE\u2019s\u00a0 e trabalhadores(as) terceirizados(as) ativos(as) da UFPel*<\/p>\n<p><strong>N\u00famero de vagas:<\/strong>\u00a050 (limitadas por ordem de inscri\u00e7\u00e3o)<\/p>\n<p><strong>Per\u00edodo de inscri\u00e7\u00e3o<\/strong>: 04\/11 a 18\/11\/2024<\/p>\n<p><strong>Divulga\u00e7\u00e3o das inscri\u00e7\u00f5es homologadas<\/strong>: 19\/09**, nesta p\u00e1gina.<\/p>\n<p>*Considerando a Pol\u00edtica Nacional de Desenvolvimento de Pessoas, conforme Decreto n\u00ba 9.991\/19, somente ser\u00e3o certificados os servidores p\u00fablicos pertencentes ao Quadro Efetivo da UFPel;<br \/>\n**Quando homologadas as inscri\u00e7\u00f5es, os selecionados receber\u00e3o e-mail de confirma\u00e7\u00e3o com instru\u00e7\u00f5es.<\/p>\n<p>Observa\u00e7\u00e3o: A homologa\u00e7\u00e3o das inscri\u00e7\u00f5es dos(as) trabalhadores(as) terceirizados ficar\u00e1 condicionada \u00e0 an\u00e1lise pr\u00e9via e manifesta\u00e7\u00e3o por parte do NUGEST\/PRA.<\/p>\n<p><strong><span style=\"color: #ff6600\"><a style=\"color: #ff6600\" href=\"https:\/\/wp.ufpel.edu.br\/progep\/files\/2024\/11\/Homologacao-ODS-na-UFPEL.pdf\">INSCRI\u00c7\u00d5ES HOMOLOGADAS<\/a><\/span><\/strong><\/p>\n<p><strong>Contato SFS:<\/strong>\u00a0cdp.capacita@ufpel.edu.br<\/p>\n","protected":false},"excerpt":{"rendered":"<p>Os Objetivos de Desenvolvimento Sustent\u00e1vel &#8211; ODS s\u00e3o um apelo global \u00e0 a\u00e7\u00e3o para acabar com a pobreza, proteger o meio ambiente e o clima e garantir que as pessoas, em todos os lugares, possam desfrutar de paz e de prosperidade. Facilitador(a): Luciana Bicca Dode \u00a0(Docente do Centro de Desenvolvimento Tecnol\u00f3gico\u00a0da UFPel) Data: 22\/11\/2024 (sexta-feira) [&hellip;]<\/p>\n","protected":false},"author":21,"featured_media":0,"parent":0,"menu_order":0,"comment_status":"closed","ping_status":"closed","template":"","meta":{"footnotes":""},"class_list":["post-27102","page","type-page","status-publish","hentry"],"yoast_head":"<!-- This site is optimized with the Yoast SEO plugin v28.1 - https:\/\/yoast.com\/product\/yoast-seo-wordpress\/ -->\n<title>Capacita\u00e7\u00e3o: ODS NA UFPEL: PR\u00c1TICAS SUSTENT\u00c1VEIS NO DIA A DIA - Pr\u00f3-Reitoria de Gest\u00e3o com Pessoas - PROGEP<\/title>\n<meta name=\"robots\" content=\"index, follow, max-snippet:-1, max-image-preview:large, max-video-preview:-1\" \/>\n<link rel=\"canonical\" href=\"https:\/\/wp.ufpel.edu.br\/progep\/ods-na-ufpel-praticas-sustentaveis-no-dia-a-dia\/\" \/>\n<meta property=\"og:locale\" content=\"pt_BR\" \/>\n<meta property=\"og:type\" content=\"article\" \/>\n<meta property=\"og:title\" content=\"Capacita\u00e7\u00e3o: ODS NA UFPEL: PR\u00c1TICAS SUSTENT\u00c1VEIS NO DIA A DIA - Pr\u00f3-Reitoria de Gest\u00e3o com Pessoas - PROGEP\" \/>\n<meta property=\"og:description\" content=\"Os Objetivos de Desenvolvimento Sustent\u00e1vel &#8211; ODS s\u00e3o um apelo global \u00e0 a\u00e7\u00e3o para acabar com a pobreza, proteger o meio ambiente e o clima e garantir que as pessoas, em todos os lugares, possam desfrutar de paz e de prosperidade. Facilitador(a): Luciana Bicca Dode \u00a0(Docente do Centro de Desenvolvimento Tecnol\u00f3gico\u00a0da UFPel) Data: 22\/11\/2024 (sexta-feira) [&hellip;]\" \/>\n<meta property=\"og:url\" content=\"https:\/\/wp.ufpel.edu.br\/progep\/ods-na-ufpel-praticas-sustentaveis-no-dia-a-dia\/\" \/>\n<meta property=\"og:site_name\" content=\"Pr\u00f3-Reitoria de Gest\u00e3o com Pessoas - PROGEP\" \/>\n<meta property=\"article:modified_time\" content=\"2025-06-30T18:02:05+00:00\" \/>\n<meta name=\"twitter:card\" content=\"summary_large_image\" \/>\n<meta name=\"twitter:label1\" content=\"Est. tempo de leitura\" \/>\n\t<meta name=\"twitter:data1\" content=\"1 minuto\" \/>\n<script type=\"application\/ld+json\" class=\"yoast-schema-graph\">{\"@context\":\"https:\\\/\\\/schema.org\",\"@graph\":[{\"@type\":\"WebPage\",\"@id\":\"https:\\\/\\\/wp.ufpel.edu.br\\\/progep\\\/ods-na-ufpel-praticas-sustentaveis-no-dia-a-dia\\\/\",\"url\":\"https:\\\/\\\/wp.ufpel.edu.br\\\/progep\\\/ods-na-ufpel-praticas-sustentaveis-no-dia-a-dia\\\/\",\"name\":\"Capacita\u00e7\u00e3o: ODS NA UFPEL: PR\u00c1TICAS SUSTENT\u00c1VEIS NO DIA A DIA - Pr\u00f3-Reitoria de Gest\u00e3o com Pessoas - PROGEP\",\"isPartOf\":{\"@id\":\"https:\\\/\\\/wp.ufpel.edu.br\\\/progep\\\/#website\"},\"datePublished\":\"2024-11-04T13:13:32+00:00\",\"dateModified\":\"2025-06-30T18:02:05+00:00\",\"breadcrumb\":{\"@id\":\"https:\\\/\\\/wp.ufpel.edu.br\\\/progep\\\/ods-na-ufpel-praticas-sustentaveis-no-dia-a-dia\\\/#breadcrumb\"},\"inLanguage\":\"pt-BR\",\"potentialAction\":[{\"@type\":\"ReadAction\",\"target\":[\"https:\\\/\\\/wp.ufpel.edu.br\\\/progep\\\/ods-na-ufpel-praticas-sustentaveis-no-dia-a-dia\\\/\"]}]},{\"@type\":\"BreadcrumbList\",\"@id\":\"https:\\\/\\\/wp.ufpel.edu.br\\\/progep\\\/ods-na-ufpel-praticas-sustentaveis-no-dia-a-dia\\\/#breadcrumb\",\"itemListElement\":[{\"@type\":\"ListItem\",\"position\":1,\"name\":\"In\u00edcio\",\"item\":\"https:\\\/\\\/wp.ufpel.edu.br\\\/progep\\\/\"},{\"@type\":\"ListItem\",\"position\":2,\"name\":\"Capacita\u00e7\u00e3o: ODS NA UFPEL: PR\u00c1TICAS SUSTENT\u00c1VEIS NO DIA A DIA\"}]},{\"@type\":\"WebSite\",\"@id\":\"https:\\\/\\\/wp.ufpel.edu.br\\\/progep\\\/#website\",\"url\":\"https:\\\/\\\/wp.ufpel.edu.br\\\/progep\\\/\",\"name\":\"Pr\u00f3-Reitoria de Gest\u00e3o com Pessoas - PROGEP\",\"description\":\"Pr\u00f3-Reitoria de Gest\u00e3o com Pessoas\",\"publisher\":{\"@id\":\"https:\\\/\\\/wp.ufpel.edu.br\\\/progep\\\/#organization\"},\"potentialAction\":[{\"@type\":\"SearchAction\",\"target\":{\"@type\":\"EntryPoint\",\"urlTemplate\":\"https:\\\/\\\/wp.ufpel.edu.br\\\/progep\\\/?s={search_term_string}\"},\"query-input\":{\"@type\":\"PropertyValueSpecification\",\"valueRequired\":true,\"valueName\":\"search_term_string\"}}],\"inLanguage\":\"pt-BR\"},{\"@type\":\"Organization\",\"@id\":\"https:\\\/\\\/wp.ufpel.edu.br\\\/progep\\\/#organization\",\"name\":\"Pr\u00f3-Reitoria de Gest\u00e3o com Pessoas - PROGEP\",\"url\":\"https:\\\/\\\/wp.ufpel.edu.br\\\/progep\\\/\",\"logo\":{\"@type\":\"ImageObject\",\"inLanguage\":\"pt-BR\",\"@id\":\"https:\\\/\\\/wp.ufpel.edu.br\\\/progep\\\/#\\\/schema\\\/logo\\\/image\\\/\",\"url\":\"https:\\\/\\\/wp.ufpel.edu.br\\\/progep\\\/files\\\/2025\\\/03\\\/logo-progep_atualizacao-nome_AZUL.png\",\"contentUrl\":\"https:\\\/\\\/wp.ufpel.edu.br\\\/progep\\\/files\\\/2025\\\/03\\\/logo-progep_atualizacao-nome_AZUL.png\",\"width\":1080,\"height\":391,\"caption\":\"Pr\u00f3-Reitoria de Gest\u00e3o com Pessoas - PROGEP\"},\"image\":{\"@id\":\"https:\\\/\\\/wp.ufpel.edu.br\\\/progep\\\/#\\\/schema\\\/logo\\\/image\\\/\"}}]}<\/script>\n<!-- \/ Yoast SEO plugin. -->","yoast_head_json":{"title":"Capacita\u00e7\u00e3o: ODS NA UFPEL: PR\u00c1TICAS SUSTENT\u00c1VEIS NO DIA A DIA - Pr\u00f3-Reitoria de Gest\u00e3o com Pessoas - PROGEP","robots":{"index":"index","follow":"follow","max-snippet":"max-snippet:-1","max-image-preview":"max-image-preview:large","max-video-preview":"max-video-preview:-1"},"canonical":"https:\/\/wp.ufpel.edu.br\/progep\/ods-na-ufpel-praticas-sustentaveis-no-dia-a-dia\/","og_locale":"pt_BR","og_type":"article","og_title":"Capacita\u00e7\u00e3o: ODS NA UFPEL: PR\u00c1TICAS SUSTENT\u00c1VEIS NO DIA A DIA - Pr\u00f3-Reitoria de Gest\u00e3o com Pessoas - PROGEP","og_description":"Os Objetivos de Desenvolvimento Sustent\u00e1vel &#8211; ODS s\u00e3o um apelo global \u00e0 a\u00e7\u00e3o para acabar com a pobreza, proteger o meio ambiente e o clima e garantir que as pessoas, em todos os lugares, possam desfrutar de paz e de prosperidade. Facilitador(a): Luciana Bicca Dode \u00a0(Docente do Centro de Desenvolvimento Tecnol\u00f3gico\u00a0da UFPel) Data: 22\/11\/2024 (sexta-feira) [&hellip;]","og_url":"https:\/\/wp.ufpel.edu.br\/progep\/ods-na-ufpel-praticas-sustentaveis-no-dia-a-dia\/","og_site_name":"Pr\u00f3-Reitoria de Gest\u00e3o com Pessoas - PROGEP","article_modified_time":"2025-06-30T18:02:05+00:00","twitter_card":"summary_large_image","twitter_misc":{"Est. tempo de leitura":"1 minuto"},"schema":{"@context":"https:\/\/schema.org","@graph":[{"@type":"WebPage","@id":"https:\/\/wp.ufpel.edu.br\/progep\/ods-na-ufpel-praticas-sustentaveis-no-dia-a-dia\/","url":"https:\/\/wp.ufpel.edu.br\/progep\/ods-na-ufpel-praticas-sustentaveis-no-dia-a-dia\/","name":"Capacita\u00e7\u00e3o: ODS NA UFPEL: PR\u00c1TICAS SUSTENT\u00c1VEIS NO DIA A DIA - Pr\u00f3-Reitoria de Gest\u00e3o com Pessoas - PROGEP","isPartOf":{"@id":"https:\/\/wp.ufpel.edu.br\/progep\/#website"},"datePublished":"2024-11-04T13:13:32+00:00","dateModified":"2025-06-30T18:02:05+00:00","breadcrumb":{"@id":"https:\/\/wp.ufpel.edu.br\/progep\/ods-na-ufpel-praticas-sustentaveis-no-dia-a-dia\/#breadcrumb"},"inLanguage":"pt-BR","potentialAction":[{"@type":"ReadAction","target":["https:\/\/wp.ufpel.edu.br\/progep\/ods-na-ufpel-praticas-sustentaveis-no-dia-a-dia\/"]}]},{"@type":"BreadcrumbList","@id":"https:\/\/wp.ufpel.edu.br\/progep\/ods-na-ufpel-praticas-sustentaveis-no-dia-a-dia\/#breadcrumb","itemListElement":[{"@type":"ListItem","position":1,"name":"In\u00edcio","item":"https:\/\/wp.ufpel.edu.br\/progep\/"},{"@type":"ListItem","position":2,"name":"Capacita\u00e7\u00e3o: ODS NA UFPEL: PR\u00c1TICAS SUSTENT\u00c1VEIS NO DIA A DIA"}]},{"@type":"WebSite","@id":"https:\/\/wp.ufpel.edu.br\/progep\/#website","url":"https:\/\/wp.ufpel.edu.br\/progep\/","name":"Pr\u00f3-Reitoria de Gest\u00e3o com Pessoas - PROGEP","description":"Pr\u00f3-Reitoria de Gest\u00e3o com Pessoas","publisher":{"@id":"https:\/\/wp.ufpel.edu.br\/progep\/#organization"},"potentialAction":[{"@type":"SearchAction","target":{"@type":"EntryPoint","urlTemplate":"https:\/\/wp.ufpel.edu.br\/progep\/?s={search_term_string}"},"query-input":{"@type":"PropertyValueSpecification","valueRequired":true,"valueName":"search_term_string"}}],"inLanguage":"pt-BR"},{"@type":"Organization","@id":"https:\/\/wp.ufpel.edu.br\/progep\/#organization","name":"Pr\u00f3-Reitoria de Gest\u00e3o com Pessoas - PROGEP","url":"https:\/\/wp.ufpel.edu.br\/progep\/","logo":{"@type":"ImageObject","inLanguage":"pt-BR","@id":"https:\/\/wp.ufpel.edu.br\/progep\/#\/schema\/logo\/image\/","url":"https:\/\/wp.ufpel.edu.br\/progep\/files\/2025\/03\/logo-progep_atualizacao-nome_AZUL.png","contentUrl":"https:\/\/wp.ufpel.edu.br\/progep\/files\/2025\/03\/logo-progep_atualizacao-nome_AZUL.png","width":1080,"height":391,"caption":"Pr\u00f3-Reitoria de Gest\u00e3o com Pessoas - PROGEP"},"image":{"@id":"https:\/\/wp.ufpel.edu.br\/progep\/#\/schema\/logo\/image\/"}}]}},"_links":{"self":[{"href":"https:\/\/wp.ufpel.edu.br\/progep\/wp-json\/wp\/v2\/pages\/27102","targetHints":{"allow":["GET"]}}],"collection":[{"href":"https:\/\/wp.ufpel.edu.br\/progep\/wp-json\/wp\/v2\/pages"}],"about":[{"href":"https:\/\/wp.ufpel.edu.br\/progep\/wp-json\/wp\/v2\/types\/page"}],"author":[{"embeddable":true,"href":"https:\/\/wp.ufpel.edu.br\/progep\/wp-json\/wp\/v2\/users\/21"}],"replies":[{"embeddable":true,"href":"https:\/\/wp.ufpel.edu.br\/progep\/wp-json\/wp\/v2\/comments?post=27102"}],"version-history":[{"count":12,"href":"https:\/\/wp.ufpel.edu.br\/progep\/wp-json\/wp\/v2\/pages\/27102\/revisions"}],"predecessor-version":[{"id":34185,"href":"https:\/\/wp.ufpel.edu.br\/progep\/wp-json\/wp\/v2\/pages\/27102\/revisions\/34185"}],"wp:attachment":[{"href":"https:\/\/wp.ufpel.edu.br\/progep\/wp-json\/wp\/v2\/media?parent=27102"}],"curies":[{"name":"wp","href":"https:\/\/api.w.org\/{rel}","templated":true}]}}