{"id":26122,"date":"2024-07-10T09:27:28","date_gmt":"2024-07-10T12:27:28","guid":{"rendered":"https:\/\/wp.ufpel.edu.br\/progep\/?page_id=26122"},"modified":"2024-08-01T10:00:38","modified_gmt":"2024-08-01T13:00:38","slug":"capacitacao-mindfulness-para-inteligencia-emocional","status":"publish","type":"page","link":"https:\/\/wp.ufpel.edu.br\/progep\/capacitacao-mindfulness-para-inteligencia-emocional\/","title":{"rendered":"Capacita\u00e7\u00e3o: Mindfulness para Intelig\u00eancia Emocional"},"content":{"rendered":"<p><strong>Facilitadora: <\/strong>Carolina Baptista Menezes &#8211; Docente da Universidade Federal de Santa Catarina (UFSC)<\/p>\n<p><strong>Per\u00edodo:<\/strong> de 07 a 09 de agosto de 2024<\/p>\n<p><strong>Hor\u00e1rio:\u00a0<\/strong>das 08h30min \u00e0s 12h e das\u00a0 14h \u00e0s 18h15min<\/p>\n<p><strong>Modalidade: <\/strong>Presencial<\/p>\n<p><strong>Local:<\/strong> CEHUS &#8211; Audit\u00f3rio (R. Cel. Alberto Rosa, 117)<\/p>\n<p><strong>Ementa:<br \/>\n<\/strong><\/p>\n<ul>\n<li>Os Programas de Mindfulness: origem, pressupostos te\u00f3ricos e objetivos<\/li>\n<li>T\u00e9cnicas de mindfulness: caracter\u00edsticas, objetivos e instru\u00e7\u00f5es<\/li>\n<li>T\u00e9cnicas de respira\u00e7\u00e3o: caracter\u00edsticas, objetivos e instru\u00e7\u00f5es<\/li>\n<li>Aplica\u00e7\u00f5es de mindfulness para sa\u00fade mental: aspectos pr\u00e1ticos, \u00e9ticos e evid\u00eancias cient\u00edficas<\/li>\n<li style=\"text-align: left\">Dificuldades e efeitos adversos nas pr\u00e1ticas de mindfulness<\/li>\n<\/ul>\n<p>Observa\u00e7\u00e3o: para as atividades pr\u00e1ticas ser\u00e1 necess\u00e1ria a utiliza\u00e7\u00e3o de colchonete\/tapete e almofada Se o\/a participante n\u00e3o tiver disponibilidade e informar no formul\u00e1rio de inscri\u00e7\u00e3o, ser\u00e3o emprestados durante o evento.<\/p>\n<p><strong>P\u00fablico Alvo<\/strong>: Servidores(as) docentes, TAE\u2019s e trabalhadores(as) terceirizados(as) ativos(as) da UFPel*<\/p>\n<p><strong>N\u00famero de vagas:<\/strong> 18 (limitadas por ordem de inscri\u00e7\u00e3o)**<\/p>\n<p><strong>Per\u00edodo de inscri\u00e7\u00e3o<\/strong>: 10\/07 a 31\/07\/2024<\/p>\n<p><strong>Divulga\u00e7\u00e3o das inscri\u00e7\u00f5es homologadas<\/strong>: 02\/08**, nesta p\u00e1gina.<\/p>\n<p>*Vagas destinadas \u00e0 servidores pertencentes ao Quadro Efetivo da UFPel, preferencialmente. Considerando a Pol\u00edtica Nacional de Desenvolvimento de Pessoas, conforme Decreto n\u00ba 9.991\/19, somente ser\u00e3o certificados os servidores p\u00fablicos pertencentes ao Quadro Efetivo da UFPel;<br \/>\n** Quando homologadas as inscri\u00e7\u00f5es, os(as) selecionados(as) receber\u00e3o e-mail de confirma\u00e7\u00e3o com instru\u00e7\u00f5es.<\/p>\n<p>Observa\u00e7\u00e3o: A homologa\u00e7\u00e3o das inscri\u00e7\u00f5es dos(as) trabalhadores(as) terceirizados ficar\u00e1 condicionada \u00e0 an\u00e1lise pr\u00e9via e manifesta\u00e7\u00e3o por parte do NUGEST\/PRA.<\/p>\n<p><strong><span style=\"color: #ff6600\"><a style=\"color: #ff6600\" href=\"https:\/\/wp.ufpel.edu.br\/progep\/files\/2024\/08\/Homologacao-Mindfulness-para-Inteligencia-Emocional.pdf\">INSCRI\u00c7\u00d5ES HOMOLOGADAS<\/a><\/span><\/strong><\/p>\n","protected":false},"excerpt":{"rendered":"<p>Facilitadora: Carolina Baptista Menezes &#8211; Docente da Universidade Federal de Santa Catarina (UFSC) Per\u00edodo: de 07 a 09 de agosto de 2024 Hor\u00e1rio:\u00a0das 08h30min \u00e0s 12h e das\u00a0 14h \u00e0s 18h15min Modalidade: Presencial Local: CEHUS &#8211; Audit\u00f3rio (R. Cel. Alberto Rosa, 117) Ementa: Os Programas de Mindfulness: origem, pressupostos te\u00f3ricos e objetivos T\u00e9cnicas de mindfulness: [&hellip;]<\/p>\n","protected":false},"author":21,"featured_media":0,"parent":0,"menu_order":0,"comment_status":"closed","ping_status":"closed","template":"","meta":{"footnotes":""},"class_list":["post-26122","page","type-page","status-publish","hentry"],"yoast_head":"<!-- This site is optimized with the Yoast SEO plugin v28.1 - https:\/\/yoast.com\/product\/yoast-seo-wordpress\/ -->\n<title>Capacita\u00e7\u00e3o: Mindfulness para Intelig\u00eancia Emocional - Pr\u00f3-Reitoria de Gest\u00e3o com Pessoas - PROGEP<\/title>\n<meta name=\"robots\" content=\"index, follow, max-snippet:-1, max-image-preview:large, max-video-preview:-1\" \/>\n<link rel=\"canonical\" href=\"https:\/\/wp.ufpel.edu.br\/progep\/capacitacao-mindfulness-para-inteligencia-emocional\/\" \/>\n<meta property=\"og:locale\" content=\"pt_BR\" \/>\n<meta property=\"og:type\" content=\"article\" \/>\n<meta property=\"og:title\" content=\"Capacita\u00e7\u00e3o: Mindfulness para Intelig\u00eancia Emocional - Pr\u00f3-Reitoria de Gest\u00e3o com Pessoas - PROGEP\" \/>\n<meta property=\"og:description\" content=\"Facilitadora: Carolina Baptista Menezes &#8211; Docente da Universidade Federal de Santa Catarina (UFSC) Per\u00edodo: de 07 a 09 de agosto de 2024 Hor\u00e1rio:\u00a0das 08h30min \u00e0s 12h e das\u00a0 14h \u00e0s 18h15min Modalidade: Presencial Local: CEHUS &#8211; Audit\u00f3rio (R. Cel. Alberto Rosa, 117) Ementa: Os Programas de Mindfulness: origem, pressupostos te\u00f3ricos e objetivos T\u00e9cnicas de mindfulness: [&hellip;]\" \/>\n<meta property=\"og:url\" content=\"https:\/\/wp.ufpel.edu.br\/progep\/capacitacao-mindfulness-para-inteligencia-emocional\/\" \/>\n<meta property=\"og:site_name\" content=\"Pr\u00f3-Reitoria de Gest\u00e3o com Pessoas - PROGEP\" \/>\n<meta property=\"article:modified_time\" content=\"2024-08-01T13:00:38+00:00\" \/>\n<meta name=\"twitter:card\" content=\"summary_large_image\" \/>\n<meta name=\"twitter:label1\" content=\"Est. tempo de leitura\" \/>\n\t<meta name=\"twitter:data1\" content=\"1 minuto\" \/>\n<script type=\"application\/ld+json\" class=\"yoast-schema-graph\">{\"@context\":\"https:\\\/\\\/schema.org\",\"@graph\":[{\"@type\":\"WebPage\",\"@id\":\"https:\\\/\\\/wp.ufpel.edu.br\\\/progep\\\/capacitacao-mindfulness-para-inteligencia-emocional\\\/\",\"url\":\"https:\\\/\\\/wp.ufpel.edu.br\\\/progep\\\/capacitacao-mindfulness-para-inteligencia-emocional\\\/\",\"name\":\"Capacita\u00e7\u00e3o: Mindfulness para Intelig\u00eancia Emocional - Pr\u00f3-Reitoria de Gest\u00e3o com Pessoas - PROGEP\",\"isPartOf\":{\"@id\":\"https:\\\/\\\/wp.ufpel.edu.br\\\/progep\\\/#website\"},\"datePublished\":\"2024-07-10T12:27:28+00:00\",\"dateModified\":\"2024-08-01T13:00:38+00:00\",\"breadcrumb\":{\"@id\":\"https:\\\/\\\/wp.ufpel.edu.br\\\/progep\\\/capacitacao-mindfulness-para-inteligencia-emocional\\\/#breadcrumb\"},\"inLanguage\":\"pt-BR\",\"potentialAction\":[{\"@type\":\"ReadAction\",\"target\":[\"https:\\\/\\\/wp.ufpel.edu.br\\\/progep\\\/capacitacao-mindfulness-para-inteligencia-emocional\\\/\"]}]},{\"@type\":\"BreadcrumbList\",\"@id\":\"https:\\\/\\\/wp.ufpel.edu.br\\\/progep\\\/capacitacao-mindfulness-para-inteligencia-emocional\\\/#breadcrumb\",\"itemListElement\":[{\"@type\":\"ListItem\",\"position\":1,\"name\":\"In\u00edcio\",\"item\":\"https:\\\/\\\/wp.ufpel.edu.br\\\/progep\\\/\"},{\"@type\":\"ListItem\",\"position\":2,\"name\":\"Capacita\u00e7\u00e3o: Mindfulness para Intelig\u00eancia Emocional\"}]},{\"@type\":\"WebSite\",\"@id\":\"https:\\\/\\\/wp.ufpel.edu.br\\\/progep\\\/#website\",\"url\":\"https:\\\/\\\/wp.ufpel.edu.br\\\/progep\\\/\",\"name\":\"Pr\u00f3-Reitoria de Gest\u00e3o com Pessoas - PROGEP\",\"description\":\"Pr\u00f3-Reitoria de Gest\u00e3o com Pessoas\",\"publisher\":{\"@id\":\"https:\\\/\\\/wp.ufpel.edu.br\\\/progep\\\/#organization\"},\"potentialAction\":[{\"@type\":\"SearchAction\",\"target\":{\"@type\":\"EntryPoint\",\"urlTemplate\":\"https:\\\/\\\/wp.ufpel.edu.br\\\/progep\\\/?s={search_term_string}\"},\"query-input\":{\"@type\":\"PropertyValueSpecification\",\"valueRequired\":true,\"valueName\":\"search_term_string\"}}],\"inLanguage\":\"pt-BR\"},{\"@type\":\"Organization\",\"@id\":\"https:\\\/\\\/wp.ufpel.edu.br\\\/progep\\\/#organization\",\"name\":\"Pr\u00f3-Reitoria de Gest\u00e3o com Pessoas - PROGEP\",\"url\":\"https:\\\/\\\/wp.ufpel.edu.br\\\/progep\\\/\",\"logo\":{\"@type\":\"ImageObject\",\"inLanguage\":\"pt-BR\",\"@id\":\"https:\\\/\\\/wp.ufpel.edu.br\\\/progep\\\/#\\\/schema\\\/logo\\\/image\\\/\",\"url\":\"https:\\\/\\\/wp.ufpel.edu.br\\\/progep\\\/files\\\/2025\\\/03\\\/logo-progep_atualizacao-nome_AZUL.png\",\"contentUrl\":\"https:\\\/\\\/wp.ufpel.edu.br\\\/progep\\\/files\\\/2025\\\/03\\\/logo-progep_atualizacao-nome_AZUL.png\",\"width\":1080,\"height\":391,\"caption\":\"Pr\u00f3-Reitoria de Gest\u00e3o com Pessoas - PROGEP\"},\"image\":{\"@id\":\"https:\\\/\\\/wp.ufpel.edu.br\\\/progep\\\/#\\\/schema\\\/logo\\\/image\\\/\"}}]}<\/script>\n<!-- \/ Yoast SEO plugin. -->","yoast_head_json":{"title":"Capacita\u00e7\u00e3o: Mindfulness para Intelig\u00eancia Emocional - Pr\u00f3-Reitoria de Gest\u00e3o com Pessoas - PROGEP","robots":{"index":"index","follow":"follow","max-snippet":"max-snippet:-1","max-image-preview":"max-image-preview:large","max-video-preview":"max-video-preview:-1"},"canonical":"https:\/\/wp.ufpel.edu.br\/progep\/capacitacao-mindfulness-para-inteligencia-emocional\/","og_locale":"pt_BR","og_type":"article","og_title":"Capacita\u00e7\u00e3o: Mindfulness para Intelig\u00eancia Emocional - Pr\u00f3-Reitoria de Gest\u00e3o com Pessoas - PROGEP","og_description":"Facilitadora: Carolina Baptista Menezes &#8211; Docente da Universidade Federal de Santa Catarina (UFSC) Per\u00edodo: de 07 a 09 de agosto de 2024 Hor\u00e1rio:\u00a0das 08h30min \u00e0s 12h e das\u00a0 14h \u00e0s 18h15min Modalidade: Presencial Local: CEHUS &#8211; Audit\u00f3rio (R. Cel. Alberto Rosa, 117) Ementa: Os Programas de Mindfulness: origem, pressupostos te\u00f3ricos e objetivos T\u00e9cnicas de mindfulness: [&hellip;]","og_url":"https:\/\/wp.ufpel.edu.br\/progep\/capacitacao-mindfulness-para-inteligencia-emocional\/","og_site_name":"Pr\u00f3-Reitoria de Gest\u00e3o com Pessoas - PROGEP","article_modified_time":"2024-08-01T13:00:38+00:00","twitter_card":"summary_large_image","twitter_misc":{"Est. tempo de leitura":"1 minuto"},"schema":{"@context":"https:\/\/schema.org","@graph":[{"@type":"WebPage","@id":"https:\/\/wp.ufpel.edu.br\/progep\/capacitacao-mindfulness-para-inteligencia-emocional\/","url":"https:\/\/wp.ufpel.edu.br\/progep\/capacitacao-mindfulness-para-inteligencia-emocional\/","name":"Capacita\u00e7\u00e3o: Mindfulness para Intelig\u00eancia Emocional - Pr\u00f3-Reitoria de Gest\u00e3o com Pessoas - PROGEP","isPartOf":{"@id":"https:\/\/wp.ufpel.edu.br\/progep\/#website"},"datePublished":"2024-07-10T12:27:28+00:00","dateModified":"2024-08-01T13:00:38+00:00","breadcrumb":{"@id":"https:\/\/wp.ufpel.edu.br\/progep\/capacitacao-mindfulness-para-inteligencia-emocional\/#breadcrumb"},"inLanguage":"pt-BR","potentialAction":[{"@type":"ReadAction","target":["https:\/\/wp.ufpel.edu.br\/progep\/capacitacao-mindfulness-para-inteligencia-emocional\/"]}]},{"@type":"BreadcrumbList","@id":"https:\/\/wp.ufpel.edu.br\/progep\/capacitacao-mindfulness-para-inteligencia-emocional\/#breadcrumb","itemListElement":[{"@type":"ListItem","position":1,"name":"In\u00edcio","item":"https:\/\/wp.ufpel.edu.br\/progep\/"},{"@type":"ListItem","position":2,"name":"Capacita\u00e7\u00e3o: Mindfulness para Intelig\u00eancia Emocional"}]},{"@type":"WebSite","@id":"https:\/\/wp.ufpel.edu.br\/progep\/#website","url":"https:\/\/wp.ufpel.edu.br\/progep\/","name":"Pr\u00f3-Reitoria de Gest\u00e3o com Pessoas - PROGEP","description":"Pr\u00f3-Reitoria de Gest\u00e3o com Pessoas","publisher":{"@id":"https:\/\/wp.ufpel.edu.br\/progep\/#organization"},"potentialAction":[{"@type":"SearchAction","target":{"@type":"EntryPoint","urlTemplate":"https:\/\/wp.ufpel.edu.br\/progep\/?s={search_term_string}"},"query-input":{"@type":"PropertyValueSpecification","valueRequired":true,"valueName":"search_term_string"}}],"inLanguage":"pt-BR"},{"@type":"Organization","@id":"https:\/\/wp.ufpel.edu.br\/progep\/#organization","name":"Pr\u00f3-Reitoria de Gest\u00e3o com Pessoas - PROGEP","url":"https:\/\/wp.ufpel.edu.br\/progep\/","logo":{"@type":"ImageObject","inLanguage":"pt-BR","@id":"https:\/\/wp.ufpel.edu.br\/progep\/#\/schema\/logo\/image\/","url":"https:\/\/wp.ufpel.edu.br\/progep\/files\/2025\/03\/logo-progep_atualizacao-nome_AZUL.png","contentUrl":"https:\/\/wp.ufpel.edu.br\/progep\/files\/2025\/03\/logo-progep_atualizacao-nome_AZUL.png","width":1080,"height":391,"caption":"Pr\u00f3-Reitoria de Gest\u00e3o com Pessoas - PROGEP"},"image":{"@id":"https:\/\/wp.ufpel.edu.br\/progep\/#\/schema\/logo\/image\/"}}]}},"_links":{"self":[{"href":"https:\/\/wp.ufpel.edu.br\/progep\/wp-json\/wp\/v2\/pages\/26122","targetHints":{"allow":["GET"]}}],"collection":[{"href":"https:\/\/wp.ufpel.edu.br\/progep\/wp-json\/wp\/v2\/pages"}],"about":[{"href":"https:\/\/wp.ufpel.edu.br\/progep\/wp-json\/wp\/v2\/types\/page"}],"author":[{"embeddable":true,"href":"https:\/\/wp.ufpel.edu.br\/progep\/wp-json\/wp\/v2\/users\/21"}],"replies":[{"embeddable":true,"href":"https:\/\/wp.ufpel.edu.br\/progep\/wp-json\/wp\/v2\/comments?post=26122"}],"version-history":[{"count":8,"href":"https:\/\/wp.ufpel.edu.br\/progep\/wp-json\/wp\/v2\/pages\/26122\/revisions"}],"predecessor-version":[{"id":26289,"href":"https:\/\/wp.ufpel.edu.br\/progep\/wp-json\/wp\/v2\/pages\/26122\/revisions\/26289"}],"wp:attachment":[{"href":"https:\/\/wp.ufpel.edu.br\/progep\/wp-json\/wp\/v2\/media?parent=26122"}],"curies":[{"name":"wp","href":"https:\/\/api.w.org\/{rel}","templated":true}]}}