{"id":25991,"date":"2024-06-11T10:47:20","date_gmt":"2024-06-11T13:47:20","guid":{"rendered":"https:\/\/wp.ufpel.edu.br\/progep\/?page_id=25991"},"modified":"2025-06-30T14:57:05","modified_gmt":"2025-06-30T17:57:05","slug":"didatica-no-ensino-superior-ressignificacao-na-pratica-pedagogica","status":"publish","type":"page","link":"https:\/\/wp.ufpel.edu.br\/progep\/didatica-no-ensino-superior-ressignificacao-na-pratica-pedagogica\/","title":{"rendered":"Capacita\u00e7\u00e3o: Did\u00e1tica no ensino superior: ressignifica\u00e7\u00e3o na pr\u00e1tica pedag\u00f3gica"},"content":{"rendered":"<p><strong>Facilitadora: <\/strong>Maria Janine Dalpiaz Resckhe &#8211; Docente Faculdades Integradas de Taquara (participa\u00e7\u00e3o volunt\u00e1ria)<\/p>\n<p><strong>Data:<\/strong> 26\/06\/2024 (Quarta-feira)<\/p>\n<p><strong>Hor\u00e1rio: <\/strong>das 14 h \u00e0s 16h<\/p>\n<p><strong>Modalidade: <\/strong>Online<\/p>\n<p><strong>Local: <\/strong>Webconf UFPel<\/p>\n<p><strong>Ementa:\u00a0<\/strong><\/p>\n<ul>\n<li>Doc\u00eancia no Ensino Superior: concep\u00e7\u00f5es e pr\u00e1ticas.<\/li>\n<li>Did\u00e1tica no Ensino Superior: a aula universit\u00e1ria e a pr\u00e1tica docente.\u00a0Pedagogia universit\u00e1ria: sujeitos e cen\u00e1rio.<\/li>\n<li>Constru\u00e7\u00e3o da doc\u00eancia universit\u00e1ria e desafios no processo de ensinar.<\/li>\n<li>Contexto emergente e pr\u00e1ticas inovadoras.<\/li>\n<\/ul>\n<p><strong>P\u00fablico Alvo<\/strong>: Servidores(as) docentes, TAE\u2019s e trabalhadores(as) terceirizados(as) ativos(as) da UFPel*<\/p>\n<p><strong>Per\u00edodo de inscri\u00e7\u00e3o<\/strong>: 11\/06 a 23\/06\/2024<\/p>\n<p><strong>Divulga\u00e7\u00e3o das inscri\u00e7\u00f5es homologadas<\/strong>: 24\/06**, nesta p\u00e1gina.<\/p>\n<p><span style=\"background-color: #ffffff\">*Considerando a Pol\u00edtica Nacional de Desenvolvimento de Pessoas, conforme Decreto n\u00ba 9.991\/19, somente ser\u00e3o certificados os servidores p\u00fablicos pertencentes ao Quadro Efetivo da UFPel.<\/span><\/p>\n<p><span style=\"background-color: #ffffff\">**Quando homologadas as inscri\u00e7\u00f5es, os selecionados receber\u00e3o e-mail com instru\u00e7\u00f5es de acesso \u00e0 sala de Webconf da UFPel.<\/span><\/p>\n<p>Observa\u00e7\u00e3o: A homologa\u00e7\u00e3o das inscri\u00e7\u00f5es dos(as) trabalhadores(as) terceirizados ficar\u00e1 condicionada \u00e0 an\u00e1lise pr\u00e9via e manifesta\u00e7\u00e3o por parte do NUGEST\/PRA.<\/p>\n<p><span style=\"color: #ff6600\"><strong><a style=\"color: #ff6600\" href=\"https:\/\/wp.ufpel.edu.br\/progep\/files\/2024\/06\/HOMOLOGACAO-Didatica.pdf\">INSCRI\u00c7\u00d5ES HOMOLOGADAS<\/a><\/strong><\/span><\/p>\n","protected":false},"excerpt":{"rendered":"<p>Facilitadora: Maria Janine Dalpiaz Resckhe &#8211; Docente Faculdades Integradas de Taquara (participa\u00e7\u00e3o volunt\u00e1ria) Data: 26\/06\/2024 (Quarta-feira) Hor\u00e1rio: das 14 h \u00e0s 16h Modalidade: Online Local: Webconf UFPel Ementa:\u00a0 Doc\u00eancia no Ensino Superior: concep\u00e7\u00f5es e pr\u00e1ticas. Did\u00e1tica no Ensino Superior: a aula universit\u00e1ria e a pr\u00e1tica docente.\u00a0Pedagogia universit\u00e1ria: sujeitos e cen\u00e1rio. Constru\u00e7\u00e3o da doc\u00eancia universit\u00e1ria e [&hellip;]<\/p>\n","protected":false},"author":21,"featured_media":0,"parent":0,"menu_order":0,"comment_status":"closed","ping_status":"closed","template":"","meta":{"footnotes":""},"class_list":["post-25991","page","type-page","status-publish","hentry"],"yoast_head":"<!-- This site is optimized with the Yoast SEO plugin v28.1 - https:\/\/yoast.com\/product\/yoast-seo-wordpress\/ -->\n<title>Capacita\u00e7\u00e3o: Did\u00e1tica no ensino superior: ressignifica\u00e7\u00e3o na pr\u00e1tica pedag\u00f3gica - Pr\u00f3-Reitoria de Gest\u00e3o com Pessoas - PROGEP<\/title>\n<meta name=\"robots\" content=\"index, follow, max-snippet:-1, max-image-preview:large, max-video-preview:-1\" \/>\n<link rel=\"canonical\" href=\"https:\/\/wp.ufpel.edu.br\/progep\/didatica-no-ensino-superior-ressignificacao-na-pratica-pedagogica\/\" \/>\n<meta property=\"og:locale\" content=\"pt_BR\" \/>\n<meta property=\"og:type\" content=\"article\" \/>\n<meta property=\"og:title\" content=\"Capacita\u00e7\u00e3o: Did\u00e1tica no ensino superior: ressignifica\u00e7\u00e3o na pr\u00e1tica pedag\u00f3gica - Pr\u00f3-Reitoria de Gest\u00e3o com Pessoas - PROGEP\" \/>\n<meta property=\"og:description\" content=\"Facilitadora: Maria Janine Dalpiaz Resckhe &#8211; Docente Faculdades Integradas de Taquara (participa\u00e7\u00e3o volunt\u00e1ria) Data: 26\/06\/2024 (Quarta-feira) Hor\u00e1rio: das 14 h \u00e0s 16h Modalidade: Online Local: Webconf UFPel Ementa:\u00a0 Doc\u00eancia no Ensino Superior: concep\u00e7\u00f5es e pr\u00e1ticas. Did\u00e1tica no Ensino Superior: a aula universit\u00e1ria e a pr\u00e1tica docente.\u00a0Pedagogia universit\u00e1ria: sujeitos e cen\u00e1rio. Constru\u00e7\u00e3o da doc\u00eancia universit\u00e1ria e [&hellip;]\" \/>\n<meta property=\"og:url\" content=\"https:\/\/wp.ufpel.edu.br\/progep\/didatica-no-ensino-superior-ressignificacao-na-pratica-pedagogica\/\" \/>\n<meta property=\"og:site_name\" content=\"Pr\u00f3-Reitoria de Gest\u00e3o com Pessoas - PROGEP\" \/>\n<meta property=\"article:modified_time\" content=\"2025-06-30T17:57:05+00:00\" \/>\n<meta name=\"twitter:card\" content=\"summary_large_image\" \/>\n<meta name=\"twitter:label1\" content=\"Est. tempo de leitura\" \/>\n\t<meta name=\"twitter:data1\" content=\"1 minuto\" \/>\n<script type=\"application\/ld+json\" class=\"yoast-schema-graph\">{\"@context\":\"https:\\\/\\\/schema.org\",\"@graph\":[{\"@type\":\"WebPage\",\"@id\":\"https:\\\/\\\/wp.ufpel.edu.br\\\/progep\\\/didatica-no-ensino-superior-ressignificacao-na-pratica-pedagogica\\\/\",\"url\":\"https:\\\/\\\/wp.ufpel.edu.br\\\/progep\\\/didatica-no-ensino-superior-ressignificacao-na-pratica-pedagogica\\\/\",\"name\":\"Capacita\u00e7\u00e3o: Did\u00e1tica no ensino superior: ressignifica\u00e7\u00e3o na pr\u00e1tica pedag\u00f3gica - Pr\u00f3-Reitoria de Gest\u00e3o com Pessoas - PROGEP\",\"isPartOf\":{\"@id\":\"https:\\\/\\\/wp.ufpel.edu.br\\\/progep\\\/#website\"},\"datePublished\":\"2024-06-11T13:47:20+00:00\",\"dateModified\":\"2025-06-30T17:57:05+00:00\",\"breadcrumb\":{\"@id\":\"https:\\\/\\\/wp.ufpel.edu.br\\\/progep\\\/didatica-no-ensino-superior-ressignificacao-na-pratica-pedagogica\\\/#breadcrumb\"},\"inLanguage\":\"pt-BR\",\"potentialAction\":[{\"@type\":\"ReadAction\",\"target\":[\"https:\\\/\\\/wp.ufpel.edu.br\\\/progep\\\/didatica-no-ensino-superior-ressignificacao-na-pratica-pedagogica\\\/\"]}]},{\"@type\":\"BreadcrumbList\",\"@id\":\"https:\\\/\\\/wp.ufpel.edu.br\\\/progep\\\/didatica-no-ensino-superior-ressignificacao-na-pratica-pedagogica\\\/#breadcrumb\",\"itemListElement\":[{\"@type\":\"ListItem\",\"position\":1,\"name\":\"In\u00edcio\",\"item\":\"https:\\\/\\\/wp.ufpel.edu.br\\\/progep\\\/\"},{\"@type\":\"ListItem\",\"position\":2,\"name\":\"Capacita\u00e7\u00e3o: Did\u00e1tica no ensino superior: ressignifica\u00e7\u00e3o na pr\u00e1tica pedag\u00f3gica\"}]},{\"@type\":\"WebSite\",\"@id\":\"https:\\\/\\\/wp.ufpel.edu.br\\\/progep\\\/#website\",\"url\":\"https:\\\/\\\/wp.ufpel.edu.br\\\/progep\\\/\",\"name\":\"Pr\u00f3-Reitoria de Gest\u00e3o com Pessoas - PROGEP\",\"description\":\"Pr\u00f3-Reitoria de Gest\u00e3o com Pessoas\",\"publisher\":{\"@id\":\"https:\\\/\\\/wp.ufpel.edu.br\\\/progep\\\/#organization\"},\"potentialAction\":[{\"@type\":\"SearchAction\",\"target\":{\"@type\":\"EntryPoint\",\"urlTemplate\":\"https:\\\/\\\/wp.ufpel.edu.br\\\/progep\\\/?s={search_term_string}\"},\"query-input\":{\"@type\":\"PropertyValueSpecification\",\"valueRequired\":true,\"valueName\":\"search_term_string\"}}],\"inLanguage\":\"pt-BR\"},{\"@type\":\"Organization\",\"@id\":\"https:\\\/\\\/wp.ufpel.edu.br\\\/progep\\\/#organization\",\"name\":\"Pr\u00f3-Reitoria de Gest\u00e3o com Pessoas - PROGEP\",\"url\":\"https:\\\/\\\/wp.ufpel.edu.br\\\/progep\\\/\",\"logo\":{\"@type\":\"ImageObject\",\"inLanguage\":\"pt-BR\",\"@id\":\"https:\\\/\\\/wp.ufpel.edu.br\\\/progep\\\/#\\\/schema\\\/logo\\\/image\\\/\",\"url\":\"https:\\\/\\\/wp.ufpel.edu.br\\\/progep\\\/files\\\/2025\\\/03\\\/logo-progep_atualizacao-nome_AZUL.png\",\"contentUrl\":\"https:\\\/\\\/wp.ufpel.edu.br\\\/progep\\\/files\\\/2025\\\/03\\\/logo-progep_atualizacao-nome_AZUL.png\",\"width\":1080,\"height\":391,\"caption\":\"Pr\u00f3-Reitoria de Gest\u00e3o com Pessoas - PROGEP\"},\"image\":{\"@id\":\"https:\\\/\\\/wp.ufpel.edu.br\\\/progep\\\/#\\\/schema\\\/logo\\\/image\\\/\"}}]}<\/script>\n<!-- \/ Yoast SEO plugin. -->","yoast_head_json":{"title":"Capacita\u00e7\u00e3o: Did\u00e1tica no ensino superior: ressignifica\u00e7\u00e3o na pr\u00e1tica pedag\u00f3gica - Pr\u00f3-Reitoria de Gest\u00e3o com Pessoas - PROGEP","robots":{"index":"index","follow":"follow","max-snippet":"max-snippet:-1","max-image-preview":"max-image-preview:large","max-video-preview":"max-video-preview:-1"},"canonical":"https:\/\/wp.ufpel.edu.br\/progep\/didatica-no-ensino-superior-ressignificacao-na-pratica-pedagogica\/","og_locale":"pt_BR","og_type":"article","og_title":"Capacita\u00e7\u00e3o: Did\u00e1tica no ensino superior: ressignifica\u00e7\u00e3o na pr\u00e1tica pedag\u00f3gica - Pr\u00f3-Reitoria de Gest\u00e3o com Pessoas - PROGEP","og_description":"Facilitadora: Maria Janine Dalpiaz Resckhe &#8211; Docente Faculdades Integradas de Taquara (participa\u00e7\u00e3o volunt\u00e1ria) Data: 26\/06\/2024 (Quarta-feira) Hor\u00e1rio: das 14 h \u00e0s 16h Modalidade: Online Local: Webconf UFPel Ementa:\u00a0 Doc\u00eancia no Ensino Superior: concep\u00e7\u00f5es e pr\u00e1ticas. Did\u00e1tica no Ensino Superior: a aula universit\u00e1ria e a pr\u00e1tica docente.\u00a0Pedagogia universit\u00e1ria: sujeitos e cen\u00e1rio. Constru\u00e7\u00e3o da doc\u00eancia universit\u00e1ria e [&hellip;]","og_url":"https:\/\/wp.ufpel.edu.br\/progep\/didatica-no-ensino-superior-ressignificacao-na-pratica-pedagogica\/","og_site_name":"Pr\u00f3-Reitoria de Gest\u00e3o com Pessoas - PROGEP","article_modified_time":"2025-06-30T17:57:05+00:00","twitter_card":"summary_large_image","twitter_misc":{"Est. tempo de leitura":"1 minuto"},"schema":{"@context":"https:\/\/schema.org","@graph":[{"@type":"WebPage","@id":"https:\/\/wp.ufpel.edu.br\/progep\/didatica-no-ensino-superior-ressignificacao-na-pratica-pedagogica\/","url":"https:\/\/wp.ufpel.edu.br\/progep\/didatica-no-ensino-superior-ressignificacao-na-pratica-pedagogica\/","name":"Capacita\u00e7\u00e3o: Did\u00e1tica no ensino superior: ressignifica\u00e7\u00e3o na pr\u00e1tica pedag\u00f3gica - Pr\u00f3-Reitoria de Gest\u00e3o com Pessoas - PROGEP","isPartOf":{"@id":"https:\/\/wp.ufpel.edu.br\/progep\/#website"},"datePublished":"2024-06-11T13:47:20+00:00","dateModified":"2025-06-30T17:57:05+00:00","breadcrumb":{"@id":"https:\/\/wp.ufpel.edu.br\/progep\/didatica-no-ensino-superior-ressignificacao-na-pratica-pedagogica\/#breadcrumb"},"inLanguage":"pt-BR","potentialAction":[{"@type":"ReadAction","target":["https:\/\/wp.ufpel.edu.br\/progep\/didatica-no-ensino-superior-ressignificacao-na-pratica-pedagogica\/"]}]},{"@type":"BreadcrumbList","@id":"https:\/\/wp.ufpel.edu.br\/progep\/didatica-no-ensino-superior-ressignificacao-na-pratica-pedagogica\/#breadcrumb","itemListElement":[{"@type":"ListItem","position":1,"name":"In\u00edcio","item":"https:\/\/wp.ufpel.edu.br\/progep\/"},{"@type":"ListItem","position":2,"name":"Capacita\u00e7\u00e3o: Did\u00e1tica no ensino superior: ressignifica\u00e7\u00e3o na pr\u00e1tica pedag\u00f3gica"}]},{"@type":"WebSite","@id":"https:\/\/wp.ufpel.edu.br\/progep\/#website","url":"https:\/\/wp.ufpel.edu.br\/progep\/","name":"Pr\u00f3-Reitoria de Gest\u00e3o com Pessoas - PROGEP","description":"Pr\u00f3-Reitoria de Gest\u00e3o com Pessoas","publisher":{"@id":"https:\/\/wp.ufpel.edu.br\/progep\/#organization"},"potentialAction":[{"@type":"SearchAction","target":{"@type":"EntryPoint","urlTemplate":"https:\/\/wp.ufpel.edu.br\/progep\/?s={search_term_string}"},"query-input":{"@type":"PropertyValueSpecification","valueRequired":true,"valueName":"search_term_string"}}],"inLanguage":"pt-BR"},{"@type":"Organization","@id":"https:\/\/wp.ufpel.edu.br\/progep\/#organization","name":"Pr\u00f3-Reitoria de Gest\u00e3o com Pessoas - PROGEP","url":"https:\/\/wp.ufpel.edu.br\/progep\/","logo":{"@type":"ImageObject","inLanguage":"pt-BR","@id":"https:\/\/wp.ufpel.edu.br\/progep\/#\/schema\/logo\/image\/","url":"https:\/\/wp.ufpel.edu.br\/progep\/files\/2025\/03\/logo-progep_atualizacao-nome_AZUL.png","contentUrl":"https:\/\/wp.ufpel.edu.br\/progep\/files\/2025\/03\/logo-progep_atualizacao-nome_AZUL.png","width":1080,"height":391,"caption":"Pr\u00f3-Reitoria de Gest\u00e3o com Pessoas - PROGEP"},"image":{"@id":"https:\/\/wp.ufpel.edu.br\/progep\/#\/schema\/logo\/image\/"}}]}},"_links":{"self":[{"href":"https:\/\/wp.ufpel.edu.br\/progep\/wp-json\/wp\/v2\/pages\/25991","targetHints":{"allow":["GET"]}}],"collection":[{"href":"https:\/\/wp.ufpel.edu.br\/progep\/wp-json\/wp\/v2\/pages"}],"about":[{"href":"https:\/\/wp.ufpel.edu.br\/progep\/wp-json\/wp\/v2\/types\/page"}],"author":[{"embeddable":true,"href":"https:\/\/wp.ufpel.edu.br\/progep\/wp-json\/wp\/v2\/users\/21"}],"replies":[{"embeddable":true,"href":"https:\/\/wp.ufpel.edu.br\/progep\/wp-json\/wp\/v2\/comments?post=25991"}],"version-history":[{"count":10,"href":"https:\/\/wp.ufpel.edu.br\/progep\/wp-json\/wp\/v2\/pages\/25991\/revisions"}],"predecessor-version":[{"id":34153,"href":"https:\/\/wp.ufpel.edu.br\/progep\/wp-json\/wp\/v2\/pages\/25991\/revisions\/34153"}],"wp:attachment":[{"href":"https:\/\/wp.ufpel.edu.br\/progep\/wp-json\/wp\/v2\/media?parent=25991"}],"curies":[{"name":"wp","href":"https:\/\/api.w.org\/{rel}","templated":true}]}}