{"id":24978,"date":"2023-10-19T17:47:54","date_gmt":"2023-10-19T20:47:54","guid":{"rendered":"https:\/\/wp.ufpel.edu.br\/progep\/?page_id=24978"},"modified":"2025-06-30T14:52:20","modified_gmt":"2025-06-30T17:52:20","slug":"ufpel-sempre-acolhedora-primeiros-cuidados-psicologicos-como-acolher-alguem-em-situacao-de-tensao-emocional","status":"publish","type":"page","link":"https:\/\/wp.ufpel.edu.br\/progep\/ufpel-sempre-acolhedora-primeiros-cuidados-psicologicos-como-acolher-alguem-em-situacao-de-tensao-emocional\/","title":{"rendered":"Capacita\u00e7\u00e3o: UFPel Sempre Acolhedora &#8211; Primeiros Cuidados Psicol\u00f3gicos: Como acolher algu\u00e9m em situa\u00e7\u00e3o de tens\u00e3o emocional"},"content":{"rendered":"<p><strong>Facilitadora<\/strong>: Maria Helena Concei\u00e7\u00e3o Silveira (Psic\u00f3loga da Coordena\u00e7\u00e3o de Sa\u00fade e Qualidade de Vida \u2013 CSQV\/PROGEP \u2013 UFPel)<\/p>\n<p><span style=\"font-size: 12pt\"><strong>Data de realiza\u00e7\u00e3o:<\/strong> 07 de novembro de 2023 (ter\u00e7a-feira)<\/span><\/p>\n<p>&#8211; <span style=\"text-decoration: underline\">Turno Manh\u00e3<\/span>: 8h30 \u00e0s 10h<\/p>\n<p>&#8211; <span style=\"text-decoration: underline\">Turno Tarde<\/span>: 14h \u00e0s 15h30<\/p>\n<p><strong>Carga hor\u00e1ria<\/strong>: 1 hora e 30 minutos<\/p>\n<p><span style=\"font-size: 12pt\"><strong>Modalidade:<\/strong> presencial<\/span><\/p>\n<p><strong>Local<\/strong>: Audit\u00f3rio da FAMED &#8211; UFPel<\/p>\n<p><strong>Ementa:<\/strong><br \/>\n1. Como realizar os Primeiros Cuidados Psicol\u00f3gicos (PCP);<br \/>\n2. Manejo de situa\u00e7\u00f5es espec\u00edficas (agita\u00e7\u00e3o, agressividade);<br \/>\n3. Surto psic\u00f3tico;<br \/>\n4. Encaminhamentos.<\/p>\n<p><span style=\"font-size: 12pt\"><strong>P\u00fablico Alvo<\/strong>: Servidores docentes e TAEs ativos da UFPel*<\/span><\/p>\n<p><strong>Vagas<\/strong>: 25 vagas**<\/p>\n<p><span style=\"font-size: 12pt\"><strong>Inscri\u00e7\u00f5es<\/strong>: at\u00e9 05\/11\/2023<\/span><\/p>\n<p><strong>Divulga\u00e7\u00e3o das inscri\u00e7\u00f5es homologadas<\/strong>: 06\/11\/2023, nesta p\u00e1gina***<\/p>\n<p>*Considerando a Pol\u00edtica Nacional de Desenvolvimento de Pessoas, conforme Decreto n\u00ba 9.991\/19, somente ser\u00e3o certificados os servidores p\u00fablicos pertencentes ao Quadro Efetivo da UFPel;<br \/>\n**Vagas destinadas \u00e0 servidores pertencentes ao Quadro Efetivo da UFPel, preferencialmente;<br \/>\n*** Quando homologadas as inscri\u00e7\u00f5es, os selecionados receber\u00e3o e-mail de confirma\u00e7\u00e3o com instru\u00e7\u00f5es.<\/p>\n<p><strong><span style=\"color: #ff6600\"><a style=\"color: #ff6600\" href=\"https:\/\/wp.ufpel.edu.br\/progep\/files\/2023\/11\/UFPEL-SEMPRE-ACOLHEDORA-07-novembro-manha.pdf\">INSCRI\u00c7\u00d5ES HOMOLOGADAS (Turno manh\u00e3)<\/a><\/span><\/strong><\/p>\n<p><strong><span style=\"color: #ff6600\"><a style=\"color: #ff6600\" href=\"https:\/\/wp.ufpel.edu.br\/progep\/files\/2023\/11\/UFPEL-SEMPRE-ACOLHEDORA-07-novembro-tarde.pdf\">INSCRI\u00c7\u00d5ES HOMOLOGADAS (Turno tarde)<\/a><\/span><\/strong><\/p>\n","protected":false},"excerpt":{"rendered":"<p>Facilitadora: Maria Helena Concei\u00e7\u00e3o Silveira (Psic\u00f3loga da Coordena\u00e7\u00e3o de Sa\u00fade e Qualidade de Vida \u2013 CSQV\/PROGEP \u2013 UFPel) Data de realiza\u00e7\u00e3o: 07 de novembro de 2023 (ter\u00e7a-feira) &#8211; Turno Manh\u00e3: 8h30 \u00e0s 10h &#8211; Turno Tarde: 14h \u00e0s 15h30 Carga hor\u00e1ria: 1 hora e 30 minutos Modalidade: presencial Local: Audit\u00f3rio da FAMED &#8211; UFPel Ementa: [&hellip;]<\/p>\n","protected":false},"author":21,"featured_media":0,"parent":0,"menu_order":0,"comment_status":"closed","ping_status":"closed","template":"","meta":{"footnotes":""},"class_list":["post-24978","page","type-page","status-publish","hentry"],"yoast_head":"<!-- This site is optimized with the Yoast SEO plugin v28.1 - https:\/\/yoast.com\/product\/yoast-seo-wordpress\/ -->\n<title>Capacita\u00e7\u00e3o: UFPel Sempre Acolhedora - Primeiros Cuidados Psicol\u00f3gicos: Como acolher algu\u00e9m em situa\u00e7\u00e3o de tens\u00e3o emocional - Pr\u00f3-Reitoria de Gest\u00e3o com Pessoas - PROGEP<\/title>\n<meta name=\"robots\" content=\"index, follow, max-snippet:-1, max-image-preview:large, max-video-preview:-1\" \/>\n<link rel=\"canonical\" href=\"https:\/\/wp.ufpel.edu.br\/progep\/ufpel-sempre-acolhedora-primeiros-cuidados-psicologicos-como-acolher-alguem-em-situacao-de-tensao-emocional\/\" \/>\n<meta property=\"og:locale\" content=\"pt_BR\" \/>\n<meta property=\"og:type\" content=\"article\" \/>\n<meta property=\"og:title\" content=\"Capacita\u00e7\u00e3o: UFPel Sempre Acolhedora - Primeiros Cuidados Psicol\u00f3gicos: Como acolher algu\u00e9m em situa\u00e7\u00e3o de tens\u00e3o emocional - Pr\u00f3-Reitoria de Gest\u00e3o com Pessoas - PROGEP\" \/>\n<meta property=\"og:description\" content=\"Facilitadora: Maria Helena Concei\u00e7\u00e3o Silveira (Psic\u00f3loga da Coordena\u00e7\u00e3o de Sa\u00fade e Qualidade de Vida \u2013 CSQV\/PROGEP \u2013 UFPel) Data de realiza\u00e7\u00e3o: 07 de novembro de 2023 (ter\u00e7a-feira) &#8211; Turno Manh\u00e3: 8h30 \u00e0s 10h &#8211; Turno Tarde: 14h \u00e0s 15h30 Carga hor\u00e1ria: 1 hora e 30 minutos Modalidade: presencial Local: Audit\u00f3rio da FAMED &#8211; UFPel Ementa: [&hellip;]\" \/>\n<meta property=\"og:url\" content=\"https:\/\/wp.ufpel.edu.br\/progep\/ufpel-sempre-acolhedora-primeiros-cuidados-psicologicos-como-acolher-alguem-em-situacao-de-tensao-emocional\/\" \/>\n<meta property=\"og:site_name\" content=\"Pr\u00f3-Reitoria de Gest\u00e3o com Pessoas - PROGEP\" \/>\n<meta property=\"article:modified_time\" content=\"2025-06-30T17:52:20+00:00\" \/>\n<meta name=\"twitter:card\" content=\"summary_large_image\" \/>\n<meta name=\"twitter:label1\" content=\"Est. tempo de leitura\" \/>\n\t<meta name=\"twitter:data1\" content=\"1 minuto\" \/>\n<script type=\"application\/ld+json\" class=\"yoast-schema-graph\">{\"@context\":\"https:\\\/\\\/schema.org\",\"@graph\":[{\"@type\":\"WebPage\",\"@id\":\"https:\\\/\\\/wp.ufpel.edu.br\\\/progep\\\/ufpel-sempre-acolhedora-primeiros-cuidados-psicologicos-como-acolher-alguem-em-situacao-de-tensao-emocional\\\/\",\"url\":\"https:\\\/\\\/wp.ufpel.edu.br\\\/progep\\\/ufpel-sempre-acolhedora-primeiros-cuidados-psicologicos-como-acolher-alguem-em-situacao-de-tensao-emocional\\\/\",\"name\":\"Capacita\u00e7\u00e3o: UFPel Sempre Acolhedora - Primeiros Cuidados Psicol\u00f3gicos: Como acolher algu\u00e9m em situa\u00e7\u00e3o de tens\u00e3o emocional - Pr\u00f3-Reitoria de Gest\u00e3o com Pessoas - PROGEP\",\"isPartOf\":{\"@id\":\"https:\\\/\\\/wp.ufpel.edu.br\\\/progep\\\/#website\"},\"datePublished\":\"2023-10-19T20:47:54+00:00\",\"dateModified\":\"2025-06-30T17:52:20+00:00\",\"breadcrumb\":{\"@id\":\"https:\\\/\\\/wp.ufpel.edu.br\\\/progep\\\/ufpel-sempre-acolhedora-primeiros-cuidados-psicologicos-como-acolher-alguem-em-situacao-de-tensao-emocional\\\/#breadcrumb\"},\"inLanguage\":\"pt-BR\",\"potentialAction\":[{\"@type\":\"ReadAction\",\"target\":[\"https:\\\/\\\/wp.ufpel.edu.br\\\/progep\\\/ufpel-sempre-acolhedora-primeiros-cuidados-psicologicos-como-acolher-alguem-em-situacao-de-tensao-emocional\\\/\"]}]},{\"@type\":\"BreadcrumbList\",\"@id\":\"https:\\\/\\\/wp.ufpel.edu.br\\\/progep\\\/ufpel-sempre-acolhedora-primeiros-cuidados-psicologicos-como-acolher-alguem-em-situacao-de-tensao-emocional\\\/#breadcrumb\",\"itemListElement\":[{\"@type\":\"ListItem\",\"position\":1,\"name\":\"In\u00edcio\",\"item\":\"https:\\\/\\\/wp.ufpel.edu.br\\\/progep\\\/\"},{\"@type\":\"ListItem\",\"position\":2,\"name\":\"Capacita\u00e7\u00e3o: UFPel Sempre Acolhedora &#8211; Primeiros Cuidados Psicol\u00f3gicos: Como acolher algu\u00e9m em situa\u00e7\u00e3o de tens\u00e3o emocional\"}]},{\"@type\":\"WebSite\",\"@id\":\"https:\\\/\\\/wp.ufpel.edu.br\\\/progep\\\/#website\",\"url\":\"https:\\\/\\\/wp.ufpel.edu.br\\\/progep\\\/\",\"name\":\"Pr\u00f3-Reitoria de Gest\u00e3o com Pessoas - PROGEP\",\"description\":\"Pr\u00f3-Reitoria de Gest\u00e3o com Pessoas\",\"publisher\":{\"@id\":\"https:\\\/\\\/wp.ufpel.edu.br\\\/progep\\\/#organization\"},\"potentialAction\":[{\"@type\":\"SearchAction\",\"target\":{\"@type\":\"EntryPoint\",\"urlTemplate\":\"https:\\\/\\\/wp.ufpel.edu.br\\\/progep\\\/?s={search_term_string}\"},\"query-input\":{\"@type\":\"PropertyValueSpecification\",\"valueRequired\":true,\"valueName\":\"search_term_string\"}}],\"inLanguage\":\"pt-BR\"},{\"@type\":\"Organization\",\"@id\":\"https:\\\/\\\/wp.ufpel.edu.br\\\/progep\\\/#organization\",\"name\":\"Pr\u00f3-Reitoria de Gest\u00e3o com Pessoas - PROGEP\",\"url\":\"https:\\\/\\\/wp.ufpel.edu.br\\\/progep\\\/\",\"logo\":{\"@type\":\"ImageObject\",\"inLanguage\":\"pt-BR\",\"@id\":\"https:\\\/\\\/wp.ufpel.edu.br\\\/progep\\\/#\\\/schema\\\/logo\\\/image\\\/\",\"url\":\"https:\\\/\\\/wp.ufpel.edu.br\\\/progep\\\/files\\\/2025\\\/03\\\/logo-progep_atualizacao-nome_AZUL.png\",\"contentUrl\":\"https:\\\/\\\/wp.ufpel.edu.br\\\/progep\\\/files\\\/2025\\\/03\\\/logo-progep_atualizacao-nome_AZUL.png\",\"width\":1080,\"height\":391,\"caption\":\"Pr\u00f3-Reitoria de Gest\u00e3o com Pessoas - PROGEP\"},\"image\":{\"@id\":\"https:\\\/\\\/wp.ufpel.edu.br\\\/progep\\\/#\\\/schema\\\/logo\\\/image\\\/\"}}]}<\/script>\n<!-- \/ Yoast SEO plugin. -->","yoast_head_json":{"title":"Capacita\u00e7\u00e3o: UFPel Sempre Acolhedora - Primeiros Cuidados Psicol\u00f3gicos: Como acolher algu\u00e9m em situa\u00e7\u00e3o de tens\u00e3o emocional - Pr\u00f3-Reitoria de Gest\u00e3o com Pessoas - PROGEP","robots":{"index":"index","follow":"follow","max-snippet":"max-snippet:-1","max-image-preview":"max-image-preview:large","max-video-preview":"max-video-preview:-1"},"canonical":"https:\/\/wp.ufpel.edu.br\/progep\/ufpel-sempre-acolhedora-primeiros-cuidados-psicologicos-como-acolher-alguem-em-situacao-de-tensao-emocional\/","og_locale":"pt_BR","og_type":"article","og_title":"Capacita\u00e7\u00e3o: UFPel Sempre Acolhedora - Primeiros Cuidados Psicol\u00f3gicos: Como acolher algu\u00e9m em situa\u00e7\u00e3o de tens\u00e3o emocional - Pr\u00f3-Reitoria de Gest\u00e3o com Pessoas - PROGEP","og_description":"Facilitadora: Maria Helena Concei\u00e7\u00e3o Silveira (Psic\u00f3loga da Coordena\u00e7\u00e3o de Sa\u00fade e Qualidade de Vida \u2013 CSQV\/PROGEP \u2013 UFPel) Data de realiza\u00e7\u00e3o: 07 de novembro de 2023 (ter\u00e7a-feira) &#8211; Turno Manh\u00e3: 8h30 \u00e0s 10h &#8211; Turno Tarde: 14h \u00e0s 15h30 Carga hor\u00e1ria: 1 hora e 30 minutos Modalidade: presencial Local: Audit\u00f3rio da FAMED &#8211; UFPel Ementa: [&hellip;]","og_url":"https:\/\/wp.ufpel.edu.br\/progep\/ufpel-sempre-acolhedora-primeiros-cuidados-psicologicos-como-acolher-alguem-em-situacao-de-tensao-emocional\/","og_site_name":"Pr\u00f3-Reitoria de Gest\u00e3o com Pessoas - PROGEP","article_modified_time":"2025-06-30T17:52:20+00:00","twitter_card":"summary_large_image","twitter_misc":{"Est. tempo de leitura":"1 minuto"},"schema":{"@context":"https:\/\/schema.org","@graph":[{"@type":"WebPage","@id":"https:\/\/wp.ufpel.edu.br\/progep\/ufpel-sempre-acolhedora-primeiros-cuidados-psicologicos-como-acolher-alguem-em-situacao-de-tensao-emocional\/","url":"https:\/\/wp.ufpel.edu.br\/progep\/ufpel-sempre-acolhedora-primeiros-cuidados-psicologicos-como-acolher-alguem-em-situacao-de-tensao-emocional\/","name":"Capacita\u00e7\u00e3o: UFPel Sempre Acolhedora - Primeiros Cuidados Psicol\u00f3gicos: Como acolher algu\u00e9m em situa\u00e7\u00e3o de tens\u00e3o emocional - Pr\u00f3-Reitoria de Gest\u00e3o com Pessoas - PROGEP","isPartOf":{"@id":"https:\/\/wp.ufpel.edu.br\/progep\/#website"},"datePublished":"2023-10-19T20:47:54+00:00","dateModified":"2025-06-30T17:52:20+00:00","breadcrumb":{"@id":"https:\/\/wp.ufpel.edu.br\/progep\/ufpel-sempre-acolhedora-primeiros-cuidados-psicologicos-como-acolher-alguem-em-situacao-de-tensao-emocional\/#breadcrumb"},"inLanguage":"pt-BR","potentialAction":[{"@type":"ReadAction","target":["https:\/\/wp.ufpel.edu.br\/progep\/ufpel-sempre-acolhedora-primeiros-cuidados-psicologicos-como-acolher-alguem-em-situacao-de-tensao-emocional\/"]}]},{"@type":"BreadcrumbList","@id":"https:\/\/wp.ufpel.edu.br\/progep\/ufpel-sempre-acolhedora-primeiros-cuidados-psicologicos-como-acolher-alguem-em-situacao-de-tensao-emocional\/#breadcrumb","itemListElement":[{"@type":"ListItem","position":1,"name":"In\u00edcio","item":"https:\/\/wp.ufpel.edu.br\/progep\/"},{"@type":"ListItem","position":2,"name":"Capacita\u00e7\u00e3o: UFPel Sempre Acolhedora &#8211; Primeiros Cuidados Psicol\u00f3gicos: Como acolher algu\u00e9m em situa\u00e7\u00e3o de tens\u00e3o emocional"}]},{"@type":"WebSite","@id":"https:\/\/wp.ufpel.edu.br\/progep\/#website","url":"https:\/\/wp.ufpel.edu.br\/progep\/","name":"Pr\u00f3-Reitoria de Gest\u00e3o com Pessoas - PROGEP","description":"Pr\u00f3-Reitoria de Gest\u00e3o com Pessoas","publisher":{"@id":"https:\/\/wp.ufpel.edu.br\/progep\/#organization"},"potentialAction":[{"@type":"SearchAction","target":{"@type":"EntryPoint","urlTemplate":"https:\/\/wp.ufpel.edu.br\/progep\/?s={search_term_string}"},"query-input":{"@type":"PropertyValueSpecification","valueRequired":true,"valueName":"search_term_string"}}],"inLanguage":"pt-BR"},{"@type":"Organization","@id":"https:\/\/wp.ufpel.edu.br\/progep\/#organization","name":"Pr\u00f3-Reitoria de Gest\u00e3o com Pessoas - PROGEP","url":"https:\/\/wp.ufpel.edu.br\/progep\/","logo":{"@type":"ImageObject","inLanguage":"pt-BR","@id":"https:\/\/wp.ufpel.edu.br\/progep\/#\/schema\/logo\/image\/","url":"https:\/\/wp.ufpel.edu.br\/progep\/files\/2025\/03\/logo-progep_atualizacao-nome_AZUL.png","contentUrl":"https:\/\/wp.ufpel.edu.br\/progep\/files\/2025\/03\/logo-progep_atualizacao-nome_AZUL.png","width":1080,"height":391,"caption":"Pr\u00f3-Reitoria de Gest\u00e3o com Pessoas - PROGEP"},"image":{"@id":"https:\/\/wp.ufpel.edu.br\/progep\/#\/schema\/logo\/image\/"}}]}},"_links":{"self":[{"href":"https:\/\/wp.ufpel.edu.br\/progep\/wp-json\/wp\/v2\/pages\/24978","targetHints":{"allow":["GET"]}}],"collection":[{"href":"https:\/\/wp.ufpel.edu.br\/progep\/wp-json\/wp\/v2\/pages"}],"about":[{"href":"https:\/\/wp.ufpel.edu.br\/progep\/wp-json\/wp\/v2\/types\/page"}],"author":[{"embeddable":true,"href":"https:\/\/wp.ufpel.edu.br\/progep\/wp-json\/wp\/v2\/users\/21"}],"replies":[{"embeddable":true,"href":"https:\/\/wp.ufpel.edu.br\/progep\/wp-json\/wp\/v2\/comments?post=24978"}],"version-history":[{"count":12,"href":"https:\/\/wp.ufpel.edu.br\/progep\/wp-json\/wp\/v2\/pages\/24978\/revisions"}],"predecessor-version":[{"id":34134,"href":"https:\/\/wp.ufpel.edu.br\/progep\/wp-json\/wp\/v2\/pages\/24978\/revisions\/34134"}],"wp:attachment":[{"href":"https:\/\/wp.ufpel.edu.br\/progep\/wp-json\/wp\/v2\/media?parent=24978"}],"curies":[{"name":"wp","href":"https:\/\/api.w.org\/{rel}","templated":true}]}}