{"id":24441,"date":"2023-08-28T17:23:42","date_gmt":"2023-08-28T20:23:42","guid":{"rendered":"https:\/\/wp.ufpel.edu.br\/progep\/?page_id=24441"},"modified":"2025-06-30T14:48:57","modified_gmt":"2025-06-30T17:48:57","slug":"formacao-para-gestores-3a-edicao-modulo-7-comunicacao-nao-violenta-e-mediacao-de-conflitos-pacificando-o-ambiente-de-trabalho","status":"publish","type":"page","link":"https:\/\/wp.ufpel.edu.br\/progep\/formacao-para-gestores-3a-edicao-modulo-7-comunicacao-nao-violenta-e-mediacao-de-conflitos-pacificando-o-ambiente-de-trabalho\/","title":{"rendered":"Capacita\u00e7\u00e3o: Forma\u00e7\u00e3o para Gestores 3\u00aa Edi\u00e7\u00e3o \u2013 M\u00f3dulo 7: Comunica\u00e7\u00e3o n\u00e3o violenta e Media\u00e7\u00e3o de Conflitos \u2013 pacificando o ambiente de trabalho"},"content":{"rendered":"<table style=\"border-collapse: collapse;width: 100%\" border=\"1\">\n<tbody>\n<tr>\n<td style=\"width: 100%;background-color: #f0f0f0;text-align: justify\"><span style=\"font-size: 11pt\">Por quest\u00f5es de seguran\u00e7a, devido \u00e0s condi\u00e7\u00f5es meteorol\u00f3gicas, a realiza\u00e7\u00e3o da Forma\u00e7\u00e3o para Gestores 3\u00aa Edi\u00e7\u00e3o \u2013 M\u00f3dulo 7 que seria realizada presencialmente, foi alterada para o formato online (virtual\/s\u00edncrono) atrav\u00e9s da plataforma Webconf da UFPel, no mesmo dia e hor\u00e1rio.<\/span><\/td>\n<\/tr>\n<\/tbody>\n<\/table>\n<p><strong>Ministrante:<\/strong> Simone de Biazzi Avila Batista da Silveira (Docente da Faculdade de Direito da Universidade Federal do Rio Grande\/ FURG)<\/p>\n<p><strong>Data de realiza\u00e7\u00e3o:<\/strong> 19\/09\/2023 (ter\u00e7a-feira)<\/p>\n<p><strong>Hor\u00e1rio: <\/strong>das <span style=\"color: var(--cor-texto);font-family: var(--fonte-corpo)\">08h \u00e0s 12h<\/span><\/p>\n<p><strong>Modalidade: <\/strong><del>Presencial<\/del> <span style=\"color: #ff6600\"><strong>Online (Webconf)<\/strong><\/span><\/p>\n<p><strong>Realiza\u00e7\u00e3o:<\/strong> <del>Audit\u00f3rio Acad\u00eamico Campus Anglo<\/del> <span style=\"color: #ff6600\"><strong>Online (Webconf)<\/strong><\/span><\/p>\n<p><strong>Ementa:<br \/>\n<\/strong><\/p>\n<ol>\n<li>Teoria do Conflito<\/li>\n<li>Comunica\u00e7\u00e3o N\u00e3o violenta<\/li>\n<li>Ferramentas de media\u00e7\u00e3o para o cotidiano<\/li>\n<\/ol>\n<p><strong>P\u00fablico Alvo<\/strong>: Chefes de N\u00facleo das Unidades Administrativas da UFPel*<\/p>\n<p><strong>Per\u00edodo de inscri\u00e7\u00e3o<\/strong>: 29\/08 a 14\/09\/2023<\/p>\n<p><strong>Divulga\u00e7\u00e3o das inscri\u00e7\u00f5es homologadas<\/strong>: 15\/09**, nesta p\u00e1gina.<\/p>\n<p>*Considerando a Pol\u00edtica Nacional de Desenvolvimento de Pessoas, conforme Decreto n\u00ba 9.991\/19, somente ser\u00e3o certificados os servidores p\u00fablicos pertencentes ao Quadro Efetivo da UFPel.<\/p>\n<p>**Quando homologadas as inscri\u00e7\u00f5es, os selecionados receber\u00e3o e-mail de confirma\u00e7\u00e3o com instru\u00e7\u00f5es.<\/p>\n<p><span style=\"color: #ff6600\"><strong><a style=\"color: #ff6600\" href=\"https:\/\/wp.ufpel.edu.br\/progep\/files\/2023\/09\/Retificacao-Homologados-Formacao-para-Gestores-3a-Edicao-Modulo-7-Comunicacao-nao-violenta-e-Mediacao-de-Conflitos-19-09-2023.pdf\" target=\"_blank\" rel=\"noopener\">INSCRI\u00c7\u00d5ES HOMOLOGADAS (retificado)<\/a><\/strong><\/span> &#8211; modalidade de realiza\u00e7\u00e3o alterada para formato online\/virtual<\/p>\n","protected":false},"excerpt":{"rendered":"<p>Por quest\u00f5es de seguran\u00e7a, devido \u00e0s condi\u00e7\u00f5es meteorol\u00f3gicas, a realiza\u00e7\u00e3o da Forma\u00e7\u00e3o para Gestores 3\u00aa Edi\u00e7\u00e3o \u2013 M\u00f3dulo 7 que seria realizada presencialmente, foi alterada para o formato online (virtual\/s\u00edncrono) atrav\u00e9s da plataforma Webconf da UFPel, no mesmo dia e hor\u00e1rio. Ministrante: Simone de Biazzi Avila Batista da Silveira (Docente da Faculdade de Direito da [&hellip;]<\/p>\n","protected":false},"author":21,"featured_media":0,"parent":0,"menu_order":0,"comment_status":"closed","ping_status":"closed","template":"","meta":{"footnotes":""},"class_list":["post-24441","page","type-page","status-publish","hentry"],"yoast_head":"<!-- This site is optimized with the Yoast SEO plugin v28.1 - https:\/\/yoast.com\/product\/yoast-seo-wordpress\/ -->\n<title>Capacita\u00e7\u00e3o: Forma\u00e7\u00e3o para Gestores 3\u00aa Edi\u00e7\u00e3o \u2013 M\u00f3dulo 7: Comunica\u00e7\u00e3o n\u00e3o violenta e Media\u00e7\u00e3o de Conflitos \u2013 pacificando o ambiente de trabalho - Pr\u00f3-Reitoria de Gest\u00e3o com Pessoas - PROGEP<\/title>\n<meta name=\"robots\" content=\"index, follow, max-snippet:-1, max-image-preview:large, max-video-preview:-1\" \/>\n<link rel=\"canonical\" href=\"https:\/\/wp.ufpel.edu.br\/progep\/formacao-para-gestores-3a-edicao-modulo-7-comunicacao-nao-violenta-e-mediacao-de-conflitos-pacificando-o-ambiente-de-trabalho\/\" \/>\n<meta property=\"og:locale\" content=\"pt_BR\" \/>\n<meta property=\"og:type\" content=\"article\" \/>\n<meta property=\"og:title\" content=\"Capacita\u00e7\u00e3o: Forma\u00e7\u00e3o para Gestores 3\u00aa Edi\u00e7\u00e3o \u2013 M\u00f3dulo 7: Comunica\u00e7\u00e3o n\u00e3o violenta e Media\u00e7\u00e3o de Conflitos \u2013 pacificando o ambiente de trabalho - Pr\u00f3-Reitoria de Gest\u00e3o com Pessoas - PROGEP\" \/>\n<meta property=\"og:description\" content=\"Por quest\u00f5es de seguran\u00e7a, devido \u00e0s condi\u00e7\u00f5es meteorol\u00f3gicas, a realiza\u00e7\u00e3o da Forma\u00e7\u00e3o para Gestores 3\u00aa Edi\u00e7\u00e3o \u2013 M\u00f3dulo 7 que seria realizada presencialmente, foi alterada para o formato online (virtual\/s\u00edncrono) atrav\u00e9s da plataforma Webconf da UFPel, no mesmo dia e hor\u00e1rio. Ministrante: Simone de Biazzi Avila Batista da Silveira (Docente da Faculdade de Direito da [&hellip;]\" \/>\n<meta property=\"og:url\" content=\"https:\/\/wp.ufpel.edu.br\/progep\/formacao-para-gestores-3a-edicao-modulo-7-comunicacao-nao-violenta-e-mediacao-de-conflitos-pacificando-o-ambiente-de-trabalho\/\" \/>\n<meta property=\"og:site_name\" content=\"Pr\u00f3-Reitoria de Gest\u00e3o com Pessoas - PROGEP\" \/>\n<meta property=\"article:modified_time\" content=\"2025-06-30T17:48:57+00:00\" \/>\n<meta name=\"twitter:card\" content=\"summary_large_image\" \/>\n<meta name=\"twitter:label1\" content=\"Est. tempo de leitura\" \/>\n\t<meta name=\"twitter:data1\" content=\"1 minuto\" \/>\n<script type=\"application\/ld+json\" class=\"yoast-schema-graph\">{\"@context\":\"https:\\\/\\\/schema.org\",\"@graph\":[{\"@type\":\"WebPage\",\"@id\":\"https:\\\/\\\/wp.ufpel.edu.br\\\/progep\\\/formacao-para-gestores-3a-edicao-modulo-7-comunicacao-nao-violenta-e-mediacao-de-conflitos-pacificando-o-ambiente-de-trabalho\\\/\",\"url\":\"https:\\\/\\\/wp.ufpel.edu.br\\\/progep\\\/formacao-para-gestores-3a-edicao-modulo-7-comunicacao-nao-violenta-e-mediacao-de-conflitos-pacificando-o-ambiente-de-trabalho\\\/\",\"name\":\"Capacita\u00e7\u00e3o: Forma\u00e7\u00e3o para Gestores 3\u00aa Edi\u00e7\u00e3o \u2013 M\u00f3dulo 7: Comunica\u00e7\u00e3o n\u00e3o violenta e Media\u00e7\u00e3o de Conflitos \u2013 pacificando o ambiente de trabalho - Pr\u00f3-Reitoria de Gest\u00e3o com Pessoas - PROGEP\",\"isPartOf\":{\"@id\":\"https:\\\/\\\/wp.ufpel.edu.br\\\/progep\\\/#website\"},\"datePublished\":\"2023-08-28T20:23:42+00:00\",\"dateModified\":\"2025-06-30T17:48:57+00:00\",\"breadcrumb\":{\"@id\":\"https:\\\/\\\/wp.ufpel.edu.br\\\/progep\\\/formacao-para-gestores-3a-edicao-modulo-7-comunicacao-nao-violenta-e-mediacao-de-conflitos-pacificando-o-ambiente-de-trabalho\\\/#breadcrumb\"},\"inLanguage\":\"pt-BR\",\"potentialAction\":[{\"@type\":\"ReadAction\",\"target\":[\"https:\\\/\\\/wp.ufpel.edu.br\\\/progep\\\/formacao-para-gestores-3a-edicao-modulo-7-comunicacao-nao-violenta-e-mediacao-de-conflitos-pacificando-o-ambiente-de-trabalho\\\/\"]}]},{\"@type\":\"BreadcrumbList\",\"@id\":\"https:\\\/\\\/wp.ufpel.edu.br\\\/progep\\\/formacao-para-gestores-3a-edicao-modulo-7-comunicacao-nao-violenta-e-mediacao-de-conflitos-pacificando-o-ambiente-de-trabalho\\\/#breadcrumb\",\"itemListElement\":[{\"@type\":\"ListItem\",\"position\":1,\"name\":\"In\u00edcio\",\"item\":\"https:\\\/\\\/wp.ufpel.edu.br\\\/progep\\\/\"},{\"@type\":\"ListItem\",\"position\":2,\"name\":\"Capacita\u00e7\u00e3o: Forma\u00e7\u00e3o para Gestores 3\u00aa Edi\u00e7\u00e3o \u2013 M\u00f3dulo 7: Comunica\u00e7\u00e3o n\u00e3o violenta e Media\u00e7\u00e3o de Conflitos \u2013 pacificando o ambiente de trabalho\"}]},{\"@type\":\"WebSite\",\"@id\":\"https:\\\/\\\/wp.ufpel.edu.br\\\/progep\\\/#website\",\"url\":\"https:\\\/\\\/wp.ufpel.edu.br\\\/progep\\\/\",\"name\":\"Pr\u00f3-Reitoria de Gest\u00e3o com Pessoas - PROGEP\",\"description\":\"Pr\u00f3-Reitoria de Gest\u00e3o com Pessoas\",\"publisher\":{\"@id\":\"https:\\\/\\\/wp.ufpel.edu.br\\\/progep\\\/#organization\"},\"potentialAction\":[{\"@type\":\"SearchAction\",\"target\":{\"@type\":\"EntryPoint\",\"urlTemplate\":\"https:\\\/\\\/wp.ufpel.edu.br\\\/progep\\\/?s={search_term_string}\"},\"query-input\":{\"@type\":\"PropertyValueSpecification\",\"valueRequired\":true,\"valueName\":\"search_term_string\"}}],\"inLanguage\":\"pt-BR\"},{\"@type\":\"Organization\",\"@id\":\"https:\\\/\\\/wp.ufpel.edu.br\\\/progep\\\/#organization\",\"name\":\"Pr\u00f3-Reitoria de Gest\u00e3o com Pessoas - PROGEP\",\"url\":\"https:\\\/\\\/wp.ufpel.edu.br\\\/progep\\\/\",\"logo\":{\"@type\":\"ImageObject\",\"inLanguage\":\"pt-BR\",\"@id\":\"https:\\\/\\\/wp.ufpel.edu.br\\\/progep\\\/#\\\/schema\\\/logo\\\/image\\\/\",\"url\":\"https:\\\/\\\/wp.ufpel.edu.br\\\/progep\\\/files\\\/2025\\\/03\\\/logo-progep_atualizacao-nome_AZUL.png\",\"contentUrl\":\"https:\\\/\\\/wp.ufpel.edu.br\\\/progep\\\/files\\\/2025\\\/03\\\/logo-progep_atualizacao-nome_AZUL.png\",\"width\":1080,\"height\":391,\"caption\":\"Pr\u00f3-Reitoria de Gest\u00e3o com Pessoas - PROGEP\"},\"image\":{\"@id\":\"https:\\\/\\\/wp.ufpel.edu.br\\\/progep\\\/#\\\/schema\\\/logo\\\/image\\\/\"}}]}<\/script>\n<!-- \/ Yoast SEO plugin. -->","yoast_head_json":{"title":"Capacita\u00e7\u00e3o: Forma\u00e7\u00e3o para Gestores 3\u00aa Edi\u00e7\u00e3o \u2013 M\u00f3dulo 7: Comunica\u00e7\u00e3o n\u00e3o violenta e Media\u00e7\u00e3o de Conflitos \u2013 pacificando o ambiente de trabalho - Pr\u00f3-Reitoria de Gest\u00e3o com Pessoas - PROGEP","robots":{"index":"index","follow":"follow","max-snippet":"max-snippet:-1","max-image-preview":"max-image-preview:large","max-video-preview":"max-video-preview:-1"},"canonical":"https:\/\/wp.ufpel.edu.br\/progep\/formacao-para-gestores-3a-edicao-modulo-7-comunicacao-nao-violenta-e-mediacao-de-conflitos-pacificando-o-ambiente-de-trabalho\/","og_locale":"pt_BR","og_type":"article","og_title":"Capacita\u00e7\u00e3o: Forma\u00e7\u00e3o para Gestores 3\u00aa Edi\u00e7\u00e3o \u2013 M\u00f3dulo 7: Comunica\u00e7\u00e3o n\u00e3o violenta e Media\u00e7\u00e3o de Conflitos \u2013 pacificando o ambiente de trabalho - Pr\u00f3-Reitoria de Gest\u00e3o com Pessoas - PROGEP","og_description":"Por quest\u00f5es de seguran\u00e7a, devido \u00e0s condi\u00e7\u00f5es meteorol\u00f3gicas, a realiza\u00e7\u00e3o da Forma\u00e7\u00e3o para Gestores 3\u00aa Edi\u00e7\u00e3o \u2013 M\u00f3dulo 7 que seria realizada presencialmente, foi alterada para o formato online (virtual\/s\u00edncrono) atrav\u00e9s da plataforma Webconf da UFPel, no mesmo dia e hor\u00e1rio. Ministrante: Simone de Biazzi Avila Batista da Silveira (Docente da Faculdade de Direito da [&hellip;]","og_url":"https:\/\/wp.ufpel.edu.br\/progep\/formacao-para-gestores-3a-edicao-modulo-7-comunicacao-nao-violenta-e-mediacao-de-conflitos-pacificando-o-ambiente-de-trabalho\/","og_site_name":"Pr\u00f3-Reitoria de Gest\u00e3o com Pessoas - PROGEP","article_modified_time":"2025-06-30T17:48:57+00:00","twitter_card":"summary_large_image","twitter_misc":{"Est. tempo de leitura":"1 minuto"},"schema":{"@context":"https:\/\/schema.org","@graph":[{"@type":"WebPage","@id":"https:\/\/wp.ufpel.edu.br\/progep\/formacao-para-gestores-3a-edicao-modulo-7-comunicacao-nao-violenta-e-mediacao-de-conflitos-pacificando-o-ambiente-de-trabalho\/","url":"https:\/\/wp.ufpel.edu.br\/progep\/formacao-para-gestores-3a-edicao-modulo-7-comunicacao-nao-violenta-e-mediacao-de-conflitos-pacificando-o-ambiente-de-trabalho\/","name":"Capacita\u00e7\u00e3o: Forma\u00e7\u00e3o para Gestores 3\u00aa Edi\u00e7\u00e3o \u2013 M\u00f3dulo 7: Comunica\u00e7\u00e3o n\u00e3o violenta e Media\u00e7\u00e3o de Conflitos \u2013 pacificando o ambiente de trabalho - Pr\u00f3-Reitoria de Gest\u00e3o com Pessoas - PROGEP","isPartOf":{"@id":"https:\/\/wp.ufpel.edu.br\/progep\/#website"},"datePublished":"2023-08-28T20:23:42+00:00","dateModified":"2025-06-30T17:48:57+00:00","breadcrumb":{"@id":"https:\/\/wp.ufpel.edu.br\/progep\/formacao-para-gestores-3a-edicao-modulo-7-comunicacao-nao-violenta-e-mediacao-de-conflitos-pacificando-o-ambiente-de-trabalho\/#breadcrumb"},"inLanguage":"pt-BR","potentialAction":[{"@type":"ReadAction","target":["https:\/\/wp.ufpel.edu.br\/progep\/formacao-para-gestores-3a-edicao-modulo-7-comunicacao-nao-violenta-e-mediacao-de-conflitos-pacificando-o-ambiente-de-trabalho\/"]}]},{"@type":"BreadcrumbList","@id":"https:\/\/wp.ufpel.edu.br\/progep\/formacao-para-gestores-3a-edicao-modulo-7-comunicacao-nao-violenta-e-mediacao-de-conflitos-pacificando-o-ambiente-de-trabalho\/#breadcrumb","itemListElement":[{"@type":"ListItem","position":1,"name":"In\u00edcio","item":"https:\/\/wp.ufpel.edu.br\/progep\/"},{"@type":"ListItem","position":2,"name":"Capacita\u00e7\u00e3o: Forma\u00e7\u00e3o para Gestores 3\u00aa Edi\u00e7\u00e3o \u2013 M\u00f3dulo 7: Comunica\u00e7\u00e3o n\u00e3o violenta e Media\u00e7\u00e3o de Conflitos \u2013 pacificando o ambiente de trabalho"}]},{"@type":"WebSite","@id":"https:\/\/wp.ufpel.edu.br\/progep\/#website","url":"https:\/\/wp.ufpel.edu.br\/progep\/","name":"Pr\u00f3-Reitoria de Gest\u00e3o com Pessoas - PROGEP","description":"Pr\u00f3-Reitoria de Gest\u00e3o com Pessoas","publisher":{"@id":"https:\/\/wp.ufpel.edu.br\/progep\/#organization"},"potentialAction":[{"@type":"SearchAction","target":{"@type":"EntryPoint","urlTemplate":"https:\/\/wp.ufpel.edu.br\/progep\/?s={search_term_string}"},"query-input":{"@type":"PropertyValueSpecification","valueRequired":true,"valueName":"search_term_string"}}],"inLanguage":"pt-BR"},{"@type":"Organization","@id":"https:\/\/wp.ufpel.edu.br\/progep\/#organization","name":"Pr\u00f3-Reitoria de Gest\u00e3o com Pessoas - PROGEP","url":"https:\/\/wp.ufpel.edu.br\/progep\/","logo":{"@type":"ImageObject","inLanguage":"pt-BR","@id":"https:\/\/wp.ufpel.edu.br\/progep\/#\/schema\/logo\/image\/","url":"https:\/\/wp.ufpel.edu.br\/progep\/files\/2025\/03\/logo-progep_atualizacao-nome_AZUL.png","contentUrl":"https:\/\/wp.ufpel.edu.br\/progep\/files\/2025\/03\/logo-progep_atualizacao-nome_AZUL.png","width":1080,"height":391,"caption":"Pr\u00f3-Reitoria de Gest\u00e3o com Pessoas - PROGEP"},"image":{"@id":"https:\/\/wp.ufpel.edu.br\/progep\/#\/schema\/logo\/image\/"}}]}},"_links":{"self":[{"href":"https:\/\/wp.ufpel.edu.br\/progep\/wp-json\/wp\/v2\/pages\/24441","targetHints":{"allow":["GET"]}}],"collection":[{"href":"https:\/\/wp.ufpel.edu.br\/progep\/wp-json\/wp\/v2\/pages"}],"about":[{"href":"https:\/\/wp.ufpel.edu.br\/progep\/wp-json\/wp\/v2\/types\/page"}],"author":[{"embeddable":true,"href":"https:\/\/wp.ufpel.edu.br\/progep\/wp-json\/wp\/v2\/users\/21"}],"replies":[{"embeddable":true,"href":"https:\/\/wp.ufpel.edu.br\/progep\/wp-json\/wp\/v2\/comments?post=24441"}],"version-history":[{"count":14,"href":"https:\/\/wp.ufpel.edu.br\/progep\/wp-json\/wp\/v2\/pages\/24441\/revisions"}],"predecessor-version":[{"id":34116,"href":"https:\/\/wp.ufpel.edu.br\/progep\/wp-json\/wp\/v2\/pages\/24441\/revisions\/34116"}],"wp:attachment":[{"href":"https:\/\/wp.ufpel.edu.br\/progep\/wp-json\/wp\/v2\/media?parent=24441"}],"curies":[{"name":"wp","href":"https:\/\/api.w.org\/{rel}","templated":true}]}}