{"id":24295,"date":"2023-08-04T17:55:57","date_gmt":"2023-08-04T20:55:57","guid":{"rendered":"https:\/\/wp.ufpel.edu.br\/progep\/?page_id=24295"},"modified":"2025-06-30T14:48:35","modified_gmt":"2025-06-30T17:48:35","slug":"capacita-na-web-por-uma-educacao-antirracista","status":"publish","type":"page","link":"https:\/\/wp.ufpel.edu.br\/progep\/capacita-na-web-por-uma-educacao-antirracista\/","title":{"rendered":"Capacita\u00e7\u00e3o: Capacita na Web &#8211; Por uma educa\u00e7\u00e3o antirracista"},"content":{"rendered":"<table style=\"border-collapse: collapse;width: 100%\" border=\"1\">\n<tbody>\n<tr>\n<td style=\"width: 100%;text-align: justify;background-color: #f0f0f0\"><strong><span style=\"color: #333333;font-size: 11pt\"><span style=\"text-decoration: underline\">Aten\u00e7\u00e3o<\/span>: A roda de conversa &#8220;Capacita na Web &#8211; Por uma educa\u00e7\u00e3o antirracista&#8221; foi transferida para o dia <span style=\"text-decoration: underline\">05\/09\/2023<\/span>, das 15h \u00e0s 17h.<\/span><\/strong><br \/>\n<span style=\"color: #333333;font-size: 11pt\">Os inscritos que desejarem manifestar desist\u00eancia, podem enviar um e-mail para <em><strong>cdp.capacita@ufpel.edu.br<\/strong><\/em>.<\/span><\/td>\n<\/tr>\n<\/tbody>\n<\/table>\n<p><span style=\"font-size: 12pt\"><strong>Facilitadora: <\/strong>Claudia Daiane Garcia Molet (Coordenadora de Diversidade e Inclus\u00e3o &#8211; CODIN\/UFPEL)<\/span><\/p>\n<p><span style=\"font-size: 12pt\"><strong>Data de realiza\u00e7\u00e3o:<\/strong> <del>29\/08\/2023 (Ter\u00e7a-feira)<\/del> <span style=\"color: #ff6600\"><strong>Transferida para 05\/09\/2023 (Ter\u00e7a-feira)<\/strong><\/span><\/span><\/p>\n<p><span style=\"font-size: 12pt\"><strong>Hor\u00e1rio:<\/strong> das 15h \u00e0s 17h<\/span><\/p>\n<p><span style=\"font-size: 12pt\"><strong>Realiza\u00e7\u00e3o:<\/strong>\u00a0plataforma Webconf da UFPel (na modalidade\u00a0<em>online)<\/em><\/span><\/p>\n<p><span style=\"font-size: 12pt\"><strong>Ementa:\u00a0<\/strong><\/span><br \/>\n<span style=\"font-size: 12pt\">&#8211; O racismo brasileiro (Beatriz Nascimento);<br \/>\n&#8211; O mito da democracia racial (L\u00e9lia Gonzalez);<br \/>\n&#8211; O movimento negro educador (Nilma Lino Gomes).<\/span><\/p>\n<p><span style=\"font-size: 12pt\"><strong>P\u00fablico Alvo<\/strong>: Servidores docentes e TAEs ativos da UFPel*<\/span><\/p>\n<p><span style=\"font-size: 12pt\"><strong>Per\u00edodo de inscri\u00e7\u00e3o<\/strong>: de 04 at\u00e9 31\/08\/2023<\/span><\/p>\n<p><span style=\"font-size: 12pt\"><strong>Divulga\u00e7\u00e3o das inscri\u00e7\u00f5es homologadas<\/strong>: <del>25\/08\/2023<\/del>** <span style=\"color: #ff6600\"><strong>01\/09\/2023<\/strong><\/span>, nesta p\u00e1gina.<\/span><\/p>\n<p><span style=\"font-size: 12pt\">*Considerando a Pol\u00edtica Nacional de Desenvolvimento de Pessoas, conforme Decreto n\u00ba 9.991\/19, somente ser\u00e3o certificados os servidores p\u00fablicos pertencentes ao Quadro Efetivo da UFPel.<\/span><\/p>\n<p><span style=\"font-size: 12pt\">**Quando homologadas as inscri\u00e7\u00f5es, os selecionados receber\u00e3o e-mail com instru\u00e7\u00f5es de acesso \u00e0 sala Webconf da UFPel.<\/span><\/p>\n<p><span style=\"color: #ff6600\"><strong><a style=\"color: #ff6600\" href=\"https:\/\/wp.ufpel.edu.br\/progep\/files\/2023\/09\/Homologados-Capacita-na-Web-Por-uma-educacao-antirracista-05-09-2023.pdf\" target=\"_blank\" rel=\"noopener\">INSCRI\u00c7\u00d5ES HOMOLOGADAS<\/a><\/strong><\/span><\/p>\n","protected":false},"excerpt":{"rendered":"<p>Aten\u00e7\u00e3o: A roda de conversa &#8220;Capacita na Web &#8211; Por uma educa\u00e7\u00e3o antirracista&#8221; foi transferida para o dia 05\/09\/2023, das 15h \u00e0s 17h. Os inscritos que desejarem manifestar desist\u00eancia, podem enviar um e-mail para cdp.capacita@ufpel.edu.br. Facilitadora: Claudia Daiane Garcia Molet (Coordenadora de Diversidade e Inclus\u00e3o &#8211; CODIN\/UFPEL) Data de realiza\u00e7\u00e3o: 29\/08\/2023 (Ter\u00e7a-feira) Transferida para 05\/09\/2023 [&hellip;]<\/p>\n","protected":false},"author":21,"featured_media":0,"parent":0,"menu_order":0,"comment_status":"closed","ping_status":"closed","template":"","meta":{"footnotes":""},"class_list":["post-24295","page","type-page","status-publish","hentry"],"yoast_head":"<!-- This site is optimized with the Yoast SEO plugin v28.1 - https:\/\/yoast.com\/product\/yoast-seo-wordpress\/ -->\n<title>Capacita\u00e7\u00e3o: Capacita na Web - Por uma educa\u00e7\u00e3o antirracista - Pr\u00f3-Reitoria de Gest\u00e3o com Pessoas - PROGEP<\/title>\n<meta name=\"robots\" content=\"index, follow, max-snippet:-1, max-image-preview:large, max-video-preview:-1\" \/>\n<link rel=\"canonical\" href=\"https:\/\/wp.ufpel.edu.br\/progep\/capacita-na-web-por-uma-educacao-antirracista\/\" \/>\n<meta property=\"og:locale\" content=\"pt_BR\" \/>\n<meta property=\"og:type\" content=\"article\" \/>\n<meta property=\"og:title\" content=\"Capacita\u00e7\u00e3o: Capacita na Web - Por uma educa\u00e7\u00e3o antirracista - Pr\u00f3-Reitoria de Gest\u00e3o com Pessoas - PROGEP\" \/>\n<meta property=\"og:description\" content=\"Aten\u00e7\u00e3o: A roda de conversa &#8220;Capacita na Web &#8211; Por uma educa\u00e7\u00e3o antirracista&#8221; foi transferida para o dia 05\/09\/2023, das 15h \u00e0s 17h. Os inscritos que desejarem manifestar desist\u00eancia, podem enviar um e-mail para cdp.capacita@ufpel.edu.br. Facilitadora: Claudia Daiane Garcia Molet (Coordenadora de Diversidade e Inclus\u00e3o &#8211; CODIN\/UFPEL) Data de realiza\u00e7\u00e3o: 29\/08\/2023 (Ter\u00e7a-feira) Transferida para 05\/09\/2023 [&hellip;]\" \/>\n<meta property=\"og:url\" content=\"https:\/\/wp.ufpel.edu.br\/progep\/capacita-na-web-por-uma-educacao-antirracista\/\" \/>\n<meta property=\"og:site_name\" content=\"Pr\u00f3-Reitoria de Gest\u00e3o com Pessoas - PROGEP\" \/>\n<meta property=\"article:modified_time\" content=\"2025-06-30T17:48:35+00:00\" \/>\n<meta name=\"twitter:card\" content=\"summary_large_image\" \/>\n<meta name=\"twitter:label1\" content=\"Est. tempo de leitura\" \/>\n\t<meta name=\"twitter:data1\" content=\"1 minuto\" \/>\n<script type=\"application\/ld+json\" class=\"yoast-schema-graph\">{\"@context\":\"https:\\\/\\\/schema.org\",\"@graph\":[{\"@type\":\"WebPage\",\"@id\":\"https:\\\/\\\/wp.ufpel.edu.br\\\/progep\\\/capacita-na-web-por-uma-educacao-antirracista\\\/\",\"url\":\"https:\\\/\\\/wp.ufpel.edu.br\\\/progep\\\/capacita-na-web-por-uma-educacao-antirracista\\\/\",\"name\":\"Capacita\u00e7\u00e3o: Capacita na Web - Por uma educa\u00e7\u00e3o antirracista - Pr\u00f3-Reitoria de Gest\u00e3o com Pessoas - PROGEP\",\"isPartOf\":{\"@id\":\"https:\\\/\\\/wp.ufpel.edu.br\\\/progep\\\/#website\"},\"datePublished\":\"2023-08-04T20:55:57+00:00\",\"dateModified\":\"2025-06-30T17:48:35+00:00\",\"breadcrumb\":{\"@id\":\"https:\\\/\\\/wp.ufpel.edu.br\\\/progep\\\/capacita-na-web-por-uma-educacao-antirracista\\\/#breadcrumb\"},\"inLanguage\":\"pt-BR\",\"potentialAction\":[{\"@type\":\"ReadAction\",\"target\":[\"https:\\\/\\\/wp.ufpel.edu.br\\\/progep\\\/capacita-na-web-por-uma-educacao-antirracista\\\/\"]}]},{\"@type\":\"BreadcrumbList\",\"@id\":\"https:\\\/\\\/wp.ufpel.edu.br\\\/progep\\\/capacita-na-web-por-uma-educacao-antirracista\\\/#breadcrumb\",\"itemListElement\":[{\"@type\":\"ListItem\",\"position\":1,\"name\":\"In\u00edcio\",\"item\":\"https:\\\/\\\/wp.ufpel.edu.br\\\/progep\\\/\"},{\"@type\":\"ListItem\",\"position\":2,\"name\":\"Capacita\u00e7\u00e3o: Capacita na Web &#8211; Por uma educa\u00e7\u00e3o antirracista\"}]},{\"@type\":\"WebSite\",\"@id\":\"https:\\\/\\\/wp.ufpel.edu.br\\\/progep\\\/#website\",\"url\":\"https:\\\/\\\/wp.ufpel.edu.br\\\/progep\\\/\",\"name\":\"Pr\u00f3-Reitoria de Gest\u00e3o com Pessoas - PROGEP\",\"description\":\"Pr\u00f3-Reitoria de Gest\u00e3o com Pessoas\",\"publisher\":{\"@id\":\"https:\\\/\\\/wp.ufpel.edu.br\\\/progep\\\/#organization\"},\"potentialAction\":[{\"@type\":\"SearchAction\",\"target\":{\"@type\":\"EntryPoint\",\"urlTemplate\":\"https:\\\/\\\/wp.ufpel.edu.br\\\/progep\\\/?s={search_term_string}\"},\"query-input\":{\"@type\":\"PropertyValueSpecification\",\"valueRequired\":true,\"valueName\":\"search_term_string\"}}],\"inLanguage\":\"pt-BR\"},{\"@type\":\"Organization\",\"@id\":\"https:\\\/\\\/wp.ufpel.edu.br\\\/progep\\\/#organization\",\"name\":\"Pr\u00f3-Reitoria de Gest\u00e3o com Pessoas - PROGEP\",\"url\":\"https:\\\/\\\/wp.ufpel.edu.br\\\/progep\\\/\",\"logo\":{\"@type\":\"ImageObject\",\"inLanguage\":\"pt-BR\",\"@id\":\"https:\\\/\\\/wp.ufpel.edu.br\\\/progep\\\/#\\\/schema\\\/logo\\\/image\\\/\",\"url\":\"https:\\\/\\\/wp.ufpel.edu.br\\\/progep\\\/files\\\/2025\\\/03\\\/logo-progep_atualizacao-nome_AZUL.png\",\"contentUrl\":\"https:\\\/\\\/wp.ufpel.edu.br\\\/progep\\\/files\\\/2025\\\/03\\\/logo-progep_atualizacao-nome_AZUL.png\",\"width\":1080,\"height\":391,\"caption\":\"Pr\u00f3-Reitoria de Gest\u00e3o com Pessoas - PROGEP\"},\"image\":{\"@id\":\"https:\\\/\\\/wp.ufpel.edu.br\\\/progep\\\/#\\\/schema\\\/logo\\\/image\\\/\"}}]}<\/script>\n<!-- \/ Yoast SEO plugin. -->","yoast_head_json":{"title":"Capacita\u00e7\u00e3o: Capacita na Web - Por uma educa\u00e7\u00e3o antirracista - Pr\u00f3-Reitoria de Gest\u00e3o com Pessoas - PROGEP","robots":{"index":"index","follow":"follow","max-snippet":"max-snippet:-1","max-image-preview":"max-image-preview:large","max-video-preview":"max-video-preview:-1"},"canonical":"https:\/\/wp.ufpel.edu.br\/progep\/capacita-na-web-por-uma-educacao-antirracista\/","og_locale":"pt_BR","og_type":"article","og_title":"Capacita\u00e7\u00e3o: Capacita na Web - Por uma educa\u00e7\u00e3o antirracista - Pr\u00f3-Reitoria de Gest\u00e3o com Pessoas - PROGEP","og_description":"Aten\u00e7\u00e3o: A roda de conversa &#8220;Capacita na Web &#8211; Por uma educa\u00e7\u00e3o antirracista&#8221; foi transferida para o dia 05\/09\/2023, das 15h \u00e0s 17h. Os inscritos que desejarem manifestar desist\u00eancia, podem enviar um e-mail para cdp.capacita@ufpel.edu.br. Facilitadora: Claudia Daiane Garcia Molet (Coordenadora de Diversidade e Inclus\u00e3o &#8211; CODIN\/UFPEL) Data de realiza\u00e7\u00e3o: 29\/08\/2023 (Ter\u00e7a-feira) Transferida para 05\/09\/2023 [&hellip;]","og_url":"https:\/\/wp.ufpel.edu.br\/progep\/capacita-na-web-por-uma-educacao-antirracista\/","og_site_name":"Pr\u00f3-Reitoria de Gest\u00e3o com Pessoas - PROGEP","article_modified_time":"2025-06-30T17:48:35+00:00","twitter_card":"summary_large_image","twitter_misc":{"Est. tempo de leitura":"1 minuto"},"schema":{"@context":"https:\/\/schema.org","@graph":[{"@type":"WebPage","@id":"https:\/\/wp.ufpel.edu.br\/progep\/capacita-na-web-por-uma-educacao-antirracista\/","url":"https:\/\/wp.ufpel.edu.br\/progep\/capacita-na-web-por-uma-educacao-antirracista\/","name":"Capacita\u00e7\u00e3o: Capacita na Web - Por uma educa\u00e7\u00e3o antirracista - Pr\u00f3-Reitoria de Gest\u00e3o com Pessoas - PROGEP","isPartOf":{"@id":"https:\/\/wp.ufpel.edu.br\/progep\/#website"},"datePublished":"2023-08-04T20:55:57+00:00","dateModified":"2025-06-30T17:48:35+00:00","breadcrumb":{"@id":"https:\/\/wp.ufpel.edu.br\/progep\/capacita-na-web-por-uma-educacao-antirracista\/#breadcrumb"},"inLanguage":"pt-BR","potentialAction":[{"@type":"ReadAction","target":["https:\/\/wp.ufpel.edu.br\/progep\/capacita-na-web-por-uma-educacao-antirracista\/"]}]},{"@type":"BreadcrumbList","@id":"https:\/\/wp.ufpel.edu.br\/progep\/capacita-na-web-por-uma-educacao-antirracista\/#breadcrumb","itemListElement":[{"@type":"ListItem","position":1,"name":"In\u00edcio","item":"https:\/\/wp.ufpel.edu.br\/progep\/"},{"@type":"ListItem","position":2,"name":"Capacita\u00e7\u00e3o: Capacita na Web &#8211; Por uma educa\u00e7\u00e3o antirracista"}]},{"@type":"WebSite","@id":"https:\/\/wp.ufpel.edu.br\/progep\/#website","url":"https:\/\/wp.ufpel.edu.br\/progep\/","name":"Pr\u00f3-Reitoria de Gest\u00e3o com Pessoas - PROGEP","description":"Pr\u00f3-Reitoria de Gest\u00e3o com Pessoas","publisher":{"@id":"https:\/\/wp.ufpel.edu.br\/progep\/#organization"},"potentialAction":[{"@type":"SearchAction","target":{"@type":"EntryPoint","urlTemplate":"https:\/\/wp.ufpel.edu.br\/progep\/?s={search_term_string}"},"query-input":{"@type":"PropertyValueSpecification","valueRequired":true,"valueName":"search_term_string"}}],"inLanguage":"pt-BR"},{"@type":"Organization","@id":"https:\/\/wp.ufpel.edu.br\/progep\/#organization","name":"Pr\u00f3-Reitoria de Gest\u00e3o com Pessoas - PROGEP","url":"https:\/\/wp.ufpel.edu.br\/progep\/","logo":{"@type":"ImageObject","inLanguage":"pt-BR","@id":"https:\/\/wp.ufpel.edu.br\/progep\/#\/schema\/logo\/image\/","url":"https:\/\/wp.ufpel.edu.br\/progep\/files\/2025\/03\/logo-progep_atualizacao-nome_AZUL.png","contentUrl":"https:\/\/wp.ufpel.edu.br\/progep\/files\/2025\/03\/logo-progep_atualizacao-nome_AZUL.png","width":1080,"height":391,"caption":"Pr\u00f3-Reitoria de Gest\u00e3o com Pessoas - PROGEP"},"image":{"@id":"https:\/\/wp.ufpel.edu.br\/progep\/#\/schema\/logo\/image\/"}}]}},"_links":{"self":[{"href":"https:\/\/wp.ufpel.edu.br\/progep\/wp-json\/wp\/v2\/pages\/24295","targetHints":{"allow":["GET"]}}],"collection":[{"href":"https:\/\/wp.ufpel.edu.br\/progep\/wp-json\/wp\/v2\/pages"}],"about":[{"href":"https:\/\/wp.ufpel.edu.br\/progep\/wp-json\/wp\/v2\/types\/page"}],"author":[{"embeddable":true,"href":"https:\/\/wp.ufpel.edu.br\/progep\/wp-json\/wp\/v2\/users\/21"}],"replies":[{"embeddable":true,"href":"https:\/\/wp.ufpel.edu.br\/progep\/wp-json\/wp\/v2\/comments?post=24295"}],"version-history":[{"count":10,"href":"https:\/\/wp.ufpel.edu.br\/progep\/wp-json\/wp\/v2\/pages\/24295\/revisions"}],"predecessor-version":[{"id":34112,"href":"https:\/\/wp.ufpel.edu.br\/progep\/wp-json\/wp\/v2\/pages\/24295\/revisions\/34112"}],"wp:attachment":[{"href":"https:\/\/wp.ufpel.edu.br\/progep\/wp-json\/wp\/v2\/media?parent=24295"}],"curies":[{"name":"wp","href":"https:\/\/api.w.org\/{rel}","templated":true}]}}