{"id":24260,"date":"2023-08-03T11:32:20","date_gmt":"2023-08-03T14:32:20","guid":{"rendered":"https:\/\/wp.ufpel.edu.br\/progep\/?page_id=24260"},"modified":"2025-06-30T14:48:30","modified_gmt":"2025-06-30T17:48:30","slug":"programa-de-educacao-para-aposentadoria-dosas-servidoresas-da-ufpel-evoluidade-2023-etapa-ii-2023","status":"publish","type":"page","link":"https:\/\/wp.ufpel.edu.br\/progep\/programa-de-educacao-para-aposentadoria-dosas-servidoresas-da-ufpel-evoluidade-2023-etapa-ii-2023\/","title":{"rendered":"Capacita\u00e7\u00e3o: Programa de Educa\u00e7\u00e3o para Aposentadoria dos(as) Servidores(as) da UFPel &#8211; Evoluidade 2023 &#8211; Etapa II\/2023"},"content":{"rendered":"<p><strong>Ministrante:<\/strong> Maria Helena Concei\u00e7\u00e3o Silveira (Coordena\u00e7\u00e3o de Sa\u00fade e Qualidade de Vida &#8211; CSQV\/PROGEP &#8211; UFPel)<\/p>\n<p><strong>Per\u00edodo<\/strong>: 23 de agosto a 13 de dezembro de 2023, \u00e0s quartas-feiras no turno da tarde<\/p>\n<p><strong>Hor\u00e1rio<\/strong>: das 14h \u00e0s 18h<\/p>\n<p><strong>Carga hor\u00e1ria: <\/strong>44 horas<\/p>\n<p><b>Modalidade: <\/b>Presencial<\/p>\n<p><strong>Local<\/strong>: a definir (em breve divulgaremos nesta p\u00e1gina)<\/p>\n<p><strong>S\u00famula<\/strong>:<br \/>\n&#8211; Sentidos e significados do trabalho e da aposentadoria;<br \/>\n&#8211; A import\u00e2ncia da autoconsci\u00eancia emocional;<br \/>\n&#8211; Sa\u00fade mental no processo de aposentadoria: fatores de risco e prote\u00e7\u00e3o;<br \/>\n&#8211; Envelhecimento ativo e desenvolvimento ao longo da vida;<br \/>\n&#8211; Empreendedorismo;<br \/>\n&#8211; Age\u00edsmo, discrimina\u00e7\u00e3o por idade e representa\u00e7\u00f5es sociais do envelhecimento;<br \/>\n&#8211; Desenvolvimento de carreira e aposentadoria;<br \/>\n&#8211; Educa\u00e7\u00e3o Financeira \u2013 Organiza\u00e7\u00e3o do or\u00e7amento pessoal e planejamento para a aposentadoria;<br \/>\n&#8211; Inten\u00e7\u00f5es e decis\u00e3o de aposentadoria;<br \/>\n&#8211; Constru\u00e7\u00e3o de projetos de vida;<\/p>\n<p><b><strong>Avalia\u00e7\u00e3o: <\/strong><\/b>Frequ\u00eancia m\u00ednima de 75% e aproveitamento mensurado conforme crit\u00e9rios definidos pelo(s) ministrante(s).<\/p>\n<p class=\"v1MsoNormal\"><strong>P\u00fablico Alvo<\/strong>: Servidores que participaram da I etapa do Evoluidade, realizada no primeiro semestre de 2023 e servidores que participaram do Evoluidade em anos anteriores*<\/p>\n<p><strong>N\u00famero de vagas:<\/strong> 20 vagas**<\/p>\n<p><strong>Per\u00edodo de inscri\u00e7\u00e3o<\/strong>: de 03 a 20\/08\/2023<\/p>\n<p><strong>Divulga\u00e7\u00e3o das inscri\u00e7\u00f5es homologadas<\/strong>: 21\/08\/2023***, nesta p\u00e1gina.<\/p>\n<p>*Considerando a Pol\u00edtica Nacional de Desenvolvimento de Pessoas, conforme Decreto n\u00ba 9.991\/19, somente ser\u00e3o certificados os servidores p\u00fablicos pertencentes ao Quadro Efetivo da UFPel.<\/p>\n<p>**Vagas destinadas \u00e0 servidores pertencentes ao Quadro Efetivo da UFPel, preferencialmente.<\/p>\n<p>***Quando homologadas as inscri\u00e7\u00f5es, os selecionados receber\u00e3o e-mail com informa\u00e7\u00f5es a respeito do local de realiza\u00e7\u00e3o da capacita\u00e7\u00e3o.<\/p>\n<p><strong><span style=\"color: #ff6600\"><a style=\"color: #ff6600\" href=\"https:\/\/wp.ufpel.edu.br\/progep\/files\/2023\/08\/HOMOLOGACAO-Evoluidade-2023-ETAPA-II.pdf\">INSCRI\u00c7\u00d5ES HOMOLOGADAS<\/a><\/span><\/strong><\/p>\n","protected":false},"excerpt":{"rendered":"<p>Ministrante: Maria Helena Concei\u00e7\u00e3o Silveira (Coordena\u00e7\u00e3o de Sa\u00fade e Qualidade de Vida &#8211; CSQV\/PROGEP &#8211; UFPel) Per\u00edodo: 23 de agosto a 13 de dezembro de 2023, \u00e0s quartas-feiras no turno da tarde Hor\u00e1rio: das 14h \u00e0s 18h Carga hor\u00e1ria: 44 horas Modalidade: Presencial Local: a definir (em breve divulgaremos nesta p\u00e1gina) S\u00famula: &#8211; Sentidos e [&hellip;]<\/p>\n","protected":false},"author":21,"featured_media":0,"parent":0,"menu_order":0,"comment_status":"closed","ping_status":"closed","template":"","meta":{"footnotes":""},"class_list":["post-24260","page","type-page","status-publish","hentry"],"yoast_head":"<!-- This site is optimized with the Yoast SEO plugin v28.1 - https:\/\/yoast.com\/product\/yoast-seo-wordpress\/ -->\n<title>Capacita\u00e7\u00e3o: Programa de Educa\u00e7\u00e3o para Aposentadoria dos(as) Servidores(as) da UFPel - Evoluidade 2023 - Etapa II\/2023 - Pr\u00f3-Reitoria de Gest\u00e3o com Pessoas - PROGEP<\/title>\n<meta name=\"robots\" content=\"index, follow, max-snippet:-1, max-image-preview:large, max-video-preview:-1\" \/>\n<link rel=\"canonical\" href=\"https:\/\/wp.ufpel.edu.br\/progep\/programa-de-educacao-para-aposentadoria-dosas-servidoresas-da-ufpel-evoluidade-2023-etapa-ii-2023\/\" \/>\n<meta property=\"og:locale\" content=\"pt_BR\" \/>\n<meta property=\"og:type\" content=\"article\" \/>\n<meta property=\"og:title\" content=\"Capacita\u00e7\u00e3o: Programa de Educa\u00e7\u00e3o para Aposentadoria dos(as) Servidores(as) da UFPel - Evoluidade 2023 - Etapa II\/2023 - Pr\u00f3-Reitoria de Gest\u00e3o com Pessoas - PROGEP\" \/>\n<meta property=\"og:description\" content=\"Ministrante: Maria Helena Concei\u00e7\u00e3o Silveira (Coordena\u00e7\u00e3o de Sa\u00fade e Qualidade de Vida &#8211; CSQV\/PROGEP &#8211; UFPel) Per\u00edodo: 23 de agosto a 13 de dezembro de 2023, \u00e0s quartas-feiras no turno da tarde Hor\u00e1rio: das 14h \u00e0s 18h Carga hor\u00e1ria: 44 horas Modalidade: Presencial Local: a definir (em breve divulgaremos nesta p\u00e1gina) S\u00famula: &#8211; Sentidos e [&hellip;]\" \/>\n<meta property=\"og:url\" content=\"https:\/\/wp.ufpel.edu.br\/progep\/programa-de-educacao-para-aposentadoria-dosas-servidoresas-da-ufpel-evoluidade-2023-etapa-ii-2023\/\" \/>\n<meta property=\"og:site_name\" content=\"Pr\u00f3-Reitoria de Gest\u00e3o com Pessoas - PROGEP\" \/>\n<meta property=\"article:modified_time\" content=\"2025-06-30T17:48:30+00:00\" \/>\n<meta name=\"twitter:card\" content=\"summary_large_image\" \/>\n<meta name=\"twitter:label1\" content=\"Est. tempo de leitura\" \/>\n\t<meta name=\"twitter:data1\" content=\"1 minuto\" \/>\n<script type=\"application\/ld+json\" class=\"yoast-schema-graph\">{\"@context\":\"https:\\\/\\\/schema.org\",\"@graph\":[{\"@type\":\"WebPage\",\"@id\":\"https:\\\/\\\/wp.ufpel.edu.br\\\/progep\\\/programa-de-educacao-para-aposentadoria-dosas-servidoresas-da-ufpel-evoluidade-2023-etapa-ii-2023\\\/\",\"url\":\"https:\\\/\\\/wp.ufpel.edu.br\\\/progep\\\/programa-de-educacao-para-aposentadoria-dosas-servidoresas-da-ufpel-evoluidade-2023-etapa-ii-2023\\\/\",\"name\":\"Capacita\u00e7\u00e3o: Programa de Educa\u00e7\u00e3o para Aposentadoria dos(as) Servidores(as) da UFPel - Evoluidade 2023 - Etapa II\\\/2023 - Pr\u00f3-Reitoria de Gest\u00e3o com Pessoas - PROGEP\",\"isPartOf\":{\"@id\":\"https:\\\/\\\/wp.ufpel.edu.br\\\/progep\\\/#website\"},\"datePublished\":\"2023-08-03T14:32:20+00:00\",\"dateModified\":\"2025-06-30T17:48:30+00:00\",\"breadcrumb\":{\"@id\":\"https:\\\/\\\/wp.ufpel.edu.br\\\/progep\\\/programa-de-educacao-para-aposentadoria-dosas-servidoresas-da-ufpel-evoluidade-2023-etapa-ii-2023\\\/#breadcrumb\"},\"inLanguage\":\"pt-BR\",\"potentialAction\":[{\"@type\":\"ReadAction\",\"target\":[\"https:\\\/\\\/wp.ufpel.edu.br\\\/progep\\\/programa-de-educacao-para-aposentadoria-dosas-servidoresas-da-ufpel-evoluidade-2023-etapa-ii-2023\\\/\"]}]},{\"@type\":\"BreadcrumbList\",\"@id\":\"https:\\\/\\\/wp.ufpel.edu.br\\\/progep\\\/programa-de-educacao-para-aposentadoria-dosas-servidoresas-da-ufpel-evoluidade-2023-etapa-ii-2023\\\/#breadcrumb\",\"itemListElement\":[{\"@type\":\"ListItem\",\"position\":1,\"name\":\"In\u00edcio\",\"item\":\"https:\\\/\\\/wp.ufpel.edu.br\\\/progep\\\/\"},{\"@type\":\"ListItem\",\"position\":2,\"name\":\"Capacita\u00e7\u00e3o: Programa de Educa\u00e7\u00e3o para Aposentadoria dos(as) Servidores(as) da UFPel &#8211; Evoluidade 2023 &#8211; Etapa II\\\/2023\"}]},{\"@type\":\"WebSite\",\"@id\":\"https:\\\/\\\/wp.ufpel.edu.br\\\/progep\\\/#website\",\"url\":\"https:\\\/\\\/wp.ufpel.edu.br\\\/progep\\\/\",\"name\":\"Pr\u00f3-Reitoria de Gest\u00e3o com Pessoas - PROGEP\",\"description\":\"Pr\u00f3-Reitoria de Gest\u00e3o com Pessoas\",\"publisher\":{\"@id\":\"https:\\\/\\\/wp.ufpel.edu.br\\\/progep\\\/#organization\"},\"potentialAction\":[{\"@type\":\"SearchAction\",\"target\":{\"@type\":\"EntryPoint\",\"urlTemplate\":\"https:\\\/\\\/wp.ufpel.edu.br\\\/progep\\\/?s={search_term_string}\"},\"query-input\":{\"@type\":\"PropertyValueSpecification\",\"valueRequired\":true,\"valueName\":\"search_term_string\"}}],\"inLanguage\":\"pt-BR\"},{\"@type\":\"Organization\",\"@id\":\"https:\\\/\\\/wp.ufpel.edu.br\\\/progep\\\/#organization\",\"name\":\"Pr\u00f3-Reitoria de Gest\u00e3o com Pessoas - PROGEP\",\"url\":\"https:\\\/\\\/wp.ufpel.edu.br\\\/progep\\\/\",\"logo\":{\"@type\":\"ImageObject\",\"inLanguage\":\"pt-BR\",\"@id\":\"https:\\\/\\\/wp.ufpel.edu.br\\\/progep\\\/#\\\/schema\\\/logo\\\/image\\\/\",\"url\":\"https:\\\/\\\/wp.ufpel.edu.br\\\/progep\\\/files\\\/2025\\\/03\\\/logo-progep_atualizacao-nome_AZUL.png\",\"contentUrl\":\"https:\\\/\\\/wp.ufpel.edu.br\\\/progep\\\/files\\\/2025\\\/03\\\/logo-progep_atualizacao-nome_AZUL.png\",\"width\":1080,\"height\":391,\"caption\":\"Pr\u00f3-Reitoria de Gest\u00e3o com Pessoas - PROGEP\"},\"image\":{\"@id\":\"https:\\\/\\\/wp.ufpel.edu.br\\\/progep\\\/#\\\/schema\\\/logo\\\/image\\\/\"}}]}<\/script>\n<!-- \/ Yoast SEO plugin. -->","yoast_head_json":{"title":"Capacita\u00e7\u00e3o: Programa de Educa\u00e7\u00e3o para Aposentadoria dos(as) Servidores(as) da UFPel - Evoluidade 2023 - Etapa II\/2023 - Pr\u00f3-Reitoria de Gest\u00e3o com Pessoas - PROGEP","robots":{"index":"index","follow":"follow","max-snippet":"max-snippet:-1","max-image-preview":"max-image-preview:large","max-video-preview":"max-video-preview:-1"},"canonical":"https:\/\/wp.ufpel.edu.br\/progep\/programa-de-educacao-para-aposentadoria-dosas-servidoresas-da-ufpel-evoluidade-2023-etapa-ii-2023\/","og_locale":"pt_BR","og_type":"article","og_title":"Capacita\u00e7\u00e3o: Programa de Educa\u00e7\u00e3o para Aposentadoria dos(as) Servidores(as) da UFPel - Evoluidade 2023 - Etapa II\/2023 - Pr\u00f3-Reitoria de Gest\u00e3o com Pessoas - PROGEP","og_description":"Ministrante: Maria Helena Concei\u00e7\u00e3o Silveira (Coordena\u00e7\u00e3o de Sa\u00fade e Qualidade de Vida &#8211; CSQV\/PROGEP &#8211; UFPel) Per\u00edodo: 23 de agosto a 13 de dezembro de 2023, \u00e0s quartas-feiras no turno da tarde Hor\u00e1rio: das 14h \u00e0s 18h Carga hor\u00e1ria: 44 horas Modalidade: Presencial Local: a definir (em breve divulgaremos nesta p\u00e1gina) S\u00famula: &#8211; Sentidos e [&hellip;]","og_url":"https:\/\/wp.ufpel.edu.br\/progep\/programa-de-educacao-para-aposentadoria-dosas-servidoresas-da-ufpel-evoluidade-2023-etapa-ii-2023\/","og_site_name":"Pr\u00f3-Reitoria de Gest\u00e3o com Pessoas - PROGEP","article_modified_time":"2025-06-30T17:48:30+00:00","twitter_card":"summary_large_image","twitter_misc":{"Est. tempo de leitura":"1 minuto"},"schema":{"@context":"https:\/\/schema.org","@graph":[{"@type":"WebPage","@id":"https:\/\/wp.ufpel.edu.br\/progep\/programa-de-educacao-para-aposentadoria-dosas-servidoresas-da-ufpel-evoluidade-2023-etapa-ii-2023\/","url":"https:\/\/wp.ufpel.edu.br\/progep\/programa-de-educacao-para-aposentadoria-dosas-servidoresas-da-ufpel-evoluidade-2023-etapa-ii-2023\/","name":"Capacita\u00e7\u00e3o: Programa de Educa\u00e7\u00e3o para Aposentadoria dos(as) Servidores(as) da UFPel - Evoluidade 2023 - Etapa II\/2023 - Pr\u00f3-Reitoria de Gest\u00e3o com Pessoas - PROGEP","isPartOf":{"@id":"https:\/\/wp.ufpel.edu.br\/progep\/#website"},"datePublished":"2023-08-03T14:32:20+00:00","dateModified":"2025-06-30T17:48:30+00:00","breadcrumb":{"@id":"https:\/\/wp.ufpel.edu.br\/progep\/programa-de-educacao-para-aposentadoria-dosas-servidoresas-da-ufpel-evoluidade-2023-etapa-ii-2023\/#breadcrumb"},"inLanguage":"pt-BR","potentialAction":[{"@type":"ReadAction","target":["https:\/\/wp.ufpel.edu.br\/progep\/programa-de-educacao-para-aposentadoria-dosas-servidoresas-da-ufpel-evoluidade-2023-etapa-ii-2023\/"]}]},{"@type":"BreadcrumbList","@id":"https:\/\/wp.ufpel.edu.br\/progep\/programa-de-educacao-para-aposentadoria-dosas-servidoresas-da-ufpel-evoluidade-2023-etapa-ii-2023\/#breadcrumb","itemListElement":[{"@type":"ListItem","position":1,"name":"In\u00edcio","item":"https:\/\/wp.ufpel.edu.br\/progep\/"},{"@type":"ListItem","position":2,"name":"Capacita\u00e7\u00e3o: Programa de Educa\u00e7\u00e3o para Aposentadoria dos(as) Servidores(as) da UFPel &#8211; Evoluidade 2023 &#8211; Etapa II\/2023"}]},{"@type":"WebSite","@id":"https:\/\/wp.ufpel.edu.br\/progep\/#website","url":"https:\/\/wp.ufpel.edu.br\/progep\/","name":"Pr\u00f3-Reitoria de Gest\u00e3o com Pessoas - PROGEP","description":"Pr\u00f3-Reitoria de Gest\u00e3o com Pessoas","publisher":{"@id":"https:\/\/wp.ufpel.edu.br\/progep\/#organization"},"potentialAction":[{"@type":"SearchAction","target":{"@type":"EntryPoint","urlTemplate":"https:\/\/wp.ufpel.edu.br\/progep\/?s={search_term_string}"},"query-input":{"@type":"PropertyValueSpecification","valueRequired":true,"valueName":"search_term_string"}}],"inLanguage":"pt-BR"},{"@type":"Organization","@id":"https:\/\/wp.ufpel.edu.br\/progep\/#organization","name":"Pr\u00f3-Reitoria de Gest\u00e3o com Pessoas - PROGEP","url":"https:\/\/wp.ufpel.edu.br\/progep\/","logo":{"@type":"ImageObject","inLanguage":"pt-BR","@id":"https:\/\/wp.ufpel.edu.br\/progep\/#\/schema\/logo\/image\/","url":"https:\/\/wp.ufpel.edu.br\/progep\/files\/2025\/03\/logo-progep_atualizacao-nome_AZUL.png","contentUrl":"https:\/\/wp.ufpel.edu.br\/progep\/files\/2025\/03\/logo-progep_atualizacao-nome_AZUL.png","width":1080,"height":391,"caption":"Pr\u00f3-Reitoria de Gest\u00e3o com Pessoas - PROGEP"},"image":{"@id":"https:\/\/wp.ufpel.edu.br\/progep\/#\/schema\/logo\/image\/"}}]}},"_links":{"self":[{"href":"https:\/\/wp.ufpel.edu.br\/progep\/wp-json\/wp\/v2\/pages\/24260","targetHints":{"allow":["GET"]}}],"collection":[{"href":"https:\/\/wp.ufpel.edu.br\/progep\/wp-json\/wp\/v2\/pages"}],"about":[{"href":"https:\/\/wp.ufpel.edu.br\/progep\/wp-json\/wp\/v2\/types\/page"}],"author":[{"embeddable":true,"href":"https:\/\/wp.ufpel.edu.br\/progep\/wp-json\/wp\/v2\/users\/21"}],"replies":[{"embeddable":true,"href":"https:\/\/wp.ufpel.edu.br\/progep\/wp-json\/wp\/v2\/comments?post=24260"}],"version-history":[{"count":12,"href":"https:\/\/wp.ufpel.edu.br\/progep\/wp-json\/wp\/v2\/pages\/24260\/revisions"}],"predecessor-version":[{"id":34111,"href":"https:\/\/wp.ufpel.edu.br\/progep\/wp-json\/wp\/v2\/pages\/24260\/revisions\/34111"}],"wp:attachment":[{"href":"https:\/\/wp.ufpel.edu.br\/progep\/wp-json\/wp\/v2\/media?parent=24260"}],"curies":[{"name":"wp","href":"https:\/\/api.w.org\/{rel}","templated":true}]}}