{"id":24188,"date":"2023-07-28T17:14:13","date_gmt":"2023-07-28T20:14:13","guid":{"rendered":"https:\/\/wp.ufpel.edu.br\/progep\/?page_id=24188"},"modified":"2025-06-30T14:48:00","modified_gmt":"2025-06-30T17:48:00","slug":"capacita-na-web-formacao-em-praticas-restaurativas-a-conducao-de-conflitos-de-forma-positiva","status":"publish","type":"page","link":"https:\/\/wp.ufpel.edu.br\/progep\/capacita-na-web-formacao-em-praticas-restaurativas-a-conducao-de-conflitos-de-forma-positiva\/","title":{"rendered":"Capacita\u00e7\u00e3o: Capacita na Web &#8211; Forma\u00e7\u00e3o em Pr\u00e1ticas Restaurativas: A condu\u00e7\u00e3o de conflitos de forma positiva"},"content":{"rendered":"<p><span style=\"font-size: 12pt\"><strong>Facilitadores:<\/strong> Equipe do N\u00facleo de Media\u00e7\u00e3o de Conflitos e Pr\u00e1ticas Restaurativas (CONVIVA), da Universidade Federal do Rio Grande &#8211; FURG.<\/span><\/p>\n<p><span style=\"font-size: 12pt\"><strong>Datas\/hor\u00e1rios:<\/strong><\/span><br \/>\n<span style=\"font-size: 12pt\">\u2022 23\/08 (Quarta-feira) das 14h \u00e0s 17h &#8211; M\u00f3dulo I &#8211; Entendendo o conflito e as bases da Comunica\u00e7\u00e3o n\u00e3o violenta (CNV)<\/span><br \/>\n<span style=\"font-size: 12pt\">\u2022 30\/08 (Quarta-feira) das 14h \u00e0s 17h &#8211; M\u00f3dulo II &#8211; Ferramentas de Comunica\u00e7\u00e3o n\u00e3o violenta (CNV) e media\u00e7\u00e3o para o cotidiano<\/span><\/p>\n<p><span style=\"font-size: 12pt\"><strong>Realiza\u00e7\u00e3o:<\/strong>\u00a0plataforma Webconf da UFPel (na modalidade\u00a0<em>online)<\/em><\/span><\/p>\n<p><span style=\"font-size: 12pt\"><strong>Ementa:\u00a0<\/strong><\/span><br \/>\n<span style=\"font-size: 12pt\">M\u00f3dulo I &#8211; Entendendo o conflito e as bases da Comunica\u00e7\u00e3o N\u00e3o Violenta (CNV)<\/span><br \/>\n<span style=\"font-size: 12pt\">1. Vis\u00e3o do conflito (positiva x negativa);<\/span><br \/>\n<span style=\"font-size: 12pt\">2. Conflito x confronto;<\/span><br \/>\n<span style=\"font-size: 12pt\">3. Tr\u00eas dimens\u00f5es do conflito;<\/span><br \/>\n<span style=\"font-size: 12pt\">4. Vis\u00e3o positiva do conflito<\/span><br \/>\n<span style=\"font-size: 12pt\">5. Vis\u00e3o sist\u00eamica do conflito (vis\u00e3o integral);<\/span><br \/>\n<span style=\"font-size: 12pt\">6. Comunica\u00e7\u00e3o;<\/span><br \/>\n<span style=\"font-size: 12pt\">7. Quatro elementos da CNV;<\/span><br \/>\n<span style=\"font-size: 12pt\">8. Julgamentos x Sentimentos;<\/span><br \/>\n<span style=\"font-size: 12pt\">9. Necessidades;<\/span><br \/>\n<span style=\"font-size: 12pt\">10. Linguagem chacal x girafa.<\/span><\/p>\n<p><span style=\"font-size: 12pt\">M\u00f3dulo II &#8211; Ferramentas de Comunica\u00e7\u00e3o n\u00e3o violenta (CNV) e media\u00e7\u00e3o para o cotidiano<\/span><br \/>\n<span style=\"font-size: 12pt\">1. Escutat\u00f3ria;<\/span><br \/>\n<span style=\"font-size: 12pt\">2. Simpatia X Empatia;<\/span><br \/>\n<span style=\"font-size: 12pt\">3. Di\u00e1logo x Debate;<\/span><br \/>\n<span style=\"font-size: 12pt\">4. Ferramentas para o cotidiano (recontextualiza\u00e7\u00e3o, afago, invers\u00e3o de pap\u00e9is, normaliza\u00e7\u00e3o, enfoque prospectivo, teste de realidade, valida\u00e7\u00e3o de sentimentos)<\/span><\/p>\n<p><span style=\"font-size: 12pt\"><strong>P\u00fablico Alvo<\/strong>: Servidores docentes e TAEs ativos da UFPel*<\/span><\/p>\n<p><span style=\"font-size: 12pt\"><strong>Per\u00edodo de inscri\u00e7\u00e3o<\/strong>: 03\/08 a 20\/08\/2023<\/span><\/p>\n<p><span style=\"font-size: 12pt\"><strong>Divulga\u00e7\u00e3o das inscri\u00e7\u00f5es homologadas<\/strong>: 21\/08\/2023**, nesta p\u00e1gina.<\/span><\/p>\n<p><span style=\"font-size: 12pt\">*Considerando a Pol\u00edtica Nacional de Desenvolvimento de Pessoas, conforme Decreto n\u00ba 9.991\/19, somente ser\u00e3o certificados os servidores p\u00fablicos pertencentes ao Quadro Efetivo da UFPel.<\/span><\/p>\n<p><span style=\"font-size: 12pt\">**Quando homologadas as inscri\u00e7\u00f5es, os selecionados receber\u00e3o e-mail com instru\u00e7\u00f5es de acesso \u00e0 sala de Webconf da UFPel.<\/span><\/p>\n<p><strong><span style=\"color: #ff6600\"><a style=\"color: #ff6600\" href=\"https:\/\/wp.ufpel.edu.br\/progep\/files\/2023\/08\/Homologacao-Formacao-em-Praticas-Restaurativas-A-conducao-de-conflitos-de-forma-positiva.pdf\">INSCRI\u00c7\u00d5ES HOMOLOGADAS<\/a><\/span><\/strong><\/p>\n<p>&nbsp;<\/p>\n","protected":false},"excerpt":{"rendered":"<p>Facilitadores: Equipe do N\u00facleo de Media\u00e7\u00e3o de Conflitos e Pr\u00e1ticas Restaurativas (CONVIVA), da Universidade Federal do Rio Grande &#8211; FURG. Datas\/hor\u00e1rios: \u2022 23\/08 (Quarta-feira) das 14h \u00e0s 17h &#8211; M\u00f3dulo I &#8211; Entendendo o conflito e as bases da Comunica\u00e7\u00e3o n\u00e3o violenta (CNV) \u2022 30\/08 (Quarta-feira) das 14h \u00e0s 17h &#8211; M\u00f3dulo II &#8211; Ferramentas [&hellip;]<\/p>\n","protected":false},"author":21,"featured_media":0,"parent":0,"menu_order":0,"comment_status":"closed","ping_status":"closed","template":"","meta":{"footnotes":""},"class_list":["post-24188","page","type-page","status-publish","hentry"],"yoast_head":"<!-- This site is optimized with the Yoast SEO plugin v28.1 - https:\/\/yoast.com\/product\/yoast-seo-wordpress\/ -->\n<title>Capacita\u00e7\u00e3o: Capacita na Web - Forma\u00e7\u00e3o em Pr\u00e1ticas Restaurativas: A condu\u00e7\u00e3o de conflitos de forma positiva - Pr\u00f3-Reitoria de Gest\u00e3o com Pessoas - PROGEP<\/title>\n<meta name=\"robots\" content=\"index, follow, max-snippet:-1, max-image-preview:large, max-video-preview:-1\" \/>\n<link rel=\"canonical\" href=\"https:\/\/wp.ufpel.edu.br\/progep\/capacita-na-web-formacao-em-praticas-restaurativas-a-conducao-de-conflitos-de-forma-positiva\/\" \/>\n<meta property=\"og:locale\" content=\"pt_BR\" \/>\n<meta property=\"og:type\" content=\"article\" \/>\n<meta property=\"og:title\" content=\"Capacita\u00e7\u00e3o: Capacita na Web - Forma\u00e7\u00e3o em Pr\u00e1ticas Restaurativas: A condu\u00e7\u00e3o de conflitos de forma positiva - Pr\u00f3-Reitoria de Gest\u00e3o com Pessoas - PROGEP\" \/>\n<meta property=\"og:description\" content=\"Facilitadores: Equipe do N\u00facleo de Media\u00e7\u00e3o de Conflitos e Pr\u00e1ticas Restaurativas (CONVIVA), da Universidade Federal do Rio Grande &#8211; FURG. Datas\/hor\u00e1rios: \u2022 23\/08 (Quarta-feira) das 14h \u00e0s 17h &#8211; M\u00f3dulo I &#8211; Entendendo o conflito e as bases da Comunica\u00e7\u00e3o n\u00e3o violenta (CNV) \u2022 30\/08 (Quarta-feira) das 14h \u00e0s 17h &#8211; M\u00f3dulo II &#8211; Ferramentas [&hellip;]\" \/>\n<meta property=\"og:url\" content=\"https:\/\/wp.ufpel.edu.br\/progep\/capacita-na-web-formacao-em-praticas-restaurativas-a-conducao-de-conflitos-de-forma-positiva\/\" \/>\n<meta property=\"og:site_name\" content=\"Pr\u00f3-Reitoria de Gest\u00e3o com Pessoas - PROGEP\" \/>\n<meta property=\"article:modified_time\" content=\"2025-06-30T17:48:00+00:00\" \/>\n<meta name=\"twitter:card\" content=\"summary_large_image\" \/>\n<meta name=\"twitter:label1\" content=\"Est. tempo de leitura\" \/>\n\t<meta name=\"twitter:data1\" content=\"1 minuto\" \/>\n<script type=\"application\/ld+json\" class=\"yoast-schema-graph\">{\"@context\":\"https:\\\/\\\/schema.org\",\"@graph\":[{\"@type\":\"WebPage\",\"@id\":\"https:\\\/\\\/wp.ufpel.edu.br\\\/progep\\\/capacita-na-web-formacao-em-praticas-restaurativas-a-conducao-de-conflitos-de-forma-positiva\\\/\",\"url\":\"https:\\\/\\\/wp.ufpel.edu.br\\\/progep\\\/capacita-na-web-formacao-em-praticas-restaurativas-a-conducao-de-conflitos-de-forma-positiva\\\/\",\"name\":\"Capacita\u00e7\u00e3o: Capacita na Web - Forma\u00e7\u00e3o em Pr\u00e1ticas Restaurativas: A condu\u00e7\u00e3o de conflitos de forma positiva - Pr\u00f3-Reitoria de Gest\u00e3o com Pessoas - PROGEP\",\"isPartOf\":{\"@id\":\"https:\\\/\\\/wp.ufpel.edu.br\\\/progep\\\/#website\"},\"datePublished\":\"2023-07-28T20:14:13+00:00\",\"dateModified\":\"2025-06-30T17:48:00+00:00\",\"breadcrumb\":{\"@id\":\"https:\\\/\\\/wp.ufpel.edu.br\\\/progep\\\/capacita-na-web-formacao-em-praticas-restaurativas-a-conducao-de-conflitos-de-forma-positiva\\\/#breadcrumb\"},\"inLanguage\":\"pt-BR\",\"potentialAction\":[{\"@type\":\"ReadAction\",\"target\":[\"https:\\\/\\\/wp.ufpel.edu.br\\\/progep\\\/capacita-na-web-formacao-em-praticas-restaurativas-a-conducao-de-conflitos-de-forma-positiva\\\/\"]}]},{\"@type\":\"BreadcrumbList\",\"@id\":\"https:\\\/\\\/wp.ufpel.edu.br\\\/progep\\\/capacita-na-web-formacao-em-praticas-restaurativas-a-conducao-de-conflitos-de-forma-positiva\\\/#breadcrumb\",\"itemListElement\":[{\"@type\":\"ListItem\",\"position\":1,\"name\":\"In\u00edcio\",\"item\":\"https:\\\/\\\/wp.ufpel.edu.br\\\/progep\\\/\"},{\"@type\":\"ListItem\",\"position\":2,\"name\":\"Capacita\u00e7\u00e3o: Capacita na Web &#8211; Forma\u00e7\u00e3o em Pr\u00e1ticas Restaurativas: A condu\u00e7\u00e3o de conflitos de forma positiva\"}]},{\"@type\":\"WebSite\",\"@id\":\"https:\\\/\\\/wp.ufpel.edu.br\\\/progep\\\/#website\",\"url\":\"https:\\\/\\\/wp.ufpel.edu.br\\\/progep\\\/\",\"name\":\"Pr\u00f3-Reitoria de Gest\u00e3o com Pessoas - PROGEP\",\"description\":\"Pr\u00f3-Reitoria de Gest\u00e3o com Pessoas\",\"publisher\":{\"@id\":\"https:\\\/\\\/wp.ufpel.edu.br\\\/progep\\\/#organization\"},\"potentialAction\":[{\"@type\":\"SearchAction\",\"target\":{\"@type\":\"EntryPoint\",\"urlTemplate\":\"https:\\\/\\\/wp.ufpel.edu.br\\\/progep\\\/?s={search_term_string}\"},\"query-input\":{\"@type\":\"PropertyValueSpecification\",\"valueRequired\":true,\"valueName\":\"search_term_string\"}}],\"inLanguage\":\"pt-BR\"},{\"@type\":\"Organization\",\"@id\":\"https:\\\/\\\/wp.ufpel.edu.br\\\/progep\\\/#organization\",\"name\":\"Pr\u00f3-Reitoria de Gest\u00e3o com Pessoas - PROGEP\",\"url\":\"https:\\\/\\\/wp.ufpel.edu.br\\\/progep\\\/\",\"logo\":{\"@type\":\"ImageObject\",\"inLanguage\":\"pt-BR\",\"@id\":\"https:\\\/\\\/wp.ufpel.edu.br\\\/progep\\\/#\\\/schema\\\/logo\\\/image\\\/\",\"url\":\"https:\\\/\\\/wp.ufpel.edu.br\\\/progep\\\/files\\\/2025\\\/03\\\/logo-progep_atualizacao-nome_AZUL.png\",\"contentUrl\":\"https:\\\/\\\/wp.ufpel.edu.br\\\/progep\\\/files\\\/2025\\\/03\\\/logo-progep_atualizacao-nome_AZUL.png\",\"width\":1080,\"height\":391,\"caption\":\"Pr\u00f3-Reitoria de Gest\u00e3o com Pessoas - PROGEP\"},\"image\":{\"@id\":\"https:\\\/\\\/wp.ufpel.edu.br\\\/progep\\\/#\\\/schema\\\/logo\\\/image\\\/\"}}]}<\/script>\n<!-- \/ Yoast SEO plugin. -->","yoast_head_json":{"title":"Capacita\u00e7\u00e3o: Capacita na Web - Forma\u00e7\u00e3o em Pr\u00e1ticas Restaurativas: A condu\u00e7\u00e3o de conflitos de forma positiva - Pr\u00f3-Reitoria de Gest\u00e3o com Pessoas - PROGEP","robots":{"index":"index","follow":"follow","max-snippet":"max-snippet:-1","max-image-preview":"max-image-preview:large","max-video-preview":"max-video-preview:-1"},"canonical":"https:\/\/wp.ufpel.edu.br\/progep\/capacita-na-web-formacao-em-praticas-restaurativas-a-conducao-de-conflitos-de-forma-positiva\/","og_locale":"pt_BR","og_type":"article","og_title":"Capacita\u00e7\u00e3o: Capacita na Web - Forma\u00e7\u00e3o em Pr\u00e1ticas Restaurativas: A condu\u00e7\u00e3o de conflitos de forma positiva - Pr\u00f3-Reitoria de Gest\u00e3o com Pessoas - PROGEP","og_description":"Facilitadores: Equipe do N\u00facleo de Media\u00e7\u00e3o de Conflitos e Pr\u00e1ticas Restaurativas (CONVIVA), da Universidade Federal do Rio Grande &#8211; FURG. Datas\/hor\u00e1rios: \u2022 23\/08 (Quarta-feira) das 14h \u00e0s 17h &#8211; M\u00f3dulo I &#8211; Entendendo o conflito e as bases da Comunica\u00e7\u00e3o n\u00e3o violenta (CNV) \u2022 30\/08 (Quarta-feira) das 14h \u00e0s 17h &#8211; M\u00f3dulo II &#8211; Ferramentas [&hellip;]","og_url":"https:\/\/wp.ufpel.edu.br\/progep\/capacita-na-web-formacao-em-praticas-restaurativas-a-conducao-de-conflitos-de-forma-positiva\/","og_site_name":"Pr\u00f3-Reitoria de Gest\u00e3o com Pessoas - PROGEP","article_modified_time":"2025-06-30T17:48:00+00:00","twitter_card":"summary_large_image","twitter_misc":{"Est. tempo de leitura":"1 minuto"},"schema":{"@context":"https:\/\/schema.org","@graph":[{"@type":"WebPage","@id":"https:\/\/wp.ufpel.edu.br\/progep\/capacita-na-web-formacao-em-praticas-restaurativas-a-conducao-de-conflitos-de-forma-positiva\/","url":"https:\/\/wp.ufpel.edu.br\/progep\/capacita-na-web-formacao-em-praticas-restaurativas-a-conducao-de-conflitos-de-forma-positiva\/","name":"Capacita\u00e7\u00e3o: Capacita na Web - Forma\u00e7\u00e3o em Pr\u00e1ticas Restaurativas: A condu\u00e7\u00e3o de conflitos de forma positiva - Pr\u00f3-Reitoria de Gest\u00e3o com Pessoas - PROGEP","isPartOf":{"@id":"https:\/\/wp.ufpel.edu.br\/progep\/#website"},"datePublished":"2023-07-28T20:14:13+00:00","dateModified":"2025-06-30T17:48:00+00:00","breadcrumb":{"@id":"https:\/\/wp.ufpel.edu.br\/progep\/capacita-na-web-formacao-em-praticas-restaurativas-a-conducao-de-conflitos-de-forma-positiva\/#breadcrumb"},"inLanguage":"pt-BR","potentialAction":[{"@type":"ReadAction","target":["https:\/\/wp.ufpel.edu.br\/progep\/capacita-na-web-formacao-em-praticas-restaurativas-a-conducao-de-conflitos-de-forma-positiva\/"]}]},{"@type":"BreadcrumbList","@id":"https:\/\/wp.ufpel.edu.br\/progep\/capacita-na-web-formacao-em-praticas-restaurativas-a-conducao-de-conflitos-de-forma-positiva\/#breadcrumb","itemListElement":[{"@type":"ListItem","position":1,"name":"In\u00edcio","item":"https:\/\/wp.ufpel.edu.br\/progep\/"},{"@type":"ListItem","position":2,"name":"Capacita\u00e7\u00e3o: Capacita na Web &#8211; Forma\u00e7\u00e3o em Pr\u00e1ticas Restaurativas: A condu\u00e7\u00e3o de conflitos de forma positiva"}]},{"@type":"WebSite","@id":"https:\/\/wp.ufpel.edu.br\/progep\/#website","url":"https:\/\/wp.ufpel.edu.br\/progep\/","name":"Pr\u00f3-Reitoria de Gest\u00e3o com Pessoas - PROGEP","description":"Pr\u00f3-Reitoria de Gest\u00e3o com Pessoas","publisher":{"@id":"https:\/\/wp.ufpel.edu.br\/progep\/#organization"},"potentialAction":[{"@type":"SearchAction","target":{"@type":"EntryPoint","urlTemplate":"https:\/\/wp.ufpel.edu.br\/progep\/?s={search_term_string}"},"query-input":{"@type":"PropertyValueSpecification","valueRequired":true,"valueName":"search_term_string"}}],"inLanguage":"pt-BR"},{"@type":"Organization","@id":"https:\/\/wp.ufpel.edu.br\/progep\/#organization","name":"Pr\u00f3-Reitoria de Gest\u00e3o com Pessoas - PROGEP","url":"https:\/\/wp.ufpel.edu.br\/progep\/","logo":{"@type":"ImageObject","inLanguage":"pt-BR","@id":"https:\/\/wp.ufpel.edu.br\/progep\/#\/schema\/logo\/image\/","url":"https:\/\/wp.ufpel.edu.br\/progep\/files\/2025\/03\/logo-progep_atualizacao-nome_AZUL.png","contentUrl":"https:\/\/wp.ufpel.edu.br\/progep\/files\/2025\/03\/logo-progep_atualizacao-nome_AZUL.png","width":1080,"height":391,"caption":"Pr\u00f3-Reitoria de Gest\u00e3o com Pessoas - PROGEP"},"image":{"@id":"https:\/\/wp.ufpel.edu.br\/progep\/#\/schema\/logo\/image\/"}}]}},"_links":{"self":[{"href":"https:\/\/wp.ufpel.edu.br\/progep\/wp-json\/wp\/v2\/pages\/24188","targetHints":{"allow":["GET"]}}],"collection":[{"href":"https:\/\/wp.ufpel.edu.br\/progep\/wp-json\/wp\/v2\/pages"}],"about":[{"href":"https:\/\/wp.ufpel.edu.br\/progep\/wp-json\/wp\/v2\/types\/page"}],"author":[{"embeddable":true,"href":"https:\/\/wp.ufpel.edu.br\/progep\/wp-json\/wp\/v2\/users\/21"}],"replies":[{"embeddable":true,"href":"https:\/\/wp.ufpel.edu.br\/progep\/wp-json\/wp\/v2\/comments?post=24188"}],"version-history":[{"count":10,"href":"https:\/\/wp.ufpel.edu.br\/progep\/wp-json\/wp\/v2\/pages\/24188\/revisions"}],"predecessor-version":[{"id":34108,"href":"https:\/\/wp.ufpel.edu.br\/progep\/wp-json\/wp\/v2\/pages\/24188\/revisions\/34108"}],"wp:attachment":[{"href":"https:\/\/wp.ufpel.edu.br\/progep\/wp-json\/wp\/v2\/media?parent=24188"}],"curies":[{"name":"wp","href":"https:\/\/api.w.org\/{rel}","templated":true}]}}