{"id":23917,"date":"2023-07-05T11:20:16","date_gmt":"2023-07-05T14:20:16","guid":{"rendered":"https:\/\/wp.ufpel.edu.br\/progep\/?page_id=23917"},"modified":"2025-06-30T14:47:01","modified_gmt":"2025-06-30T17:47:01","slug":"procedimentos-para-utilizacao-dos-recursos-capes-proap-e-recursos-proprios-para-os-programas-de-pos-graduacao-ppg","status":"publish","type":"page","link":"https:\/\/wp.ufpel.edu.br\/progep\/procedimentos-para-utilizacao-dos-recursos-capes-proap-e-recursos-proprios-para-os-programas-de-pos-graduacao-ppg\/","title":{"rendered":"Capacita\u00e7\u00e3o: Procedimentos para utiliza\u00e7\u00e3o dos recursos CAPES PROAP e recursos pr\u00f3prios para os Programas de P\u00f3s-Gradua\u00e7\u00e3o (PPG)"},"content":{"rendered":"<p style=\"text-align: left\"><span style=\"font-size: 12pt\"><strong>Ministrante: <\/strong>Fabiane Bergmann Xavier (Chefe do N\u00facleo de Execu\u00e7\u00e3o Or\u00e7ament\u00e1ria &#8211; Pr\u00f3-Reitoria de Pesquisa e P\u00f3s-Gradua\u00e7\u00e3o &#8211; PRPPG\/UFPel)<\/span><\/p>\n<p style=\"text-align: left\"><span style=\"font-size: 12pt\"><strong>Datas\/hor\u00e1rios:<\/strong><\/span><br \/>\n<span style=\"font-size: 12pt\">\u2022 <span style=\"text-decoration: underline\">Turma A<\/span>: 25\/07\/2023 (ter\u00e7a-feira) &#8211; das 14h \u00e0s 17h (presencial Cap\u00e3o do Le\u00e3o)<\/span><br \/>\n<span style=\"font-size: 12pt\">\u2022 <span style=\"text-decoration: underline\">Turma B<\/span>: 26\/07\/2023 (quarta-feira) &#8211; das 8h30 \u00e0s 11h30 (presencial Anglo)<\/span><\/p>\n<p><span style=\"font-size: 12pt\"><strong>Carga hor\u00e1ria:<\/strong> 3 horas (por turma)<\/span><\/p>\n<p><span style=\"font-size: 12pt\"><strong>Modalidade<\/strong>: Presencial<\/span><\/p>\n<p style=\"text-align: left\"><span style=\"font-size: 12pt\"><strong>Ementa:<\/strong><\/span><br \/>\n<span style=\"font-size: 12pt\">\u2022 Regulamento do Programa de Apoio \u00e0 P\u00f3s-Gradua\u00e7\u00e3o &#8211; PROAP;<br \/>\n\u2022 Recursos pr\u00f3prios;<br \/>\n\u2022 Or\u00e7amento (Cobalto);<br \/>\n\u2022 Abertura de cr\u00e9dito;<br \/>\n\u2022 Aux\u00edlio financeiro;<br \/>\n\u2022 Compra direta;<br \/>\n\u2022 Presta\u00e7\u00e3o de servi\u00e7os;<br \/>\n\u2022 Di\u00e1rias e passagens;<br \/>\n\u2022 Principais dificuldades e d\u00favidas frequentes.<\/span><\/p>\n<p style=\"text-align: left\"><span style=\"font-size: 12pt\"><strong>Local:<\/strong><\/span><br \/>\n<span style=\"font-size: 12pt\">\u2022 <span style=\"text-decoration: underline\">Turma A<\/span>: Audit\u00f3rio da Meteorologia \u2013 Campus Cap\u00e3o do Le\u00e3o\/UFPel<\/span><br \/>\n<span style=\"font-size: 12pt\">\u2022 <span style=\"text-decoration: underline\">Turma B<\/span>: Audit\u00f3rio Acad\u00eamico \u2013 Campus Anglo\/UFPel<\/span><\/p>\n<p><span style=\"font-size: 12pt\"><strong>P\u00fablico Alvo: <span style=\"color: #ff6600\">Coordenadores, Coordenadores Adjuntos e secret\u00e1rios dos PPGs da UFPel**<\/span><\/strong> (Os servidores e as Unidades do p\u00fablico-alvo devem realizar sua inscri\u00e7\u00e3o por meio do link recebido por e-mail)<\/span><br \/>\n<span style=\"font-size: 12pt\">\u2794 Se n\u00e3o localizar o e-mail, favor entrar em contato conosco pelo cdp.capacita@ufpel.edu.br<\/span><\/p>\n<p><span style=\"font-size: 12pt\"><strong>Vagas<\/strong>: 60 vagas, distribu\u00eddas entre as duas turmas<\/span><\/p>\n<p><span style=\"font-size: 12pt\"><strong>Per\u00edodo de inscri\u00e7\u00e3o<\/strong>: 05 a 20\/07\/2023<\/span><\/p>\n<p><span style=\"font-size: 12pt\"><strong>Divulga\u00e7\u00e3o das inscri\u00e7\u00f5es homologadas<\/strong>: 21\/07\/2023**, nesta p\u00e1gina.<\/span><\/p>\n<p><span style=\"font-size: 12pt\">*Considerando a Pol\u00edtica Nacional de Desenvolvimento de Pessoas, conforme Decreto n\u00ba 9.991\/19, somente ser\u00e3o certificados os servidores p\u00fablicos pertencentes ao Quadro Efetivo da UFPel.<\/span><br \/>\n<span style=\"font-size: 12pt\">*Quando homologadas as inscri\u00e7\u00f5es, os selecionados receber\u00e3o e-mail com instru\u00e7\u00f5es de acesso \u00e0 sala de Webconf da UFPel.<\/span><\/p>\n<p><span style=\"font-size: 12pt\">&#8211; As inscri\u00e7\u00f5es ser\u00e3o feitas atrav\u00e9s do link encaminhado por e-mail para o p\u00fablico-alvo.<\/span><\/p>\n<p>&nbsp;<\/p>\n<p><span style=\"font-size: 12pt\"><strong><span style=\"color: #ff6600\"><a style=\"color: #ff6600\" href=\"https:\/\/wp.ufpel.edu.br\/progep\/files\/2023\/07\/Homologados-CAPES-PROAP-TURMA_A-25-07-2023.pdf\" target=\"_blank\" rel=\"noopener\">INSCRI\u00c7\u00d5ES HOMOLOGADAS<\/a><\/span><\/strong> &#8211; <strong>Turma A (Campus Cap\u00e3o do Le\u00e3o &#8211; 25\/07\/2023)<\/strong><\/span><\/p>\n<p><span style=\"font-size: 12pt\"><span style=\"color: #ff6600\"><strong><a style=\"color: #ff6600;text-decoration: underline\" href=\"https:\/\/wp.ufpel.edu.br\/progep\/files\/2023\/07\/Homologados-CAPES-PROAP-TURMA-B-26-07-2023.pdf\" target=\"_blank\" rel=\"noopener\">INSCRI\u00c7\u00d5ES HOMOLOGADAS<\/a><\/strong><\/span>\u00a0&#8211; <strong>Turma B (Campus Anglo &#8211; 26\/07\/2023)<\/strong><\/span><\/p>\n","protected":false},"excerpt":{"rendered":"<p>Ministrante: Fabiane Bergmann Xavier (Chefe do N\u00facleo de Execu\u00e7\u00e3o Or\u00e7ament\u00e1ria &#8211; Pr\u00f3-Reitoria de Pesquisa e P\u00f3s-Gradua\u00e7\u00e3o &#8211; PRPPG\/UFPel) Datas\/hor\u00e1rios: \u2022 Turma A: 25\/07\/2023 (ter\u00e7a-feira) &#8211; das 14h \u00e0s 17h (presencial Cap\u00e3o do Le\u00e3o) \u2022 Turma B: 26\/07\/2023 (quarta-feira) &#8211; das 8h30 \u00e0s 11h30 (presencial Anglo) Carga hor\u00e1ria: 3 horas (por turma) Modalidade: Presencial Ementa: \u2022 [&hellip;]<\/p>\n","protected":false},"author":21,"featured_media":0,"parent":0,"menu_order":0,"comment_status":"closed","ping_status":"closed","template":"","meta":{"footnotes":""},"class_list":["post-23917","page","type-page","status-publish","hentry"],"yoast_head":"<!-- This site is optimized with the Yoast SEO plugin v28.1 - https:\/\/yoast.com\/product\/yoast-seo-wordpress\/ -->\n<title>Capacita\u00e7\u00e3o: Procedimentos para utiliza\u00e7\u00e3o dos recursos CAPES PROAP e recursos pr\u00f3prios para os Programas de P\u00f3s-Gradua\u00e7\u00e3o (PPG) - Pr\u00f3-Reitoria de Gest\u00e3o com Pessoas - PROGEP<\/title>\n<meta name=\"robots\" content=\"index, follow, max-snippet:-1, max-image-preview:large, max-video-preview:-1\" \/>\n<link rel=\"canonical\" href=\"https:\/\/wp.ufpel.edu.br\/progep\/procedimentos-para-utilizacao-dos-recursos-capes-proap-e-recursos-proprios-para-os-programas-de-pos-graduacao-ppg\/\" \/>\n<meta property=\"og:locale\" content=\"pt_BR\" \/>\n<meta property=\"og:type\" content=\"article\" \/>\n<meta property=\"og:title\" content=\"Capacita\u00e7\u00e3o: Procedimentos para utiliza\u00e7\u00e3o dos recursos CAPES PROAP e recursos pr\u00f3prios para os Programas de P\u00f3s-Gradua\u00e7\u00e3o (PPG) - Pr\u00f3-Reitoria de Gest\u00e3o com Pessoas - PROGEP\" \/>\n<meta property=\"og:description\" content=\"Ministrante: Fabiane Bergmann Xavier (Chefe do N\u00facleo de Execu\u00e7\u00e3o Or\u00e7ament\u00e1ria &#8211; Pr\u00f3-Reitoria de Pesquisa e P\u00f3s-Gradua\u00e7\u00e3o &#8211; PRPPG\/UFPel) Datas\/hor\u00e1rios: \u2022 Turma A: 25\/07\/2023 (ter\u00e7a-feira) &#8211; das 14h \u00e0s 17h (presencial Cap\u00e3o do Le\u00e3o) \u2022 Turma B: 26\/07\/2023 (quarta-feira) &#8211; das 8h30 \u00e0s 11h30 (presencial Anglo) Carga hor\u00e1ria: 3 horas (por turma) Modalidade: Presencial Ementa: \u2022 [&hellip;]\" \/>\n<meta property=\"og:url\" content=\"https:\/\/wp.ufpel.edu.br\/progep\/procedimentos-para-utilizacao-dos-recursos-capes-proap-e-recursos-proprios-para-os-programas-de-pos-graduacao-ppg\/\" \/>\n<meta property=\"og:site_name\" content=\"Pr\u00f3-Reitoria de Gest\u00e3o com Pessoas - PROGEP\" \/>\n<meta property=\"article:modified_time\" content=\"2025-06-30T17:47:01+00:00\" \/>\n<meta name=\"twitter:card\" content=\"summary_large_image\" \/>\n<meta name=\"twitter:label1\" content=\"Est. tempo de leitura\" \/>\n\t<meta name=\"twitter:data1\" content=\"1 minuto\" \/>\n<script type=\"application\/ld+json\" class=\"yoast-schema-graph\">{\"@context\":\"https:\\\/\\\/schema.org\",\"@graph\":[{\"@type\":\"WebPage\",\"@id\":\"https:\\\/\\\/wp.ufpel.edu.br\\\/progep\\\/procedimentos-para-utilizacao-dos-recursos-capes-proap-e-recursos-proprios-para-os-programas-de-pos-graduacao-ppg\\\/\",\"url\":\"https:\\\/\\\/wp.ufpel.edu.br\\\/progep\\\/procedimentos-para-utilizacao-dos-recursos-capes-proap-e-recursos-proprios-para-os-programas-de-pos-graduacao-ppg\\\/\",\"name\":\"Capacita\u00e7\u00e3o: Procedimentos para utiliza\u00e7\u00e3o dos recursos CAPES PROAP e recursos pr\u00f3prios para os Programas de P\u00f3s-Gradua\u00e7\u00e3o (PPG) - Pr\u00f3-Reitoria de Gest\u00e3o com Pessoas - PROGEP\",\"isPartOf\":{\"@id\":\"https:\\\/\\\/wp.ufpel.edu.br\\\/progep\\\/#website\"},\"datePublished\":\"2023-07-05T14:20:16+00:00\",\"dateModified\":\"2025-06-30T17:47:01+00:00\",\"breadcrumb\":{\"@id\":\"https:\\\/\\\/wp.ufpel.edu.br\\\/progep\\\/procedimentos-para-utilizacao-dos-recursos-capes-proap-e-recursos-proprios-para-os-programas-de-pos-graduacao-ppg\\\/#breadcrumb\"},\"inLanguage\":\"pt-BR\",\"potentialAction\":[{\"@type\":\"ReadAction\",\"target\":[\"https:\\\/\\\/wp.ufpel.edu.br\\\/progep\\\/procedimentos-para-utilizacao-dos-recursos-capes-proap-e-recursos-proprios-para-os-programas-de-pos-graduacao-ppg\\\/\"]}]},{\"@type\":\"BreadcrumbList\",\"@id\":\"https:\\\/\\\/wp.ufpel.edu.br\\\/progep\\\/procedimentos-para-utilizacao-dos-recursos-capes-proap-e-recursos-proprios-para-os-programas-de-pos-graduacao-ppg\\\/#breadcrumb\",\"itemListElement\":[{\"@type\":\"ListItem\",\"position\":1,\"name\":\"In\u00edcio\",\"item\":\"https:\\\/\\\/wp.ufpel.edu.br\\\/progep\\\/\"},{\"@type\":\"ListItem\",\"position\":2,\"name\":\"Capacita\u00e7\u00e3o: Procedimentos para utiliza\u00e7\u00e3o dos recursos CAPES PROAP e recursos pr\u00f3prios para os Programas de P\u00f3s-Gradua\u00e7\u00e3o (PPG)\"}]},{\"@type\":\"WebSite\",\"@id\":\"https:\\\/\\\/wp.ufpel.edu.br\\\/progep\\\/#website\",\"url\":\"https:\\\/\\\/wp.ufpel.edu.br\\\/progep\\\/\",\"name\":\"Pr\u00f3-Reitoria de Gest\u00e3o com Pessoas - PROGEP\",\"description\":\"Pr\u00f3-Reitoria de Gest\u00e3o com Pessoas\",\"publisher\":{\"@id\":\"https:\\\/\\\/wp.ufpel.edu.br\\\/progep\\\/#organization\"},\"potentialAction\":[{\"@type\":\"SearchAction\",\"target\":{\"@type\":\"EntryPoint\",\"urlTemplate\":\"https:\\\/\\\/wp.ufpel.edu.br\\\/progep\\\/?s={search_term_string}\"},\"query-input\":{\"@type\":\"PropertyValueSpecification\",\"valueRequired\":true,\"valueName\":\"search_term_string\"}}],\"inLanguage\":\"pt-BR\"},{\"@type\":\"Organization\",\"@id\":\"https:\\\/\\\/wp.ufpel.edu.br\\\/progep\\\/#organization\",\"name\":\"Pr\u00f3-Reitoria de Gest\u00e3o com Pessoas - PROGEP\",\"url\":\"https:\\\/\\\/wp.ufpel.edu.br\\\/progep\\\/\",\"logo\":{\"@type\":\"ImageObject\",\"inLanguage\":\"pt-BR\",\"@id\":\"https:\\\/\\\/wp.ufpel.edu.br\\\/progep\\\/#\\\/schema\\\/logo\\\/image\\\/\",\"url\":\"https:\\\/\\\/wp.ufpel.edu.br\\\/progep\\\/files\\\/2025\\\/03\\\/logo-progep_atualizacao-nome_AZUL.png\",\"contentUrl\":\"https:\\\/\\\/wp.ufpel.edu.br\\\/progep\\\/files\\\/2025\\\/03\\\/logo-progep_atualizacao-nome_AZUL.png\",\"width\":1080,\"height\":391,\"caption\":\"Pr\u00f3-Reitoria de Gest\u00e3o com Pessoas - PROGEP\"},\"image\":{\"@id\":\"https:\\\/\\\/wp.ufpel.edu.br\\\/progep\\\/#\\\/schema\\\/logo\\\/image\\\/\"}}]}<\/script>\n<!-- \/ Yoast SEO plugin. -->","yoast_head_json":{"title":"Capacita\u00e7\u00e3o: Procedimentos para utiliza\u00e7\u00e3o dos recursos CAPES PROAP e recursos pr\u00f3prios para os Programas de P\u00f3s-Gradua\u00e7\u00e3o (PPG) - Pr\u00f3-Reitoria de Gest\u00e3o com Pessoas - PROGEP","robots":{"index":"index","follow":"follow","max-snippet":"max-snippet:-1","max-image-preview":"max-image-preview:large","max-video-preview":"max-video-preview:-1"},"canonical":"https:\/\/wp.ufpel.edu.br\/progep\/procedimentos-para-utilizacao-dos-recursos-capes-proap-e-recursos-proprios-para-os-programas-de-pos-graduacao-ppg\/","og_locale":"pt_BR","og_type":"article","og_title":"Capacita\u00e7\u00e3o: Procedimentos para utiliza\u00e7\u00e3o dos recursos CAPES PROAP e recursos pr\u00f3prios para os Programas de P\u00f3s-Gradua\u00e7\u00e3o (PPG) - Pr\u00f3-Reitoria de Gest\u00e3o com Pessoas - PROGEP","og_description":"Ministrante: Fabiane Bergmann Xavier (Chefe do N\u00facleo de Execu\u00e7\u00e3o Or\u00e7ament\u00e1ria &#8211; Pr\u00f3-Reitoria de Pesquisa e P\u00f3s-Gradua\u00e7\u00e3o &#8211; PRPPG\/UFPel) Datas\/hor\u00e1rios: \u2022 Turma A: 25\/07\/2023 (ter\u00e7a-feira) &#8211; das 14h \u00e0s 17h (presencial Cap\u00e3o do Le\u00e3o) \u2022 Turma B: 26\/07\/2023 (quarta-feira) &#8211; das 8h30 \u00e0s 11h30 (presencial Anglo) Carga hor\u00e1ria: 3 horas (por turma) Modalidade: Presencial Ementa: \u2022 [&hellip;]","og_url":"https:\/\/wp.ufpel.edu.br\/progep\/procedimentos-para-utilizacao-dos-recursos-capes-proap-e-recursos-proprios-para-os-programas-de-pos-graduacao-ppg\/","og_site_name":"Pr\u00f3-Reitoria de Gest\u00e3o com Pessoas - PROGEP","article_modified_time":"2025-06-30T17:47:01+00:00","twitter_card":"summary_large_image","twitter_misc":{"Est. tempo de leitura":"1 minuto"},"schema":{"@context":"https:\/\/schema.org","@graph":[{"@type":"WebPage","@id":"https:\/\/wp.ufpel.edu.br\/progep\/procedimentos-para-utilizacao-dos-recursos-capes-proap-e-recursos-proprios-para-os-programas-de-pos-graduacao-ppg\/","url":"https:\/\/wp.ufpel.edu.br\/progep\/procedimentos-para-utilizacao-dos-recursos-capes-proap-e-recursos-proprios-para-os-programas-de-pos-graduacao-ppg\/","name":"Capacita\u00e7\u00e3o: Procedimentos para utiliza\u00e7\u00e3o dos recursos CAPES PROAP e recursos pr\u00f3prios para os Programas de P\u00f3s-Gradua\u00e7\u00e3o (PPG) - Pr\u00f3-Reitoria de Gest\u00e3o com Pessoas - PROGEP","isPartOf":{"@id":"https:\/\/wp.ufpel.edu.br\/progep\/#website"},"datePublished":"2023-07-05T14:20:16+00:00","dateModified":"2025-06-30T17:47:01+00:00","breadcrumb":{"@id":"https:\/\/wp.ufpel.edu.br\/progep\/procedimentos-para-utilizacao-dos-recursos-capes-proap-e-recursos-proprios-para-os-programas-de-pos-graduacao-ppg\/#breadcrumb"},"inLanguage":"pt-BR","potentialAction":[{"@type":"ReadAction","target":["https:\/\/wp.ufpel.edu.br\/progep\/procedimentos-para-utilizacao-dos-recursos-capes-proap-e-recursos-proprios-para-os-programas-de-pos-graduacao-ppg\/"]}]},{"@type":"BreadcrumbList","@id":"https:\/\/wp.ufpel.edu.br\/progep\/procedimentos-para-utilizacao-dos-recursos-capes-proap-e-recursos-proprios-para-os-programas-de-pos-graduacao-ppg\/#breadcrumb","itemListElement":[{"@type":"ListItem","position":1,"name":"In\u00edcio","item":"https:\/\/wp.ufpel.edu.br\/progep\/"},{"@type":"ListItem","position":2,"name":"Capacita\u00e7\u00e3o: Procedimentos para utiliza\u00e7\u00e3o dos recursos CAPES PROAP e recursos pr\u00f3prios para os Programas de P\u00f3s-Gradua\u00e7\u00e3o (PPG)"}]},{"@type":"WebSite","@id":"https:\/\/wp.ufpel.edu.br\/progep\/#website","url":"https:\/\/wp.ufpel.edu.br\/progep\/","name":"Pr\u00f3-Reitoria de Gest\u00e3o com Pessoas - PROGEP","description":"Pr\u00f3-Reitoria de Gest\u00e3o com Pessoas","publisher":{"@id":"https:\/\/wp.ufpel.edu.br\/progep\/#organization"},"potentialAction":[{"@type":"SearchAction","target":{"@type":"EntryPoint","urlTemplate":"https:\/\/wp.ufpel.edu.br\/progep\/?s={search_term_string}"},"query-input":{"@type":"PropertyValueSpecification","valueRequired":true,"valueName":"search_term_string"}}],"inLanguage":"pt-BR"},{"@type":"Organization","@id":"https:\/\/wp.ufpel.edu.br\/progep\/#organization","name":"Pr\u00f3-Reitoria de Gest\u00e3o com Pessoas - PROGEP","url":"https:\/\/wp.ufpel.edu.br\/progep\/","logo":{"@type":"ImageObject","inLanguage":"pt-BR","@id":"https:\/\/wp.ufpel.edu.br\/progep\/#\/schema\/logo\/image\/","url":"https:\/\/wp.ufpel.edu.br\/progep\/files\/2025\/03\/logo-progep_atualizacao-nome_AZUL.png","contentUrl":"https:\/\/wp.ufpel.edu.br\/progep\/files\/2025\/03\/logo-progep_atualizacao-nome_AZUL.png","width":1080,"height":391,"caption":"Pr\u00f3-Reitoria de Gest\u00e3o com Pessoas - PROGEP"},"image":{"@id":"https:\/\/wp.ufpel.edu.br\/progep\/#\/schema\/logo\/image\/"}}]}},"_links":{"self":[{"href":"https:\/\/wp.ufpel.edu.br\/progep\/wp-json\/wp\/v2\/pages\/23917","targetHints":{"allow":["GET"]}}],"collection":[{"href":"https:\/\/wp.ufpel.edu.br\/progep\/wp-json\/wp\/v2\/pages"}],"about":[{"href":"https:\/\/wp.ufpel.edu.br\/progep\/wp-json\/wp\/v2\/types\/page"}],"author":[{"embeddable":true,"href":"https:\/\/wp.ufpel.edu.br\/progep\/wp-json\/wp\/v2\/users\/21"}],"replies":[{"embeddable":true,"href":"https:\/\/wp.ufpel.edu.br\/progep\/wp-json\/wp\/v2\/comments?post=23917"}],"version-history":[{"count":26,"href":"https:\/\/wp.ufpel.edu.br\/progep\/wp-json\/wp\/v2\/pages\/23917\/revisions"}],"predecessor-version":[{"id":34099,"href":"https:\/\/wp.ufpel.edu.br\/progep\/wp-json\/wp\/v2\/pages\/23917\/revisions\/34099"}],"wp:attachment":[{"href":"https:\/\/wp.ufpel.edu.br\/progep\/wp-json\/wp\/v2\/media?parent=23917"}],"curies":[{"name":"wp","href":"https:\/\/api.w.org\/{rel}","templated":true}]}}