{"id":23906,"date":"2023-07-04T15:24:04","date_gmt":"2023-07-04T18:24:04","guid":{"rendered":"https:\/\/wp.ufpel.edu.br\/progep\/?page_id=23906"},"modified":"2026-06-26T15:49:12","modified_gmt":"2026-06-26T18:49:12","slug":"capacitacao-em-primeiros-socorros-para-servidores-da-ufpel","status":"publish","type":"page","link":"https:\/\/wp.ufpel.edu.br\/progep\/capacitacao-em-primeiros-socorros-para-servidores-da-ufpel\/","title":{"rendered":"Capacita\u00e7\u00e3o em Primeiros Socorros para Servidores da UFPEL"},"content":{"rendered":"<p style=\"text-align: left\"><span style=\"font-size: 12pt\"><strong>Facilitadores: <\/strong><\/span><br \/>\n<span style=\"font-size: 12pt\">&#8211; Norlai Alves Azevedo (Docente &#8211; Faculdade de Enfermagem &#8211; FE\/UFPel)<\/span><br \/>\n<span style=\"font-size: 12pt\">&#8211; Guilherme Pachon Cavada (T\u00e9cnico Administrativo em Educa\u00e7\u00e3o &#8211; Faculdade de Enfermagem &#8211; FE\/UFPel)<\/span><\/p>\n<p><span style=\"font-size: 12pt\"><strong>Datas\/hor\u00e1rios:<\/strong><\/span><br \/>\n<span style=\"font-size: 12pt\">\u2022 <span style=\"text-decoration: underline\">Aula 1<\/span> &#8211; 26\/07\/2023 (Quarta-feira): das 14:00 \u00e0s 18:00<br \/>\n\u2022 <span style=\"text-decoration: underline\">Aula 2<\/span> &#8211; 27\/07\/2023 (Quinta-feira): das 14:00 \u00e0s 18:00<br \/>\n\u2022 <span style=\"text-decoration: underline\">Aula 3<\/span> &#8211; 28\/07\/2023 (Sexta-feira): das 08:00 \u00e0s 12:00<\/span><\/p>\n<p><span style=\"font-size: 12pt\"><strong>Carga hor\u00e1ria:<\/strong> 12 horas<\/span><\/p>\n<p><span style=\"font-size: 12pt\"><strong>Modalidade<\/strong>: Presencial<\/span><\/p>\n<p><span style=\"font-size: 12pt\"><strong>Local<\/strong>: Audit\u00f3rio Acad\u00eamico \u2013 4\u00b0 andar do Campus Anglo da UFPel<\/span><\/p>\n<p><span style=\"font-size: 12pt\"><strong>Ementa:<\/strong> Conte\u00fados referentes a emerg\u00eancias cl\u00ednicas &#8211; AVC, IAM, PCR, BLS, Desmaio, Crise convulsiva, e traum\u00e1ticas (Queimaduras e Hemorragias)<\/span><\/p>\n<p><span style=\"font-size: 12pt\"><strong>P\u00fablico Alvo: <\/strong>Servidores docentes e TAEs ativos*<\/span><\/p>\n<p><span style=\"font-size: 12pt\"><strong>Vagas<\/strong>: 30 vagas<\/span><\/p>\n<p><span style=\"font-size: 12pt\"><strong>Per\u00edodo de inscri\u00e7\u00e3o<\/strong>: 04 a 23\/07\/2023<\/span><\/p>\n<p><span style=\"font-size: 12pt\"><strong>Divulga\u00e7\u00e3o das inscri\u00e7\u00f5es homologadas<\/strong>: 24\/07**, nesta p\u00e1gina.<\/span><\/p>\n<p><span style=\"font-size: 12pt\">*Considerando a Pol\u00edtica Nacional de Desenvolvimento de Pessoas, conforme Decreto n\u00ba 9.991\/19, somente ser\u00e3o certificados os servidores p\u00fablicos pertencentes ao Quadro Efetivo da UFPel.<\/span><\/p>\n<p><span style=\"font-size: 12pt\">**Quando homologadas as inscri\u00e7\u00f5es, os selecionados receber\u00e3o e-mail com instru\u00e7\u00f5es de acesso \u00e0 sala de Webconf da UFPel.<\/span><\/p>\n<p><span style=\"color: #ff6600;font-size: 12pt\"><strong><a style=\"color: #ff6600\" href=\"https:\/\/wp.ufpel.edu.br\/progep\/files\/2023\/07\/Homologados-Capacitacao-em-Primeiros-Socorros-para-Servidores-da-UFPel-26-27-e-28_07_2023.pdf\" target=\"_blank\" rel=\"noopener\">INSCRI\u00c7\u00d5ES HOMOLOGADAS<\/a><\/strong><\/span><\/p>\n<p>&nbsp;<\/p>\n<p>&nbsp;<\/p>\n","protected":false},"excerpt":{"rendered":"<p>Facilitadores: &#8211; Norlai Alves Azevedo (Docente &#8211; Faculdade de Enfermagem &#8211; FE\/UFPel) &#8211; Guilherme Pachon Cavada (T\u00e9cnico Administrativo em Educa\u00e7\u00e3o &#8211; Faculdade de Enfermagem &#8211; FE\/UFPel) Datas\/hor\u00e1rios: \u2022 Aula 1 &#8211; 26\/07\/2023 (Quarta-feira): das 14:00 \u00e0s 18:00 \u2022 Aula 2 &#8211; 27\/07\/2023 (Quinta-feira): das 14:00 \u00e0s 18:00 \u2022 Aula 3 &#8211; 28\/07\/2023 (Sexta-feira): das 08:00 [&hellip;]<\/p>\n","protected":false},"author":21,"featured_media":0,"parent":0,"menu_order":0,"comment_status":"closed","ping_status":"closed","template":"","meta":{"footnotes":""},"class_list":["post-23906","page","type-page","status-publish","hentry"],"yoast_head":"<!-- This site is optimized with the Yoast SEO plugin v28.1 - https:\/\/yoast.com\/product\/yoast-seo-wordpress\/ -->\n<title>Capacita\u00e7\u00e3o em Primeiros Socorros para Servidores da UFPEL - Pr\u00f3-Reitoria de Gest\u00e3o com Pessoas - PROGEP<\/title>\n<meta name=\"robots\" content=\"index, follow, max-snippet:-1, max-image-preview:large, max-video-preview:-1\" \/>\n<link rel=\"canonical\" href=\"https:\/\/wp.ufpel.edu.br\/progep\/capacitacao-em-primeiros-socorros-para-servidores-da-ufpel\/\" \/>\n<meta property=\"og:locale\" content=\"pt_BR\" \/>\n<meta property=\"og:type\" content=\"article\" \/>\n<meta property=\"og:title\" content=\"Capacita\u00e7\u00e3o em Primeiros Socorros para Servidores da UFPEL - Pr\u00f3-Reitoria de Gest\u00e3o com Pessoas - PROGEP\" \/>\n<meta property=\"og:description\" content=\"Facilitadores: &#8211; Norlai Alves Azevedo (Docente &#8211; Faculdade de Enfermagem &#8211; FE\/UFPel) &#8211; Guilherme Pachon Cavada (T\u00e9cnico Administrativo em Educa\u00e7\u00e3o &#8211; Faculdade de Enfermagem &#8211; FE\/UFPel) Datas\/hor\u00e1rios: \u2022 Aula 1 &#8211; 26\/07\/2023 (Quarta-feira): das 14:00 \u00e0s 18:00 \u2022 Aula 2 &#8211; 27\/07\/2023 (Quinta-feira): das 14:00 \u00e0s 18:00 \u2022 Aula 3 &#8211; 28\/07\/2023 (Sexta-feira): das 08:00 [&hellip;]\" \/>\n<meta property=\"og:url\" content=\"https:\/\/wp.ufpel.edu.br\/progep\/capacitacao-em-primeiros-socorros-para-servidores-da-ufpel\/\" \/>\n<meta property=\"og:site_name\" content=\"Pr\u00f3-Reitoria de Gest\u00e3o com Pessoas - PROGEP\" \/>\n<meta property=\"article:modified_time\" content=\"2026-06-26T18:49:12+00:00\" \/>\n<meta name=\"twitter:card\" content=\"summary_large_image\" \/>\n<meta name=\"twitter:label1\" content=\"Est. tempo de leitura\" \/>\n\t<meta name=\"twitter:data1\" content=\"1 minuto\" \/>\n<script type=\"application\/ld+json\" class=\"yoast-schema-graph\">{\"@context\":\"https:\\\/\\\/schema.org\",\"@graph\":[{\"@type\":\"WebPage\",\"@id\":\"https:\\\/\\\/wp.ufpel.edu.br\\\/progep\\\/capacitacao-em-primeiros-socorros-para-servidores-da-ufpel\\\/\",\"url\":\"https:\\\/\\\/wp.ufpel.edu.br\\\/progep\\\/capacitacao-em-primeiros-socorros-para-servidores-da-ufpel\\\/\",\"name\":\"Capacita\u00e7\u00e3o em Primeiros Socorros para Servidores da UFPEL - Pr\u00f3-Reitoria de Gest\u00e3o com Pessoas - PROGEP\",\"isPartOf\":{\"@id\":\"https:\\\/\\\/wp.ufpel.edu.br\\\/progep\\\/#website\"},\"datePublished\":\"2023-07-04T18:24:04+00:00\",\"dateModified\":\"2026-06-26T18:49:12+00:00\",\"breadcrumb\":{\"@id\":\"https:\\\/\\\/wp.ufpel.edu.br\\\/progep\\\/capacitacao-em-primeiros-socorros-para-servidores-da-ufpel\\\/#breadcrumb\"},\"inLanguage\":\"pt-BR\",\"potentialAction\":[{\"@type\":\"ReadAction\",\"target\":[\"https:\\\/\\\/wp.ufpel.edu.br\\\/progep\\\/capacitacao-em-primeiros-socorros-para-servidores-da-ufpel\\\/\"]}]},{\"@type\":\"BreadcrumbList\",\"@id\":\"https:\\\/\\\/wp.ufpel.edu.br\\\/progep\\\/capacitacao-em-primeiros-socorros-para-servidores-da-ufpel\\\/#breadcrumb\",\"itemListElement\":[{\"@type\":\"ListItem\",\"position\":1,\"name\":\"In\u00edcio\",\"item\":\"https:\\\/\\\/wp.ufpel.edu.br\\\/progep\\\/\"},{\"@type\":\"ListItem\",\"position\":2,\"name\":\"Capacita\u00e7\u00e3o em Primeiros Socorros para Servidores da UFPEL\"}]},{\"@type\":\"WebSite\",\"@id\":\"https:\\\/\\\/wp.ufpel.edu.br\\\/progep\\\/#website\",\"url\":\"https:\\\/\\\/wp.ufpel.edu.br\\\/progep\\\/\",\"name\":\"Pr\u00f3-Reitoria de Gest\u00e3o com Pessoas - PROGEP\",\"description\":\"Pr\u00f3-Reitoria de Gest\u00e3o com Pessoas\",\"publisher\":{\"@id\":\"https:\\\/\\\/wp.ufpel.edu.br\\\/progep\\\/#organization\"},\"potentialAction\":[{\"@type\":\"SearchAction\",\"target\":{\"@type\":\"EntryPoint\",\"urlTemplate\":\"https:\\\/\\\/wp.ufpel.edu.br\\\/progep\\\/?s={search_term_string}\"},\"query-input\":{\"@type\":\"PropertyValueSpecification\",\"valueRequired\":true,\"valueName\":\"search_term_string\"}}],\"inLanguage\":\"pt-BR\"},{\"@type\":\"Organization\",\"@id\":\"https:\\\/\\\/wp.ufpel.edu.br\\\/progep\\\/#organization\",\"name\":\"Pr\u00f3-Reitoria de Gest\u00e3o com Pessoas - PROGEP\",\"url\":\"https:\\\/\\\/wp.ufpel.edu.br\\\/progep\\\/\",\"logo\":{\"@type\":\"ImageObject\",\"inLanguage\":\"pt-BR\",\"@id\":\"https:\\\/\\\/wp.ufpel.edu.br\\\/progep\\\/#\\\/schema\\\/logo\\\/image\\\/\",\"url\":\"https:\\\/\\\/wp.ufpel.edu.br\\\/progep\\\/files\\\/2025\\\/03\\\/logo-progep_atualizacao-nome_AZUL.png\",\"contentUrl\":\"https:\\\/\\\/wp.ufpel.edu.br\\\/progep\\\/files\\\/2025\\\/03\\\/logo-progep_atualizacao-nome_AZUL.png\",\"width\":1080,\"height\":391,\"caption\":\"Pr\u00f3-Reitoria de Gest\u00e3o com Pessoas - PROGEP\"},\"image\":{\"@id\":\"https:\\\/\\\/wp.ufpel.edu.br\\\/progep\\\/#\\\/schema\\\/logo\\\/image\\\/\"}}]}<\/script>\n<!-- \/ Yoast SEO plugin. -->","yoast_head_json":{"title":"Capacita\u00e7\u00e3o em Primeiros Socorros para Servidores da UFPEL - Pr\u00f3-Reitoria de Gest\u00e3o com Pessoas - PROGEP","robots":{"index":"index","follow":"follow","max-snippet":"max-snippet:-1","max-image-preview":"max-image-preview:large","max-video-preview":"max-video-preview:-1"},"canonical":"https:\/\/wp.ufpel.edu.br\/progep\/capacitacao-em-primeiros-socorros-para-servidores-da-ufpel\/","og_locale":"pt_BR","og_type":"article","og_title":"Capacita\u00e7\u00e3o em Primeiros Socorros para Servidores da UFPEL - Pr\u00f3-Reitoria de Gest\u00e3o com Pessoas - PROGEP","og_description":"Facilitadores: &#8211; Norlai Alves Azevedo (Docente &#8211; Faculdade de Enfermagem &#8211; FE\/UFPel) &#8211; Guilherme Pachon Cavada (T\u00e9cnico Administrativo em Educa\u00e7\u00e3o &#8211; Faculdade de Enfermagem &#8211; FE\/UFPel) Datas\/hor\u00e1rios: \u2022 Aula 1 &#8211; 26\/07\/2023 (Quarta-feira): das 14:00 \u00e0s 18:00 \u2022 Aula 2 &#8211; 27\/07\/2023 (Quinta-feira): das 14:00 \u00e0s 18:00 \u2022 Aula 3 &#8211; 28\/07\/2023 (Sexta-feira): das 08:00 [&hellip;]","og_url":"https:\/\/wp.ufpel.edu.br\/progep\/capacitacao-em-primeiros-socorros-para-servidores-da-ufpel\/","og_site_name":"Pr\u00f3-Reitoria de Gest\u00e3o com Pessoas - PROGEP","article_modified_time":"2026-06-26T18:49:12+00:00","twitter_card":"summary_large_image","twitter_misc":{"Est. tempo de leitura":"1 minuto"},"schema":{"@context":"https:\/\/schema.org","@graph":[{"@type":"WebPage","@id":"https:\/\/wp.ufpel.edu.br\/progep\/capacitacao-em-primeiros-socorros-para-servidores-da-ufpel\/","url":"https:\/\/wp.ufpel.edu.br\/progep\/capacitacao-em-primeiros-socorros-para-servidores-da-ufpel\/","name":"Capacita\u00e7\u00e3o em Primeiros Socorros para Servidores da UFPEL - Pr\u00f3-Reitoria de Gest\u00e3o com Pessoas - PROGEP","isPartOf":{"@id":"https:\/\/wp.ufpel.edu.br\/progep\/#website"},"datePublished":"2023-07-04T18:24:04+00:00","dateModified":"2026-06-26T18:49:12+00:00","breadcrumb":{"@id":"https:\/\/wp.ufpel.edu.br\/progep\/capacitacao-em-primeiros-socorros-para-servidores-da-ufpel\/#breadcrumb"},"inLanguage":"pt-BR","potentialAction":[{"@type":"ReadAction","target":["https:\/\/wp.ufpel.edu.br\/progep\/capacitacao-em-primeiros-socorros-para-servidores-da-ufpel\/"]}]},{"@type":"BreadcrumbList","@id":"https:\/\/wp.ufpel.edu.br\/progep\/capacitacao-em-primeiros-socorros-para-servidores-da-ufpel\/#breadcrumb","itemListElement":[{"@type":"ListItem","position":1,"name":"In\u00edcio","item":"https:\/\/wp.ufpel.edu.br\/progep\/"},{"@type":"ListItem","position":2,"name":"Capacita\u00e7\u00e3o em Primeiros Socorros para Servidores da UFPEL"}]},{"@type":"WebSite","@id":"https:\/\/wp.ufpel.edu.br\/progep\/#website","url":"https:\/\/wp.ufpel.edu.br\/progep\/","name":"Pr\u00f3-Reitoria de Gest\u00e3o com Pessoas - PROGEP","description":"Pr\u00f3-Reitoria de Gest\u00e3o com Pessoas","publisher":{"@id":"https:\/\/wp.ufpel.edu.br\/progep\/#organization"},"potentialAction":[{"@type":"SearchAction","target":{"@type":"EntryPoint","urlTemplate":"https:\/\/wp.ufpel.edu.br\/progep\/?s={search_term_string}"},"query-input":{"@type":"PropertyValueSpecification","valueRequired":true,"valueName":"search_term_string"}}],"inLanguage":"pt-BR"},{"@type":"Organization","@id":"https:\/\/wp.ufpel.edu.br\/progep\/#organization","name":"Pr\u00f3-Reitoria de Gest\u00e3o com Pessoas - PROGEP","url":"https:\/\/wp.ufpel.edu.br\/progep\/","logo":{"@type":"ImageObject","inLanguage":"pt-BR","@id":"https:\/\/wp.ufpel.edu.br\/progep\/#\/schema\/logo\/image\/","url":"https:\/\/wp.ufpel.edu.br\/progep\/files\/2025\/03\/logo-progep_atualizacao-nome_AZUL.png","contentUrl":"https:\/\/wp.ufpel.edu.br\/progep\/files\/2025\/03\/logo-progep_atualizacao-nome_AZUL.png","width":1080,"height":391,"caption":"Pr\u00f3-Reitoria de Gest\u00e3o com Pessoas - PROGEP"},"image":{"@id":"https:\/\/wp.ufpel.edu.br\/progep\/#\/schema\/logo\/image\/"}}]}},"_links":{"self":[{"href":"https:\/\/wp.ufpel.edu.br\/progep\/wp-json\/wp\/v2\/pages\/23906","targetHints":{"allow":["GET"]}}],"collection":[{"href":"https:\/\/wp.ufpel.edu.br\/progep\/wp-json\/wp\/v2\/pages"}],"about":[{"href":"https:\/\/wp.ufpel.edu.br\/progep\/wp-json\/wp\/v2\/types\/page"}],"author":[{"embeddable":true,"href":"https:\/\/wp.ufpel.edu.br\/progep\/wp-json\/wp\/v2\/users\/21"}],"replies":[{"embeddable":true,"href":"https:\/\/wp.ufpel.edu.br\/progep\/wp-json\/wp\/v2\/comments?post=23906"}],"version-history":[{"count":10,"href":"https:\/\/wp.ufpel.edu.br\/progep\/wp-json\/wp\/v2\/pages\/23906\/revisions"}],"predecessor-version":[{"id":24212,"href":"https:\/\/wp.ufpel.edu.br\/progep\/wp-json\/wp\/v2\/pages\/23906\/revisions\/24212"}],"wp:attachment":[{"href":"https:\/\/wp.ufpel.edu.br\/progep\/wp-json\/wp\/v2\/media?parent=23906"}],"curies":[{"name":"wp","href":"https:\/\/api.w.org\/{rel}","templated":true}]}}