{"id":23886,"date":"2023-07-03T18:18:04","date_gmt":"2023-07-03T21:18:04","guid":{"rendered":"https:\/\/wp.ufpel.edu.br\/progep\/?page_id=23886"},"modified":"2025-05-16T09:09:48","modified_gmt":"2025-05-16T12:09:48","slug":"4a-edicao-do-workshop-em-emi-english-as-a-medium-of-instruction","status":"publish","type":"page","link":"https:\/\/wp.ufpel.edu.br\/progep\/4a-edicao-do-workshop-em-emi-english-as-a-medium-of-instruction\/","title":{"rendered":"Capacita\u00e7\u00e3o: 4\u00aa Edi\u00e7\u00e3o do Workshop em EMI &#8211; English as a Medium of Instruction"},"content":{"rendered":"<p><span style=\"font-size: 12pt\"><strong>Ministrante:<\/strong> Simone Sarmento (Professora da Universidade Federal do Rio Grande do Sul \u2013 UFRGS)<\/span><\/p>\n<p><span style=\"font-size: 12pt\"><strong>Modalidade:<\/strong> formato h\u00edbrido com um encontro s\u00edncrono\/online e dois encontros presenciais<\/span><\/p>\n<p><span style=\"font-size: 12pt\"><strong>Carga hor\u00e1ria:<\/strong> 20 horas<\/span><\/p>\n<p><span style=\"font-size: 12pt\"><strong>Per\u00edodo de realiza\u00e7\u00e3o:<\/strong> 04, 10 e 11 de agosto de 2023<\/span><\/p>\n<p><span style=\"font-size: 12pt\">Os encontros ser\u00e3o realizados nos seguintes dias e hor\u00e1rios:<\/span><br \/>\n<span style=\"font-size: 12pt\">&#8211; <strong>04\/08\/2023<\/strong> (Sexta-feira), das 14h \u00e0s 17h (Encontro s\u00edncrono\/remoto)<\/span><br \/>\n<span style=\"font-size: 12pt\">&#8211; <strong>10\/08\/2023<\/strong>\u00a0(Quinta-feira), das 14h \u00e0s 18h (Encontro presencial 1)<\/span><br \/>\n<span style=\"font-size: 12pt\">&#8211; <strong>11\/08\/2023<\/strong>\u00a0(Sexta-feira), das 8h \u00e0s 12h e das 14h \u00e0s 18h (Encontro presencial 2)<\/span><\/p>\n<p><span style=\"font-size: 12pt\"><strong>Local dos encontros presenciais:<\/strong> Sala de reuni\u00f5es da Ag\u00eancia de Desenvolvimento da Bacia da Lagoa Mirim (ALM) &#8211; Rua Lobo da Costa, 447 &#8211; Centro, Pelotas<\/span><\/p>\n<p><span style=\"font-size: 12pt\"><strong>S\u00famula:<\/strong><\/span><br \/>\n<span style=\"font-size: 12pt\"><strong>\u2022<\/strong> Aula 1 (S\u00edncrona online) \u2013 An\u00e1lise de necessidades \/ O que \u00e9 EMI<\/span><br \/>\n<span style=\"font-size: 12pt\"><strong>\u2022<\/strong> Aula 2 (Presencial) \u2013 Papel do professor em cursos EMI<\/span><br \/>\n<span style=\"font-size: 12pt\"><strong>\u2022<\/strong> Aula 3 (Presencial) \u2013 Metodologias Ativas<\/span><br \/>\n<span style=\"font-size: 12pt\"><strong>\u2022<\/strong> Aula 4 (Presencial) \u2013 Plano de curso, prepara\u00e7\u00e3o de aulas, avalia\u00e7\u00e3o<\/span><br \/>\n<span style=\"font-size: 12pt\"><strong>\u2022<\/strong> Aula 5 (Presencial) \u2013 Grade de avalia\u00e7\u00e3o<\/span><\/p>\n<p><span style=\"font-size: 12pt\"><strong>P\u00fablico Alvo:<\/strong> <span style=\"text-decoration: underline\">Docentes da UFPel<\/span> (e P\u00f3s-doutorandos em caso de vagas excedentes, como ouvintes)<\/span><\/p>\n<p><span style=\"font-size: 12pt\">Obs.: P\u00f3s-doutorandos inscrevem-se no formul\u00e1rio dispon\u00edvel no site da CRInter.<\/span><\/p>\n<p><span style=\"font-size: 12pt\"><strong>N\u00famero de vagas:<\/strong> 30 vagas (ser\u00e3o ofertadas 30 vagas e ser\u00e1 feito um cadastro reserva para 15 suplentes)<\/span><\/p>\n<p><span style=\"font-size: 12pt\"><strong>Inscri\u00e7\u00f5es<\/strong>: <del>at\u00e9 \u00e0s 17h30 do dia 17\/07\/2023<\/del><\/span><\/p>\n<p><span style=\"color: #ff6600;font-size: 12pt\">Inscri\u00e7\u00f5es prorrogadas at\u00e9 \u00e0s 14hs do dia 21\/07 (sexta-feira). As vagas s\u00e3o destinadas a docentes e p\u00f3s-doutorandos.<\/span><\/p>\n<p><span style=\"font-size: 12pt\"><strong>Divulga\u00e7\u00e3o do resultado preliminar:<\/strong> 19\/07\/2023<\/span><\/p>\n<p><span style=\"font-size: 12pt\"><strong>Divulga\u00e7\u00e3o do resultado final:<\/strong> 20\/07\/2023<\/span><\/p>\n<p><span style=\"font-size: 12pt\">O <span style=\"color: #0000ff\"><a style=\"color: #0000ff\" href=\"https:\/\/wp.ufpel.edu.br\/international\/files\/2023\/06\/Edital-N.-082023.pdf\" target=\"_blank\" rel=\"noopener\"><strong>Edital n\u00ba 08\/2023<\/strong><\/a><\/span> para sele\u00e7\u00e3o de candidatos \u00e0s vagas da 4\u00aa edi\u00e7\u00e3o do Workshop EMI com mais informa\u00e7\u00f5es, e os f<span style=\"color: #000000\">ormul\u00e1rios de inscri\u00e7\u00f5es<\/span> podem ser acessados tamb\u00e9m na p\u00e1gina da Coordena\u00e7\u00e3o de Rela\u00e7\u00f5es Internacionais (CRInter\/UFPel) em &lt;<strong><span style=\"color: #0000ff\"><a style=\"color: #0000ff\" href=\"https:\/\/wp.ufpel.edu.br\/international\/\" target=\"_blank\" rel=\"noopener\">https:\/\/wp.ufpel.edu.br\/international<\/a><\/span><\/strong>&gt; ou <strong><span style=\"color: #0000ff\"><a style=\"color: #0000ff\" href=\"https:\/\/wp.ufpel.edu.br\/international\/\" target=\"_blank\" rel=\"noopener\">clicando aqui<\/a><\/span><\/strong>.<\/span><\/p>\n<p><span style=\"font-size: 12pt\"><b>Inscri\u00e7\u00f5es homologadas:<\/b><\/span><br \/>\n<span style=\"font-size: 12pt\"><a href=\"https:\/\/wp.ufpel.edu.br\/international\/2023\/07\/21\/edital-n08-2023-workshop-em-emi-homologacao-das-inscricoes\/\" target=\"_blank\" rel=\"noopener\">https:\/\/wp.ufpel.edu.br\/international\/2023\/07\/21\/edital-n08-2023-workshop-em-emi-homologacao-das-inscricoes\/<\/a><\/span><\/p>\n<p>&nbsp;<\/p>\n<p>&nbsp;<\/p>\n","protected":false},"excerpt":{"rendered":"<p>Ministrante: Simone Sarmento (Professora da Universidade Federal do Rio Grande do Sul \u2013 UFRGS) Modalidade: formato h\u00edbrido com um encontro s\u00edncrono\/online e dois encontros presenciais Carga hor\u00e1ria: 20 horas Per\u00edodo de realiza\u00e7\u00e3o: 04, 10 e 11 de agosto de 2023 Os encontros ser\u00e3o realizados nos seguintes dias e hor\u00e1rios: &#8211; 04\/08\/2023 (Sexta-feira), das 14h \u00e0s [&hellip;]<\/p>\n","protected":false},"author":21,"featured_media":0,"parent":0,"menu_order":0,"comment_status":"closed","ping_status":"closed","template":"","meta":{"footnotes":""},"class_list":["post-23886","page","type-page","status-publish","hentry"],"yoast_head":"<!-- This site is optimized with the Yoast SEO plugin v28.1 - https:\/\/yoast.com\/product\/yoast-seo-wordpress\/ -->\n<title>Capacita\u00e7\u00e3o: 4\u00aa Edi\u00e7\u00e3o do Workshop em EMI - English as a Medium of Instruction - Pr\u00f3-Reitoria de Gest\u00e3o com Pessoas - PROGEP<\/title>\n<meta name=\"robots\" content=\"index, follow, max-snippet:-1, max-image-preview:large, max-video-preview:-1\" \/>\n<link rel=\"canonical\" href=\"https:\/\/wp.ufpel.edu.br\/progep\/4a-edicao-do-workshop-em-emi-english-as-a-medium-of-instruction\/\" \/>\n<meta property=\"og:locale\" content=\"pt_BR\" \/>\n<meta property=\"og:type\" content=\"article\" \/>\n<meta property=\"og:title\" content=\"Capacita\u00e7\u00e3o: 4\u00aa Edi\u00e7\u00e3o do Workshop em EMI - English as a Medium of Instruction - Pr\u00f3-Reitoria de Gest\u00e3o com Pessoas - PROGEP\" \/>\n<meta property=\"og:description\" content=\"Ministrante: Simone Sarmento (Professora da Universidade Federal do Rio Grande do Sul \u2013 UFRGS) Modalidade: formato h\u00edbrido com um encontro s\u00edncrono\/online e dois encontros presenciais Carga hor\u00e1ria: 20 horas Per\u00edodo de realiza\u00e7\u00e3o: 04, 10 e 11 de agosto de 2023 Os encontros ser\u00e3o realizados nos seguintes dias e hor\u00e1rios: &#8211; 04\/08\/2023 (Sexta-feira), das 14h \u00e0s [&hellip;]\" \/>\n<meta property=\"og:url\" content=\"https:\/\/wp.ufpel.edu.br\/progep\/4a-edicao-do-workshop-em-emi-english-as-a-medium-of-instruction\/\" \/>\n<meta property=\"og:site_name\" content=\"Pr\u00f3-Reitoria de Gest\u00e3o com Pessoas - PROGEP\" \/>\n<meta property=\"article:modified_time\" content=\"2025-05-16T12:09:48+00:00\" \/>\n<meta name=\"twitter:card\" content=\"summary_large_image\" \/>\n<meta name=\"twitter:label1\" content=\"Est. tempo de leitura\" \/>\n\t<meta name=\"twitter:data1\" content=\"2 minutos\" \/>\n<script type=\"application\/ld+json\" class=\"yoast-schema-graph\">{\"@context\":\"https:\\\/\\\/schema.org\",\"@graph\":[{\"@type\":\"WebPage\",\"@id\":\"https:\\\/\\\/wp.ufpel.edu.br\\\/progep\\\/4a-edicao-do-workshop-em-emi-english-as-a-medium-of-instruction\\\/\",\"url\":\"https:\\\/\\\/wp.ufpel.edu.br\\\/progep\\\/4a-edicao-do-workshop-em-emi-english-as-a-medium-of-instruction\\\/\",\"name\":\"Capacita\u00e7\u00e3o: 4\u00aa Edi\u00e7\u00e3o do Workshop em EMI - English as a Medium of Instruction - Pr\u00f3-Reitoria de Gest\u00e3o com Pessoas - PROGEP\",\"isPartOf\":{\"@id\":\"https:\\\/\\\/wp.ufpel.edu.br\\\/progep\\\/#website\"},\"datePublished\":\"2023-07-03T21:18:04+00:00\",\"dateModified\":\"2025-05-16T12:09:48+00:00\",\"breadcrumb\":{\"@id\":\"https:\\\/\\\/wp.ufpel.edu.br\\\/progep\\\/4a-edicao-do-workshop-em-emi-english-as-a-medium-of-instruction\\\/#breadcrumb\"},\"inLanguage\":\"pt-BR\",\"potentialAction\":[{\"@type\":\"ReadAction\",\"target\":[\"https:\\\/\\\/wp.ufpel.edu.br\\\/progep\\\/4a-edicao-do-workshop-em-emi-english-as-a-medium-of-instruction\\\/\"]}]},{\"@type\":\"BreadcrumbList\",\"@id\":\"https:\\\/\\\/wp.ufpel.edu.br\\\/progep\\\/4a-edicao-do-workshop-em-emi-english-as-a-medium-of-instruction\\\/#breadcrumb\",\"itemListElement\":[{\"@type\":\"ListItem\",\"position\":1,\"name\":\"In\u00edcio\",\"item\":\"https:\\\/\\\/wp.ufpel.edu.br\\\/progep\\\/\"},{\"@type\":\"ListItem\",\"position\":2,\"name\":\"Capacita\u00e7\u00e3o: 4\u00aa Edi\u00e7\u00e3o do Workshop em EMI &#8211; English as a Medium of Instruction\"}]},{\"@type\":\"WebSite\",\"@id\":\"https:\\\/\\\/wp.ufpel.edu.br\\\/progep\\\/#website\",\"url\":\"https:\\\/\\\/wp.ufpel.edu.br\\\/progep\\\/\",\"name\":\"Pr\u00f3-Reitoria de Gest\u00e3o com Pessoas - PROGEP\",\"description\":\"Pr\u00f3-Reitoria de Gest\u00e3o com Pessoas\",\"publisher\":{\"@id\":\"https:\\\/\\\/wp.ufpel.edu.br\\\/progep\\\/#organization\"},\"potentialAction\":[{\"@type\":\"SearchAction\",\"target\":{\"@type\":\"EntryPoint\",\"urlTemplate\":\"https:\\\/\\\/wp.ufpel.edu.br\\\/progep\\\/?s={search_term_string}\"},\"query-input\":{\"@type\":\"PropertyValueSpecification\",\"valueRequired\":true,\"valueName\":\"search_term_string\"}}],\"inLanguage\":\"pt-BR\"},{\"@type\":\"Organization\",\"@id\":\"https:\\\/\\\/wp.ufpel.edu.br\\\/progep\\\/#organization\",\"name\":\"Pr\u00f3-Reitoria de Gest\u00e3o com Pessoas - PROGEP\",\"url\":\"https:\\\/\\\/wp.ufpel.edu.br\\\/progep\\\/\",\"logo\":{\"@type\":\"ImageObject\",\"inLanguage\":\"pt-BR\",\"@id\":\"https:\\\/\\\/wp.ufpel.edu.br\\\/progep\\\/#\\\/schema\\\/logo\\\/image\\\/\",\"url\":\"https:\\\/\\\/wp.ufpel.edu.br\\\/progep\\\/files\\\/2025\\\/03\\\/logo-progep_atualizacao-nome_AZUL.png\",\"contentUrl\":\"https:\\\/\\\/wp.ufpel.edu.br\\\/progep\\\/files\\\/2025\\\/03\\\/logo-progep_atualizacao-nome_AZUL.png\",\"width\":1080,\"height\":391,\"caption\":\"Pr\u00f3-Reitoria de Gest\u00e3o com Pessoas - PROGEP\"},\"image\":{\"@id\":\"https:\\\/\\\/wp.ufpel.edu.br\\\/progep\\\/#\\\/schema\\\/logo\\\/image\\\/\"}}]}<\/script>\n<!-- \/ Yoast SEO plugin. -->","yoast_head_json":{"title":"Capacita\u00e7\u00e3o: 4\u00aa Edi\u00e7\u00e3o do Workshop em EMI - English as a Medium of Instruction - Pr\u00f3-Reitoria de Gest\u00e3o com Pessoas - PROGEP","robots":{"index":"index","follow":"follow","max-snippet":"max-snippet:-1","max-image-preview":"max-image-preview:large","max-video-preview":"max-video-preview:-1"},"canonical":"https:\/\/wp.ufpel.edu.br\/progep\/4a-edicao-do-workshop-em-emi-english-as-a-medium-of-instruction\/","og_locale":"pt_BR","og_type":"article","og_title":"Capacita\u00e7\u00e3o: 4\u00aa Edi\u00e7\u00e3o do Workshop em EMI - English as a Medium of Instruction - Pr\u00f3-Reitoria de Gest\u00e3o com Pessoas - PROGEP","og_description":"Ministrante: Simone Sarmento (Professora da Universidade Federal do Rio Grande do Sul \u2013 UFRGS) Modalidade: formato h\u00edbrido com um encontro s\u00edncrono\/online e dois encontros presenciais Carga hor\u00e1ria: 20 horas Per\u00edodo de realiza\u00e7\u00e3o: 04, 10 e 11 de agosto de 2023 Os encontros ser\u00e3o realizados nos seguintes dias e hor\u00e1rios: &#8211; 04\/08\/2023 (Sexta-feira), das 14h \u00e0s [&hellip;]","og_url":"https:\/\/wp.ufpel.edu.br\/progep\/4a-edicao-do-workshop-em-emi-english-as-a-medium-of-instruction\/","og_site_name":"Pr\u00f3-Reitoria de Gest\u00e3o com Pessoas - PROGEP","article_modified_time":"2025-05-16T12:09:48+00:00","twitter_card":"summary_large_image","twitter_misc":{"Est. tempo de leitura":"2 minutos"},"schema":{"@context":"https:\/\/schema.org","@graph":[{"@type":"WebPage","@id":"https:\/\/wp.ufpel.edu.br\/progep\/4a-edicao-do-workshop-em-emi-english-as-a-medium-of-instruction\/","url":"https:\/\/wp.ufpel.edu.br\/progep\/4a-edicao-do-workshop-em-emi-english-as-a-medium-of-instruction\/","name":"Capacita\u00e7\u00e3o: 4\u00aa Edi\u00e7\u00e3o do Workshop em EMI - English as a Medium of Instruction - Pr\u00f3-Reitoria de Gest\u00e3o com Pessoas - PROGEP","isPartOf":{"@id":"https:\/\/wp.ufpel.edu.br\/progep\/#website"},"datePublished":"2023-07-03T21:18:04+00:00","dateModified":"2025-05-16T12:09:48+00:00","breadcrumb":{"@id":"https:\/\/wp.ufpel.edu.br\/progep\/4a-edicao-do-workshop-em-emi-english-as-a-medium-of-instruction\/#breadcrumb"},"inLanguage":"pt-BR","potentialAction":[{"@type":"ReadAction","target":["https:\/\/wp.ufpel.edu.br\/progep\/4a-edicao-do-workshop-em-emi-english-as-a-medium-of-instruction\/"]}]},{"@type":"BreadcrumbList","@id":"https:\/\/wp.ufpel.edu.br\/progep\/4a-edicao-do-workshop-em-emi-english-as-a-medium-of-instruction\/#breadcrumb","itemListElement":[{"@type":"ListItem","position":1,"name":"In\u00edcio","item":"https:\/\/wp.ufpel.edu.br\/progep\/"},{"@type":"ListItem","position":2,"name":"Capacita\u00e7\u00e3o: 4\u00aa Edi\u00e7\u00e3o do Workshop em EMI &#8211; English as a Medium of Instruction"}]},{"@type":"WebSite","@id":"https:\/\/wp.ufpel.edu.br\/progep\/#website","url":"https:\/\/wp.ufpel.edu.br\/progep\/","name":"Pr\u00f3-Reitoria de Gest\u00e3o com Pessoas - PROGEP","description":"Pr\u00f3-Reitoria de Gest\u00e3o com Pessoas","publisher":{"@id":"https:\/\/wp.ufpel.edu.br\/progep\/#organization"},"potentialAction":[{"@type":"SearchAction","target":{"@type":"EntryPoint","urlTemplate":"https:\/\/wp.ufpel.edu.br\/progep\/?s={search_term_string}"},"query-input":{"@type":"PropertyValueSpecification","valueRequired":true,"valueName":"search_term_string"}}],"inLanguage":"pt-BR"},{"@type":"Organization","@id":"https:\/\/wp.ufpel.edu.br\/progep\/#organization","name":"Pr\u00f3-Reitoria de Gest\u00e3o com Pessoas - PROGEP","url":"https:\/\/wp.ufpel.edu.br\/progep\/","logo":{"@type":"ImageObject","inLanguage":"pt-BR","@id":"https:\/\/wp.ufpel.edu.br\/progep\/#\/schema\/logo\/image\/","url":"https:\/\/wp.ufpel.edu.br\/progep\/files\/2025\/03\/logo-progep_atualizacao-nome_AZUL.png","contentUrl":"https:\/\/wp.ufpel.edu.br\/progep\/files\/2025\/03\/logo-progep_atualizacao-nome_AZUL.png","width":1080,"height":391,"caption":"Pr\u00f3-Reitoria de Gest\u00e3o com Pessoas - PROGEP"},"image":{"@id":"https:\/\/wp.ufpel.edu.br\/progep\/#\/schema\/logo\/image\/"}}]}},"_links":{"self":[{"href":"https:\/\/wp.ufpel.edu.br\/progep\/wp-json\/wp\/v2\/pages\/23886","targetHints":{"allow":["GET"]}}],"collection":[{"href":"https:\/\/wp.ufpel.edu.br\/progep\/wp-json\/wp\/v2\/pages"}],"about":[{"href":"https:\/\/wp.ufpel.edu.br\/progep\/wp-json\/wp\/v2\/types\/page"}],"author":[{"embeddable":true,"href":"https:\/\/wp.ufpel.edu.br\/progep\/wp-json\/wp\/v2\/users\/21"}],"replies":[{"embeddable":true,"href":"https:\/\/wp.ufpel.edu.br\/progep\/wp-json\/wp\/v2\/comments?post=23886"}],"version-history":[{"count":22,"href":"https:\/\/wp.ufpel.edu.br\/progep\/wp-json\/wp\/v2\/pages\/23886\/revisions"}],"predecessor-version":[{"id":32543,"href":"https:\/\/wp.ufpel.edu.br\/progep\/wp-json\/wp\/v2\/pages\/23886\/revisions\/32543"}],"wp:attachment":[{"href":"https:\/\/wp.ufpel.edu.br\/progep\/wp-json\/wp\/v2\/media?parent=23886"}],"curies":[{"name":"wp","href":"https:\/\/api.w.org\/{rel}","templated":true}]}}