{"id":23499,"date":"2023-05-30T16:42:50","date_gmt":"2023-05-30T19:42:50","guid":{"rendered":"https:\/\/wp.ufpel.edu.br\/progep\/?page_id=23499"},"modified":"2025-06-30T14:34:55","modified_gmt":"2025-06-30T17:34:55","slug":"capacita-na-web-desafios-do-tabagismo","status":"publish","type":"page","link":"https:\/\/wp.ufpel.edu.br\/progep\/capacita-na-web-desafios-do-tabagismo\/","title":{"rendered":"Capacita\u00e7\u00e3o: Capacita na Web &#8211; Desafios do Tabagismo"},"content":{"rendered":"<p><span style=\"font-size: 12pt\"><strong><span style=\"color: #ff6600\">Aten\u00e7\u00e3o: excepcionalmente, as inscri\u00e7\u00f5es para essa capacita\u00e7\u00e3o seguir\u00e3o abertas at\u00e9 \u00e0s 14h do dia 14\/06 (quarta-feira), e ser\u00e3o homologadas na tarde do mesmo dia.<\/span><\/strong><\/span><\/p>\n<p><span style=\"font-size: 12pt\"><strong>Facilitadora: <\/strong>Maria Helena Concei\u00e7\u00e3o Silveira (Psic\u00f3loga &#8211; Coordena\u00e7\u00e3o de Sa\u00fade e Qualidade de Vida &#8211; CSQV\/PROGEP &#8211; UFPel)<\/span><\/p>\n<p><span style=\"font-size: 12pt\"><strong>Data:<\/strong> 15\/06\/2023 (quinta-feira)<\/span><\/p>\n<p><span style=\"font-size: 12pt\"><strong>Hor\u00e1rio: <\/strong>das 10h \u00e0s 12h<\/span><\/p>\n<p><span style=\"font-size: 12pt\"><strong>Realiza\u00e7\u00e3o:<\/strong>\u00a0plataforma Webconf da UFPel (na modalidade\u00a0<em>online)<\/em><\/span><\/p>\n<p><span style=\"font-size: 12pt\"><strong>Ementa:\u00a0<\/strong><\/span><br \/>\n<span style=\"font-size: 12pt\">&#8211; Rela\u00e7\u00e3o hist\u00f3rica de s\u00e9culos do homem com o tabaco;<\/span><br \/>\n<span style=\"font-size: 12pt\">&#8211; Diversas formas de uso (cigarro eletr\u00f4nico, narguil\u00e9, cigarro de palha, etc);<\/span><br \/>\n<span style=\"font-size: 12pt\">&#8211; Preval\u00eancia do tabagismo;<\/span><br \/>\n<span style=\"font-size: 12pt\">&#8211; Doen\u00e7as e tabagismo;<\/span><br \/>\n<span style=\"font-size: 12pt\">&#8211; Carga do tabagismo (\u00f4nus);<\/span><br \/>\n<span style=\"font-size: 12pt\">&#8211; Fumo passivo\/polui\u00e7\u00e3o ambiental;<\/span><br \/>\n<span style=\"font-size: 12pt\">&#8211; Uma \u00e1rvore para 300 cigarros;<\/span><br \/>\n<span style=\"font-size: 12pt\">&#8211; Por que se fuma?;<\/span><br \/>\n<span style=\"font-size: 12pt\">&#8211; O que faz as pessoas continuarem fumando?;<\/span><br \/>\n<span style=\"font-size: 12pt\">&#8211; O que \u00e9 a depend\u00eancia do tabaco?;<\/span><br \/>\n<span style=\"font-size: 12pt\">&#8211; Como \u00e9 o processo de parar?;<\/span><br \/>\n<span style=\"font-size: 12pt\">&#8211; Parar ou n\u00e3o?;<\/span><br \/>\n<span style=\"font-size: 12pt\">&#8211; Formas de fazer a parada;<\/span><br \/>\n<span style=\"font-size: 12pt\">&#8211; E quando para, o que acontece?;<\/span><br \/>\n<span style=\"font-size: 12pt\">&#8211; E aquela vontade forte?;<\/span><br \/>\n<span style=\"font-size: 12pt\">&#8211; O que fazer para enfrentar os primeiros dias sem fumar?;<\/span><br \/>\n<span style=\"font-size: 12pt\">&#8211; Dicas r\u00e1pidas.<\/span><\/p>\n<p><span style=\"font-size: 12pt\"><strong>P\u00fablico Alvo<\/strong>: Servidores docentes e TAE\u2019s ativos da UFPel*<\/span><\/p>\n<p><span style=\"font-size: 12pt\"><strong>Per\u00edodo de inscri\u00e7\u00e3o<\/strong>: 30\/05 a <del>12\/06\/2023<\/del> <strong><span style=\"color: #ff6600\">14\/06\/2023 \u00e0s 14h<\/span><\/strong><\/span><\/p>\n<p><span style=\"font-size: 12pt\"><strong>Divulga\u00e7\u00e3o das inscri\u00e7\u00f5es homologadas<\/strong>: <del>13\/06<\/del>** <span style=\"color: #ff6600\"><strong>14\/06, \u00e0 tarde<\/strong><\/span>, nesta p\u00e1gina.<\/span><\/p>\n<p><span style=\"font-size: 12pt\">*Considerando a Pol\u00edtica Nacional de Desenvolvimento de Pessoas, conforme Decreto n\u00ba 9.991\/19, somente ser\u00e3o certificados os servidores p\u00fablicos pertencentes ao Quadro Efetivo da UFPel.<\/span><\/p>\n<p><span style=\"font-size: 12pt\">**Quando homologadas as inscri\u00e7\u00f5es, os selecionados receber\u00e3o e-mail com a confirma\u00e7\u00e3o e instru\u00e7\u00f5es de acesso \u00e0 sala de Webconf da UFPel.<\/span><\/p>\n<p><span style=\"color: #ff6600;font-size: 12pt\"><strong><a style=\"color: #ff6600\" href=\"https:\/\/wp.ufpel.edu.br\/progep\/files\/2023\/06\/Homologados-Capacita-na-Web-Desafios-do-Tabagismo-15-06-2023.pdf\" target=\"_blank\" rel=\"noopener\">INSCRI\u00c7\u00d5ES HOMOLOGADAS<\/a><\/strong><\/span><\/p>\n","protected":false},"excerpt":{"rendered":"<p>Aten\u00e7\u00e3o: excepcionalmente, as inscri\u00e7\u00f5es para essa capacita\u00e7\u00e3o seguir\u00e3o abertas at\u00e9 \u00e0s 14h do dia 14\/06 (quarta-feira), e ser\u00e3o homologadas na tarde do mesmo dia. Facilitadora: Maria Helena Concei\u00e7\u00e3o Silveira (Psic\u00f3loga &#8211; Coordena\u00e7\u00e3o de Sa\u00fade e Qualidade de Vida &#8211; CSQV\/PROGEP &#8211; UFPel) Data: 15\/06\/2023 (quinta-feira) Hor\u00e1rio: das 10h \u00e0s 12h Realiza\u00e7\u00e3o:\u00a0plataforma Webconf da UFPel (na [&hellip;]<\/p>\n","protected":false},"author":21,"featured_media":0,"parent":0,"menu_order":0,"comment_status":"closed","ping_status":"closed","template":"","meta":{"footnotes":""},"class_list":["post-23499","page","type-page","status-publish","hentry"],"yoast_head":"<!-- This site is optimized with the Yoast SEO plugin v28.1 - https:\/\/yoast.com\/product\/yoast-seo-wordpress\/ -->\n<title>Capacita\u00e7\u00e3o: Capacita na Web - Desafios do Tabagismo - Pr\u00f3-Reitoria de Gest\u00e3o com Pessoas - PROGEP<\/title>\n<meta name=\"robots\" content=\"index, follow, max-snippet:-1, max-image-preview:large, max-video-preview:-1\" \/>\n<link rel=\"canonical\" href=\"https:\/\/wp.ufpel.edu.br\/progep\/capacita-na-web-desafios-do-tabagismo\/\" \/>\n<meta property=\"og:locale\" content=\"pt_BR\" \/>\n<meta property=\"og:type\" content=\"article\" \/>\n<meta property=\"og:title\" content=\"Capacita\u00e7\u00e3o: Capacita na Web - Desafios do Tabagismo - Pr\u00f3-Reitoria de Gest\u00e3o com Pessoas - PROGEP\" \/>\n<meta property=\"og:description\" content=\"Aten\u00e7\u00e3o: excepcionalmente, as inscri\u00e7\u00f5es para essa capacita\u00e7\u00e3o seguir\u00e3o abertas at\u00e9 \u00e0s 14h do dia 14\/06 (quarta-feira), e ser\u00e3o homologadas na tarde do mesmo dia. Facilitadora: Maria Helena Concei\u00e7\u00e3o Silveira (Psic\u00f3loga &#8211; Coordena\u00e7\u00e3o de Sa\u00fade e Qualidade de Vida &#8211; CSQV\/PROGEP &#8211; UFPel) Data: 15\/06\/2023 (quinta-feira) Hor\u00e1rio: das 10h \u00e0s 12h Realiza\u00e7\u00e3o:\u00a0plataforma Webconf da UFPel (na [&hellip;]\" \/>\n<meta property=\"og:url\" content=\"https:\/\/wp.ufpel.edu.br\/progep\/capacita-na-web-desafios-do-tabagismo\/\" \/>\n<meta property=\"og:site_name\" content=\"Pr\u00f3-Reitoria de Gest\u00e3o com Pessoas - PROGEP\" \/>\n<meta property=\"article:modified_time\" content=\"2025-06-30T17:34:55+00:00\" \/>\n<meta name=\"twitter:card\" content=\"summary_large_image\" \/>\n<meta name=\"twitter:label1\" content=\"Est. tempo de leitura\" \/>\n\t<meta name=\"twitter:data1\" content=\"1 minuto\" \/>\n<script type=\"application\/ld+json\" class=\"yoast-schema-graph\">{\"@context\":\"https:\\\/\\\/schema.org\",\"@graph\":[{\"@type\":\"WebPage\",\"@id\":\"https:\\\/\\\/wp.ufpel.edu.br\\\/progep\\\/capacita-na-web-desafios-do-tabagismo\\\/\",\"url\":\"https:\\\/\\\/wp.ufpel.edu.br\\\/progep\\\/capacita-na-web-desafios-do-tabagismo\\\/\",\"name\":\"Capacita\u00e7\u00e3o: Capacita na Web - Desafios do Tabagismo - Pr\u00f3-Reitoria de Gest\u00e3o com Pessoas - PROGEP\",\"isPartOf\":{\"@id\":\"https:\\\/\\\/wp.ufpel.edu.br\\\/progep\\\/#website\"},\"datePublished\":\"2023-05-30T19:42:50+00:00\",\"dateModified\":\"2025-06-30T17:34:55+00:00\",\"breadcrumb\":{\"@id\":\"https:\\\/\\\/wp.ufpel.edu.br\\\/progep\\\/capacita-na-web-desafios-do-tabagismo\\\/#breadcrumb\"},\"inLanguage\":\"pt-BR\",\"potentialAction\":[{\"@type\":\"ReadAction\",\"target\":[\"https:\\\/\\\/wp.ufpel.edu.br\\\/progep\\\/capacita-na-web-desafios-do-tabagismo\\\/\"]}]},{\"@type\":\"BreadcrumbList\",\"@id\":\"https:\\\/\\\/wp.ufpel.edu.br\\\/progep\\\/capacita-na-web-desafios-do-tabagismo\\\/#breadcrumb\",\"itemListElement\":[{\"@type\":\"ListItem\",\"position\":1,\"name\":\"In\u00edcio\",\"item\":\"https:\\\/\\\/wp.ufpel.edu.br\\\/progep\\\/\"},{\"@type\":\"ListItem\",\"position\":2,\"name\":\"Capacita\u00e7\u00e3o: Capacita na Web &#8211; Desafios do Tabagismo\"}]},{\"@type\":\"WebSite\",\"@id\":\"https:\\\/\\\/wp.ufpel.edu.br\\\/progep\\\/#website\",\"url\":\"https:\\\/\\\/wp.ufpel.edu.br\\\/progep\\\/\",\"name\":\"Pr\u00f3-Reitoria de Gest\u00e3o com Pessoas - PROGEP\",\"description\":\"Pr\u00f3-Reitoria de Gest\u00e3o com Pessoas\",\"publisher\":{\"@id\":\"https:\\\/\\\/wp.ufpel.edu.br\\\/progep\\\/#organization\"},\"potentialAction\":[{\"@type\":\"SearchAction\",\"target\":{\"@type\":\"EntryPoint\",\"urlTemplate\":\"https:\\\/\\\/wp.ufpel.edu.br\\\/progep\\\/?s={search_term_string}\"},\"query-input\":{\"@type\":\"PropertyValueSpecification\",\"valueRequired\":true,\"valueName\":\"search_term_string\"}}],\"inLanguage\":\"pt-BR\"},{\"@type\":\"Organization\",\"@id\":\"https:\\\/\\\/wp.ufpel.edu.br\\\/progep\\\/#organization\",\"name\":\"Pr\u00f3-Reitoria de Gest\u00e3o com Pessoas - PROGEP\",\"url\":\"https:\\\/\\\/wp.ufpel.edu.br\\\/progep\\\/\",\"logo\":{\"@type\":\"ImageObject\",\"inLanguage\":\"pt-BR\",\"@id\":\"https:\\\/\\\/wp.ufpel.edu.br\\\/progep\\\/#\\\/schema\\\/logo\\\/image\\\/\",\"url\":\"https:\\\/\\\/wp.ufpel.edu.br\\\/progep\\\/files\\\/2025\\\/03\\\/logo-progep_atualizacao-nome_AZUL.png\",\"contentUrl\":\"https:\\\/\\\/wp.ufpel.edu.br\\\/progep\\\/files\\\/2025\\\/03\\\/logo-progep_atualizacao-nome_AZUL.png\",\"width\":1080,\"height\":391,\"caption\":\"Pr\u00f3-Reitoria de Gest\u00e3o com Pessoas - PROGEP\"},\"image\":{\"@id\":\"https:\\\/\\\/wp.ufpel.edu.br\\\/progep\\\/#\\\/schema\\\/logo\\\/image\\\/\"}}]}<\/script>\n<!-- \/ Yoast SEO plugin. -->","yoast_head_json":{"title":"Capacita\u00e7\u00e3o: Capacita na Web - Desafios do Tabagismo - Pr\u00f3-Reitoria de Gest\u00e3o com Pessoas - PROGEP","robots":{"index":"index","follow":"follow","max-snippet":"max-snippet:-1","max-image-preview":"max-image-preview:large","max-video-preview":"max-video-preview:-1"},"canonical":"https:\/\/wp.ufpel.edu.br\/progep\/capacita-na-web-desafios-do-tabagismo\/","og_locale":"pt_BR","og_type":"article","og_title":"Capacita\u00e7\u00e3o: Capacita na Web - Desafios do Tabagismo - Pr\u00f3-Reitoria de Gest\u00e3o com Pessoas - PROGEP","og_description":"Aten\u00e7\u00e3o: excepcionalmente, as inscri\u00e7\u00f5es para essa capacita\u00e7\u00e3o seguir\u00e3o abertas at\u00e9 \u00e0s 14h do dia 14\/06 (quarta-feira), e ser\u00e3o homologadas na tarde do mesmo dia. Facilitadora: Maria Helena Concei\u00e7\u00e3o Silveira (Psic\u00f3loga &#8211; Coordena\u00e7\u00e3o de Sa\u00fade e Qualidade de Vida &#8211; CSQV\/PROGEP &#8211; UFPel) Data: 15\/06\/2023 (quinta-feira) Hor\u00e1rio: das 10h \u00e0s 12h Realiza\u00e7\u00e3o:\u00a0plataforma Webconf da UFPel (na [&hellip;]","og_url":"https:\/\/wp.ufpel.edu.br\/progep\/capacita-na-web-desafios-do-tabagismo\/","og_site_name":"Pr\u00f3-Reitoria de Gest\u00e3o com Pessoas - PROGEP","article_modified_time":"2025-06-30T17:34:55+00:00","twitter_card":"summary_large_image","twitter_misc":{"Est. tempo de leitura":"1 minuto"},"schema":{"@context":"https:\/\/schema.org","@graph":[{"@type":"WebPage","@id":"https:\/\/wp.ufpel.edu.br\/progep\/capacita-na-web-desafios-do-tabagismo\/","url":"https:\/\/wp.ufpel.edu.br\/progep\/capacita-na-web-desafios-do-tabagismo\/","name":"Capacita\u00e7\u00e3o: Capacita na Web - Desafios do Tabagismo - Pr\u00f3-Reitoria de Gest\u00e3o com Pessoas - PROGEP","isPartOf":{"@id":"https:\/\/wp.ufpel.edu.br\/progep\/#website"},"datePublished":"2023-05-30T19:42:50+00:00","dateModified":"2025-06-30T17:34:55+00:00","breadcrumb":{"@id":"https:\/\/wp.ufpel.edu.br\/progep\/capacita-na-web-desafios-do-tabagismo\/#breadcrumb"},"inLanguage":"pt-BR","potentialAction":[{"@type":"ReadAction","target":["https:\/\/wp.ufpel.edu.br\/progep\/capacita-na-web-desafios-do-tabagismo\/"]}]},{"@type":"BreadcrumbList","@id":"https:\/\/wp.ufpel.edu.br\/progep\/capacita-na-web-desafios-do-tabagismo\/#breadcrumb","itemListElement":[{"@type":"ListItem","position":1,"name":"In\u00edcio","item":"https:\/\/wp.ufpel.edu.br\/progep\/"},{"@type":"ListItem","position":2,"name":"Capacita\u00e7\u00e3o: Capacita na Web &#8211; Desafios do Tabagismo"}]},{"@type":"WebSite","@id":"https:\/\/wp.ufpel.edu.br\/progep\/#website","url":"https:\/\/wp.ufpel.edu.br\/progep\/","name":"Pr\u00f3-Reitoria de Gest\u00e3o com Pessoas - PROGEP","description":"Pr\u00f3-Reitoria de Gest\u00e3o com Pessoas","publisher":{"@id":"https:\/\/wp.ufpel.edu.br\/progep\/#organization"},"potentialAction":[{"@type":"SearchAction","target":{"@type":"EntryPoint","urlTemplate":"https:\/\/wp.ufpel.edu.br\/progep\/?s={search_term_string}"},"query-input":{"@type":"PropertyValueSpecification","valueRequired":true,"valueName":"search_term_string"}}],"inLanguage":"pt-BR"},{"@type":"Organization","@id":"https:\/\/wp.ufpel.edu.br\/progep\/#organization","name":"Pr\u00f3-Reitoria de Gest\u00e3o com Pessoas - PROGEP","url":"https:\/\/wp.ufpel.edu.br\/progep\/","logo":{"@type":"ImageObject","inLanguage":"pt-BR","@id":"https:\/\/wp.ufpel.edu.br\/progep\/#\/schema\/logo\/image\/","url":"https:\/\/wp.ufpel.edu.br\/progep\/files\/2025\/03\/logo-progep_atualizacao-nome_AZUL.png","contentUrl":"https:\/\/wp.ufpel.edu.br\/progep\/files\/2025\/03\/logo-progep_atualizacao-nome_AZUL.png","width":1080,"height":391,"caption":"Pr\u00f3-Reitoria de Gest\u00e3o com Pessoas - PROGEP"},"image":{"@id":"https:\/\/wp.ufpel.edu.br\/progep\/#\/schema\/logo\/image\/"}}]}},"_links":{"self":[{"href":"https:\/\/wp.ufpel.edu.br\/progep\/wp-json\/wp\/v2\/pages\/23499","targetHints":{"allow":["GET"]}}],"collection":[{"href":"https:\/\/wp.ufpel.edu.br\/progep\/wp-json\/wp\/v2\/pages"}],"about":[{"href":"https:\/\/wp.ufpel.edu.br\/progep\/wp-json\/wp\/v2\/types\/page"}],"author":[{"embeddable":true,"href":"https:\/\/wp.ufpel.edu.br\/progep\/wp-json\/wp\/v2\/users\/21"}],"replies":[{"embeddable":true,"href":"https:\/\/wp.ufpel.edu.br\/progep\/wp-json\/wp\/v2\/comments?post=23499"}],"version-history":[{"count":9,"href":"https:\/\/wp.ufpel.edu.br\/progep\/wp-json\/wp\/v2\/pages\/23499\/revisions"}],"predecessor-version":[{"id":34092,"href":"https:\/\/wp.ufpel.edu.br\/progep\/wp-json\/wp\/v2\/pages\/23499\/revisions\/34092"}],"wp:attachment":[{"href":"https:\/\/wp.ufpel.edu.br\/progep\/wp-json\/wp\/v2\/media?parent=23499"}],"curies":[{"name":"wp","href":"https:\/\/api.w.org\/{rel}","templated":true}]}}